{"id":3067,"date":"2023-02-13T10:20:54","date_gmt":"2023-02-13T09:20:54","guid":{"rendered":"https:\/\/afaandujar.org\/elcafedelalzheimer\/?page_id=3067"},"modified":"2025-06-09T12:28:32","modified_gmt":"2025-06-09T10:28:32","slug":"poesias","status":"publish","type":"page","link":"https:\/\/afaandujar.org\/elcafedelalzheimer\/poesias\/","title":{"rendered":"Las Poes\u00edas de \u00abEl Caf\u00e9 del Alzheimer\u00bb"},"content":{"rendered":"<style>.kb-row-layout-id3067_e1cef6-2a > .kt-row-column-wrap{align-content:start;}:where(.kb-row-layout-id3067_e1cef6-2a > .kt-row-column-wrap) > .wp-block-kadence-column{justify-content:start;}.kb-row-layout-id3067_e1cef6-2a > .kt-row-column-wrap{column-gap:var(--global-kb-gap-md, 2rem);row-gap:var(--global-kb-gap-md, 2rem);max-width:var( --global-content-width, 1290px );padding-left:var(--global-content-edge-padding);padding-right:var(--global-content-edge-padding);padding-top:65px;padding-bottom:40px;grid-template-columns:minmax(0, 1fr);}.kb-row-layout-id3067_e1cef6-2a > .kt-row-layout-overlay{opacity:0.30;}@media all and (max-width: 1024px){.kb-row-layout-id3067_e1cef6-2a > .kt-row-column-wrap{grid-template-columns:minmax(0, 1fr);}}@media all and (max-width: 767px){.kb-row-layout-id3067_e1cef6-2a > .kt-row-column-wrap{grid-template-columns:minmax(0, 1fr);}}<\/style><div class=\"kb-row-layout-wrap kb-row-layout-id3067_e1cef6-2a alignnone wp-block-kadence-rowlayout\"><div class=\"kt-row-column-wrap kt-has-1-columns kt-row-layout-equal kt-tab-layout-inherit kt-mobile-layout-row kt-row-valign-top kb-theme-content-width\">\n<style>.kadence-column3067_68a95c-6e > .kt-inside-inner-col,.kadence-column3067_68a95c-6e > .kt-inside-inner-col:before{border-top-left-radius:0px;border-top-right-radius:0px;border-bottom-right-radius:0px;border-bottom-left-radius:0px;}.kadence-column3067_68a95c-6e > .kt-inside-inner-col{column-gap:var(--global-kb-gap-sm, 1rem);}.kadence-column3067_68a95c-6e > .kt-inside-inner-col{flex-direction:column;}.kadence-column3067_68a95c-6e > .kt-inside-inner-col > .aligncenter{width:100%;}.kadence-column3067_68a95c-6e > .kt-inside-inner-col:before{opacity:0.3;}.kadence-column3067_68a95c-6e{position:relative;}@media all and (max-width: 1024px){.kadence-column3067_68a95c-6e > .kt-inside-inner-col{flex-direction:column;justify-content:center;}}@media all and (max-width: 767px){.kadence-column3067_68a95c-6e > .kt-inside-inner-col{flex-direction:column;justify-content:center;}}<\/style>\n<div class=\"wp-block-kadence-column kadence-column3067_68a95c-6e inner-column-1\"><div class=\"kt-inside-inner-col\"><style>.kt-tabs-id3067_bf5269-a5 > .kt-tabs-content-wrap > .wp-block-kadence-tab{border-top:1px solid #bbbbbb;border-right:1px solid #bbbbbb;border-bottom:1px solid #bbbbbb;border-left:1px solid #bbbbbb;border-top-left-radius:0px;border-top-right-radius:0px;border-bottom-right-radius:0px;border-bottom-left-radius:0px;padding-top:36px;padding-right:36px;padding-bottom:36px;padding-left:36px;min-height:600px;background:#fff;}.wp-block-kadence-tabs .kt-tabs-id3067_bf5269-a5 > .kt-tabs-title-list li{margin-top:0px;margin-right:-1px;margin-bottom:4px;margin-left:0px;}.wp-block-kadence-tabs .kt-tabs-id3067_bf5269-a5 > .kt-tabs-title-list li:last-child{margin-right:0px;}.wp-block-kadence-tabs .kt-tabs-id3067_bf5269-a5 > .kt-tabs-title-list li .kt-tab-title, .wp-block-kadence-tabs .kt-tabs-id3067_bf5269-a5 > .kt-tabs-content-wrap > .kt-tabs-accordion-title .kt-tab-title{line-height:35px;font-family:Ubuntu Condensed;font-weight:400;font-style:normal;border-top-width:1px;border-right-width:0px;border-bottom-width:1px;border-left-width:1px;border-top-left-radius:3px;border-top-right-radius:0px;border-bottom-right-radius:0px;border-bottom-left-radius:3px;padding-top:10px;padding-right:20px;padding-bottom:11px;padding-left:20px;border-color:#eee;color:#767676;background:#fff;}.wp-block-kadence-tabs .kt-tabs-id3067_bf5269-a5 > .kt-tabs-content-wrap > .kt-tabs-accordion-title .kt-tab-title{margin-top:0px;margin-right:-1px;margin-bottom:4px;margin-left:0px;}.wp-block-kadence-tabs .kt-tabs-id3067_bf5269-a5 > .kt-tabs-title-list li .kt-tab-title:hover, .wp-block-kadence-tabs .kt-tabs-id3067_bf5269-a5 > .kt-tabs-content-wrap > .kt-tabs-accordion-title .kt-tab-title:hover{border-color:#bbbbbb;color:#444;background:#fff;}.wp-block-kadence-tabs .kt-tabs-id3067_bf5269-a5 > .kt-tabs-title-list li.kt-tab-title-active .kt-tab-title, .wp-block-kadence-tabs .kt-tabs-id3067_bf5269-a5 > .kt-tabs-content-wrap > .kt-tabs-accordion-title.kt-tab-title-active .kt-tab-title{border-color:#bbbbbb;color:#000000;background:#fff;}@media all and (max-width: 1024px){.kt-tabs-id3067_bf5269-a5 > .kt-tabs-content-wrap > .wp-block-kadence-tab{border-top:1px solid #bbbbbb;border-right:1px solid #bbbbbb;border-bottom:1px solid #bbbbbb;border-left:1px solid #bbbbbb;}}@media all and (max-width: 767px){.kt-tabs-id3067_bf5269-a5 > .kt-tabs-content-wrap > .wp-block-kadence-tab{border-top:1px solid #bbbbbb;border-right:1px solid #bbbbbb;border-bottom:1px solid #bbbbbb;border-left:1px solid #bbbbbb;}}<\/style>\n<div class=\"wp-block-kadence-tabs alignnone layout-vtabs\"><div class=\"kt-tabs-wrap kt-tabs-id3067_bf5269-a5 kt-tabs-has-20-tabs kt-active-tab-1 kt-tabs-layout-tabs kt-tabs-tablet-layout-inherit kt-tabs-mobile-layout-accordion kt-tab-alignment-left kt-create-accordion\"><ul class=\"kt-tabs-title-list\"><li id=\"tab-2025\" class=\"kt-title-item kt-title-item-1 kt-tabs-svg-show-always kt-tabs-icon-side-left kt-tab-title-active\"><a href=\"#tab-2025\" data-tab=\"1\" class=\"kt-tab-title kt-tab-title-1 \"><span class=\"kt-title-text\">2025<\/span><\/a><\/li><li id=\"tab-2024\" class=\"kt-title-item kt-title-item-2 kt-tabs-svg-show-always kt-tabs-icon-side-left kt-tab-title-inactive\"><a href=\"#tab-2024\" data-tab=\"2\" class=\"kt-tab-title kt-tab-title-2 \"><span class=\"kt-title-text\">2024<\/span><\/a><\/li><li id=\"tab-2023\" class=\"kt-title-item kt-title-item-3 kt-tabs-svg-show-always kt-tabs-icon-side-left kt-tab-title-inactive\"><a href=\"#tab-2023\" data-tab=\"3\" class=\"kt-tab-title kt-tab-title-3 \"><span class=\"kt-title-text\">2023<\/span><\/a><\/li><li id=\"tab-2022\" class=\"kt-title-item kt-title-item-4 kt-tabs-svg-show-always kt-tabs-icon-side-left kt-tab-title-inactive\"><a href=\"#tab-2022\" data-tab=\"4\" class=\"kt-tab-title kt-tab-title-4 \"><span class=\"kt-title-text\">2022<\/span><\/a><\/li><li id=\"tab-2021\" class=\"kt-title-item kt-title-item-5 kt-tabs-svg-show-always kt-tabs-icon-side-left kt-tab-title-inactive\"><a href=\"#tab-2021\" data-tab=\"5\" class=\"kt-tab-title kt-tab-title-5 \"><span class=\"kt-title-text\">2021<\/span><\/a><\/li><li id=\"tab-2020\" class=\"kt-title-item kt-title-item-6 kt-tabs-svg-show-always kt-tabs-icon-side-left kt-tab-title-inactive\"><a href=\"#tab-2020\" data-tab=\"6\" class=\"kt-tab-title kt-tab-title-6 \"><span class=\"kt-title-text\">2020<\/span><\/a><\/li><li id=\"tab-2019\" class=\"kt-title-item kt-title-item-7 kt-tabs-svg-show-always kt-tabs-icon-side-left kt-tab-title-inactive\"><a href=\"#tab-2019\" data-tab=\"7\" class=\"kt-tab-title kt-tab-title-7 \"><span class=\"kt-title-text\">2019<\/span><\/a><\/li><li id=\"tab-2018\" class=\"kt-title-item kt-title-item-8 kt-tabs-svg-show-always kt-tabs-icon-side-left kt-tab-title-inactive\"><a href=\"#tab-2018\" data-tab=\"8\" class=\"kt-tab-title kt-tab-title-8 \"><span class=\"kt-title-text\">2018<\/span><\/a><\/li><li id=\"tab-2017\" class=\"kt-title-item kt-title-item-9 kt-tabs-svg-show-always kt-tabs-icon-side-left kt-tab-title-inactive\"><a href=\"#tab-2017\" data-tab=\"9\" class=\"kt-tab-title kt-tab-title-9 \"><span class=\"kt-title-text\">2017<\/span><\/a><\/li><li id=\"tab-2016\" class=\"kt-title-item kt-title-item-10 kt-tabs-svg-show-always kt-tabs-icon-side-left kt-tab-title-inactive\"><a href=\"#tab-2016\" data-tab=\"10\" class=\"kt-tab-title kt-tab-title-10 \"><span class=\"kt-title-text\">2016<\/span><\/a><\/li><li id=\"tab-2015\" class=\"kt-title-item kt-title-item-11 kt-tabs-svg-show-always kt-tabs-icon-side-left kt-tab-title-inactive\"><a href=\"#tab-2015\" data-tab=\"11\" class=\"kt-tab-title kt-tab-title-11 \"><span class=\"kt-title-text\">2015<\/span><\/a><\/li><li id=\"tab-2014\" class=\"kt-title-item kt-title-item-12 kt-tabs-svg-show-always kt-tabs-icon-side-left kt-tab-title-inactive\"><a href=\"#tab-2014\" data-tab=\"12\" class=\"kt-tab-title kt-tab-title-12 \"><span class=\"kt-title-text\">2014<\/span><\/a><\/li><li id=\"tab-2013\" class=\"kt-title-item kt-title-item-13 kt-tabs-svg-show-always kt-tabs-icon-side-left kt-tab-title-inactive\"><a href=\"#tab-2013\" data-tab=\"13\" class=\"kt-tab-title kt-tab-title-13 \"><span class=\"kt-title-text\">2013<\/span><\/a><\/li><li id=\"tab-2012\" class=\"kt-title-item kt-title-item-14 kt-tabs-svg-show-always kt-tabs-icon-side-left kt-tab-title-inactive\"><a href=\"#tab-2012\" data-tab=\"14\" class=\"kt-tab-title kt-tab-title-14 \"><span class=\"kt-title-text\">2012<\/span><\/a><\/li><li id=\"tab-2011\" class=\"kt-title-item kt-title-item-15 kt-tabs-svg-show-always kt-tabs-icon-side-left kt-tab-title-inactive\"><a href=\"#tab-2011\" data-tab=\"15\" class=\"kt-tab-title kt-tab-title-15 \"><span class=\"kt-title-text\">2011<\/span><\/a><\/li><li id=\"tab-2010\" class=\"kt-title-item kt-title-item-16 kt-tabs-svg-show-always kt-tabs-icon-side-left kt-tab-title-inactive\"><a href=\"#tab-2010\" data-tab=\"16\" class=\"kt-tab-title kt-tab-title-16 \"><span class=\"kt-title-text\">2010<\/span><\/a><\/li><li id=\"tab-2009\" class=\"kt-title-item kt-title-item-17 kt-tabs-svg-show-always kt-tabs-icon-side-left kt-tab-title-inactive\"><a href=\"#tab-2009\" data-tab=\"17\" class=\"kt-tab-title kt-tab-title-17 \"><span class=\"kt-title-text\">2009<\/span><\/a><\/li><li id=\"tab-2008\" class=\"kt-title-item kt-title-item-18 kt-tabs-svg-show-always kt-tabs-icon-side-left kt-tab-title-inactive\"><a href=\"#tab-2008\" data-tab=\"18\" class=\"kt-tab-title kt-tab-title-18 \"><span class=\"kt-title-text\">2008<\/span><\/a><\/li><li id=\"tab-2007\" class=\"kt-title-item kt-title-item-19 kt-tabs-svg-show-always kt-tabs-icon-side-left kt-tab-title-inactive\"><a href=\"#tab-2007\" data-tab=\"19\" class=\"kt-tab-title kt-tab-title-19 \"><span class=\"kt-title-text\">2007<\/span><\/a><\/li><li id=\"tab-2006\" class=\"kt-title-item kt-title-item-20 kt-tabs-svg-show-always kt-tabs-icon-side-left kt-tab-title-inactive\"><a href=\"#tab-2006\" data-tab=\"20\" class=\"kt-tab-title kt-tab-title-20 \"><span class=\"kt-title-text\">2006<\/span><\/a><\/li><\/ul><div class=\"kt-tabs-content-wrap\">\n<div class=\"wp-block-kadence-tab kt-tab-inner-content kt-inner-tab-1 kt-inner-tab82d770-61\"><div class=\"kt-tab-inner-content-inner\"><style>.kt-accordion-id3067_a336e5-55 .kt-accordion-inner-wrap{column-gap:var(--global-kb-gap-md, 2rem);row-gap:10px;}.kt-accordion-id3067_a336e5-55 .kt-accordion-panel-inner{border-top:0px solid transparent;border-right:0px solid transparent;border-bottom:0px solid transparent;border-left:0px solid transparent;background:#ffffff;padding-top:var(--global-kb-spacing-sm, 1.5rem);padding-right:var(--global-kb-spacing-sm, 1.5rem);padding-bottom:var(--global-kb-spacing-sm, 1.5rem);padding-left:var(--global-kb-spacing-sm, 1.5rem);}.kt-accordion-id3067_a336e5-55 > .kt-accordion-inner-wrap > .wp-block-kadence-pane > .kt-accordion-header-wrap > .kt-blocks-accordion-header{border-top:0px solid #f2f2f2;border-right:0px solid #f2f2f2;border-bottom:0px solid #f2f2f2;border-left:0px solid #f2f2f2;border-top-left-radius:6px;border-top-right-radius:6px;border-bottom-right-radius:6px;border-bottom-left-radius:6px;background:#f2f2f2;color:#555555;padding-top:14px;padding-right:16px;padding-bottom:14px;padding-left:16px;}.kt-accordion-id3067_a336e5-55:not( .kt-accodion-icon-style-basiccircle ):not( .kt-accodion-icon-style-xclosecircle ):not( .kt-accodion-icon-style-arrowcircle )  > .kt-accordion-inner-wrap > .wp-block-kadence-pane > .kt-accordion-header-wrap .kt-blocks-accordion-icon-trigger:after, .kt-accordion-id3067_a336e5-55:not( .kt-accodion-icon-style-basiccircle ):not( .kt-accodion-icon-style-xclosecircle ):not( .kt-accodion-icon-style-arrowcircle )  > .kt-accordion-inner-wrap > .wp-block-kadence-pane > .kt-accordion-header-wrap .kt-blocks-accordion-icon-trigger:before{background:#555555;}.kt-accordion-id3067_a336e5-55:not( .kt-accodion-icon-style-basic ):not( .kt-accodion-icon-style-xclose ):not( .kt-accodion-icon-style-arrow ) .kt-blocks-accordion-icon-trigger{background:#555555;}.kt-accordion-id3067_a336e5-55:not( .kt-accodion-icon-style-basic ):not( .kt-accodion-icon-style-xclose ):not( .kt-accodion-icon-style-arrow ) .kt-blocks-accordion-icon-trigger:after, .kt-accordion-id3067_a336e5-55:not( .kt-accodion-icon-style-basic ):not( .kt-accodion-icon-style-xclose ):not( .kt-accodion-icon-style-arrow ) .kt-blocks-accordion-icon-trigger:before{background:#f2f2f2;}.kt-accordion-id3067_a336e5-55 > .kt-accordion-inner-wrap > .wp-block-kadence-pane > .kt-accordion-header-wrap > .kt-blocks-accordion-header:hover, \n\t\t\t\tbody:not(.hide-focus-outline) .kt-accordion-id3067_a336e5-55 .kt-blocks-accordion-header:focus-visible{color:#444444;background:#eeeeee;border-top-color:#eeeeee;border-top-style:solid;border-right-color:#eeeeee;border-right-style:solid;border-bottom-color:#eeeeee;border-bottom-style:solid;border-left-color:#eeeeee;border-left-style:solid;}.kt-accordion-id3067_a336e5-55:not( .kt-accodion-icon-style-basiccircle ):not( .kt-accodion-icon-style-xclosecircle ):not( .kt-accodion-icon-style-arrowcircle ) .kt-accordion-header-wrap .kt-blocks-accordion-header:hover .kt-blocks-accordion-icon-trigger:after, .kt-accordion-id3067_a336e5-55:not( .kt-accodion-icon-style-basiccircle ):not( .kt-accodion-icon-style-xclosecircle ):not( .kt-accodion-icon-style-arrowcircle ) .kt-accordion-header-wrap .kt-blocks-accordion-header:hover .kt-blocks-accordion-icon-trigger:before, body:not(.hide-focus-outline) .kt-accordion-id3067_a336e5-55:not( .kt-accodion-icon-style-basiccircle ):not( .kt-accodion-icon-style-xclosecircle ):not( .kt-accodion-icon-style-arrowcircle ) .kt-blocks-accordion--visible .kt-blocks-accordion-icon-trigger:after, body:not(.hide-focus-outline) .kt-accordion-id3067_a336e5-55:not( .kt-accodion-icon-style-basiccircle ):not( .kt-accodion-icon-style-xclosecircle ):not( .kt-accodion-icon-style-arrowcircle ) .kt-blocks-accordion-header:focus-visible .kt-blocks-accordion-icon-trigger:before{background:#444444;}.kt-accordion-id3067_a336e5-55:not( .kt-accodion-icon-style-basic ):not( .kt-accodion-icon-style-xclose ):not( .kt-accodion-icon-style-arrow ) .kt-accordion-header-wrap .kt-blocks-accordion-header:hover .kt-blocks-accordion-icon-trigger, body:not(.hide-focus-outline) .kt-accordion-id3067_a336e5-55:not( .kt-accodion-icon-style-basic ):not( .kt-accodion-icon-style-xclose ):not( .kt-accodion-icon-style-arrow ) .kt-accordion-header-wrap .kt-blocks-accordion-header:focus-visible .kt-blocks-accordion-icon-trigger{background:#444444;}.kt-accordion-id3067_a336e5-55:not( .kt-accodion-icon-style-basic ):not( .kt-accodion-icon-style-xclose ):not( .kt-accodion-icon-style-arrow ) .kt-accordion-header-wrap .kt-blocks-accordion-header:hover .kt-blocks-accordion-icon-trigger:after, .kt-accordion-id3067_a336e5-55:not( .kt-accodion-icon-style-basic ):not( .kt-accodion-icon-style-xclose ):not( .kt-accodion-icon-style-arrow ) .kt-accordion-header-wrap .kt-blocks-accordion-header:hover .kt-blocks-accordion-icon-trigger:before, body:not(.hide-focus-outline) .kt-accordion-id3067_a336e5-55:not( .kt-accodion-icon-style-basic ):not( .kt-accodion-icon-style-xclose ):not( .kt-accodion-icon-style-arrow ) .kt-accordion-header-wrap .kt-blocks-accordion-header:focus-visible .kt-blocks-accordion-icon-trigger:after, body:not(.hide-focus-outline) .kt-accordion-id3067_a336e5-55:not( .kt-accodion-icon-style-basic ):not( .kt-accodion-icon-style-xclose ):not( .kt-accodion-icon-style-arrow ) .kt-accordion-header-wrap .kt-blocks-accordion-header:focus-visible .kt-blocks-accordion-icon-trigger:before{background:#eeeeee;}.kt-accordion-id3067_a336e5-55 .kt-accordion-header-wrap .kt-blocks-accordion-header:focus-visible,\n\t\t\t\t.kt-accordion-id3067_a336e5-55 > .kt-accordion-inner-wrap > .wp-block-kadence-pane > .kt-accordion-header-wrap > .kt-blocks-accordion-header.kt-accordion-panel-active{color:#ffffff;background:#BE530B;border-top-color:#BE530B;border-top-style:solid;border-right-color:#BE530B;border-right-style:solid;border-bottom-color:#BE530B;border-bottom-style:solid;border-left-color:#BE530B;border-left-style:solid;}.kt-accordion-id3067_a336e5-55:not( .kt-accodion-icon-style-basiccircle ):not( .kt-accodion-icon-style-xclosecircle ):not( .kt-accodion-icon-style-arrowcircle )  > .kt-accordion-inner-wrap > .wp-block-kadence-pane > .kt-accordion-header-wrap > .kt-blocks-accordion-header.kt-accordion-panel-active .kt-blocks-accordion-icon-trigger:after, .kt-accordion-id3067_a336e5-55:not( .kt-accodion-icon-style-basiccircle ):not( .kt-accodion-icon-style-xclosecircle ):not( .kt-accodion-icon-style-arrowcircle )  > .kt-accordion-inner-wrap > .wp-block-kadence-pane > .kt-accordion-header-wrap > .kt-blocks-accordion-header.kt-accordion-panel-active .kt-blocks-accordion-icon-trigger:before{background:#ffffff;}.kt-accordion-id3067_a336e5-55:not( .kt-accodion-icon-style-basic ):not( .kt-accodion-icon-style-xclose ):not( .kt-accodion-icon-style-arrow ) .kt-blocks-accordion-header.kt-accordion-panel-active .kt-blocks-accordion-icon-trigger{background:#ffffff;}.kt-accordion-id3067_a336e5-55:not( .kt-accodion-icon-style-basic ):not( .kt-accodion-icon-style-xclose ):not( .kt-accodion-icon-style-arrow ) .kt-blocks-accordion-header.kt-accordion-panel-active .kt-blocks-accordion-icon-trigger:after, .kt-accordion-id3067_a336e5-55:not( .kt-accodion-icon-style-basic ):not( .kt-accodion-icon-style-xclose ):not( .kt-accodion-icon-style-arrow ) .kt-blocks-accordion-header.kt-accordion-panel-active .kt-blocks-accordion-icon-trigger:before{background:#BE530B;}@media all and (max-width: 1024px){.kt-accordion-id3067_a336e5-55 .kt-accordion-panel-inner{border-top:0px solid transparent;border-right:0px solid transparent;border-bottom:0px solid transparent;border-left:0px solid transparent;}}@media all and (max-width: 1024px){.kt-accordion-id3067_a336e5-55 > .kt-accordion-inner-wrap > .wp-block-kadence-pane > .kt-accordion-header-wrap > .kt-blocks-accordion-header{border-top:0px solid #f2f2f2;border-right:0px solid #f2f2f2;border-bottom:0px solid #f2f2f2;border-left:0px solid #f2f2f2;}}@media all and (max-width: 1024px){.kt-accordion-id3067_a336e5-55 > .kt-accordion-inner-wrap > .wp-block-kadence-pane > .kt-accordion-header-wrap > .kt-blocks-accordion-header:hover, \n\t\t\t\tbody:not(.hide-focus-outline) .kt-accordion-id3067_a336e5-55 .kt-blocks-accordion-header:focus-visible{border-top-color:#eeeeee;border-top-style:solid;border-right-color:#eeeeee;border-right-style:solid;border-bottom-color:#eeeeee;border-bottom-style:solid;border-left-color:#eeeeee;border-left-style:solid;}}@media all and (max-width: 1024px){.kt-accordion-id3067_a336e5-55 .kt-accordion-header-wrap .kt-blocks-accordion-header:focus-visible,\n\t\t\t\t.kt-accordion-id3067_a336e5-55 > .kt-accordion-inner-wrap > .wp-block-kadence-pane > .kt-accordion-header-wrap > .kt-blocks-accordion-header.kt-accordion-panel-active{border-top-color:#BE530B;border-top-style:solid;border-right-color:#BE530B;border-right-style:solid;border-bottom-color:#BE530B;border-bottom-style:solid;border-left-color:#BE530B;border-left-style:solid;}}@media all and (max-width: 767px){.kt-accordion-id3067_a336e5-55 .kt-accordion-inner-wrap{display:block;}.kt-accordion-id3067_a336e5-55 .kt-accordion-inner-wrap .kt-accordion-pane:not(:first-child){margin-top:10px;}.kt-accordion-id3067_a336e5-55 .kt-accordion-panel-inner{border-top:0px solid transparent;border-right:0px solid transparent;border-bottom:0px solid transparent;border-left:0px solid transparent;}.kt-accordion-id3067_a336e5-55 > .kt-accordion-inner-wrap > .wp-block-kadence-pane > .kt-accordion-header-wrap > .kt-blocks-accordion-header{border-top:0px solid #f2f2f2;border-right:0px solid #f2f2f2;border-bottom:0px solid #f2f2f2;border-left:0px solid #f2f2f2;}.kt-accordion-id3067_a336e5-55 > .kt-accordion-inner-wrap > .wp-block-kadence-pane > .kt-accordion-header-wrap > .kt-blocks-accordion-header:hover, \n\t\t\t\tbody:not(.hide-focus-outline) .kt-accordion-id3067_a336e5-55 .kt-blocks-accordion-header:focus-visible{border-top-color:#eeeeee;border-top-style:solid;border-right-color:#eeeeee;border-right-style:solid;border-bottom-color:#eeeeee;border-bottom-style:solid;border-left-color:#eeeeee;border-left-style:solid;}.kt-accordion-id3067_a336e5-55 .kt-accordion-header-wrap .kt-blocks-accordion-header:focus-visible,\n\t\t\t\t.kt-accordion-id3067_a336e5-55 > .kt-accordion-inner-wrap > .wp-block-kadence-pane > .kt-accordion-header-wrap > .kt-blocks-accordion-header.kt-accordion-panel-active{border-top-color:#BE530B;border-top-style:solid;border-right-color:#BE530B;border-right-style:solid;border-bottom-color:#BE530B;border-bottom-style:solid;border-left-color:#BE530B;border-left-style:solid;}}<\/style>\n<div class=\"wp-block-kadence-accordion alignnone\"><div class=\"kt-accordion-wrap kt-accordion-id3067_a336e5-55 kt-accordion-has-10-panes kt-active-pane-9 kt-accordion-block kt-pane-header-alignment-left kt-accodion-icon-style-basic kt-accodion-icon-side-right\" style=\"max-width:none\"><div class=\"kt-accordion-inner-wrap\" data-allow-multiple-open=\"false\" data-start-open=\"9\">\n<div class=\"wp-block-kadence-pane kt-accordion-pane kt-accordion-pane-10 kt-pane3067_2357a4-c2\"><div class=\"kt-accordion-header-wrap\"><button class=\"kt-blocks-accordion-header kt-acccordion-button-label-show\" type=\"button\"><span class=\"kt-blocks-accordion-title-wrap\"><span class=\"kt-blocks-accordion-title\"><strong>Esquela a la felicidad &#8211; 05\/06\/25<\/strong><\/span><\/span><span class=\"kt-blocks-accordion-icon-trigger\"><\/span><\/button><\/div><div class=\"kt-accordion-panel kt-accordion-panel-hidden\"><div class=\"kt-accordion-panel-inner\"><style>.wp-block-kadence-advancedheading.kt-adv-heading3067_b20eef-fc, .wp-block-kadence-advancedheading.kt-adv-heading3067_b20eef-fc[data-kb-block=\"kb-adv-heading3067_b20eef-fc\"]{text-align:center;font-style:normal;}.wp-block-kadence-advancedheading.kt-adv-heading3067_b20eef-fc mark.kt-highlight, .wp-block-kadence-advancedheading.kt-adv-heading3067_b20eef-fc[data-kb-block=\"kb-adv-heading3067_b20eef-fc\"] mark.kt-highlight{font-style:normal;color:#f76a0c;-webkit-box-decoration-break:clone;box-decoration-break:clone;padding-top:0px;padding-right:0px;padding-bottom:0px;padding-left:0px;}.wp-block-kadence-advancedheading.kt-adv-heading3067_b20eef-fc img.kb-inline-image, .wp-block-kadence-advancedheading.kt-adv-heading3067_b20eef-fc[data-kb-block=\"kb-adv-heading3067_b20eef-fc\"] img.kb-inline-image{width:150px;vertical-align:baseline;}<\/style>\n<p class=\"kt-adv-heading3067_b20eef-fc wp-block-kadence-advancedheading\" data-kb-block=\"kb-adv-heading3067_b20eef-fc\">Esta noche he acompa\u00f1ado a mi insomnio<br>esta noche he hablado con mi ventana<br>de la oscuridad del cielo y, del demonio<br>esp\u00edritu supuestamente del mal sin alma.<\/p>\n\n\n\n<p class=\"has-text-align-center\"><br>Esta noche he paseado por mi alcoba<br>queriendo encontrar la eternidad<br>pero, en ese paseo, ni el viento se asoma<br>quiz\u00e1s, por no saber de mi severidad.<\/p>\n\n\n\n<p class=\"has-text-align-center\"><br>Esta noche he acompa\u00f1ado a mi insomnio<br>y la ventana, me inspira libertad<br>mirando cuanto acontece en el cielo solo<br>con alguna estrella fugaz.<\/p>\n\n\n\n<p class=\"has-text-align-center\"><br>Queriendo ver mi pensamiento<br>y mis renglones con tachones de nervios<br>averiguar el origen del sentimiento,<br>que a veces aprieta, como si estuviera ebrio.<\/p>\n\n\n\n<p class=\"has-text-align-center\"><br>\u00a1Ay, felicidad! \u00bfSi yo supiera esperar?<br>Posiblemente, ver\u00eda la luna llegar<br>d\u00e1ndome la claridad en mi universo<br>y poder amar componiendo mis versos.<\/p>\n<\/div><\/div><\/div>\n\n\n\n<div class=\"wp-block-kadence-pane kt-accordion-pane kt-accordion-pane-9 kt-pane3067_6548e2-fd\"><div class=\"kt-accordion-header-wrap\"><button class=\"kt-blocks-accordion-header kt-acccordion-button-label-show\" type=\"button\"><span class=\"kt-blocks-accordion-title-wrap\"><span class=\"kt-blocks-accordion-title\"><strong>Los Vientos de los Sue\u00f1os &#8211; 22\/05\/25<\/strong><\/span><\/span><span class=\"kt-blocks-accordion-icon-trigger\"><\/span><\/button><\/div><div class=\"kt-accordion-panel kt-accordion-panel-hidden\"><div class=\"kt-accordion-panel-inner\">\n<p class=\"has-text-align-center\">\u00a1Cuantas veces te llam\u00e9!<br>Con la voz siempre de ni\u00f1o<br>alz\u00e1ndose los miedos del ayer<br>y la esperanza fluida de un r\u00edo.<\/p>\n\n\n\n<p class=\"has-text-align-center\">Que fluye por el sendero de los tiempos<br>rumbo, a la inmediatez de lo desconocido<br>siendo simiente de una vida sin olvido<br>al crear eso s\u00ed\u2026, el ADN. De los sentimientos.<\/p>\n\n\n\n<p class=\"has-text-align-center\">\u00a1Cuantas veces te llam\u00e9!<br>A formar parte de mi esquema<br>dibujar el fotograma de la esencia<br>en el papel, cada segundo, que am\u00e9.<\/p>\n\n\n\n<p class=\"has-text-align-center\">Singular r\u00edo y tierra, pareja<br>para liberar los sue\u00f1os con los vientos<br>y llevar los d\u00edas con limpieza<br>escribiendo el amor como inventos.<\/p>\n\n\n\n<p class=\"has-text-align-center\">\u00a1Cuantas veces te llam\u00e9!<br>Para seguir jugando en nuestra acera<br>expoliando las horas con el am\u00e9n<br>de nuestros juegos eternos, de cera.<\/p>\n\n\n\n<p class=\"has-text-align-center\"><strong><em>22-05-25<\/em><\/strong><\/p>\n\n\n\n<p class=\"has-text-align-center\"><strong>Autor: Eufrasio Navarro Fern\u00e1ndez<\/strong><\/p>\n<\/div><\/div><\/div>\n\n\n\n<div class=\"wp-block-kadence-pane kt-accordion-pane kt-accordion-pane-8 kt-pane3067_8d9364-5e\"><div class=\"kt-accordion-header-wrap\"><button class=\"kt-blocks-accordion-header kt-acccordion-button-label-show\" type=\"button\"><span class=\"kt-blocks-accordion-title-wrap\"><span class=\"kt-blocks-accordion-title\"><strong>Pensando en vosotros &#8211; 08\/05\/25<\/strong><\/span><\/span><span class=\"kt-blocks-accordion-icon-trigger\"><\/span><\/button><\/div><div class=\"kt-accordion-panel kt-accordion-panel-hidden\"><div class=\"kt-accordion-panel-inner\">\n<p class=\"has-text-align-center\">\u00a1Qu\u00e9 maravilla sentir, que os piense!<br>El pensar es, mi terapia para el recuerdo<br>cuando os veo, os siento teneros<br>por todo el amor tan sincero y elocuente.<\/p>\n\n\n\n<p class=\"has-text-align-center\"><br>La vida va marcando etapas con su luz,<br>la naturaleza, nos va guiando consciente<br>de la eternidad de nuestros genes<br>y en medio, un mare m\u00e1gnum.<\/p>\n\n\n\n<p class=\"has-text-align-center\"><br>Con significados diversos y atractivos<br>hechos frutos del pensamiento<br>para cuando lleguemos al ocaso apelativo<br>olvidemos pausados el sufrimiento.<\/p>\n\n\n\n<p class=\"has-text-align-center\"><br>\u00a1Que con el roce de nuestros dedos!<br>Hallamos lo espl\u00e9ndido de lo vivido<br>d\u00e1ndole vida, a estos escritos hechos versos<br>buque insignia de nuestros libros.<\/p>\n\n\n\n<p class=\"has-text-align-center\"><br><strong><em>08\/05\/2025<br>Autor: Eufrasio Navarro Fern\u00e1ndez<\/em><\/strong><\/p>\n<\/div><\/div><\/div>\n\n\n\n<div class=\"wp-block-kadence-pane kt-accordion-pane kt-accordion-pane-7 kt-pane3067_1050ad-06\"><div class=\"kt-accordion-header-wrap\"><button class=\"kt-blocks-accordion-header kt-acccordion-button-label-show\" type=\"button\"><span class=\"kt-blocks-accordion-title-wrap\"><span class=\"kt-blocks-accordion-title\"><strong>El amor que nunca se pierde<\/strong> &#8211; 10\/04\/25<\/span><\/span><span class=\"kt-blocks-accordion-icon-trigger\"><\/span><\/button><\/div><div class=\"kt-accordion-panel kt-accordion-panel-hidden\"><div class=\"kt-accordion-panel-inner\"><style>.wp-block-kadence-advancedheading.kt-adv-heading3067_e7affc-e9, .wp-block-kadence-advancedheading.kt-adv-heading3067_e7affc-e9[data-kb-block=\"kb-adv-heading3067_e7affc-e9\"]{text-align:center;font-style:normal;}.wp-block-kadence-advancedheading.kt-adv-heading3067_e7affc-e9 mark.kt-highlight, .wp-block-kadence-advancedheading.kt-adv-heading3067_e7affc-e9[data-kb-block=\"kb-adv-heading3067_e7affc-e9\"] mark.kt-highlight{font-style:normal;color:#f76a0c;-webkit-box-decoration-break:clone;box-decoration-break:clone;padding-top:0px;padding-right:0px;padding-bottom:0px;padding-left:0px;}.wp-block-kadence-advancedheading.kt-adv-heading3067_e7affc-e9 img.kb-inline-image, .wp-block-kadence-advancedheading.kt-adv-heading3067_e7affc-e9[data-kb-block=\"kb-adv-heading3067_e7affc-e9\"] img.kb-inline-image{width:150px;vertical-align:baseline;}<\/style>\n<p class=\"kt-adv-heading3067_e7affc-e9 wp-block-kadence-advancedheading\" data-kb-block=\"kb-adv-heading3067_e7affc-e9\">\u00a1Ay amor, juventud, que mira<br>por la noche las luci\u00e9rnagas<br>en la oscuridad, que brillan<br>alrededor de tu linda casa!<br>Mir\u00e1ndote, mir\u00e1ndote estoy<br>con mi pa\u00f1uelo rojo, mi color<br>lleno de vida me siento hoy<br>y estremecido por el furor.<br>Asomada en tu ventana<br>eres flor de la ma\u00f1ana<br>ilusi\u00f3n mi canto, cantarera.<br>Doblegado en tu puerta<br>tocando con los nudillos<br>y el firme toque, de retreta.<\/p>\n\n\n\n<p><\/p>\n\n\n\n<p class=\"has-text-align-center\"><strong><em>Eufrasio Navarro Fern\u00e1ndez<\/em><\/strong><\/p>\n<\/div><\/div><\/div>\n\n\n\n<div class=\"wp-block-kadence-pane kt-accordion-pane kt-accordion-pane-6 kt-pane3067_f77869-b9\"><div class=\"kt-accordion-header-wrap\"><button class=\"kt-blocks-accordion-header kt-acccordion-button-label-show\" type=\"button\"><span class=\"kt-blocks-accordion-title-wrap\"><span class=\"kt-blocks-accordion-title\"><strong>La Existencia &#8211; 27\/03\/25<\/strong><\/span><\/span><span class=\"kt-blocks-accordion-icon-trigger\"><\/span><\/button><\/div><div class=\"kt-accordion-panel kt-accordion-panel-hidden\"><div class=\"kt-accordion-panel-inner\"><style>.wp-block-kadence-advancedheading.kt-adv-heading3067_fbe387-18, .wp-block-kadence-advancedheading.kt-adv-heading3067_fbe387-18[data-kb-block=\"kb-adv-heading3067_fbe387-18\"]{text-align:center;font-style:normal;}.wp-block-kadence-advancedheading.kt-adv-heading3067_fbe387-18 mark.kt-highlight, .wp-block-kadence-advancedheading.kt-adv-heading3067_fbe387-18[data-kb-block=\"kb-adv-heading3067_fbe387-18\"] mark.kt-highlight{font-style:normal;color:#f76a0c;-webkit-box-decoration-break:clone;box-decoration-break:clone;padding-top:0px;padding-right:0px;padding-bottom:0px;padding-left:0px;}.wp-block-kadence-advancedheading.kt-adv-heading3067_fbe387-18 img.kb-inline-image, .wp-block-kadence-advancedheading.kt-adv-heading3067_fbe387-18[data-kb-block=\"kb-adv-heading3067_fbe387-18\"] img.kb-inline-image{width:150px;vertical-align:baseline;}<\/style>\n<p class=\"kt-adv-heading3067_fbe387-18 wp-block-kadence-advancedheading\" data-kb-block=\"kb-adv-heading3067_fbe387-18\">Se nace en cueros con lo imprevisto<br>familias de blancas sabanas<br>familias de parda paja todo previsto<br>deseado o no, nada cambia.<\/p>\n\n\n\n<p class=\"has-text-align-center\"><br>Se crece con ense\u00f1anzas obtusas<br>obligatoria para el que no tiene<br>mas cuando duele la barriga<br>hay brazos que no sostienen.<\/p>\n\n\n\n<p class=\"has-text-align-center\"><br>Un calvario incongruente sin musas<br>otros, con estupendas estructuras<br>marcadas por las creencias divinas<br>sin ataduras y comen todos los d\u00edas.<\/p>\n\n\n\n<p class=\"has-text-align-center\"><br>El germen crea diferencias<br>en corto espacio de tiempo<br>desde el nacer con cumplimiento<br>escuch\u00e1ndose una voz con exigencias.<\/p>\n\n\n\n<p class=\"has-text-align-center\"><br>Se nace en cueros con lo imprevisto<br>pero se muere, como se puede<br>con sedas, o abrigos de saco sin ser visto,<br>una procesi\u00f3n sale y un dolor, que no duele.<\/p>\n\n\n\n<p><\/p>\n\n\n\n<p class=\"has-text-align-center\"><em><strong>Autor: Eufrasio Navarro Fern\u00e1ndez<\/strong><\/em><\/p>\n<\/div><\/div><\/div>\n\n\n\n<div class=\"wp-block-kadence-pane kt-accordion-pane kt-accordion-pane-3 kt-pane3067_444c46-12\"><div class=\"kt-accordion-header-wrap\"><button class=\"kt-blocks-accordion-header kt-acccordion-button-label-show\" type=\"button\"><span class=\"kt-blocks-accordion-title-wrap\"><span class=\"kt-blocks-accordion-title\"><strong>El aire, la delicia &#8211; 13\/03\/25<\/strong><\/span><\/span><span class=\"kt-blocks-accordion-icon-trigger\"><\/span><\/button><\/div><div class=\"kt-accordion-panel kt-accordion-panel-hidden\"><div class=\"kt-accordion-panel-inner\"><style>.wp-block-kadence-advancedheading.kt-adv-heading3067_03df8c-8a, .wp-block-kadence-advancedheading.kt-adv-heading3067_03df8c-8a[data-kb-block=\"kb-adv-heading3067_03df8c-8a\"]{text-align:center;font-style:normal;}.wp-block-kadence-advancedheading.kt-adv-heading3067_03df8c-8a mark.kt-highlight, .wp-block-kadence-advancedheading.kt-adv-heading3067_03df8c-8a[data-kb-block=\"kb-adv-heading3067_03df8c-8a\"] mark.kt-highlight{font-style:normal;color:#f76a0c;-webkit-box-decoration-break:clone;box-decoration-break:clone;padding-top:0px;padding-right:0px;padding-bottom:0px;padding-left:0px;}.wp-block-kadence-advancedheading.kt-adv-heading3067_03df8c-8a img.kb-inline-image, .wp-block-kadence-advancedheading.kt-adv-heading3067_03df8c-8a[data-kb-block=\"kb-adv-heading3067_03df8c-8a\"] img.kb-inline-image{width:150px;vertical-align:baseline;}<\/style>\n<p class=\"kt-adv-heading3067_03df8c-8a wp-block-kadence-advancedheading\" data-kb-block=\"kb-adv-heading3067_03df8c-8a\">Viento que mueve la delicia<br>al ver en el cielo los p\u00e1jaros<br>y en la tierra lo inmediato<br>con los sue\u00f1os en la lejan\u00eda.<\/p>\n\n\n\n<p class=\"has-text-align-center\"><br>\u00a1Grandiosas las torrentes fuerzas!<br>\u00a1La claridad de lindos sonoros<br>del espacio con vientos airosos<br>presumiendo de tan cabal presencia!<\/p>\n\n\n\n<p class=\"has-text-align-center\"><br>Cuando la vida busca lo simple<br>con la ret\u00f3rica del reflejo<br>con las m\u00e1s claras ausencias,<br>que sue\u00f1an con lo sincero.<\/p>\n\n\n\n<p class=\"has-text-align-center\"><br>Es, la presencia de lo verdadero.<br>A pedir a\u00fan m\u00e1s el amor sin contingencias.<br>Sol, luz para la constancia<br>de una vida larga con aperos<br>en la plenitud de los que amparan.<\/p>\n\n\n\n<p><\/p>\n\n\n\n<p class=\"has-text-align-center\"><strong>Autor: Eufrasio Navarro Fern\u00e1ndez<\/strong><\/p>\n<\/div><\/div><\/div>\n\n\n\n<div class=\"wp-block-kadence-pane kt-accordion-pane kt-accordion-pane-5 kt-pane3067_399903-3b\"><div class=\"kt-accordion-header-wrap\"><button class=\"kt-blocks-accordion-header kt-acccordion-button-label-show\" type=\"button\"><span class=\"kt-blocks-accordion-title-wrap\"><span class=\"kt-blocks-accordion-title\"><strong>Emigrantes de la memoria &#8211; 27\/02\/25<\/strong><\/span><\/span><span class=\"kt-blocks-accordion-icon-trigger\"><\/span><\/button><\/div><div class=\"kt-accordion-panel kt-accordion-panel-hidden\"><div class=\"kt-accordion-panel-inner\"><style>.wp-block-kadence-advancedheading.kt-adv-heading3067_b5c4e1-21, .wp-block-kadence-advancedheading.kt-adv-heading3067_b5c4e1-21[data-kb-block=\"kb-adv-heading3067_b5c4e1-21\"]{text-align:center;font-style:normal;}.wp-block-kadence-advancedheading.kt-adv-heading3067_b5c4e1-21 mark.kt-highlight, .wp-block-kadence-advancedheading.kt-adv-heading3067_b5c4e1-21[data-kb-block=\"kb-adv-heading3067_b5c4e1-21\"] mark.kt-highlight{font-style:normal;color:#f76a0c;-webkit-box-decoration-break:clone;box-decoration-break:clone;padding-top:0px;padding-right:0px;padding-bottom:0px;padding-left:0px;}.wp-block-kadence-advancedheading.kt-adv-heading3067_b5c4e1-21 img.kb-inline-image, .wp-block-kadence-advancedheading.kt-adv-heading3067_b5c4e1-21[data-kb-block=\"kb-adv-heading3067_b5c4e1-21\"] img.kb-inline-image{width:150px;vertical-align:baseline;}<\/style>\n<p class=\"kt-adv-heading3067_b5c4e1-21 wp-block-kadence-advancedheading\" data-kb-block=\"kb-adv-heading3067_b5c4e1-21\">Para\u00edsos con flora de colores<br>aves que juegan en el aire<br>jarales y romeros con dignos olores<br>han hecho siempre vida sin desaire.<\/p>\n\n\n\n<p class=\"has-text-align-center\"><br>La felicidad, descanso del alma,<br>que un d\u00eda se rompe con la mirada<br>en el valle de la memoria<br>los recuerdos, quedan en perentoria.<\/p>\n\n\n\n<p class=\"has-text-align-center\"><br>Con caminos nuevos, con nuevos caminos<br>para la historia, para la historia.<\/p>\n\n\n\n<p class=\"has-text-align-center\"><br>El futuro anochece con el \u00e9xodo exigido<br>el emigrante padece, el exilio de la memoria<br>a otros valles desconocidos<br>con el habilitar de otras cosas.<\/p>\n\n\n\n<p class=\"has-text-align-center\"><br>Amores se quedan colgados sin diosas<br>la vida fluye con nuevos retratos<br>en el espacio tiempo, con renglones de rosas<br>en el libro de los recuerdos con tratos.<\/p>\n\n\n\n<p class=\"has-text-align-center\"><br>De un querer inmenso<br>aireada por todos los vientos<br>para que la vida llegue, a buen puerto.<\/p>\n\n\n\n<p><\/p>\n\n\n\n<p class=\"has-text-align-center\"><strong>Autor: Eufrasio Navarro Fern\u00e1ndez<\/strong><\/p>\n<\/div><\/div><\/div>\n\n\n\n<div class=\"wp-block-kadence-pane kt-accordion-pane kt-accordion-pane-4 kt-pane3067_ed92b4-9a\"><div class=\"kt-accordion-header-wrap\"><button class=\"kt-blocks-accordion-header kt-acccordion-button-label-show\" type=\"button\"><span class=\"kt-blocks-accordion-title-wrap\"><span class=\"kt-blocks-accordion-title\"><strong>Sentir &#8211; 13\/02\/25<\/strong><\/span><\/span><span class=\"kt-blocks-accordion-icon-trigger\"><\/span><\/button><\/div><div class=\"kt-accordion-panel kt-accordion-panel-hidden\"><div class=\"kt-accordion-panel-inner\"><style>.wp-block-kadence-advancedheading.kt-adv-heading3067_4e05dc-76, .wp-block-kadence-advancedheading.kt-adv-heading3067_4e05dc-76[data-kb-block=\"kb-adv-heading3067_4e05dc-76\"]{text-align:center;font-style:normal;}.wp-block-kadence-advancedheading.kt-adv-heading3067_4e05dc-76 mark.kt-highlight, .wp-block-kadence-advancedheading.kt-adv-heading3067_4e05dc-76[data-kb-block=\"kb-adv-heading3067_4e05dc-76\"] mark.kt-highlight{font-style:normal;color:#f76a0c;-webkit-box-decoration-break:clone;box-decoration-break:clone;padding-top:0px;padding-right:0px;padding-bottom:0px;padding-left:0px;}.wp-block-kadence-advancedheading.kt-adv-heading3067_4e05dc-76 img.kb-inline-image, .wp-block-kadence-advancedheading.kt-adv-heading3067_4e05dc-76[data-kb-block=\"kb-adv-heading3067_4e05dc-76\"] img.kb-inline-image{width:150px;vertical-align:baseline;}<\/style>\n<p class=\"kt-adv-heading3067_4e05dc-76 wp-block-kadence-advancedheading\" data-kb-block=\"kb-adv-heading3067_4e05dc-76\">Se aproxima la primavera<br>con noches de luna, luna<br>y rayos de sol y espumas<br>brilla buena luz, que persevera<br>con los sue\u00f1os a\u00fan sin olvido<br>y ver, acudir con el esplendor del cari\u00f1o.<br>&nbsp;<br>\u00a1En espera! \u00a1Un tormento se acerca!<br>Pobre de aquel y el sentimiento<br>\u00a1Mirar, mirar la obra en escena!<br>\u00bfSe convertir\u00e1 el tiempo en mercenario?<br>\u00a1Ay, paloma blanca mi agenda!<br>&nbsp;<br>Quisiera volar contigo siempre al lado<br>&nbsp;fuera como fuera de m\u00ed las regentas,<br>&nbsp;las fatigas malignas y crueles<br>el cosido contigo con hilos de n\u00e1car<br>para amarrar el cordel de los quereres<br>y alejar para toda sensaci\u00f3n de muerte.<\/p>\n\n\n\n<p><\/p>\n\n\n\n<p class=\"has-text-align-center\"><strong>Autor: Eufrasio Navarro Fern\u00e1ndez<\/strong><\/p>\n<\/div><\/div><\/div>\n\n\n\n<div class=\"wp-block-kadence-pane kt-accordion-pane kt-accordion-pane-1 kt-pane3067_c36808-53\"><div class=\"kt-accordion-header-wrap\"><button class=\"kt-blocks-accordion-header kt-acccordion-button-label-show\" type=\"button\"><span class=\"kt-blocks-accordion-title-wrap\"><span class=\"kt-blocks-accordion-title\"><strong>Poes\u00eda al Alzheimer &#8211; 16\/01\/25<\/strong><\/span><\/span><span class=\"kt-blocks-accordion-icon-trigger\"><\/span><\/button><\/div><div class=\"kt-accordion-panel kt-accordion-panel-hidden\"><div class=\"kt-accordion-panel-inner\"><style>.wp-block-kadence-advancedheading.kt-adv-heading3067_d163c4-d4, .wp-block-kadence-advancedheading.kt-adv-heading3067_d163c4-d4[data-kb-block=\"kb-adv-heading3067_d163c4-d4\"]{font-size:var(--global-kb-font-size-sm, 0.9rem);font-style:normal;}.wp-block-kadence-advancedheading.kt-adv-heading3067_d163c4-d4 mark.kt-highlight, .wp-block-kadence-advancedheading.kt-adv-heading3067_d163c4-d4[data-kb-block=\"kb-adv-heading3067_d163c4-d4\"] mark.kt-highlight{font-style:normal;color:#f76a0c;-webkit-box-decoration-break:clone;box-decoration-break:clone;padding-top:0px;padding-right:0px;padding-bottom:0px;padding-left:0px;}.wp-block-kadence-advancedheading.kt-adv-heading3067_d163c4-d4 img.kb-inline-image, .wp-block-kadence-advancedheading.kt-adv-heading3067_d163c4-d4[data-kb-block=\"kb-adv-heading3067_d163c4-d4\"] img.kb-inline-image{width:150px;vertical-align:baseline;}<\/style>\n<p class=\"kt-adv-heading3067_d163c4-d4 wp-block-kadence-advancedheading\" data-kb-block=\"kb-adv-heading3067_d163c4-d4\">Hoy queremos compartir con vosotros este precioso e intenso poema sobre la enfermedad del olvido cuyo autor, Federico Ortiz Moreno (durante a\u00f1os presidente, y uno de los fundadores de la \u201cAsociaci\u00f3n de Alzh\u00e9imer de Monterrey\u201d, M\u00e9xico), escribi\u00f3 en memoria de su padre, enfermo de alzh\u00e9imer.<br>En palabras de su propio autor, \u201cDedico este poema a todas las personas que tienen la gracia o la desdicha, dependiendo de c\u00f3mo uno lo vea, de tener en su casa o su familia a alguien con este problema, quienes podr\u00e1n haber olvidado todo, menos su capacidad para amar y ser amados\u201d.<br>Que lo disfrut\u00e9is.<\/p>\n\n\n\n<p class=\"has-text-align-center\">Yo no s\u00e9 a d\u00f3nde van<br>ni de d\u00f3nde vienen,<br>s\u00f3lo s\u00e9 que pasan por mi mente.<br>\u00bfSer\u00e1 que no me escuchan?<br>\u00bfSer\u00e1 que no comprenden?<br>Yo s\u00e9 que est\u00e1n ah\u00ed,<br>aunque ninguno me comprende.<br>Tal vez porque no me ven,<br>tal vez porque no me sienten.<br>Yo veo muros que ellos no ven,<br>Yo siento cosas que ellos no sienten,<br>\u00bfSer\u00e1 que mi familia no me ve?<br>\u00bfSer\u00e1 que mi familia<br>no me escucha?<br>Ellos est\u00e1n ah\u00ed y no me ven,<br>ellos est\u00e1n ah\u00ed y no voltean,<br>parecen ignorarme;<br>tal vez porque mi familia<br>ha dejado de creer,<br>tal vez porque me siente ausente.<br>Yo sigo pensando<br>que la vida permanece por ah\u00ed,<br>un poco escondida y a la deriva,<br>un poco loca y un poco ni\u00f1a,<br>pero siempre viva,<br>aunque con el coraz\u00f3n deshecho,<br>con el coraz\u00f3n vac\u00edo.<br>Yo no s\u00e9 de d\u00f3nde vengo,<br>ni a d\u00f3nde voy;<br>pero esa gente que me sigue,<br>que me cuida y me dice:<br>\u201cPor aqu\u00ed\u2026\u201d y \u201cPor ac\u00e1\u2026\u201d<br>\u00bfSer\u00e1 que ellos tambi\u00e9n<br>habr\u00e1n perdido el rumbo<br>y no saben a d\u00f3nde ir?<br>\u00bfSer\u00e1 que ellos tambi\u00e9n<br>est\u00e1n perdidos<br>y recurren a mi?<br>Hoy la vida me ha ense\u00f1ado que<br>no siempre gana el que tiene m\u00e1s<br>o el que cree saber lo verdadero,<br>ni el que tiene la raz\u00f3n.<\/p>\n\n\n\n<p class=\"has-text-align-center\">Gana el que tiene amor,<br>el que sabe dar,<br>el que comprende<br>al que no comprende<br>y el que no se olvida de aquel<br>que todo olvida.<\/p>\n\n\n\n<p class=\"has-text-align-center has-small-font-size\"><strong>Autor: Federico Ortiz Moreno<br><\/strong>(Fue presidente de Asociaci\u00f3n Alzheimer Monterey) (M\u00e9xico)<\/p>\n<\/div><\/div><\/div>\n\n\n\n<div class=\"wp-block-kadence-pane kt-accordion-pane kt-accordion-pane-2 kt-pane3067_43f773-8d\"><div class=\"kt-accordion-header-wrap\"><button class=\"kt-blocks-accordion-header kt-acccordion-button-label-show\" type=\"button\"><span class=\"kt-blocks-accordion-title-wrap\"><span class=\"kt-blocks-accordion-title\"><strong>Singular germen &#8211; 30\/01\/25<\/strong><\/span><\/span><span class=\"kt-blocks-accordion-icon-trigger\"><\/span><\/button><\/div><div class=\"kt-accordion-panel kt-accordion-panel-hidden\"><div class=\"kt-accordion-panel-inner\"><style>.wp-block-kadence-advancedheading.kt-adv-heading3067_e683a0-f2, .wp-block-kadence-advancedheading.kt-adv-heading3067_e683a0-f2[data-kb-block=\"kb-adv-heading3067_e683a0-f2\"]{text-align:center;font-style:normal;}.wp-block-kadence-advancedheading.kt-adv-heading3067_e683a0-f2 mark.kt-highlight, .wp-block-kadence-advancedheading.kt-adv-heading3067_e683a0-f2[data-kb-block=\"kb-adv-heading3067_e683a0-f2\"] mark.kt-highlight{font-style:normal;color:#f76a0c;-webkit-box-decoration-break:clone;box-decoration-break:clone;padding-top:0px;padding-right:0px;padding-bottom:0px;padding-left:0px;}.wp-block-kadence-advancedheading.kt-adv-heading3067_e683a0-f2 img.kb-inline-image, .wp-block-kadence-advancedheading.kt-adv-heading3067_e683a0-f2[data-kb-block=\"kb-adv-heading3067_e683a0-f2\"] img.kb-inline-image{width:150px;vertical-align:baseline;}<\/style>\n<p class=\"kt-adv-heading3067_e683a0-f2 wp-block-kadence-advancedheading\" data-kb-block=\"kb-adv-heading3067_e683a0-f2\">Si las gentes duermen a pierna suelta<br>y el sonido del viento sea o\u00eddo<br>con el aire escucharemos su silueta<br>entonces, podremos pensar en el silencio,<br>que el tiempo nos depara a cada instante<br>&nbsp;el pensamiento expresar\u00e1 el sentimiento.<br>&nbsp;<br>La vida, posiblemente sea una autopista,<br>que nos lleve a lo m\u00e1s \u00edntimo de nuestro dise\u00f1o<br>donde, la luz nos pone en la orograf\u00eda<br>del significado y pueda llegar, a todo sue\u00f1o.<br>&nbsp;<br>Sin que se apague parte del cuerpo\u2026<br>buscaremos en los dem\u00e1s y en la ciencia<br>el bienestar de lo creado sin supuesto<br>y andar, mano a mano, la amistad sin exigencia.<br>&nbsp;<br>Yo que pienso, t\u00fa que piensas, haz o\u00edr la voz<br>cuando el amor no se expresa<br>y cabalga sin rumbo con el viento feroz\u2026<br>desaz\u00f3n en nuestra existencia, que nos inquieta.<br>&nbsp;<br>Cuando nuestro germen este perdido<br>seamos c\u00e1lculo de la inteligencia<br>y sellemos nuestro cari\u00f1o con besos decididos<br>sin intereses previos, por todo lo vivido.<br>&nbsp;<br>Cuando en la vida no so\u00f1emos, conoceremos,<br>\u201cla nada\u201d\u2026 <em>singular idilio entre remos.<\/em><\/p>\n\n\n\n<p><\/p>\n\n\n\n<p class=\"has-text-align-center\"><strong>Autor: Eufrasio Navarro Fern\u00e1ndez<\/strong><\/p>\n<\/div><\/div><\/div>\n<\/div><\/div><\/div>\n<\/div><\/div>\n\n\n\n<div class=\"wp-block-kadence-tab kt-tab-inner-content kt-inner-tab-2 kt-inner-tabe26a67-bb\"><div class=\"kt-tab-inner-content-inner\"><style>.kt-accordion-id3067_ecd9e8-d2 .kt-accordion-inner-wrap{column-gap:var(--global-kb-gap-md, 2rem);row-gap:10px;}.kt-accordion-id3067_ecd9e8-d2 .kt-accordion-panel-inner{border-top:0px solid transparent;border-right:0px solid transparent;border-bottom:0px solid transparent;border-left:0px solid transparent;background:#ffffff;padding-top:var(--global-kb-spacing-sm, 1.5rem);padding-right:var(--global-kb-spacing-sm, 1.5rem);padding-bottom:var(--global-kb-spacing-sm, 1.5rem);padding-left:var(--global-kb-spacing-sm, 1.5rem);}.kt-accordion-id3067_ecd9e8-d2 > .kt-accordion-inner-wrap > .wp-block-kadence-pane > .kt-accordion-header-wrap > .kt-blocks-accordion-header{border-top:0px solid #f2f2f2;border-right:0px solid #f2f2f2;border-bottom:0px solid #f2f2f2;border-left:0px solid #f2f2f2;border-top-left-radius:6px;border-top-right-radius:6px;border-bottom-right-radius:6px;border-bottom-left-radius:6px;background:#f2f2f2;color:#555555;padding-top:14px;padding-right:16px;padding-bottom:14px;padding-left:16px;}.kt-accordion-id3067_ecd9e8-d2:not( .kt-accodion-icon-style-basiccircle ):not( .kt-accodion-icon-style-xclosecircle ):not( .kt-accodion-icon-style-arrowcircle )  > .kt-accordion-inner-wrap > .wp-block-kadence-pane > .kt-accordion-header-wrap .kt-blocks-accordion-icon-trigger:after, .kt-accordion-id3067_ecd9e8-d2:not( .kt-accodion-icon-style-basiccircle ):not( .kt-accodion-icon-style-xclosecircle ):not( .kt-accodion-icon-style-arrowcircle )  > .kt-accordion-inner-wrap > .wp-block-kadence-pane > .kt-accordion-header-wrap .kt-blocks-accordion-icon-trigger:before{background:#555555;}.kt-accordion-id3067_ecd9e8-d2:not( .kt-accodion-icon-style-basic ):not( .kt-accodion-icon-style-xclose ):not( .kt-accodion-icon-style-arrow ) .kt-blocks-accordion-icon-trigger{background:#555555;}.kt-accordion-id3067_ecd9e8-d2:not( .kt-accodion-icon-style-basic ):not( .kt-accodion-icon-style-xclose ):not( .kt-accodion-icon-style-arrow ) .kt-blocks-accordion-icon-trigger:after, .kt-accordion-id3067_ecd9e8-d2:not( .kt-accodion-icon-style-basic ):not( .kt-accodion-icon-style-xclose ):not( .kt-accodion-icon-style-arrow ) .kt-blocks-accordion-icon-trigger:before{background:#f2f2f2;}.kt-accordion-id3067_ecd9e8-d2 > .kt-accordion-inner-wrap > .wp-block-kadence-pane > .kt-accordion-header-wrap > .kt-blocks-accordion-header:hover, \n\t\t\t\tbody:not(.hide-focus-outline) .kt-accordion-id3067_ecd9e8-d2 .kt-blocks-accordion-header:focus-visible{color:#444444;background:#eeeeee;border-top-color:#eeeeee;border-top-style:solid;border-right-color:#eeeeee;border-right-style:solid;border-bottom-color:#eeeeee;border-bottom-style:solid;border-left-color:#eeeeee;border-left-style:solid;}.kt-accordion-id3067_ecd9e8-d2:not( .kt-accodion-icon-style-basiccircle ):not( .kt-accodion-icon-style-xclosecircle ):not( .kt-accodion-icon-style-arrowcircle ) .kt-accordion-header-wrap .kt-blocks-accordion-header:hover .kt-blocks-accordion-icon-trigger:after, .kt-accordion-id3067_ecd9e8-d2:not( .kt-accodion-icon-style-basiccircle ):not( .kt-accodion-icon-style-xclosecircle ):not( .kt-accodion-icon-style-arrowcircle ) .kt-accordion-header-wrap .kt-blocks-accordion-header:hover .kt-blocks-accordion-icon-trigger:before, body:not(.hide-focus-outline) .kt-accordion-id3067_ecd9e8-d2:not( .kt-accodion-icon-style-basiccircle ):not( .kt-accodion-icon-style-xclosecircle ):not( .kt-accodion-icon-style-arrowcircle ) .kt-blocks-accordion--visible .kt-blocks-accordion-icon-trigger:after, body:not(.hide-focus-outline) .kt-accordion-id3067_ecd9e8-d2:not( .kt-accodion-icon-style-basiccircle ):not( .kt-accodion-icon-style-xclosecircle ):not( .kt-accodion-icon-style-arrowcircle ) .kt-blocks-accordion-header:focus-visible .kt-blocks-accordion-icon-trigger:before{background:#444444;}.kt-accordion-id3067_ecd9e8-d2:not( .kt-accodion-icon-style-basic ):not( .kt-accodion-icon-style-xclose ):not( .kt-accodion-icon-style-arrow ) .kt-accordion-header-wrap .kt-blocks-accordion-header:hover .kt-blocks-accordion-icon-trigger, body:not(.hide-focus-outline) .kt-accordion-id3067_ecd9e8-d2:not( .kt-accodion-icon-style-basic ):not( .kt-accodion-icon-style-xclose ):not( .kt-accodion-icon-style-arrow ) .kt-accordion-header-wrap .kt-blocks-accordion-header:focus-visible .kt-blocks-accordion-icon-trigger{background:#444444;}.kt-accordion-id3067_ecd9e8-d2:not( .kt-accodion-icon-style-basic ):not( .kt-accodion-icon-style-xclose ):not( .kt-accodion-icon-style-arrow ) .kt-accordion-header-wrap .kt-blocks-accordion-header:hover .kt-blocks-accordion-icon-trigger:after, .kt-accordion-id3067_ecd9e8-d2:not( .kt-accodion-icon-style-basic ):not( .kt-accodion-icon-style-xclose ):not( .kt-accodion-icon-style-arrow ) .kt-accordion-header-wrap .kt-blocks-accordion-header:hover .kt-blocks-accordion-icon-trigger:before, body:not(.hide-focus-outline) .kt-accordion-id3067_ecd9e8-d2:not( .kt-accodion-icon-style-basic ):not( .kt-accodion-icon-style-xclose ):not( .kt-accodion-icon-style-arrow ) .kt-accordion-header-wrap .kt-blocks-accordion-header:focus-visible .kt-blocks-accordion-icon-trigger:after, body:not(.hide-focus-outline) .kt-accordion-id3067_ecd9e8-d2:not( .kt-accodion-icon-style-basic ):not( .kt-accodion-icon-style-xclose ):not( .kt-accodion-icon-style-arrow ) .kt-accordion-header-wrap .kt-blocks-accordion-header:focus-visible .kt-blocks-accordion-icon-trigger:before{background:#eeeeee;}.kt-accordion-id3067_ecd9e8-d2 .kt-accordion-header-wrap .kt-blocks-accordion-header:focus-visible,\n\t\t\t\t.kt-accordion-id3067_ecd9e8-d2 > .kt-accordion-inner-wrap > .wp-block-kadence-pane > .kt-accordion-header-wrap > .kt-blocks-accordion-header.kt-accordion-panel-active{color:#ffffff;background:#BE530B;border-top-color:#BE530B;border-top-style:solid;border-right-color:#BE530B;border-right-style:solid;border-bottom-color:#BE530B;border-bottom-style:solid;border-left-color:#BE530B;border-left-style:solid;}.kt-accordion-id3067_ecd9e8-d2:not( .kt-accodion-icon-style-basiccircle ):not( .kt-accodion-icon-style-xclosecircle ):not( .kt-accodion-icon-style-arrowcircle )  > .kt-accordion-inner-wrap > .wp-block-kadence-pane > .kt-accordion-header-wrap > .kt-blocks-accordion-header.kt-accordion-panel-active .kt-blocks-accordion-icon-trigger:after, .kt-accordion-id3067_ecd9e8-d2:not( .kt-accodion-icon-style-basiccircle ):not( .kt-accodion-icon-style-xclosecircle ):not( .kt-accodion-icon-style-arrowcircle )  > .kt-accordion-inner-wrap > .wp-block-kadence-pane > .kt-accordion-header-wrap > .kt-blocks-accordion-header.kt-accordion-panel-active .kt-blocks-accordion-icon-trigger:before{background:#ffffff;}.kt-accordion-id3067_ecd9e8-d2:not( .kt-accodion-icon-style-basic ):not( .kt-accodion-icon-style-xclose ):not( .kt-accodion-icon-style-arrow ) .kt-blocks-accordion-header.kt-accordion-panel-active .kt-blocks-accordion-icon-trigger{background:#ffffff;}.kt-accordion-id3067_ecd9e8-d2:not( .kt-accodion-icon-style-basic ):not( .kt-accodion-icon-style-xclose ):not( .kt-accodion-icon-style-arrow ) .kt-blocks-accordion-header.kt-accordion-panel-active .kt-blocks-accordion-icon-trigger:after, .kt-accordion-id3067_ecd9e8-d2:not( .kt-accodion-icon-style-basic ):not( .kt-accodion-icon-style-xclose ):not( .kt-accodion-icon-style-arrow ) .kt-blocks-accordion-header.kt-accordion-panel-active .kt-blocks-accordion-icon-trigger:before{background:#BE530B;}@media all and (max-width: 1024px){.kt-accordion-id3067_ecd9e8-d2 .kt-accordion-panel-inner{border-top:0px solid transparent;border-right:0px solid transparent;border-bottom:0px solid transparent;border-left:0px solid transparent;}}@media all and (max-width: 1024px){.kt-accordion-id3067_ecd9e8-d2 > .kt-accordion-inner-wrap > .wp-block-kadence-pane > .kt-accordion-header-wrap > .kt-blocks-accordion-header{border-top:0px solid #f2f2f2;border-right:0px solid #f2f2f2;border-bottom:0px solid #f2f2f2;border-left:0px solid #f2f2f2;}}@media all and (max-width: 1024px){.kt-accordion-id3067_ecd9e8-d2 > .kt-accordion-inner-wrap > .wp-block-kadence-pane > .kt-accordion-header-wrap > .kt-blocks-accordion-header:hover, \n\t\t\t\tbody:not(.hide-focus-outline) .kt-accordion-id3067_ecd9e8-d2 .kt-blocks-accordion-header:focus-visible{border-top-color:#eeeeee;border-top-style:solid;border-right-color:#eeeeee;border-right-style:solid;border-bottom-color:#eeeeee;border-bottom-style:solid;border-left-color:#eeeeee;border-left-style:solid;}}@media all and (max-width: 1024px){.kt-accordion-id3067_ecd9e8-d2 .kt-accordion-header-wrap .kt-blocks-accordion-header:focus-visible,\n\t\t\t\t.kt-accordion-id3067_ecd9e8-d2 > .kt-accordion-inner-wrap > .wp-block-kadence-pane > .kt-accordion-header-wrap > .kt-blocks-accordion-header.kt-accordion-panel-active{border-top-color:#BE530B;border-top-style:solid;border-right-color:#BE530B;border-right-style:solid;border-bottom-color:#BE530B;border-bottom-style:solid;border-left-color:#BE530B;border-left-style:solid;}}@media all and (max-width: 767px){.kt-accordion-id3067_ecd9e8-d2 .kt-accordion-inner-wrap{display:block;}.kt-accordion-id3067_ecd9e8-d2 .kt-accordion-inner-wrap .kt-accordion-pane:not(:first-child){margin-top:10px;}.kt-accordion-id3067_ecd9e8-d2 .kt-accordion-panel-inner{border-top:0px solid transparent;border-right:0px solid transparent;border-bottom:0px solid transparent;border-left:0px solid transparent;}.kt-accordion-id3067_ecd9e8-d2 > .kt-accordion-inner-wrap > .wp-block-kadence-pane > .kt-accordion-header-wrap > .kt-blocks-accordion-header{border-top:0px solid #f2f2f2;border-right:0px solid #f2f2f2;border-bottom:0px solid #f2f2f2;border-left:0px solid #f2f2f2;}.kt-accordion-id3067_ecd9e8-d2 > .kt-accordion-inner-wrap > .wp-block-kadence-pane > .kt-accordion-header-wrap > .kt-blocks-accordion-header:hover, \n\t\t\t\tbody:not(.hide-focus-outline) .kt-accordion-id3067_ecd9e8-d2 .kt-blocks-accordion-header:focus-visible{border-top-color:#eeeeee;border-top-style:solid;border-right-color:#eeeeee;border-right-style:solid;border-bottom-color:#eeeeee;border-bottom-style:solid;border-left-color:#eeeeee;border-left-style:solid;}.kt-accordion-id3067_ecd9e8-d2 .kt-accordion-header-wrap .kt-blocks-accordion-header:focus-visible,\n\t\t\t\t.kt-accordion-id3067_ecd9e8-d2 > .kt-accordion-inner-wrap > .wp-block-kadence-pane > .kt-accordion-header-wrap > .kt-blocks-accordion-header.kt-accordion-panel-active{border-top-color:#BE530B;border-top-style:solid;border-right-color:#BE530B;border-right-style:solid;border-bottom-color:#BE530B;border-bottom-style:solid;border-left-color:#BE530B;border-left-style:solid;}}<\/style>\n<div class=\"wp-block-kadence-accordion alignnone\"><div class=\"kt-accordion-wrap kt-accordion-id3067_ecd9e8-d2 kt-accordion-has-17-panes kt-active-pane-0 kt-accordion-block kt-pane-header-alignment-left kt-accodion-icon-style-basic kt-accodion-icon-side-right\" style=\"max-width:none\"><div class=\"kt-accordion-inner-wrap\" data-allow-multiple-open=\"false\" data-start-open=\"none\">\n<div class=\"wp-block-kadence-pane kt-accordion-pane kt-accordion-pane-17 kt-pane3067_99c9d2-0e\"><div class=\"kt-accordion-header-wrap\"><button class=\"kt-blocks-accordion-header kt-acccordion-button-label-show\" type=\"button\"><span class=\"kt-blocks-accordion-title-wrap\"><span class=\"kt-blocks-accordion-title\"><strong>El cari\u00f1o para el recuerdo &#8211; 19\/12\/24<\/strong><\/span><\/span><span class=\"kt-blocks-accordion-icon-trigger\"><\/span><\/button><\/div><div class=\"kt-accordion-panel kt-accordion-panel-hidden\"><div class=\"kt-accordion-panel-inner\">\n<p class=\"has-text-align-center\"><br>En este mes de diciembre se abre la puerta<br>en este mes de diciembre, los vientos florecen<br>en este mes de diciembre, los recuerdos est\u00e1n alerta<br>en este mes de diciembre, el tiempo amanece.<\/p>\n\n\n\n<p class=\"has-text-align-center\"><br>Queridos usuarios\/as con Alzheimer, lucen las velas<br>en este mes de diciembre la felicidad es inmensa<br>por la ni\u00f1ez acordada y las sonrisas como perlas<br>estamos siempre con vosotros\/as, a vuestra vera.<\/p>\n\n\n\n<p class=\"has-text-align-center\"><br>Se acudir\u00e1 a las estrellas para ver vuestras caras<br>mirar al pasado con los sue\u00f1os en estas fechas<br>y contemplar con sosiego, vuestras sabias canas<br>elevar el amor a quien os reciben cada ma\u00f1ana<br>en el jard\u00edn de la paz con tecnolog\u00eda bien hecha.<\/p>\n\n\n\n<p class=\"has-text-align-center\"><br>La vida es, soplos de vientos que nos llevan a precipicios<br>y cuando se est\u00e1 en ellos, se ve con claridad lo eterno<br>al comprobar, que todo humano es, tierra desde los inicios,<br>y agua con m\u00e1s proporci\u00f3n, para vivir seg\u00fan contesto<br>y apreciar el espacio, que toca a vivir con apetito.<\/p>\n\n\n\n<p class=\"has-text-align-center\"><br>Queridos usuarios\/as, la bondad est\u00e1 en los cuidadores\/as<br>trabajando en todo este ciclo, a veces enigm\u00e1tico<br>de un deterioro cognitivo \u00bfCu\u00e1ndo fue esa hora?<br>De los secretos que la mente guarda y ser at\u00edpico<br>pidamos en navidad, para recuerdo.<\/p>\n\n\n\n<p class=\"has-text-align-center\"><strong>Autor: Eufrasio Navarro Fern\u00e1ndez<\/strong><\/p>\n<\/div><\/div><\/div>\n\n\n\n<div class=\"wp-block-kadence-pane kt-accordion-pane kt-accordion-pane-16 kt-pane3067_435a9d-38\"><div class=\"kt-accordion-header-wrap\"><button class=\"kt-blocks-accordion-header kt-acccordion-button-label-show\" type=\"button\"><span class=\"kt-blocks-accordion-title-wrap\"><span class=\"kt-blocks-accordion-title\"><strong>La vida en un pensamiento &#8211; 05\/12\/24<\/strong><\/span><\/span><span class=\"kt-blocks-accordion-icon-trigger\"><\/span><\/button><\/div><div class=\"kt-accordion-panel kt-accordion-panel-hidden\"><div class=\"kt-accordion-panel-inner\"><style>.wp-block-kadence-advancedheading.kt-adv-heading3067_07390d-f1, .wp-block-kadence-advancedheading.kt-adv-heading3067_07390d-f1[data-kb-block=\"kb-adv-heading3067_07390d-f1\"]{text-align:center;font-style:normal;}.wp-block-kadence-advancedheading.kt-adv-heading3067_07390d-f1 mark.kt-highlight, .wp-block-kadence-advancedheading.kt-adv-heading3067_07390d-f1[data-kb-block=\"kb-adv-heading3067_07390d-f1\"] mark.kt-highlight{font-style:normal;color:#f76a0c;-webkit-box-decoration-break:clone;box-decoration-break:clone;padding-top:0px;padding-right:0px;padding-bottom:0px;padding-left:0px;}.wp-block-kadence-advancedheading.kt-adv-heading3067_07390d-f1 img.kb-inline-image, .wp-block-kadence-advancedheading.kt-adv-heading3067_07390d-f1[data-kb-block=\"kb-adv-heading3067_07390d-f1\"] img.kb-inline-image{width:150px;vertical-align:baseline;}<\/style>\n<p class=\"kt-adv-heading3067_07390d-f1 wp-block-kadence-advancedheading\" data-kb-block=\"kb-adv-heading3067_07390d-f1\">Cuanta luz tiene el d\u00eda, la recompensa<br>para ti, para m\u00ed y en compa\u00f1\u00eda<br>con nuestros paseos en la dehesa<br>y el respeto con amor se conf\u00eda.<\/p>\n\n\n\n<p class=\"has-text-align-center\"><br>Inmensurable pasa la gente, nunca sola<br>y sus miradas sonrientes muy despacio<br>para que nada pase ni sea oscura<br>ensalzando nuestras vidas como palacios.<\/p>\n\n\n\n<p class=\"has-text-align-center\"><br>En esas maravillosas tardes, que regalan<br>c\u00e1lido sol, o la lluvia con sus fr\u00edas gotas<br>acariciando nuestras cansadas caras<br>sentidas por mayores, pero nunca se agotan.<\/p>\n\n\n\n<p class=\"has-text-align-center\"><br>\u00a1Ay! Tiempo lindo, que del presente pasa<br>quedando atr\u00e1s recuerdos en fugitiva<br>expuesta en un mural de tabla rasa<br>\u00bfSe ir\u00e1 a otro lado como un barco a la deriva?<\/p>\n\n\n\n<p class=\"has-text-align-center\"><br><strong>Autor: Eufrasio Navarro Fern\u00e1ndez<\/strong><\/p>\n<\/div><\/div><\/div>\n\n\n\n<div class=\"wp-block-kadence-pane kt-accordion-pane kt-accordion-pane-15 kt-pane3067_0e39c4-05\"><div class=\"kt-accordion-header-wrap\"><button class=\"kt-blocks-accordion-header kt-acccordion-button-label-show\" type=\"button\"><span class=\"kt-blocks-accordion-title-wrap\"><span class=\"kt-blocks-accordion-title\"><strong>Contra el Alzheimer el Amor y mis Versos &#8211; 21\/11\/24<\/strong><\/span><\/span><span class=\"kt-blocks-accordion-icon-trigger\"><\/span><\/button><\/div><div class=\"kt-accordion-panel kt-accordion-panel-hidden\"><div class=\"kt-accordion-panel-inner\"><style>.wp-block-kadence-advancedheading.kt-adv-heading3067_c1d7df-2f, .wp-block-kadence-advancedheading.kt-adv-heading3067_c1d7df-2f[data-kb-block=\"kb-adv-heading3067_c1d7df-2f\"]{text-align:center;font-style:normal;}.wp-block-kadence-advancedheading.kt-adv-heading3067_c1d7df-2f mark.kt-highlight, .wp-block-kadence-advancedheading.kt-adv-heading3067_c1d7df-2f[data-kb-block=\"kb-adv-heading3067_c1d7df-2f\"] mark.kt-highlight{font-style:normal;color:#f76a0c;-webkit-box-decoration-break:clone;box-decoration-break:clone;padding-top:0px;padding-right:0px;padding-bottom:0px;padding-left:0px;}.wp-block-kadence-advancedheading.kt-adv-heading3067_c1d7df-2f img.kb-inline-image, .wp-block-kadence-advancedheading.kt-adv-heading3067_c1d7df-2f[data-kb-block=\"kb-adv-heading3067_c1d7df-2f\"] img.kb-inline-image{width:150px;vertical-align:baseline;}<\/style>\n<p class=\"kt-adv-heading3067_c1d7df-2f wp-block-kadence-advancedheading\" data-kb-block=\"kb-adv-heading3067_c1d7df-2f\">Silencio \u00bfC\u00f3mo ser\u00e1 la palabra<br>cuando no pueda?<br>Una mirada al cielo, al espacio<br>vestido de guerrero con espada<br>conquistando caminos sin cansancio<br>como un remolino de alta albura<br>para vestir toda alma<br>tan blanca como una t\u00fanica<br>de alta cuna.<br>Silencio \u00bfD\u00f3nde est\u00e1n los atardeceres<br>rozando el color de la vida desnuda?<br>Vamos a pensar en otro tiempo<br>donde el ruido era el quehacer<br>de lo cotidiano.<br>Silencio \u00bfSer\u00e1 el olvidar sano o<br>ser\u00e1 un torbellino meridiano?<br>Por favor, os pido la palabra<br>a cuantos me mir\u00e1is con el animo<br>de ser vuestro.<br>Os prometo, seguir versando<br>y recitando en radio And\u00fajar<br>mis poemas pensando,<br>que \u201ccontra el Alzheimer<br>el amor y mis versos\u201d<br>a\u00f1adiendo millones de besos<br>y la palabra mantener.<\/p>\n\n\n\n<p><\/p>\n\n\n\n<p class=\"has-text-align-center\"><strong>Autor: Eufrasio Navarro Fern\u00e1ndez<br>21\/11\/2024<\/strong><\/p>\n<\/div><\/div><\/div>\n\n\n\n<div class=\"wp-block-kadence-pane kt-accordion-pane kt-accordion-pane-13 kt-pane3067_0c7589-46\"><div class=\"kt-accordion-header-wrap\"><button class=\"kt-blocks-accordion-header kt-acccordion-button-label-show\" type=\"button\"><span class=\"kt-blocks-accordion-title-wrap\"><span class=\"kt-blocks-accordion-title\"><strong>Etapas &#8211; 07\/11\/24<\/strong><\/span><\/span><span class=\"kt-blocks-accordion-icon-trigger\"><\/span><\/button><\/div><div class=\"kt-accordion-panel kt-accordion-panel-hidden\"><div class=\"kt-accordion-panel-inner\"><style>.wp-block-kadence-advancedheading.kt-adv-heading3067_38b4e8-b1, .wp-block-kadence-advancedheading.kt-adv-heading3067_38b4e8-b1[data-kb-block=\"kb-adv-heading3067_38b4e8-b1\"]{text-align:center;font-style:normal;}.wp-block-kadence-advancedheading.kt-adv-heading3067_38b4e8-b1 mark.kt-highlight, .wp-block-kadence-advancedheading.kt-adv-heading3067_38b4e8-b1[data-kb-block=\"kb-adv-heading3067_38b4e8-b1\"] mark.kt-highlight{font-style:normal;color:#f76a0c;-webkit-box-decoration-break:clone;box-decoration-break:clone;padding-top:0px;padding-right:0px;padding-bottom:0px;padding-left:0px;}.wp-block-kadence-advancedheading.kt-adv-heading3067_38b4e8-b1 img.kb-inline-image, .wp-block-kadence-advancedheading.kt-adv-heading3067_38b4e8-b1[data-kb-block=\"kb-adv-heading3067_38b4e8-b1\"] img.kb-inline-image{width:150px;vertical-align:baseline;}<\/style>\n<p class=\"kt-adv-heading3067_38b4e8-b1 wp-block-kadence-advancedheading\" data-kb-block=\"kb-adv-heading3067_38b4e8-b1\"><br>Llegu\u00e9 desnudo a la vida<br>con la sangre de mi madre<br>y las manos de mi padre<br>duras y encarnecidas.<br>Sujetando mi cuerpo<br>clavadas en el lactante<br>estremecidas por el evento<br>de dar vida y expectante.<br>Fue la evoluci\u00f3n del deseo<br>con el germen del amor<br>el tiempo era un clamor<br>como un paseo placentero.<br>Y el cerebro visualizaba<br>cuanto hab\u00eda alrededor<br>mientras crec\u00eda y adoraba<br>los besos por el amor.<br>Ahora soy mayor<br>los d\u00edas, se hacen remanso<br>pensando en lo creado<br>mirando al campo creador.<br>Lo dibujo, con unos versos<br>donde los atardeceres son rojos<br>y las noches grises conversos<br>vistos con mis propios ojos.<br>Ahora me duermo y sue\u00f1o<br>y mi sue\u00f1o no es despierto<br>mi sue\u00f1o es, lo incierto<br>porque mi tiempo ya est\u00e1 lleno.<br><\/p>\n\n\n\n<p class=\"has-text-align-center\"><strong>Autor: Eufrasio Navarro Fern\u00e1ndez<br><\/strong><\/p>\n<\/div><\/div><\/div>\n\n\n\n<div class=\"wp-block-kadence-pane kt-accordion-pane kt-accordion-pane-12 kt-pane3067_ed1e21-53\"><div class=\"kt-accordion-header-wrap\"><button class=\"kt-blocks-accordion-header kt-acccordion-button-label-show\" type=\"button\"><span class=\"kt-blocks-accordion-title-wrap\"><span class=\"kt-blocks-accordion-title\"><strong>Nuestra vida en un rengl\u00f3n &#8211; 10\/10\/24<\/strong><\/span><\/span><span class=\"kt-blocks-accordion-icon-trigger\"><\/span><\/button><\/div><div class=\"kt-accordion-panel kt-accordion-panel-hidden\"><div class=\"kt-accordion-panel-inner\"><style>.wp-block-kadence-advancedheading.kt-adv-heading3067_0f1b87-a2, .wp-block-kadence-advancedheading.kt-adv-heading3067_0f1b87-a2[data-kb-block=\"kb-adv-heading3067_0f1b87-a2\"]{text-align:center;font-style:normal;}.wp-block-kadence-advancedheading.kt-adv-heading3067_0f1b87-a2 mark.kt-highlight, .wp-block-kadence-advancedheading.kt-adv-heading3067_0f1b87-a2[data-kb-block=\"kb-adv-heading3067_0f1b87-a2\"] mark.kt-highlight{font-style:normal;color:#f76a0c;-webkit-box-decoration-break:clone;box-decoration-break:clone;padding-top:0px;padding-right:0px;padding-bottom:0px;padding-left:0px;}.wp-block-kadence-advancedheading.kt-adv-heading3067_0f1b87-a2 img.kb-inline-image, .wp-block-kadence-advancedheading.kt-adv-heading3067_0f1b87-a2[data-kb-block=\"kb-adv-heading3067_0f1b87-a2\"] img.kb-inline-image{width:150px;vertical-align:baseline;}<\/style>\n<p class=\"kt-adv-heading3067_0f1b87-a2 wp-block-kadence-advancedheading\" data-kb-block=\"kb-adv-heading3067_0f1b87-a2\">El tiempo me hace so\u00f1ar cada d\u00eda<br>y los d\u00edas pasan irremediablemente<br>dibujando cada momento, la vida<br>con el d\u00eda y la noche, a veces con voz ausente.<\/p>\n\n\n\n<p class=\"has-text-align-center\"><br>\u00a1Y cuando no llueve! Sucumbe la fragancia<br>de todo arriate con bellas rosas<br>y se acab\u00f3 los nombres, la m\u00e1s fiel ganancia<br>con la cabeza baja y no ver, que cosas.<\/p>\n\n\n\n<p class=\"has-text-align-center\"><br>Son las manos, quien nos gu\u00eda en la paciencia<br>y sin decir palabra adoptamos la costumbre<br>de vivir en silencio nuestra existencia<br>viendo caer el agua desde cualquier cumbre.<\/p>\n\n\n\n<p class=\"has-text-align-center\"><br>Con miradas fijas donde nace la niebla<br>quiz\u00e1s, recordando los sue\u00f1os de otra \u00e9poca<br>con la rosa fina. Para quien la contemplan<br>en el pedestal de lo eterno donde vive la rosa.<\/p>\n\n\n\n<p class=\"has-text-align-center\"><br>Junto al sol y la luna, com\u00fan de toda vista<br>con sus mejores vestidos para el ocaso<br>y siempre enamorados cogidos del brazo<br>en l\u00ednea directa con la \u00faltima entrevista.<br><\/p>\n\n\n\n<p class=\"has-text-align-center\">Autor: Eufrasio Navarro Fern\u00e1ndez<\/p>\n<\/div><\/div><\/div>\n\n\n\n<div class=\"wp-block-kadence-pane kt-accordion-pane kt-accordion-pane-11 kt-pane3067_2210ff-86\"><div class=\"kt-accordion-header-wrap\"><button class=\"kt-blocks-accordion-header kt-acccordion-button-label-show\" type=\"button\"><span class=\"kt-blocks-accordion-title-wrap\"><span class=\"kt-blocks-accordion-title\"><strong>La mentira, el cianuro del embustero &#8211; 19\/09\/24<\/strong><\/span><\/span><span class=\"kt-blocks-accordion-icon-trigger\"><\/span><\/button><\/div><div class=\"kt-accordion-panel kt-accordion-panel-hidden\"><div class=\"kt-accordion-panel-inner\">\n<p class=\"has-text-align-center\">El papagayo chirri\u00f3 en la quimera<br>se declar\u00f3 guerrero aventurero<br>y llegaron los bastiones del poder<br>en horas altas y tan bajas, como severo.<\/p>\n\n\n\n<p class=\"has-text-align-center\">Con todas las intenciones, haci\u00e9ndose querer<br>con aluviones de palabras vac\u00edas<br>haci\u00e9ndonos creer, sus abundantes maravillas<br>y la calle callaba y el pueblo sin querer ver.<\/p>\n\n\n\n<p class=\"has-text-align-center\">A quienes solo les interesaban las fotograf\u00edas<br>para el fest\u00edn de sus osad\u00edas.<br>Eran vientos para ablentar la mentira<br>enfangando cuanta tierra pisaban.<\/p>\n\n\n\n<p class=\"has-text-align-center\">La pel\u00edcula no empezaba, no hab\u00eda maquinista<br>y la sala se queda dormida ante tanta desidia<br>por la comodidad de sus butacas<br>\u00a1Ay, La gente se muere y queda en la estacada!<\/p>\n\n\n\n<p class=\"has-text-align-center\">Negros nubarrones para el Alzheimer<br>con nublos de pasada, porque el agua no llega<br>ni al suelo ba\u00f1a \u00a1Que pena compa\u00f1ero, compa\u00f1era!<br>Cuando por los enfermos se trabaja es, un trailer.<\/p>\n\n\n\n<p class=\"has-text-align-center\">La mentira acecha en casa de los caudales<br>y las ilusiones flaquean donde, la dignidad descansa<br>me armar\u00e9 de valor contando los reales<br>para llevar sonrisas a esta, nuestra casa.<\/p>\n\n\n\n<p class=\"has-text-align-center\"><strong>Autor: Eufrasio Navarro Fern\u00e1ndez<br><\/strong><\/p>\n<\/div><\/div><\/div>\n\n\n\n<div class=\"wp-block-kadence-pane kt-accordion-pane kt-accordion-pane-10 kt-pane3067_189ef3-a8\"><div class=\"kt-accordion-header-wrap\"><button class=\"kt-blocks-accordion-header kt-acccordion-button-label-show\" type=\"button\"><span class=\"kt-blocks-accordion-title-wrap\"><span class=\"kt-blocks-accordion-title\"><strong>Os quiero hasta con el olvido &#8211; 30\/05\/24<\/strong><\/span><\/span><span class=\"kt-blocks-accordion-icon-trigger\"><\/span><\/button><\/div><div class=\"kt-accordion-panel kt-accordion-panel-hidden\"><div class=\"kt-accordion-panel-inner\">\n<p class=\"has-text-align-center\">\u00a1Cuanta paz hay en vuestras miradas!<br>\u00a1Cuantos anhelos creasteis!<br>En medio del bosque, que andabais<br>inundando proyectos con mil sonatas.<\/p>\n\n\n\n<p class=\"has-text-align-center\">Cubriendo el aire, cubriendo el aire<br>con los sue\u00f1os reci\u00e9n levantados<br>saboreando la vida con tantos quilates<br>tu. Padre, Madre y sin vientos viciados.<\/p>\n\n\n\n<p class=\"has-text-align-center\">Os quiero, porque sois mi pecho<br>\u00a1Y aunque mayores! Sois mi deseo<br>por tanta bondad alimentada<br>desde vuestro adentros, amantada.<\/p>\n\n\n\n<p class=\"has-text-align-center\">He construido unas alforjas<br>para llevar vuestros legados<br>y decirles a mis reto\u00f1os,<br>que su vida con mi vida son hojas<br>con exquisito sabor de oto\u00f1o.<\/p>\n\n\n\n<p class=\"has-text-align-center\">Cuando los \u00e1rboles se desnudan<br>en todos los bosques, que planeaban,<br>que nunca haya olvido y que la muda<br>sea, mas avanzada, m\u00e1s avanzada.<\/p>\n\n\n\n<p class=\"has-text-align-center\"><strong>Autor: Eufrasio Navarro Fern\u00e1ndez<br><\/strong><\/p>\n<\/div><\/div><\/div>\n\n\n\n<div class=\"wp-block-kadence-pane kt-accordion-pane kt-accordion-pane-9 kt-pane3067_5c06e9-27\"><div class=\"kt-accordion-header-wrap\"><button class=\"kt-blocks-accordion-header kt-acccordion-button-label-show\" type=\"button\"><span class=\"kt-blocks-accordion-title-wrap\"><span class=\"kt-blocks-accordion-title\"><strong>El miedo a no poder pensar &#8211; 16\/05\/24<\/strong><\/span><\/span><span class=\"kt-blocks-accordion-icon-trigger\"><\/span><\/button><\/div><div class=\"kt-accordion-panel kt-accordion-panel-hidden\"><div class=\"kt-accordion-panel-inner\">\n<p class=\"has-text-align-center\">Al d\u00eda le abro de vez en cuando<br>las paginas de la ilusi\u00f3n<br>me veo perplejo y reflejado<br>en la tristeza de seres sin soluci\u00f3n<br>y lucho, sorteando lo pragm\u00e1tico.<\/p>\n\n\n\n<p class=\"has-text-align-center\">Pero no puedo, no quiero, soy poeta<br>y mis palabras ser\u00e1n luces de feria<br>para cuantos amo. La vida es una ruleta<br>y por ello llevo mi pensamiento<br>a la conquista del cielo<br>y dar vida a la vida, sencillamente<br>para anidar en la esperanza, ser valiente.<\/p>\n\n\n\n<p class=\"has-text-align-center\">Al d\u00eda le abro la ventana consciente<br>de plasmar en un folio lo que siento<br>y ver en la lejan\u00eda, lo trascendente<br>lo eficaz y el amor del mejor aliento.<\/p>\n\n\n\n<p class=\"has-text-align-center\">\u00a1La ternura no se aprende, sale!<br>De lo m\u00e1s profundo del cuerpo<br>habl\u00e1ndole al alma y que equivale<br>a la felicidad de todo tiempo.<\/p>\n\n\n\n<p class=\"has-text-align-center\"><strong>Autor: Eufrasio Navarro Fern\u00e1ndez<\/strong><\/p>\n<\/div><\/div><\/div>\n\n\n\n<div class=\"wp-block-kadence-pane kt-accordion-pane kt-accordion-pane-8 kt-pane3067_4906fb-9b\"><div class=\"kt-accordion-header-wrap\"><button class=\"kt-blocks-accordion-header kt-acccordion-button-label-show\" type=\"button\"><span class=\"kt-blocks-accordion-title-wrap\"><span class=\"kt-blocks-accordion-title\"><strong>No hay misterios sin mente &#8211; 02\/05\/24<\/strong><\/span><\/span><span class=\"kt-blocks-accordion-icon-trigger\"><\/span><\/button><\/div><div class=\"kt-accordion-panel kt-accordion-panel-hidden\"><div class=\"kt-accordion-panel-inner\">\n<p class=\"has-text-align-center\">Misterios tiene la mente,<br>y la falacia se hizo fuerte<br>en el cuerpo vulnerable<br>pertinaz, fisura del sable<br>por el miedo en todo credo.<\/p>\n\n\n\n<p class=\"has-text-align-center\">La silueta de un nublo<br>marc\u00f3 visiones de locos<br>en un cielo donde hubo<br>mucha comida de cocos<br>con posturas y enredos.<\/p>\n\n\n\n<p class=\"has-text-align-center\">Visiones, que no se dejan ver<br>entre los nublos en la noche<br>como dijeron ayer sin coste,<br>la materia, para celebrar<br>los hilados al enhebrar.<\/p>\n\n\n\n<p class=\"has-text-align-center\">Los c\u00famulos esparcidos<br>en el ancho azul expansivo<br>de tierra y mar. El valle se duerme<br>y las gaviotas dejan de volar<br>solo, hay silencio, nada concierne.<\/p>\n\n\n\n<p class=\"has-text-align-center\">Hasta la vista olvido<br>y, que todo sea perenne<br>tomare un vaso de vino<br>y llegar, a la cima del Everest.<\/p>\n\n\n\n<p class=\"has-text-align-center\"><strong>Autor: Eufrasio Navarro Fern\u00e1ndez<\/strong><\/p>\n<\/div><\/div><\/div>\n\n\n\n<div class=\"wp-block-kadence-pane kt-accordion-pane kt-accordion-pane-14 kt-pane3067_220d7f-91\"><div class=\"kt-accordion-header-wrap\"><button class=\"kt-blocks-accordion-header kt-acccordion-button-label-show\" type=\"button\"><span class=\"kt-blocks-accordion-title-wrap\"><span class=\"kt-blocks-accordion-title\"><strong>Para\u00edso &#8211; 18\/04\/24<\/strong><\/span><\/span><span class=\"kt-blocks-accordion-icon-trigger\"><\/span><\/button><\/div><div class=\"kt-accordion-panel kt-accordion-panel-hidden\"><div class=\"kt-accordion-panel-inner\"><style>.wp-block-kadence-advancedheading.kt-adv-heading3067_4af054-3b, .wp-block-kadence-advancedheading.kt-adv-heading3067_4af054-3b[data-kb-block=\"kb-adv-heading3067_4af054-3b\"]{text-align:center;font-style:normal;}.wp-block-kadence-advancedheading.kt-adv-heading3067_4af054-3b mark.kt-highlight, .wp-block-kadence-advancedheading.kt-adv-heading3067_4af054-3b[data-kb-block=\"kb-adv-heading3067_4af054-3b\"] mark.kt-highlight{font-style:normal;color:#f76a0c;-webkit-box-decoration-break:clone;box-decoration-break:clone;padding-top:0px;padding-right:0px;padding-bottom:0px;padding-left:0px;}.wp-block-kadence-advancedheading.kt-adv-heading3067_4af054-3b img.kb-inline-image, .wp-block-kadence-advancedheading.kt-adv-heading3067_4af054-3b[data-kb-block=\"kb-adv-heading3067_4af054-3b\"] img.kb-inline-image{width:150px;vertical-align:baseline;}<\/style>\n<p class=\"kt-adv-heading3067_4af054-3b wp-block-kadence-advancedheading\" data-kb-block=\"kb-adv-heading3067_4af054-3b\">\u00a1Oh, que significar\u00e1 la vida!<br>Caminantes, ojeadores del tiempo<br>multiplicando los estamentos<br>de los pasajes de la concebida.<br>Se abraza el aire sin darnos cuenta<br>de lo que hacemos por momentos<br>disfrutando en el espacio la apariencia<br>del v\u00e1stago de la tierra en cuentos.<br>Es obra del sentir de la naturaleza<br>cuando por arte de magia florece la ciencia<br>y la paz, embellece la vida entera<br>haci\u00e9ndonos so\u00f1ar, nuestra existencia.<br>\u00a1Oh, miren ustedes a su alrededor!<br>Miren y d\u00edganme lo que ven.<br>Quiz\u00e1s vean lo abstracto y el verdor<br>o tal vez lo imaginario desde un bonito tren.<br>Donde, los paisajes ondean con el calor<br>en la transparencia del lago germinando,<br>las mol\u00e9culas de la vida, el bien mayor<br>de todo mal, de todo bien, traspasando.<\/p>\n\n\n\n<p><\/p>\n\n\n\n<p class=\"has-text-align-center\"><strong>Autor: Eufrasio Navarro Fern\u00e1ndez<\/strong><\/p>\n<\/div><\/div><\/div>\n\n\n\n<div class=\"wp-block-kadence-pane kt-accordion-pane kt-accordion-pane-7 kt-pane3067_bfafeb-52\"><div class=\"kt-accordion-header-wrap\"><button class=\"kt-blocks-accordion-header kt-acccordion-button-label-show\" type=\"button\"><span class=\"kt-blocks-accordion-title-wrap\"><span class=\"kt-blocks-accordion-title\"><strong>Vaivenes &#8211; 04\/04\/24<\/strong><\/span><\/span><span class=\"kt-blocks-accordion-icon-trigger\"><\/span><\/button><\/div><div class=\"kt-accordion-panel kt-accordion-panel-hidden\"><div class=\"kt-accordion-panel-inner\">\n<p class=\"has-text-align-center\">Andamos por lugares de sue\u00f1os<br>andamos por los valles discretos<br>entre el aviven de los \u00e1rboles<br>y ahondar en el silbido de los hip\u00e9rboles.<\/p>\n\n\n\n<p class=\"has-text-align-center\">Movimientos, m\u00e1s movimientos<br>con la plenitud de la mente<br>y el regazo de los cuerpos<br>invitando a la vida, a ser coherente.<\/p>\n\n\n\n<p class=\"has-text-align-center\">Pertinente la salud, que siente<br>lo diario, con el Parkinson decadente<br>por el tiempo contado a corto plazo<br>expectante, para ser derrotado.<\/p>\n\n\n\n<p class=\"has-text-align-center\">Y ah\u00ed, estaremos siempre, al lado<br>de cuantos padecen los vaivenes del cuerpo<br>para que sea el fin bienaventurado<br>y poner fin, a este teatro del infierno.<\/p>\n\n\n\n<p class=\"has-text-align-center\"><strong>Autor: Eufrasio Navarro Fern\u00e1ndez<\/strong><\/p>\n<\/div><\/div><\/div>\n\n\n\n<div class=\"wp-block-kadence-pane kt-accordion-pane kt-accordion-pane-6 kt-pane3067_505499-ce\"><div class=\"kt-accordion-header-wrap\"><button class=\"kt-blocks-accordion-header kt-acccordion-button-label-show\" type=\"button\"><span class=\"kt-blocks-accordion-title-wrap\"><span class=\"kt-blocks-accordion-title\"><strong>Canto, a la vida &#8211; 14\/03\/24<\/strong><\/span><\/span><span class=\"kt-blocks-accordion-icon-trigger\"><\/span><\/button><\/div><div class=\"kt-accordion-panel kt-accordion-panel-hidden\"><div class=\"kt-accordion-panel-inner\">\n<p class=\"has-text-align-center\">Si persigues t\u00fa la vida<br>ser\u00e1 que sientes la vida<br>\u00a1Y, si caminas por el tiempo<br>ser\u00e1, que sientes reconocimiento.<\/p>\n\n\n\n<p class=\"has-text-align-center\">\u00a1Ay, ay, mi pasado, presente y futuro<br>ser\u00e1, porque te quiero!<\/p>\n\n\n\n<p class=\"has-text-align-center\">Descubrir\u00e1s el amor infinito<br>y rociar\u00e1s la luz de los luceros<br>para alumbrar el cielo, para alumbrar el cielo<br>y volar, volar como los mirlos.<\/p>\n\n\n\n<p class=\"has-text-align-center\">La vida se hace grande a pesar\u2026<br>del andar con pies descalzos y doloridos<br>al divisar los bellos valles coloridos<br>sin m\u00e1s causa, que la entrega de amar.<\/p>\n\n\n\n<p class=\"has-text-align-center\">Y el aire, lleva aromas para disfrutar<br>del sol que alumbra cada ma\u00f1ana<br>para volar, para volar y volar<br>con el pensamiento, que nos amamanta.<\/p>\n\n\n\n<p class=\"has-text-align-center\">Vayamos, a por la vida m\u00e1s despiertos<br>vayamos, con m\u00e1s versos perfectos<br>y extendamos nuestras voces en el fluido<br>de los aires con todo amor y sin ruido.<\/p>\n\n\n\n<p class=\"has-text-align-center\"><strong>Autor: Eufrasio Navarro Fern\u00e1ndez<\/strong><\/p>\n<\/div><\/div><\/div>\n\n\n\n<div class=\"wp-block-kadence-pane kt-accordion-pane kt-accordion-pane-5 kt-pane3067_336302-fa\"><div class=\"kt-accordion-header-wrap\"><button class=\"kt-blocks-accordion-header kt-acccordion-button-label-show\" type=\"button\"><span class=\"kt-blocks-accordion-title-wrap\"><span class=\"kt-blocks-accordion-title\"><strong>Loco de amor en todo espacio &#8211; 29\/02\/24 <\/strong><\/span><\/span><span class=\"kt-blocks-accordion-icon-trigger\"><\/span><\/button><\/div><div class=\"kt-accordion-panel kt-accordion-panel-hidden\"><div class=\"kt-accordion-panel-inner\">\n<p class=\"has-text-align-center\">Hace mucho tiempo, que lo se<br>al principio fue en silencio, pero marque<br>aquel camino de rosas, fuiste tu, el alma de amar<br>tanto en la luz como en la oscuridad<br>lleg\u00f3 lo inevitable, como las ola en la mar<br>ba\u00f1ando toda costa.<\/p>\n\n\n\n<p class=\"has-text-align-center\">Y con sabor a sal, dibujamos el tiempo<br>navegando a toda vela con nuestro barco<br>llamado -felicidad- direcci\u00f3n, de todo viento<br>con la m\u00fasica de las cuerdas en forma de arco.<\/p>\n\n\n\n<p class=\"has-text-align-center\">\u00a1Ay, cuanto amor desprendido amada m\u00eda<br>en el colch\u00f3n de la marea sin prisa!<\/p>\n\n\n\n<p class=\"has-text-align-center\">De vez en cuando, las horas, se relajaban<br>en cada cala para besarnos amada m\u00eda,<br>amada m\u00eda, la eternidad eramos tu y yo<br>con nuestros cuerpos empapados, que sent\u00edan<br>ser amados, ser amados d\u00eda tras d\u00eda.<\/p>\n\n\n\n<p class=\"has-text-align-center\">Ven, ven entre mis brazos y so\u00f1emos<br>en el jard\u00edn de la vida y creemos<br>una experiencia nueva y su significado<br>con la proyecci\u00f3n del tiempo nunca acabado<br>porque, hace mucho tiempo que lo se<br>y por eso, estos versos -sin porque-<br>escritos en nuestro mejor libro de amor<br>con las pastas de la ilusi\u00f3n, nuestra flor.<\/p>\n\n\n\n<p class=\"has-text-align-center\"><strong>Autor: Eufrasio Navarro Fern\u00e1ndez<\/strong><\/p>\n<\/div><\/div><\/div>\n\n\n\n<div class=\"wp-block-kadence-pane kt-accordion-pane kt-accordion-pane-4 kt-pane3067_d415d8-7e\"><div class=\"kt-accordion-header-wrap\"><button class=\"kt-blocks-accordion-header kt-acccordion-button-label-show\" type=\"button\"><span class=\"kt-blocks-accordion-title-wrap\"><span class=\"kt-blocks-accordion-title\"><strong>La luz en tu ventana &#8211; 15\/02\/2024<\/strong><\/span><\/span><span class=\"kt-blocks-accordion-icon-trigger\"><\/span><\/button><\/div><div class=\"kt-accordion-panel kt-accordion-panel-hidden\"><div class=\"kt-accordion-panel-inner\">\n<p class=\"has-text-align-center\">Cuantos recuerdos me vienen<br>recordando aquella luz transparente<br>que se posaba en mi alma<br>al verte madre, en la ventana.<\/p>\n\n\n\n<p class=\"has-text-align-center\">Cuantos recuerdos \u00a1cuantos!<br>Los que suavizaban todo ambiente<br>y sentados en sillas de aneas me contabas<br>bonitos cuentos madre \u00a1Cuantos!<\/p>\n\n\n\n<p class=\"has-text-align-center\">Sabes, siempre miro por aquella ventana<br>empap\u00e1ndome de la luz que adorabas<br>oyendo el silencio de las memorias<br>dibujando fantas\u00edas tan notorias.<\/p>\n\n\n\n<p class=\"has-text-align-center\">Sabes madre, ya soy un hombre<br>con una familia nueva, tu conquista<br>y sigo viendo callado tu sonrisa<br>guardada para mi, en tu mejor cofre.<\/p>\n\n\n\n<p class=\"has-text-align-center\">La vida es cambiante y con distintas etapas<br>pero hay una cosa, que no cambia madre<br>el amor que me procesaste en alabanzas<br>me lo trae cada d\u00eda, la luz y el aire.<\/p>\n\n\n\n<p class=\"has-text-align-center\"><strong>Autor: Eufrasio Navarro Fern\u00e1ndez<\/strong><\/p>\n<\/div><\/div><\/div>\n\n\n\n<div class=\"wp-block-kadence-pane kt-accordion-pane kt-accordion-pane-3 kt-pane3067_34c2a0-a7\"><div class=\"kt-accordion-header-wrap\"><button class=\"kt-blocks-accordion-header kt-acccordion-button-label-show\" type=\"button\"><span class=\"kt-blocks-accordion-title-wrap\"><span class=\"kt-blocks-accordion-title\"><strong>Nunca imagin\u00e9 un rostro sin voz &#8211; 01\/02\/24<\/strong><\/span><\/span><span class=\"kt-blocks-accordion-icon-trigger\"><\/span><\/button><\/div><div class=\"kt-accordion-panel kt-accordion-panel-hidden\"><div class=\"kt-accordion-panel-inner\">\n<p class=\"has-text-align-center\">Seguramente uno nace para hacer algo<br>seguramente lo importante son las risas<br>impregnadas de luces y alegr\u00edas<br>y viajar, viajar por el infinito campo.<\/p>\n\n\n\n<p class=\"has-text-align-center\">Acontecimientos que moldean la vida<br>con la singularidad de la palabra acampando<br>en las anchas v\u00edas del tiempo llenando<br>nuestro traje de quita y pon al ser altiva.<\/p>\n\n\n\n<p class=\"has-text-align-center\">La grandeza, que siempre cre\u00ed, la palabra<br>por encima de la propia muerte o la vida<br>dando sentido, a las infinitas facciones de la cara<br>dibujando el amor o los errores, que empecina.<\/p>\n\n\n\n<p class=\"has-text-align-center\">Nuestro estado de animo e infundir<br>la felicidad eterna como la sonrisa de los ni\u00f1os.<br>De pronto unos nubarrones negros hacen gui\u00f1os<br>y me doy cuenta, que todo no son risas y es el rendir.<\/p>\n\n\n\n<p class=\"has-text-align-center\">De unas cuentas sin estar previstas y sentir<br>-el deterioro- quebr\u00e1ndose la voz en todo rostro<br>y me pregunto entonces \u00bfPara que nac\u00ed?<br>Quiz\u00e1s solo, para contemplar el vuelo del meteoro.<\/p>\n\n\n\n<p class=\"has-text-align-center\"><strong>Autor: Eufrasio Navarro Fern\u00e1ndez<\/strong><\/p>\n<\/div><\/div><\/div>\n\n\n\n<div class=\"wp-block-kadence-pane kt-accordion-pane kt-accordion-pane-1 kt-pane3067_fd1528-96\"><div class=\"kt-accordion-header-wrap\"><button class=\"kt-blocks-accordion-header kt-acccordion-button-label-show\" type=\"button\"><span class=\"kt-blocks-accordion-title-wrap\"><span class=\"kt-blocks-accordion-title\"><strong>Un esp\u00edritu que a\u00f1ora &#8211; 18\/01\/24<\/strong><\/span><\/span><span class=\"kt-blocks-accordion-icon-trigger\"><\/span><\/button><\/div><div class=\"kt-accordion-panel kt-accordion-panel-hidden\"><div class=\"kt-accordion-panel-inner\">\n<p class=\"has-text-align-center\">Siento ser,<br>el esp\u00edritu que mora<br>tan profundo como el coraz\u00f3n<br>y al tiempo,<br>oigo tus sentimientos<br>y el trueno<br>de tus pensamientos,<br>que el viento me trae<br>sin demora<br>y liberarme<br>de este caparaz\u00f3n<br>para que fluya<br>con intensidad mi sangre.<\/p>\n\n\n\n<p class=\"has-text-align-center\">Un canto a la vida,<br>la gran dama<br>Jugando\u2026<br>con rosas rojas<br>para tu alma<br>(palacio grande)<br>con los latidos<br>de antes.<\/p>\n\n\n\n<p class=\"has-text-align-center\">Y los oc\u00e9anos<br>con sus oleajes de festival,<br>desatando para ti<br>una melod\u00eda dorada<br>y zambullirme contigo<br>en la gran ola estival.<\/p>\n\n\n\n<p class=\"has-text-align-center\">Sentir\u00e9 ser<br>tu gu\u00eda y mucho m\u00e1s<br>en medio del vendaval<br>iluminando la bruma<br>para que te sientas<br>adornada con el querer<br>y el resplandor<br>con los rayos de mi pluma.<\/p>\n\n\n\n<p class=\"has-text-align-center\"><strong>Autor: Eufrasio Navarro Fern\u00e1ndez<br><\/strong><\/p>\n<\/div><\/div><\/div>\n<\/div><\/div><\/div>\n<\/div><\/div>\n\n\n\n<div class=\"wp-block-kadence-tab kt-tab-inner-content kt-inner-tab-3 kt-inner-tab761c2a-93\"><div class=\"kt-tab-inner-content-inner\"><style>.kt-accordion-id3067_6a1571-8e .kt-accordion-inner-wrap{column-gap:var(--global-kb-gap-md, 2rem);row-gap:10px;}.kt-accordion-id3067_6a1571-8e .kt-accordion-panel-inner{border-top:0px solid transparent;border-right:0px solid transparent;border-bottom:0px solid transparent;border-left:0px solid transparent;background:#ffffff;padding-top:var(--global-kb-spacing-sm, 1.5rem);padding-right:var(--global-kb-spacing-sm, 1.5rem);padding-bottom:var(--global-kb-spacing-sm, 1.5rem);padding-left:var(--global-kb-spacing-sm, 1.5rem);}.kt-accordion-id3067_6a1571-8e > .kt-accordion-inner-wrap > .wp-block-kadence-pane > .kt-accordion-header-wrap > .kt-blocks-accordion-header{border-top-color:#555555;border-top-style:solid;border-right-color:#555555;border-right-style:solid;border-bottom-color:#555555;border-bottom-style:solid;border-left-color:#555555;border-left-style:solid;border-top-left-radius:6px;border-top-right-radius:6px;border-bottom-right-radius:6px;border-bottom-left-radius:6px;background:#f2f2f2;font-size:18px;line-height:24px;color:#555555;padding-top:14px;padding-right:16px;padding-bottom:14px;padding-left:16px;}.kt-accordion-id3067_6a1571-8e:not( .kt-accodion-icon-style-basiccircle ):not( .kt-accodion-icon-style-xclosecircle ):not( .kt-accodion-icon-style-arrowcircle )  > .kt-accordion-inner-wrap > .wp-block-kadence-pane > .kt-accordion-header-wrap .kt-blocks-accordion-icon-trigger:after, .kt-accordion-id3067_6a1571-8e:not( .kt-accodion-icon-style-basiccircle ):not( .kt-accodion-icon-style-xclosecircle ):not( .kt-accodion-icon-style-arrowcircle )  > .kt-accordion-inner-wrap > .wp-block-kadence-pane > .kt-accordion-header-wrap .kt-blocks-accordion-icon-trigger:before{background:#555555;}.kt-accordion-id3067_6a1571-8e:not( .kt-accodion-icon-style-basic ):not( .kt-accodion-icon-style-xclose ):not( .kt-accodion-icon-style-arrow ) .kt-blocks-accordion-icon-trigger{background:#555555;}.kt-accordion-id3067_6a1571-8e:not( .kt-accodion-icon-style-basic ):not( .kt-accodion-icon-style-xclose ):not( .kt-accodion-icon-style-arrow ) .kt-blocks-accordion-icon-trigger:after, .kt-accordion-id3067_6a1571-8e:not( .kt-accodion-icon-style-basic ):not( .kt-accodion-icon-style-xclose ):not( .kt-accodion-icon-style-arrow ) .kt-blocks-accordion-icon-trigger:before{background:#f2f2f2;}.kt-accordion-id3067_6a1571-8e > .kt-accordion-inner-wrap > .wp-block-kadence-pane > .kt-accordion-header-wrap > .kt-blocks-accordion-header:hover, \n\t\t\t\tbody:not(.hide-focus-outline) .kt-accordion-id3067_6a1571-8e .kt-blocks-accordion-header:focus-visible{color:#444444;background:#eeeeee;border-top-color:#eeeeee;border-top-style:solid;border-right-color:#eeeeee;border-right-style:solid;border-bottom-color:#eeeeee;border-bottom-style:solid;border-left-color:#eeeeee;border-left-style:solid;}.kt-accordion-id3067_6a1571-8e:not( .kt-accodion-icon-style-basiccircle ):not( .kt-accodion-icon-style-xclosecircle ):not( .kt-accodion-icon-style-arrowcircle ) .kt-accordion-header-wrap .kt-blocks-accordion-header:hover .kt-blocks-accordion-icon-trigger:after, .kt-accordion-id3067_6a1571-8e:not( .kt-accodion-icon-style-basiccircle ):not( .kt-accodion-icon-style-xclosecircle ):not( .kt-accodion-icon-style-arrowcircle ) .kt-accordion-header-wrap .kt-blocks-accordion-header:hover .kt-blocks-accordion-icon-trigger:before, body:not(.hide-focus-outline) .kt-accordion-id3067_6a1571-8e:not( .kt-accodion-icon-style-basiccircle ):not( .kt-accodion-icon-style-xclosecircle ):not( .kt-accodion-icon-style-arrowcircle ) .kt-blocks-accordion--visible .kt-blocks-accordion-icon-trigger:after, body:not(.hide-focus-outline) .kt-accordion-id3067_6a1571-8e:not( .kt-accodion-icon-style-basiccircle ):not( .kt-accodion-icon-style-xclosecircle ):not( .kt-accodion-icon-style-arrowcircle ) .kt-blocks-accordion-header:focus-visible .kt-blocks-accordion-icon-trigger:before{background:#444444;}.kt-accordion-id3067_6a1571-8e:not( .kt-accodion-icon-style-basic ):not( .kt-accodion-icon-style-xclose ):not( .kt-accodion-icon-style-arrow ) .kt-accordion-header-wrap .kt-blocks-accordion-header:hover .kt-blocks-accordion-icon-trigger, body:not(.hide-focus-outline) .kt-accordion-id3067_6a1571-8e:not( .kt-accodion-icon-style-basic ):not( .kt-accodion-icon-style-xclose ):not( .kt-accodion-icon-style-arrow ) .kt-accordion-header-wrap .kt-blocks-accordion-header:focus-visible .kt-blocks-accordion-icon-trigger{background:#444444;}.kt-accordion-id3067_6a1571-8e:not( .kt-accodion-icon-style-basic ):not( .kt-accodion-icon-style-xclose ):not( .kt-accodion-icon-style-arrow ) .kt-accordion-header-wrap .kt-blocks-accordion-header:hover .kt-blocks-accordion-icon-trigger:after, .kt-accordion-id3067_6a1571-8e:not( .kt-accodion-icon-style-basic ):not( .kt-accodion-icon-style-xclose ):not( .kt-accodion-icon-style-arrow ) .kt-accordion-header-wrap .kt-blocks-accordion-header:hover .kt-blocks-accordion-icon-trigger:before, body:not(.hide-focus-outline) .kt-accordion-id3067_6a1571-8e:not( .kt-accodion-icon-style-basic ):not( .kt-accodion-icon-style-xclose ):not( .kt-accodion-icon-style-arrow ) .kt-accordion-header-wrap .kt-blocks-accordion-header:focus-visible .kt-blocks-accordion-icon-trigger:after, body:not(.hide-focus-outline) .kt-accordion-id3067_6a1571-8e:not( .kt-accodion-icon-style-basic ):not( .kt-accodion-icon-style-xclose ):not( .kt-accodion-icon-style-arrow ) .kt-accordion-header-wrap .kt-blocks-accordion-header:focus-visible .kt-blocks-accordion-icon-trigger:before{background:#eeeeee;}.kt-accordion-id3067_6a1571-8e .kt-accordion-header-wrap .kt-blocks-accordion-header:focus-visible,\n\t\t\t\t.kt-accordion-id3067_6a1571-8e > .kt-accordion-inner-wrap > .wp-block-kadence-pane > .kt-accordion-header-wrap > .kt-blocks-accordion-header.kt-accordion-panel-active{color:#ffffff;background:#f3690e;border-top-color:#f3690e;border-top-style:solid;border-right-color:#f3690e;border-right-style:solid;border-bottom-color:#f3690e;border-bottom-style:solid;border-left-color:#f3690e;border-left-style:solid;}.kt-accordion-id3067_6a1571-8e:not( .kt-accodion-icon-style-basiccircle ):not( .kt-accodion-icon-style-xclosecircle ):not( .kt-accodion-icon-style-arrowcircle )  > .kt-accordion-inner-wrap > .wp-block-kadence-pane > .kt-accordion-header-wrap > .kt-blocks-accordion-header.kt-accordion-panel-active .kt-blocks-accordion-icon-trigger:after, .kt-accordion-id3067_6a1571-8e:not( .kt-accodion-icon-style-basiccircle ):not( .kt-accodion-icon-style-xclosecircle ):not( .kt-accodion-icon-style-arrowcircle )  > .kt-accordion-inner-wrap > .wp-block-kadence-pane > .kt-accordion-header-wrap > .kt-blocks-accordion-header.kt-accordion-panel-active .kt-blocks-accordion-icon-trigger:before{background:#ffffff;}.kt-accordion-id3067_6a1571-8e:not( .kt-accodion-icon-style-basic ):not( .kt-accodion-icon-style-xclose ):not( .kt-accodion-icon-style-arrow ) .kt-blocks-accordion-header.kt-accordion-panel-active .kt-blocks-accordion-icon-trigger{background:#ffffff;}.kt-accordion-id3067_6a1571-8e:not( .kt-accodion-icon-style-basic ):not( .kt-accodion-icon-style-xclose ):not( .kt-accodion-icon-style-arrow ) .kt-blocks-accordion-header.kt-accordion-panel-active .kt-blocks-accordion-icon-trigger:after, .kt-accordion-id3067_6a1571-8e:not( .kt-accodion-icon-style-basic ):not( .kt-accodion-icon-style-xclose ):not( .kt-accodion-icon-style-arrow ) .kt-blocks-accordion-header.kt-accordion-panel-active .kt-blocks-accordion-icon-trigger:before{background:#f3690e;}@media all and (max-width: 1024px){.kt-accordion-id3067_6a1571-8e .kt-accordion-panel-inner{border-top:0px solid transparent;border-right:0px solid transparent;border-bottom:0px solid transparent;border-left:0px solid transparent;}}@media all and (max-width: 1024px){.kt-accordion-id3067_6a1571-8e > .kt-accordion-inner-wrap > .wp-block-kadence-pane > .kt-accordion-header-wrap > .kt-blocks-accordion-header{border-top-color:#555555;border-top-style:solid;border-right-color:#555555;border-right-style:solid;border-bottom-color:#555555;border-bottom-style:solid;border-left-color:#555555;border-left-style:solid;}}@media all and (max-width: 1024px){.kt-accordion-id3067_6a1571-8e > .kt-accordion-inner-wrap > .wp-block-kadence-pane > .kt-accordion-header-wrap > .kt-blocks-accordion-header:hover, \n\t\t\t\tbody:not(.hide-focus-outline) .kt-accordion-id3067_6a1571-8e .kt-blocks-accordion-header:focus-visible{border-top-color:#eeeeee;border-top-style:solid;border-right-color:#eeeeee;border-right-style:solid;border-bottom-color:#eeeeee;border-bottom-style:solid;border-left-color:#eeeeee;border-left-style:solid;}}@media all and (max-width: 1024px){.kt-accordion-id3067_6a1571-8e .kt-accordion-header-wrap .kt-blocks-accordion-header:focus-visible,\n\t\t\t\t.kt-accordion-id3067_6a1571-8e > .kt-accordion-inner-wrap > .wp-block-kadence-pane > .kt-accordion-header-wrap > .kt-blocks-accordion-header.kt-accordion-panel-active{border-top-color:#f3690e;border-top-style:solid;border-right-color:#f3690e;border-right-style:solid;border-bottom-color:#f3690e;border-bottom-style:solid;border-left-color:#f3690e;border-left-style:solid;}}@media all and (max-width: 767px){.kt-accordion-id3067_6a1571-8e .kt-accordion-inner-wrap{display:block;}.kt-accordion-id3067_6a1571-8e .kt-accordion-inner-wrap .kt-accordion-pane:not(:first-child){margin-top:10px;}.kt-accordion-id3067_6a1571-8e .kt-accordion-panel-inner{border-top:0px solid transparent;border-right:0px solid transparent;border-bottom:0px solid transparent;border-left:0px solid transparent;}.kt-accordion-id3067_6a1571-8e > .kt-accordion-inner-wrap > .wp-block-kadence-pane > .kt-accordion-header-wrap > .kt-blocks-accordion-header{border-top-color:#555555;border-top-style:solid;border-right-color:#555555;border-right-style:solid;border-bottom-color:#555555;border-bottom-style:solid;border-left-color:#555555;border-left-style:solid;}.kt-accordion-id3067_6a1571-8e > .kt-accordion-inner-wrap > .wp-block-kadence-pane > .kt-accordion-header-wrap > .kt-blocks-accordion-header:hover, \n\t\t\t\tbody:not(.hide-focus-outline) .kt-accordion-id3067_6a1571-8e .kt-blocks-accordion-header:focus-visible{border-top-color:#eeeeee;border-top-style:solid;border-right-color:#eeeeee;border-right-style:solid;border-bottom-color:#eeeeee;border-bottom-style:solid;border-left-color:#eeeeee;border-left-style:solid;}.kt-accordion-id3067_6a1571-8e .kt-accordion-header-wrap .kt-blocks-accordion-header:focus-visible,\n\t\t\t\t.kt-accordion-id3067_6a1571-8e > .kt-accordion-inner-wrap > .wp-block-kadence-pane > .kt-accordion-header-wrap > .kt-blocks-accordion-header.kt-accordion-panel-active{border-top-color:#f3690e;border-top-style:solid;border-right-color:#f3690e;border-right-style:solid;border-bottom-color:#f3690e;border-bottom-style:solid;border-left-color:#f3690e;border-left-style:solid;}}<\/style>\n<div class=\"wp-block-kadence-accordion alignnone\"><div class=\"kt-accordion-wrap kt-accordion-id3067_6a1571-8e kt-accordion-has-20-panes kt-active-pane-0 kt-accordion-block kt-pane-header-alignment-left kt-accodion-icon-style-basic kt-accodion-icon-side-right\" style=\"max-width:none\"><div class=\"kt-accordion-inner-wrap\" data-allow-multiple-open=\"false\" data-start-open=\"none\">\n<div class=\"wp-block-kadence-pane kt-accordion-pane kt-accordion-pane-20 kt-pane3067_6c28d4-98\"><div class=\"kt-accordion-header-wrap\"><button class=\"kt-blocks-accordion-header kt-acccordion-button-label-show\" type=\"button\"><span class=\"kt-blocks-accordion-title-wrap\"><span class=\"kt-blocks-accordion-title\"><strong>Nacimiento &#8211; 14\/12\/2023<\/strong><\/span><\/span><span class=\"kt-blocks-accordion-icon-trigger\"><\/span><\/button><\/div><div class=\"kt-accordion-panel kt-accordion-panel-hidden\"><div class=\"kt-accordion-panel-inner\">\n<p class=\"has-text-align-center\">Nacemos de las m\u00e1s puras rosas<br>con inmensos quereres de la nada<br>y el amor de dos seres, que se aman<br>buscando el placer de miles cosas.<\/p>\n\n\n\n<p class=\"has-text-align-center\">\u201cNavidad\u201d, nacimiento del tiempo<br>en \u00e9pocas con racimos de eternidad<br>y disfrutar de toda nuestra materia estelar<br>viendo la luz desde el sentimiento.<\/p>\n\n\n\n<p class=\"has-text-align-center\">Con eslabones de cadenas tan arduas<br>en uni\u00f3n de fluidos pensamientos<br>poder tocarnos, poder beber, dichas aguas<br>de la existencia con los vientos.<\/p>\n\n\n\n<p class=\"has-text-align-center\">\u201cNavidad\u201d, nacimiento, felicidad<br>y la materia se hizo humana<br>para disfrutar en la tierra lo igual<br>entre millones de rosas y campanas.<\/p>\n\n\n\n<p class=\"has-text-align-center\">Expandiendo el sonido y so\u00f1ar<br>con el mejor mundo y encuadrar<br>los est\u00edmulos volando con el aire<br>y el amor sea la puerta que se abre.<\/p>\n\n\n\n<p class=\"has-text-align-center\"><strong>Autor: Eufrasio Navarro Fern\u00e1ndez<\/strong><\/p>\n<\/div><\/div><\/div>\n\n\n\n<div class=\"wp-block-kadence-pane kt-accordion-pane kt-accordion-pane-19 kt-pane3067_e5cbbe-dd\"><div class=\"kt-accordion-header-wrap\"><button class=\"kt-blocks-accordion-header kt-acccordion-button-label-show\" type=\"button\"><span class=\"kt-blocks-accordion-title-wrap\"><span class=\"kt-blocks-accordion-title\"><strong>El Retiro de los Sue\u00f1os &#8211; 30\/11\/2023<\/strong><\/span><\/span><span class=\"kt-blocks-accordion-icon-trigger\"><\/span><\/button><\/div><div class=\"kt-accordion-panel kt-accordion-panel-hidden\"><div class=\"kt-accordion-panel-inner\">\n<p class=\"has-text-align-center\">Un coliseo, lugar de eventos magnos<br>donde los humanos extravagamos<br>con nuestros fueros redentores brillante<br>sin pensar en el final de la vida galopante.<\/p>\n\n\n\n<p class=\"has-text-align-center\">Se convierte en la expresi\u00f3n del sentido<br>creando ilusi\u00f3n para el infinito<br>sin hallar lo absoluto del cuerpo<br>hasta que, la vida nos pone un puerto.<\/p>\n\n\n\n<p class=\"has-text-align-center\">Un precipicio nos ense\u00f1a, la verdad del sue\u00f1o<br>al contemplar desde all\u00ed, lo mas alto<br>el inmenso lugar y el dise\u00f1o de nuestro ato<br>para pensar, que nuestro retiro es el due\u00f1o.<\/p>\n\n\n\n<p class=\"has-text-align-center\">De la luz, que se ira apagando hasta llegar<br>a saber bien el significado de la vida..,<br>nunca podremos apearnos de ese lugar<br>cuando llega la inc\u00f3gnita de la ida o la venida.<\/p>\n\n\n\n<p class=\"has-text-align-center\">Asombro cuando nuestro cristal se rompe<br>pero enseguida vemos, el retiro de los sue\u00f1os<br>en una inmensidad que no vemos, torpes<br>al no prepararnos para ese umbral de empe\u00f1os.<\/p>\n\n\n\n<p class=\"has-text-align-center\"><strong>Autor: Eufrasio Navarro Fern\u00e1ndez<\/strong><\/p>\n<\/div><\/div><\/div>\n\n\n\n<div class=\"wp-block-kadence-pane kt-accordion-pane kt-accordion-pane-18 kt-pane3067_08c41f-cc\"><div class=\"kt-accordion-header-wrap\"><button class=\"kt-blocks-accordion-header kt-acccordion-button-label-show\" type=\"button\"><span class=\"kt-blocks-accordion-title-wrap\"><span class=\"kt-blocks-accordion-title\"><strong>Deterioros cerebrales &#8211; 16\/11\/2023<\/strong><\/span><\/span><span class=\"kt-blocks-accordion-icon-trigger\"><\/span><\/button><\/div><div class=\"kt-accordion-panel kt-accordion-panel-hidden\"><div class=\"kt-accordion-panel-inner\">\n<p class=\"has-text-align-center\">Agitaciones desconocidas de la masa negra<br>uso al desconcierto de los humanos<br>renqueantes a la investigaci\u00f3n del deterioro<br>como si de un terremoto fuera<br>en el \u00e1mbito social y cotidiano<br>hasta llegar al miedo del meteoro,<br>equilibrio por un cerebro que no presta.<\/p>\n\n\n\n<p class=\"has-text-align-center\">Parkinson, el miedo que acecha sin recurso<br>al hacer del sentimiento variable<br>huida de la confianza al compromiso<br>por m\u00e1s, que se sue\u00f1e en la vida palpable<br>de un dif\u00edcil deterioro, el est\u00edo<br>para proyectar un nuevo concurso.<\/p>\n\n\n\n<p class=\"has-text-align-center\">De la vida, ya, m\u00e1s tranquila y humanizada<br>hacia nuevos rumbos y menos traumatizada<br>con el saber m\u00e1s marcado hacia el infinito<br>desde el mundo de la ciencia, nuestro hito.<\/p>\n\n\n\n<p class=\"has-text-align-center\">Temblores de m\u00fasculos con car\u00e1cter imperativo<br>tiene nuestro cuerpo desde el nacimiento<br>en la pe\u00f1a del enc\u00e9falo buscando el equilibrio.<\/p>\n\n\n\n<p class=\"has-text-align-center\">Mientras tanto, andemos por el curso<br>de la solidaridad nuestro mejor destino<br>con la familia y los agentes, que rompen lo oscuro<br>de los miedos de un despertar cautivo.<\/p>\n\n\n\n<p class=\"has-text-align-center\"><strong>Autor: Eufrasio Navarro Fern\u00e1ndez<\/strong><\/p>\n<\/div><\/div><\/div>\n\n\n\n<div class=\"wp-block-kadence-pane kt-accordion-pane kt-accordion-pane-17 kt-pane3067_b76805-2e\"><div class=\"kt-accordion-header-wrap\"><button class=\"kt-blocks-accordion-header kt-acccordion-button-label-show\" type=\"button\"><span class=\"kt-blocks-accordion-title-wrap\"><span class=\"kt-blocks-accordion-title\"><strong>Vivo sin vivir &#8211; 02\/11\/23<\/strong><\/span><\/span><span class=\"kt-blocks-accordion-icon-trigger\"><\/span><\/button><\/div><div class=\"kt-accordion-panel kt-accordion-panel-hidden\"><div class=\"kt-accordion-panel-inner\">\n<p class=\"has-text-align-center\">Pasado, presente y olvido<br>el tiempo se ha parado<br>o tal vez profundo destino<br>para un sue\u00f1o aletargado.<\/p>\n\n\n\n<p class=\"has-text-align-center\">El ayer no encontrado<br>y el presente no vivido<br>con la mirada ausente<br>y la palabra sin destino<br>en el desierto atrapado<br>calor y frio el ingrediente.<\/p>\n\n\n\n<p class=\"has-text-align-center\">De un estado maldito<br>con un futuro pausado<br>sin vallar el recinto<br>sin luz y con pies descalzos<br>en medio de lo divino<br>para lo que fuimos creados.<\/p>\n\n\n\n<p class=\"has-text-align-center\">Atr\u00e1s quedaron los sue\u00f1os<br>bajo rastrojos quemados<br>ya sin ataduras ni empe\u00f1os<br>lleg\u00f3 la suerte, hay abrazos.<\/p>\n\n\n\n<p class=\"has-text-align-center\">Es, el presente enquistado<br>bajo un sol que no alumbra<br>bajo un amor denostado<br>en un espacio en penumbra.<\/p>\n\n\n\n<p class=\"has-text-align-center\">Hasta siempre, la nada<br>atr\u00e1s quedo la historia<br>de lo imaginario en balada.<\/p>\n\n\n\n<p class=\"has-text-align-center\"><strong>Autor: Eufrasio Navarro Fern\u00e1ndez<\/strong><br><\/p>\n<\/div><\/div><\/div>\n\n\n\n<div class=\"wp-block-kadence-pane kt-accordion-pane kt-accordion-pane-16 kt-pane3067_2de0ec-3a\"><div class=\"kt-accordion-header-wrap\"><button class=\"kt-blocks-accordion-header kt-acccordion-button-label-show\" type=\"button\"><span class=\"kt-blocks-accordion-title-wrap\"><span class=\"kt-blocks-accordion-title\"><strong>Mi amor por t\u00ed &#8211; 19\/10\/2023<\/strong><\/span><\/span><span class=\"kt-blocks-accordion-icon-trigger\"><\/span><\/button><\/div><div class=\"kt-accordion-panel kt-accordion-panel-hidden\"><div class=\"kt-accordion-panel-inner\">\n<p class=\"has-text-align-center\">Tu llama de luz y fuego que devora<br>a mi campo gris el cual me implora<br>pasar del dolor con una sola idea<br>en este mundo simple de media hora.<\/p>\n\n\n\n<p class=\"has-text-align-center\">Mi sangre con mi canto que decora<br>la angustia sin pulso que arte como la tea<br>y llamo a la mar con sus olas que pelea<br>con todo bicho que en mi pecho mora.<\/p>\n\n\n\n<p class=\"has-text-align-center\">Es mi ansia de amor sin dar por perdido<br>todo mi sue\u00f1o porque t\u00fa, eres presencia<br>con la ruina de mi aliento jam\u00e1s vencido.<\/p>\n\n\n\n<p class=\"has-text-align-center\">Ir\u00e9 a tu cumbre m\u00e1s alta, tu existencia<br>y mirar\u00e9 con tu coraz\u00f3n el valle exquisito<br>con ilusi\u00f3n y pasi\u00f3n a la querida ciencia.<\/p>\n\n\n\n<p class=\"has-text-align-center\"><strong>Autor: Eufrasio Navarro Fern\u00e1ndez<\/strong><\/p>\n<\/div><\/div><\/div>\n\n\n\n<div class=\"wp-block-kadence-pane kt-accordion-pane kt-accordion-pane-15 kt-pane3067_54ef3e-39\"><div class=\"kt-accordion-header-wrap\"><button class=\"kt-blocks-accordion-header kt-acccordion-button-label-show\" type=\"button\"><span class=\"kt-blocks-accordion-title-wrap\"><span class=\"kt-blocks-accordion-title\"><strong>El Caf\u00e9 del Alzheimer en su Veinte Aniversario &#8211; 05\/10\/2023<\/strong><\/span><\/span><span class=\"kt-blocks-accordion-icon-trigger\"><\/span><\/button><\/div><div class=\"kt-accordion-panel kt-accordion-panel-hidden\"><div class=\"kt-accordion-panel-inner\">\n<p class=\"has-text-align-center\">Entreabierta est\u00e1 la puerta de la esperanza<br>y el aire sopla con los pensamientos heridos<br>a\u00fan con peque\u00f1as cosas que atenaza<br>a los sue\u00f1os que se levantan muy erguidos.<\/p>\n\n\n\n<p class=\"has-text-align-center\">Abro un libro y lo recorro p\u00e1gina a p\u00e1gina<br>los recuerdos se hacen presentes en alzada<br>en el c\u00edrculo del pensamiento del tiempo<br>que los busco a orillas del sentimiento.<\/p>\n\n\n\n<p class=\"has-text-align-center\">Son los tiempos que encajan el pergamino<br>de la memoria y su incierto camino<br>con luces extraviadas dise\u00f1adas en el cielo.<\/p>\n\n\n\n<p class=\"has-text-align-center\">Pero hoy se cumple veinte a\u00f1os de anhelos<br>y de un caminar expresado en los libros<br>como las compa\u00f1eras y tantos compa\u00f1eros.<\/p>\n\n\n\n<p class=\"has-text-align-center\"><strong>Autor: Eufrasio Navarro Fern\u00e1ndez<\/strong><\/p>\n<\/div><\/div><\/div>\n\n\n\n<div class=\"wp-block-kadence-pane kt-accordion-pane kt-accordion-pane-14 kt-pane3067_09fa1c-d0\"><div class=\"kt-accordion-header-wrap\"><button class=\"kt-blocks-accordion-header kt-acccordion-button-label-show\" type=\"button\"><span class=\"kt-blocks-accordion-title-wrap\"><span class=\"kt-blocks-accordion-title\"><strong>A AFA-AND\u00daJAR &#8211; 21\/09\/2023<\/strong><\/span><\/span><span class=\"kt-blocks-accordion-icon-trigger\"><\/span><\/button><\/div><div class=\"kt-accordion-panel kt-accordion-panel-hidden\"><div class=\"kt-accordion-panel-inner\">\n<p>Antes de que olvide que olvido, quiero darte las gracias. Porque<br>cre\u00edste en m\u00ed y no me abandonaste, gracias. Porque quedaban<br>resquicios de luz en mi penumbra y no apagaste la llama, sino<br>que abriste de par en par las ventanas para que me llegara m\u00e1s<br>luz con todo tu trabajo y tu c\u00f3mplice sonrisa, gracias. Porque no lo<br>diste todo por perdido pese a que muchos de vuestros usuarios<br>ya han olvidado, gracias.<\/p>\n\n\n\n<p>Antes de que olvide que olvido, quiero que sepas que valoro el<br>calor de vuestra entrega, y que en mis lagunas y vac\u00edos se ha<br>marcado el gozo de tu abrazo, el calor de tu mano acariciando la<br>m\u00eda y el sonido de tu voz alegre y gritona d\u00e1ndome los buenos<br>d\u00edas.<\/p>\n\n\n\n<p>Antes de que olvide que olvido quiero darte las gracias por tu<br>constancia, la paciencia y el amor con el que llev\u00e1is a cabo<br>vuestro trabajo solidario. Sois \u00e1ngeles en nuestro letargo y sost\u00e9n<br>de nuestras familias. Gracias AFA.<\/p>\n\n\n\n<p>Antes de que olvide que olvido, antes de que se me duerman casi<br>todos los recuerdos y despierten los que cre\u00ed olvidados, antes de<br>que apenas reconozca tu rostro, tu voz y me resulten extra\u00f1as tus<br>palabras, quiero decirte que ya se qued\u00f3 en alg\u00fan lugar de mi<br>coraz\u00f3n o mi alma -no recuerdo ya donde, pero lo siento dentro-,<br>que te escuch\u00e9, s\u00ed, hablabas con alguien que te inquiri\u00f3: \u201c\u00bfpero<br>por qu\u00e9 sigues actuando si su Alzheimer la durmi\u00f3 y ya no<br>recuerda?\u2026 y t\u00fa respondiste contundente y sereno: pero yo s\u00ed.<br>Gracias AFA<\/p>\n\n\n\n<p class=\"has-text-align-center\"><strong>Autora: Paqui Esteban<\/strong><\/p>\n<\/div><\/div><\/div>\n\n\n\n<div class=\"wp-block-kadence-pane kt-accordion-pane kt-accordion-pane-13 kt-pane3067_0caa35-16\"><div class=\"kt-accordion-header-wrap\"><button class=\"kt-blocks-accordion-header kt-acccordion-button-label-show\" type=\"button\"><span class=\"kt-blocks-accordion-title-wrap\"><span class=\"kt-blocks-accordion-title\"><strong>Jos\u00e9 Ignacio Garc\u00eda de la Cruz Gim\u00e9nez &#8211; 29\/06\/23<\/strong><\/span><\/span><span class=\"kt-blocks-accordion-icon-trigger\"><\/span><\/button><\/div><div class=\"kt-accordion-panel kt-accordion-panel-hidden\"><div class=\"kt-accordion-panel-inner\">\n<figure class=\"wp-block-table\"><table><tbody><tr><td class=\"has-text-align-center\" data-align=\"center\">Muchos a\u00fan dir\u00e1n<br>que la memoria se va<br>incluso al verles llorar\u00e1n<br>y sus rugosas manos buscar\u00e1n.<br><br>Memoria que no muere.<br>Es cortina y sombra la que la oscurece<br>y cuando el viento sopla la ventana<br>una leve luz a su memoria es iluminada<br>hasta que pare y vuelva<br>a oscurecerse otra vez.<br><br>La memoria y el recuerdo nunca mueren.<br>Vivos siempre est\u00e1n<br>pero la cortina los oculta y oscurecen<br>y a veces ni el amor<br>es capaz de soplar e iluminar<br>unos pocos segundos o minutos<br>de conciencia y saber estar.<br><br>Si el viejo \u00e1rbol da sombra y cobija al peque\u00f1o,<br>es merecer que recupere sus recuerdos<br>que si por \u00e9l y sus ramas no me arropasen,<br>poco de m\u00ed tendr\u00eda para recordar mi gente.<br><br>Y aun as\u00ed yo ir\u00e9 a verle.<br>Aunque no sepa d\u00f3nde est\u00e1 o quien soy.<br>Aunque verlo me duele.<br>Aunque hasta me diga vete.<br><br>\u00a1Ay si la ciencia hace pronto de las suyas<br>y pronto vuelvan llenos de amor y vida!<br>Que ellos nos dan la sensatez y fortuna<br>y son esenciales en toda vida peque\u00f1a o adulta. Jos\u00e9 Ignacio Garc\u00eda de la Cruz Gim\u00e9nez<\/td><\/tr><\/tbody><\/table><\/figure>\n<\/div><\/div><\/div>\n\n\n\n<div class=\"wp-block-kadence-pane kt-accordion-pane kt-accordion-pane-12 kt-pane3067_6c6ebb-14\"><div class=\"kt-accordion-header-wrap\"><button class=\"kt-blocks-accordion-header kt-acccordion-button-label-show\" type=\"button\"><span class=\"kt-blocks-accordion-title-wrap\"><span class=\"kt-blocks-accordion-title\"><strong>VOLAR &#8211; 15\/06\/2023<\/strong><\/span><\/span><span class=\"kt-blocks-accordion-icon-trigger\"><\/span><\/button><\/div><div class=\"kt-accordion-panel kt-accordion-panel-hidden\"><div class=\"kt-accordion-panel-inner\">\n<p class=\"has-text-align-center\">Deseo volar otra vez,<br>como tantas veces que so\u00f1\u00e9,<br>que acariciaba tus rizos,<br>peinaba tus canas, apretaba tus manos<br>y dibujaba con las m\u00edas tu fr\u00e1gil cara.<\/p>\n\n\n\n<p class=\"has-text-align-center\">Quiero verte en mis sue\u00f1os y realidades,<br>charlar del hoy y acariciar el ma\u00f1ana,<br>aunque tu ese d\u00eda ya no reconozcas mi cara.<\/p>\n\n\n\n<p class=\"has-text-align-center\">Quiero perderme en tus ojos, nadar en tus brazos<br>devorar los minutos, disfrutar de las horas<br>por si no hubiera un ma\u00f1ana,<br>para poder disfrutar de tu mente<br>todav\u00eda l\u00facida y clara.<\/p>\n\n\n\n<p class=\"has-text-align-center\">Disfrutemos de la vida,<br>del tiempo que pas\u00f3 r\u00e1pido<br>pero que qued\u00f3 marcado<br>por intenso y muy amado.<\/p>\n\n\n\n<p class=\"has-text-align-center\">Bailemos aprovechando tu \u00faltima estancia<br>di\u00e1fana y clara, como si fuera el \u00faltimo baile,<br>la \u00faltima pel\u00edcula, el \u00faltimo aplauso<br>y nuestra \u00faltima ventana abierta,<br>por donde perdernos<br>para olvidar esta enfermedad malvada.<\/p>\n\n\n\n<p class=\"has-text-align-center\"><strong>Autora: D. R. \u00a9\ufe0f CARMINE<\/strong><\/p>\n<\/div><\/div><\/div>\n\n\n\n<div class=\"wp-block-kadence-pane kt-accordion-pane kt-accordion-pane-11 kt-pane3067_585c7c-ea\"><div class=\"kt-accordion-header-wrap\"><button class=\"kt-blocks-accordion-header kt-acccordion-button-label-show\" type=\"button\"><span class=\"kt-blocks-accordion-title-wrap\"><span class=\"kt-blocks-accordion-title\"><strong>\u00a1Hablamos de memoria! &#8211; 01\/06\/2023<\/strong><\/span><\/span><span class=\"kt-blocks-accordion-icon-trigger\"><\/span><\/button><\/div><div class=\"kt-accordion-panel kt-accordion-panel-hidden\"><div class=\"kt-accordion-panel-inner\">\n<p class=\"has-text-align-center\">\u00bfCu\u00e1nto es el tiempo real para pensar?<br>Se olvidaron del azul y negro del cielo<br>sin \u00e1nimo para no contestar<br>y el silencio invade todos los anhelos<br>de los mejores y reales sue\u00f1os<br>mirando exhortos al universo.<\/p>\n\n\n\n<p class=\"has-text-align-center\">\u00a1Ay, sin explicaci\u00f3n acuden los infiernos!<br>De una creaci\u00f3n dejada al azar<br>olvidando cualquier tiempo nuevo<br>al no recordar, la lucha envuelta en azahar.<\/p>\n\n\n\n<p class=\"has-text-align-center\">Con trabajo precario y sin hablar<br>de quienes nos parieron, un descanso a medias<br>para un desconocido ocaso<br>y unos ojos, viendo madurar lo cognitivo<br>sin remedio\u2026 posiblemente haya que aparentar.<\/p>\n\n\n\n<p class=\"has-text-align-center\">Vendr\u00e1n tormentas emocionales con el descr\u00e9dito<br>de cuanto aportamos en el pretermito<br>pero a veces me acuerdo del pasado<br>de las voces del orden y ordeno\u2026 no deseado.<\/p>\n\n\n\n<p class=\"has-text-align-center\">Escribo fatigado por la simplicidad del pueblo<br>sin respuestas en las verificaciones de alardes<br>a pensamientos negros, muy negros,<br>que me hacen hacer versos para los no cobardes.<\/p>\n\n\n\n<p class=\"has-text-align-center\"><strong>Autor: Eufrasio Navarro Fern\u00e1ndez<\/strong><\/p>\n<\/div><\/div><\/div>\n\n\n\n<div class=\"wp-block-kadence-pane kt-accordion-pane kt-accordion-pane-10 kt-pane3067_ab1040-c9\"><div class=\"kt-accordion-header-wrap\"><button class=\"kt-blocks-accordion-header kt-acccordion-button-label-show\" type=\"button\"><span class=\"kt-blocks-accordion-title-wrap\"><span class=\"kt-blocks-accordion-title\"><strong>Primavera &#8211; 18\/05\/2023<\/strong><\/span><\/span><span class=\"kt-blocks-accordion-icon-trigger\"><\/span><\/button><\/div><div class=\"kt-accordion-panel kt-accordion-panel-hidden\"><div class=\"kt-accordion-panel-inner\">\n<p class=\"has-text-align-center\">Se sienten los olores<br>Se siente el tacto<br>Se siente los colores<br>En primavera<br>\u00a1Y la luz, el alma bella!<br>De todo tiempo<br>De todo recuerdo<br>En el espacio alto<br>Y de nubes, el sentimiento.<br>La memoria, los pinceles<br>Para rayar el lienzo<br>Del saber en los quehaceres<br>Las manos acariciando<br>Las arrugas del cuerpo<br>Dando forma al pensamiento.<br>Las nubes hacen formas<br>De pel\u00edculas pasadas<br>Donde la actriz es, la propia hada<br>Tan bella invitando a querer<br>La mejor plataforma.<\/p>\n\n\n\n<p class=\"has-text-align-center\">Es primavera para sentir<br>El amor de anta\u00f1o<br>Para el vivir, vivir<br>Cada pelda\u00f1o.<\/p>\n\n\n\n<p class=\"has-text-align-center\"><strong>Autor: Eufrasio Navarro Fern\u00e1ndez<\/strong><\/p>\n<\/div><\/div><\/div>\n\n\n\n<div class=\"wp-block-kadence-pane kt-accordion-pane kt-accordion-pane-9 kt-pane3067_91f129-70\"><div class=\"kt-accordion-header-wrap\"><button class=\"kt-blocks-accordion-header kt-acccordion-button-label-show\" type=\"button\"><span class=\"kt-blocks-accordion-title-wrap\"><span class=\"kt-blocks-accordion-title\"><strong>Romance para las madres &#8211; 04\/05\/2023<\/strong><\/span><\/span><span class=\"kt-blocks-accordion-icon-trigger\"><\/span><\/button><\/div><div class=\"kt-accordion-panel kt-accordion-panel-hidden\"><div class=\"kt-accordion-panel-inner\">\n<p class=\"has-text-align-center\">Apegado a tu cuerpo yo<br>siento el calor de la vida<br>y de la tierra madre<br>tu cari\u00f1o me cautiva.<\/p>\n\n\n\n<p class=\"has-text-align-center\">Mi alimento eran tus pechos<br>cuando me amamantaste<br>madre, madre, mi lecho<br>en la vida me iniciaste.<\/p>\n\n\n\n<p class=\"has-text-align-center\">Soy de ti con tu parir<br>el sentir se hace grande<br>eres \u00fanica en mi vivir<br>t\u00fa, constelaci\u00f3n con los astros.<\/p>\n\n\n\n<p class=\"has-text-align-center\">El tiempo nos alimento<br>tu, con tu cuerpo y gesto<br>yo, prolongaci\u00f3n que cuento<br>en tu haber para existir.<\/p>\n\n\n\n<p class=\"has-text-align-center\">Agarrado a tu alma siento<br>el calor que me calienta<br>con el aire que respiro<br>y es, el mejor aliento.<\/p>\n\n\n\n<p class=\"has-text-align-center\">Que un hijo o una hija tiene<br>para el resto de sus d\u00edas<br>te proclamo en homenaje<br>queri\u00e9ndote, t\u00fa, mi alegr\u00eda.<\/p>\n\n\n\n<p class=\"has-text-align-center\"><strong>Autor: Eufrasio Navarro Fern\u00e1ndez<br><\/strong><\/p>\n<\/div><\/div><\/div>\n\n\n\n<div class=\"wp-block-kadence-pane kt-accordion-pane kt-accordion-pane-6 kt-pane3067_23cb22-6e\"><div class=\"kt-accordion-header-wrap\"><button class=\"kt-blocks-accordion-header kt-acccordion-button-label-show\" type=\"button\"><span class=\"kt-blocks-accordion-title-wrap\"><span class=\"kt-blocks-accordion-title\"><strong><strong>La pel\u00edcula de la vida &#8211; 20\/4\/2023<\/strong><\/strong><\/span><\/span><span class=\"kt-blocks-accordion-icon-trigger\"><\/span><\/button><\/div><div class=\"kt-accordion-panel kt-accordion-panel-hidden\"><div class=\"kt-accordion-panel-inner\">\n<p class=\"has-text-align-center\">Hola, amigos y amigas<br>miren ustedes.<br>Hoy se me ha ocurrido<br>recitarle a la vida.<\/p>\n\n\n\n<p class=\"has-text-align-center\">Desde la complejidad<br>y ef\u00edmera del vivir,<br>me gustar\u00eda compartir con ustedes<br>mi propio sentir de la vida.<\/p>\n\n\n\n<p class=\"has-text-align-center\">La vida es, la alegr\u00eda donde,<br>dif\u00edcilmente nos viene como pensamos<br>y, que las ilusiones dependen<br>de ese tiempo imaginario<br>componiendo estrofas, que deseamos<br>en los mejores escenarios<br>con bellos ropajes y que penden<br>de actuaciones casi m\u00e1gicas<br>escritas en nuestros anuarios.<\/p>\n\n\n\n<p class=\"has-text-align-center\">Con actores y actoras carnales<br>con bulliciosos contratiempos<br>como por ejemplo. El Parkinson<br>que nos llega m\u00e1s all\u00e1 de los reales<br>con coste para el escenario<br>en el marco de cualquier sentimiento.<\/p>\n\n\n\n<p class=\"has-text-align-center\">Ya ven, la vida es,<br>lo contrario de la nada<br>porque el amor es lo todo<br>y la nada un punto de redes,<br>es, la era de la inform\u00e1tica.<\/p>\n\n\n\n<p class=\"has-text-align-center\">Disfruten amigos y amigas<br>disfruten siempre con ganas..,<br>yo les recito sin saber<br>cuando es hoy y cuando ma\u00f1ana<br>me da igual, la escena<br>tiene un final, que quiero compartirla.<br>Salud.<\/p>\n\n\n\n<p class=\"has-text-align-center\"><strong>Autor: Eufrasio Navarro Fern\u00e1ndez<\/strong><\/p>\n<\/div><\/div><\/div>\n\n\n\n<div class=\"wp-block-kadence-pane kt-accordion-pane kt-accordion-pane-8 kt-pane3067_df433b-6a\"><div class=\"kt-accordion-header-wrap\"><button class=\"kt-blocks-accordion-header kt-acccordion-button-label-show\" type=\"button\"><span class=\"kt-blocks-accordion-title-wrap\"><span class=\"kt-blocks-accordion-title\"><strong>Madre, flor del tiempo &#8211; 23\/03\/23<\/strong><\/span><\/span><span class=\"kt-blocks-accordion-icon-trigger\"><\/span><\/button><\/div><div class=\"kt-accordion-panel kt-accordion-panel-hidden\"><div class=\"kt-accordion-panel-inner\">\n<p class=\"has-text-align-center\">T\u00fa, mujer, madre,<br>me acaricias y me besas<br>madre, madre<br>de todas las maneras.<\/p>\n\n\n\n<p class=\"has-text-align-center\">Madre, creadora de m\u00ed<br>haci\u00e9ndome sentir<br>tu sangre, tu cuerpo<br>tan desnudo a\u00fan<br>con el vivir para lo que quiera.<\/p>\n\n\n\n<p class=\"has-text-align-center\">\u00a1Y cuando me besas!<br>Siento tu perfume en el aire<br>con la caricia abierta<br>como,<br>las flores en la naturaleza.<\/p>\n\n\n\n<p class=\"has-text-align-center\">Y yo, me siento gladiador<br>para la historia<br>para tu historia madre<br>quiero ser tu esplendor.<\/p>\n\n\n\n<p class=\"has-text-align-center\">Por eso ahora madre<br>te pido, que aguardes<br>d\u00e9jame mirarte un poquito m\u00e1s,<br>madre, madre.<\/p>\n\n\n\n<p class=\"has-text-align-center\">Deja, que el azul del cielo<br>se convierta m\u00e1s blanco<br>iluminando mi alma<br>y aprenda a decirte mejor<br>\u201cte quiero\u201d.<\/p>\n\n\n\n<p class=\"has-text-align-center\">Siempre te ver\u00e9 en todo lugar<br>para mi eterna<br>en el campo y en la mar,<br>la m\u00e1s bonita flor del tiempo.<\/p>\n\n\n\n<p class=\"has-text-align-center\"><strong>23\/03\/2023<br>Autor: Eufrasio Navarro Fern\u00e1ndez<\/strong><\/p>\n<\/div><\/div><\/div>\n\n\n\n<div class=\"wp-block-kadence-pane kt-accordion-pane kt-accordion-pane-4 kt-pane3067_474b72-ea\"><div class=\"kt-accordion-header-wrap\"><button class=\"kt-blocks-accordion-header kt-acccordion-button-label-show\" type=\"button\"><span class=\"kt-blocks-accordion-title-wrap\"><span class=\"kt-blocks-accordion-title\"><strong>El vuelo de los humanos<\/strong> <strong>&#8211; 09\/03\/2023<\/strong><\/span><\/span><span class=\"kt-blocks-accordion-icon-trigger\"><\/span><\/button><\/div><div class=\"kt-accordion-panel kt-accordion-panel-hidden\"><div class=\"kt-accordion-panel-inner\">\n<p class=\"has-text-align-center\">Sobre el suelo de los hombres<br>hay, un cielo azul<br>y sobre sus cabezas lumbres<br>iluminando pensamientos<br>con el m\u00e1s a\u00f1il de luz<br>invocando sentimientos<br>con derramados lienzos.<\/p>\n\n\n\n<p class=\"has-text-align-center\">El aire suena rotundo<br>cuando surca con palabras<br>los atardeceres profundos,<br>rojizos lleno de hadas.<\/p>\n\n\n\n<p class=\"has-text-align-center\">Perseguido, regresa<br>al campo de las flores<br>en la comedia de la vida<br>donde ya, es distinto y aprieta<br>exprimiendo todo destino<br>con un silencio que embelesa<br>a todo ed\u00e9n y sus sabores<br>con vivencias d\u00eda tras d\u00eda<br>el amigo su testigo.<\/p>\n\n\n\n<p class=\"has-text-align-center\">Con el aire sin barreras<br>y a veces, sacando impulso<br>con la gloria de las fieras<br>ganando todo pulso<br>por ser humano en la tierra<br>espejos de la creaci\u00f3n<br>siempre, en cualquier historia.<\/p>\n\n\n\n<p class=\"has-text-align-center\"><strong>Autor: Eufrasio Navarro Fern\u00e1ndez<\/strong><\/p>\n<\/div><\/div><\/div>\n\n\n\n<div class=\"wp-block-kadence-pane kt-accordion-pane kt-accordion-pane-5 kt-pane3067_a4e45c-b9\"><div class=\"kt-accordion-header-wrap\"><button class=\"kt-blocks-accordion-header kt-acccordion-button-label-show\" type=\"button\"><span class=\"kt-blocks-accordion-title-wrap\"><span class=\"kt-blocks-accordion-title\"><strong>Luz con esperanza &#8211; 23\/02\/2023<\/strong><\/span><\/span><span class=\"kt-blocks-accordion-icon-trigger\"><\/span><\/button><\/div><div class=\"kt-accordion-panel kt-accordion-panel-hidden\"><div class=\"kt-accordion-panel-inner\">\n<p class=\"has-text-align-center\">\u00a1Si el principio de todo trabajo debe ser colectivo! El proyecto tendr\u00e1 que ser colaborando, unos con otros y tocar\u00e1 el \u00e9xito sintiendo, la felicidad como el mejor bien com\u00fan para todos.<br>M\u00e1s cuando se trata de organizaciones sin animo de lucro como son; nuestra. Asociaci\u00f3n De Familiares Con Alzheimer De And\u00fajar y, la Asociaci\u00f3n de Parkinson de And\u00fajar. Con un personal, que parece estar dise\u00f1ado en el cosmos por su armon\u00eda y capacidad de trabajo, para la atenci\u00f3n con luz propia, a nuestros usuarios.<br>El tal concepto, lo basamos en el mejor gozo de cada d\u00eda y como decimos en nuestro libro \u00abContra el Alzheimer, el amor y mis versos\u00bb.<br>Para ello, todo el equipo de AFA-And\u00fajar, junto con Parkinson-And\u00fajar, mantenemos el mejor eslogan: \u00abNo te rindas\u00bb con la mejor comunicaci\u00f3n ejercida y la sonrisa sin condiciones previas, solo el amor es, nuestra bandera.<\/p>\n\n\n\n<p class=\"has-text-align-center\">Y as\u00ed llegamos, con responsabilidad,<br>que en la actualidad plasmamos<br>en folio blanco, nuestra identidad<br>como en los mejores cuentos<br>y que usamos<br>para la eternidad:<\/p>\n\n\n\n<p class=\"has-text-align-center\">Antonio Porras. Que cabalga en el cr\u00e9dito de la vida<br>el es, alma de esperanzas nuevas<br>con su capacidad de lo in\u00e9dito.<\/p>\n\n\n\n<p class=\"has-text-align-center\">Raquel Garc\u00eda. honorable gestora<br>con el buen hacer y las buenas llevaderas.<\/p>\n\n\n\n<p class=\"has-text-align-center\">Paqui Olmos. La eterna, la cumplidora,<br>la pionera, con su coraz\u00f3n sencillo y grande.<\/p>\n\n\n\n<p class=\"has-text-align-center\">Dolores Navas. Para la reconquista tan amable.<br>gestores de, AFA- And\u00fajar, venerables.<\/p>\n\n\n\n<p class=\"has-text-align-center\">Que junto a Parkinson, And\u00fajar<br>somos, dos gotas de lluvia, muy iguales<br>en un mismo espacio, gestionado por:<\/p>\n\n\n\n<p class=\"has-text-align-center\">Jes\u00fas And\u00fajar. divulgador de ideas<br>con la acci\u00f3n de la justicia. insuperable<\/p>\n\n\n\n<p class=\"has-text-align-center\">Rub\u00e9n Herrador, presidente y transmisor<br>de dos cabos,<br>que combina su acci\u00f3n tan visible.<\/p>\n\n\n\n<p class=\"has-text-align-center\">Antonio Porras. Eslab\u00f3n imprescindible<br>siempre con su alma presente y dispuesta<br>en los dos espacios.<\/p>\n\n\n\n<p class=\"has-text-align-center\">Ana Garz\u00f3n. Sigilosa mujer con su compromiso abierto<br>de par en par, navegadora indiscutible.<\/p>\n\n\n\n<p class=\"has-text-align-center\">Aurora Molina. Incansable y sugerida<br>para el devenir de las propuestas<br>en esas dos gotas de lluvia, tan querida.<\/p>\n\n\n\n<p class=\"has-text-align-center\">Dos asociaciones, dos cielos, con dibujos<br>de nubes blancas y sin tapujos.<br>Maravilla de personal, compa\u00f1eros\/as<br>con vuestras actuaciones exquisitas<br>en esta nave sideral, fruto de nuestra historia.<\/p>\n\n\n\n<p class=\"has-text-align-center\">Coordinaci\u00f3n perfecta.<\/p>\n\n\n\n<p class=\"has-text-align-center\">\u00c1ngel Aguilar. creador de pautas,<br>incombustible alentador de redes,<br>en su mejor saber, el cibernauta.<\/p>\n\n\n\n<p class=\"has-text-align-center\">Eli Garrote. Coordinadora de sue\u00f1os<br>en este mundo de olvidos, con su bondad nacida<br>de su bella sonrisa y sus empe\u00f1os.<\/p>\n\n\n\n<p class=\"has-text-align-center\">Mari-Carmen Guti\u00e9rrez. Plasmadora de an\u00e1lisis,<br>evaporadora de sufrimientos tan activa<br>y su dulce mirada, que nos deja en \u00e9xtasis.<\/p>\n\n\n\n<p class=\"has-text-align-center\">Natalia Toribio. Perseverante y tranquila<br>para el disfrute de cualquier usuario\/a<br>donde su voz es, un amanecer, que palpita.<\/p>\n\n\n\n<p class=\"has-text-align-center\">Yolanda Soriano. Juventud, se intensifica<br>con su hacer y que la quieren..,<br>quienes en el tiempo ya, olvidan.<\/p>\n\n\n\n<p class=\"has-text-align-center\">Tomas de Jes\u00fas. Din\u00e1mico, inteligente pensador<br>con los sue\u00f1os en alza de gran valor.<br>que con sus palabras, va tejiendo vida.<\/p>\n\n\n\n<p class=\"has-text-align-center\">Mayka Medina. Suave como la miel de abeja<br>hace, de su profesi\u00f3n ramilletes de gozos<br>para, regalarlos a nuestros\/as usuarios\/as.<\/p>\n\n\n\n<p class=\"has-text-align-center\">Es bonito aprender, es bonito ejercer<br>cuando, la ilusi\u00f3n es a\u00fan, utop\u00eda<br>con el poder y el creer conseguirla.<br>Y en esta tesitura est\u00e1 nuestra benjamina.<\/p>\n\n\n\n<p class=\"has-text-align-center\">Pilar Fern\u00e1ndez. Receptora de bienes<br>de animo infinito, la cual provoca<br>en todos y todas cuando llegan,<br>la imitaci\u00f3n de su bonita sonrisa.<\/p>\n\n\n\n<p class=\"has-text-align-center\">Y un servidor de ustedes<br>en continuo mirar a las constelaciones<br>para despertar, sensaciones.<\/p>\n\n\n\n<p class=\"has-text-align-center\">Mi amistad, con todos y todas<br>(Va por ustedes)<\/p>\n\n\n\n<p class=\"has-text-align-center\">(Mi poema)<\/p>\n\n\n\n<p class=\"has-text-align-center\">La vida se hace serena<br>relucen los compromisos<br>como las olas en la arena.<\/p>\n\n\n\n<p class=\"has-text-align-center\">De un mar de sensaciones<br>y mirar con ojos limpios<br>a ustedes, queridos compa\u00f1eros,<br>queridas compa\u00f1eras<br>por tan buenas acciones.<\/p>\n\n\n\n<p class=\"has-text-align-center\">\u00a1Si oyen alg\u00fan silbido!<br>Piensen, que en mi,<br>mis palabras<br>estar\u00e1n siempre llenas<br>de amor y amistad<br>y de lo que ustedes quieran.<\/p>\n\n\n\n<p class=\"has-text-align-center\">SIEMPRE, MI SINCERO HOMENAJE<\/p>\n\n\n\n<p class=\"has-text-align-center\"><strong>Autor: Eufrasio Navarro Fern\u00e1ndez<\/strong><\/p>\n<\/div><\/div><\/div>\n\n\n\n<div class=\"wp-block-kadence-pane kt-accordion-pane kt-accordion-pane-1 kt-pane3067_1ec7cc-ab\"><div class=\"kt-accordion-header-wrap\"><button class=\"kt-blocks-accordion-header kt-acccordion-button-label-show\" type=\"button\"><span class=\"kt-blocks-accordion-title-wrap\"><span class=\"kt-blocks-accordion-title\"><strong>Desde Afa And\u00fajar, a Radio And\u00fajar FM 92.9<\/strong> &#8211; <strong>09\/02\/2023<\/strong><\/span><\/span><span class=\"kt-blocks-accordion-icon-trigger\"><\/span><\/button><\/div><div class=\"kt-accordion-panel kt-accordion-panel-hidden\"><div class=\"kt-accordion-panel-inner\">\n<p class=\"has-text-align-center\">Un privilegio compartir ondas con ustedes,<br>casi viente a\u00f1os, con el Caf\u00e9 del Alzheimer<br>desde la magia del sentimiento y la palabra<br>en Radio And\u00fajar FM 92.9 la que abarca,<br>la que informa, en todo espacio, la que entretiene<br>hace ya, cuarenta a\u00f1os, en esta comarca.<\/p>\n\n\n\n<p class=\"has-text-align-center\">Ilusionada, ilusionado, pareja de sue\u00f1os<br>Paqui Esteban y Juan Parra, la radio vuestra marca<br>de compromiso con los oyentes<br>y un equipo de profesionales, por el sendero<br>de la verdad contrastada y radiada.<\/p>\n\n\n\n<p class=\"has-text-align-center\">Yo, quien le versa en cada programa<br>le agradezco su confianza, con ilusi\u00f3n y esperanza<br>desde esta asociaci\u00f3n de Familiares con Alzheimer,<br>que con vosotros damos luz cada d\u00eda, lo que acontece<br>y en cada concierto de esa palabra en abierto<br>siempre dir\u00e9, que la radio es poes\u00eda con todo acierto.<\/p>\n\n\n\n<p class=\"has-text-align-center\">Claveles rojos para ustedes en homenaje<br>por vuestra sinceridad y sonrisas es, el linaje<br>de esta radio de todos y todas. Radio And\u00fajar FM 92.9<br>un lujo poder llamaros, compa\u00f1eros\/as<br>desde \u201cEl Caf\u00e9 del Alzheimer\u201d. Va por ustedes.<br>Seguimos informando.<\/p>\n\n\n\n<p class=\"has-text-align-center\"><strong>Autor: Eufrasio Navarro Fern\u00e1ndez<\/strong><\/p>\n<\/div><\/div><\/div>\n\n\n\n<div class=\"wp-block-kadence-pane kt-accordion-pane kt-accordion-pane-2 kt-pane3067_7936a2-2b\"><div class=\"kt-accordion-header-wrap\"><button class=\"kt-blocks-accordion-header kt-acccordion-button-label-show\" type=\"button\"><span class=\"kt-blocks-accordion-title-wrap\"><span class=\"kt-blocks-accordion-title\"><strong>In memorian a Jos\u00e9 Miguel Lara Collado<\/strong> &#8211; <strong>26\/01\/2023<\/strong><\/span><\/span><span class=\"kt-blocks-accordion-icon-trigger\"><\/span><\/button><\/div><div class=\"kt-accordion-panel kt-accordion-panel-hidden\"><div class=\"kt-accordion-panel-inner\">\n<p class=\"has-text-align-center\">Amigo del alma entre ondas<br>te ha llegado la muerte,<br>que pasea por las aceras<br>con un luto en cortejo<br>sin a\u00f1adir ilusiones remotas<br>solo, el resplandor de la tormenta<br>de una estaci\u00f3n nueva.<\/p>\n\n\n\n<p class=\"has-text-align-center\">Tu vida suave como la cera<br>con tu esposa en sabores de menta<br>tenaz amor: Esperanza Chica Calzado<br>creadores de vidas, que alimentan<br>tu prole, querido amigo, tus hijos.<\/p>\n\n\n\n<p class=\"has-text-align-center\">Tu ni\u00f1a, Cristina Lara Chica<br>tu ni\u00f1o, Mart\u00edn Lara Chica<br>de la vida vuestro mejor manto<br>y las ilusiones del mejor alzado.<\/p>\n\n\n\n<p class=\"has-text-align-center\">Ahora, tu silencio es ondulado<br>y corteja los mejores valles<br>con las fuentes que se inclinan<br>dando de beber a tu suelo labrado<br>y, desde donde te halles<br>tu balc\u00f3n estar\u00e1 siempre abierto<br>para seguir oyendo el trinar<br>de tu querido pueblo<br>con el sabor de frutas frescas<br>y el olor del azahar para ser perfecto.<\/p>\n\n\n\n<p class=\"has-text-align-center\">Desde la casa de la radio, Afa And\u00fajar<br>y desde nuestro programa<br>del \u201cCaf\u00e9 del Alzheimer\u201d<br>Te decimos. Hasta siempre querido amigo.<\/p>\n\n\n\n<p class=\"has-text-align-center\"><strong>Autor: Eufrasio Navarro Fern\u00e1ndez<\/strong><\/p>\n<\/div><\/div><\/div>\n\n\n\n<div class=\"wp-block-kadence-pane kt-accordion-pane kt-accordion-pane-3 kt-pane3067_bc3c84-d3\"><div class=\"kt-accordion-header-wrap\"><button class=\"kt-blocks-accordion-header kt-acccordion-button-label-show\" type=\"button\"><span class=\"kt-blocks-accordion-title-wrap\"><span class=\"kt-blocks-accordion-title\"><strong>Sentir o no sentir<\/strong> &#8211; <strong>12\/01\/2023<\/strong><\/span><\/span><span class=\"kt-blocks-accordion-icon-trigger\"><\/span><\/button><\/div><div class=\"kt-accordion-panel kt-accordion-panel-hidden\"><div class=\"kt-accordion-panel-inner\">\n<p class=\"has-text-align-center\">Pendiente de ti, te observo<br>tus gestos, entre tu mirada<br>todav\u00eda tu bello cuerpo<br>tan esbelta y animada.<\/p>\n\n\n\n<p class=\"has-text-align-center\">Te veo como el descanso al deseo<br>y brilla el aire impregnado<br>de recuerdos en este paseo<br>sin conformarme de este atado.<\/p>\n\n\n\n<p class=\"has-text-align-center\">Te abrazo y no me conformo<br>\u00a1O si me conformo! No s\u00e9<br>si veo flores en este entorno<br>con lago blanco, tal vez.<\/p>\n\n\n\n<p class=\"has-text-align-center\">El tiempo sugiera una paz negra<br>para un retorno, que no llega<br>y mi alma te escribe conformando<br>los sue\u00f1os blancos cantando.<\/p>\n\n\n\n<p class=\"has-text-align-center\">Melod\u00edas de siempre en nuestro regazo<br>con amores vivos y muy sentidos<br>te todo lo vivido, si de todo lo vivido<br>para un sentir, que me tiene atado.<\/p>\n\n\n\n<p class=\"has-text-align-center\"><strong>Autor: Eufrasio Navarro Fern\u00e1ndez<\/strong><\/p>\n<\/div><\/div><\/div>\n<\/div><\/div><\/div>\n<\/div><\/div>\n\n\n\n<div class=\"wp-block-kadence-tab kt-tab-inner-content kt-inner-tab-4 kt-inner-tabe5526e-2b\"><div class=\"kt-tab-inner-content-inner\"><style>.kb-row-layout-id3067_a30980-97 > .kt-row-column-wrap{align-content:start;}:where(.kb-row-layout-id3067_a30980-97 > .kt-row-column-wrap) > .wp-block-kadence-column{justify-content:start;}.kb-row-layout-id3067_a30980-97 > .kt-row-column-wrap{column-gap:var(--global-kb-gap-md, 2rem);row-gap:var(--global-kb-gap-md, 2rem);padding-top:0px;padding-bottom:25px;grid-template-columns:minmax(0, 1fr);}.kb-row-layout-id3067_a30980-97 > .kt-row-layout-overlay{opacity:0.30;}@media all and (max-width: 1024px){.kb-row-layout-id3067_a30980-97 > .kt-row-column-wrap{grid-template-columns:minmax(0, 1fr);}}@media all and (max-width: 767px){.kb-row-layout-id3067_a30980-97 > .kt-row-column-wrap{grid-template-columns:minmax(0, 1fr);}}<\/style><div class=\"kb-row-layout-wrap kb-row-layout-id3067_a30980-97 alignnone wp-block-kadence-rowlayout\"><div class=\"kt-row-column-wrap kt-has-1-columns kt-row-layout-equal kt-tab-layout-inherit kt-mobile-layout-row kt-row-valign-top\">\n<style>.kadence-column3067_867d65-1b > .kt-inside-inner-col,.kadence-column3067_867d65-1b > .kt-inside-inner-col:before{border-top-left-radius:0px;border-top-right-radius:0px;border-bottom-right-radius:0px;border-bottom-left-radius:0px;}.kadence-column3067_867d65-1b > .kt-inside-inner-col{column-gap:var(--global-kb-gap-sm, 1rem);}.kadence-column3067_867d65-1b > .kt-inside-inner-col{flex-direction:column;}.kadence-column3067_867d65-1b > .kt-inside-inner-col > .aligncenter{width:100%;}.kadence-column3067_867d65-1b > .kt-inside-inner-col:before{opacity:0.3;}.kadence-column3067_867d65-1b{position:relative;}@media all and (max-width: 1024px){.kadence-column3067_867d65-1b > .kt-inside-inner-col{flex-direction:column;justify-content:center;}}@media all and (max-width: 767px){.kadence-column3067_867d65-1b > .kt-inside-inner-col{flex-direction:column;justify-content:center;}}<\/style>\n<div class=\"wp-block-kadence-column kadence-column3067_867d65-1b inner-column-1\"><div class=\"kt-inside-inner-col\"><style>.kb-row-layout-id3067_46a61e-eb > .kt-row-column-wrap{align-content:start;}:where(.kb-row-layout-id3067_46a61e-eb > .kt-row-column-wrap) > .wp-block-kadence-column{justify-content:start;}.kb-row-layout-id3067_46a61e-eb > .kt-row-column-wrap{column-gap:var(--global-kb-gap-md, 2rem);row-gap:var(--global-kb-gap-md, 2rem);padding-top:var(--global-kb-spacing-sm, 1.5rem);padding-bottom:var(--global-kb-spacing-sm, 1.5rem);grid-template-columns:minmax(0, 1fr);}.kb-row-layout-id3067_46a61e-eb > .kt-row-layout-overlay{opacity:0.30;}@media all and (max-width: 1024px){.kb-row-layout-id3067_46a61e-eb > .kt-row-column-wrap{grid-template-columns:minmax(0, 1fr);}}@media all and (max-width: 767px){.kb-row-layout-id3067_46a61e-eb > .kt-row-column-wrap{grid-template-columns:minmax(0, 1fr);}}<\/style><div class=\"kb-row-layout-wrap kb-row-layout-id3067_46a61e-eb alignnone wp-block-kadence-rowlayout\"><div class=\"kt-row-column-wrap kt-has-1-columns kt-row-layout-equal kt-tab-layout-inherit kt-mobile-layout-row kt-row-valign-top\">\n<style>.kadence-column3067_dcc51d-b0 > .kt-inside-inner-col,.kadence-column3067_dcc51d-b0 > .kt-inside-inner-col:before{border-top-left-radius:0px;border-top-right-radius:0px;border-bottom-right-radius:0px;border-bottom-left-radius:0px;}.kadence-column3067_dcc51d-b0 > .kt-inside-inner-col{column-gap:var(--global-kb-gap-sm, 1rem);}.kadence-column3067_dcc51d-b0 > .kt-inside-inner-col{flex-direction:column;}.kadence-column3067_dcc51d-b0 > .kt-inside-inner-col > .aligncenter{width:100%;}.kadence-column3067_dcc51d-b0 > .kt-inside-inner-col:before{opacity:0.3;}.kadence-column3067_dcc51d-b0{position:relative;}@media all and (max-width: 1024px){.kadence-column3067_dcc51d-b0 > .kt-inside-inner-col{flex-direction:column;justify-content:center;}}@media all and (max-width: 767px){.kadence-column3067_dcc51d-b0 > .kt-inside-inner-col{flex-direction:column;justify-content:center;}}<\/style>\n<div class=\"wp-block-kadence-column kadence-column3067_dcc51d-b0 inner-column-1\"><div class=\"kt-inside-inner-col\"><style>.kt-accordion-id3067_cc3111-3e .kt-accordion-inner-wrap{column-gap:var(--global-kb-gap-md, 2rem);row-gap:10px;}.kt-accordion-id3067_cc3111-3e .kt-accordion-panel-inner{border-top:0px solid transparent;border-right:0px solid transparent;border-bottom:0px solid transparent;border-left:0px solid transparent;background:#ffffff;padding-top:var(--global-kb-spacing-sm, 1.5rem);padding-right:var(--global-kb-spacing-sm, 1.5rem);padding-bottom:var(--global-kb-spacing-sm, 1.5rem);padding-left:var(--global-kb-spacing-sm, 1.5rem);}.kt-accordion-id3067_cc3111-3e > .kt-accordion-inner-wrap > .wp-block-kadence-pane > .kt-accordion-header-wrap > .kt-blocks-accordion-header{border-top-color:#555555;border-top-style:solid;border-right-color:#555555;border-right-style:solid;border-bottom-color:#555555;border-bottom-style:solid;border-left-color:#555555;border-left-style:solid;border-top-left-radius:6px;border-top-right-radius:6px;border-bottom-right-radius:6px;border-bottom-left-radius:6px;background:#f2f2f2;font-size:18px;line-height:24px;color:#555555;padding-top:14px;padding-right:16px;padding-bottom:14px;padding-left:16px;}.kt-accordion-id3067_cc3111-3e:not( .kt-accodion-icon-style-basiccircle ):not( .kt-accodion-icon-style-xclosecircle ):not( .kt-accodion-icon-style-arrowcircle )  > .kt-accordion-inner-wrap > .wp-block-kadence-pane > .kt-accordion-header-wrap .kt-blocks-accordion-icon-trigger:after, .kt-accordion-id3067_cc3111-3e:not( .kt-accodion-icon-style-basiccircle ):not( .kt-accodion-icon-style-xclosecircle ):not( .kt-accodion-icon-style-arrowcircle )  > .kt-accordion-inner-wrap > .wp-block-kadence-pane > .kt-accordion-header-wrap .kt-blocks-accordion-icon-trigger:before{background:#555555;}.kt-accordion-id3067_cc3111-3e:not( .kt-accodion-icon-style-basic ):not( .kt-accodion-icon-style-xclose ):not( .kt-accodion-icon-style-arrow ) .kt-blocks-accordion-icon-trigger{background:#555555;}.kt-accordion-id3067_cc3111-3e:not( .kt-accodion-icon-style-basic ):not( .kt-accodion-icon-style-xclose ):not( .kt-accodion-icon-style-arrow ) .kt-blocks-accordion-icon-trigger:after, .kt-accordion-id3067_cc3111-3e:not( .kt-accodion-icon-style-basic ):not( .kt-accodion-icon-style-xclose ):not( .kt-accodion-icon-style-arrow ) .kt-blocks-accordion-icon-trigger:before{background:#f2f2f2;}.kt-accordion-id3067_cc3111-3e > .kt-accordion-inner-wrap > .wp-block-kadence-pane > .kt-accordion-header-wrap > .kt-blocks-accordion-header:hover, \n\t\t\t\tbody:not(.hide-focus-outline) .kt-accordion-id3067_cc3111-3e .kt-blocks-accordion-header:focus-visible{color:#444444;background:#eeeeee;border-top-color:#eeeeee;border-top-style:solid;border-right-color:#eeeeee;border-right-style:solid;border-bottom-color:#eeeeee;border-bottom-style:solid;border-left-color:#eeeeee;border-left-style:solid;}.kt-accordion-id3067_cc3111-3e:not( .kt-accodion-icon-style-basiccircle ):not( .kt-accodion-icon-style-xclosecircle ):not( .kt-accodion-icon-style-arrowcircle ) .kt-accordion-header-wrap .kt-blocks-accordion-header:hover .kt-blocks-accordion-icon-trigger:after, .kt-accordion-id3067_cc3111-3e:not( .kt-accodion-icon-style-basiccircle ):not( .kt-accodion-icon-style-xclosecircle ):not( .kt-accodion-icon-style-arrowcircle ) .kt-accordion-header-wrap .kt-blocks-accordion-header:hover .kt-blocks-accordion-icon-trigger:before, body:not(.hide-focus-outline) .kt-accordion-id3067_cc3111-3e:not( .kt-accodion-icon-style-basiccircle ):not( .kt-accodion-icon-style-xclosecircle ):not( .kt-accodion-icon-style-arrowcircle ) .kt-blocks-accordion--visible .kt-blocks-accordion-icon-trigger:after, body:not(.hide-focus-outline) .kt-accordion-id3067_cc3111-3e:not( .kt-accodion-icon-style-basiccircle ):not( .kt-accodion-icon-style-xclosecircle ):not( .kt-accodion-icon-style-arrowcircle ) .kt-blocks-accordion-header:focus-visible .kt-blocks-accordion-icon-trigger:before{background:#444444;}.kt-accordion-id3067_cc3111-3e:not( .kt-accodion-icon-style-basic ):not( .kt-accodion-icon-style-xclose ):not( .kt-accodion-icon-style-arrow ) .kt-accordion-header-wrap .kt-blocks-accordion-header:hover .kt-blocks-accordion-icon-trigger, body:not(.hide-focus-outline) .kt-accordion-id3067_cc3111-3e:not( .kt-accodion-icon-style-basic ):not( .kt-accodion-icon-style-xclose ):not( .kt-accodion-icon-style-arrow ) .kt-accordion-header-wrap .kt-blocks-accordion-header:focus-visible .kt-blocks-accordion-icon-trigger{background:#444444;}.kt-accordion-id3067_cc3111-3e:not( .kt-accodion-icon-style-basic ):not( .kt-accodion-icon-style-xclose ):not( .kt-accodion-icon-style-arrow ) .kt-accordion-header-wrap .kt-blocks-accordion-header:hover .kt-blocks-accordion-icon-trigger:after, .kt-accordion-id3067_cc3111-3e:not( .kt-accodion-icon-style-basic ):not( .kt-accodion-icon-style-xclose ):not( .kt-accodion-icon-style-arrow ) .kt-accordion-header-wrap .kt-blocks-accordion-header:hover .kt-blocks-accordion-icon-trigger:before, body:not(.hide-focus-outline) .kt-accordion-id3067_cc3111-3e:not( .kt-accodion-icon-style-basic ):not( .kt-accodion-icon-style-xclose ):not( .kt-accodion-icon-style-arrow ) .kt-accordion-header-wrap .kt-blocks-accordion-header:focus-visible .kt-blocks-accordion-icon-trigger:after, body:not(.hide-focus-outline) .kt-accordion-id3067_cc3111-3e:not( .kt-accodion-icon-style-basic ):not( .kt-accodion-icon-style-xclose ):not( .kt-accodion-icon-style-arrow ) .kt-accordion-header-wrap .kt-blocks-accordion-header:focus-visible .kt-blocks-accordion-icon-trigger:before{background:#eeeeee;}.kt-accordion-id3067_cc3111-3e .kt-accordion-header-wrap .kt-blocks-accordion-header:focus-visible,\n\t\t\t\t.kt-accordion-id3067_cc3111-3e > .kt-accordion-inner-wrap > .wp-block-kadence-pane > .kt-accordion-header-wrap > .kt-blocks-accordion-header.kt-accordion-panel-active{color:#ffffff;background:#f3690e;border-top-color:#f3690e;border-top-style:solid;border-right-color:#f3690e;border-right-style:solid;border-bottom-color:#f3690e;border-bottom-style:solid;border-left-color:#f3690e;border-left-style:solid;}.kt-accordion-id3067_cc3111-3e:not( .kt-accodion-icon-style-basiccircle ):not( .kt-accodion-icon-style-xclosecircle ):not( .kt-accodion-icon-style-arrowcircle )  > .kt-accordion-inner-wrap > .wp-block-kadence-pane > .kt-accordion-header-wrap > .kt-blocks-accordion-header.kt-accordion-panel-active .kt-blocks-accordion-icon-trigger:after, .kt-accordion-id3067_cc3111-3e:not( .kt-accodion-icon-style-basiccircle ):not( .kt-accodion-icon-style-xclosecircle ):not( .kt-accodion-icon-style-arrowcircle )  > .kt-accordion-inner-wrap > .wp-block-kadence-pane > .kt-accordion-header-wrap > .kt-blocks-accordion-header.kt-accordion-panel-active .kt-blocks-accordion-icon-trigger:before{background:#ffffff;}.kt-accordion-id3067_cc3111-3e:not( .kt-accodion-icon-style-basic ):not( .kt-accodion-icon-style-xclose ):not( .kt-accodion-icon-style-arrow ) .kt-blocks-accordion-header.kt-accordion-panel-active .kt-blocks-accordion-icon-trigger{background:#ffffff;}.kt-accordion-id3067_cc3111-3e:not( .kt-accodion-icon-style-basic ):not( .kt-accodion-icon-style-xclose ):not( .kt-accodion-icon-style-arrow ) .kt-blocks-accordion-header.kt-accordion-panel-active .kt-blocks-accordion-icon-trigger:after, .kt-accordion-id3067_cc3111-3e:not( .kt-accodion-icon-style-basic ):not( .kt-accodion-icon-style-xclose ):not( .kt-accodion-icon-style-arrow ) .kt-blocks-accordion-header.kt-accordion-panel-active .kt-blocks-accordion-icon-trigger:before{background:#f3690e;}@media all and (max-width: 1024px){.kt-accordion-id3067_cc3111-3e .kt-accordion-panel-inner{border-top:0px solid transparent;border-right:0px solid transparent;border-bottom:0px solid transparent;border-left:0px solid transparent;}}@media all and (max-width: 1024px){.kt-accordion-id3067_cc3111-3e > .kt-accordion-inner-wrap > .wp-block-kadence-pane > .kt-accordion-header-wrap > .kt-blocks-accordion-header{border-top-color:#555555;border-top-style:solid;border-right-color:#555555;border-right-style:solid;border-bottom-color:#555555;border-bottom-style:solid;border-left-color:#555555;border-left-style:solid;}}@media all and (max-width: 1024px){.kt-accordion-id3067_cc3111-3e > .kt-accordion-inner-wrap > .wp-block-kadence-pane > .kt-accordion-header-wrap > .kt-blocks-accordion-header:hover, \n\t\t\t\tbody:not(.hide-focus-outline) .kt-accordion-id3067_cc3111-3e .kt-blocks-accordion-header:focus-visible{border-top-color:#eeeeee;border-top-style:solid;border-right-color:#eeeeee;border-right-style:solid;border-bottom-color:#eeeeee;border-bottom-style:solid;border-left-color:#eeeeee;border-left-style:solid;}}@media all and (max-width: 1024px){.kt-accordion-id3067_cc3111-3e .kt-accordion-header-wrap .kt-blocks-accordion-header:focus-visible,\n\t\t\t\t.kt-accordion-id3067_cc3111-3e > .kt-accordion-inner-wrap > .wp-block-kadence-pane > .kt-accordion-header-wrap > .kt-blocks-accordion-header.kt-accordion-panel-active{border-top-color:#f3690e;border-top-style:solid;border-right-color:#f3690e;border-right-style:solid;border-bottom-color:#f3690e;border-bottom-style:solid;border-left-color:#f3690e;border-left-style:solid;}}@media all and (max-width: 767px){.kt-accordion-id3067_cc3111-3e .kt-accordion-inner-wrap{display:block;}.kt-accordion-id3067_cc3111-3e .kt-accordion-inner-wrap .kt-accordion-pane:not(:first-child){margin-top:10px;}.kt-accordion-id3067_cc3111-3e .kt-accordion-panel-inner{border-top:0px solid transparent;border-right:0px solid transparent;border-bottom:0px solid transparent;border-left:0px solid transparent;}.kt-accordion-id3067_cc3111-3e > .kt-accordion-inner-wrap > .wp-block-kadence-pane > .kt-accordion-header-wrap > .kt-blocks-accordion-header{border-top-color:#555555;border-top-style:solid;border-right-color:#555555;border-right-style:solid;border-bottom-color:#555555;border-bottom-style:solid;border-left-color:#555555;border-left-style:solid;}.kt-accordion-id3067_cc3111-3e > .kt-accordion-inner-wrap > .wp-block-kadence-pane > .kt-accordion-header-wrap > .kt-blocks-accordion-header:hover, \n\t\t\t\tbody:not(.hide-focus-outline) .kt-accordion-id3067_cc3111-3e .kt-blocks-accordion-header:focus-visible{border-top-color:#eeeeee;border-top-style:solid;border-right-color:#eeeeee;border-right-style:solid;border-bottom-color:#eeeeee;border-bottom-style:solid;border-left-color:#eeeeee;border-left-style:solid;}.kt-accordion-id3067_cc3111-3e .kt-accordion-header-wrap .kt-blocks-accordion-header:focus-visible,\n\t\t\t\t.kt-accordion-id3067_cc3111-3e > .kt-accordion-inner-wrap > .wp-block-kadence-pane > .kt-accordion-header-wrap > .kt-blocks-accordion-header.kt-accordion-panel-active{border-top-color:#f3690e;border-top-style:solid;border-right-color:#f3690e;border-right-style:solid;border-bottom-color:#f3690e;border-bottom-style:solid;border-left-color:#f3690e;border-left-style:solid;}}<\/style>\n<div class=\"wp-block-kadence-accordion alignnone\"><div class=\"kt-accordion-wrap kt-accordion-id3067_cc3111-3e kt-accordion-has-17-panes kt-active-pane-0 kt-accordion-block kt-pane-header-alignment-left kt-accodion-icon-style-basic kt-accodion-icon-side-right\" style=\"max-width:none\"><div class=\"kt-accordion-inner-wrap\" data-allow-multiple-open=\"false\" data-start-open=\"none\">\n<div class=\"wp-block-kadence-pane kt-accordion-pane kt-accordion-pane-1 kt-pane3067_e4cdd6-38\"><div class=\"kt-accordion-header-wrap\"><button class=\"kt-blocks-accordion-header kt-acccordion-button-label-show\" type=\"button\"><span class=\"kt-blocks-accordion-title-wrap\"><span class=\"kt-blocks-accordion-title\"><strong>Felicidad, Patrimonio de Todos<\/strong> &#8211; <strong>22\/12\/2022<\/strong><\/span><\/span><span class=\"kt-blocks-accordion-icon-trigger\"><\/span><\/button><\/div><div class=\"kt-accordion-panel kt-accordion-panel-hidden\"><div class=\"kt-accordion-panel-inner\">\n<p class=\"has-text-align-center\">Esperanzas nuevas<br>en Navidad<br>s\u00edmbolo de Paz<br>y con muchas cosas buenas.<\/p>\n\n\n\n<p class=\"has-text-align-center\">Con besos y abrazos<br>y un mirar capaz<br>de estrechar lazos<br>con mil maneras.<\/p>\n\n\n\n<p class=\"has-text-align-center\">Navidad, navidad<br>y a\u00f1o nuevo<br>ilusi\u00f3n para cabalgar<br>sin desespero.<\/p>\n\n\n\n<p class=\"has-text-align-center\">Es hora de avanzar<br>hasta donde quiero<br>pasar el Alzheimer<br>el mejor deseo<br>y recontemplar<br>la vida sin miedo.<\/p>\n\n\n\n<p class=\"has-text-align-center\">Amemos juntos<br>con licencia de querer<br>juntar, los mundos<br>para tener<br>los mejores vientos<br>y las palabras<br>sin aspavientos.<\/p>\n\n\n\n<p class=\"has-text-align-center\"><strong>Autor: Eufrasio Navarro Fern\u00e1ndez<\/strong><\/p>\n<\/div><\/div><\/div>\n\n\n\n<div class=\"wp-block-kadence-pane kt-accordion-pane kt-accordion-pane-2 kt-pane3067_bb5b7c-4d\"><div class=\"kt-accordion-header-wrap\"><button class=\"kt-blocks-accordion-header kt-acccordion-button-label-show\" type=\"button\"><span class=\"kt-blocks-accordion-title-wrap\"><span class=\"kt-blocks-accordion-title\"><strong>Expectante<\/strong> &#8211; <strong>01\/12\/2022<\/strong><\/span><\/span><span class=\"kt-blocks-accordion-icon-trigger\"><\/span><\/button><\/div><div class=\"kt-accordion-panel kt-accordion-panel-hidden\"><div class=\"kt-accordion-panel-inner\">\n<p class=\"has-text-align-center\">Imagino un mundo para las gentes<br>imagino la paz por decreto de la vida<br>imagino un paseo ahora como antes y erguida.<\/p>\n\n\n\n<p class=\"has-text-align-center\">Cuando los alimentos fueran del ed\u00e9n<br>y los charcos para el chapotear de los ni\u00f1os<br>en el campo o ciudad con el cuidado de las gentes,<br>que van por aqu\u00ed, por all\u00e1 con sus juegos y gritos.<\/p>\n\n\n\n<p class=\"has-text-align-center\">Ser\u00e1 todo normal al amparo de la sanidad,<br>la sanidad p\u00fablica y sin ambig\u00fcedad<br>sonrisas de luz iluminan cualquier mente<br>y eclosionan las esperanzas con las buenas simientes.<\/p>\n\n\n\n<p class=\"has-text-align-center\">Al hacer real, a la naturaleza humana<br>con el dise\u00f1o del vivir en paz para siempre<br>ante tal maravilla del pensamiento<br>para recibir el mejor man\u00e1, que desprende<br>el b\u00e1lsamo del equilibrio, que no mata<br>todo lo contrario, se realzan los sentimientos.<\/p>\n\n\n\n<p class=\"has-text-align-center\">Imagino un mundo para las gentes<br>y la paz con la suma de la paz en libertad<br>y aunque siga so\u00f1ando, ver\u00e9 la constante<br>de los r\u00edos con sus crecidas de nutrientes<br>para una sanidad limpia hasta la saciedad.<\/p>\n\n\n\n<p class=\"has-text-align-center\"><strong>Autor: Eufrasio Navarro Fern\u00e1ndez<\/strong><\/p>\n<\/div><\/div><\/div>\n\n\n\n<div class=\"wp-block-kadence-pane kt-accordion-pane kt-accordion-pane-3 kt-pane3067_f60d18-aa\"><div class=\"kt-accordion-header-wrap\"><button class=\"kt-blocks-accordion-header kt-acccordion-button-label-show\" type=\"button\"><span class=\"kt-blocks-accordion-title-wrap\"><span class=\"kt-blocks-accordion-title\"><strong>Un lugar para las almas<\/strong> &#8211; <strong>17\/11\/2022<\/strong><\/span><\/span><span class=\"kt-blocks-accordion-icon-trigger\"><\/span><\/button><\/div><div class=\"kt-accordion-panel kt-accordion-panel-hidden\"><div class=\"kt-accordion-panel-inner\">\n<p class=\"has-text-align-center\">Quisiera ver donde residen las almas<br>al imaginar su vuelo con la mente<br>la que cambia la raz\u00f3n por las pausas<br>y ver lo que yo no veo y digo; \u201cDetente\u201d.<\/p>\n\n\n\n<p class=\"has-text-align-center\">He pensado suavizar la palabra<br>y buscar dicho espacio en silencio<br>a ver si encuentro cualquier sonata<br>uni\u00e9ndome a esa soledad por consenso.<\/p>\n\n\n\n<p class=\"has-text-align-center\">Dejad el ruido banal, que no se entiende,<br>que el viento ense\u00f1e, la paz del sitio en concreto<br>para llegar de nuevo a vuestras mentes<br>y volver a jugar con inocentes retos.<\/p>\n\n\n\n<p class=\"has-text-align-center\">Dibujar con carboncillo los escondites<br>de las callejuelas donde, jugar era lo prioritario<br>los sue\u00f1os quiz\u00e1s sean, la verdad de lo ordinario<br>pero yo, seguir\u00e9 buscando vuestras \u00e9lites.<\/p>\n\n\n\n<p class=\"has-text-align-center\">El Alzheimer, seguro caer\u00e1 de cuajo<br>y florecer\u00e1n de nuevo aquellos pasos<br>cuando la vida y la muerte hagan la paz<br>con los genes de tanta singularidad.<\/p>\n\n\n\n<p class=\"has-text-align-center\">Contemplare el tiempo en mi sill\u00f3n de aneas<br>mirar\u00e9 a ese cielo azul y negro<br>o leyendo mil historias, que se desean<br>infundiendo con esperanza mis sue\u00f1os.<\/p>\n\n\n\n<p class=\"has-text-align-center\"><strong>Autor: Eufrasio Navarro Fern\u00e1ndez<\/strong><\/p>\n<\/div><\/div><\/div>\n\n\n\n<div class=\"wp-block-kadence-pane kt-accordion-pane kt-accordion-pane-4 kt-pane3067_0a6bee-44\"><div class=\"kt-accordion-header-wrap\"><button class=\"kt-blocks-accordion-header kt-acccordion-button-label-show\" type=\"button\"><span class=\"kt-blocks-accordion-title-wrap\"><span class=\"kt-blocks-accordion-title\"><strong>Un imposible a ciegas<\/strong> &#8211; <strong>03\/11\/2022<\/strong><\/span><\/span><span class=\"kt-blocks-accordion-icon-trigger\"><\/span><\/button><\/div><div class=\"kt-accordion-panel kt-accordion-panel-hidden\"><div class=\"kt-accordion-panel-inner\">\n<p>Se vive o no se vive, un espacio<br>del tiempo individual, corto<br>divinidades sublimes al porto<br>engullendo credos con palacios.<\/p>\n\n\n\n<p>Mercado de valores para la gente<br>sin importarles cualquier significado<br>para su bienestar y le mienten<br>a todos, los de los intereses creados.<\/p>\n\n\n\n<p>Enferma, pues enferma te ha tocado<br>y son los cient\u00edficos quienes velan<br>por tu salud, por mi salud y no lo divino<br>maligna actitud, quien la procesa<br>en aras de la salvaci\u00f3n sin destino.<\/p>\n\n\n\n<p>Misericordia, palabra nefasta<br>para quienes la practican con intereses<br>y es el pueblo con su incultura de masas<br>los que premia a tan malos seres<br>con beneficios opulentos, son pudientes<br>oprimiendo al pueblo con sus alabanzas.<\/p>\n\n\n\n<p>Divinidad, palabra inventada por el clero<br>para enga\u00f1ar con un miedo certero<br>y vivir y vivir de lo cr\u00f3nico\u2026<br>malos tiempos para lo ut\u00f3pico.<\/p>\n\n\n\n<p>Si miro hacia arriba, solo ver\u00e9 el universo<br>y nunca, el m\u00edstico cielo.<\/p>\n\n\n\n<p>Apostatar\u00e9 siempre por la ciencia<br>por los profesionales, que descubren<br>ventanas abiertas, para el g\u00e9nero humano<br>con su continua y tenaz permanencia.<\/p>\n\n\n\n<p><strong>Autor: Eufrasio Navarro Fern\u00e1ndez<\/strong><\/p>\n<\/div><\/div><\/div>\n\n\n\n<div class=\"wp-block-kadence-pane kt-accordion-pane kt-accordion-pane-5 kt-pane3067_3816cc-d8\"><div class=\"kt-accordion-header-wrap\"><button class=\"kt-blocks-accordion-header kt-acccordion-button-label-show\" type=\"button\"><span class=\"kt-blocks-accordion-title-wrap\"><span class=\"kt-blocks-accordion-title\"><strong>La estad\u00edstica<\/strong> &#8211; <strong>20\/10\/2022<\/strong><\/span><\/span><span class=\"kt-blocks-accordion-icon-trigger\"><\/span><\/button><\/div><div class=\"kt-accordion-panel kt-accordion-panel-hidden\"><div class=\"kt-accordion-panel-inner\">\n<p class=\"has-text-align-center\">Soy o no soy, quien ser\u00e9<br>me asomo a la vida y veo<br>todo etiquetado \u00bfPorque?<br>Si a\u00fan estoy presto.<\/p>\n\n\n\n<p class=\"has-text-align-center\">Voy pasando p\u00e1ginas<br>me vienen recuerdos<br>con palabras pasadas<br>en aires completos<br>para almacenar<br>toda experiencia.<\/p>\n\n\n\n<p class=\"has-text-align-center\">N\u00fameros por doquier<br>para calibrar la solvencia<br>del numero impuesto<br>en el libro del anuario<br>es, lo correcto<br>por eso existe, los aniversarios.<\/p>\n\n\n\n<p class=\"has-text-align-center\">\u00bfSer\u00e9 quien digo, que soy?<br>Cuesti\u00f3n de estad\u00edsticas<br>reflejan los sabios,<br>que ejercen de porcentajes<br>con verdades emp\u00edricas<br>con sus lamidos labios.<\/p>\n\n\n\n<p class=\"has-text-align-center\">La estad\u00edstica<br>para metas a conseguir<br>o compromisos a ejercer.<br>Somos pura qu\u00edmica<br>somos pura f\u00edsica.<\/p>\n\n\n\n<p class=\"has-text-align-center\">La andadura ser\u00e1 valorada\u2026<br>Usted y yo, a mantener la observancia<br>de toda escalada en la abundancia<br>son n\u00fameros queridos\/as camaradas.<\/p>\n\n\n\n<p class=\"has-text-align-center\"><strong>Autor: Eufrasio Navarro Fern\u00e1ndez<\/strong><\/p>\n<\/div><\/div><\/div>\n\n\n\n<div class=\"wp-block-kadence-pane kt-accordion-pane kt-accordion-pane-6 kt-pane3067_d5e58a-d2\"><div class=\"kt-accordion-header-wrap\"><button class=\"kt-blocks-accordion-header kt-acccordion-button-label-show\" type=\"button\"><span class=\"kt-blocks-accordion-title-wrap\"><span class=\"kt-blocks-accordion-title\"><strong>\u00bfBrillar\u00e1 una nueva luz para el Alzheimer?<\/strong> &#8211; <strong>06\/10\/2022<\/strong><\/span><\/span><span class=\"kt-blocks-accordion-icon-trigger\"><\/span><\/button><\/div><div class=\"kt-accordion-panel kt-accordion-panel-hidden\"><div class=\"kt-accordion-panel-inner\">\n<p class=\"has-text-align-center\">Luz de luz y esperanzas nuevas<br>abriendo puertas y ventanas<br>es la ciencia, el motor con maneras<br>para mirar, a lo estelar con ganas<br>de vivir en alegr\u00edas, ahora enquistadas.<\/p>\n\n\n\n<p class=\"has-text-align-center\">Pero puede ser, de joven vigoroso<br>el f\u00e1rmaco investigado en la prudencia<br>y alumbrar por fin, la mancha del deterioro.<\/p>\n\n\n\n<p class=\"has-text-align-center\">La evoluci\u00f3n,<br>siempre se adapta a todo desarrollo<br>la vida,<br>se alimenta de neutrinos en efervescencia<br>y lleva a nuestros cerebros a lo mas alto<br>con el arte del saber, nuestro mejor ato<br>en un mundo cargado de paciencia.<\/p>\n\n\n\n<p class=\"has-text-align-center\">Mirando desde nuestro balc\u00f3n a la ciencia<br>intentando ver hasta la prudencia<br>todav\u00eda, con el tiempo marcado<br>de toda existencia. Somos mercado.<\/p>\n\n\n\n<p class=\"has-text-align-center\">Para lo bueno y lo malo dicen, sus se\u00f1or\u00edas<br>lo bueno, la investigaci\u00f3n, lo malo el Alzheimer<br>en este caso, sobran habladur\u00edas<br>para llegar con mis versos a entender,<br>que el Alzheimer debe ser, una cuesti\u00f3n de estado.<\/p>\n\n\n\n<p class=\"has-text-align-center\"><strong>Autor: Eufrasio Navarro Fern\u00e1ndez<\/strong><\/p>\n<\/div><\/div><\/div>\n\n\n\n<div class=\"wp-block-kadence-pane kt-accordion-pane kt-accordion-pane-7 kt-pane3067_b8ed06-51\"><div class=\"kt-accordion-header-wrap\"><button class=\"kt-blocks-accordion-header kt-acccordion-button-label-show\" type=\"button\"><span class=\"kt-blocks-accordion-title-wrap\"><span class=\"kt-blocks-accordion-title\"><strong>Versos para un tiempo de Alzheimer<\/strong> &#8211; <strong>21\/09\/2022<\/strong><\/span><\/span><span class=\"kt-blocks-accordion-icon-trigger\"><\/span><\/button><\/div><div class=\"kt-accordion-panel kt-accordion-panel-hidden\"><div class=\"kt-accordion-panel-inner\">\n<p class=\"has-text-align-center\">Me dicen que estoy mayor<br>y mis letras me consideran joven<br>dicen los de mi alrededor,<br>que se imaginan el verdor<br>de la vida eterna al crear<br>felicidad con su pasear.<\/p>\n\n\n\n<p class=\"has-text-align-center\">Me dicen que ya estoy viejo<br>porque a veces me cuesta hablar<br>pero no entienden mi cortejo<br>ni mi pausado caminar.<\/p>\n\n\n\n<p class=\"has-text-align-center\">Es verdad mi inicio del ocaso<br>mis neuronas, a veces se cansan<br>y casi nunca les hago caso<br>y escribo de amor y no de causas.<\/p>\n\n\n\n<p class=\"has-text-align-center\">Respiro a pulm\u00f3n abierto<br>me acuerdo, de Alois Alzheimer<br>o de Gabriel Garc\u00eda M\u00e1rquez<br>manteni\u00e9ndome despierto<br>para ahora emprender<br>mi listado de versos y agradecer<br>a todos, el amor sin pausas.<\/p>\n\n\n\n<p class=\"has-text-align-center\">Sin pensar, se activa mi tacto<br>y mis manos buscan otras manos<br>y clarean recuerdos infantiles<br>de dulces mieles y aguas sutiles.<\/p>\n\n\n\n<p class=\"has-text-align-center\">Reconozco a quien me miman<br>desde mi memoria ya lenta<br>y hago un homenaje, a quien me anima.<\/p>\n\n\n\n<p class=\"has-text-align-center\"><strong>Autor: Eufrasio Navarro Fern\u00e1ndez<\/strong><\/p>\n<\/div><\/div><\/div>\n\n\n\n<div class=\"wp-block-kadence-pane kt-accordion-pane kt-accordion-pane-8 kt-pane3067_420740-0e\"><div class=\"kt-accordion-header-wrap\"><button class=\"kt-blocks-accordion-header kt-acccordion-button-label-show\" type=\"button\"><span class=\"kt-blocks-accordion-title-wrap\"><span class=\"kt-blocks-accordion-title\"><strong>La vida con diferentes formas<\/strong> &#8211; <strong>09\/06\/2022<\/strong><\/span><\/span><span class=\"kt-blocks-accordion-icon-trigger\"><\/span><\/button><\/div><div class=\"kt-accordion-panel kt-accordion-panel-hidden\"><div class=\"kt-accordion-panel-inner\">\n<p class=\"has-text-align-center\">Ha llegado la hora de descansar<br>ya, la vida hace un receso en el pensar<br>y se mira m\u00e1s al cielo azul, su esplendor<br>con una mochila de gran obrador.<\/p>\n\n\n\n<p class=\"has-text-align-center\">Ha llegado la hora de descansar<br>y hasta el arroyo disminuye su caudal<br>y la vista se convierte en resplandor<br>con la necesidad del descanso alentador.<\/p>\n\n\n\n<p class=\"has-text-align-center\">Sublime los que nos cuidan con amor<br>a veces, en un ocaso sin destino<br>pero, su sonrisa se convierte en camino<br>de aquellos sue\u00f1os de claro verdor.<\/p>\n\n\n\n<p class=\"has-text-align-center\">Hoy, d\u00eda de descanso, es el parar<br>del avatar con el Alzheimer cotidiano<br>para beber un poquito de agua conciliando<br>todos los sue\u00f1os y sentir la paz.<\/p>\n\n\n\n<p class=\"has-text-align-center\"><strong>Autor: Eufrasio Navarro Fern\u00e1ndez<\/strong><\/p>\n<\/div><\/div><\/div>\n\n\n\n<div class=\"wp-block-kadence-pane kt-accordion-pane kt-accordion-pane-9 kt-pane3067_e2ad9b-4b\"><div class=\"kt-accordion-header-wrap\"><button class=\"kt-blocks-accordion-header kt-acccordion-button-label-show\" type=\"button\"><span class=\"kt-blocks-accordion-title-wrap\"><span class=\"kt-blocks-accordion-title\"><strong>De hijos e hijas, a padres con Alzheimer<\/strong> &#8211; <strong>26\/05\/2022<\/strong><\/span><\/span><span class=\"kt-blocks-accordion-icon-trigger\"><\/span><\/button><\/div><div class=\"kt-accordion-panel kt-accordion-panel-hidden\"><div class=\"kt-accordion-panel-inner\">\n<p class=\"has-text-align-center\">Os contemplamos con tal exquisita<br>vuestras caras y temperamento,<br>que en la noche nos llega el sufrimiento<br>besando todos, las bellas mejillas.<\/p>\n\n\n\n<p class=\"has-text-align-center\">\u00a1Ay dolor, nos mana en esta vida!<br>Somos ramas de vuestro asiento<br>en libertad, por tanto sufrimiento<br>queremos paz, en vuestra orilla.<\/p>\n\n\n\n<p class=\"has-text-align-center\">Hasta con Alzheimer, tesoros nuestros<br>y el dolor hecho con agua y barro<br>con la huella de nuestros ancestros.<\/p>\n\n\n\n<p class=\"has-text-align-center\">Seremos fieles a vuestro legado<br>en lucha sin perder el compromiso<br>y vivir con el ejemplo dado.<\/p>\n\n\n\n<p class=\"has-text-align-center\"><strong>Autor: Eufrasio Navarro Fern\u00e1ndez<\/strong><\/p>\n<\/div><\/div><\/div>\n\n\n\n<div class=\"wp-block-kadence-pane kt-accordion-pane kt-accordion-pane-10 kt-pane3067_55e50e-8d\"><div class=\"kt-accordion-header-wrap\"><button class=\"kt-blocks-accordion-header kt-acccordion-button-label-show\" type=\"button\"><span class=\"kt-blocks-accordion-title-wrap\"><span class=\"kt-blocks-accordion-title\"><strong>No desesperes<\/strong> &#8211; <strong>12\/05\/2022<\/strong><\/span><\/span><span class=\"kt-blocks-accordion-icon-trigger\"><\/span><\/button><\/div><div class=\"kt-accordion-panel kt-accordion-panel-hidden\"><div class=\"kt-accordion-panel-inner\">\n<p class=\"has-text-align-center\">Es f\u00e1cil hablar y dar consejos<br>o casi nadie ve quien se ausenta<br>no solo en lo f\u00edsico, el que no aparenta<br>con el pensamiento, irse lejos.<\/p>\n\n\n\n<p class=\"has-text-align-center\">Y el que se ausenta piensa no -desesperes-<br>la ciencia avanza y los milagros no llegan<br>y me digo, pobre de m\u00ed y de mis enseres,<br>que nadie ve como es, estar entre cuatro paredes.<\/p>\n\n\n\n<p class=\"has-text-align-center\">No desesperes, con la voz del silencio<br>se hacen c\u00e1balas en el presente<br>con una paz sorda, incongruente<br>con mi estado de \u00e1nimo, que no convenci\u00f3<br>a ning\u00fan despertar presente.<\/p>\n\n\n\n<p class=\"has-text-align-center\">Es hora de aliviar las ausencias<br>es hora de decir a los que no piensan,<br>que hay un tren, que va despacio con sus macias<br>y el que se queda, cree no tener recompensa.<\/p>\n\n\n\n<p class=\"has-text-align-center\">Palabra de Alzheimer, quien no contesta.<\/p>\n\n\n\n<p class=\"has-text-align-center\"><strong>Autor: Eufrasio Navarro Fern\u00e1ndez<\/strong><\/p>\n<\/div><\/div><\/div>\n\n\n\n<div class=\"wp-block-kadence-pane kt-accordion-pane kt-accordion-pane-11 kt-pane3067_78a1ca-5a\"><div class=\"kt-accordion-header-wrap\"><button class=\"kt-blocks-accordion-header kt-acccordion-button-label-show\" type=\"button\"><span class=\"kt-blocks-accordion-title-wrap\"><span class=\"kt-blocks-accordion-title\"><strong>A Do\u00f1a Mar\u00eda Antonia C<\/strong> &#8211; <strong>28\/04\/2022<\/strong><\/span><\/span><span class=\"kt-blocks-accordion-icon-trigger\"><\/span><\/button><\/div><div class=\"kt-accordion-panel kt-accordion-panel-hidden\"><div class=\"kt-accordion-panel-inner\">\n<p class=\"has-text-align-center\">Fuiste binomio de sue\u00f1os<br>al construir tu vida en matrimonio<br>con tu gran amor, nada perecedero.<br>Don Jos\u00e9 Plaza Guti\u00e9rrez, tu patrimonio.<\/p>\n\n\n\n<p class=\"has-text-align-center\">Con itinerantes g\u00e9rmenes hecho vida<br>vuestros dos hijos. Jos\u00e9 y Paco<br>con la proyecci\u00f3n de las alegr\u00edas<br>vistas, desde vuestro gran palco.<\/p>\n\n\n\n<p class=\"has-text-align-center\">Do\u00f1a Mar\u00eda, tu memoria es infinita<br>y tu ida, a todos nos invitas<br>a luchar por el futuro y el compromiso<br>y allanar, este escabroso camino.<\/p>\n\n\n\n<p class=\"has-text-align-center\">El de \u201cEl Alzheimer\u201d, que con tu ejemplo,<br>fuiste tambi\u00e9n familia..,<br>nuestra asociaci\u00f3n, com\u00fan templo<br>en And\u00fajar, deslumbrando fantas\u00eda.<\/p>\n\n\n\n<p class=\"has-text-align-center\">Y desde aqu\u00ed te decimos donde est\u00e9s, si estas,<br>que para nosotros\/as. Vivir\u00e1s, querida amiga<br>m\u00e1s all\u00e1 de ese azul de cielo, cada d\u00eda,<br>con un tiempo, que impregnas verdad.<\/p>\n\n\n\n<p class=\"has-text-align-center\"><strong>Autor: Eufrasio Navarro Fern\u00e1ndez<\/strong><\/p>\n<\/div><\/div><\/div>\n\n\n\n<div class=\"wp-block-kadence-pane kt-accordion-pane kt-accordion-pane-12 kt-pane3067_e10292-82\"><div class=\"kt-accordion-header-wrap\"><button class=\"kt-blocks-accordion-header kt-acccordion-button-label-show\" type=\"button\"><span class=\"kt-blocks-accordion-title-wrap\"><span class=\"kt-blocks-accordion-title\"><strong>El Parkinson a la deriva<\/strong> &#8211; <strong>07\/04\/2022<\/strong><\/span><\/span><span class=\"kt-blocks-accordion-icon-trigger\"><\/span><\/button><\/div><div class=\"kt-accordion-panel kt-accordion-panel-hidden\"><div class=\"kt-accordion-panel-inner\">\n<p class=\"has-text-align-center\">L\u00e1minas del tiempo<br>escritas en libros para el saber<br>y, los pensantes con sus anhelos<br>del bien com\u00fan y el querer.<br>Fue, el caso de James Parkinson,<br>investigador para la humanidad<br>con el sonido de su mente en diapas\u00f3n,<br>que suena en las gentes su ansiedad.<br>Pero, el pensar, hace pensar, cultura,<br>que se instala en asociaci\u00f3n fraternal<br>con la mira puesta en tal altura<br>y el requisito de la amistad.<br>Conglomerado neur\u00e1lgico, que satura<br>la paz, o tal vez la realidad<br>de un diagn\u00f3stico mejor, en prematura<br>con la esperanza de hallar, m\u00e1s solidaridad.<br>Mi lema: con la cultura aprendemos \u201camar\u201d<br>Y la confianza para curar.<\/p>\n\n\n\n<p class=\"has-text-align-center\"><strong>Autor: Eufrasio Navarro Fern\u00e1ndez<\/strong><\/p>\n<\/div><\/div><\/div>\n\n\n\n<div class=\"wp-block-kadence-pane kt-accordion-pane kt-accordion-pane-13 kt-pane3067_8a9042-fd\"><div class=\"kt-accordion-header-wrap\"><button class=\"kt-blocks-accordion-header kt-acccordion-button-label-show\" type=\"button\"><span class=\"kt-blocks-accordion-title-wrap\"><span class=\"kt-blocks-accordion-title\"><strong>Reflexi\u00f3n para los que no quieren reflexionar<\/strong> &#8211; <strong>10\/03\/2022<\/strong><\/span><\/span><span class=\"kt-blocks-accordion-icon-trigger\"><\/span><\/button><\/div><div class=\"kt-accordion-panel kt-accordion-panel-hidden\"><div class=\"kt-accordion-panel-inner\">\n<p class=\"has-text-align-center\">\u00a1Cuantos pensamientos confluyen en un d\u00eda ordinario!<br>Basta con decir la peor de las palabras. No tengo tiempo<br>y cuando uno se va acercando al ocaso es, como el delirio<br>todo cambia de forma, incluso de color, incluso de pensamiento.<\/p>\n\n\n\n<p class=\"has-text-align-center\">A veces, lo achacamos a la fuerza de la juventud, nada m\u00e1s lejos<br>si observamos la vida, es una espiral matem\u00e1tica<br>las cosas, y digo las cosas como materia, somos puros le\u00f1os<br>para consumir en la gran hoguera del desgarro y las tem\u00e1ticas.<\/p>\n\n\n\n<p class=\"has-text-align-center\">Infundiendo y confundiendo los deseos con las practicas de los credos<br>o, de un desarrollo obsceno para el ser, supuestamente pensante<br>y en ese largo periplo, acontece el desgaste de nuestro cerebro<br>acosado por un traj\u00edn innecesario y de orfandad bajo rasante.<\/p>\n\n\n\n<p class=\"has-text-align-center\">Que nos hace colgarnos con una soga en un domicilio a contratiempo<br>o tal vez, el destierro de una guerra que nada cambia a pesar de la muerte<br>pero seguimos excus\u00e1ndonos con la frase. No tengo tiempo<br>y ya, en nuestro ocaso, aparece la bestia, llamada Alzheimer.<\/p>\n\n\n\n<p class=\"has-text-align-center\">Que tal vez sea, un pensamiento cansado a destiempo<br>y con nuestro silencio y llegado el momento, nada de que hablar<br>posiblemente nos demos cuenta, que ese ocaso es de verdad<br>porque la vida en si misma, tiene fecha de caducidad con el pensamiento.<\/p>\n\n\n\n<p class=\"has-text-align-center\"><strong>Autor: Eufrasio Navarro Fern\u00e1ndez<\/strong><\/p>\n<\/div><\/div><\/div>\n\n\n\n<div class=\"wp-block-kadence-pane kt-accordion-pane kt-accordion-pane-14 kt-pane3067_0a8ca7-60\"><div class=\"kt-accordion-header-wrap\"><button class=\"kt-blocks-accordion-header kt-acccordion-button-label-show\" type=\"button\"><span class=\"kt-blocks-accordion-title-wrap\"><span class=\"kt-blocks-accordion-title\"><strong>Estoy contigo<\/strong> &#8211; <strong>24\/02\/2022<\/strong><\/span><\/span><span class=\"kt-blocks-accordion-icon-trigger\"><\/span><\/button><\/div><div class=\"kt-accordion-panel kt-accordion-panel-hidden\"><div class=\"kt-accordion-panel-inner\">\n<p class=\"has-text-align-center\">Luchadora, la vida te ense\u00f1\u00f3 lo m\u00e1s duro<br>deambulando por las calles, peinando canas<br>siempre cuidando de tantas personas<br>habitu\u00e1ndote a salir de cualquier apuro.<\/p>\n\n\n\n<p class=\"has-text-align-center\">Sentada en tu mecedora, ahora algo confusa<br>no temas abuelita toma mis manos<br>s\u00e9, que mi imagen te brota difusa<br>a\u00fan as\u00ed, juntas una vez m\u00e1s caminamos.<\/p>\n\n\n\n<p class=\"has-text-align-center\">Pronto esta tormenta pasar\u00e1<br>todo est\u00e1 bien, c\u00e1lmate me dec\u00edas<br>y hoy en tu mente esa nube est\u00e1<br>mas no dejar\u00e9 que borre historias.<\/p>\n\n\n\n<p class=\"has-text-align-center\">Lidiaremos juntas como me ense\u00f1aste<br>te hablar\u00e9 de todo lo que fuiste capaz<br>de todas las alegr\u00edas y el amor que diste.<\/p>\n\n\n\n<p class=\"has-text-align-center\">De nuevo el olvido hoy vino a visitarte<br>no temas estoy aqu\u00ed acompa\u00f1\u00e1ndote<br>no est\u00e1s sola no voy a dejarte.<\/p>\n\n\n\n<p class=\"has-text-align-center\">Tal vez tu memoria regrese al presente<br>y sientas, aqu\u00ed conmigo todo el amor<br>ese que tu una vez me regalaste.<\/p>\n\n\n\n<p class=\"has-text-align-center\"><strong>Autora: Lourdes Mart\u00ednez Ronquillo<\/strong><\/p>\n<\/div><\/div><\/div>\n\n\n\n<div class=\"wp-block-kadence-pane kt-accordion-pane kt-accordion-pane-15 kt-pane3067_c7a250-9e\"><div class=\"kt-accordion-header-wrap\"><button class=\"kt-blocks-accordion-header kt-acccordion-button-label-show\" type=\"button\"><span class=\"kt-blocks-accordion-title-wrap\"><span class=\"kt-blocks-accordion-title\"><strong>T\u00fa, mi \u00fanico suspiro<\/strong> &#8211; <strong>10\/02\/2022<\/strong><\/span><\/span><span class=\"kt-blocks-accordion-icon-trigger\"><\/span><\/button><\/div><div class=\"kt-accordion-panel kt-accordion-panel-hidden\"><div class=\"kt-accordion-panel-inner\">\n<p class=\"has-text-align-center\">Descansa amor, la vida te da una tregua<br>mientras, a tu lado estoy, esperando<br>donde nuestro miedo aten\u00faa<br>sin banderas blancas lidiando.<\/p>\n\n\n\n<p class=\"has-text-align-center\">Tuya la sentencia, m\u00eda la condena<br>de quien ama y el tiempo espera,<br>despertar\u00e1s y junto a ti, mi vida<br>siempre en el punto de partida.<\/p>\n\n\n\n<p class=\"has-text-align-center\">Vuelves y tus recuerdos r\u00e1pido viajan,<br>tus pensamientos, no paran de girar<br>de telas de ara\u00f1a, tu mente disfrazan<br>provocando deseos de escapar.<\/p>\n\n\n\n<p class=\"has-text-align-center\">\u00a1\u00a1Qu\u00e9date!! Juntos, de la mano viajaremos<br>a esos lugares, sumergidos en tu mente,<br>no dudes amor, sortearemos los miedos.<\/p>\n\n\n\n<p class=\"has-text-align-center\">Y por momentos, volveremos al presente.<br>Te esperar\u00e9 amor, en la estaci\u00f3n del olvido<br>por siempre t\u00fa, mi \u00fanico suspiro.<\/p>\n\n\n\n<p class=\"has-text-align-center\"><strong>Autora: Lourdes Mart\u00ednez Ronquillo<\/strong><\/p>\n<\/div><\/div><\/div>\n\n\n\n<div class=\"wp-block-kadence-pane kt-accordion-pane kt-accordion-pane-16 kt-pane3067_e2219d-63\"><div class=\"kt-accordion-header-wrap\"><button class=\"kt-blocks-accordion-header kt-acccordion-button-label-show\" type=\"button\"><span class=\"kt-blocks-accordion-title-wrap\"><span class=\"kt-blocks-accordion-title\"><strong>Un lindo atardecer<\/strong> &#8211; <strong>27\/01\/2022<\/strong><\/span><\/span><span class=\"kt-blocks-accordion-icon-trigger\"><\/span><\/button><\/div><div class=\"kt-accordion-panel kt-accordion-panel-hidden\"><div class=\"kt-accordion-panel-inner\">\n<p class=\"has-text-align-center\">Los atardeceres expresan<br>el relax del tiempo<br>mirando al universo<br>con la luz que embelesa<br>todos los recuerdos.<\/p>\n\n\n\n<p class=\"has-text-align-center\">El Alzheimer, tiene conciencia<br>y velan por nuestra asistencia<br>los \u00e1ngeles blancos y negros<br>inundando luz a los hechos<br>con el atardecer floreado<br>al contemplar el universo<br>y un cielo tan esperado.<\/p>\n\n\n\n<p class=\"has-text-align-center\">De tinte, color turquesa<br>con una rosa y ponerla<br>en el pecho del usuario<br>al flirtear con las estrellas<br>evocando su diccionario.<\/p>\n\n\n\n<p class=\"has-text-align-center\">Los atardeceres pausados<br>y la brillantez del tiempo<br>hacen del rico pensamiento<br>cometas estelares animados<br>recorriendo el firmamento<br>con particular atestado.<\/p>\n\n\n\n<p class=\"has-text-align-center\"><strong>Autor: Eufrasio Navarro Fern\u00e1ndez<\/strong><\/p>\n<\/div><\/div><\/div>\n\n\n\n<div class=\"wp-block-kadence-pane kt-accordion-pane kt-accordion-pane-17 kt-pane3067_b884f1-2a\"><div class=\"kt-accordion-header-wrap\"><button class=\"kt-blocks-accordion-header kt-acccordion-button-label-show\" type=\"button\"><span class=\"kt-blocks-accordion-title-wrap\"><span class=\"kt-blocks-accordion-title\"><strong>A los cuidadores y cuidadoras<\/strong> &#8211; <strong>13\/01\/2022<\/strong><\/span><\/span><span class=\"kt-blocks-accordion-icon-trigger\"><\/span><\/button><\/div><div class=\"kt-accordion-panel kt-accordion-panel-hidden\"><div class=\"kt-accordion-panel-inner\">\n<p class=\"has-text-align-center\">Detr\u00e1s de un nombre hay otro nombre<br>y un cuidado, con su tallo libre de espinos<br>una voz, que resuena hasta el monte<br>con caricias de manos con sentido.<\/p>\n\n\n\n<p class=\"has-text-align-center\">Se alarga la condici\u00f3n de lo inveros\u00edmil<br>convertida la cabeza en espacio abierto<br>sin fijar la atenci\u00f3n de lo que imprime<br>y el lugar donde, la silla es su concierto.<\/p>\n\n\n\n<p class=\"has-text-align-center\">Entre nubes de colores con almid\u00f3n rizado<br>para saborear el tiempo, que no deprime<br>al estar encerrado el Alzheimer tan malo<br>por los cuidados del cuidador que lo reprime.<\/p>\n\n\n\n<p class=\"has-text-align-center\">Y da fuerza su dulzura con sus actos,<br>que entre bambalinas se hacen pactos<br>de lo importante, de los importantes<br>usuarios y ver, la creaci\u00f3n de lo constante.<\/p>\n\n\n\n<p class=\"has-text-align-center\">Los cuidados \u00bfTienen nombre? Sus mentes<br>porque el Alzheimer, ya no tiene atajo<br>existen \u00e1ngeles sin alas, aqu\u00ed abajo<br>con un devenir tecnol\u00f3gico frecuente.<\/p>\n\n\n\n<p class=\"has-text-align-center\">Porque, detr\u00e1s de un nombre, hay otro nombre<br>cuidadores, usuarios cuando quer\u00e1is<br>venid o ir, donde os plazca mujer u hombre<br>la fiesta empieza cada d\u00eda, para que os divirt\u00e1is.<\/p>\n\n\n\n<p class=\"has-text-align-center\"><strong>Autor: Eufrasio Navarro Fern\u00e1ndez<\/strong><\/p>\n<\/div><\/div><\/div>\n<\/div><\/div><\/div>\n<\/div><\/div>\n\n<\/div><\/div><\/div><\/div>\n\n<\/div><\/div><\/div><\/div>\n\n\n\n<div class=\"wp-block-kadence-tab kt-tab-inner-content kt-inner-tab-5 kt-inner-tab5c7b94-40\"><div class=\"kt-tab-inner-content-inner\"><style>.kt-accordion-id3067_68fd01-52 .kt-accordion-inner-wrap{column-gap:var(--global-kb-gap-md, 2rem);row-gap:10px;}.kt-accordion-id3067_68fd01-52 .kt-accordion-panel-inner{border-top:0px solid transparent;border-right:0px solid transparent;border-bottom:0px solid transparent;border-left:0px solid transparent;background:#ffffff;padding-top:var(--global-kb-spacing-sm, 1.5rem);padding-right:var(--global-kb-spacing-sm, 1.5rem);padding-bottom:var(--global-kb-spacing-sm, 1.5rem);padding-left:var(--global-kb-spacing-sm, 1.5rem);}.kt-accordion-id3067_68fd01-52 > .kt-accordion-inner-wrap > .wp-block-kadence-pane > .kt-accordion-header-wrap > .kt-blocks-accordion-header{border-top-color:#555555;border-top-style:solid;border-right-color:#555555;border-right-style:solid;border-bottom-color:#555555;border-bottom-style:solid;border-left-color:#555555;border-left-style:solid;border-top-left-radius:6px;border-top-right-radius:6px;border-bottom-right-radius:6px;border-bottom-left-radius:6px;background:#f2f2f2;font-size:18px;line-height:24px;color:#555555;padding-top:14px;padding-right:16px;padding-bottom:14px;padding-left:16px;}.kt-accordion-id3067_68fd01-52:not( .kt-accodion-icon-style-basiccircle ):not( .kt-accodion-icon-style-xclosecircle ):not( .kt-accodion-icon-style-arrowcircle )  > .kt-accordion-inner-wrap > .wp-block-kadence-pane > .kt-accordion-header-wrap .kt-blocks-accordion-icon-trigger:after, .kt-accordion-id3067_68fd01-52:not( .kt-accodion-icon-style-basiccircle ):not( .kt-accodion-icon-style-xclosecircle ):not( .kt-accodion-icon-style-arrowcircle )  > .kt-accordion-inner-wrap > .wp-block-kadence-pane > .kt-accordion-header-wrap .kt-blocks-accordion-icon-trigger:before{background:#555555;}.kt-accordion-id3067_68fd01-52:not( .kt-accodion-icon-style-basic ):not( .kt-accodion-icon-style-xclose ):not( .kt-accodion-icon-style-arrow ) .kt-blocks-accordion-icon-trigger{background:#555555;}.kt-accordion-id3067_68fd01-52:not( .kt-accodion-icon-style-basic ):not( .kt-accodion-icon-style-xclose ):not( .kt-accodion-icon-style-arrow ) .kt-blocks-accordion-icon-trigger:after, .kt-accordion-id3067_68fd01-52:not( .kt-accodion-icon-style-basic ):not( .kt-accodion-icon-style-xclose ):not( .kt-accodion-icon-style-arrow ) .kt-blocks-accordion-icon-trigger:before{background:#f2f2f2;}.kt-accordion-id3067_68fd01-52 > .kt-accordion-inner-wrap > .wp-block-kadence-pane > .kt-accordion-header-wrap > .kt-blocks-accordion-header:hover, \n\t\t\t\tbody:not(.hide-focus-outline) .kt-accordion-id3067_68fd01-52 .kt-blocks-accordion-header:focus-visible{color:#444444;background:#eeeeee;border-top-color:#eeeeee;border-top-style:solid;border-right-color:#eeeeee;border-right-style:solid;border-bottom-color:#eeeeee;border-bottom-style:solid;border-left-color:#eeeeee;border-left-style:solid;}.kt-accordion-id3067_68fd01-52:not( .kt-accodion-icon-style-basiccircle ):not( .kt-accodion-icon-style-xclosecircle ):not( .kt-accodion-icon-style-arrowcircle ) .kt-accordion-header-wrap .kt-blocks-accordion-header:hover .kt-blocks-accordion-icon-trigger:after, .kt-accordion-id3067_68fd01-52:not( .kt-accodion-icon-style-basiccircle ):not( .kt-accodion-icon-style-xclosecircle ):not( .kt-accodion-icon-style-arrowcircle ) .kt-accordion-header-wrap .kt-blocks-accordion-header:hover .kt-blocks-accordion-icon-trigger:before, body:not(.hide-focus-outline) .kt-accordion-id3067_68fd01-52:not( .kt-accodion-icon-style-basiccircle ):not( .kt-accodion-icon-style-xclosecircle ):not( .kt-accodion-icon-style-arrowcircle ) .kt-blocks-accordion--visible .kt-blocks-accordion-icon-trigger:after, body:not(.hide-focus-outline) .kt-accordion-id3067_68fd01-52:not( .kt-accodion-icon-style-basiccircle ):not( .kt-accodion-icon-style-xclosecircle ):not( .kt-accodion-icon-style-arrowcircle ) .kt-blocks-accordion-header:focus-visible .kt-blocks-accordion-icon-trigger:before{background:#444444;}.kt-accordion-id3067_68fd01-52:not( .kt-accodion-icon-style-basic ):not( .kt-accodion-icon-style-xclose ):not( .kt-accodion-icon-style-arrow ) .kt-accordion-header-wrap .kt-blocks-accordion-header:hover .kt-blocks-accordion-icon-trigger, body:not(.hide-focus-outline) .kt-accordion-id3067_68fd01-52:not( .kt-accodion-icon-style-basic ):not( .kt-accodion-icon-style-xclose ):not( .kt-accodion-icon-style-arrow ) .kt-accordion-header-wrap .kt-blocks-accordion-header:focus-visible .kt-blocks-accordion-icon-trigger{background:#444444;}.kt-accordion-id3067_68fd01-52:not( .kt-accodion-icon-style-basic ):not( .kt-accodion-icon-style-xclose ):not( .kt-accodion-icon-style-arrow ) .kt-accordion-header-wrap .kt-blocks-accordion-header:hover .kt-blocks-accordion-icon-trigger:after, .kt-accordion-id3067_68fd01-52:not( .kt-accodion-icon-style-basic ):not( .kt-accodion-icon-style-xclose ):not( .kt-accodion-icon-style-arrow ) .kt-accordion-header-wrap .kt-blocks-accordion-header:hover .kt-blocks-accordion-icon-trigger:before, body:not(.hide-focus-outline) .kt-accordion-id3067_68fd01-52:not( .kt-accodion-icon-style-basic ):not( .kt-accodion-icon-style-xclose ):not( .kt-accodion-icon-style-arrow ) .kt-accordion-header-wrap .kt-blocks-accordion-header:focus-visible .kt-blocks-accordion-icon-trigger:after, body:not(.hide-focus-outline) .kt-accordion-id3067_68fd01-52:not( .kt-accodion-icon-style-basic ):not( .kt-accodion-icon-style-xclose ):not( .kt-accodion-icon-style-arrow ) .kt-accordion-header-wrap .kt-blocks-accordion-header:focus-visible .kt-blocks-accordion-icon-trigger:before{background:#eeeeee;}.kt-accordion-id3067_68fd01-52 .kt-accordion-header-wrap .kt-blocks-accordion-header:focus-visible,\n\t\t\t\t.kt-accordion-id3067_68fd01-52 > .kt-accordion-inner-wrap > .wp-block-kadence-pane > .kt-accordion-header-wrap > .kt-blocks-accordion-header.kt-accordion-panel-active{color:#ffffff;background:#f3690e;border-top-color:#f3690e;border-top-style:solid;border-right-color:#f3690e;border-right-style:solid;border-bottom-color:#f3690e;border-bottom-style:solid;border-left-color:#f3690e;border-left-style:solid;}.kt-accordion-id3067_68fd01-52:not( .kt-accodion-icon-style-basiccircle ):not( .kt-accodion-icon-style-xclosecircle ):not( .kt-accodion-icon-style-arrowcircle )  > .kt-accordion-inner-wrap > .wp-block-kadence-pane > .kt-accordion-header-wrap > .kt-blocks-accordion-header.kt-accordion-panel-active .kt-blocks-accordion-icon-trigger:after, .kt-accordion-id3067_68fd01-52:not( .kt-accodion-icon-style-basiccircle ):not( .kt-accodion-icon-style-xclosecircle ):not( .kt-accodion-icon-style-arrowcircle )  > .kt-accordion-inner-wrap > .wp-block-kadence-pane > .kt-accordion-header-wrap > .kt-blocks-accordion-header.kt-accordion-panel-active .kt-blocks-accordion-icon-trigger:before{background:#ffffff;}.kt-accordion-id3067_68fd01-52:not( .kt-accodion-icon-style-basic ):not( .kt-accodion-icon-style-xclose ):not( .kt-accodion-icon-style-arrow ) .kt-blocks-accordion-header.kt-accordion-panel-active .kt-blocks-accordion-icon-trigger{background:#ffffff;}.kt-accordion-id3067_68fd01-52:not( .kt-accodion-icon-style-basic ):not( .kt-accodion-icon-style-xclose ):not( .kt-accodion-icon-style-arrow ) .kt-blocks-accordion-header.kt-accordion-panel-active .kt-blocks-accordion-icon-trigger:after, .kt-accordion-id3067_68fd01-52:not( .kt-accodion-icon-style-basic ):not( .kt-accodion-icon-style-xclose ):not( .kt-accodion-icon-style-arrow ) .kt-blocks-accordion-header.kt-accordion-panel-active .kt-blocks-accordion-icon-trigger:before{background:#f3690e;}@media all and (max-width: 1024px){.kt-accordion-id3067_68fd01-52 .kt-accordion-panel-inner{border-top:0px solid transparent;border-right:0px solid transparent;border-bottom:0px solid transparent;border-left:0px solid transparent;}}@media all and (max-width: 1024px){.kt-accordion-id3067_68fd01-52 > .kt-accordion-inner-wrap > .wp-block-kadence-pane > .kt-accordion-header-wrap > .kt-blocks-accordion-header{border-top-color:#555555;border-top-style:solid;border-right-color:#555555;border-right-style:solid;border-bottom-color:#555555;border-bottom-style:solid;border-left-color:#555555;border-left-style:solid;}}@media all and (max-width: 1024px){.kt-accordion-id3067_68fd01-52 > .kt-accordion-inner-wrap > .wp-block-kadence-pane > .kt-accordion-header-wrap > .kt-blocks-accordion-header:hover, \n\t\t\t\tbody:not(.hide-focus-outline) .kt-accordion-id3067_68fd01-52 .kt-blocks-accordion-header:focus-visible{border-top-color:#eeeeee;border-top-style:solid;border-right-color:#eeeeee;border-right-style:solid;border-bottom-color:#eeeeee;border-bottom-style:solid;border-left-color:#eeeeee;border-left-style:solid;}}@media all and (max-width: 1024px){.kt-accordion-id3067_68fd01-52 .kt-accordion-header-wrap .kt-blocks-accordion-header:focus-visible,\n\t\t\t\t.kt-accordion-id3067_68fd01-52 > .kt-accordion-inner-wrap > .wp-block-kadence-pane > .kt-accordion-header-wrap > .kt-blocks-accordion-header.kt-accordion-panel-active{border-top-color:#f3690e;border-top-style:solid;border-right-color:#f3690e;border-right-style:solid;border-bottom-color:#f3690e;border-bottom-style:solid;border-left-color:#f3690e;border-left-style:solid;}}@media all and (max-width: 767px){.kt-accordion-id3067_68fd01-52 .kt-accordion-inner-wrap{display:block;}.kt-accordion-id3067_68fd01-52 .kt-accordion-inner-wrap .kt-accordion-pane:not(:first-child){margin-top:10px;}.kt-accordion-id3067_68fd01-52 .kt-accordion-panel-inner{border-top:0px solid transparent;border-right:0px solid transparent;border-bottom:0px solid transparent;border-left:0px solid transparent;}.kt-accordion-id3067_68fd01-52 > .kt-accordion-inner-wrap > .wp-block-kadence-pane > .kt-accordion-header-wrap > .kt-blocks-accordion-header{border-top-color:#555555;border-top-style:solid;border-right-color:#555555;border-right-style:solid;border-bottom-color:#555555;border-bottom-style:solid;border-left-color:#555555;border-left-style:solid;}.kt-accordion-id3067_68fd01-52 > .kt-accordion-inner-wrap > .wp-block-kadence-pane > .kt-accordion-header-wrap > .kt-blocks-accordion-header:hover, \n\t\t\t\tbody:not(.hide-focus-outline) .kt-accordion-id3067_68fd01-52 .kt-blocks-accordion-header:focus-visible{border-top-color:#eeeeee;border-top-style:solid;border-right-color:#eeeeee;border-right-style:solid;border-bottom-color:#eeeeee;border-bottom-style:solid;border-left-color:#eeeeee;border-left-style:solid;}.kt-accordion-id3067_68fd01-52 .kt-accordion-header-wrap .kt-blocks-accordion-header:focus-visible,\n\t\t\t\t.kt-accordion-id3067_68fd01-52 > .kt-accordion-inner-wrap > .wp-block-kadence-pane > .kt-accordion-header-wrap > .kt-blocks-accordion-header.kt-accordion-panel-active{border-top-color:#f3690e;border-top-style:solid;border-right-color:#f3690e;border-right-style:solid;border-bottom-color:#f3690e;border-bottom-style:solid;border-left-color:#f3690e;border-left-style:solid;}}<\/style>\n<div class=\"wp-block-kadence-accordion alignnone\"><div class=\"kt-accordion-wrap kt-accordion-id3067_68fd01-52 kt-accordion-has-17-panes kt-active-pane-0 kt-accordion-block kt-pane-header-alignment-left kt-accodion-icon-style-basic kt-accodion-icon-side-right\" style=\"max-width:none\"><div class=\"kt-accordion-inner-wrap\" data-allow-multiple-open=\"false\" data-start-open=\"none\">\n<div class=\"wp-block-kadence-pane kt-accordion-pane kt-accordion-pane-1 kt-pane3067_fc22cc-f0\"><div class=\"kt-accordion-header-wrap\"><button class=\"kt-blocks-accordion-header kt-acccordion-button-label-show\" type=\"button\"><span class=\"kt-blocks-accordion-title-wrap\"><span class=\"kt-blocks-accordion-title\"><strong>Luz con esperanza &#8211; <strong>09\/12\/2021<\/strong><\/strong><\/span><\/span><span class=\"kt-blocks-accordion-icon-trigger\"><\/span><\/button><\/div><div class=\"kt-accordion-panel kt-accordion-panel-hidden\"><div class=\"kt-accordion-panel-inner\">\n<p class=\"has-text-align-center\">\u00a1Si el principio de todo trabajo debe ser colectivo! El proyecto tendr\u00e1 que ser colaborando unos con otros y se tocar\u00e1 el \u00e9xito sintiendo, la felicidad como el mejor bien com\u00fan para todos.<br>M\u00e1s cuando se trata de organizaciones sin \u00e1nimo de lucro como son; nuestra. Asociaci\u00f3n De Familiares Con Alzheimer De And\u00fajar y, la Asociaci\u00f3n de Parkinson de And\u00fajar. Con un personal, que parece estar dise\u00f1ado en el cosmos por su armon\u00eda y capacidad de trabajo, para la atenci\u00f3n con luz propia, a nuestros usuarios.<br>El tal concepto, lo basamos en el mejor gozo de cada d\u00eda y como decimos en nuestro libro \u00abContra el Alzheimer, el amor y mis versos\u00bb.<br>Para ello, todo el equipo de AFA-And\u00fajar, junto con Parkinson-And\u00fajar, mantenemos el mejor eslogan: \u00abNo te rindas\u00bb con la mejor comunicaci\u00f3n ejercida y la sonrisa sin condiciones previas, solo el amor es, nuestra bandera.<\/p>\n\n\n\n<p class=\"has-text-align-center\">Y as\u00ed llegamos, con responsabilidad,<br>que en la actualidad plasmamos<br>en folio blanco, nuestra identidad<br>como en los mejores cuentos<br>y que usamos<br>para la eternidad:<\/p>\n\n\n\n<p class=\"has-text-align-center\">Antonio Porras. Que cabalga en el cr\u00e9dito de la vida<br>el es, alma de esperanzas nuevas<br>con su capacidad de lo in\u00e9dito.<\/p>\n\n\n\n<p class=\"has-text-align-center\">Raquel Garc\u00eda. honorable gestora<br>con el buen hacer y las buenas llevaderas.<\/p>\n\n\n\n<p class=\"has-text-align-center\">Paqui Olmos. La eterna, la cumplidora,<br>la pionera, con su coraz\u00f3n sencillo y grande.<\/p>\n\n\n\n<p class=\"has-text-align-center\">Dolores Navas. Para la reconquista tan amable.<br>gestores de, AFA- And\u00fajar, venerables.<\/p>\n\n\n\n<p class=\"has-text-align-center\">Que junto a Parkinson, And\u00fajar<br>somos, dos gotas de lluvia, muy iguales<br>en un mismo espacio, gestionado por:<\/p>\n\n\n\n<p class=\"has-text-align-center\">Jes\u00fas And\u00fajar. Presidente, divulgador de ideas<br>con la acci\u00f3n de la justicia. insuperable<\/p>\n\n\n\n<p class=\"has-text-align-center\">Rub\u00e9n Herrador, transmisor de dos cabos,<br>que combina los espacios tan visibles.<\/p>\n\n\n\n<p class=\"has-text-align-center\">Antonio Porras. Eslab\u00f3n imprescindible<br>siempre con su alma presente y dispuesta<br>en los dos espacios.<\/p>\n\n\n\n<p class=\"has-text-align-center\">Ana Garz\u00f3n. Sigilosa mujer con su compromiso abierto<br>de par en par, navegadora indiscutible.<\/p>\n\n\n\n<p class=\"has-text-align-center\">Aurora Molina. Incansable y sugerida<br>para el devenir de las propuestas<br>en esas dos gotas de lluvia, tan querida.<\/p>\n\n\n\n<p class=\"has-text-align-center\">Dos asociaciones, dos cielos, con dibujos<br>de nubes blancas y sin tapujos.<br>Maravilla de personal, compa\u00f1eros\/as<br>con vuestras acciones exquisitas<br>en esta nave sideral fruto, de nuestra historia.<\/p>\n\n\n\n<p class=\"has-text-align-center\">Coordinaci\u00f3n perfecta.<\/p>\n\n\n\n<p class=\"has-text-align-center\">\u00c1ngel Aguilar. creador de pautas,<br>incombustible alentador de redes,<br>en su mejor saber, el cibernauta.<\/p>\n\n\n\n<p class=\"has-text-align-center\">Isabel Garrote (Eli). Coordinadora de sue\u00f1os<br>en este mundo de olvidos, con su bondad nacida<br>de su bella sonrisa y sus empe\u00f1os.<\/p>\n\n\n\n<p class=\"has-text-align-center\">Mari-Carmen Guti\u00e9rrez. Plasmadora de an\u00e1lisis,<br>evaporadora de sufrimientos tan activa<br>y su dulce mirada, que nos deja en \u00e9xtasis.<\/p>\n\n\n\n<p class=\"has-text-align-center\">Natalia Toribio. Perseverante y tranquila<br>para el disfrute de cualquier usuario\/a<br>donde su voz es, un amanecer, que palpita.<\/p>\n\n\n\n<p class=\"has-text-align-center\">Yolanda Soriano. Juventud, se intensifica<br>con su hacer y que la quieren..,<br>quienes en el tiempo ya, olvidan.<\/p>\n\n\n\n<p class=\"has-text-align-center\">Tomas Porras. Din\u00e1mico, inteligente pensador<br>con los sue\u00f1os en alza de gran valor.<br>que con sus palabras, va tejiendo vida.<\/p>\n\n\n\n<p class=\"has-text-align-center\">Mar\u00eda Ruiz. Tremenda vocaci\u00f3n para la oraci\u00f3n<br>en tan singular esquema, el de articular<br>las mejores palabras.<\/p>\n\n\n\n<p class=\"has-text-align-center\">Mar\u00eda de la Cabeza Medina. Suave como la miel de abeja<br>hace de su profesi\u00f3n, ramilletes de gozos<br>para, regalarlos a nuestros\/as usuarios\/as.<\/p>\n\n\n\n<p class=\"has-text-align-center\">Es bonito aprender, es bonito ejercer<br>cuando, la ilusi\u00f3n es a\u00fan, utop\u00eda<br>con el poder y el creer conseguirla.<br>Y en esta tesitura est\u00e1 nuestra benjamina.<\/p>\n\n\n\n<p class=\"has-text-align-center\">Pilar Fern\u00e1ndez. Receptora de bienes<br>de \u00e1nimo infinito, la cual provoca<br>en todos y todas cuando llegan,<br>la imitaci\u00f3n de su bonita sonrisa.<\/p>\n\n\n\n<p class=\"has-text-align-center\">Y un servidor de ustedes<br>en continuo mirar a las constelaciones<br>para despertar, sensaciones.<\/p>\n\n\n\n<p class=\"has-text-align-center\">Mi amistad, con todos y todas<br>(Va por ustedes)<\/p>\n\n\n\n<p class=\"has-text-align-center\">Mi poema<\/p>\n\n\n\n<p class=\"has-text-align-center\">La vida se hace serena<br>relucen los compromisos<br>como las olas en la arena.<\/p>\n\n\n\n<p class=\"has-text-align-center\">De un mar de sensaciones<br>y mirar con ojos limpios<br>a ustedes, queridos compa\u00f1eros,<br>queridas compa\u00f1eras<br>por tan buenas acciones.<\/p>\n\n\n\n<p class=\"has-text-align-center\">\u00a1Si oyen alg\u00fan silbido!<br>Piensen, que en mi,<br>mis palabras<br>estar\u00e1n siempre llenas<br>de amor y amistad<br>y de lo que ustedes quieran.<\/p>\n\n\n\n<p class=\"has-text-align-center\">SIEMPRE, MI SINCERO HOMENAJE<\/p>\n\n\n\n<p class=\"has-text-align-center\"><strong>Autor: Eufrasio Navarro Fern\u00e1ndez<\/strong><\/p>\n<\/div><\/div><\/div>\n\n\n\n<div class=\"wp-block-kadence-pane kt-accordion-pane kt-accordion-pane-2 kt-pane3067_ef5ac9-1e\"><div class=\"kt-accordion-header-wrap\"><button class=\"kt-blocks-accordion-header kt-acccordion-button-label-show\" type=\"button\"><span class=\"kt-blocks-accordion-title-wrap\"><span class=\"kt-blocks-accordion-title\"><strong>La lucha por conseguir, normalidad<\/strong> &#8211; <strong>25\/11\/2021<\/strong><\/span><\/span><span class=\"kt-blocks-accordion-icon-trigger\"><\/span><\/button><\/div><div class=\"kt-accordion-panel kt-accordion-panel-hidden\"><div class=\"kt-accordion-panel-inner\">\n<p class=\"has-text-align-center\">Si ves que tengo fija la mirada<br>corre un poco la cortina del tiempo<br>si ves que estoy, pero no estoy<br>ser\u00e1 que estoy atrapado en la nada<br>mirando al pasado, viendo lo que soy.<\/p>\n\n\n\n<p class=\"has-text-align-center\">Un manojo de lluvia, ca\u00eddo del cielo<br>sin saber, si las nubes son: negras o blancas<br>y los sentimientos, se revelan por ese vuelo<br>sin querer romper el jarr\u00f3n de porcelana.<\/p>\n\n\n\n<p class=\"has-text-align-center\">Si ves mis ojos, posiblemente ver\u00e1s l\u00e1grimas<br>al evaporarse mis recuerdos. No quiero ser nada<br>y no se decir, de mi desesperaci\u00f3n m\u00e1xima<br>en espera del claro que me saque de la nada.<\/p>\n\n\n\n<p class=\"has-text-align-center\">Alzheimer, mi quimera ser\u00e1 un f\u00e1rmaco<br>de la ciencia inscrita en la esperanza<br>mientras tanto, me mover\u00e9 como un galgo<br>intentando romper el cord\u00f3n, que me atenaza.<\/p>\n\n\n\n<p class=\"has-text-align-center\"><strong>Autor: Eufrasio Navarro Fern\u00e1ndez<\/strong><\/p>\n<\/div><\/div><\/div>\n\n\n\n<div class=\"wp-block-kadence-pane kt-accordion-pane kt-accordion-pane-3 kt-pane3067_48dd88-1a\"><div class=\"kt-accordion-header-wrap\"><button class=\"kt-blocks-accordion-header kt-acccordion-button-label-show\" type=\"button\"><span class=\"kt-blocks-accordion-title-wrap\"><span class=\"kt-blocks-accordion-title\"><strong>Con tu ayuda yo vivo<\/strong> &#8211; <strong>11\/11\/2021<\/strong><\/span><\/span><span class=\"kt-blocks-accordion-icon-trigger\"><\/span><\/button><\/div><div class=\"kt-accordion-panel kt-accordion-panel-hidden\"><div class=\"kt-accordion-panel-inner\">\n<p class=\"has-text-align-center\">No me dejes<br>t\u00f3came la cara<br>es tuya, solo tuya<br>y por eso te pido<br>\u00abno me dejes\u00bb<br>yo, te amo.<\/p>\n\n\n\n<p class=\"has-text-align-center\">\u00bfQui\u00e9n soy?<br>Pregunto<br>te veo cada d\u00eda<br>y en mi mente solo hay<br>una frase<br>\u00abno me dejes\u00bb,<br>porque en mi mundo<br>solo estas t\u00fa<br>querida ama.<\/p>\n\n\n\n<p class=\"has-text-align-center\">Ama, vestida de blanco<br>suavizando el d\u00eda<br>y yo, pensando<br>solo estas tu<br>y por eso te pido<br>\u00abno me dejes\u00bb.<\/p>\n\n\n\n<p class=\"has-text-align-center\">Escuchemos al viento,<br>que solo t\u00fa, eres capaz<br>de suavizar el tacto<br>para mi contento.<\/p>\n\n\n\n<p class=\"has-text-align-center\">Con tu cuidado<br>mi Alzheimer<br>duerme mejor esta noche<br>\u00abno me dejes\u00bb.<\/p>\n\n\n\n<p class=\"has-text-align-center\"><strong>Autor: Eufrasio Navarro Fern\u00e1ndez<\/strong><\/p>\n<\/div><\/div><\/div>\n\n\n\n<div class=\"wp-block-kadence-pane kt-accordion-pane kt-accordion-pane-4 kt-pane3067_a6fb24-8f\"><div class=\"kt-accordion-header-wrap\"><button class=\"kt-blocks-accordion-header kt-acccordion-button-label-show\" type=\"button\"><span class=\"kt-blocks-accordion-title-wrap\"><span class=\"kt-blocks-accordion-title\"><strong>La opaca luz de los credos<\/strong> &#8211; <strong>28\/10\/2021<\/strong><\/span><\/span><span class=\"kt-blocks-accordion-icon-trigger\"><\/span><\/button><\/div><div class=\"kt-accordion-panel kt-accordion-panel-hidden\"><div class=\"kt-accordion-panel-inner\">\n<p class=\"has-text-align-center\">Alzheimer, \u00bfc\u00f3mo llega a nosotros?<br>Me ahogan las razones de los credos<br>comprobando que nada lo puede,<br>nada y solo quedan mis enojos<br>mirando a un cielo que no existe<br>y comportar el miedo que desprende<br>a unos seres que resisten<br>la vida, con su olvido perenne.<\/p>\n\n\n\n<p class=\"has-text-align-center\">Despreocupados, los hijos de la materia<br>cuando cogen sus ancestros pensamientos<br>como la divina y mal\u00e9fica arteria<br>Tan deteriorada en la vida como elemento.<\/p>\n\n\n\n<p class=\"has-text-align-center\">Es la luz opaca, para los sentimientos<br>de tanto padecer sin remedio<br>al no apostar el sistema con sus medios<br>y analizar con finos neutrinos<br>el final de esta lacra, son sus comportamientos.<\/p>\n\n\n\n<p class=\"has-text-align-center\">Seguir\u00e9 viajando en este t\u00fanel<br>E intentar\u00e9 ver esa boca de luz tibia<br>y pensar, que no hay lugar para el descredito<br>derrapando por los lodos de la lluvia<br>y surcar las fronteras de los hitos<br>esperando encontrar la sabidur\u00eda.<\/p>\n\n\n\n<p class=\"has-text-align-center\"><strong>Autor: Eufrasio Navarro Fern\u00e1ndez<\/strong><\/p>\n<\/div><\/div><\/div>\n\n\n\n<div class=\"wp-block-kadence-pane kt-accordion-pane kt-accordion-pane-5 kt-pane3067_6d4e44-07\"><div class=\"kt-accordion-header-wrap\"><button class=\"kt-blocks-accordion-header kt-acccordion-button-label-show\" type=\"button\"><span class=\"kt-blocks-accordion-title-wrap\"><span class=\"kt-blocks-accordion-title\"><strong>El Presente de la Ausencia<\/strong> &#8211; <strong>14\/10\/2021<\/strong><\/span><\/span><span class=\"kt-blocks-accordion-icon-trigger\"><\/span><\/button><\/div><div class=\"kt-accordion-panel kt-accordion-panel-hidden\"><div class=\"kt-accordion-panel-inner\">\n<p class=\"has-text-align-center\">Ya el mundo no es tan m\u00e1gico<br>y el campo se volver\u00e1 lento<br>por su pasado, ya no ser\u00e1 espejo<br>ser\u00e1, un mar de riscos.<\/p>\n\n\n\n<p class=\"has-text-align-center\">Y tendr\u00e9, que levantar la vista<br>Y, cada ma\u00f1ana, reconstruirla<br>\u00bfCu\u00e1ntos lugares dejaste?<br>En el tiempo, que te alejaste.<\/p>\n\n\n\n<p class=\"has-text-align-center\">Es ese tiempo, que me ir\u00e1 haciendo<br>El presente, seguro en ausencia<br>Y sin palabras, de otro tiempo<br>sin la apuesta de, la tal audiencia.<\/p>\n\n\n\n<p class=\"has-text-align-center\">La ausencia me golpea, como definitivo<br>Con mis cuerdas vocales, que se ahogan<br>Y se hunden, con voces en clandestino<br>Con mi garganta seca y sin eslogan.<\/p>\n\n\n\n<p class=\"has-text-align-center\"><strong>Autor: Eufrasio Navarro Fern\u00e1ndez<\/strong><\/p>\n<\/div><\/div><\/div>\n\n\n\n<div class=\"wp-block-kadence-pane kt-accordion-pane kt-accordion-pane-6 kt-pane3067_98e2c0-e1\"><div class=\"kt-accordion-header-wrap\"><button class=\"kt-blocks-accordion-header kt-acccordion-button-label-show\" type=\"button\"><span class=\"kt-blocks-accordion-title-wrap\"><span class=\"kt-blocks-accordion-title\"><strong>Serenata de un sue\u00f1o<\/strong> &#8211; <strong>30\/09\/2021<\/strong><\/span><\/span><span class=\"kt-blocks-accordion-icon-trigger\"><\/span><\/button><\/div><div class=\"kt-accordion-panel kt-accordion-panel-hidden\"><div class=\"kt-accordion-panel-inner\">\n<p class=\"has-text-align-center\">Olvid\u00e9 hablar con la mar<br>Olvid\u00e9 hablar con la tierra<br>Y la luz ilumin\u00f3 el sue\u00f1o<br>De un mundo nuevo.<\/p>\n\n\n\n<p class=\"has-text-align-center\">Cantar en serenata si pudiera<br>Canciones del alba y so\u00f1ar<br>Tanto, que ustedes me dieran<br>En este div\u00e1n de obrar.<\/p>\n\n\n\n<p class=\"has-text-align-center\">En mis pensamientos<br>Dibujados con el Alzheimer<br>Donde me hallo sin pesquisa<br>De los acontecimientos.<\/p>\n\n\n\n<p class=\"has-text-align-center\">Serenata, sue\u00f1os, vida<br>Dislocada y a la deriva,<br>Que me hizo, olvidar la mar<br>Y sin poder contemplar.<\/p>\n\n\n\n<p class=\"has-text-align-center\">La tierra, con el amor.<br>Olvid\u00e9 hablar con la mar<br>Olvid\u00e9 hablar con la tierra<br>Por este mundo nuevo.<\/p>\n\n\n\n<p class=\"has-text-align-center\"><strong>Autor: Eufrasio Navarro Fern\u00e1ndez<\/strong><\/p>\n<\/div><\/div><\/div>\n\n\n\n<div class=\"wp-block-kadence-pane kt-accordion-pane kt-accordion-pane-7 kt-pane3067_dd32ac-2f\"><div class=\"kt-accordion-header-wrap\"><button class=\"kt-blocks-accordion-header kt-acccordion-button-label-show\" type=\"button\"><span class=\"kt-blocks-accordion-title-wrap\"><span class=\"kt-blocks-accordion-title\"><strong>Buscando la memoria<\/strong> &#8211; <strong>16\/09\/2021<\/strong><\/span><\/span><span class=\"kt-blocks-accordion-icon-trigger\"><\/span><\/button><\/div><div class=\"kt-accordion-panel kt-accordion-panel-hidden\"><div class=\"kt-accordion-panel-inner\">\n<p class=\"has-text-align-center\">Siempre te quiero y te quiero<br>con m\u00e1s ilusi\u00f3n el tenerte<br>busco, en la tierra y en la mar<br>la medicina que me a m\u00ed me lleve<br>a tu memoria con desespero<br>y a la vida, para descansar.<\/p>\n\n\n\n<p class=\"has-text-align-center\">\u00a1Ay, Alzheimer de o\u00eddos sordos!<br>\u00bfCu\u00e1ndo vas a parar y parar?<br>Sin estaci\u00f3n para el trasbordo,<br>que en la tierra o en la mar<br>ya no hay surcos, para germinar.<\/p>\n\n\n\n<p class=\"has-text-align-center\">Mis versos, el ant\u00eddoto te har\u00e9 llegar<br>con los sue\u00f1os. Y navegar y caminar<br>en el tiempo de ayer y hoy<br>hasta fundirnos los dos, porque estoy<br>para quererte y quererte y divisar,<br>las cumbres, t\u00fa y yo al mirar.<\/p>\n\n\n\n<p class=\"has-text-align-center\">La vida, compa\u00f1ero, compa\u00f1era<br>para disfrutar y pensar, pensar<br>en lo nuevo, que nos llegara.<\/p>\n\n\n\n<p class=\"has-text-align-center\"><strong>Autor: Eufrasio Navarro Fern\u00e1ndez<\/strong><\/p>\n<\/div><\/div><\/div>\n\n\n\n<div class=\"wp-block-kadence-pane kt-accordion-pane kt-accordion-pane-8 kt-pane3067_6a97ca-65\"><div class=\"kt-accordion-header-wrap\"><button class=\"kt-blocks-accordion-header kt-acccordion-button-label-show\" type=\"button\"><span class=\"kt-blocks-accordion-title-wrap\"><span class=\"kt-blocks-accordion-title\"><strong>Sabia nueva para el Alzheimer<\/strong> &#8211; <strong>27\/05\/2021<\/strong><\/span><\/span><span class=\"kt-blocks-accordion-icon-trigger\"><\/span><\/button><\/div><div class=\"kt-accordion-panel kt-accordion-panel-hidden\"><div class=\"kt-accordion-panel-inner\">\n<p class=\"has-text-align-center\">Ilusi\u00f3n, compromiso, magnitud<br>con todas sus puertas abiertas,<br>a la generosidad.,<br>j\u00f3venes vestidos de amor<br>para con los dem\u00e1s<br>en su mejor hacer, su humanidad.<\/p>\n\n\n\n<p class=\"has-text-align-center\">Son j\u00f3venes, desprendiendo sabor<br>a quien lo necesita.,<br>son, la esperanza nueva<br>son, t\u00e9cnicos sociosanitarios<br>con sus manos limpias<br>y en su cara, mil sonrisas<br>en el escenario del Alzheimer<br>direcci\u00f3n, (AFA, And\u00fajar).<\/p>\n\n\n\n<p class=\"has-text-align-center\">Pr\u00e1cticas, desarrollo, entusiasmo<br>en un mundo de olvidos<br>su empe\u00f1o, hacer nuevos caminos<br>con los queridos usuarios caso, acaso.<\/p>\n\n\n\n<p class=\"has-text-align-center\">Son, t\u00e9cnicos sociosanitarios y su avance<br>con, su cultura su aval, el mejor romance.<\/p>\n\n\n\n<p class=\"has-text-align-center\"><strong>Autor: Eufrasio Navarro Fern\u00e1ndez<\/strong><\/p>\n<\/div><\/div><\/div>\n\n\n\n<div class=\"wp-block-kadence-pane kt-accordion-pane kt-accordion-pane-9 kt-pane3067_b672f1-06\"><div class=\"kt-accordion-header-wrap\"><button class=\"kt-blocks-accordion-header kt-acccordion-button-label-show\" type=\"button\"><span class=\"kt-blocks-accordion-title-wrap\"><span class=\"kt-blocks-accordion-title\"><strong>A esa enfermedad llamada Alzheimer<\/strong> &#8211; <strong>13\/05\/2021<\/strong><\/span><\/span><span class=\"kt-blocks-accordion-icon-trigger\"><\/span><\/button><\/div><div class=\"kt-accordion-panel kt-accordion-panel-hidden\"><div class=\"kt-accordion-panel-inner\">\n<p class=\"has-text-align-center\">Cuando llegue el d\u00eda,<br>que seguramente llegar\u00e1,<br>ahora que puedo recordar,<br>por favor os pido.<\/p>\n\n\n\n<p class=\"has-text-align-center\">No me dej\u00e9is olvidar\u2026<\/p>\n\n\n\n<p class=\"has-text-align-center\">Que no me abandonen los colores<br>ni los nombres de las flores,<br>sus aromas me har\u00e1n viajar<br>y viajando sentir\u00e9. La brisa del mar.<\/p>\n\n\n\n<p class=\"has-text-align-center\">No me dej\u00e9is olvidar\u2026<\/p>\n\n\n\n<p class=\"has-text-align-center\">H\u00e1blame de los pajarillos<br>esos que vuelan tras el ventanal<br>en su vuelo vivir\u00e9 mi libertad.<\/p>\n\n\n\n<p class=\"has-text-align-center\">Hazme recordar\u2026<\/p>\n\n\n\n<p class=\"has-text-align-center\">Si el camino de lo vivido olvido,<br>con suavidad, toma mi mano<br>sus\u00farrame my lady al o\u00eddo<br>tu voz y tu piel me har\u00e1 vibrar.<\/p>\n\n\n\n<p class=\"has-text-align-center\">No me dejes olvidar\u2026<\/p>\n\n\n\n<p class=\"has-text-align-center\">Me oir\u00e1s balbucear palabras<br>agarra entonces mis libros<br>lee los m\u00e1s bellos poemas<br>despertar\u00e1s mis sentimientos.<\/p>\n\n\n\n<p class=\"has-text-align-center\">Hazme recordar\u2026<\/p>\n\n\n\n<p class=\"has-text-align-center\">Cuando del \u00e1rbol caigan las hojas<br>y lagrimas broten de mis ojos<br>h\u00e1blame de septiembre y octubre<br>la vida en mis brazos de nuevo acunar\u00e9.<\/p>\n\n\n\n<p class=\"has-text-align-center\">No me dejes olvidar\u2026<\/p>\n\n\n\n<p class=\"has-text-align-center\">Si mi risa se difumina<br>sonr\u00ede t\u00fa, haz sonar una canci\u00f3n<br>demos unos pasos al bailar<br>y mi alma te sonreir\u00e1.<br>Hazme recordar\u2026<\/p>\n\n\n\n<p class=\"has-text-align-center\">Si en la noche me invade el miedo<br>rod\u00e9ame con tus brazos,<br>h\u00e1blame de las estrellas en el cielo<br>de la magia de la luna en nos\u2026,<br>y cuando mi cuerpo, mi mente<br>mi alma conexi\u00f3n, ya no tengan<br>y el olvido a robar mi historia venga<br>cuando todo se vaya apagando<br>no te des por abatido.<br>Tan solo recu\u00e9rdame con amor<br>y con nuestro gran amor<br>tocar\u00e1s mi coraz\u00f3n, este jam\u00e1s olvida.<\/p>\n\n\n\n<p class=\"has-text-align-center\"><strong>Autora: Lourdes Mart\u00ednez Ronquillo<\/strong><\/p>\n<\/div><\/div><\/div>\n\n\n\n<div class=\"wp-block-kadence-pane kt-accordion-pane kt-accordion-pane-10 kt-pane3067_290654-97\"><div class=\"kt-accordion-header-wrap\"><button class=\"kt-blocks-accordion-header kt-acccordion-button-label-show\" type=\"button\"><span class=\"kt-blocks-accordion-title-wrap\"><span class=\"kt-blocks-accordion-title\"><strong>\u00a1Maltrato!<\/strong> &#8211; <strong>29\/04\/2021<\/strong><\/span><\/span><span class=\"kt-blocks-accordion-icon-trigger\"><\/span><\/button><\/div><div class=\"kt-accordion-panel kt-accordion-panel-hidden\"><div class=\"kt-accordion-panel-inner\">\n<p class=\"has-text-align-center\">No, o quiz\u00e1s hacemos bolillos del tiempo<br>nos empe\u00f1amos en vivir de espaldas<br>a cuanto nos rodea y, a los sentimientos<br>cuando los bolillos a\u00fan est\u00e1n, en mara\u00f1as.<\/p>\n\n\n\n<p class=\"has-text-align-center\">Se acerca un t\u00fanel, de pronto, de inmediato<br>por una carretera y ya, no lo ves claro<br>la luz, empieza a dar vueltas con espanto<br>y aparecen los gritos, es el Alzheimer\u2026,<br>se rompe la familia y los cuidados<br>por las negras homil\u00edas del enfurecer<br>a los vulgares listillos vestidos de paisanos.<\/p>\n\n\n\n<p class=\"has-text-align-center\">\u00bfPodremos ver alguna luz en el t\u00fanel?<br>ahora no, dicen los malditos barbaros<br>mientras el Alzheimer avanza tan cruel<br>e invade todo el espacio, hasta so\u00f1arlo.<\/p>\n\n\n\n<p class=\"has-text-align-center\">Alzheimer, demencia, m\u00e1s ciencia, esfuerzo,<br>de la cultura sin paliativos y gratuita<br>para, erradicar los gritos a los voceros<br>con sonrisas de amor y ver la vida, m\u00e1s bonita.<\/p>\n\n\n\n<p class=\"has-text-align-center\"><strong>Autor: Eufrasio Navarro Fern\u00e1ndez<\/strong><\/p>\n<\/div><\/div><\/div>\n\n\n\n<div class=\"wp-block-kadence-pane kt-accordion-pane kt-accordion-pane-11 kt-pane3067_567268-d7\"><div class=\"kt-accordion-header-wrap\"><button class=\"kt-blocks-accordion-header kt-acccordion-button-label-show\" type=\"button\"><span class=\"kt-blocks-accordion-title-wrap\"><span class=\"kt-blocks-accordion-title\"><strong>Parkinson m\u00e1s Parkinson<\/strong> &#8211; <strong>08\/04\/2021<\/strong><\/span><\/span><span class=\"kt-blocks-accordion-icon-trigger\"><\/span><\/button><\/div><div class=\"kt-accordion-panel kt-accordion-panel-hidden\"><div class=\"kt-accordion-panel-inner\">\n<p class=\"has-text-align-center\">Discurr\u00eda la vida<br>se amaban los sue\u00f1os<br>con ramilletes de sonrisas<br>y horizontes perfectos<br>de luces y m\u00e1s luces<br>en perfectas sinton\u00edas.<\/p>\n\n\n\n<p class=\"has-text-align-center\">Viene el agujero negro<br>inesperado<br>estableciendo poderes<br>de nombre, desesperado<br>sin atender el verbo<br>ya, ya no hay placeres<br>empieza el calvario.<\/p>\n\n\n\n<p class=\"has-text-align-center\">Las bonanzas desaparecen<br>con pa\u00f1os de sudarios<br>y el l\u00e1tigo se embravece<br>en los d\u00edas de diario.<\/p>\n\n\n\n<p class=\"has-text-align-center\">\u00a1Ay, siembra sin recoger!<br>Las malas hierbas se comen<br>sin poder tejer<br>el traje, que a m\u00ed me colme<br>para poder entender<br>lo que alrededor me pasa<br>ya, no quiero ni ver.<\/p>\n\n\n\n<p class=\"has-text-align-center\"><strong>Autor: Eufrasio Navarro Fern\u00e1ndez<\/strong><\/p>\n<\/div><\/div><\/div>\n\n\n\n<div class=\"wp-block-kadence-pane kt-accordion-pane kt-accordion-pane-12 kt-pane3067_43d4ca-1a\"><div class=\"kt-accordion-header-wrap\"><button class=\"kt-blocks-accordion-header kt-acccordion-button-label-show\" type=\"button\"><span class=\"kt-blocks-accordion-title-wrap\"><span class=\"kt-blocks-accordion-title\"><strong>Entre dos tiempos<\/strong> &#8211; <strong>25\/03\/2021<\/strong><\/span><\/span><span class=\"kt-blocks-accordion-icon-trigger\"><\/span><\/button><\/div><div class=\"kt-accordion-panel kt-accordion-panel-hidden\"><div class=\"kt-accordion-panel-inner\">\n<p class=\"has-text-align-center\">De mi ni\u00f1ez, me acuerdo<br>y de la escuela en invierno<br>con mi carpeta de trapo<br>llevaba la enciclopedia<br>esencial para el traspaso,<br>a ser mayor me dec\u00edan.<\/p>\n\n\n\n<p class=\"has-text-align-center\">Tiempo motriz en cuesti\u00f3n<br>y la incertidumbre futura<br>para ser hombre, aventura<br>de la vida en parang\u00f3n.<\/p>\n\n\n\n<p class=\"has-text-align-center\">Ahora, miradas perdidas<br>cuando la vida se ya yendo<br>con reacciones desde dentro<br>del nerviosismo en familia.<\/p>\n\n\n\n<p class=\"has-text-align-center\">Lo distinto no se acepta<br>pero ya no hay soluci\u00f3n<br>mi cabeza no est\u00e1 presta<br>a tanta descomposici\u00f3n.<\/p>\n\n\n\n<p class=\"has-text-align-center\">Escucho gritos, o lamentos<br>y no distingo si son llantos<br>o estoy cruzando dos tiempos,<br>que no entiendo, del quebranto.<\/p>\n\n\n\n<p class=\"has-text-align-center\">\u00a1Violencia dicen los sanos!<br>Ellos sabr\u00e1n, no me hallo<br>ya toca dormir sin memoria<br>el ma\u00f1ana ser\u00e1 una noria,<br>que rueda en este ocaso.<\/p>\n\n\n\n<p class=\"has-text-align-center\"><strong>Autor: Eufrasio Navarro Fern\u00e1ndez<\/strong><\/p>\n<\/div><\/div><\/div>\n\n\n\n<div class=\"wp-block-kadence-pane kt-accordion-pane kt-accordion-pane-13 kt-pane3067_018512-8a\"><div class=\"kt-accordion-header-wrap\"><button class=\"kt-blocks-accordion-header kt-acccordion-button-label-show\" type=\"button\"><span class=\"kt-blocks-accordion-title-wrap\"><span class=\"kt-blocks-accordion-title\"><strong>Nacido en sierra del sur y agua D. Manuel Serrano Baeza Nuestro homenaje<\/strong> &#8211; <strong>11\/03\/2021<\/strong><\/span><\/span><span class=\"kt-blocks-accordion-icon-trigger\"><\/span><\/button><\/div><div class=\"kt-accordion-panel kt-accordion-panel-hidden\"><div class=\"kt-accordion-panel-inner\">\n<p class=\"has-text-align-center\">Delirios naturales con fragancias nuevas<br>nacido como hombre entre manantiales<br>y fuiste genio, entre las m\u00e1s bellas sierras<br>del sur, m\u00e1gica con sus macetas (Frailes)<br>que el viendo te llev\u00f3 a escarpar la vida<br>con tu tes\u00f3n de ser \u00fanico en may\u00fascula<br>conquistando sentimientos en tu ambula.<\/p>\n\n\n\n<p class=\"has-text-align-center\">No pudiste tener mejor pilar, tu compa\u00f1era<br>de nombre (Dulce) y apellidos de longitud<br>(Milla) m\u00e1s el segundo, su provincia (Ja\u00e9n),<br>que con tanta escalada naci\u00f3 el amor<br>derrochando proverbios sin quimeras<br>por los caminos andaluces, fijando latitud<br>en todos los campos aireados del sur.<\/p>\n\n\n\n<p class=\"has-text-align-center\">Esparcisteis semillas desde la sierra a la mar<br>y de nuevo alumbrasteis vida, vuestras hijas<br>ya, en el ocaso el regocijo de vuestras\/os nietas\/os<br>hilando en ramal fuerte, vuestra existencia.<\/p>\n\n\n\n<p class=\"has-text-align-center\">Persistente mi homenaje, con agua y sierra<br>para ti, Manuel Serrano Baeza, exquisito<br>que desde tu asociaci\u00f3n AFA-And\u00fajar<br>has entrado en el m\u00e1s bonito recuerdo<br>con el mejor de los lemas (Conseguido).<\/p>\n\n\n\n<p class=\"has-text-align-center\">Manuel, si nos ves desde all\u00ed arriba<br>dibuja cual fue nuestro compromiso contigo<br>con fondo en la acuarela, tu mejor sonrisa.<\/p>\n\n\n\n<p class=\"has-text-align-center\"><strong>Autor: Eufrasio Navarro Fern\u00e1ndez<\/strong><\/p>\n<\/div><\/div><\/div>\n\n\n\n<div class=\"wp-block-kadence-pane kt-accordion-pane kt-accordion-pane-14 kt-pane3067_eff887-b7\"><div class=\"kt-accordion-header-wrap\"><button class=\"kt-blocks-accordion-header kt-acccordion-button-label-show\" type=\"button\"><span class=\"kt-blocks-accordion-title-wrap\"><span class=\"kt-blocks-accordion-title\"><strong>El cuidado<\/strong> &#8211; <strong>25\/02\/2021<\/strong><\/span><\/span><span class=\"kt-blocks-accordion-icon-trigger\"><\/span><\/button><\/div><div class=\"kt-accordion-panel kt-accordion-panel-hidden\"><div class=\"kt-accordion-panel-inner\">\n<p class=\"has-text-align-center\">Se han cambiado las estructuras<br>cavando sobre la metaf\u00edsica<br>las unidades del tiempo son miras<br>desde lo ancho a las alturas.<\/p>\n\n\n\n<p class=\"has-text-align-center\">Es la memoria inquieta, que no cesa<br>situarse en el lugar de otro tiempo<br>andando por espacios abiertos<br>con normalidad con vista gruesa.<\/p>\n\n\n\n<p class=\"has-text-align-center\">Ahora es, el cuidado de lo externo<br>ahora es, la dependencia por derecho<br>con el techo del Alzheimer sin paliativos<br>por tantos y tantos a\u00f1os vividos.<\/p>\n\n\n\n<p class=\"has-text-align-center\">En el lumbral de la mejor familia<br>sin predecir \u00a1Donde estar\u00e1 el destino!<br>Pero llega, el tiempo con tal homil\u00eda<br>Y el saber de haber tenido, tanto tino.<\/p>\n\n\n\n<p class=\"has-text-align-center\">Personas, ahora en un bus especial<br>mirando por las ventanillas, viendo<br>como pasan los d\u00edas, su ejemplaridad<br>intuyendo por natural, que se van yendo.<\/p>\n\n\n\n<p class=\"has-text-align-center\"><strong>Autor: Eufrasio Navarro Fern\u00e1ndez<\/strong><\/p>\n<\/div><\/div><\/div>\n\n\n\n<div class=\"wp-block-kadence-pane kt-accordion-pane kt-accordion-pane-15 kt-pane3067_138489-2a\"><div class=\"kt-accordion-header-wrap\"><button class=\"kt-blocks-accordion-header kt-acccordion-button-label-show\" type=\"button\"><span class=\"kt-blocks-accordion-title-wrap\"><span class=\"kt-blocks-accordion-title\"><strong>La tempestad del Alzheimer<\/strong> &#8211; <strong>11\/02\/2021<\/strong><\/span><\/span><span class=\"kt-blocks-accordion-icon-trigger\"><\/span><\/button><\/div><div class=\"kt-accordion-panel kt-accordion-panel-hidden\"><div class=\"kt-accordion-panel-inner\">\n<p class=\"has-text-align-center\">Las costumbres se hicieron viejas<br>cambiaron las casas silenciosamente<br>mirando hacia el cielo, ya no hay tejas<br>y el ruido se convirti\u00f3 en estridente<br>y las nubes se hicieron niebla.<\/p>\n\n\n\n<p class=\"has-text-align-center\">Los a\u00f1os avanzan hacia ninguna parte,<br>los lagos se llenan de escarcha<br>y no reflejan la claridad de su agua<br>y el sentido se convierte, en punto y aparte.<\/p>\n\n\n\n<p class=\"has-text-align-center\">Las miradas se pierden en la soledad<br>de un presente, llamado eternidad<br>y los besos chocan con fuerza contra el aire<br>de la maldita enfermedad del Alzheimer<br>que llega, silenciosa y cobarde.<\/p>\n\n\n\n<p class=\"has-text-align-center\">Un grito lanza el pensamiento a la memoria<br>oigan ustedes y acu\u00e9rdense de la historia<br>cuando el cari\u00f1o estaba, ali\u00f1ado de gestos<br>y las manos acariciaban tan honestos.<\/p>\n\n\n\n<p class=\"has-text-align-center\">\u00a1Ay, del sufrimiento que no se ve!<br>Cuando la memoria se pierde entre muros<br>ya nada cuelga, ni fotos en la pared<br>y por ello reivindico cada d\u00eda,<br>que los enfermos siguen siendo, el mejor mundo<br>donde, las cosas se convierten en alegr\u00edas.<\/p>\n\n\n\n<p class=\"has-text-align-center\"><strong>Autor: Eufrasio Navarro Fern\u00e1ndez<\/strong><\/p>\n<\/div><\/div><\/div>\n\n\n\n<div class=\"wp-block-kadence-pane kt-accordion-pane kt-accordion-pane-16 kt-pane3067_9bda06-e4\"><div class=\"kt-accordion-header-wrap\"><button class=\"kt-blocks-accordion-header kt-acccordion-button-label-show\" type=\"button\"><span class=\"kt-blocks-accordion-title-wrap\"><span class=\"kt-blocks-accordion-title\"><strong>De nombre compromiso<\/strong> &#8211; <strong>28\/01\/2021<\/strong><\/span><\/span><span class=\"kt-blocks-accordion-icon-trigger\"><\/span><\/button><\/div><div class=\"kt-accordion-panel kt-accordion-panel-hidden\"><div class=\"kt-accordion-panel-inner\">\n<p class=\"has-text-align-center\">Me pierdo pensando, en un mar de inventos<br>me pierdo en resoluciones, que me ata\u00f1en<br>me pierdo en las p\u00e1ginas, de conventos<br>me pierdo con la fr\u00e1gil memoria que arde.<\/p>\n\n\n\n<p class=\"has-text-align-center\">De los que redactan organigramas de parches<br>donde la afici\u00f3n es, las etiquetas de cuentos<br>sus hojas, repletas para memorias con baches<br>y yo digo, certificados firmados de compromiso.<\/p>\n\n\n\n<p class=\"has-text-align-center\">Por los que pueden y deben, allanar el camino<br>a los que ahora son distintos, en su tiempo<br>son, los que muchos entienden por prescritos<br>atendidos siempre, por cuidadores de aumento.<\/p>\n\n\n\n<p class=\"has-text-align-center\">Servidores, servidoras, llamados compromiso<br>en el gran mar de la inconciencia del olvido<br>sin ablentar en el aire, del poder hacer<br>caravanas de risas, en los parques del nacer.<\/p>\n\n\n\n<p class=\"has-text-align-center\">Solo busco un compromiso, cuesti\u00f3n de estado<br>adivinar el pensamiento cuando se olvida<br>y atender, a quienes de nosotros necesita<br>la consideraci\u00f3n de todos, con lazos bien atados.<\/p>\n\n\n\n<p class=\"has-text-align-center\"><strong>Autor: Eufrasio Navarro Fern\u00e1ndez<\/strong><\/p>\n<\/div><\/div><\/div>\n\n\n\n<div class=\"wp-block-kadence-pane kt-accordion-pane kt-accordion-pane-17 kt-pane3067_226d8b-bd\"><div class=\"kt-accordion-header-wrap\"><button class=\"kt-blocks-accordion-header kt-acccordion-button-label-show\" type=\"button\"><span class=\"kt-blocks-accordion-title-wrap\"><span class=\"kt-blocks-accordion-title\"><strong>Una de vida<\/strong> &#8211; <strong>14\/01\/2021<\/strong><\/span><\/span><span class=\"kt-blocks-accordion-icon-trigger\"><\/span><\/button><\/div><div class=\"kt-accordion-panel kt-accordion-panel-hidden\"><div class=\"kt-accordion-panel-inner\">\n<p class=\"has-text-align-center\">Mi utop\u00eda, la vida<br>mi compromiso conseguirla<br>en un estado vulgar<br>de una sociedad dirigida<br>donde el objetivo es acabar<br>con la mejor voluntad.<\/p>\n\n\n\n<p class=\"has-text-align-center\">De seres, buenos<br>con su piel marchita<br>por tantos sin sabores<br>que las administraciones<br>obvian en sus intentos<br>de considerarlos en bien,<br>y sin dignificar sus almas<br>hablamos, de mayores.<\/p>\n\n\n\n<p class=\"has-text-align-center\">Mi utop\u00eda, la vida<br>con la lucha y la solidaridad<br>para con los m\u00e1s d\u00e9biles<br>y el abrazo al que da<br>sin pedir nada a cambio,<br>hablamos de lo publico<br>la aut\u00e9ntica solidaridad.<\/p>\n\n\n\n<p class=\"has-text-align-center\">Trabajadores demostrados<br>en la incoherencia del poder<br>por no reconocer<br>los que trabajan sin tener<br>la igualdad como todos<br>a pesar, de su singularidad.<\/p>\n\n\n\n<p class=\"has-text-align-center\">En asociaciones sociales<br>por ejemplo, en Alzheimer<br>para m\u00ed, cuesti\u00f3n de estado<br>servidores p\u00fablicos<br>y no igual remunerados.<\/p>\n\n\n\n<p class=\"has-text-align-center\"><strong>Autor: Eufrasio Navarro Fern\u00e1ndez<\/strong><\/p>\n<\/div><\/div><\/div>\n<\/div><\/div><\/div>\n<\/div><\/div>\n\n\n\n<div class=\"wp-block-kadence-tab kt-tab-inner-content kt-inner-tab-6 kt-inner-tabd66364-0b\"><div class=\"kt-tab-inner-content-inner\"><style>.kt-accordion-id3067_8f575b-cd .kt-accordion-inner-wrap{column-gap:var(--global-kb-gap-md, 2rem);row-gap:10px;}.kt-accordion-id3067_8f575b-cd .kt-accordion-panel-inner{border-top:0px solid transparent;border-right:0px solid transparent;border-bottom:0px solid transparent;border-left:0px solid transparent;background:#ffffff;padding-top:var(--global-kb-spacing-sm, 1.5rem);padding-right:var(--global-kb-spacing-sm, 1.5rem);padding-bottom:var(--global-kb-spacing-sm, 1.5rem);padding-left:var(--global-kb-spacing-sm, 1.5rem);}.kt-accordion-id3067_8f575b-cd > .kt-accordion-inner-wrap > .wp-block-kadence-pane > .kt-accordion-header-wrap > .kt-blocks-accordion-header{border-top:0px solid #f2f2f2;border-right:0px solid #f2f2f2;border-bottom:0px solid #f2f2f2;border-left:0px solid #f2f2f2;border-top-left-radius:6px;border-top-right-radius:6px;border-bottom-right-radius:6px;border-bottom-left-radius:6px;background:#f2f2f2;color:#555555;padding-top:14px;padding-right:16px;padding-bottom:14px;padding-left:16px;}.kt-accordion-id3067_8f575b-cd:not( .kt-accodion-icon-style-basiccircle ):not( .kt-accodion-icon-style-xclosecircle ):not( .kt-accodion-icon-style-arrowcircle )  > .kt-accordion-inner-wrap > .wp-block-kadence-pane > .kt-accordion-header-wrap .kt-blocks-accordion-icon-trigger:after, .kt-accordion-id3067_8f575b-cd:not( .kt-accodion-icon-style-basiccircle ):not( .kt-accodion-icon-style-xclosecircle ):not( .kt-accodion-icon-style-arrowcircle )  > .kt-accordion-inner-wrap > .wp-block-kadence-pane > .kt-accordion-header-wrap .kt-blocks-accordion-icon-trigger:before{background:#555555;}.kt-accordion-id3067_8f575b-cd:not( .kt-accodion-icon-style-basic ):not( .kt-accodion-icon-style-xclose ):not( .kt-accodion-icon-style-arrow ) .kt-blocks-accordion-icon-trigger{background:#555555;}.kt-accordion-id3067_8f575b-cd:not( .kt-accodion-icon-style-basic ):not( .kt-accodion-icon-style-xclose ):not( .kt-accodion-icon-style-arrow ) .kt-blocks-accordion-icon-trigger:after, .kt-accordion-id3067_8f575b-cd:not( .kt-accodion-icon-style-basic ):not( .kt-accodion-icon-style-xclose ):not( .kt-accodion-icon-style-arrow ) .kt-blocks-accordion-icon-trigger:before{background:#f2f2f2;}.kt-accordion-id3067_8f575b-cd > .kt-accordion-inner-wrap > .wp-block-kadence-pane > .kt-accordion-header-wrap > .kt-blocks-accordion-header:hover, \n\t\t\t\tbody:not(.hide-focus-outline) .kt-accordion-id3067_8f575b-cd .kt-blocks-accordion-header:focus-visible{color:#444444;background:#eeeeee;border-top-color:#eeeeee;border-top-style:solid;border-right-color:#eeeeee;border-right-style:solid;border-bottom-color:#eeeeee;border-bottom-style:solid;border-left-color:#eeeeee;border-left-style:solid;}.kt-accordion-id3067_8f575b-cd:not( .kt-accodion-icon-style-basiccircle ):not( .kt-accodion-icon-style-xclosecircle ):not( .kt-accodion-icon-style-arrowcircle ) .kt-accordion-header-wrap .kt-blocks-accordion-header:hover .kt-blocks-accordion-icon-trigger:after, .kt-accordion-id3067_8f575b-cd:not( .kt-accodion-icon-style-basiccircle ):not( .kt-accodion-icon-style-xclosecircle ):not( .kt-accodion-icon-style-arrowcircle ) .kt-accordion-header-wrap .kt-blocks-accordion-header:hover .kt-blocks-accordion-icon-trigger:before, body:not(.hide-focus-outline) .kt-accordion-id3067_8f575b-cd:not( .kt-accodion-icon-style-basiccircle ):not( .kt-accodion-icon-style-xclosecircle ):not( .kt-accodion-icon-style-arrowcircle ) .kt-blocks-accordion--visible .kt-blocks-accordion-icon-trigger:after, body:not(.hide-focus-outline) .kt-accordion-id3067_8f575b-cd:not( .kt-accodion-icon-style-basiccircle ):not( .kt-accodion-icon-style-xclosecircle ):not( .kt-accodion-icon-style-arrowcircle ) .kt-blocks-accordion-header:focus-visible .kt-blocks-accordion-icon-trigger:before{background:#444444;}.kt-accordion-id3067_8f575b-cd:not( .kt-accodion-icon-style-basic ):not( .kt-accodion-icon-style-xclose ):not( .kt-accodion-icon-style-arrow ) .kt-accordion-header-wrap .kt-blocks-accordion-header:hover .kt-blocks-accordion-icon-trigger, body:not(.hide-focus-outline) .kt-accordion-id3067_8f575b-cd:not( .kt-accodion-icon-style-basic ):not( .kt-accodion-icon-style-xclose ):not( .kt-accodion-icon-style-arrow ) .kt-accordion-header-wrap .kt-blocks-accordion-header:focus-visible .kt-blocks-accordion-icon-trigger{background:#444444;}.kt-accordion-id3067_8f575b-cd:not( .kt-accodion-icon-style-basic ):not( .kt-accodion-icon-style-xclose ):not( .kt-accodion-icon-style-arrow ) .kt-accordion-header-wrap .kt-blocks-accordion-header:hover .kt-blocks-accordion-icon-trigger:after, .kt-accordion-id3067_8f575b-cd:not( .kt-accodion-icon-style-basic ):not( .kt-accodion-icon-style-xclose ):not( .kt-accodion-icon-style-arrow ) .kt-accordion-header-wrap .kt-blocks-accordion-header:hover .kt-blocks-accordion-icon-trigger:before, body:not(.hide-focus-outline) .kt-accordion-id3067_8f575b-cd:not( .kt-accodion-icon-style-basic ):not( .kt-accodion-icon-style-xclose ):not( .kt-accodion-icon-style-arrow ) .kt-accordion-header-wrap .kt-blocks-accordion-header:focus-visible .kt-blocks-accordion-icon-trigger:after, body:not(.hide-focus-outline) .kt-accordion-id3067_8f575b-cd:not( .kt-accodion-icon-style-basic ):not( .kt-accodion-icon-style-xclose ):not( .kt-accodion-icon-style-arrow ) .kt-accordion-header-wrap .kt-blocks-accordion-header:focus-visible .kt-blocks-accordion-icon-trigger:before{background:#eeeeee;}.kt-accordion-id3067_8f575b-cd .kt-accordion-header-wrap .kt-blocks-accordion-header:focus-visible,\n\t\t\t\t.kt-accordion-id3067_8f575b-cd > .kt-accordion-inner-wrap > .wp-block-kadence-pane > .kt-accordion-header-wrap > .kt-blocks-accordion-header.kt-accordion-panel-active{color:#ffffff;background:#f3690e;border-top-color:#f3690e;border-top-style:solid;border-right-color:#f3690e;border-right-style:solid;border-bottom-color:#f3690e;border-bottom-style:solid;border-left-color:#f3690e;border-left-style:solid;}.kt-accordion-id3067_8f575b-cd:not( .kt-accodion-icon-style-basiccircle ):not( .kt-accodion-icon-style-xclosecircle ):not( .kt-accodion-icon-style-arrowcircle )  > .kt-accordion-inner-wrap > .wp-block-kadence-pane > .kt-accordion-header-wrap > .kt-blocks-accordion-header.kt-accordion-panel-active .kt-blocks-accordion-icon-trigger:after, .kt-accordion-id3067_8f575b-cd:not( .kt-accodion-icon-style-basiccircle ):not( .kt-accodion-icon-style-xclosecircle ):not( .kt-accodion-icon-style-arrowcircle )  > .kt-accordion-inner-wrap > .wp-block-kadence-pane > .kt-accordion-header-wrap > .kt-blocks-accordion-header.kt-accordion-panel-active .kt-blocks-accordion-icon-trigger:before{background:#ffffff;}.kt-accordion-id3067_8f575b-cd:not( .kt-accodion-icon-style-basic ):not( .kt-accodion-icon-style-xclose ):not( .kt-accodion-icon-style-arrow ) .kt-blocks-accordion-header.kt-accordion-panel-active .kt-blocks-accordion-icon-trigger{background:#ffffff;}.kt-accordion-id3067_8f575b-cd:not( .kt-accodion-icon-style-basic ):not( .kt-accodion-icon-style-xclose ):not( .kt-accodion-icon-style-arrow ) .kt-blocks-accordion-header.kt-accordion-panel-active .kt-blocks-accordion-icon-trigger:after, .kt-accordion-id3067_8f575b-cd:not( .kt-accodion-icon-style-basic ):not( .kt-accodion-icon-style-xclose ):not( .kt-accodion-icon-style-arrow ) .kt-blocks-accordion-header.kt-accordion-panel-active .kt-blocks-accordion-icon-trigger:before{background:#f3690e;}@media all and (max-width: 1024px){.kt-accordion-id3067_8f575b-cd .kt-accordion-panel-inner{border-top:0px solid transparent;border-right:0px solid transparent;border-bottom:0px solid transparent;border-left:0px solid transparent;}}@media all and (max-width: 1024px){.kt-accordion-id3067_8f575b-cd > .kt-accordion-inner-wrap > .wp-block-kadence-pane > .kt-accordion-header-wrap > .kt-blocks-accordion-header{border-top:0px solid #f2f2f2;border-right:0px solid #f2f2f2;border-bottom:0px solid #f2f2f2;border-left:0px solid #f2f2f2;}}@media all and (max-width: 1024px){.kt-accordion-id3067_8f575b-cd > .kt-accordion-inner-wrap > .wp-block-kadence-pane > .kt-accordion-header-wrap > .kt-blocks-accordion-header:hover, \n\t\t\t\tbody:not(.hide-focus-outline) .kt-accordion-id3067_8f575b-cd .kt-blocks-accordion-header:focus-visible{border-top-color:#eeeeee;border-top-style:solid;border-right-color:#eeeeee;border-right-style:solid;border-bottom-color:#eeeeee;border-bottom-style:solid;border-left-color:#eeeeee;border-left-style:solid;}}@media all and (max-width: 1024px){.kt-accordion-id3067_8f575b-cd .kt-accordion-header-wrap .kt-blocks-accordion-header:focus-visible,\n\t\t\t\t.kt-accordion-id3067_8f575b-cd > .kt-accordion-inner-wrap > .wp-block-kadence-pane > .kt-accordion-header-wrap > .kt-blocks-accordion-header.kt-accordion-panel-active{border-top-color:#f3690e;border-top-style:solid;border-right-color:#f3690e;border-right-style:solid;border-bottom-color:#f3690e;border-bottom-style:solid;border-left-color:#f3690e;border-left-style:solid;}}@media all and (max-width: 767px){.kt-accordion-id3067_8f575b-cd .kt-accordion-inner-wrap{display:block;}.kt-accordion-id3067_8f575b-cd .kt-accordion-inner-wrap .kt-accordion-pane:not(:first-child){margin-top:10px;}.kt-accordion-id3067_8f575b-cd .kt-accordion-panel-inner{border-top:0px solid transparent;border-right:0px solid transparent;border-bottom:0px solid transparent;border-left:0px solid transparent;}.kt-accordion-id3067_8f575b-cd > .kt-accordion-inner-wrap > .wp-block-kadence-pane > .kt-accordion-header-wrap > .kt-blocks-accordion-header{border-top:0px solid #f2f2f2;border-right:0px solid #f2f2f2;border-bottom:0px solid #f2f2f2;border-left:0px solid #f2f2f2;}.kt-accordion-id3067_8f575b-cd > .kt-accordion-inner-wrap > .wp-block-kadence-pane > .kt-accordion-header-wrap > .kt-blocks-accordion-header:hover, \n\t\t\t\tbody:not(.hide-focus-outline) .kt-accordion-id3067_8f575b-cd .kt-blocks-accordion-header:focus-visible{border-top-color:#eeeeee;border-top-style:solid;border-right-color:#eeeeee;border-right-style:solid;border-bottom-color:#eeeeee;border-bottom-style:solid;border-left-color:#eeeeee;border-left-style:solid;}.kt-accordion-id3067_8f575b-cd .kt-accordion-header-wrap .kt-blocks-accordion-header:focus-visible,\n\t\t\t\t.kt-accordion-id3067_8f575b-cd > .kt-accordion-inner-wrap > .wp-block-kadence-pane > .kt-accordion-header-wrap > .kt-blocks-accordion-header.kt-accordion-panel-active{border-top-color:#f3690e;border-top-style:solid;border-right-color:#f3690e;border-right-style:solid;border-bottom-color:#f3690e;border-bottom-style:solid;border-left-color:#f3690e;border-left-style:solid;}}<\/style>\n<div class=\"wp-block-kadence-accordion alignnone\"><div class=\"kt-accordion-wrap kt-accordion-id3067_8f575b-cd kt-accordion-has-13-panes kt-active-pane-0 kt-accordion-block kt-pane-header-alignment-left kt-accodion-icon-style-basic kt-accodion-icon-side-right\" style=\"max-width:none\"><div class=\"kt-accordion-inner-wrap\" data-allow-multiple-open=\"false\" data-start-open=\"none\">\n<div class=\"wp-block-kadence-pane kt-accordion-pane kt-accordion-pane-1 kt-pane3067_70420f-d9\"><div class=\"kt-accordion-header-wrap\"><button class=\"kt-blocks-accordion-header kt-acccordion-button-label-show\" type=\"button\"><span class=\"kt-blocks-accordion-title-wrap\"><span class=\"kt-blocks-accordion-title\"><strong>Proceso &#8211; 10\/12\/20<\/strong><\/span><\/span><span class=\"kt-blocks-accordion-icon-trigger\"><\/span><\/button><\/div><div class=\"kt-accordion-panel kt-accordion-panel-hidden\"><div class=\"kt-accordion-panel-inner\">\n<p class=\"has-text-align-center\">\u00bfCu\u00e1l es, la impronta del destino?<br>\u00a1No se sabe la aparici\u00f3n del hombre!<br>Con un proceso de ocultismo\u2026,<br>y el pensamiento se hizo racional<br>para la gloria de lo m\u00e1s pobre<br>como es, la ambig\u00fcedad.<\/p>\n\n\n\n<p class=\"has-text-align-center\">Memoria, en el hombre es incondicional<br>-a su proceso- sin apenas saber elaborar<br>su pensar, que se dilata en el nuevo estado<br>pero, el musculo con la vida va despacio<br>y las neuronas se cristalizan<br>en el marco del inmenso espacio.<\/p>\n\n\n\n<p class=\"has-text-align-center\">Ocurrencias del destino que,<br>al concurrir los filamentos conductores,<br>se hacen madejas, provocando corta-circuitos<br>con la creaci\u00f3n de los propios motores<br>del tiempo imaginario, con la figura del mito.<\/p>\n\n\n\n<p class=\"has-text-align-center\">El pensamiento aparece siempre individual<br>con la vulnerabilidad de la existencia<br>cuando, el cerebro empieza a ser dual<br>y se desliza por la inconsciencia.<\/p>\n\n\n\n<p class=\"has-text-align-center\">Maldita prote\u00edna que se aparta del redil<br>de la costumbre, la normalidad y.<br>Aparece el Alzheimer sin dar tregua<br>al ordenamiento compartido tan sutil<br>y tan fr\u00e1gil sin apenas sentir.<br>Cada d\u00eda, cada tiempo provocando mareas<br>en el pensamiento.<\/p>\n\n\n\n<p class=\"has-text-align-center\"><strong>Autor: Eufrasio Navarro Fern\u00e1ndez<\/strong><\/p>\n<\/div><\/div><\/div>\n\n\n\n<div class=\"wp-block-kadence-pane kt-accordion-pane kt-accordion-pane-2 kt-pane3067_08cc58-9e\"><div class=\"kt-accordion-header-wrap\"><button class=\"kt-blocks-accordion-header kt-acccordion-button-label-show\" type=\"button\"><span class=\"kt-blocks-accordion-title-wrap\"><span class=\"kt-blocks-accordion-title\"><strong>Serenata para el amor intr\u00ednseco &#8211; 26\/11\/20<\/strong><\/span><\/span><span class=\"kt-blocks-accordion-icon-trigger\"><\/span><\/button><\/div><div class=\"kt-accordion-panel kt-accordion-panel-hidden\"><div class=\"kt-accordion-panel-inner\">\n<p class=\"has-text-align-center\">Hubo un tiempo que sent\u00ed<br>ser un arlequ\u00edn de carne y hueso<br>y nadar por los anales de la vida<br>para con mis locuras hacerte feliz<br>desde la escriban\u00eda de mis versos<br>y amar, amarte siempre d\u00eda a d\u00eda.<\/p>\n\n\n\n<p class=\"has-text-align-center\">Y desde mis sue\u00f1os,<br>vestido de blanco marfil<br>entre nubes con un sol floreado<br>siendo el mejor escenario tan sutil<br>que el universo haya creado.<\/p>\n\n\n\n<p class=\"has-text-align-center\">Y por ello me siento ave<br>volando, sobre las almas viejas y nuevas<br>con el calor que al agua evapora<br>y humedecen con su vaho el coraz\u00f3n<br>de los amantes amados y sus criaderas.<\/p>\n\n\n\n<p class=\"has-text-align-center\">Felices al contemplar cada instante<br>de la vida, como un rel\u00e1mpago<br>sin barreras y con su luz del gran espacio<br>en el propio sistema, que ya es bastante<br>en este juego de ni\u00f1os a pesar de ser mayor.<\/p>\n\n\n\n<p class=\"has-text-align-center\">Serenata, un canto a la inmensidad<br>con -tanto placer- al ser amado<br>en este mundo de fantas\u00eda por unanimidad<br>por tantos espectadores imitando<br>a esta funci\u00f3n del presente arlequ\u00edn<br>en esta vida situado, en el mejor circo.<\/p>\n\n\n\n<p class=\"has-text-align-center\"><strong>Autor: Eufrasio Navarro Fern\u00e1ndez<\/strong><\/p>\n<\/div><\/div><\/div>\n\n\n\n<div class=\"wp-block-kadence-pane kt-accordion-pane kt-accordion-pane-3 kt-pane3067_b77eae-20\"><div class=\"kt-accordion-header-wrap\"><button class=\"kt-blocks-accordion-header kt-acccordion-button-label-show\" type=\"button\"><span class=\"kt-blocks-accordion-title-wrap\"><span class=\"kt-blocks-accordion-title\"><strong>Mas all\u00e1 de la vida<\/strong> &#8211; <strong>12\/11\/2020<\/strong><\/span><\/span><span class=\"kt-blocks-accordion-icon-trigger\"><\/span><\/button><\/div><div class=\"kt-accordion-panel kt-accordion-panel-hidden\"><div class=\"kt-accordion-panel-inner\">\n<p class=\"has-text-align-center\">Cuando me vaya,<br>b\u00fascame en el verso,<br>haz de mis halagos rayas<br>y con mi obra, diverso.<br>\u00bfEstoy pensando<br>o en mi mente un receso?<br>Para verte, a\u00fan sano<br>antes, de que cometa excesos.<\/p>\n\n\n\n<p class=\"has-text-align-center\">\u00a1Si te llamo por otro nombre!<br>responde, as\u00ed sabre,<br>que estas conmigo y abre<br>nuestro ba\u00fal del tiempo<br>y mira mis escritos sobre,<br>la repisa de nuestras caricias,<br>habr\u00e1 una carta que diga<br>\u00abte quiero\u00bb, como siempre.<\/p>\n\n\n\n<p class=\"has-text-align-center\">Fue verte, un flechazo<br>nuestros hijos, amor eterno<br>nietas y nieto..,<br>entrelazados, con mil lazos<br>y el apremio del cosquilleo.<\/p>\n\n\n\n<p class=\"has-text-align-center\">Cuando me vaya,<br>se esfumar\u00e1 el tiempo<br>pero grita a la memoria<br>para que no decaiga<br>tanto sentimiento<br>con especial moratoria<br>y poder cumplir, nuestros deseos.<\/p>\n\n\n\n<p class=\"has-text-align-center\"><strong>Autor: Eufrasio Navarro Fern\u00e1ndez<\/strong><\/p>\n<\/div><\/div><\/div>\n\n\n\n<div class=\"wp-block-kadence-pane kt-accordion-pane kt-accordion-pane-4 kt-pane3067_d04466-2f\"><div class=\"kt-accordion-header-wrap\"><button class=\"kt-blocks-accordion-header kt-acccordion-button-label-show\" type=\"button\"><span class=\"kt-blocks-accordion-title-wrap\"><span class=\"kt-blocks-accordion-title\"><strong>A los que luchan por mi memoria &#8211; 29\/10\/2020<\/strong><\/span><\/span><span class=\"kt-blocks-accordion-icon-trigger\"><\/span><\/button><\/div><div class=\"kt-accordion-panel kt-accordion-panel-hidden\"><div class=\"kt-accordion-panel-inner\">\n<p class=\"has-text-align-center\">Les voy a contar un cuento<br>cuando mi lago se hace grande<br>el recuerdo dice que ande<br>y yo ando, sin miedo.<\/p>\n\n\n\n<p class=\"has-text-align-center\">Contemplo tus ojos<br>y no olvido cuando llegaste<br>a mis sue\u00f1os, los m\u00e1s lindos<br>y mi memoria ajustaste<br>con proclamas de felicidad<br>quienes me ayudan sin enojos.<\/p>\n\n\n\n<p class=\"has-text-align-center\">Y desde el cuento pregunto<br>\u00bfQuer\u00e9is conservar mi memoria?<br>Soy dulce hasta en ayuno<br>por eso reivindico vivir<br>con mis versos, uno en uno<br>y contribuir a la conciencia.<\/p>\n\n\n\n<p class=\"has-text-align-center\">Del pueblo, casi dormido<br>pero siempre me quedo<br>sus manos blancas y negras<br>con alg\u00fan coraz\u00f3n herido<br>por verme sin memoria<br>en mi lago de los sue\u00f1os.<\/p>\n\n\n\n<p class=\"has-text-align-center\"><strong>Autor: Eufrasio Navarro Fern\u00e1ndez<\/strong><\/p>\n<\/div><\/div><\/div>\n\n\n\n<div class=\"wp-block-kadence-pane kt-accordion-pane kt-accordion-pane-5 kt-pane3067_909f19-e5\"><div class=\"kt-accordion-header-wrap\"><button class=\"kt-blocks-accordion-header kt-acccordion-button-label-show\" type=\"button\"><span class=\"kt-blocks-accordion-title-wrap\"><span class=\"kt-blocks-accordion-title\"><strong>Yo y el tiempo &#8211; 15\/10\/20<\/strong><\/span><\/span><span class=\"kt-blocks-accordion-icon-trigger\"><\/span><\/button><\/div><div class=\"kt-accordion-panel kt-accordion-panel-hidden\"><div class=\"kt-accordion-panel-inner\">\n<p class=\"has-text-align-center\">El tiempo, hoy no ha venido o se esconde<br>y espero sentado en un jard\u00edn verde<br>mirando, los copos de los \u00e1rboles de siempre<br>hasta su venida y que no me corte,<br>la alergia, con el alma de sue\u00f1os.<\/p>\n\n\n\n<p class=\"has-text-align-center\">Y mientras espero veo, cual maravilla<br>de un cielo azul con nubes de celos\u00edas,<br>que dibujan mi mente, mi pensamiento<br>jugando con la espera, mi entretenimiento<br>con un lago, de miles reflexiones.<\/p>\n\n\n\n<p class=\"has-text-align-center\">Y pienso, en ese tiempo que se hace esperar<br>d\u00e1ndome m\u00e1s vida entre exclamaciones<br>porque, los nervios me atacan al aparear,<br>la mezcla de intensas situaciones.<\/p>\n\n\n\n<p class=\"has-text-align-center\">Oigo, voces del alma en mis sue\u00f1os<br>y aparece nueva luz, que me conforta<br>en medio del jard\u00edn de hierva fresca, que porta<br>infinitos gui\u00f1os a mi vida, que son eternos.<\/p>\n\n\n\n<p class=\"has-text-align-center\"><strong>Autor: Eufrasio Navarro Fern\u00e1ndez<\/strong><\/p>\n<\/div><\/div><\/div>\n\n\n\n<div class=\"wp-block-kadence-pane kt-accordion-pane kt-accordion-pane-6 kt-pane3067_a509e2-b8\"><div class=\"kt-accordion-header-wrap\"><button class=\"kt-blocks-accordion-header kt-acccordion-button-label-show\" type=\"button\"><span class=\"kt-blocks-accordion-title-wrap\"><span class=\"kt-blocks-accordion-title\"><strong>Atestado para el Alzheimer &#8211; 15\/09\/2020<\/strong><\/span><\/span><span class=\"kt-blocks-accordion-icon-trigger\"><\/span><\/button><\/div><div class=\"kt-accordion-panel kt-accordion-panel-hidden\"><div class=\"kt-accordion-panel-inner\">\n<p class=\"has-text-align-center\">Se ve venir la muerte y se nos olvida, la muerte<br>sigiloso es, el verbo y se nos olvida la vida<br>cuando a la memoria, con el verbo adolece<br>la propia vida y la justicia aparcada noche y d\u00eda<br>para los pensantes, que a la ley, entorpecen.<br>Gritos, que no saben que gritan solo, que mueren<br>porque no saben pensar, se les olvida<br>\u00a1Hablamos de Alzheimer o de justicia!<br>Predeterminados para la foto, que no engullen<br>en ning\u00fan caso para los que se mueven.<br>Campeones y campeonas del destierro por la ley<br>cuando al temible dinero se enfrentan<br>y hacen c\u00e1balas para hallar pedregosas sendas<br>en su caminar del d\u00eda a d\u00eda, con sus viejos jersey.<br>\u00a1Ay, cuantos c\u00e1lculos cu\u00e1nticos de limites!<br>Esfuerzos de aquellos y aquellas, que permiten<br>obviar a los que no piensan, para entrar en su sigiloso<br>mundo con palabras trampeas, con caricias al l\u00edmite<br>y sonrisas abiertas, muy abiertas de terciopelo negro.<br>El Alzheimer, ap\u00e1trida sin remedio y que apelo,<br>a mi manera, de luchar por estar fuera de la ley,<br>que me convierte en dependiente de hecho<br>contra el poder y que vean, que soy el virrey<br>del mejor bosque, all\u00e1 por el ancho asfalto<br>para conquistar el presente, sin sobresaltos.<br><br><strong>Autor: Eufrasio Navarro Fern\u00e1ndez<\/strong><\/p>\n<\/div><\/div><\/div>\n\n\n\n<div class=\"wp-block-kadence-pane kt-accordion-pane kt-accordion-pane-7 kt-pane3067_c72a96-3c\"><div class=\"kt-accordion-header-wrap\"><button class=\"kt-blocks-accordion-header kt-acccordion-button-label-show\" type=\"button\"><span class=\"kt-blocks-accordion-title-wrap\"><span class=\"kt-blocks-accordion-title\"><strong>Rafael Zafra Carmona &#8211; 16\/04\/2020<\/strong><\/span><\/span><span class=\"kt-blocks-accordion-icon-trigger\"><\/span><\/button><\/div><div class=\"kt-accordion-panel kt-accordion-panel-hidden\"><div class=\"kt-accordion-panel-inner\">\n<p class=\"has-text-align-center\">Rafael, nacido entre historia<br>presbiterado en los tiempos<br>de la tierra andaluza y<br>coraz\u00f3n de la oratoria<br>en los principios de los tiempos<br>con sabores de azahares y victorias<br>en la campi\u00f1a de compendios.<br>Emigrante, el que emigra<br>de la m\u00e1s querida tierra cordobesa<br>hacia arriba, hacia la meseta<br>te quedases en And\u00fajar, con tu familia<br>tus padre y hermanos para. una vida nueva.<br>Labrador de mil maneras<br>embullendo cultura de la tierra<br>con tu devoci\u00f3n a la virgen de la cabeza<br>en la mayor oraci\u00f3n de tus venideras.<br>Y hoy, te has ido m\u00e1s all\u00e1 del aire<br>pero has dejado legado. Rafael<br>junto a tu compa\u00f1era de vida.<br>Conchi Garc\u00eda P\u00e9rez<br>madre de tus reto\u00f1os con su buen hacer.<br>Y desde esta asociaci\u00f3n, la tuya<br>De familiares de Alzheimer de And\u00fajar<br>te decimos, hasta siempre amigo<br>est\u00e9s donde est\u00e9s, si estas, con tu destino.<\/p>\n\n\n\n<p class=\"has-text-align-center\">Autor: Eufrasio Navarro Fern\u00e1ndez<\/p>\n<\/div><\/div><\/div>\n\n\n\n<div class=\"wp-block-kadence-pane kt-accordion-pane kt-accordion-pane-8 kt-pane3067_1e7898-95\"><div class=\"kt-accordion-header-wrap\"><button class=\"kt-blocks-accordion-header kt-acccordion-button-label-show\" type=\"button\"><span class=\"kt-blocks-accordion-title-wrap\"><span class=\"kt-blocks-accordion-title\"><strong>Jos\u00e9 L\u00f3pez Vico &#8211; 16\/04\/2020<\/strong><\/span><\/span><span class=\"kt-blocks-accordion-icon-trigger\"><\/span><\/button><\/div><div class=\"kt-accordion-panel kt-accordion-panel-hidden\"><div class=\"kt-accordion-panel-inner\">\n<p class=\"has-text-align-center\">\u00a1Cu\u00e1nta historia, para contar!<br>Te has ido, amigo, te has ido<br>\u00a1Y sabes, que desde esta, tu casa!<br>Con todo el amor del mundo te decimos,<br>que all\u00ed donde t\u00fa vayas puedas explicar<br>en que consiste la felicidad.<br>Jos\u00e9 L\u00f3pez Vico de risa f\u00e1cil<br>y de estrechar, la mejor mano<br>para tus amigos y amigas<br>que dibujaran tu sonrisa d\u00eda a d\u00eda<br>y, con estos versos para ti<br>quedar\u00e1s impreso en nuestro libro llano.<br>En la asociaci\u00f3n..,<br>de familiares de Alzheimer de And\u00fajar<br>siempre estar\u00e1s presente, por convicci\u00f3n<br>por tu amor dado en tan buen lugar<br>al ser la mejor pi\u00f1a de la amistad.<br>Pero f\u00edjate Jos\u00e9 L\u00f3pez Vico<br>tu huella siempre ser\u00e1 tu sencillez<br>y el amor a los dem\u00e1s, tu mejor camino<br>y donde est\u00e9s, porque te has ido<br>encontraras los mejores recuerdos<br>con tu lucidez.<br>Hasta siempre amigo, hasta siempre<br>por todo lo acontecido, gracias<br>y haber despejado, el destino.<br><br>Autor: Eufrasio Navarro Fern\u00e1ndez<\/p>\n<\/div><\/div><\/div>\n\n\n\n<div class=\"wp-block-kadence-pane kt-accordion-pane kt-accordion-pane-9 kt-pane3067_303283-14\"><div class=\"kt-accordion-header-wrap\"><button class=\"kt-blocks-accordion-header kt-acccordion-button-label-show\" type=\"button\"><span class=\"kt-blocks-accordion-title-wrap\"><span class=\"kt-blocks-accordion-title\"><strong>Mariano G\u00f3mez Galindo &#8211; 12\/03\/2020<\/strong><\/span><\/span><span class=\"kt-blocks-accordion-icon-trigger\"><\/span><\/button><\/div><div class=\"kt-accordion-panel kt-accordion-panel-hidden\"><div class=\"kt-accordion-panel-inner\">\n<p class=\"has-text-align-center\">Corre, corre, campesino entre espartos<br>el tiempo te traicion\u00f3, por el hambre recibido<br>y fue, tu huida oscura y de espanto<br>en tu tierra, con tu coraz\u00f3n herido.<\/p>\n\n\n\n<p class=\"has-text-align-center\">Pero, el amor te alumbr\u00f3, tu compa\u00f1era<br>Dar\u00eda Mar\u00edn Mar\u00edn, sin miedo y con su fuerza<br>caminando juntos. Mariano G\u00f3mez Galindo.<\/p>\n\n\n\n<p class=\"has-text-align-center\">Caminos nuevos entre monta\u00f1as y r\u00edos<br>orquestando en salvas vuestra prole,<br>hasta llegar a completar el mejor libro<br>en este And\u00fajar, que os acoge.<\/p>\n\n\n\n<p class=\"has-text-align-center\">Mariano, llevaste marcado tu honradez<br>con la mejor de las sonrisas, que son castillos<br>viendo la vida con coraje a la vez<br>entrelazando palabras con tus chascarrillos.<\/p>\n\n\n\n<p class=\"has-text-align-center\">Que de cultura hablamos Mariano, refranero<br>palabras sabias de campesino honesto<br>trabajador incansable y un pesar, que no se nota<br>aunque amargue la noche y el suspiro, que denota.<\/p>\n\n\n\n<p class=\"has-text-align-center\">El amor por tu gente, tus hijas e hijo, tu esposa<br>y hoy, has echado tu mente a volar Mariano,<br>no s\u00e9, a que distancia te has ido, pero no importa<br>seguro, que donde est\u00e9s, siempre ser\u00e1s su meridiano.<\/p>\n\n\n\n<p class=\"has-text-align-center\">Y desde esta asociaci\u00f3n, tuya y nuestra<br>te decimos adi\u00f3s. Mariano G\u00f3mez Galindo<br>nosotros, todos, recogemos tu testigo<br>y decirte, que siempre estar\u00e1s, como la mejor muestra.<\/p>\n\n\n\n<p class=\"has-text-align-center\">Es el a\u00f1o, es el d\u00eda, que escribiste en mi libro,<br>compa\u00f1ero, compa\u00f1ero, compa\u00f1ero.<\/p>\n\n\n\n<p class=\"has-text-align-center\"><strong>Autor: Eufrasio Navarro Fern\u00e1ndez<\/strong><\/p>\n<\/div><\/div><\/div>\n\n\n\n<div class=\"wp-block-kadence-pane kt-accordion-pane kt-accordion-pane-10 kt-pane3067_adf006-c5\"><div class=\"kt-accordion-header-wrap\"><button class=\"kt-blocks-accordion-header kt-acccordion-button-label-show\" type=\"button\"><span class=\"kt-blocks-accordion-title-wrap\"><span class=\"kt-blocks-accordion-title\"><strong>Desde un atardecer prolongado &#8211; 28\/02\/2020<\/strong><\/span><\/span><span class=\"kt-blocks-accordion-icon-trigger\"><\/span><\/button><\/div><div class=\"kt-accordion-panel kt-accordion-panel-hidden\"><div class=\"kt-accordion-panel-inner\">\n<p class=\"has-text-align-center\">A\u00f1os, atardeceres, reflexi\u00f3n<br>tiempo que llega y que se va<br>con el valor de lo abstracto<br>como, quien visiona la pasi\u00f3n<br>en medio de la nada<br>y se intenta encontrar el contacto<br>en un particular cuento de hadas.<br>Memoria,<br>hilo conductor de la existencia<br>para progresar en el momento<br>y en los recuerdos..,<br>y no escuchar de las advertencias<br>quiz\u00e1s, en ese momento, so\u00f1amos<br>y el envejecer lo vemos, lejano.<br>Inapelable cuando llega el ocaso<br>y el bosque de la vida se clarea<br>es, cuando vemos un sol cansado<br>con una memoria que se marea.<br>Llegan los cl\u00e1sicos achaques<br>y la vida se contempla<br>en demasiados cantones<br>en el campo y las ciudades<br>paseando nuestros recuerdos<br>con sus distintas situaciones.<br>Y aunque seguimos siendo personas<br>la vida cambia y lo notamos<br>cuando la luz, se hace m\u00e1s intensa<br>en medio de tan sonoros instrumentos<br>que nos apartan, con viles promesas.<br>El ocaso es inevitable<br>es, la vida misma y la memoria se vuelve<br>cada d\u00eda m\u00e1s caprichosa, palpable<br>llenando su canasto y, que nos revierte.<\/p>\n\n\n\n<p class=\"has-text-align-center\"><br><strong>Autor: Eufrasio Navarro Fern\u00e1ndez<\/strong><\/p>\n<\/div><\/div><\/div>\n\n\n\n<div class=\"wp-block-kadence-pane kt-accordion-pane kt-accordion-pane-11 kt-pane3067_8417da-8e\"><div class=\"kt-accordion-header-wrap\"><button class=\"kt-blocks-accordion-header kt-acccordion-button-label-show\" type=\"button\"><span class=\"kt-blocks-accordion-title-wrap\"><span class=\"kt-blocks-accordion-title\"><strong>Una casa para la felicidad &#8211; 14\/02\/2020<\/strong><\/span><\/span><span class=\"kt-blocks-accordion-icon-trigger\"><\/span><\/button><\/div><div class=\"kt-accordion-panel kt-accordion-panel-hidden\"><div class=\"kt-accordion-panel-inner\">\n<p class=\"has-text-align-center\">Sal\u00f3n de estar,<br>panor\u00e1mica tele, de sesenta pulgadas,<br>un reportaje y vista animada<br>hace de la vida, el conquistar<br>la seguridad de alguien con Alzheimer.<br>Galopando en la autopista del pasillo<br>con fotos recordatorios del pasado<br>y una llave de luz descubre un tanto ilusionado<br>y el juego, como un chiquillo.<br>Las esquinas se hacen redondas<br>y los balcones cerrados es,<br>donde vive el mejor ser humano<br>confeccionando ondas<br>y poder acariciarte con sus manos.<br>El dormitorio, su relax<br>su restaurante la cocina<br>y como manda la tradici\u00f3n<br>de comida: unas buenas migas<br>y dar al cuerpo satisfacci\u00f3n<br>con la mejor compa\u00f1\u00eda.<br>Porque su seguridad es primordial<br>en su casa, su habita<br>cuando su movimiento es natural<br>junto a lo que quiere<br>cabalgando siempre, en plural<br>en la casa de sus sue\u00f1os.<br>No hace falta saber,<br>su entorno lo necesita<br>se sabe de memoria cada esquina<br>y hasta donde est\u00e1 el grifo, para beber<br>es, su casa bonita y de su buen hacer.<br><\/p>\n\n\n\n<p class=\"has-text-align-center\">Autor: Eufrasio Navarro Fern\u00e1ndez<\/p>\n<\/div><\/div><\/div>\n\n\n\n<div class=\"wp-block-kadence-pane kt-accordion-pane kt-accordion-pane-12 kt-pane3067_b43d11-54\"><div class=\"kt-accordion-header-wrap\"><button class=\"kt-blocks-accordion-header kt-acccordion-button-label-show\" type=\"button\"><span class=\"kt-blocks-accordion-title-wrap\"><span class=\"kt-blocks-accordion-title\"><strong>Polic\u00eda decorador &#8211; 30\/01\/2020<\/strong><\/span><\/span><span class=\"kt-blocks-accordion-icon-trigger\"><\/span><\/button><\/div><div class=\"kt-accordion-panel kt-accordion-panel-hidden\"><div class=\"kt-accordion-panel-inner\">\n<p>La vida aferrada a la vida<br>paseando siempre por los sue\u00f1os<br>interpretando esplendidas fantas\u00edas<br>en tu vivir d\u00eda a d\u00eda, con esmero.<br>Juan L\u00f3pez Rueda,<br>con tu naturaleza fuiste amante<br>de la mejor flor y que, se queda<br>con el decoro de tu radiante.<br>Antonia Calderat, bella, espectacular<br>tu compa\u00f1era y madre de tu prole<br>iluminando el sentido del estar<br>con el brindis al tiempo, con un ol\u00e9.<br>De todo hubo en el pasado<br>hasta quebranto, como el \u00e1rbol en el campo<br>donde queda, a merced del viento<br>para engrandecer, tus comportamientos.<br>Decoraste ilusiones, con telas finas<br>m\u00e1s un uniforme avistara, el ser polic\u00eda<br>honesto, amante de la verdad al velar,<br>a tus conciudadanos sin pensar.<br>No ser menos en la amistad, que en tu trabajo<br>pensando en la seguridad de tu pueblo<br>divisando luces de colores en el cielo abierto<br>con tu incansable labor y a destajo.<br>Nuestra asociaci\u00f3n de familiares con Alzheimer,<br>te rendimos homenaje compa\u00f1ero donde est\u00e9s,<br>posiblemente mucho m\u00e1s cerca, que el cielo.<br><br><strong>Autor: Eufrasio Navarro Fern\u00e1ndez<\/strong><\/p>\n<\/div><\/div><\/div>\n\n\n\n<div class=\"wp-block-kadence-pane kt-accordion-pane kt-accordion-pane-13 kt-pane3067_3b87c5-fe\"><div class=\"kt-accordion-header-wrap\"><button class=\"kt-blocks-accordion-header kt-acccordion-button-label-show\" type=\"button\"><span class=\"kt-blocks-accordion-title-wrap\"><span class=\"kt-blocks-accordion-title\"><strong>El Alzheimer a vista de p\u00e1jaro &#8211; 16\/01\/2020<\/strong><\/span><\/span><span class=\"kt-blocks-accordion-icon-trigger\"><\/span><\/button><\/div><div class=\"kt-accordion-panel kt-accordion-panel-hidden\"><div class=\"kt-accordion-panel-inner\">\n<p class=\"has-text-align-center\">Balanzas sin equilibrio<br>hace el estado del prohibido<br>al no tener en salud atado<br>su convocatoria de alto rango.<br>Se mira hacia otro lado<br>sobre el tsunami que quiebra<br>la vida en entredicho<br>de los que no tienen manera.<br>El Alzheimer no avisa<br>el Alzheimer solo llega<br>a veces tan despacio<br>que ni ruido despierta.<br>Claro sentido de estado<br>debe tener el que gobierna<br>sin premisas de lo atado<br>por dignidad y verg\u00fcenza.<br>Pero el p\u00e1jaro vuela<br>sin control y con desidia<br>basta ver los casos d\u00eda a d\u00eda<br>para encender conciencias, sin nevera.<br>Es cuesti\u00f3n de temperatura<br>cuando el Alzheimer llega<br>desbordando su acci\u00f3n por fuera<br>hasta hacer mala ruptura.<br>Y cada vez m\u00e1s casos<br>y los poderes sin cabeza<br>decorando falsas promesas<br>hasta llegar, a un oscuro ocaso.<\/p>\n\n\n\n<p class=\"has-text-align-center\"><br><strong>Autor: Eufrasio Navarro Fern\u00e1ndez<\/strong><\/p>\n<\/div><\/div><\/div>\n<\/div><\/div><\/div>\n<\/div><\/div>\n\n\n\n<div class=\"wp-block-kadence-tab kt-tab-inner-content kt-inner-tab-7 kt-inner-tab4ad6bb-77\"><div class=\"kt-tab-inner-content-inner\"><style>.kt-accordion-id3067_baa1d4-e6 .kt-accordion-inner-wrap{column-gap:var(--global-kb-gap-md, 2rem);row-gap:10px;}.kt-accordion-id3067_baa1d4-e6 .kt-accordion-panel-inner{border-top:0px solid transparent;border-right:0px solid transparent;border-bottom:0px solid transparent;border-left:0px solid transparent;background:#ffffff;padding-top:var(--global-kb-spacing-sm, 1.5rem);padding-right:var(--global-kb-spacing-sm, 1.5rem);padding-bottom:var(--global-kb-spacing-sm, 1.5rem);padding-left:var(--global-kb-spacing-sm, 1.5rem);}.kt-accordion-id3067_baa1d4-e6 > .kt-accordion-inner-wrap > .wp-block-kadence-pane > .kt-accordion-header-wrap > .kt-blocks-accordion-header{border-top:0px solid #f2f2f2;border-right:0px solid #f2f2f2;border-bottom:0px solid #f2f2f2;border-left:0px solid #f2f2f2;border-top-left-radius:6px;border-top-right-radius:6px;border-bottom-right-radius:6px;border-bottom-left-radius:6px;background:#f2f2f2;color:#555555;padding-top:14px;padding-right:16px;padding-bottom:14px;padding-left:16px;}.kt-accordion-id3067_baa1d4-e6:not( .kt-accodion-icon-style-basiccircle ):not( .kt-accodion-icon-style-xclosecircle ):not( .kt-accodion-icon-style-arrowcircle )  > .kt-accordion-inner-wrap > .wp-block-kadence-pane > .kt-accordion-header-wrap .kt-blocks-accordion-icon-trigger:after, .kt-accordion-id3067_baa1d4-e6:not( .kt-accodion-icon-style-basiccircle ):not( .kt-accodion-icon-style-xclosecircle ):not( .kt-accodion-icon-style-arrowcircle )  > .kt-accordion-inner-wrap > .wp-block-kadence-pane > .kt-accordion-header-wrap .kt-blocks-accordion-icon-trigger:before{background:#555555;}.kt-accordion-id3067_baa1d4-e6:not( .kt-accodion-icon-style-basic ):not( .kt-accodion-icon-style-xclose ):not( .kt-accodion-icon-style-arrow ) .kt-blocks-accordion-icon-trigger{background:#555555;}.kt-accordion-id3067_baa1d4-e6:not( .kt-accodion-icon-style-basic ):not( .kt-accodion-icon-style-xclose ):not( .kt-accodion-icon-style-arrow ) .kt-blocks-accordion-icon-trigger:after, .kt-accordion-id3067_baa1d4-e6:not( .kt-accodion-icon-style-basic ):not( .kt-accodion-icon-style-xclose ):not( .kt-accodion-icon-style-arrow ) .kt-blocks-accordion-icon-trigger:before{background:#f2f2f2;}.kt-accordion-id3067_baa1d4-e6 > .kt-accordion-inner-wrap > .wp-block-kadence-pane > .kt-accordion-header-wrap > .kt-blocks-accordion-header:hover, \n\t\t\t\tbody:not(.hide-focus-outline) .kt-accordion-id3067_baa1d4-e6 .kt-blocks-accordion-header:focus-visible{color:#444444;background:#eeeeee;border-top-color:#eeeeee;border-top-style:solid;border-right-color:#eeeeee;border-right-style:solid;border-bottom-color:#eeeeee;border-bottom-style:solid;border-left-color:#eeeeee;border-left-style:solid;}.kt-accordion-id3067_baa1d4-e6:not( .kt-accodion-icon-style-basiccircle ):not( .kt-accodion-icon-style-xclosecircle ):not( .kt-accodion-icon-style-arrowcircle ) .kt-accordion-header-wrap .kt-blocks-accordion-header:hover .kt-blocks-accordion-icon-trigger:after, .kt-accordion-id3067_baa1d4-e6:not( .kt-accodion-icon-style-basiccircle ):not( .kt-accodion-icon-style-xclosecircle ):not( .kt-accodion-icon-style-arrowcircle ) .kt-accordion-header-wrap .kt-blocks-accordion-header:hover .kt-blocks-accordion-icon-trigger:before, body:not(.hide-focus-outline) .kt-accordion-id3067_baa1d4-e6:not( .kt-accodion-icon-style-basiccircle ):not( .kt-accodion-icon-style-xclosecircle ):not( .kt-accodion-icon-style-arrowcircle ) .kt-blocks-accordion--visible .kt-blocks-accordion-icon-trigger:after, body:not(.hide-focus-outline) .kt-accordion-id3067_baa1d4-e6:not( .kt-accodion-icon-style-basiccircle ):not( .kt-accodion-icon-style-xclosecircle ):not( .kt-accodion-icon-style-arrowcircle ) .kt-blocks-accordion-header:focus-visible .kt-blocks-accordion-icon-trigger:before{background:#444444;}.kt-accordion-id3067_baa1d4-e6:not( .kt-accodion-icon-style-basic ):not( .kt-accodion-icon-style-xclose ):not( .kt-accodion-icon-style-arrow ) .kt-accordion-header-wrap .kt-blocks-accordion-header:hover .kt-blocks-accordion-icon-trigger, body:not(.hide-focus-outline) .kt-accordion-id3067_baa1d4-e6:not( .kt-accodion-icon-style-basic ):not( .kt-accodion-icon-style-xclose ):not( .kt-accodion-icon-style-arrow ) .kt-accordion-header-wrap .kt-blocks-accordion-header:focus-visible .kt-blocks-accordion-icon-trigger{background:#444444;}.kt-accordion-id3067_baa1d4-e6:not( .kt-accodion-icon-style-basic ):not( .kt-accodion-icon-style-xclose ):not( .kt-accodion-icon-style-arrow ) .kt-accordion-header-wrap .kt-blocks-accordion-header:hover .kt-blocks-accordion-icon-trigger:after, .kt-accordion-id3067_baa1d4-e6:not( .kt-accodion-icon-style-basic ):not( .kt-accodion-icon-style-xclose ):not( .kt-accodion-icon-style-arrow ) .kt-accordion-header-wrap .kt-blocks-accordion-header:hover .kt-blocks-accordion-icon-trigger:before, body:not(.hide-focus-outline) .kt-accordion-id3067_baa1d4-e6:not( .kt-accodion-icon-style-basic ):not( .kt-accodion-icon-style-xclose ):not( .kt-accodion-icon-style-arrow ) .kt-accordion-header-wrap .kt-blocks-accordion-header:focus-visible .kt-blocks-accordion-icon-trigger:after, body:not(.hide-focus-outline) .kt-accordion-id3067_baa1d4-e6:not( .kt-accodion-icon-style-basic ):not( .kt-accodion-icon-style-xclose ):not( .kt-accodion-icon-style-arrow ) .kt-accordion-header-wrap .kt-blocks-accordion-header:focus-visible .kt-blocks-accordion-icon-trigger:before{background:#eeeeee;}.kt-accordion-id3067_baa1d4-e6 .kt-accordion-header-wrap .kt-blocks-accordion-header:focus-visible,\n\t\t\t\t.kt-accordion-id3067_baa1d4-e6 > .kt-accordion-inner-wrap > .wp-block-kadence-pane > .kt-accordion-header-wrap > .kt-blocks-accordion-header.kt-accordion-panel-active{color:#ffffff;background:#f3690e;border-top-color:#f3690e;border-top-style:solid;border-right-color:#f3690e;border-right-style:solid;border-bottom-color:#f3690e;border-bottom-style:solid;border-left-color:#f3690e;border-left-style:solid;}.kt-accordion-id3067_baa1d4-e6:not( .kt-accodion-icon-style-basiccircle ):not( .kt-accodion-icon-style-xclosecircle ):not( .kt-accodion-icon-style-arrowcircle )  > .kt-accordion-inner-wrap > .wp-block-kadence-pane > .kt-accordion-header-wrap > .kt-blocks-accordion-header.kt-accordion-panel-active .kt-blocks-accordion-icon-trigger:after, .kt-accordion-id3067_baa1d4-e6:not( .kt-accodion-icon-style-basiccircle ):not( .kt-accodion-icon-style-xclosecircle ):not( .kt-accodion-icon-style-arrowcircle )  > .kt-accordion-inner-wrap > .wp-block-kadence-pane > .kt-accordion-header-wrap > .kt-blocks-accordion-header.kt-accordion-panel-active .kt-blocks-accordion-icon-trigger:before{background:#ffffff;}.kt-accordion-id3067_baa1d4-e6:not( .kt-accodion-icon-style-basic ):not( .kt-accodion-icon-style-xclose ):not( .kt-accodion-icon-style-arrow ) .kt-blocks-accordion-header.kt-accordion-panel-active .kt-blocks-accordion-icon-trigger{background:#ffffff;}.kt-accordion-id3067_baa1d4-e6:not( .kt-accodion-icon-style-basic ):not( .kt-accodion-icon-style-xclose ):not( .kt-accodion-icon-style-arrow ) .kt-blocks-accordion-header.kt-accordion-panel-active .kt-blocks-accordion-icon-trigger:after, .kt-accordion-id3067_baa1d4-e6:not( .kt-accodion-icon-style-basic ):not( .kt-accodion-icon-style-xclose ):not( .kt-accodion-icon-style-arrow ) .kt-blocks-accordion-header.kt-accordion-panel-active .kt-blocks-accordion-icon-trigger:before{background:#f3690e;}@media all and (max-width: 1024px){.kt-accordion-id3067_baa1d4-e6 .kt-accordion-panel-inner{border-top:0px solid transparent;border-right:0px solid transparent;border-bottom:0px solid transparent;border-left:0px solid transparent;}}@media all and (max-width: 1024px){.kt-accordion-id3067_baa1d4-e6 > .kt-accordion-inner-wrap > .wp-block-kadence-pane > .kt-accordion-header-wrap > .kt-blocks-accordion-header{border-top:0px solid #f2f2f2;border-right:0px solid #f2f2f2;border-bottom:0px solid #f2f2f2;border-left:0px solid #f2f2f2;}}@media all and (max-width: 1024px){.kt-accordion-id3067_baa1d4-e6 > .kt-accordion-inner-wrap > .wp-block-kadence-pane > .kt-accordion-header-wrap > .kt-blocks-accordion-header:hover, \n\t\t\t\tbody:not(.hide-focus-outline) .kt-accordion-id3067_baa1d4-e6 .kt-blocks-accordion-header:focus-visible{border-top-color:#eeeeee;border-top-style:solid;border-right-color:#eeeeee;border-right-style:solid;border-bottom-color:#eeeeee;border-bottom-style:solid;border-left-color:#eeeeee;border-left-style:solid;}}@media all and (max-width: 1024px){.kt-accordion-id3067_baa1d4-e6 .kt-accordion-header-wrap .kt-blocks-accordion-header:focus-visible,\n\t\t\t\t.kt-accordion-id3067_baa1d4-e6 > .kt-accordion-inner-wrap > .wp-block-kadence-pane > .kt-accordion-header-wrap > .kt-blocks-accordion-header.kt-accordion-panel-active{border-top-color:#f3690e;border-top-style:solid;border-right-color:#f3690e;border-right-style:solid;border-bottom-color:#f3690e;border-bottom-style:solid;border-left-color:#f3690e;border-left-style:solid;}}@media all and (max-width: 767px){.kt-accordion-id3067_baa1d4-e6 .kt-accordion-inner-wrap{display:block;}.kt-accordion-id3067_baa1d4-e6 .kt-accordion-inner-wrap .kt-accordion-pane:not(:first-child){margin-top:10px;}.kt-accordion-id3067_baa1d4-e6 .kt-accordion-panel-inner{border-top:0px solid transparent;border-right:0px solid transparent;border-bottom:0px solid transparent;border-left:0px solid transparent;}.kt-accordion-id3067_baa1d4-e6 > .kt-accordion-inner-wrap > .wp-block-kadence-pane > .kt-accordion-header-wrap > .kt-blocks-accordion-header{border-top:0px solid #f2f2f2;border-right:0px solid #f2f2f2;border-bottom:0px solid #f2f2f2;border-left:0px solid #f2f2f2;}.kt-accordion-id3067_baa1d4-e6 > .kt-accordion-inner-wrap > .wp-block-kadence-pane > .kt-accordion-header-wrap > .kt-blocks-accordion-header:hover, \n\t\t\t\tbody:not(.hide-focus-outline) .kt-accordion-id3067_baa1d4-e6 .kt-blocks-accordion-header:focus-visible{border-top-color:#eeeeee;border-top-style:solid;border-right-color:#eeeeee;border-right-style:solid;border-bottom-color:#eeeeee;border-bottom-style:solid;border-left-color:#eeeeee;border-left-style:solid;}.kt-accordion-id3067_baa1d4-e6 .kt-accordion-header-wrap .kt-blocks-accordion-header:focus-visible,\n\t\t\t\t.kt-accordion-id3067_baa1d4-e6 > .kt-accordion-inner-wrap > .wp-block-kadence-pane > .kt-accordion-header-wrap > .kt-blocks-accordion-header.kt-accordion-panel-active{border-top-color:#f3690e;border-top-style:solid;border-right-color:#f3690e;border-right-style:solid;border-bottom-color:#f3690e;border-bottom-style:solid;border-left-color:#f3690e;border-left-style:solid;}}<\/style>\n<div class=\"wp-block-kadence-accordion alignnone\"><div class=\"kt-accordion-wrap kt-accordion-id3067_baa1d4-e6 kt-accordion-has-14-panes kt-active-pane-0 kt-accordion-block kt-pane-header-alignment-left kt-accodion-icon-style-basic kt-accodion-icon-side-right\" style=\"max-width:none\"><div class=\"kt-accordion-inner-wrap\" data-allow-multiple-open=\"false\" data-start-open=\"none\">\n<div class=\"wp-block-kadence-pane kt-accordion-pane kt-accordion-pane-1 kt-pane3067_657e38-fb\"><div class=\"kt-accordion-header-wrap\"><button class=\"kt-blocks-accordion-header kt-acccordion-button-label-show\" type=\"button\"><span class=\"kt-blocks-accordion-title-wrap\"><span class=\"kt-blocks-accordion-title\"><strong>El olvido en el recuerdo &#8211; 12\/12\/2019<\/strong><\/span><\/span><span class=\"kt-blocks-accordion-icon-trigger\"><\/span><\/button><\/div><div class=\"kt-accordion-panel kt-accordion-panel-hidden\"><div class=\"kt-accordion-panel-inner\">\n<p class=\"has-text-align-center\">El Alzheimer,<br>dif\u00edcil definici\u00f3n<br>sobre el lamer del pol\u00edtico,<br>he aqu\u00ed la cuesti\u00f3n<br>solo es, acordarse un poquito<br>\u00bfEnfermedad?<br>\u00bfdiscapacidad?<br>Se acercan las navidades<br>y todo es bondad<br>hasta en el retrato<br>despu\u00e9s,<br>todo queda en el olvido<br>ser\u00e1 que,<br>\u00bfEn el olvido quede el recuerdo?<br>Extra\u00f1o todo<br>cuando llega tal silbido.<br>Situaci\u00f3n devastadora<br>hasta en lo prohibido<br>de la familia<br>\u00bfCual ser\u00e1 la soluci\u00f3n?<br>Piensan<br>parece ser<br>que, por un momento<br>se esfuman los cari\u00f1os<br>al padre, a la madre<br>se han convertido<br>en un mueble viejo,<br>que fastidio<br>exclamaci\u00f3n.<br>Alguien dice \u00a1Al gobierno!<br>Y por instinto realzan \u00abno hay dinero\u00bb<br>y la sensatez habla \u00abHay asociaci\u00f3n\u00bb<br>y todos, se ponen mano a la obra<br>para el buen recreo.<br>Los gobiernos se inhiben<br>porque falta presi\u00f3n<br>de los herederos de los recuerdos.<\/p>\n\n\n\n<p class=\"has-text-align-center\"><br><strong>Autor: Eufrasio navarro Fern\u00e1ndez<\/strong><\/p>\n<\/div><\/div><\/div>\n\n\n\n<div class=\"wp-block-kadence-pane kt-accordion-pane kt-accordion-pane-2 kt-pane3067_b52384-53\"><div class=\"kt-accordion-header-wrap\"><button class=\"kt-blocks-accordion-header kt-acccordion-button-label-show\" type=\"button\"><span class=\"kt-blocks-accordion-title-wrap\"><span class=\"kt-blocks-accordion-title\"><strong>Deseo volver &#8211; 14\/11\/19<\/strong><\/span><\/span><span class=\"kt-blocks-accordion-icon-trigger\"><\/span><\/button><\/div><div class=\"kt-accordion-panel kt-accordion-panel-hidden\"><div class=\"kt-accordion-panel-inner\">\n<p class=\"has-text-align-center\">Observo tus manos, l\u00edmite eterno <br>Con marcas del tiempo que me enamoran<br>Las percibo junto a las m\u00edas<br>Y mis dedos se transforman en plumas<br>Ah\u00ed est\u00e1s t\u00fa regalando ternura, sosegando mi alma<br>\u00a1Con un roce alborotas mis sentidos!<br>Y como olas en el mar<br>Regreso a lugares repetidos en mi mente<br>Nosotros amantes en abundancia, amantes en todo\u2026<br>Bajo la batuta de Eros, como ni\u00f1os alados<br>Nos dejamos brotar en un profundo sue\u00f1o<br>Danzamos due\u00f1os del mundo<br>Pero sin previo anuncio, ganando la partida el terrible Tit\u00e1n<br>Personificaci\u00f3n del plazo.<br>Es Kronos que intenta robarnos suspiros.<br>Nos miramos y sonre\u00edmos, sonrisa c\u00f3mplice\u2026<br>M\u00e1s el rojo atardecer<br>Candelaria que se funde con la noche,<br>Nos despide<br>Y con una sola mirada, mi coraz\u00f3n explosiona<br>Suplicando el amanecer, para volverte a ver<br>Observo tus manos\u2026<\/p>\n\n\n\n<p class=\"has-text-align-center\"><strong>Autora: Ana Soto Mora<\/strong><\/p>\n<\/div><\/div><\/div>\n\n\n\n<div class=\"wp-block-kadence-pane kt-accordion-pane kt-accordion-pane-3 kt-pane3067_1fe591-57\"><div class=\"kt-accordion-header-wrap\"><button class=\"kt-blocks-accordion-header kt-acccordion-button-label-show\" type=\"button\"><span class=\"kt-blocks-accordion-title-wrap\"><span class=\"kt-blocks-accordion-title\"><strong>Manojo de sue\u00f1os sin Alzheimer &#8211; 31\/10\/2019<\/strong><\/span><\/span><span class=\"kt-blocks-accordion-icon-trigger\"><\/span><\/button><\/div><div class=\"kt-accordion-panel kt-accordion-panel-hidden\"><div class=\"kt-accordion-panel-inner\">\n<p class=\"has-text-align-center\">Cada hora que pasa me sabe a gloria,<br>me sabe a gloria, me sabe a gloria<br>por ver tu cara, por ver tu cara<br>qued\u00e1ndote en mi memoria,<br>en mi memoria, como el agua clara.<br>Cada hora que pasa, contigo en casa<br>con tu mirada y con tu ropa<br>para que el sue\u00f1o, a mi me traiga<br>ese deseo tan grande, de la esperanza<br>y un pu\u00f1aito de rosas para tu pelo<br>de canas blancas, de canas blancas.<br>Con tu desnudo Alzheimer eres,<br>el mal del d\u00eda, el mal de noche<br>de la memoria con ese toque<br>convirti\u00e9ndome en ser<br>pasajero del alba, contempl\u00e1ndote.<br>Navegar\u00e9 contigo por mares extra\u00f1os,<br>pero en mi barca, de velas anchas<br>recogiendo el aire, recogiendo el aire<br>y con mis manos, acariciar tu cara.<br>Dici\u00e9ndole a los cuatros vientos,<br>que llevo mi sangre, que llevo mi alma<br>con mis tormentos.<br>Cada hora que pasa, me sabe a gloria.<\/p>\n\n\n\n<p class=\"has-text-align-center\"><strong>Autor: Eufrasio Navarro Fern\u00e1ndez<\/strong><\/p>\n<\/div><\/div><\/div>\n\n\n\n<div class=\"wp-block-kadence-pane kt-accordion-pane kt-accordion-pane-4 kt-pane3067_f652c3-58\"><div class=\"kt-accordion-header-wrap\"><button class=\"kt-blocks-accordion-header kt-acccordion-button-label-show\" type=\"button\"><span class=\"kt-blocks-accordion-title-wrap\"><span class=\"kt-blocks-accordion-title\"><strong>A todas las farmac\u00e9uticas &#8211; 17\/10\/2019<\/strong><\/span><\/span><span class=\"kt-blocks-accordion-icon-trigger\"><\/span><\/button><\/div><div class=\"kt-accordion-panel kt-accordion-panel-hidden\"><div class=\"kt-accordion-panel-inner\">\n<p class=\"has-text-align-center\">Con un estornudo se empieza<br>un mal nasal, por muy genio<br>\u00bfSoy genio me pregunto<br>o soy pieza?<br>\u00bfSoy pieza,<br>o quiz\u00e1s materia del ingenio?<br>Madre m\u00eda, que quisquilloso,<br>doy un grito a mi alrededor,<br>\u00a1Qu\u00e9 martilleo en mi cabeza<br>por mi estado aterrador!<br>Con la conjuntivitis expuesta<br>me voy a la farmacia, mal, muy mal<br>como un conejo con mixomatosis,<br>me recibe la farmac\u00e9utica.<br>\u00a1Qu\u00e9 alivio, limpia como el cristal!<br>Con su bata blanca,<br>resplandeciente de luz<br>y llena de heroicidad.<br>Con sonrisa abierta<br>y en sus manos un remedio<br>para mi mal..,<br>\u00a1Ay, se\u00f1ora m\u00eda, cuanto sabes!<br>Tiene usted magia<br>mi dolor se ha ido a pasear<br>al verla, con sus labios rojos<br>y con su taconeo al andar<br>y con el aire de tus andares,<br>a mi fiebre, la va a refrescar.<br>Es la divina farmacia, que todo lo puede<br>ya me huele a elipsis de hinojos<br>para curar todo mi mal..,<br>se\u00f1ora farmac\u00e9utica de lindos ojos<br>es usted, mi duende.<br><br><strong>Autor: Eufrasio Navarro Fern\u00e1ndez<\/strong><\/p>\n<\/div><\/div><\/div>\n\n\n\n<div class=\"wp-block-kadence-pane kt-accordion-pane kt-accordion-pane-5 kt-pane3067_6a8c83-1c\"><div class=\"kt-accordion-header-wrap\"><button class=\"kt-blocks-accordion-header kt-acccordion-button-label-show\" type=\"button\"><span class=\"kt-blocks-accordion-title-wrap\"><span class=\"kt-blocks-accordion-title\"><strong>El Alzheimer y sus cuidadoras &#8211; 03\/10\/2019<\/strong><\/span><\/span><span class=\"kt-blocks-accordion-icon-trigger\"><\/span><\/button><\/div><div class=\"kt-accordion-panel kt-accordion-panel-hidden\"><div class=\"kt-accordion-panel-inner\">\n<p class=\"has-text-align-center\">Batall\u00f3n de simpat\u00edas<br>embrionarias del cari\u00f1o<br>con amor y versos<br>interpretando la vida<br>valedoras de recuerdos.<br>Vuestras manos acarician<br>los permisivos olvidos<br>para hacerlos comprensivos<br>en unas mentes sin zagu\u00e1n<br>o quiz\u00e1s m\u00e1s bien perdidos.<br>Cuidadoras, sois, la antesala<br>posiblemente, de la nueva felicidad,<br>que con vuestro cari\u00f1o construy\u00e1is,<br>alas para volar.<br>Para el Alzheimer, el mejor regalo<br>por ser ahora, distinto<br>al cabo de los a\u00f1os.<br>Pero sep\u00e1is, que sois<br>\u00e1ngeles de la tierra<br>en un mundo donde poco hay<br>de solidaridad<br>y ah\u00ed est\u00e1, vuestra fuerza.<br>Me inclino ante tanta grandeza<br>y solo puedo daros<br>este cari\u00f1o con mis versos<br>anunciando por la radio<br>vuestro amor y vuestra entereza.<br><br><strong>Autor: Eufrasio Navarro Fern\u00e1ndez<\/strong><\/p>\n<\/div><\/div><\/div>\n\n\n\n<div class=\"wp-block-kadence-pane kt-accordion-pane kt-accordion-pane-6 kt-pane3067_ff90b3-38\"><div class=\"kt-accordion-header-wrap\"><button class=\"kt-blocks-accordion-header kt-acccordion-button-label-show\" type=\"button\"><span class=\"kt-blocks-accordion-title-wrap\"><span class=\"kt-blocks-accordion-title\"><strong>Memoria del pasado &#8211; 19\/09\/2019<\/strong><\/span><\/span><span class=\"kt-blocks-accordion-icon-trigger\"><\/span><\/button><\/div><div class=\"kt-accordion-panel kt-accordion-panel-hidden\"><div class=\"kt-accordion-panel-inner\">\n<p class=\"has-text-align-center\">La noche en la estaci\u00f3n se hiela.<br>Apenas pueden las palomas,<br>que del palomar escapen,<br>batir sus alas de nieve<br>sobre la soledad del alma.<br>Transita el frio por su cuerpo,<br>y sus huesos de ni\u00f1o taladra.<br>Juegan los chicos harapientos<br>a huir de la fratricida guerra,<br>mientras los soldados<br>arrojan sus mort\u00edferas piedras.<br>Atr\u00e1s quedaron su padre<br>y mucho miedo<br>y una madre<br>\u00a1Ay, una madre muerta!<br>Interminables ra\u00edles F\u00e9rreos<br>se\u00f1alan hacia una vida incierta,<br>en otra vida, sobre otro suelo,<br>donde no pasen las ideas<br>y sea m\u00e1s libre el pensamiento.<br>Una maleta de cart\u00f3n y sin sue\u00f1os<br>amarrados con cuerdas<br>sus dibujadas rayas,<br>porta una estrella y un trozo de cielo<br>sobre el and\u00e9n soplan los vientos<br>y aguarda la esperanza.<br>El coraz\u00f3n est\u00e1 hambriento,<br>la soledad hurga en las yagas,<br>los ojos entornados y secos,<br>hay llantos<br>\u2026 Sin l\u00e1grimas.<br>Me miras\u2026 Y te observo<br>no me conoces, padre,<br>me sonr\u00ede tu desconcierto;<br>vivido est\u00e1 en la memoria<br>un pasado lejano, cruento\u2026<br>En presente, ya no escribes tu historia,<br>m\u00e1s mi amor tan cotidiano<br>es firma y la convocatoria<br>para tu abrazo vivo y cercano.<\/p>\n\n\n\n<p class=\"has-text-align-center\"><strong>Autora: Francisca S\u00e1nchez Arjona<\/strong><\/p>\n<\/div><\/div><\/div>\n\n\n\n<div class=\"wp-block-kadence-pane kt-accordion-pane kt-accordion-pane-7 kt-pane3067_bd9fbd-a3\"><div class=\"kt-accordion-header-wrap\"><button class=\"kt-blocks-accordion-header kt-acccordion-button-label-show\" type=\"button\"><span class=\"kt-blocks-accordion-title-wrap\"><span class=\"kt-blocks-accordion-title\"><strong>Simplemente \u00abMADRE\u00bb &#8211; 19\/09\/2019<\/strong><\/span><\/span><span class=\"kt-blocks-accordion-icon-trigger\"><\/span><\/button><\/div><div class=\"kt-accordion-panel kt-accordion-panel-hidden\"><div class=\"kt-accordion-panel-inner\">\n<p class=\"has-text-align-center\">Vuelan las golondrinas vuelan<br>con su oscuro negro y pinta blanca<br>majestuosas, que en el cielo navegan<br>igual, que tu alma de escarcha.<br>Para ti \u00abJosefa Venteo Santofimia\u00bb<br>ahora ya, con la libertad de tu sue\u00f1o<br>con espacios libres y con mi rima<br>elev\u00e1ndote \u00abJosefa\u00bb.., hacia ese cielo.<br>Te has dormido en la claridad del bosque<br>donde, los sonidos se hacen infinitos<br>y la luz, tal vez sea, de otra dimensi\u00f3n<br>exponiendo tus recuerdos tan exquisitos.<br>\u00abJosefa\u00bb, seguro que el viento,<br>te ha hecho el mejor retrato de la historia<br>donde tus hijos\/as, nietos\/as con su sentimiento<br>har\u00e1n, del recuerdo tu existencia en su oratoria.<br>Ya ves \u00abJosefa\u00bb, es t\u00fa p\u00e1gina<br>y donde est\u00e9s, ver\u00e1s cosas nuevas<br>en medio del todo o en medio de la nada<br>o quiz\u00e1s, en el para\u00edso de los sue\u00f1os, que tu elevas.<br>Hasta siempre querida amiga,<br>Hasta siempre querida madre,<br>Hasta siempre estimada conocida,<br>Hasta siempre en los confines del aire.<br><\/p>\n\n\n\n<p class=\"has-text-align-center\"><strong>Autor: Eufrasio Navarro Fern\u00e1ndez<\/strong><\/p>\n<\/div><\/div><\/div>\n\n\n\n<div class=\"wp-block-kadence-pane kt-accordion-pane kt-accordion-pane-8 kt-pane3067_c2ba3e-89\"><div class=\"kt-accordion-header-wrap\"><button class=\"kt-blocks-accordion-header kt-acccordion-button-label-show\" type=\"button\"><span class=\"kt-blocks-accordion-title-wrap\"><span class=\"kt-blocks-accordion-title\"><strong><strong>Imaginar &#8211; 30\/05\/2019<\/strong><\/strong><\/span><\/span><span class=\"kt-blocks-accordion-icon-trigger\"><\/span><\/button><\/div><div class=\"kt-accordion-panel kt-accordion-panel-hidden\"><div class=\"kt-accordion-panel-inner\">\n<p class=\"has-text-align-center\">Quiero pensar que todo era un sue\u00f1o,<br>y seguir recordando c\u00f3mo jugaba de ni\u00f1o,<br>que ol\u00eda el chocolate con pan,<br>la margarita en el campo,<br>el pastel en el horno,<br>y mil besos en su juvenil rostro.<br>Quiero pensar que todo era un sue\u00f1o,<br>y seguir despert\u00e1ndome de nuevo,<br>con todas mis m\u00e1s bellas vivencias,<br>y recuerdos perpetuos.<br>Quiero pensar y vivir los d\u00edas cantando,<br>como en una nube,<br>pero si alg\u00fan d\u00eda mi mente quiere volar,<br>no os preocup\u00e9is por m\u00ed.<br>Seguir\u00e9 siendo feliz en mi mundo de ilusi\u00f3n.<\/p>\n\n\n\n<p class=\"has-text-align-center\">Me imaginar\u00e9 pajarillos arco\u00edris en el alma,<br>soles por las ramas,<br>flores por las calles,<br>nubes en d\u00edas grandes.<br>Me imaginar\u00e9 un mundo multicolor,<br>un beso y una canci\u00f3n.<\/p>\n\n\n\n<p class=\"has-text-align-center\"><strong>Autora: Carmen P\u00e9rez Garc\u00eda \u201cCarmine\u201d<\/strong><\/p>\n<\/div><\/div><\/div>\n\n\n\n<div class=\"wp-block-kadence-pane kt-accordion-pane kt-accordion-pane-9 kt-pane3067_8d0f32-8b\"><div class=\"kt-accordion-header-wrap\"><button class=\"kt-blocks-accordion-header kt-acccordion-button-label-show\" type=\"button\"><span class=\"kt-blocks-accordion-title-wrap\"><span class=\"kt-blocks-accordion-title\"><strong><strong>Querida Ana &#8211; 16\/05\/2019<\/strong><\/strong><\/span><\/span><span class=\"kt-blocks-accordion-icon-trigger\"><\/span><\/button><\/div><div class=\"kt-accordion-panel kt-accordion-panel-hidden\"><div class=\"kt-accordion-panel-inner\">\n<p class=\"has-text-align-center\">Fue aquel tiempo que,<br>se desprendi\u00f3 una gota de cielo<br>y cay\u00f3 junto al mar<br>justo, se deposito en la Rabita<br>con una palabra.., -amar-.<\/p>\n\n\n\n<p class=\"has-text-align-center\">Costa tropical<br>redondeada su silueta<br>la de \u201cGran\u00e1\u201d, tu tierra<br>querida Ana, tambi\u00e9n andujare\u00f1a<br>por la gracia del destino<br>y fue tal, que con a\u00f1oranza<br>y con el tiempo te despedimos.<\/p>\n\n\n\n<p class=\"has-text-align-center\">Bella estampa fue tu portada,<br>con el reflejo de tus amigos<br>compa\u00f1eras de batallas<br>y tu alma siempre, en altivo.<\/p>\n\n\n\n<p class=\"has-text-align-center\">Y hoy querida Ana<br>volaste, por otro rumbo<br>por otro camino con un tiempo en calma<br>posiblemente en silencio<br>para no despertar al llanto, ninguno.<\/p>\n\n\n\n<p class=\"has-text-align-center\">Pero que sepas,<br>que se qued\u00f3 el recuerdo<br>en todos tus amigos y,<br>compa\u00f1eras con -la met\u00e1fora- de fatigas.<br>Hasta siempre, con el universo.<\/p>\n\n\n\n<p class=\"has-text-align-center\"><strong>Autor: Eufrasio Navarro Fern\u00e1ndez<\/strong><\/p>\n<\/div><\/div><\/div>\n\n\n\n<div class=\"wp-block-kadence-pane kt-accordion-pane kt-accordion-pane-10 kt-pane3067_4ac2a8-ec\"><div class=\"kt-accordion-header-wrap\"><button class=\"kt-blocks-accordion-header kt-acccordion-button-label-show\" type=\"button\"><span class=\"kt-blocks-accordion-title-wrap\"><span class=\"kt-blocks-accordion-title\"><strong><strong>Mi padre me empuja<\/strong> &#8211; <strong>02\/05\/2019<\/strong><\/strong><\/span><\/span><span class=\"kt-blocks-accordion-icon-trigger\"><\/span><\/button><\/div><div class=\"kt-accordion-panel kt-accordion-panel-hidden\"><div class=\"kt-accordion-panel-inner\">\n<p class=\"has-text-align-center\">Hoy mi demencia va en grito<br>hoy mi rabia va en aumento<br>al pensar del magn\u00e1nimo cuidador<br>con la sufrida cuidadora<br>con ese trastorno marc\u00e1ndome un hito<br>de la supervivencia aterradora.<\/p>\n\n\n\n<p class=\"has-text-align-center\">Hoy vuelvo a sentir el abandono<br>de quienes tienen que asumir mi sacrificio<br>con mis penurias y, unas lagrimas solo<br>ahog\u00e1ndome en la sin raz\u00f3n del deber<br>de unas leyes sin oficio.<\/p>\n\n\n\n<p class=\"has-text-align-center\">He sufrido el latigazo de la demencia<br>Alzheimer, enfermedad de Lewis<br>al primar los reales, las pesetas<br>ahora se llaman euros, todo concuerda<br>pero mi padre se fue por incoherencias.<\/p>\n\n\n\n<p class=\"has-text-align-center\">Mi pregunta<br>\u00bfAlzheimer cuesti\u00f3n de estado?<br>Sigo pregunt\u00e1ndome<br>\u00bfY, donde est\u00e1 el estado?<br>Imito a William Shakespeare<br>y digo.., ser o no ser, he aqu\u00ed la cuesti\u00f3n,<br>porque me acuerdo de quienes no tienen<br>porque me martilleo con las asociaciones<br>desgarr\u00e1ndose pendientes, de subvenciones.<\/p>\n\n\n\n<p class=\"has-text-align-center\">Hoy como siempre, mi padre me empuja<br>a tener conciencia, pero no puedo<br>y no quiero resignarme, a la elocuencia<br>de los desaires de la demencia en caprichosas pujas<br>por las acciones de los que pueden y deben<br>hacer las cosas, m\u00e1s bellas.<\/p>\n\n\n\n<p class=\"has-text-align-center\"><strong>Autor: Eufrasio Navarro Fern\u00e1ndez<\/strong><\/p>\n<\/div><\/div><\/div>\n\n\n\n<div class=\"wp-block-kadence-pane kt-accordion-pane kt-accordion-pane-11 kt-pane3067_1e0cc9-12\"><div class=\"kt-accordion-header-wrap\"><button class=\"kt-blocks-accordion-header kt-acccordion-button-label-show\" type=\"button\"><span class=\"kt-blocks-accordion-title-wrap\"><span class=\"kt-blocks-accordion-title\"><strong><strong>Vaiv\u00e9n<\/strong> &#8211; <strong>04\/04\/2019<\/strong><\/strong><\/span><\/span><span class=\"kt-blocks-accordion-icon-trigger\"><\/span><\/button><\/div><div class=\"kt-accordion-panel kt-accordion-panel-hidden\"><div class=\"kt-accordion-panel-inner\">\n<p class=\"has-text-align-center\">Movimiento,<br>un sinf\u00edn de preguntas.<\/p>\n\n\n\n<p class=\"has-text-align-center\">No entiendo<br>un motivo razonable.<\/p>\n\n\n\n<p class=\"has-text-align-center\">La virtud<br>el deseo de lo estable.<\/p>\n\n\n\n<p class=\"has-text-align-center\">Vaiv\u00e9n<br>\u00bfSon los sue\u00f1os gratitud?<\/p>\n\n\n\n<p class=\"has-text-align-center\">Quien sabe<br>posiblemente lo sepa el viento.<\/p>\n\n\n\n<p class=\"has-text-align-center\">Donde no existe el destino<br>solo hay, sentimiento.<\/p>\n\n\n\n<p class=\"has-text-align-center\">Y llega la pregunta<br>\u00bfPor qu\u00e9?<\/p>\n\n\n\n<p class=\"has-text-align-center\">Desconocida estaci\u00f3n<br>por el momento.<\/p>\n\n\n\n<p class=\"has-text-align-center\">Ay, exclamaci\u00f3n<br>se dispersan los verbos.<\/p>\n\n\n\n<p class=\"has-text-align-center\">Cuando se caen,<br>del rengl\u00f3n.<\/p>\n\n\n\n<p class=\"has-text-align-center\"><strong>Autor: Eufrasio Navarro Fern\u00e1ndez<\/strong><\/p>\n<\/div><\/div><\/div>\n\n\n\n<div class=\"wp-block-kadence-pane kt-accordion-pane kt-accordion-pane-12 kt-pane3067_028151-f2\"><div class=\"kt-accordion-header-wrap\"><button class=\"kt-blocks-accordion-header kt-acccordion-button-label-show\" type=\"button\"><span class=\"kt-blocks-accordion-title-wrap\"><span class=\"kt-blocks-accordion-title\"><strong><strong><strong>Pensando &#8211; 14\/02\/2019<\/strong><\/strong><\/strong><\/span><\/span><span class=\"kt-blocks-accordion-icon-trigger\"><\/span><\/button><\/div><div class=\"kt-accordion-panel kt-accordion-panel-hidden\"><div class=\"kt-accordion-panel-inner\">\n<p class=\"has-text-align-center\">A ti pensamiento claro<br>a ti, te espero<br>en la ciudad o en el campo<br>a ti, luz de mis adentros<br>con mi iri desespero.<\/p>\n\n\n\n<p class=\"has-text-align-center\">Con la superficie de mi llanto<br>entre laderas<br>a ti, que no retiras<br>mi espanto<br>y hacer de mi pensar<br>mi luz en la retina.<\/p>\n\n\n\n<p class=\"has-text-align-center\">Te busco pensamiento<br>a ti y al mundo<br>en retrato<br>de mi existencia<br>soy un trotamundos.<\/p>\n\n\n\n<p class=\"has-text-align-center\">Con los versos, mi belleza<br>para ti luz, que yo quisiera<br>estar agarrado<br>a cuanto de ti tuviera<br>en tu sembrado.<\/p>\n\n\n\n<p class=\"has-text-align-center\">Espacio, pensamiento<br>o\u00edr las risas<br>de acercamiento<br>a tu vera,<br>a ti, pensamiento<br>para crear vida.<\/p>\n\n\n\n<p class=\"has-text-align-center\"><strong>Autor: Eufrasio Navarro Fern\u00e1ndez<\/strong><\/p>\n<\/div><\/div><\/div>\n\n\n\n<div class=\"wp-block-kadence-pane kt-accordion-pane kt-accordion-pane-13 kt-pane3067_6b2b21-3d\"><div class=\"kt-accordion-header-wrap\"><button class=\"kt-blocks-accordion-header kt-acccordion-button-label-show\" type=\"button\"><span class=\"kt-blocks-accordion-title-wrap\"><span class=\"kt-blocks-accordion-title\"><strong><strong><strong><strong>Un fr\u00edo invierno &#8211; 31\/01\/2019<\/strong><\/strong><\/strong><\/strong><\/span><\/span><span class=\"kt-blocks-accordion-icon-trigger\"><\/span><\/button><\/div><div class=\"kt-accordion-panel kt-accordion-panel-hidden\"><div class=\"kt-accordion-panel-inner\">\n<p class=\"has-text-align-center\">Enero, me trae frio<br>mi pensamiento se hiela<br>y veo mi lindo rio<br>por la tarde-noche, como se acuesta.<\/p>\n\n\n\n<p class=\"has-text-align-center\">Cirios como velas encendidas<br>resplandecen en el agua fresca<br>luci\u00e9rnagas en mi rio,<br>en su ribera<br>cuando la luna despierta.<\/p>\n\n\n\n<p class=\"has-text-align-center\">Esperando las estrellas,<br>su cantinela<br>su andadura,<br>entre zarzales e higueras.<\/p>\n\n\n\n<p class=\"has-text-align-center\">Mi mente es un retablo<br>cuando se hiela<br>y no descansa,<br>a pesar del miserere.<\/p>\n\n\n\n<p class=\"has-text-align-center\">Enero, me trae frio<br>y yo esperando<br>la manta que me traiga<br>ese calor so\u00f1ado.<\/p>\n\n\n\n<p class=\"has-text-align-center\"><strong>Autor: Eufrasio Navarro Fern\u00e1ndez<\/strong><\/p>\n<\/div><\/div><\/div>\n\n\n\n<div class=\"wp-block-kadence-pane kt-accordion-pane kt-accordion-pane-14 kt-pane3067_2dcea6-ba\"><div class=\"kt-accordion-header-wrap\"><button class=\"kt-blocks-accordion-header kt-acccordion-button-label-show\" type=\"button\"><span class=\"kt-blocks-accordion-title-wrap\"><span class=\"kt-blocks-accordion-title\"><strong><strong><strong><strong><strong>Silbido<\/strong> &#8211; <strong>17\/01\/2019<\/strong><\/strong><\/strong><\/strong><\/strong><\/span><\/span><span class=\"kt-blocks-accordion-icon-trigger\"><\/span><\/button><\/div><div class=\"kt-accordion-panel kt-accordion-panel-hidden\"><div class=\"kt-accordion-panel-inner\">\n<p class=\"has-text-align-center\">\u00a1Qu\u00e9 f\u00e1cil resulta acordarse, que f\u00e1cil!<br>\u00a1Cu\u00e1ntos sue\u00f1os en el para\u00edso de la vida!<br>Con la luz que nos ilumina del sol tan \u00e1gil.<\/p>\n\n\n\n<p class=\"has-text-align-center\">A veces sentimos el dominio<br>de tanta materia prima<br>con acelerones de v\u00e9rtigo con buena rima<br>entre lo natural y el precipicio.<\/p>\n\n\n\n<p class=\"has-text-align-center\">Mejor hacer un receso<br>por tanta turbulencia que nos domina<br>con la intenci\u00f3n de prolongar tal progreso<br>olvid\u00e1ndonos de vivir la vida, tranquila.<\/p>\n\n\n\n<p class=\"has-text-align-center\">\u00a1Qu\u00e9 f\u00e1cil resulta acordarse, que f\u00e1cil!<br>Con la memoria activa..,<br>cuando viene el descredito en tal infinita<br>el pensamiento se vuelve, olvidadizo.<\/p>\n\n\n\n<p class=\"has-text-align-center\">Ya nada se entiende, se olvida<br>el nombre de las cosas vividas<br>y el tiempo, quiz\u00e1s quedo, en la retina.<\/p>\n\n\n\n<p class=\"has-text-align-center\">El Alzheimer se ha sentado a esperar<br>ese rayo de luz que descubriera<br>la mejor corriente y acabar con el silbido de la muerte.<\/p>\n\n\n\n<p class=\"has-text-align-center\"><strong>Autor: Eufrasio Navarro Fern\u00e1ndez<\/strong><\/p>\n<\/div><\/div><\/div>\n<\/div><\/div><\/div>\n<\/div><\/div>\n\n\n\n<div class=\"wp-block-kadence-tab kt-tab-inner-content kt-inner-tab-8 kt-inner-tabf1cb49-80\"><div class=\"kt-tab-inner-content-inner\"><style>.kt-accordion-id3067_eac80f-ad .kt-accordion-inner-wrap{column-gap:var(--global-kb-gap-md, 2rem);row-gap:10px;}.kt-accordion-id3067_eac80f-ad .kt-accordion-panel-inner{border-top:0px solid transparent;border-right:0px solid transparent;border-bottom:0px solid transparent;border-left:0px solid transparent;background:#ffffff;padding-top:var(--global-kb-spacing-sm, 1.5rem);padding-right:var(--global-kb-spacing-sm, 1.5rem);padding-bottom:var(--global-kb-spacing-sm, 1.5rem);padding-left:var(--global-kb-spacing-sm, 1.5rem);}.kt-accordion-id3067_eac80f-ad > .kt-accordion-inner-wrap > .wp-block-kadence-pane > .kt-accordion-header-wrap > .kt-blocks-accordion-header{border-top:0px solid #f2f2f2;border-right:0px solid #f2f2f2;border-bottom:0px solid #f2f2f2;border-left:0px solid #f2f2f2;border-top-left-radius:6px;border-top-right-radius:6px;border-bottom-right-radius:6px;border-bottom-left-radius:6px;background:#f2f2f2;color:#555555;padding-top:14px;padding-right:16px;padding-bottom:14px;padding-left:16px;}.kt-accordion-id3067_eac80f-ad:not( .kt-accodion-icon-style-basiccircle ):not( .kt-accodion-icon-style-xclosecircle ):not( .kt-accodion-icon-style-arrowcircle )  > .kt-accordion-inner-wrap > .wp-block-kadence-pane > .kt-accordion-header-wrap .kt-blocks-accordion-icon-trigger:after, .kt-accordion-id3067_eac80f-ad:not( .kt-accodion-icon-style-basiccircle ):not( .kt-accodion-icon-style-xclosecircle ):not( .kt-accodion-icon-style-arrowcircle )  > .kt-accordion-inner-wrap > .wp-block-kadence-pane > .kt-accordion-header-wrap .kt-blocks-accordion-icon-trigger:before{background:#555555;}.kt-accordion-id3067_eac80f-ad:not( .kt-accodion-icon-style-basic ):not( .kt-accodion-icon-style-xclose ):not( .kt-accodion-icon-style-arrow ) .kt-blocks-accordion-icon-trigger{background:#555555;}.kt-accordion-id3067_eac80f-ad:not( .kt-accodion-icon-style-basic ):not( .kt-accodion-icon-style-xclose ):not( .kt-accodion-icon-style-arrow ) .kt-blocks-accordion-icon-trigger:after, .kt-accordion-id3067_eac80f-ad:not( .kt-accodion-icon-style-basic ):not( .kt-accodion-icon-style-xclose ):not( .kt-accodion-icon-style-arrow ) .kt-blocks-accordion-icon-trigger:before{background:#f2f2f2;}.kt-accordion-id3067_eac80f-ad > .kt-accordion-inner-wrap > .wp-block-kadence-pane > .kt-accordion-header-wrap > .kt-blocks-accordion-header:hover, \n\t\t\t\tbody:not(.hide-focus-outline) .kt-accordion-id3067_eac80f-ad .kt-blocks-accordion-header:focus-visible{color:#444444;background:#eeeeee;border-top-color:#eeeeee;border-top-style:solid;border-right-color:#eeeeee;border-right-style:solid;border-bottom-color:#eeeeee;border-bottom-style:solid;border-left-color:#eeeeee;border-left-style:solid;}.kt-accordion-id3067_eac80f-ad:not( .kt-accodion-icon-style-basiccircle ):not( .kt-accodion-icon-style-xclosecircle ):not( .kt-accodion-icon-style-arrowcircle ) .kt-accordion-header-wrap .kt-blocks-accordion-header:hover .kt-blocks-accordion-icon-trigger:after, .kt-accordion-id3067_eac80f-ad:not( .kt-accodion-icon-style-basiccircle ):not( .kt-accodion-icon-style-xclosecircle ):not( .kt-accodion-icon-style-arrowcircle ) .kt-accordion-header-wrap .kt-blocks-accordion-header:hover .kt-blocks-accordion-icon-trigger:before, body:not(.hide-focus-outline) .kt-accordion-id3067_eac80f-ad:not( .kt-accodion-icon-style-basiccircle ):not( .kt-accodion-icon-style-xclosecircle ):not( .kt-accodion-icon-style-arrowcircle ) .kt-blocks-accordion--visible .kt-blocks-accordion-icon-trigger:after, body:not(.hide-focus-outline) .kt-accordion-id3067_eac80f-ad:not( .kt-accodion-icon-style-basiccircle ):not( .kt-accodion-icon-style-xclosecircle ):not( .kt-accodion-icon-style-arrowcircle ) .kt-blocks-accordion-header:focus-visible .kt-blocks-accordion-icon-trigger:before{background:#444444;}.kt-accordion-id3067_eac80f-ad:not( .kt-accodion-icon-style-basic ):not( .kt-accodion-icon-style-xclose ):not( .kt-accodion-icon-style-arrow ) .kt-accordion-header-wrap .kt-blocks-accordion-header:hover .kt-blocks-accordion-icon-trigger, body:not(.hide-focus-outline) .kt-accordion-id3067_eac80f-ad:not( .kt-accodion-icon-style-basic ):not( .kt-accodion-icon-style-xclose ):not( .kt-accodion-icon-style-arrow ) .kt-accordion-header-wrap .kt-blocks-accordion-header:focus-visible .kt-blocks-accordion-icon-trigger{background:#444444;}.kt-accordion-id3067_eac80f-ad:not( .kt-accodion-icon-style-basic ):not( .kt-accodion-icon-style-xclose ):not( .kt-accodion-icon-style-arrow ) .kt-accordion-header-wrap .kt-blocks-accordion-header:hover .kt-blocks-accordion-icon-trigger:after, .kt-accordion-id3067_eac80f-ad:not( .kt-accodion-icon-style-basic ):not( .kt-accodion-icon-style-xclose ):not( .kt-accodion-icon-style-arrow ) .kt-accordion-header-wrap .kt-blocks-accordion-header:hover .kt-blocks-accordion-icon-trigger:before, body:not(.hide-focus-outline) .kt-accordion-id3067_eac80f-ad:not( .kt-accodion-icon-style-basic ):not( .kt-accodion-icon-style-xclose ):not( .kt-accodion-icon-style-arrow ) .kt-accordion-header-wrap .kt-blocks-accordion-header:focus-visible .kt-blocks-accordion-icon-trigger:after, body:not(.hide-focus-outline) .kt-accordion-id3067_eac80f-ad:not( .kt-accodion-icon-style-basic ):not( .kt-accodion-icon-style-xclose ):not( .kt-accodion-icon-style-arrow ) .kt-accordion-header-wrap .kt-blocks-accordion-header:focus-visible .kt-blocks-accordion-icon-trigger:before{background:#eeeeee;}.kt-accordion-id3067_eac80f-ad .kt-accordion-header-wrap .kt-blocks-accordion-header:focus-visible,\n\t\t\t\t.kt-accordion-id3067_eac80f-ad > .kt-accordion-inner-wrap > .wp-block-kadence-pane > .kt-accordion-header-wrap > .kt-blocks-accordion-header.kt-accordion-panel-active{color:#ffffff;background:#f3690e;border-top-color:#f3690e;border-top-style:solid;border-right-color:#f3690e;border-right-style:solid;border-bottom-color:#f3690e;border-bottom-style:solid;border-left-color:#f3690e;border-left-style:solid;}.kt-accordion-id3067_eac80f-ad:not( .kt-accodion-icon-style-basiccircle ):not( .kt-accodion-icon-style-xclosecircle ):not( .kt-accodion-icon-style-arrowcircle )  > .kt-accordion-inner-wrap > .wp-block-kadence-pane > .kt-accordion-header-wrap > .kt-blocks-accordion-header.kt-accordion-panel-active .kt-blocks-accordion-icon-trigger:after, .kt-accordion-id3067_eac80f-ad:not( .kt-accodion-icon-style-basiccircle ):not( .kt-accodion-icon-style-xclosecircle ):not( .kt-accodion-icon-style-arrowcircle )  > .kt-accordion-inner-wrap > .wp-block-kadence-pane > .kt-accordion-header-wrap > .kt-blocks-accordion-header.kt-accordion-panel-active .kt-blocks-accordion-icon-trigger:before{background:#ffffff;}.kt-accordion-id3067_eac80f-ad:not( .kt-accodion-icon-style-basic ):not( .kt-accodion-icon-style-xclose ):not( .kt-accodion-icon-style-arrow ) .kt-blocks-accordion-header.kt-accordion-panel-active .kt-blocks-accordion-icon-trigger{background:#ffffff;}.kt-accordion-id3067_eac80f-ad:not( .kt-accodion-icon-style-basic ):not( .kt-accodion-icon-style-xclose ):not( .kt-accodion-icon-style-arrow ) .kt-blocks-accordion-header.kt-accordion-panel-active .kt-blocks-accordion-icon-trigger:after, .kt-accordion-id3067_eac80f-ad:not( .kt-accodion-icon-style-basic ):not( .kt-accodion-icon-style-xclose ):not( .kt-accodion-icon-style-arrow ) .kt-blocks-accordion-header.kt-accordion-panel-active .kt-blocks-accordion-icon-trigger:before{background:#f3690e;}@media all and (max-width: 1024px){.kt-accordion-id3067_eac80f-ad .kt-accordion-panel-inner{border-top:0px solid transparent;border-right:0px solid transparent;border-bottom:0px solid transparent;border-left:0px solid transparent;}}@media all and (max-width: 1024px){.kt-accordion-id3067_eac80f-ad > .kt-accordion-inner-wrap > .wp-block-kadence-pane > .kt-accordion-header-wrap > .kt-blocks-accordion-header{border-top:0px solid #f2f2f2;border-right:0px solid #f2f2f2;border-bottom:0px solid #f2f2f2;border-left:0px solid #f2f2f2;}}@media all and (max-width: 1024px){.kt-accordion-id3067_eac80f-ad > .kt-accordion-inner-wrap > .wp-block-kadence-pane > .kt-accordion-header-wrap > .kt-blocks-accordion-header:hover, \n\t\t\t\tbody:not(.hide-focus-outline) .kt-accordion-id3067_eac80f-ad .kt-blocks-accordion-header:focus-visible{border-top-color:#eeeeee;border-top-style:solid;border-right-color:#eeeeee;border-right-style:solid;border-bottom-color:#eeeeee;border-bottom-style:solid;border-left-color:#eeeeee;border-left-style:solid;}}@media all and (max-width: 1024px){.kt-accordion-id3067_eac80f-ad .kt-accordion-header-wrap .kt-blocks-accordion-header:focus-visible,\n\t\t\t\t.kt-accordion-id3067_eac80f-ad > .kt-accordion-inner-wrap > .wp-block-kadence-pane > .kt-accordion-header-wrap > .kt-blocks-accordion-header.kt-accordion-panel-active{border-top-color:#f3690e;border-top-style:solid;border-right-color:#f3690e;border-right-style:solid;border-bottom-color:#f3690e;border-bottom-style:solid;border-left-color:#f3690e;border-left-style:solid;}}@media all and (max-width: 767px){.kt-accordion-id3067_eac80f-ad .kt-accordion-inner-wrap{display:block;}.kt-accordion-id3067_eac80f-ad .kt-accordion-inner-wrap .kt-accordion-pane:not(:first-child){margin-top:10px;}.kt-accordion-id3067_eac80f-ad .kt-accordion-panel-inner{border-top:0px solid transparent;border-right:0px solid transparent;border-bottom:0px solid transparent;border-left:0px solid transparent;}.kt-accordion-id3067_eac80f-ad > .kt-accordion-inner-wrap > .wp-block-kadence-pane > .kt-accordion-header-wrap > .kt-blocks-accordion-header{border-top:0px solid #f2f2f2;border-right:0px solid #f2f2f2;border-bottom:0px solid #f2f2f2;border-left:0px solid #f2f2f2;}.kt-accordion-id3067_eac80f-ad > .kt-accordion-inner-wrap > .wp-block-kadence-pane > .kt-accordion-header-wrap > .kt-blocks-accordion-header:hover, \n\t\t\t\tbody:not(.hide-focus-outline) .kt-accordion-id3067_eac80f-ad .kt-blocks-accordion-header:focus-visible{border-top-color:#eeeeee;border-top-style:solid;border-right-color:#eeeeee;border-right-style:solid;border-bottom-color:#eeeeee;border-bottom-style:solid;border-left-color:#eeeeee;border-left-style:solid;}.kt-accordion-id3067_eac80f-ad .kt-accordion-header-wrap .kt-blocks-accordion-header:focus-visible,\n\t\t\t\t.kt-accordion-id3067_eac80f-ad > .kt-accordion-inner-wrap > .wp-block-kadence-pane > .kt-accordion-header-wrap > .kt-blocks-accordion-header.kt-accordion-panel-active{border-top-color:#f3690e;border-top-style:solid;border-right-color:#f3690e;border-right-style:solid;border-bottom-color:#f3690e;border-bottom-style:solid;border-left-color:#f3690e;border-left-style:solid;}}<\/style>\n<div class=\"wp-block-kadence-accordion alignnone\"><div class=\"kt-accordion-wrap kt-accordion-id3067_eac80f-ad kt-accordion-has-15-panes kt-active-pane-0 kt-accordion-block kt-pane-header-alignment-left kt-accodion-icon-style-basic kt-accodion-icon-side-right\" style=\"max-width:none\"><div class=\"kt-accordion-inner-wrap\" data-allow-multiple-open=\"false\" data-start-open=\"none\">\n<div class=\"wp-block-kadence-pane kt-accordion-pane kt-accordion-pane-1 kt-pane3067_304d1c-ea\"><div class=\"kt-accordion-header-wrap\"><button class=\"kt-blocks-accordion-header kt-acccordion-button-label-show\" type=\"button\"><span class=\"kt-blocks-accordion-title-wrap\"><span class=\"kt-blocks-accordion-title\"><strong>Vida programada<\/strong> &#8211; <strong>13\/12\/2018<\/strong><\/span><\/span><span class=\"kt-blocks-accordion-icon-trigger\"><\/span><\/button><\/div><div class=\"kt-accordion-panel kt-accordion-panel-hidden\"><div class=\"kt-accordion-panel-inner\">\n<p class=\"has-text-align-center\">De la nada nacemos<br>se abre contextos nuevos<br>-se hace la vida-.<\/p>\n\n\n\n<p class=\"has-text-align-center\">La luz, alumbra<br>la materia viva<br>de la nada.<\/p>\n\n\n\n<p class=\"has-text-align-center\">Fundidos, creados<br>somos programa<br>de la naturaleza.<\/p>\n\n\n\n<p class=\"has-text-align-center\">Sentidos, inteligencia<br>desarrollo, llamados<br>humanos.<\/p>\n\n\n\n<p class=\"has-text-align-center\">No hay nada descrito<br>hay, alteraciones<br>de nuestro infinito.<\/p>\n\n\n\n<p class=\"has-text-align-center\">Quiz\u00e1s, seamos cadena<br>con imperfecciones<br>en la materia.<\/p>\n\n\n\n<p class=\"has-text-align-center\">Salud, enfermedades<br>circulo programado<br>tal vez, de nuestra existencia.<\/p>\n\n\n\n<p class=\"has-text-align-center\"><strong>Autor: Eufrasio Navarro Fern\u00e1ndez<\/strong><\/p>\n<\/div><\/div><\/div>\n\n\n\n<div class=\"wp-block-kadence-pane kt-accordion-pane kt-accordion-pane-2 kt-pane3067_56df4e-c7\"><div class=\"kt-accordion-header-wrap\"><button class=\"kt-blocks-accordion-header kt-acccordion-button-label-show\" type=\"button\"><span class=\"kt-blocks-accordion-title-wrap\"><span class=\"kt-blocks-accordion-title\"><strong>En compa\u00f1\u00eda<\/strong> &#8211; <strong>22\/11\/2018<\/strong><\/span><\/span><span class=\"kt-blocks-accordion-icon-trigger\"><\/span><\/button><\/div><div class=\"kt-accordion-panel kt-accordion-panel-hidden\"><div class=\"kt-accordion-panel-inner\">\n<p class=\"has-text-align-center\">Al destino le hablo<br>solo, pensando<br>pregunto.<\/p>\n\n\n\n<p class=\"has-text-align-center\">\u00bfC\u00f3mo abordar esto?<br>La incertidumbre<br>sin estar puesto.<\/p>\n\n\n\n<p class=\"has-text-align-center\">Inm\u00f3vil<br>sin saber qu\u00e9 hacer<br>sinti\u00e9ndome in\u00fatil.<\/p>\n\n\n\n<p class=\"has-text-align-center\">No hay derecho<br>mi lamento<br>miro y grito.<\/p>\n\n\n\n<p class=\"has-text-align-center\">\u00bfFuerzas, donde est\u00e1is?<br>Os necesito..,<br>remedio ya no hay.<\/p>\n\n\n\n<p class=\"has-text-align-center\">Un abrazo me acompa\u00f1a<br>perd\u00ed esta batalla<br>ahora comprendo.<\/p>\n\n\n\n<p class=\"has-text-align-center\">Es el Alzheimer<br>quien me pillo desprevenido<br>como una ola gigante.<\/p>\n\n\n\n<p class=\"has-text-align-center\"><strong>Autor: Eufrasio Navarro Fern\u00e1ndez<\/strong><\/p>\n<\/div><\/div><\/div>\n\n\n\n<div class=\"wp-block-kadence-pane kt-accordion-pane kt-accordion-pane-3 kt-pane3067_f19d07-f7\"><div class=\"kt-accordion-header-wrap\"><button class=\"kt-blocks-accordion-header kt-acccordion-button-label-show\" type=\"button\"><span class=\"kt-blocks-accordion-title-wrap\"><span class=\"kt-blocks-accordion-title\"><strong>Abatimiento<\/strong> &#8211; <strong>08\/11\/2018<\/strong><\/span><\/span><span class=\"kt-blocks-accordion-icon-trigger\"><\/span><\/button><\/div><div class=\"kt-accordion-panel kt-accordion-panel-hidden\"><div class=\"kt-accordion-panel-inner\">\n<p class=\"has-text-align-center\">Estoy a tu lado, si<br>cuando me dices que me calle, callo<br>pero suenan las flautas de los recuerdos<br>como el cantar del gallo.<\/p>\n\n\n\n<p class=\"has-text-align-center\">Soy cuidador, hasta el ocaso<br>te ver\u00e9, blanco como los almendros<br>y aunque no quieras, estar\u00e9 preparado<br>dise\u00f1ando continuos meandros<br>para desterrar las soberbias<br>del tiempo pasado.<\/p>\n\n\n\n<p class=\"has-text-align-center\">Estamos a tu lado, si<br>con tu mejor bandera<br>la ilustrada vida hecha p\u00e1jaro<br>volando alto<br>y si el ocaso oscureciera<br>estaremos ah\u00ed, contigo<br>contando las estrellas,<br>para cuando se vallan, quede<br>la luna llena.<\/p>\n\n\n\n<p class=\"has-text-align-center\">M\u00e1s cerca, en lo alto<br>y que yo toque, a trav\u00e9s del almendro<br>tu casa nueva.<\/p>\n\n\n\n<p class=\"has-text-align-center\">\u00bfC\u00f3mo te fue conmigo, preguntar\u00e9?<br>Aqu\u00ed abajo,<br>tu estela, como el viento no se ve<br>solo se siente el recuerdo<br>al cuidar de ti, en el rellano.<\/p>\n\n\n\n<p class=\"has-text-align-center\"><strong>Autor: Eufrasio Navarro Fern\u00e1ndez<\/strong><\/p>\n<\/div><\/div><\/div>\n\n\n\n<div class=\"wp-block-kadence-pane kt-accordion-pane kt-accordion-pane-4 kt-pane3067_ee3317-55\"><div class=\"kt-accordion-header-wrap\"><button class=\"kt-blocks-accordion-header kt-acccordion-button-label-show\" type=\"button\"><span class=\"kt-blocks-accordion-title-wrap\"><span class=\"kt-blocks-accordion-title\"><strong>Vuelos<\/strong> &#8211; <strong>18\/10\/2018<\/strong><\/span><\/span><span class=\"kt-blocks-accordion-icon-trigger\"><\/span><\/button><\/div><div class=\"kt-accordion-panel kt-accordion-panel-hidden\"><div class=\"kt-accordion-panel-inner\">\n<p class=\"has-text-align-center\">Vuelan, vuelan en el cielo, vuelan<br>aves blancas y negras, vuelan<br>sobre el azul del cielo, vuelan.<\/p>\n\n\n\n<p class=\"has-text-align-center\">Jugando,<br>con nubes de colores interpretando<br>su obra, con sus vestidos almidonados<br>en el mejor escenario.<\/p>\n\n\n\n<p class=\"has-text-align-center\">La mente piensa, piensa la mente<br>en sus laderas, navegando<br>por el mar de los sue\u00f1os, pausadamente.<\/p>\n\n\n\n<p class=\"has-text-align-center\">Una flor se abre con el rayo de luz<br>tan imponente, del sol, en el espacio<br>y vibra entre las nubes con su trasluz.<\/p>\n\n\n\n<p class=\"has-text-align-center\">Por verte, por veros<br>generaciones de amor y paz, nuestra simiente<br>adornada con la fragancia de los versos.<\/p>\n\n\n\n<p class=\"has-text-align-center\">Alzheimer, demencias, ave negra<br>nunca, nunca dominar\u00e1s la cosecha<br>de la naturaleza.<\/p>\n\n\n\n<p class=\"has-text-align-center\"><strong>Autor: Eufrasio Navarro Fern\u00e1ndez<\/strong><\/p>\n<\/div><\/div><\/div>\n\n\n\n<div class=\"wp-block-kadence-pane kt-accordion-pane kt-accordion-pane-5 kt-pane3067_b71fbb-43\"><div class=\"kt-accordion-header-wrap\"><button class=\"kt-blocks-accordion-header kt-acccordion-button-label-show\" type=\"button\"><span class=\"kt-blocks-accordion-title-wrap\"><span class=\"kt-blocks-accordion-title\"><strong>Francisco Bejarano Cisneros<\/strong> &#8211; <strong>04\/10\/2018<\/strong><\/span><\/span><span class=\"kt-blocks-accordion-icon-trigger\"><\/span><\/button><\/div><div class=\"kt-accordion-panel kt-accordion-panel-hidden\"><div class=\"kt-accordion-panel-inner\">\n<p class=\"has-text-align-center\">\u00a1Cu\u00e1ntos avatares recorridos, cuantos!<br>Ahora recuerdos, o quiz\u00e1s cantos<br>Por aquella calle de pueblo empedrada<br>Donde naciste y con la lluvia resbalada.<\/p>\n\n\n\n<p class=\"has-text-align-center\">Un sinf\u00edn de proyectos en venturada<br>Hac\u00eda, que el tiempo fuera monta\u00f1a<br>Y las ilusiones autov\u00edas, donde<br>Correr era la mejor apuesta<br>Para explorar la mejor fantas\u00eda.<\/p>\n\n\n\n<p class=\"has-text-align-center\">Fantas\u00eda, que desmembrabas<br>Como en las hojas de las margaritas<br>Intentando averiguar lo que amabas<br>Sin que el viento te dijera sus cositas.<\/p>\n\n\n\n<p class=\"has-text-align-center\">Experiencias vivas, en el marco de la vida<br>Has hecho huella, creando vida..,<br>Tu prole Francisco, tu semilla.<\/p>\n\n\n\n<p class=\"has-text-align-center\">Mi homenaje dedicado por estas ondas,<br>Amigo Bejarano Cisneros<br>Hasta siempre, viendo como tu semilla florece<br>Haciendo tiempo por tus esmeros.<\/p>\n\n\n\n<p class=\"has-text-align-center\"><strong>Autor: Eufrasio Navarro Fern\u00e1ndez<\/strong><\/p>\n<\/div><\/div><\/div>\n\n\n\n<div class=\"wp-block-kadence-pane kt-accordion-pane kt-accordion-pane-6 kt-pane3067_23c848-cd\"><div class=\"kt-accordion-header-wrap\"><button class=\"kt-blocks-accordion-header kt-acccordion-button-label-show\" type=\"button\"><span class=\"kt-blocks-accordion-title-wrap\"><span class=\"kt-blocks-accordion-title\"><strong>N\u00fameros &#8211; 20\/09\/2018<\/strong><\/span><\/span><span class=\"kt-blocks-accordion-icon-trigger\"><\/span><\/button><\/div><div class=\"kt-accordion-panel kt-accordion-panel-hidden\"><div class=\"kt-accordion-panel-inner\">\n<p class=\"has-text-align-center\">Entramados y sigilosos\/hacen memoria<br>En la frondosidad de la vida\/hacen memoria<br>Los n\u00fameros tan valiosos\/ascendentes<br>En la val\u00eda\/a\u00fan ascendentes.<\/p>\n\n\n\n<p class=\"has-text-align-center\">Con el orgullo de ser h\u00e9roe\/lo que divisa<br>El amor se desata\/desde la cima<br>Majestuoso \u00e1rbol\/que divisa<br>Un amor que no mata\/para la dicha.<\/p>\n\n\n\n<p class=\"has-text-align-center\">En medio del para\u00edso\/lleno de canto<br>Yo mozo tu, mi hero\u00edna\/con bello manto<br>En espera, del cantar de la alondra\/en su terr\u00f3n<br>All\u00e1 en el campo\/mi firmeza, mi rej\u00f3n.<\/p>\n\n\n\n<p class=\"has-text-align-center\">Y la memoria se marcha\/declinando<br>El recuerdo de un beso\/amando<br>Dos seres embelesados\/en el tiempo<br>Esperando la escarcha\/con sentimiento.<\/p>\n\n\n\n<p class=\"has-text-align-center\"><strong>Autor: Eufrasio Navarro Fern\u00e1ndez<\/strong><\/p>\n<\/div><\/div><\/div>\n\n\n\n<div class=\"wp-block-kadence-pane kt-accordion-pane kt-accordion-pane-7 kt-pane3067_6676eb-eb\"><div class=\"kt-accordion-header-wrap\"><button class=\"kt-blocks-accordion-header kt-acccordion-button-label-show\" type=\"button\"><span class=\"kt-blocks-accordion-title-wrap\"><span class=\"kt-blocks-accordion-title\"><strong>A vista de p\u00e1jaro<\/strong> &#8211; <strong>23\/05\/2018<\/strong><\/span><\/span><span class=\"kt-blocks-accordion-icon-trigger\"><\/span><\/button><\/div><div class=\"kt-accordion-panel kt-accordion-panel-hidden\"><div class=\"kt-accordion-panel-inner\">\n<p class=\"has-text-align-center\">Desde arriba, un abismo<br>desde abajo, un abismo<br>con las caricias, unos besos<br>para todos y todas,<br>que se les olvid\u00f3, entendernos.<\/p>\n\n\n\n<p class=\"has-text-align-center\">Busque la frase cognitivo<br>en mi mente abierta<br>y me llevo a la observancia<br>y estar siempre alerta.<\/p>\n\n\n\n<p class=\"has-text-align-center\">Para ver,<br>cuando la mente vuela<br>y como recibe al alba<br>de un d\u00eda cualquiera.<\/p>\n\n\n\n<p class=\"has-text-align-center\">Yo me sit\u00fao arriba<br>a escondidas, querida alma<br>y verte caminar<br>y verte pensar, en calma.<\/p>\n\n\n\n<p class=\"has-text-align-center\">Cuanta felicidad tendr\u00eda<br>con el saber del curar<br>por la acci\u00f3n de la ciencia<br>ser\u00eda, la eternidad.<\/p>\n\n\n\n<p class=\"has-text-align-center\">Alzheimer, nunca m\u00e1s<br>yo gritar\u00eda<br>en el ca\u00f1\u00f3n de los sue\u00f1os<br>y el vuelo levantar\u00eda.<\/p>\n\n\n\n<p class=\"has-text-align-center\"><strong>Autor: Eufrasio Navarro Fern\u00e1ndez<\/strong><\/p>\n<\/div><\/div><\/div>\n\n\n\n<div class=\"wp-block-kadence-pane kt-accordion-pane kt-accordion-pane-8 kt-pane3067_9dac96-bc\"><div class=\"kt-accordion-header-wrap\"><button class=\"kt-blocks-accordion-header kt-acccordion-button-label-show\" type=\"button\"><span class=\"kt-blocks-accordion-title-wrap\"><span class=\"kt-blocks-accordion-title\"><strong>Un aliciente mental<\/strong> &#8211; <strong>08\/05\/2018<\/strong><\/span><\/span><span class=\"kt-blocks-accordion-icon-trigger\"><\/span><\/button><\/div><div class=\"kt-accordion-panel kt-accordion-panel-hidden\"><div class=\"kt-accordion-panel-inner\">\n<p class=\"has-text-align-center\">Existo<br>muevo mis parpados<br>abro mis ojos<br>y pienso,<br>luego existo.<\/p>\n\n\n\n<p class=\"has-text-align-center\">Sue\u00f1o<br>ardua tarea la de la masa gris,<br>transformadora,<br>hasta llegar a lo irreconocible<br>oscura y embaucadora<br>es, la hora de so\u00f1ar, para vivir<br>con el ejercicio de las neuronas.<\/p>\n\n\n\n<p class=\"has-text-align-center\">\u00bfQu\u00e9 es la vida?<br>\u00bfUn sue\u00f1o, un estado,<br>o tal vez un conjunto de experiencias<br>sin idas ni venidas?<br>\u00bfRelaciones en masa?<br>Preguntas, preguntas, evidencias.<\/p>\n\n\n\n<p class=\"has-text-align-center\">Ejercicio mental<br>como el del cuerpo musculoso<br>para aprovechar<br>el fundamento de nuestra existencia,<br>continuamente transformandose<br>y ejercer, la fuerza del pensamiento.<\/p>\n\n\n\n<p class=\"has-text-align-center\">Hasta que las neuronas nos dicen<br>basta, basta,<br>quiz\u00e1s les interesen m\u00e1s los sue\u00f1os<br>prediciendo el final.<\/p>\n\n\n\n<p class=\"has-text-align-center\"><strong>Autor: Eufrasio Navarro Fern\u00e1ndez<\/strong><\/p>\n<\/div><\/div><\/div>\n\n\n\n<div class=\"wp-block-kadence-pane kt-accordion-pane kt-accordion-pane-9 kt-pane3067_28743c-fe\"><div class=\"kt-accordion-header-wrap\"><button class=\"kt-blocks-accordion-header kt-acccordion-button-label-show\" type=\"button\"><span class=\"kt-blocks-accordion-title-wrap\"><span class=\"kt-blocks-accordion-title\"><strong>La trilog\u00eda de la vida &#8211; 18\/04\/2018<\/strong><\/span><\/span><span class=\"kt-blocks-accordion-icon-trigger\"><\/span><\/button><\/div><div class=\"kt-accordion-panel kt-accordion-panel-hidden\"><div class=\"kt-accordion-panel-inner\">\n<p class=\"has-text-align-center\">\u00a1Si al levantarte un d\u00eda ves,<br>el fantasma de la vida!<br>D\u00e9jalo y no se\u00f1ales con el dedo<br>la tal silueta de costumbres,<br>de costumbres traicioneros.<\/p>\n\n\n\n<p class=\"has-text-align-center\">Ser\u00e1,<br>que con las sabanas te envuelves<br>para con la vida<br>porque no sabes rezar,<br>los rezos,<br>no sabes, del despertar,<br>imag\u00ednate c\u00f3mo ser\u00e1 la ida,<br>y el estar inquieto<br>al o\u00edr, al o\u00edr, la deriva.<\/p>\n\n\n\n<p class=\"has-text-align-center\">Cuidados, al final son cuidados<br>quienes maquillan<br>los recuerdos,<br>en una habitaci\u00f3n reci\u00e9n pintada<br>y un poco fr\u00eda,<br>y alguien dice, creo tener<br>los pensamientos cruzados<br>al pensar, que hubo un tiempo,<br>que pensaba<br>inund\u00e1ndose de risas..,<br>era importante, pero al levantarse<br>ahora ve fantasmas<br>con las reliquias de unos versos.<\/p>\n\n\n\n<p class=\"has-text-align-center\">Son cruzadas o mejor dicho<br>son trilog\u00edas con m\u00e1s de tres sue\u00f1os<br>en este caso, con el calor de las sabanas,<br>que mantienen el delirio<br>para pensar siempre,<br>que aunque se muera,<br>en la muerte vive.<\/p>\n\n\n\n<p class=\"has-text-align-center\"><strong>Autor: Eufrasio Navarro Fern\u00e1ndez<\/strong><\/p>\n<\/div><\/div><\/div>\n\n\n\n<div class=\"wp-block-kadence-pane kt-accordion-pane kt-accordion-pane-10 kt-pane3067_22e95c-21\"><div class=\"kt-accordion-header-wrap\"><button class=\"kt-blocks-accordion-header kt-acccordion-button-label-show\" type=\"button\"><span class=\"kt-blocks-accordion-title-wrap\"><span class=\"kt-blocks-accordion-title\"><strong>\u00a1Si la memoria me deja! &#8211; 05\/04\/2018<\/strong><\/span><\/span><span class=\"kt-blocks-accordion-icon-trigger\"><\/span><\/button><\/div><div class=\"kt-accordion-panel kt-accordion-panel-hidden\"><div class=\"kt-accordion-panel-inner\">\n<p class=\"has-text-align-center\">Le pedir\u00eda a la vida<br>un poco m\u00e1s de tiempo,<br>un gesto con mis recuerdos<br>para los que en m\u00ed habitan.<\/p>\n\n\n\n<p class=\"has-text-align-center\">Solo pedir\u00eda eso.<\/p>\n\n\n\n<p class=\"has-text-align-center\">Acariciar con mis manos<br>un poquito m\u00e1s el cuerpo,<br>de mi compa\u00f1ero o compa\u00f1era,<br>que el tacto refleje en mis dedos<br>las caricias de otros tiempos.<\/p>\n\n\n\n<p class=\"has-text-align-center\">Solo pedir\u00eda eso.<\/p>\n\n\n\n<p class=\"has-text-align-center\">Pronunciar el nombre correcto<br>a\u00fan, del que junto a m\u00ed<br>dimos vida.<\/p>\n\n\n\n<p class=\"has-text-align-center\">Solo pedir\u00eda eso.<\/p>\n\n\n\n<p class=\"has-text-align-center\">\u00a1Si viene el se\u00f1or Alzheimer!<br>Regalarle mi poes\u00eda<br>y entonces el que observa<br>aprender\u00e1 lo que es\u2026alegr\u00eda.<\/p>\n\n\n\n<p class=\"has-text-align-center\">Solo pedir\u00eda eso.<\/p>\n\n\n\n<p class=\"has-text-align-center\">La paz del poco tiempo,<br>pue hay al final del d\u00eda;<br>Pero seguir\u00e9 amando<br>en mi extra\u00f1o recuerdo.<\/p>\n\n\n\n<p class=\"has-text-align-center\">Solo pedir\u00eda eso.<\/p>\n\n\n\n<p class=\"has-text-align-center\">Acordaros de mi poes\u00eda,<br>yo me despido\u2026, con el hasta siempre.<\/p>\n\n\n\n<p class=\"has-text-align-center\"><strong>Autor: Eufrasio Navarro Fern\u00e1ndez<\/strong><\/p>\n<\/div><\/div><\/div>\n\n\n\n<div class=\"wp-block-kadence-pane kt-accordion-pane kt-accordion-pane-11 kt-pane3067_ca90e8-77\"><div class=\"kt-accordion-header-wrap\"><button class=\"kt-blocks-accordion-header kt-acccordion-button-label-show\" type=\"button\"><span class=\"kt-blocks-accordion-title-wrap\"><span class=\"kt-blocks-accordion-title\"><strong>Rafael &#8211; 22\/03\/2018<\/strong><\/span><\/span><span class=\"kt-blocks-accordion-icon-trigger\"><\/span><\/button><\/div><div class=\"kt-accordion-panel kt-accordion-panel-hidden\"><div class=\"kt-accordion-panel-inner\">\n<p class=\"has-text-align-center\">Hoy, f\u00edjate por donde Rafael,<br>quiero hablar contigo..,<br>no s\u00e9 si te conoc\u00ed, seguro que si<br>nos habremos cruzado<br>en el p\u00f3rtico de la memoria<br>con el tiempo como testigo.<\/p>\n\n\n\n<p class=\"has-text-align-center\">Hoy Rafael,<br>cuando las farolas se han apagado<br>he tenido la sensaci\u00f3n<br>de escuchar una voz ausente como el olvido<br>pero, se ha marcado la palabra bonach\u00f3n<br>en la pizarra de los amigos,<br>seguro, que se engrandece el significado<br>por los que te conocieron<br>a lo largo de la corta o larga vida,<br>seg\u00fan tu criterio.<\/p>\n\n\n\n<p class=\"has-text-align-center\">Posiblemente,<br>lo hayas comentado en tertulias<br>como hacemos siempre<br>pero ya, la existencia qued\u00f3 en tu presente<br>con tu bondad, sin dibujar penurias.<\/p>\n\n\n\n<p class=\"has-text-align-center\">Hoy Rafael, el futuro es, el m\u00e1s all\u00e1<br>por todo cuanto acontece,<br>pues ya ves, yo escribi\u00e9ndote unas paginas<br>con el lenguaje de los versos<br>para que todo quede en lo que imaginas,<br>brotando tu germen con tus deseos<br>y que se expanda por el tiempo.<\/p>\n\n\n\n<p class=\"has-text-align-center\">Amigo, te deseo un buen viaje<br>por el camino de lo eterno,<br>con el \u00e1nimo del hasta siempre<br>y el cari\u00f1o sublime de tu gente.<\/p>\n\n\n\n<p class=\"has-text-align-center\"><strong>Autor: Eufrasio Navarro Fern\u00e1ndez<\/strong><\/p>\n<\/div><\/div><\/div>\n\n\n\n<div class=\"wp-block-kadence-pane kt-accordion-pane kt-accordion-pane-12 kt-pane3067_c2d58a-0a\"><div class=\"kt-accordion-header-wrap\"><button class=\"kt-blocks-accordion-header kt-acccordion-button-label-show\" type=\"button\"><span class=\"kt-blocks-accordion-title-wrap\"><span class=\"kt-blocks-accordion-title\"><strong>Para ti cuidadora &#8211; 02\/03\/2018<\/strong><\/span><\/span><span class=\"kt-blocks-accordion-icon-trigger\"><\/span><\/button><\/div><div class=\"kt-accordion-panel kt-accordion-panel-hidden\"><div class=\"kt-accordion-panel-inner\">\n<p class=\"has-text-align-center\">Con tu presencia llega la bondad<br>dice, el usuario con su todav\u00eda pensar<br>con la mirada baja, a la cuidadora, la mira<br>y es, como si se le apareciera el alma<br>en su jard\u00edn de la tranquilidad.<\/p>\n\n\n\n<p class=\"has-text-align-center\">Cuidadora, siempre con una sonrisa<br>impregnando el aire de colores<br>por sus caricias infinitas..,<br>cuidadora eres, nave de sue\u00f1os.<\/p>\n\n\n\n<p class=\"has-text-align-center\">Dice el usuario, hoy pienso un poquito<br>ma\u00f1ana no s\u00e9, donde estar\u00e1 mi pensamiento<br>pero tu cara, tu sonrisa, es mi infinito<br>para llev\u00e1rmelo por el camino de lo eterno.<\/p>\n\n\n\n<p class=\"has-text-align-center\">\u00a1Qu\u00e9 paz hay en tu mirada cuidadora!<br>Puede que no me acuerde de tu nombre<br>pero si de tu cara tan bondadosa.<\/p>\n\n\n\n<p class=\"has-text-align-center\">Y esas mujeres con Alzheimer<br>con sus sentidos extras, se fijan en las cuidadoras<br>recordando las tareas de siempre..,<br>cuidadoras hoy, vuestra sonrisa es m\u00e1s grande<br>porque am\u00e1is como am\u00e1is<br>sin importaros, ninguna transcendencia.<\/p>\n\n\n\n<p class=\"has-text-align-center\"><strong>Autor: Eufrasio Navarro Fern\u00e1ndez<\/strong><\/p>\n<\/div><\/div><\/div>\n\n\n\n<div class=\"wp-block-kadence-pane kt-accordion-pane kt-accordion-pane-13 kt-pane3067_e3f3a3-d7\"><div class=\"kt-accordion-header-wrap\"><button class=\"kt-blocks-accordion-header kt-acccordion-button-label-show\" type=\"button\"><span class=\"kt-blocks-accordion-title-wrap\"><span class=\"kt-blocks-accordion-title\"><strong>A nuestro amigo y compa\u00f1ero Jer\u00f3nimo &#8211; 22\/02\/2018<\/strong><\/span><\/span><span class=\"kt-blocks-accordion-icon-trigger\"><\/span><\/button><\/div><div class=\"kt-accordion-panel kt-accordion-panel-hidden\"><div class=\"kt-accordion-panel-inner\">\n<p class=\"has-text-align-center\">Atravesamos monta\u00f1as y r\u00edos<br>y a tus sesenta a\u00f1os encuentras mi poes\u00eda<br>para tratar a la vida con caprichos<br>con tu orla de fantas\u00eda.<\/p>\n\n\n\n<p class=\"has-text-align-center\">Te has ido con los finos vientos<br>a explorar el inmenso espacio<br>y dise\u00f1ar tu propio universo<br>convencido estoy, ya sin cansancio.<\/p>\n\n\n\n<p class=\"has-text-align-center\">A\u00fan sopla aire de invierno aqu\u00ed abajo<br>mientras t\u00fa duermes, querido compa\u00f1ero<br>y si nos ves, donde est\u00e9s, te felicitamos.<\/p>\n\n\n\n<p class=\"has-text-align-center\">Sabes, que nuestro cari\u00f1o es inmenso<br>como la grandeza de tu alma<br>por ello estar\u00e1s, en nuestro pensamiento.<\/p>\n\n\n\n<p class=\"has-text-align-center\"><strong>Autor: Eufrasio Navarro Fern\u00e1ndez<\/strong><\/p>\n<\/div><\/div><\/div>\n\n\n\n<div class=\"wp-block-kadence-pane kt-accordion-pane kt-accordion-pane-14 kt-pane3067_760373-6d\"><div class=\"kt-accordion-header-wrap\"><button class=\"kt-blocks-accordion-header kt-acccordion-button-label-show\" type=\"button\"><span class=\"kt-blocks-accordion-title-wrap\"><span class=\"kt-blocks-accordion-title\"><strong>IMAG\u00cdNATE &#8211; 08\/02\/2018<\/strong><\/span><\/span><span class=\"kt-blocks-accordion-icon-trigger\"><\/span><\/button><\/div><div class=\"kt-accordion-panel kt-accordion-panel-hidden\"><div class=\"kt-accordion-panel-inner\">\n<p class=\"has-text-align-center\">\u00abCuando todo se olvida lo \u00fanico que nos queda es el amor.\u201d Tamara Hern\u00e1ndez Baute<\/p>\n\n\n\n<p class=\"has-text-align-center\">Imag\u00ednate<br>un d\u00eda radiante de sol<br>tras una noche de luna menguante,<br>pero al buscar en mis ojos<br>su luz cae al abismo imperante<br>de la desmemoria.<br>No te sientas perdido, amor m\u00edo,<br>pues tus pasos han de dibujar ahora<br>el camino. Mi camino.<\/p>\n\n\n\n<p class=\"has-text-align-center\">Toma mi mano con la firmeza<br>de saberte mi gu\u00eda,<br>uni\u00e9ndolas con invisibles lazos<br>a secuencias devastadas<br>por el tiempo y el olvido.<br>Constr\u00fayeme nuevos cimientos<br>para el fugaz recuerdo que me asalta<br>en el horizonte ceniciento,<br>d\u00f3nde nace o muere, un nuevo d\u00eda.<br>\u2026 Y su desencanto.<\/p>\n\n\n\n<p class=\"has-text-align-center\">N\u00f3mbrame a todos los p\u00e1jaros<br>que nos sobrevuelan<br>entonando sus alegres melod\u00edas,<br>volando hacia el azul ocaso.<br>En mi sien encanecida,<br>por los a\u00f1os y sus derrotas,<br>prende, a un mech\u00f3n de mi cabello<br>una de aquellas florecillas<br>que crec\u00edan junto al sendero.<br>En se\u00f1al de victoria,<br>sobre el desencuentro<br>entre el coraz\u00f3n y la memoria.<\/p>\n\n\n\n<p class=\"has-text-align-center\">Para que no se me olvide,<br>como hac\u00edas junto al arroyo<br>mientras bailaba la sombra<br>de la higuera con las ca\u00f1as,<br>y con los juncos la del chopo<br>en el reflejo del agua.<br>Como si de una canci\u00f3n se tratara,<br>dulcemente entonando,<br>has de clamar: \u00a1Cu\u00e1nto te quiero!<\/p>\n\n\n\n<p class=\"has-text-align-center\">Mientras yo busco en mi coraz\u00f3n<br>el mismo sentimiento,<br>toma mis labios con aquel ansia<br>que encend\u00edan tus besos<br>mi juventud y tu urgencia,<br>la pasi\u00f3n y el deseo.<br>Y quiz\u00e1s, cuando en tu pupila<br>yo reconozca tu amor y su fuego<br>se desperece mi memoria<br>y te encuentre entre mis recuerdos.<\/p>\n\n\n\n<p class=\"has-text-align-center\">Entre aquellos que forjaron la historia,<br>de un amor\u2026imperecedero.<\/p>\n\n\n\n<p class=\"has-text-align-center\">Entre aquellos que forjaron la historia,<br>de un amor\u2026imperecedero.<\/p>\n\n\n\n<p class=\"has-text-align-center\"><strong>Autora: Francisca S\u00e1nchez<\/strong><\/p>\n<\/div><\/div><\/div>\n\n\n\n<div class=\"wp-block-kadence-pane kt-accordion-pane kt-accordion-pane-15 kt-pane3067_a24c71-4f\"><div class=\"kt-accordion-header-wrap\"><button class=\"kt-blocks-accordion-header kt-acccordion-button-label-show\" type=\"button\"><span class=\"kt-blocks-accordion-title-wrap\"><span class=\"kt-blocks-accordion-title\"><strong>El camino del todo &#8211; 10\/01\/2018<\/strong><\/span><\/span><span class=\"kt-blocks-accordion-icon-trigger\"><\/span><\/button><\/div><div class=\"kt-accordion-panel kt-accordion-panel-hidden\"><div class=\"kt-accordion-panel-inner\">\n<p class=\"has-text-align-center\">Tendr\u00e1 que haber un camino<br>un camino..,<br>un camino de luz y memoria,<br>un camino..,<br>para, poder llegar a ti y ver<br>cual fueron, tus sue\u00f1os escondidos,<br>un camino..,<br>por tanta faena hecha,<br>hecha con sudor y hiel<br>y, de por medio ese abismo<br>de barro y piedras.<\/p>\n\n\n\n<p class=\"has-text-align-center\">Tendr\u00e1 que haber un sendero<br>para llegar.., donde tu est\u00e9s.<\/p>\n\n\n\n<p class=\"has-text-align-center\">Mi padre, memoria olvidada<br>para, simbolizar lo cruel<br>ahora, en medio de la nada<br>y yo, con la herida abierta<br>por la espada del ayer,<br>que corre por mis venas<br>el anuncio de la demencia<br>con la torpeza, que me llevara<br>a odiar, la ambici\u00f3n tapada<br>del aireado poder.<\/p>\n\n\n\n<p class=\"has-text-align-center\">Tendr\u00e1 que haber un camino<br>padre, un sendero, padre<br>para llegar a ti, sin estruendos<br>y tratarte..,<br>de igual a igual en el infinito<br>porque sigues siendo t\u00fa, padre<br>a pesar de tu Alzheimer.<\/p>\n\n\n\n<p class=\"has-text-align-center\">Tendr\u00e1 que haber ese sendero<br>y que pueda ba\u00f1ar al tiempo<br>para so\u00f1ar de nuevo,<br>contigo, padre, contigo.<\/p>\n\n\n\n<p class=\"has-text-align-center\"><strong>Autor: Eufrasio Navarro Fern\u00e1ndez<\/strong><\/p>\n<\/div><\/div><\/div>\n<\/div><\/div><\/div>\n<\/div><\/div>\n\n\n\n<div class=\"wp-block-kadence-tab kt-tab-inner-content kt-inner-tab-9 kt-inner-tabb80526-a6\"><div class=\"kt-tab-inner-content-inner\"><style>.kt-accordion-id3067_e3b575-74 .kt-accordion-inner-wrap{column-gap:var(--global-kb-gap-md, 2rem);row-gap:10px;}.kt-accordion-id3067_e3b575-74 .kt-accordion-panel-inner{border-top:0px solid transparent;border-right:0px solid transparent;border-bottom:0px solid transparent;border-left:0px solid transparent;background:#ffffff;padding-top:var(--global-kb-spacing-sm, 1.5rem);padding-right:var(--global-kb-spacing-sm, 1.5rem);padding-bottom:var(--global-kb-spacing-sm, 1.5rem);padding-left:var(--global-kb-spacing-sm, 1.5rem);}.kt-accordion-id3067_e3b575-74 > .kt-accordion-inner-wrap > .wp-block-kadence-pane > .kt-accordion-header-wrap > .kt-blocks-accordion-header{border-top:0px solid #f2f2f2;border-right:0px solid #f2f2f2;border-bottom:0px solid #f2f2f2;border-left:0px solid #f2f2f2;border-top-left-radius:6px;border-top-right-radius:6px;border-bottom-right-radius:6px;border-bottom-left-radius:6px;background:#f2f2f2;color:#555555;padding-top:14px;padding-right:16px;padding-bottom:14px;padding-left:16px;}.kt-accordion-id3067_e3b575-74:not( .kt-accodion-icon-style-basiccircle ):not( .kt-accodion-icon-style-xclosecircle ):not( .kt-accodion-icon-style-arrowcircle )  > .kt-accordion-inner-wrap > .wp-block-kadence-pane > .kt-accordion-header-wrap .kt-blocks-accordion-icon-trigger:after, .kt-accordion-id3067_e3b575-74:not( .kt-accodion-icon-style-basiccircle ):not( .kt-accodion-icon-style-xclosecircle ):not( .kt-accodion-icon-style-arrowcircle )  > .kt-accordion-inner-wrap > .wp-block-kadence-pane > .kt-accordion-header-wrap .kt-blocks-accordion-icon-trigger:before{background:#555555;}.kt-accordion-id3067_e3b575-74:not( .kt-accodion-icon-style-basic ):not( .kt-accodion-icon-style-xclose ):not( .kt-accodion-icon-style-arrow ) .kt-blocks-accordion-icon-trigger{background:#555555;}.kt-accordion-id3067_e3b575-74:not( .kt-accodion-icon-style-basic ):not( .kt-accodion-icon-style-xclose ):not( .kt-accodion-icon-style-arrow ) .kt-blocks-accordion-icon-trigger:after, .kt-accordion-id3067_e3b575-74:not( .kt-accodion-icon-style-basic ):not( .kt-accodion-icon-style-xclose ):not( .kt-accodion-icon-style-arrow ) .kt-blocks-accordion-icon-trigger:before{background:#f2f2f2;}.kt-accordion-id3067_e3b575-74 > .kt-accordion-inner-wrap > .wp-block-kadence-pane > .kt-accordion-header-wrap > .kt-blocks-accordion-header:hover, \n\t\t\t\tbody:not(.hide-focus-outline) .kt-accordion-id3067_e3b575-74 .kt-blocks-accordion-header:focus-visible{color:#444444;background:#eeeeee;border-top-color:#eeeeee;border-top-style:solid;border-right-color:#eeeeee;border-right-style:solid;border-bottom-color:#eeeeee;border-bottom-style:solid;border-left-color:#eeeeee;border-left-style:solid;}.kt-accordion-id3067_e3b575-74:not( .kt-accodion-icon-style-basiccircle ):not( .kt-accodion-icon-style-xclosecircle ):not( .kt-accodion-icon-style-arrowcircle ) .kt-accordion-header-wrap .kt-blocks-accordion-header:hover .kt-blocks-accordion-icon-trigger:after, .kt-accordion-id3067_e3b575-74:not( .kt-accodion-icon-style-basiccircle ):not( .kt-accodion-icon-style-xclosecircle ):not( .kt-accodion-icon-style-arrowcircle ) .kt-accordion-header-wrap .kt-blocks-accordion-header:hover .kt-blocks-accordion-icon-trigger:before, body:not(.hide-focus-outline) .kt-accordion-id3067_e3b575-74:not( .kt-accodion-icon-style-basiccircle ):not( .kt-accodion-icon-style-xclosecircle ):not( .kt-accodion-icon-style-arrowcircle ) .kt-blocks-accordion--visible .kt-blocks-accordion-icon-trigger:after, body:not(.hide-focus-outline) .kt-accordion-id3067_e3b575-74:not( .kt-accodion-icon-style-basiccircle ):not( .kt-accodion-icon-style-xclosecircle ):not( .kt-accodion-icon-style-arrowcircle ) .kt-blocks-accordion-header:focus-visible .kt-blocks-accordion-icon-trigger:before{background:#444444;}.kt-accordion-id3067_e3b575-74:not( .kt-accodion-icon-style-basic ):not( .kt-accodion-icon-style-xclose ):not( .kt-accodion-icon-style-arrow ) .kt-accordion-header-wrap .kt-blocks-accordion-header:hover .kt-blocks-accordion-icon-trigger, body:not(.hide-focus-outline) .kt-accordion-id3067_e3b575-74:not( .kt-accodion-icon-style-basic ):not( .kt-accodion-icon-style-xclose ):not( .kt-accodion-icon-style-arrow ) .kt-accordion-header-wrap .kt-blocks-accordion-header:focus-visible .kt-blocks-accordion-icon-trigger{background:#444444;}.kt-accordion-id3067_e3b575-74:not( .kt-accodion-icon-style-basic ):not( .kt-accodion-icon-style-xclose ):not( .kt-accodion-icon-style-arrow ) .kt-accordion-header-wrap .kt-blocks-accordion-header:hover .kt-blocks-accordion-icon-trigger:after, .kt-accordion-id3067_e3b575-74:not( .kt-accodion-icon-style-basic ):not( .kt-accodion-icon-style-xclose ):not( .kt-accodion-icon-style-arrow ) .kt-accordion-header-wrap .kt-blocks-accordion-header:hover .kt-blocks-accordion-icon-trigger:before, body:not(.hide-focus-outline) .kt-accordion-id3067_e3b575-74:not( .kt-accodion-icon-style-basic ):not( .kt-accodion-icon-style-xclose ):not( .kt-accodion-icon-style-arrow ) .kt-accordion-header-wrap .kt-blocks-accordion-header:focus-visible .kt-blocks-accordion-icon-trigger:after, body:not(.hide-focus-outline) .kt-accordion-id3067_e3b575-74:not( .kt-accodion-icon-style-basic ):not( .kt-accodion-icon-style-xclose ):not( .kt-accodion-icon-style-arrow ) .kt-accordion-header-wrap .kt-blocks-accordion-header:focus-visible .kt-blocks-accordion-icon-trigger:before{background:#eeeeee;}.kt-accordion-id3067_e3b575-74 .kt-accordion-header-wrap .kt-blocks-accordion-header:focus-visible,\n\t\t\t\t.kt-accordion-id3067_e3b575-74 > .kt-accordion-inner-wrap > .wp-block-kadence-pane > .kt-accordion-header-wrap > .kt-blocks-accordion-header.kt-accordion-panel-active{color:#ffffff;background:#f3690e;border-top-color:#f3690e;border-top-style:solid;border-right-color:#f3690e;border-right-style:solid;border-bottom-color:#f3690e;border-bottom-style:solid;border-left-color:#f3690e;border-left-style:solid;}.kt-accordion-id3067_e3b575-74:not( .kt-accodion-icon-style-basiccircle ):not( .kt-accodion-icon-style-xclosecircle ):not( .kt-accodion-icon-style-arrowcircle )  > .kt-accordion-inner-wrap > .wp-block-kadence-pane > .kt-accordion-header-wrap > .kt-blocks-accordion-header.kt-accordion-panel-active .kt-blocks-accordion-icon-trigger:after, .kt-accordion-id3067_e3b575-74:not( .kt-accodion-icon-style-basiccircle ):not( .kt-accodion-icon-style-xclosecircle ):not( .kt-accodion-icon-style-arrowcircle )  > .kt-accordion-inner-wrap > .wp-block-kadence-pane > .kt-accordion-header-wrap > .kt-blocks-accordion-header.kt-accordion-panel-active .kt-blocks-accordion-icon-trigger:before{background:#ffffff;}.kt-accordion-id3067_e3b575-74:not( .kt-accodion-icon-style-basic ):not( .kt-accodion-icon-style-xclose ):not( .kt-accodion-icon-style-arrow ) .kt-blocks-accordion-header.kt-accordion-panel-active .kt-blocks-accordion-icon-trigger{background:#ffffff;}.kt-accordion-id3067_e3b575-74:not( .kt-accodion-icon-style-basic ):not( .kt-accodion-icon-style-xclose ):not( .kt-accodion-icon-style-arrow ) .kt-blocks-accordion-header.kt-accordion-panel-active .kt-blocks-accordion-icon-trigger:after, .kt-accordion-id3067_e3b575-74:not( .kt-accodion-icon-style-basic ):not( .kt-accodion-icon-style-xclose ):not( .kt-accodion-icon-style-arrow ) .kt-blocks-accordion-header.kt-accordion-panel-active .kt-blocks-accordion-icon-trigger:before{background:#f3690e;}@media all and (max-width: 1024px){.kt-accordion-id3067_e3b575-74 .kt-accordion-panel-inner{border-top:0px solid transparent;border-right:0px solid transparent;border-bottom:0px solid transparent;border-left:0px solid transparent;}}@media all and (max-width: 1024px){.kt-accordion-id3067_e3b575-74 > .kt-accordion-inner-wrap > .wp-block-kadence-pane > .kt-accordion-header-wrap > .kt-blocks-accordion-header{border-top:0px solid #f2f2f2;border-right:0px solid #f2f2f2;border-bottom:0px solid #f2f2f2;border-left:0px solid #f2f2f2;}}@media all and (max-width: 1024px){.kt-accordion-id3067_e3b575-74 > .kt-accordion-inner-wrap > .wp-block-kadence-pane > .kt-accordion-header-wrap > .kt-blocks-accordion-header:hover, \n\t\t\t\tbody:not(.hide-focus-outline) .kt-accordion-id3067_e3b575-74 .kt-blocks-accordion-header:focus-visible{border-top-color:#eeeeee;border-top-style:solid;border-right-color:#eeeeee;border-right-style:solid;border-bottom-color:#eeeeee;border-bottom-style:solid;border-left-color:#eeeeee;border-left-style:solid;}}@media all and (max-width: 1024px){.kt-accordion-id3067_e3b575-74 .kt-accordion-header-wrap .kt-blocks-accordion-header:focus-visible,\n\t\t\t\t.kt-accordion-id3067_e3b575-74 > .kt-accordion-inner-wrap > .wp-block-kadence-pane > .kt-accordion-header-wrap > .kt-blocks-accordion-header.kt-accordion-panel-active{border-top-color:#f3690e;border-top-style:solid;border-right-color:#f3690e;border-right-style:solid;border-bottom-color:#f3690e;border-bottom-style:solid;border-left-color:#f3690e;border-left-style:solid;}}@media all and (max-width: 767px){.kt-accordion-id3067_e3b575-74 .kt-accordion-inner-wrap{display:block;}.kt-accordion-id3067_e3b575-74 .kt-accordion-inner-wrap .kt-accordion-pane:not(:first-child){margin-top:10px;}.kt-accordion-id3067_e3b575-74 .kt-accordion-panel-inner{border-top:0px solid transparent;border-right:0px solid transparent;border-bottom:0px solid transparent;border-left:0px solid transparent;}.kt-accordion-id3067_e3b575-74 > .kt-accordion-inner-wrap > .wp-block-kadence-pane > .kt-accordion-header-wrap > .kt-blocks-accordion-header{border-top:0px solid #f2f2f2;border-right:0px solid #f2f2f2;border-bottom:0px solid #f2f2f2;border-left:0px solid #f2f2f2;}.kt-accordion-id3067_e3b575-74 > .kt-accordion-inner-wrap > .wp-block-kadence-pane > .kt-accordion-header-wrap > .kt-blocks-accordion-header:hover, \n\t\t\t\tbody:not(.hide-focus-outline) .kt-accordion-id3067_e3b575-74 .kt-blocks-accordion-header:focus-visible{border-top-color:#eeeeee;border-top-style:solid;border-right-color:#eeeeee;border-right-style:solid;border-bottom-color:#eeeeee;border-bottom-style:solid;border-left-color:#eeeeee;border-left-style:solid;}.kt-accordion-id3067_e3b575-74 .kt-accordion-header-wrap .kt-blocks-accordion-header:focus-visible,\n\t\t\t\t.kt-accordion-id3067_e3b575-74 > .kt-accordion-inner-wrap > .wp-block-kadence-pane > .kt-accordion-header-wrap > .kt-blocks-accordion-header.kt-accordion-panel-active{border-top-color:#f3690e;border-top-style:solid;border-right-color:#f3690e;border-right-style:solid;border-bottom-color:#f3690e;border-bottom-style:solid;border-left-color:#f3690e;border-left-style:solid;}}<\/style>\n<div class=\"wp-block-kadence-accordion alignnone\"><div class=\"kt-accordion-wrap kt-accordion-id3067_e3b575-74 kt-accordion-has-16-panes kt-active-pane-0 kt-accordion-block kt-pane-header-alignment-left kt-accodion-icon-style-basic kt-accodion-icon-side-right\" style=\"max-width:none\"><div class=\"kt-accordion-inner-wrap\" data-allow-multiple-open=\"false\" data-start-open=\"none\">\n<div class=\"wp-block-kadence-pane kt-accordion-pane kt-accordion-pane-4 kt-pane3067_fae2c6-26\"><div class=\"kt-accordion-header-wrap\"><button class=\"kt-blocks-accordion-header kt-acccordion-button-label-show\" type=\"button\"><span class=\"kt-blocks-accordion-title-wrap\"><span class=\"kt-blocks-accordion-title\"><strong>Mi tren &#8211; 14\/12\/2017<\/strong><\/span><\/span><span class=\"kt-blocks-accordion-icon-trigger\"><\/span><\/button><\/div><div class=\"kt-accordion-panel kt-accordion-panel-hidden\"><div class=\"kt-accordion-panel-inner\">\n<p class=\"has-text-align-center\">Yo viaj\u00e9 en un tren a vapor<br>representando al tiempo<br>en blanco y negro su color<br>y caminando, se fueron yendo<br>los pesados criterios<br>por los enjuagues, transformando<br>hasta los sentimientos<br>el tren, mi tren, camina lento<br>paraba, en cualquier estaci\u00f3n<br>y ve\u00edamos aparecer los sue\u00f1os<br>por cualquier rinc\u00f3n.<\/p>\n\n\n\n<p class=\"has-text-align-center\">Humo negro, vapor blanco<br>silbato de ensue\u00f1os<br>hac\u00eda prolongar la marcha<br>paseando por los escarpadas<br>torronteras del terreno<br>dando tiempo a mirar<br>las exquisitas estampas ligadas<br>con el ansia de lo desconocido.<\/p>\n\n\n\n<p class=\"has-text-align-center\">Quiz\u00e1s, fue el comienzo del color<br>con maquinas chatas<br>y en sus techos, hierros de ara\u00f1as<br>para seguir caminando<br>hacia el futuro, estaci\u00f3n larga<br>y sin bajarme,<br>me transformo a hombre<br>o tal vez, sigo siendo ni\u00f1o<br>y verme de nuevo sentado<br>en los asientos de madera<br>para retozar como anta\u00f1o..,<br>me ha despertado el silbido<br>del tren, de cualquier tren<br>sea de vapor o m\u00e1s r\u00e1pido.<\/p>\n\n\n\n<p class=\"has-text-align-center\">La cuesti\u00f3n es,<br>caminar y escuchar<br>el mejor de los silencios<br>y pintar un alegato en sus vagones<br>para decir que existo, sin remedio.<\/p>\n\n\n\n<p class=\"has-text-align-center\"><strong>Autor: Eufrasio Navarro Fern\u00e1ndez<\/strong><\/p>\n<\/div><\/div><\/div>\n\n\n\n<div class=\"wp-block-kadence-pane kt-accordion-pane kt-accordion-pane-5 kt-pane3067_2afa92-4d\"><div class=\"kt-accordion-header-wrap\"><button class=\"kt-blocks-accordion-header kt-acccordion-button-label-show\" type=\"button\"><span class=\"kt-blocks-accordion-title-wrap\"><span class=\"kt-blocks-accordion-title\"><strong>Caricias &#8211; 20\/11\/2017<\/strong><\/span><\/span><span class=\"kt-blocks-accordion-icon-trigger\"><\/span><\/button><\/div><div class=\"kt-accordion-panel kt-accordion-panel-hidden\"><div class=\"kt-accordion-panel-inner\">\n<p class=\"has-text-align-center\">Suenan acordes suenan<br>de la vida madre de la vida<br>y el sudor chorrea en mi cara<br>al ver como se iba.<\/p>\n\n\n\n<p class=\"has-text-align-center\">Mi padre madre, mi padre<br>resbalan en el viento mis manos<br>extendiendo mis caricias<br>al sentir como se abre<br>mi alma madre, mi alma.<\/p>\n\n\n\n<p class=\"has-text-align-center\">Las alondras me acompa\u00f1an<br>los jilgueros entonan<br>su tron\u00edo y me empapan<br>con el sabor de los recuerdos<br>all\u00e1 en el campo, donde vivimos<br>con la paz y la armon\u00eda<br>junto a los p\u00e1jaros aquellos<br>con su volar en nuestras entra\u00f1as.<\/p>\n\n\n\n<p class=\"has-text-align-center\">Y hasta el cielo se abri\u00f3 madre<br>para coger su alma, su alma.<br>Qued\u00f3 en mi mente sus acordes<br>sonido de oro para mi orden,<br>mi orden madre, mi orden.<\/p>\n\n\n\n<p class=\"has-text-align-center\">Porque es el aire quien me trae<br>las caricia que me hacia<br>mi padre, madre, mi padre<br>cuando dorm\u00eda.<\/p>\n\n\n\n<p class=\"has-text-align-center\"><strong>Autor: Eufrasio Navarro Fern\u00e1ndez<\/strong><\/p>\n<\/div><\/div><\/div>\n\n\n\n<div class=\"wp-block-kadence-pane kt-accordion-pane kt-accordion-pane-6 kt-pane3067_116cc5-2e\"><div class=\"kt-accordion-header-wrap\"><button class=\"kt-blocks-accordion-header kt-acccordion-button-label-show\" type=\"button\"><span class=\"kt-blocks-accordion-title-wrap\"><span class=\"kt-blocks-accordion-title\"><strong>POR SI DESPIERTA TU MEMORIA &#8211; 16\/11\/2017<\/strong><\/span><\/span><span class=\"kt-blocks-accordion-icon-trigger\"><\/span><\/button><\/div><div class=\"kt-accordion-panel kt-accordion-panel-hidden\"><div class=\"kt-accordion-panel-inner\">\n<p class=\"has-text-align-center\">Por si despierta tu memoria<br>te contemplo. Me miras.<br>Te beso. Me besas sin reconocerme<br>y tal parece que se aferra tu mirada,<br>de mi amor, consciente.<\/p>\n\n\n\n<p class=\"has-text-align-center\">\u2026Duele el acero de tu caricia,<br>ignorado por tu mirada ausente.<\/p>\n\n\n\n<p class=\"has-text-align-center\">Por si despierta tu memoria,<br>tomo tu rostro entre mis manos intentando dibujar paisajes, caricia a caricia.<br>Te pinto tus rosas, tus geranios<br>y aquel canario, que un d\u00eda cant\u00f3 en tu risa.<\/p>\n\n\n\n<p class=\"has-text-align-center\">\u2026Duele mi garganta rota,<br>de tanto gritar silencios.<\/p>\n\n\n\n<p class=\"has-text-align-center\">Por si despierta tu memoria,<br>buscan en tu silencio, mis palabras,<br>alg\u00fan lugar perdido de tu historia,<br>y el tiempo se aposenta en la ventana<br>por d\u00f3nde, fugitivas, escaparon<br>las \u00faltimas reminiscencias de tu vida.<\/p>\n\n\n\n<p class=\"has-text-align-center\">\u2026Duelen tanto tus recuerdos<br>borrados de las fotograf\u00edas.<\/p>\n\n\n\n<p class=\"has-text-align-center\">Por si despierta tu memoria,<br>cojo un libro, aqu\u00e9l de relatos,<br>y simulo leerte un cuento que, de ni\u00f1a,<br>me contabas para espantar mis miedos.<br>Mi amor te arropa y tu s\u00e1bana es el alma m\u00eda.<\/p>\n\n\n\n<p class=\"has-text-align-center\">\u2026Duele contemplar, c\u00f3mo en tus ojos<br>ni es de noche, ni hay sol, ni es de d\u00eda.<\/p>\n\n\n\n<p class=\"has-text-align-center\"><strong>Autora: Francisca S\u00e1nchez<\/strong><\/p>\n<\/div><\/div><\/div>\n\n\n\n<div class=\"wp-block-kadence-pane kt-accordion-pane kt-accordion-pane-7 kt-pane3067_6b4c26-90\"><div class=\"kt-accordion-header-wrap\"><button class=\"kt-blocks-accordion-header kt-acccordion-button-label-show\" type=\"button\"><span class=\"kt-blocks-accordion-title-wrap\"><span class=\"kt-blocks-accordion-title\"><strong>Amanecer nublado &#8211; 14\/10\/2017<\/strong><\/span><\/span><span class=\"kt-blocks-accordion-icon-trigger\"><\/span><\/button><\/div><div class=\"kt-accordion-panel kt-accordion-panel-hidden\"><div class=\"kt-accordion-panel-inner\">\n<p class=\"has-text-align-center\">Cuanto frio hace en esta orilla<br>en la fr\u00eda ma\u00f1ana del oto\u00f1o pardo<br>recogiendo uvas en cuclillas<br>las que dejo pasas el verano.<\/p>\n\n\n\n<p class=\"has-text-align-center\">La parra con sarmientos de oro<br>lucen hojas de color ocre<br>as\u00ed somos, m\u00e1s de uno\/a con sonoro<br>garganteo con sabor a cofre.<\/p>\n\n\n\n<p class=\"has-text-align-center\">Lleno de restos, los rescoldos<br>de un tiempo con luz luminosa<br>anchas avenidas llenas de colmos<br>juventud y belleza era, otra cosa.<\/p>\n\n\n\n<p class=\"has-text-align-center\">Ahora hace frio en esta orilla<br>la memoria juega con el ocaso<br>a el escondite, o al pilla-pilla<br>a\u00fan se nos escapan las manos.<\/p>\n\n\n\n<p class=\"has-text-align-center\">Por nuestros cuerpos, por simpat\u00eda<br>reflejo de aquellos anhelos<br>cuando, la vida era vida y m\u00e1s vida,<br>que el frio enturbia hasta los consuelos.<\/p>\n\n\n\n<p class=\"has-text-align-center\">Para colmo, hoy ha amanecido nublado<br>y las nubes parecen chorros<br>chorros, para arroyos embalsamados<br>con las piedras salpicadas por ventorros.<\/p>\n\n\n\n<p class=\"has-text-align-center\">As\u00ed se vuelve la mente con el tiempo<br>ya, sin la furia de los potros<br>lo viejo se vuelve simiente, puro sentimiento<br>culminando la pureza del cosmos.<\/p>\n\n\n\n<p class=\"has-text-align-center\"><strong>Autor: Eufrasio Navarro Fern\u00e1ndez<\/strong><\/p>\n<\/div><\/div><\/div>\n\n\n\n<div class=\"wp-block-kadence-pane kt-accordion-pane kt-accordion-pane-8 kt-pane3067_5c48e3-a5\"><div class=\"kt-accordion-header-wrap\"><button class=\"kt-blocks-accordion-header kt-acccordion-button-label-show\" type=\"button\"><span class=\"kt-blocks-accordion-title-wrap\"><span class=\"kt-blocks-accordion-title\"><strong>La maldici\u00f3n del poder &#8211; 17\/09\/2017<\/strong><\/span><\/span><span class=\"kt-blocks-accordion-icon-trigger\"><\/span><\/button><\/div><div class=\"kt-accordion-panel kt-accordion-panel-hidden\"><div class=\"kt-accordion-panel-inner\">\n<p class=\"has-text-align-center\">I<br>Nunca entender\u00e9 las razones del poder<br>para venir golpeando la salud del pueblo<br>con su tiempo controlando y no creer<br>el da\u00f1o del tiempo destruyendo lo bello.<\/p>\n\n\n\n<p class=\"has-text-align-center\">Dineros por doquier para sus fiestas<br>mientras el Alzheimer avanza sin descanso<br>y es, el sufrimiento que no interesa<br>ni al poder ni a los bancos.<\/p>\n\n\n\n<p class=\"has-text-align-center\">Yo, compongo con mi sentido<br>versos contra la opresi\u00f3n del dinero<br>y aunque me revuelvo y lucho, soy un cr\u00edtico.<\/p>\n\n\n\n<p class=\"has-text-align-center\">Por la enfermedad que avanza sin remedio<br>tanto rezar al cielo, si en la tierra no quer\u00e9is<br>que ni pan tenga el pueblo.<br>II<br>Nunca entender\u00e9, cual es su pensamiento<br>de quienes nos roban nuestros caudales<br>sirvi\u00e9ndoles de nombramientos<br>y golpear la vida con sus avales.<\/p>\n\n\n\n<p class=\"has-text-align-center\">Golpes y m\u00e1s golpes yo les diera<br>y supieran lo que es el Alzheimer<br>ver\u00edan su memoria toda quieta<br>sin armonizar sus propiedades.<\/p>\n\n\n\n<p class=\"has-text-align-center\">Y la vida con la luz renaciera<br>m\u00e1s los mayores les alumbraran<br>para que la felicidad vieran.<\/p>\n\n\n\n<p class=\"has-text-align-center\">Los poderosos pol\u00edticos sentados<br>en las poltronas de oro compradas<br>con su lema, atado y bien atado.<\/p>\n\n\n\n<p class=\"has-text-align-center\"><strong>Autor: Eufrasio Navarro Fern\u00e1ndez<\/strong><\/p>\n<\/div><\/div><\/div>\n\n\n\n<div class=\"wp-block-kadence-pane kt-accordion-pane kt-accordion-pane-9 kt-pane3067_df90d4-75\"><div class=\"kt-accordion-header-wrap\"><button class=\"kt-blocks-accordion-header kt-acccordion-button-label-show\" type=\"button\"><span class=\"kt-blocks-accordion-title-wrap\"><span class=\"kt-blocks-accordion-title\"><strong>Me voy con la cordura &#8211; 12\/09\/2017<\/strong><\/span><\/span><span class=\"kt-blocks-accordion-icon-trigger\"><\/span><\/button><\/div><div class=\"kt-accordion-panel kt-accordion-panel-hidden\"><div class=\"kt-accordion-panel-inner\">\n<p class=\"has-text-align-center\">Hace un momento me he sentado<br>un poco cansado de tantos avatares<br>y en esta lonja del tiempo estoy repasando<br>los cuentos de la ni\u00f1ez un tanto curvados,<br>que hay en la repisa de la chimenea, mis altares.<br>y con los cuentos hay, cr\u00f3nicas period\u00edsticas<br>amontonadas en la vieja memoria.<\/p>\n\n\n\n<p class=\"has-text-align-center\">Me acuerdo, de aquellas \u00e9pocas<br>me acuerdo hasta de las comas, que con astucia<br>el periodista rodea la cr\u00f3nica con su ling\u00fc\u00edstica.<\/p>\n\n\n\n<p class=\"has-text-align-center\">Y entonces me doy cuenta, que existe el silencio,<br>que solo hablan mis ojos y el tacto de mis dedos,<br>que el presente cae en el pozo del olvido<br>para explorar de nuevo, el mundo de los ni\u00f1os.<br>Y no dejo de repasar aquellos cuentos,<br>aquellos peri\u00f3dicos, con las hojas color oto\u00f1o<br>siento en mi hombro, las caricias de mis seres queridos.<\/p>\n\n\n\n<p class=\"has-text-align-center\">Y aunque la vista no es fija,<br>veo con el tacto de mis dedos la leal sonrisa<br>de cuantos me quieren, p\u00f3rtico de un mundo nuevo<br>alumbrado con luces rojas es, el Alzheimer,<br>pero no llor\u00e9is por m\u00ed, solo me renuevo<br>con un suspiro, que me eleva a las nubes negras<br>y os pido, que guard\u00e9is los cuentos<br>en la repisa de siempre, en la chimenea y<br>pensar, que la vida es, cuesti\u00f3n de tiempo<br>porque al final todo es, un circulo.<\/p>\n\n\n\n<p class=\"has-text-align-center\"><strong>Autor: Eufrasio Navarro Fern\u00e1ndez<\/strong><\/p>\n<\/div><\/div><\/div>\n\n\n\n<div class=\"wp-block-kadence-pane kt-accordion-pane kt-accordion-pane-10 kt-pane3067_e67ed9-38\"><div class=\"kt-accordion-header-wrap\"><button class=\"kt-blocks-accordion-header kt-acccordion-button-label-show\" type=\"button\"><span class=\"kt-blocks-accordion-title-wrap\"><span class=\"kt-blocks-accordion-title\"><strong>Llegaron las sombras &#8211; 25\/05\/2017<\/strong><\/span><\/span><span class=\"kt-blocks-accordion-icon-trigger\"><\/span><\/button><\/div><div class=\"kt-accordion-panel kt-accordion-panel-hidden\"><div class=\"kt-accordion-panel-inner\">\n<p class=\"has-text-align-center\">Al ver la luz y no ser luz lo que brillara<br>pens\u00e9, que la luz del sol era m\u00eda<br>y solo vi, la oscuridad al final del d\u00eda,<br>escondida con las sombras en calma.<\/p>\n\n\n\n<p class=\"has-text-align-center\">El tiempo es paciente entre, lo joven y lo viejo<br>y la sangre tiene, su propio relente<br>con extremado cortejo, siempre caliente<br>cuando este fuego es, un desespero.<\/p>\n\n\n\n<p class=\"has-text-align-center\">Adherente a las luces azules, color cielo<br>mezcladas con \u00e1nimos efervescentes<br>de esos momentos, olvidados y traicioneros<br>para sembrar penumbras, en las gentes.<\/p>\n\n\n\n<p class=\"has-text-align-center\">Viene, el silencio sin un \u00e1pice de soltura<br>con la noche, que se vuelve traicionera<br>esperando el reflejo de la blanca luna,<br>que va con parsimonia, por la vereda negra.<\/p>\n\n\n\n<p class=\"has-text-align-center\">Laureadas son, las almas blancas,<br>que a la oscuridad se acercan<br>es ag\u00f3nica la enfermedad, que acecha<br>a la luz sin luz, para con sus almas.<\/p>\n\n\n\n<p class=\"has-text-align-center\">Son vertientes, que preconiza el declive<br>de la vida, que no es, ni larga ni corta<br>es calendario del tiempo, su \u00edndice<br>llevada su carga, por la vena aorta.<\/p>\n\n\n\n<p class=\"has-text-align-center\">Por ello siempre pens\u00e9, que la luz era m\u00eda<br>equivocado, se oscureci\u00f3 de repente<br>al ver como ven\u00edan las sombras, siendo d\u00eda<br>fue, el maldito Alzheimer, que quedo permanente.<\/p>\n\n\n\n<p class=\"has-text-align-center\"><strong>Autor: Eufrasio Navarro Fern\u00e1ndez<\/strong><\/p>\n<\/div><\/div><\/div>\n\n\n\n<div class=\"wp-block-kadence-pane kt-accordion-pane kt-accordion-pane-11 kt-pane3067_a027f6-31\"><div class=\"kt-accordion-header-wrap\"><button class=\"kt-blocks-accordion-header kt-acccordion-button-label-show\" type=\"button\"><span class=\"kt-blocks-accordion-title-wrap\"><span class=\"kt-blocks-accordion-title\"><strong>Cabellos plateados &#8211; 11\/05\/2017<\/strong><\/span><\/span><span class=\"kt-blocks-accordion-icon-trigger\"><\/span><\/button><\/div><div class=\"kt-accordion-panel kt-accordion-panel-hidden\"><div class=\"kt-accordion-panel-inner\">\n<p class=\"has-text-align-center\">Fugaces los mitos de la vida<br>las primaveras son caprichos<br>de una existencia unida<br>al explorar, el vivir y el ser cr\u00edticos.<\/p>\n\n\n\n<p class=\"has-text-align-center\">De los momentos con sus pausas,<br>que dejan peque\u00f1os surcos<br>y cambian, poco a poco la cara.<\/p>\n\n\n\n<p class=\"has-text-align-center\">Los cabellos nos marcan<br>las cuatro estaciones tan pulcros<br>d\u00e1ndole el significado al mundo<br>y se vuelven, color plata.<\/p>\n\n\n\n<p class=\"has-text-align-center\">La palabra se convierte en olvido<br>ahora solo existe la templanza<br>como el mejor de los inquilinos<br>con el mirar fijo en la madrugada.<\/p>\n\n\n\n<p class=\"has-text-align-center\">Pero a\u00fan se sienten<br>los deseos de un auge inesperado<br>para doblegar al presente<br>y ver la luz<br>al amar con el sentido preparado.<\/p>\n\n\n\n<p class=\"has-text-align-center\">Para, seguir navegando<br>junto a la luna con luz de plata<br>buscando, los placeres deseados<br>de cualquier tiempo ganado.<\/p>\n\n\n\n<p class=\"has-text-align-center\"><strong>Autor: Eufrasio Navarro Fern\u00e1ndez<\/strong><\/p>\n<\/div><\/div><\/div>\n\n\n\n<div class=\"wp-block-kadence-pane kt-accordion-pane kt-accordion-pane-12 kt-pane3067_27b138-94\"><div class=\"kt-accordion-header-wrap\"><button class=\"kt-blocks-accordion-header kt-acccordion-button-label-show\" type=\"button\"><span class=\"kt-blocks-accordion-title-wrap\"><span class=\"kt-blocks-accordion-title\"><strong>Encuentro con la vida &#8211; 20\/04\/2017<\/strong><\/span><\/span><span class=\"kt-blocks-accordion-icon-trigger\"><\/span><\/button><\/div><div class=\"kt-accordion-panel kt-accordion-panel-hidden\"><div class=\"kt-accordion-panel-inner\">\n<p class=\"has-text-align-center\">Nac\u00ed,<br>me encontr\u00e9 con la vida y con los sue\u00f1os<br>y fuimos caminando pensando en lo eterno<br>porque la luz invad\u00eda todo a mi alrededor<br>con colores de agua y cielo con el clamor<br>de la viveza, de la magia del nacer.<\/p>\n\n\n\n<p class=\"has-text-align-center\">Hablamos,<br>de felicidad, de amor y muchas cosas m\u00e1s<br>al disfrutar de las sublimes caricias de la vida<br>encontradas, en el jard\u00edn de la familia..,<br>padres, hermanos, hermanas<br>saboreando d\u00eda a d\u00eda, las interpretaciones vividas.<\/p>\n\n\n\n<p class=\"has-text-align-center\">Escritas en el mejor libro titulado; constancia<br>y dibujado en el mejor lienzo, para mi casa.<\/p>\n\n\n\n<p class=\"has-text-align-center\">Ahora, que estoy solo, pienso<br>ahora, que la luz se est\u00e1 yendo<br>miro, el pintado de ese lienzo<br>y me doy cuenta, que me encontr\u00e9 con la vida,<br>-con la magia de la naturaleza-<br>y con el decir del silencio,<br>que suave me habla, del ocaso<br>y de c\u00f3mo evoluciona el tiempo<br>hasta que, la luz se vuelve opaca<br>y todo se convierte en la historia de la nada.<\/p>\n\n\n\n<p class=\"has-text-align-center\">Los genes, caracteres de simientes<br>se quedar\u00e1n con la vida en la tierra<br>creando encuentros para vidas nuevas.<\/p>\n\n\n\n<p class=\"has-text-align-center\">Y el Bing-Bang se producir\u00e1,<br>hasta que la naturaleza quiera.<br>Se seguir\u00e1 escribiendo, se seguir\u00e1 dibujando,<br>la felicidad, el amor y muchas cosas m\u00e1s<br>con anchos y delgados rasgos de la memoria<br>absorbida por la gran materia.<\/p>\n\n\n\n<p class=\"has-text-align-center\"><strong>Autor: Eufrasio Navarro Fern\u00e1ndez<\/strong><\/p>\n<\/div><\/div><\/div>\n\n\n\n<div class=\"wp-block-kadence-pane kt-accordion-pane kt-accordion-pane-13 kt-pane3067_2f2530-18\"><div class=\"kt-accordion-header-wrap\"><button class=\"kt-blocks-accordion-header kt-acccordion-button-label-show\" type=\"button\"><span class=\"kt-blocks-accordion-title-wrap\"><span class=\"kt-blocks-accordion-title\"><strong>Contra el Alzheimer &#8211; 06\/04\/2017<\/strong><\/span><\/span><span class=\"kt-blocks-accordion-icon-trigger\"><\/span><\/button><\/div><div class=\"kt-accordion-panel kt-accordion-panel-hidden\"><div class=\"kt-accordion-panel-inner\">\n<p class=\"has-text-align-center\">\u00a1Oh, que cansada vida!<br>La que mitigo con el destino<br>y sentado ahora en esta orilla<br>la llevo, como un estado clandestino.<\/p>\n\n\n\n<p class=\"has-text-align-center\">M\u00e1s no puedo estar m\u00e1s pensativo<br>al ver, como se oscurece mi pensamiento<br>como un vacio y el flaquear mis instintos<br>con el dolor de mis sentimientos.<\/p>\n\n\n\n<p class=\"has-text-align-center\">Solo cuando cierro los ojos<br>cabalgo, a lomo del intr\u00e9pido futuro<br>y templo mi estado, para saborearlo todo<br>antes de, que todo se ponga oscuro.<\/p>\n\n\n\n<p class=\"has-text-align-center\">Y si amanece con la intenci\u00f3n de treparme<br>resistir\u00e9 la feroz embestida de tal conjuro<br>con una propuesta un\u00e1nime, que yo juro<br>el combatir a las tinieblas, sin apartarme.<\/p>\n\n\n\n<p class=\"has-text-align-center\">Aunque la vida en mi, este cansada<br>sacar\u00e9 fuerza de la flaqueza o de la nada<br>para, que la vida no escape y sea consciente<br>de mi lucha a muerte, contra el Alzheimer.<\/p>\n\n\n\n<p class=\"has-text-align-center\"><strong>Autor: Eufrasio Navarro Fern\u00e1ndez<\/strong><\/p>\n<\/div><\/div><\/div>\n\n\n\n<div class=\"wp-block-kadence-pane kt-accordion-pane kt-accordion-pane-14 kt-pane3067_a58159-70\"><div class=\"kt-accordion-header-wrap\"><button class=\"kt-blocks-accordion-header kt-acccordion-button-label-show\" type=\"button\"><span class=\"kt-blocks-accordion-title-wrap\"><span class=\"kt-blocks-accordion-title\"><strong>El deseo de vivir &#8211; 09\/03\/2017<\/strong><\/span><\/span><span class=\"kt-blocks-accordion-icon-trigger\"><\/span><\/button><\/div><div class=\"kt-accordion-panel kt-accordion-panel-hidden\"><div class=\"kt-accordion-panel-inner\">\n<p class=\"has-text-align-center\">Bajo el sentido del tiempo<br>se abre la ilusi\u00f3n amenazada<br>y creo la paz, que embeleso<br>con bonitas palabras<br>de amor ligada al recuerdo.<\/p>\n\n\n\n<p class=\"has-text-align-center\">Veo en sus ojos la intenci\u00f3n<br>de querer vivir sin pausa,<br>sin hechos, que atormenten<br>la graciosa sinfon\u00eda de la ilusi\u00f3n.<\/p>\n\n\n\n<p class=\"has-text-align-center\">Porque su nuevo estado es m\u00fasica<br>gravada en su cerebro y aceptada<br>para airear su picara sonrisa<br>de ese momento, que le llegara.<\/p>\n\n\n\n<p class=\"has-text-align-center\">Feliz, con el deseo de vivir<br>interpretando la palabra<br>en melod\u00eda con el sentir<br>de vidas nuevas alargadas.<\/p>\n\n\n\n<p class=\"has-text-align-center\">Caminaremos juntos<br>a las ciudades de ninguna parte<br>porque, lo importante es vivir<br>con presentes impresionantes.<\/p>\n\n\n\n<p class=\"has-text-align-center\">\u00a1Qu\u00e9 sonrisa picar\u00f3n\/a, la de sus labios!<br>al ver unos muslos al desnudo<br>lo ven, sienten un raro calor<br>y el nerviosismo de a\u00f1os<br>con ese recuerdo, del deseo de vivir<br>como anta\u00f1o.<\/p>\n\n\n\n<p class=\"has-text-align-center\"><strong>Autor: Eufrasio Navarro Fern\u00e1ndez<\/strong><\/p>\n<\/div><\/div><\/div>\n\n\n\n<div class=\"wp-block-kadence-pane kt-accordion-pane kt-accordion-pane-15 kt-pane3067_8afc4d-e4\"><div class=\"kt-accordion-header-wrap\"><button class=\"kt-blocks-accordion-header kt-acccordion-button-label-show\" type=\"button\"><span class=\"kt-blocks-accordion-title-wrap\"><span class=\"kt-blocks-accordion-title\"><strong>Veremos la luz &#8211; 09\/02\/2017<\/strong><\/span><\/span><span class=\"kt-blocks-accordion-icon-trigger\"><\/span><\/button><\/div><div class=\"kt-accordion-panel kt-accordion-panel-hidden\"><div class=\"kt-accordion-panel-inner\">\n<p class=\"has-text-align-center\">Ya est\u00e1 la calle sola,<br>triste, color pardo, inh\u00f3spita,<br>se han ido los p\u00e1jaros<br>por la ruta del limbo, ya no hay llantos<br>y la lluvia, hasta los pensamientos moja<br>con alg\u00fan resquicio del pasado.<\/p>\n\n\n\n<p class=\"has-text-align-center\">Que se refugia en el alma sin limites<br>de color negro o gris oscuro<br>donde al final hay<br>una fuente que mana<br>esperanzas incre\u00edbles,<br>que escapan corriente abajo<br>inundando, la gran plaza.<\/p>\n\n\n\n<p class=\"has-text-align-center\">Son torbellinos<br>los deseos que se mueven<br>en la mente gastada, su laberinto<br>al pasear por esa calle sola<br>alumbrada solo con el parpadear<br>de su mirada y de la gran farola.<\/p>\n\n\n\n<p class=\"has-text-align-center\">Tratando de ahuyentar,<br>a los escurridizos fantasmas<br>es, la vida cotidiana sin pensar,<br>que camina hacia el limbo<br>hablando, con las sonrisas planas.<\/p>\n\n\n\n<p class=\"has-text-align-center\">Veremos la luz, seguro, veremos la luz<br>cada ma\u00f1ana.<\/p>\n\n\n\n<p class=\"has-text-align-center\"><strong>Autor: Eufrasio Navarro Fern\u00e1ndez<\/strong><\/p>\n<\/div><\/div><\/div>\n\n\n\n<div class=\"wp-block-kadence-pane kt-accordion-pane kt-accordion-pane-16 kt-pane3067_3fb2de-ed\"><div class=\"kt-accordion-header-wrap\"><button class=\"kt-blocks-accordion-header kt-acccordion-button-label-show\" type=\"button\"><span class=\"kt-blocks-accordion-title-wrap\"><span class=\"kt-blocks-accordion-title\"><strong>Encrucijada &#8211; 26\/01\/2017<\/strong><\/span><\/span><span class=\"kt-blocks-accordion-icon-trigger\"><\/span><\/button><\/div><div class=\"kt-accordion-panel kt-accordion-panel-hidden\"><div class=\"kt-accordion-panel-inner\">\n<p class=\"has-text-align-center\">Mente, pensamiento, tiempo<br>haz de experiencias<br>gavillas secas, en la era,<br>maltratan al cuerpo los insectos<br>cuando el olvido impusiera.<\/p>\n\n\n\n<p class=\"has-text-align-center\">Y los ojos se vuelven opacos<br>ante la existencia.<\/p>\n\n\n\n<p class=\"has-text-align-center\">El tiempo ha cambiado de nombre<br>y de forma su estado.<\/p>\n\n\n\n<p class=\"has-text-align-center\">El d\u00eda, la noche, nada remedia<br>ni la memoria sujeta al ocaso<br>es, una vida nueva<br>de felicidad o maltrato.<\/p>\n\n\n\n<p class=\"has-text-align-center\">Encrucijada de pensamientos<br>al llegar el olvido, ya eterno<br>con la maldita luz, que ciega.<\/p>\n\n\n\n<p class=\"has-text-align-center\">El tumulto de lo desconocido<br>y el miedo se apodera<br>del cuerpo, que deja sin efecto<br>lo vitalicio.<\/p>\n\n\n\n<p class=\"has-text-align-center\">Pero es reconfortante ver<br>esas miradas tiernas<br>con ojos, que expresan<br>el amor del tener alguien,<br>que los quieran.<\/p>\n\n\n\n<p class=\"has-text-align-center\">La memoria se fue<br>pero queda,<br>las miradas en silencio<br>de un buen atardecer.<\/p>\n\n\n\n<p class=\"has-text-align-center\"><strong>Autor: Eufrasio Navarro Fern\u00e1ndez<\/strong><\/p>\n<\/div><\/div><\/div>\n\n\n\n<div class=\"wp-block-kadence-pane kt-accordion-pane kt-accordion-pane-2 kt-pane3067_7b69ef-9e\"><div class=\"kt-accordion-header-wrap\"><button class=\"kt-blocks-accordion-header kt-acccordion-button-label-show\" type=\"button\"><span class=\"kt-blocks-accordion-title-wrap\"><span class=\"kt-blocks-accordion-title\"><strong>La mirada se inclina sobre el viento &#8211; 12\/01\/2017<\/strong><\/span><\/span><span class=\"kt-blocks-accordion-icon-trigger\"><\/span><\/button><\/div><div class=\"kt-accordion-panel kt-accordion-panel-hidden\"><div class=\"kt-accordion-panel-inner\">\n<p class=\"has-text-align-center\">Paciente cuerpo es tu cuerpo<br>y la vida hace un descanso<br>en el andar del pensamiento<br>cuando prev\u00e9, un cansancio.<\/p>\n\n\n\n<p class=\"has-text-align-center\">Entonces,<br>la mirada se inclina en el viento<br>y reto\u00f1an en la distancia nuevas flores<br>alimentadas por el flujo de los sentimientos,<br>que con n\u00e1car, construyes un nuevo mundo<br>tan blanco como la esperanza.<\/p>\n\n\n\n<p class=\"has-text-align-center\">Nacido en el brillante arriate y profundo<br>lleno, de maravillosas plantas.<\/p>\n\n\n\n<p class=\"has-text-align-center\">Que con el pasar del viento,<br>inunda cualquier vida con su fragancia<br>y se remolina, cari\u00f1os especiales en esencias<br>con voz callada y un te quiero.<\/p>\n\n\n\n<p class=\"has-text-align-center\">No hay prisa, observemos el pilar<br>con su fuente a\u00f1adida,<br>sus ca\u00f1os, de agua pura en el lagar<br>y ver, como bebe de su agua la abubilla.<\/p>\n\n\n\n<p class=\"has-text-align-center\">La vida ya es otra cosa<br>Dimitiste, de los egos de grandeza<br>y ahora, tu cuerpo convertido en veleta<br>se mueve, a capricho de las ventosas.<\/p>\n\n\n\n<p class=\"has-text-align-center\">De los aires provocadores sin enmiendas<br>al ver, tus miradas inclinadas sobre la niebla<br>con racimos de flores blancas de escarcha<br>son rosas, como las que te gustaban.<\/p>\n\n\n\n<p class=\"has-text-align-center\"><strong>Autor: Eufrasio Navarro Fern\u00e1ndez<\/strong><\/p>\n<\/div><\/div><\/div>\n<\/div><\/div><\/div>\n<\/div><\/div>\n\n\n\n<div class=\"wp-block-kadence-tab kt-tab-inner-content kt-inner-tab-10 kt-inner-tab9daeb8-c8\"><div class=\"kt-tab-inner-content-inner\"><style>.kt-accordion-id3067_9ef12d-21 .kt-accordion-inner-wrap{column-gap:var(--global-kb-gap-md, 2rem);row-gap:10px;}.kt-accordion-id3067_9ef12d-21 .kt-accordion-panel-inner{border-top:0px solid transparent;border-right:0px solid transparent;border-bottom:0px solid transparent;border-left:0px solid transparent;background:#ffffff;padding-top:var(--global-kb-spacing-sm, 1.5rem);padding-right:var(--global-kb-spacing-sm, 1.5rem);padding-bottom:var(--global-kb-spacing-sm, 1.5rem);padding-left:var(--global-kb-spacing-sm, 1.5rem);}.kt-accordion-id3067_9ef12d-21 > .kt-accordion-inner-wrap > .wp-block-kadence-pane > .kt-accordion-header-wrap > .kt-blocks-accordion-header{border-top:0px solid #f2f2f2;border-right:0px solid #f2f2f2;border-bottom:0px solid #f2f2f2;border-left:0px solid #f2f2f2;border-top-left-radius:6px;border-top-right-radius:6px;border-bottom-right-radius:6px;border-bottom-left-radius:6px;background:#f2f2f2;color:#555555;padding-top:14px;padding-right:16px;padding-bottom:14px;padding-left:16px;}.kt-accordion-id3067_9ef12d-21:not( .kt-accodion-icon-style-basiccircle ):not( .kt-accodion-icon-style-xclosecircle ):not( .kt-accodion-icon-style-arrowcircle )  > .kt-accordion-inner-wrap > .wp-block-kadence-pane > .kt-accordion-header-wrap .kt-blocks-accordion-icon-trigger:after, .kt-accordion-id3067_9ef12d-21:not( .kt-accodion-icon-style-basiccircle ):not( .kt-accodion-icon-style-xclosecircle ):not( .kt-accodion-icon-style-arrowcircle )  > .kt-accordion-inner-wrap > .wp-block-kadence-pane > .kt-accordion-header-wrap .kt-blocks-accordion-icon-trigger:before{background:#555555;}.kt-accordion-id3067_9ef12d-21:not( .kt-accodion-icon-style-basic ):not( .kt-accodion-icon-style-xclose ):not( .kt-accodion-icon-style-arrow ) .kt-blocks-accordion-icon-trigger{background:#555555;}.kt-accordion-id3067_9ef12d-21:not( .kt-accodion-icon-style-basic ):not( .kt-accodion-icon-style-xclose ):not( .kt-accodion-icon-style-arrow ) .kt-blocks-accordion-icon-trigger:after, .kt-accordion-id3067_9ef12d-21:not( .kt-accodion-icon-style-basic ):not( .kt-accodion-icon-style-xclose ):not( .kt-accodion-icon-style-arrow ) .kt-blocks-accordion-icon-trigger:before{background:#f2f2f2;}.kt-accordion-id3067_9ef12d-21 > .kt-accordion-inner-wrap > .wp-block-kadence-pane > .kt-accordion-header-wrap > .kt-blocks-accordion-header:hover, \n\t\t\t\tbody:not(.hide-focus-outline) .kt-accordion-id3067_9ef12d-21 .kt-blocks-accordion-header:focus-visible{color:#444444;background:#eeeeee;border-top-color:#eeeeee;border-top-style:solid;border-right-color:#eeeeee;border-right-style:solid;border-bottom-color:#eeeeee;border-bottom-style:solid;border-left-color:#eeeeee;border-left-style:solid;}.kt-accordion-id3067_9ef12d-21:not( .kt-accodion-icon-style-basiccircle ):not( .kt-accodion-icon-style-xclosecircle ):not( .kt-accodion-icon-style-arrowcircle ) .kt-accordion-header-wrap .kt-blocks-accordion-header:hover .kt-blocks-accordion-icon-trigger:after, .kt-accordion-id3067_9ef12d-21:not( .kt-accodion-icon-style-basiccircle ):not( .kt-accodion-icon-style-xclosecircle ):not( .kt-accodion-icon-style-arrowcircle ) .kt-accordion-header-wrap .kt-blocks-accordion-header:hover .kt-blocks-accordion-icon-trigger:before, body:not(.hide-focus-outline) .kt-accordion-id3067_9ef12d-21:not( .kt-accodion-icon-style-basiccircle ):not( .kt-accodion-icon-style-xclosecircle ):not( .kt-accodion-icon-style-arrowcircle ) .kt-blocks-accordion--visible .kt-blocks-accordion-icon-trigger:after, body:not(.hide-focus-outline) .kt-accordion-id3067_9ef12d-21:not( .kt-accodion-icon-style-basiccircle ):not( .kt-accodion-icon-style-xclosecircle ):not( .kt-accodion-icon-style-arrowcircle ) .kt-blocks-accordion-header:focus-visible .kt-blocks-accordion-icon-trigger:before{background:#444444;}.kt-accordion-id3067_9ef12d-21:not( .kt-accodion-icon-style-basic ):not( .kt-accodion-icon-style-xclose ):not( .kt-accodion-icon-style-arrow ) .kt-accordion-header-wrap .kt-blocks-accordion-header:hover .kt-blocks-accordion-icon-trigger, body:not(.hide-focus-outline) .kt-accordion-id3067_9ef12d-21:not( .kt-accodion-icon-style-basic ):not( .kt-accodion-icon-style-xclose ):not( .kt-accodion-icon-style-arrow ) .kt-accordion-header-wrap .kt-blocks-accordion-header:focus-visible .kt-blocks-accordion-icon-trigger{background:#444444;}.kt-accordion-id3067_9ef12d-21:not( .kt-accodion-icon-style-basic ):not( .kt-accodion-icon-style-xclose ):not( .kt-accodion-icon-style-arrow ) .kt-accordion-header-wrap .kt-blocks-accordion-header:hover .kt-blocks-accordion-icon-trigger:after, .kt-accordion-id3067_9ef12d-21:not( .kt-accodion-icon-style-basic ):not( .kt-accodion-icon-style-xclose ):not( .kt-accodion-icon-style-arrow ) .kt-accordion-header-wrap .kt-blocks-accordion-header:hover .kt-blocks-accordion-icon-trigger:before, body:not(.hide-focus-outline) .kt-accordion-id3067_9ef12d-21:not( .kt-accodion-icon-style-basic ):not( .kt-accodion-icon-style-xclose ):not( .kt-accodion-icon-style-arrow ) .kt-accordion-header-wrap .kt-blocks-accordion-header:focus-visible .kt-blocks-accordion-icon-trigger:after, body:not(.hide-focus-outline) .kt-accordion-id3067_9ef12d-21:not( .kt-accodion-icon-style-basic ):not( .kt-accodion-icon-style-xclose ):not( .kt-accodion-icon-style-arrow ) .kt-accordion-header-wrap .kt-blocks-accordion-header:focus-visible .kt-blocks-accordion-icon-trigger:before{background:#eeeeee;}.kt-accordion-id3067_9ef12d-21 .kt-accordion-header-wrap .kt-blocks-accordion-header:focus-visible,\n\t\t\t\t.kt-accordion-id3067_9ef12d-21 > .kt-accordion-inner-wrap > .wp-block-kadence-pane > .kt-accordion-header-wrap > .kt-blocks-accordion-header.kt-accordion-panel-active{color:#ffffff;background:#f3690e;border-top-color:#f3690e;border-top-style:solid;border-right-color:#f3690e;border-right-style:solid;border-bottom-color:#f3690e;border-bottom-style:solid;border-left-color:#f3690e;border-left-style:solid;}.kt-accordion-id3067_9ef12d-21:not( .kt-accodion-icon-style-basiccircle ):not( .kt-accodion-icon-style-xclosecircle ):not( .kt-accodion-icon-style-arrowcircle )  > .kt-accordion-inner-wrap > .wp-block-kadence-pane > .kt-accordion-header-wrap > .kt-blocks-accordion-header.kt-accordion-panel-active .kt-blocks-accordion-icon-trigger:after, .kt-accordion-id3067_9ef12d-21:not( .kt-accodion-icon-style-basiccircle ):not( .kt-accodion-icon-style-xclosecircle ):not( .kt-accodion-icon-style-arrowcircle )  > .kt-accordion-inner-wrap > .wp-block-kadence-pane > .kt-accordion-header-wrap > .kt-blocks-accordion-header.kt-accordion-panel-active .kt-blocks-accordion-icon-trigger:before{background:#ffffff;}.kt-accordion-id3067_9ef12d-21:not( .kt-accodion-icon-style-basic ):not( .kt-accodion-icon-style-xclose ):not( .kt-accodion-icon-style-arrow ) .kt-blocks-accordion-header.kt-accordion-panel-active .kt-blocks-accordion-icon-trigger{background:#ffffff;}.kt-accordion-id3067_9ef12d-21:not( .kt-accodion-icon-style-basic ):not( .kt-accodion-icon-style-xclose ):not( .kt-accodion-icon-style-arrow ) .kt-blocks-accordion-header.kt-accordion-panel-active .kt-blocks-accordion-icon-trigger:after, .kt-accordion-id3067_9ef12d-21:not( .kt-accodion-icon-style-basic ):not( .kt-accodion-icon-style-xclose ):not( .kt-accodion-icon-style-arrow ) .kt-blocks-accordion-header.kt-accordion-panel-active .kt-blocks-accordion-icon-trigger:before{background:#f3690e;}@media all and (max-width: 1024px){.kt-accordion-id3067_9ef12d-21 .kt-accordion-panel-inner{border-top:0px solid transparent;border-right:0px solid transparent;border-bottom:0px solid transparent;border-left:0px solid transparent;}}@media all and (max-width: 1024px){.kt-accordion-id3067_9ef12d-21 > .kt-accordion-inner-wrap > .wp-block-kadence-pane > .kt-accordion-header-wrap > .kt-blocks-accordion-header{border-top:0px solid #f2f2f2;border-right:0px solid #f2f2f2;border-bottom:0px solid #f2f2f2;border-left:0px solid #f2f2f2;}}@media all and (max-width: 1024px){.kt-accordion-id3067_9ef12d-21 > .kt-accordion-inner-wrap > .wp-block-kadence-pane > .kt-accordion-header-wrap > .kt-blocks-accordion-header:hover, \n\t\t\t\tbody:not(.hide-focus-outline) .kt-accordion-id3067_9ef12d-21 .kt-blocks-accordion-header:focus-visible{border-top-color:#eeeeee;border-top-style:solid;border-right-color:#eeeeee;border-right-style:solid;border-bottom-color:#eeeeee;border-bottom-style:solid;border-left-color:#eeeeee;border-left-style:solid;}}@media all and (max-width: 1024px){.kt-accordion-id3067_9ef12d-21 .kt-accordion-header-wrap .kt-blocks-accordion-header:focus-visible,\n\t\t\t\t.kt-accordion-id3067_9ef12d-21 > .kt-accordion-inner-wrap > .wp-block-kadence-pane > .kt-accordion-header-wrap > .kt-blocks-accordion-header.kt-accordion-panel-active{border-top-color:#f3690e;border-top-style:solid;border-right-color:#f3690e;border-right-style:solid;border-bottom-color:#f3690e;border-bottom-style:solid;border-left-color:#f3690e;border-left-style:solid;}}@media all and (max-width: 767px){.kt-accordion-id3067_9ef12d-21 .kt-accordion-inner-wrap{display:block;}.kt-accordion-id3067_9ef12d-21 .kt-accordion-inner-wrap .kt-accordion-pane:not(:first-child){margin-top:10px;}.kt-accordion-id3067_9ef12d-21 .kt-accordion-panel-inner{border-top:0px solid transparent;border-right:0px solid transparent;border-bottom:0px solid transparent;border-left:0px solid transparent;}.kt-accordion-id3067_9ef12d-21 > .kt-accordion-inner-wrap > .wp-block-kadence-pane > .kt-accordion-header-wrap > .kt-blocks-accordion-header{border-top:0px solid #f2f2f2;border-right:0px solid #f2f2f2;border-bottom:0px solid #f2f2f2;border-left:0px solid #f2f2f2;}.kt-accordion-id3067_9ef12d-21 > .kt-accordion-inner-wrap > .wp-block-kadence-pane > .kt-accordion-header-wrap > .kt-blocks-accordion-header:hover, \n\t\t\t\tbody:not(.hide-focus-outline) .kt-accordion-id3067_9ef12d-21 .kt-blocks-accordion-header:focus-visible{border-top-color:#eeeeee;border-top-style:solid;border-right-color:#eeeeee;border-right-style:solid;border-bottom-color:#eeeeee;border-bottom-style:solid;border-left-color:#eeeeee;border-left-style:solid;}.kt-accordion-id3067_9ef12d-21 .kt-accordion-header-wrap .kt-blocks-accordion-header:focus-visible,\n\t\t\t\t.kt-accordion-id3067_9ef12d-21 > .kt-accordion-inner-wrap > .wp-block-kadence-pane > .kt-accordion-header-wrap > .kt-blocks-accordion-header.kt-accordion-panel-active{border-top-color:#f3690e;border-top-style:solid;border-right-color:#f3690e;border-right-style:solid;border-bottom-color:#f3690e;border-bottom-style:solid;border-left-color:#f3690e;border-left-style:solid;}}<\/style>\n<div class=\"wp-block-kadence-accordion alignnone\"><div class=\"kt-accordion-wrap kt-accordion-id3067_9ef12d-21 kt-accordion-has-21-panes kt-active-pane-0 kt-accordion-block kt-pane-header-alignment-left kt-accodion-icon-style-basic kt-accodion-icon-side-right\" style=\"max-width:none\"><div class=\"kt-accordion-inner-wrap\" data-allow-multiple-open=\"false\" data-start-open=\"none\">\n<div class=\"wp-block-kadence-pane kt-accordion-pane kt-accordion-pane-5 kt-pane3067_55ed19-cb\"><div class=\"kt-accordion-header-wrap\"><button class=\"kt-blocks-accordion-header kt-acccordion-button-label-show\" type=\"button\"><span class=\"kt-blocks-accordion-title-wrap\"><span class=\"kt-blocks-accordion-title\"><strong>Los rezos sin sentido &#8211; 22\/12\/16<\/strong><\/span><\/span><span class=\"kt-blocks-accordion-icon-trigger\"><\/span><\/button><\/div><div class=\"kt-accordion-panel kt-accordion-panel-hidden\"><div class=\"kt-accordion-panel-inner\">\n<p class=\"has-text-align-center\">Galopan los recuerdos en el desierto de la mente,<br>sin ver nada, tapados por el olvido<br>de una vida sin haber pensado en la suerte<br>al galopar por el secano camino,<br>con las piedras afiladas de un sentir<br>y el dolor de la desesperaci\u00f3n incipiente.<\/p>\n\n\n\n<p class=\"has-text-align-center\">De no ver el sol escondido,<br>detr\u00e1s de un manojo de hierbas tumbadas<br>por la acci\u00f3n del viento en manadas<br>igual, que cuando se va la menor\u00eda,<br>la vida se vuelve plana, entre ansias<br>al no ver el perd\u00f3n de tantos rezos<br>por la fe mostrada, en las iglesias,<br>con lecturas de cuentos.<\/p>\n\n\n\n<p class=\"has-text-align-center\">Y nos empe\u00f1amos en so\u00f1ar despiertos,<br>por la leg\u00edtima esperanza<br>de que la sangre no sea enturbiada<br>por el desprop\u00f3sito, de la ignorancia<br>al saber, del ning\u00fan puerto donde llegue<br>las aguas benditas en abundancia<br>y es, el ocaso con su jaca galopando<br>hacia un mundo nuevo que va,<br>de pausa en pausa, con la muerte.<\/p>\n\n\n\n<p class=\"has-text-align-center\">Ausencia de memoria en los recuerdos<br>\u00a1O no sabemos interpretar las miradas,<br>quienes observamos las vistas desperdigadas<br>o el sentir del tacto, con nuestros dedos!<br>Cabizbajos est\u00e1n los sentimientos<br>por el galopar de la negra verdad, sin remedio.<\/p>\n<\/div><\/div><\/div>\n\n\n\n<div class=\"wp-block-kadence-pane kt-accordion-pane kt-accordion-pane-6 kt-pane3067_fd4077-0a\"><div class=\"kt-accordion-header-wrap\"><button class=\"kt-blocks-accordion-header kt-acccordion-button-label-show\" type=\"button\"><span class=\"kt-blocks-accordion-title-wrap\"><span class=\"kt-blocks-accordion-title\"><strong>Desde el balc\u00f3n de la vida &#8211; 01\/12\/16<\/strong><\/span><\/span><span class=\"kt-blocks-accordion-icon-trigger\"><\/span><\/button><\/div><div class=\"kt-accordion-panel kt-accordion-panel-hidden\"><div class=\"kt-accordion-panel-inner\">\n<p class=\"has-text-align-center\">L\u00e1grimas, desolaci\u00f3n, angustias<br>\u00a1Qu\u00e9 situaciones m\u00e1s cotidianas!<br>Hoy he vuelto a ver cu\u00e1nto vale una vida humana<br>para los gobernantes con mentes planas.<\/p>\n\n\n\n<p class=\"has-text-align-center\">He visto desahuciar a gente sin recursos<br>y parte de nuestros pol\u00edticos, les he o\u00eddo decir<br>que esto forma parte del sistema,<br>que la soluci\u00f3n est\u00e1 en curso mientras,<br>familias con esta soluci\u00f3n est\u00e1n inmersas<br>en las peores consecuencias<br>y cuando les llegan la enfermedad de Alzheimer<br>entonces, son desahuciadas tambi\u00e9n de la vida<br>porque el dinero no les aflora y todo son penurias<br>por los pocos recursos estatales, que no les llegan<br>o simplemente se les niega.<\/p>\n\n\n\n<p class=\"has-text-align-center\">La soluci\u00f3n en curso, se convierte en sus tumbas<br>desolaci\u00f3n, pobre pueblo, sin trabajo y con miedo<br>para familiares, que piensan en el estado de su cuerpo,<br>porque al enfermo, se le olvido la memoria<br>y no se acuerda, del valor del dinero, ni su oratoria.<\/p>\n\n\n\n<p class=\"has-text-align-center\">\u00bfQui\u00e9n me prestar\u00e1 un pensamiento<br>desde Andaluc\u00eda con su riqueza?<br>Creo sinceramente, que las promesas est\u00e1n en quiebra,<br>veo al campo pudrirse y a las ciudades que se envenenan<br>con raros oficios de charlatanes sin conciencia.<\/p>\n\n\n\n<p class=\"has-text-align-center\">Cuidador, cuidadora, ya dejaste de pintarte o asearte<br>solo vives, pendiente de una sonrisa para animarte<br>aunque el dolor vino, m\u00e1s bien por el desahucio,<br>que te infringi\u00f3 la indecencia<br>de aquella promesa, que nunca llego para el Alzheimer.<\/p>\n<\/div><\/div><\/div>\n\n\n\n<div class=\"wp-block-kadence-pane kt-accordion-pane kt-accordion-pane-7 kt-pane3067_0e7885-86\"><div class=\"kt-accordion-header-wrap\"><button class=\"kt-blocks-accordion-header kt-acccordion-button-label-show\" type=\"button\"><span class=\"kt-blocks-accordion-title-wrap\"><span class=\"kt-blocks-accordion-title\"><strong>La vida vista desde la desnudez de la memoria &#8211; 18\/11\/16<\/strong><\/span><\/span><span class=\"kt-blocks-accordion-icon-trigger\"><\/span><\/button><\/div><div class=\"kt-accordion-panel kt-accordion-panel-hidden\"><div class=\"kt-accordion-panel-inner\">\n<p class=\"has-text-align-center\">Antes de dejar este mundo<br>suenan ecos con sonidos pardos<br>para cazar la memoria, antes de llegar al cielo<br>y un \u00e1ngel negro contesta -ahora no toca-<br>mientras vuelan los pensamientos<br>como el pescador pesca, en la modalidad de arrastre.<\/p>\n\n\n\n<p class=\"has-text-align-center\">Se funde la mirada con el firmamento<br>y eleva en porciones peque\u00f1as los sentimientos<br>contestando al \u00e1ngel negro de su arrogancia<br>por no querer, que forme parte de la tierra.<\/p>\n\n\n\n<p class=\"has-text-align-center\">El cuerpo es, abono para seguir el ciclo<br>de la vida y la muerte,<br>mientras empujan las olas del tiempo<br>con sonidos pardos, que son inertes<br>cuando.., la mente se desnuda para morir en vida.<\/p>\n\n\n\n<p class=\"has-text-align-center\">Es el tiempo que no vuelve y aparece la locura,<br>o quiz\u00e1s la oscura enfermedad por el cansancio<br>sin haberla puesta en nuestro diario;<br>tal vez se nos olvido firmar, en el libro de visita<br>y tenemos que secar nuestras caricias<br>como las hojas de los \u00e1rboles en oto\u00f1o.<\/p>\n\n\n\n<p class=\"has-text-align-center\">Y en el comp\u00e1s de cruzar lo real a lo irreal<br>vamos secando nuestros troncos<br>para cuando llegue el momento,<br>solo se pueda poner en la piedra vertical<br>\u201cYa se acab\u00f3 lo viejo\u201d<br>\u201cYa me convert\u00ed en abono\u201d<br>y entonces,<br>sonar\u00e1 en los confines de los recuerdos<br>m\u00fasica de todos los tiempos de corte celestial<br>y armonizar la vida de los queden,<br>pero seg\u00fan el \u00e1ngel negro, debemos de apilar<br>el follaje a\u00fan no recogido<br>para que unidos, se pueda quemar.<\/p>\n<\/div><\/div><\/div>\n\n\n\n<div class=\"wp-block-kadence-pane kt-accordion-pane kt-accordion-pane-8 kt-pane3067_054ef9-c8\"><div class=\"kt-accordion-header-wrap\"><button class=\"kt-blocks-accordion-header kt-acccordion-button-label-show\" type=\"button\"><span class=\"kt-blocks-accordion-title-wrap\"><span class=\"kt-blocks-accordion-title\"><strong>Un tren sin retorno &#8211; 03\/11\/16<\/strong><\/span><\/span><span class=\"kt-blocks-accordion-icon-trigger\"><\/span><\/button><\/div><div class=\"kt-accordion-panel kt-accordion-panel-hidden\"><div class=\"kt-accordion-panel-inner\">\n<p class=\"has-text-align-center\">Atrapados quedaron los recuerdos<br>en una estaci\u00f3n aislada con vagones de madera<br>reposados en una v\u00eda muerta,<br>bajo el calor y el frio del nuevo tiempo<br>tratando de encontrar nuevas siluetas<br>y, sonidos para el pensamiento.<\/p>\n\n\n\n<p class=\"has-text-align-center\">Un silbido anuncia su marcha,<br>la m\u00e1quina de vapor con sabor rom\u00e1ntico,<br>con resbalones en el acero y su escarcha<br>con ra\u00edles, para un nuevo tiempo fant\u00e1stico<br>al viajar, por valles, desiertos y monta\u00f1as.<\/p>\n\n\n\n<p class=\"has-text-align-center\">El equipaje es ligero solo, se lleva su mirada<br>para contemplar, el equinoccio del tiempo,<br>que como en una noria, se levanta del suelo<br>y busca las finas nubes, que acaricien su cara.<\/p>\n\n\n\n<p class=\"has-text-align-center\">Que al cruzar el bosque, la lluvia apareciera<br>para lavar heridas y su nueva alma omnipotente,<br>no es la vejez, es el desasosiego de un presente<br>ubicado en un vag\u00f3n de madera sin que quisiera,<br>inapelable su destino, dejando atr\u00e1s el pasado<br>en este tren, con los recuerdos atrapados.<\/p>\n<\/div><\/div><\/div>\n\n\n\n<div class=\"wp-block-kadence-pane kt-accordion-pane kt-accordion-pane-9 kt-pane3067_1a65e1-89\"><div class=\"kt-accordion-header-wrap\"><button class=\"kt-blocks-accordion-header kt-acccordion-button-label-show\" type=\"button\"><span class=\"kt-blocks-accordion-title-wrap\"><span class=\"kt-blocks-accordion-title\"><strong>\u00a1Si la memoria me deja! &#8211; 20\/10\/16<\/strong><\/span><\/span><span class=\"kt-blocks-accordion-icon-trigger\"><\/span><\/button><\/div><div class=\"kt-accordion-panel kt-accordion-panel-hidden\"><div class=\"kt-accordion-panel-inner\">\n<p class=\"has-text-align-center\">Le pedir\u00eda a la vida<br>un poco m\u00e1s de tiempo,<br>un gesto con mis recuerdos<br>para los que en m\u00ed habitan.<\/p>\n\n\n\n<p class=\"has-text-align-center\">Solo pedir\u00eda eso.<\/p>\n\n\n\n<p class=\"has-text-align-center\">Acariciar con mis manos<br>un poquito m\u00e1s el cuerpo,<br>de mi compa\u00f1ero o compa\u00f1era,<br>que el tacto refleje en mis dedos<br>las caricias de otros tiempos.<\/p>\n\n\n\n<p class=\"has-text-align-center\">Solo pedir\u00eda eso.<\/p>\n\n\n\n<p class=\"has-text-align-center\">Pronunciar el nombre correcto<br>a\u00fan, del que junto a m\u00ed<br>dimos vida.<\/p>\n\n\n\n<p class=\"has-text-align-center\">Solo pedir\u00eda so.<\/p>\n\n\n\n<p class=\"has-text-align-center\">\u00a1Si viene el se\u00f1or Alzheimer!<br>Regalarle mi poes\u00eda<br>y entonces el que observa<br>aprender\u00e1 lo que es\u2026,alegr\u00eda.<\/p>\n\n\n\n<p class=\"has-text-align-center\">Solo pedir\u00eda eso.<\/p>\n\n\n\n<p class=\"has-text-align-center\">La paz del poco tiempo,<br>que hay al final del d\u00eda;<br>pero seguir\u00e9 amando<br>en mi extra\u00f1o recuerdo.<\/p>\n\n\n\n<p class=\"has-text-align-center\">Solo pedir\u00eda eso.<\/p>\n\n\n\n<p class=\"has-text-align-center\">Acordaros de mi poes\u00eda,<br>yo me despido\u2026,con el hasta siempre.<\/p>\n<\/div><\/div><\/div>\n\n\n\n<div class=\"wp-block-kadence-pane kt-accordion-pane kt-accordion-pane-10 kt-pane3067_2e8ea4-2c\"><div class=\"kt-accordion-header-wrap\"><button class=\"kt-blocks-accordion-header kt-acccordion-button-label-show\" type=\"button\"><span class=\"kt-blocks-accordion-title-wrap\"><span class=\"kt-blocks-accordion-title\"><strong>Reflejo de la nada &#8211; 06\/10\/16<\/strong><\/span><\/span><span class=\"kt-blocks-accordion-icon-trigger\"><\/span><\/button><\/div><div class=\"kt-accordion-panel kt-accordion-panel-hidden\"><div class=\"kt-accordion-panel-inner\">\n<p class=\"has-text-align-center\">Una piedra a orilla del mar<br>juega con las espumas, en solitario.<\/p>\n\n\n\n<p class=\"has-text-align-center\">Como humanos ve al contemplar<br>su arena con la mente su calvario.<\/p>\n\n\n\n<p class=\"has-text-align-center\">Vuela en sue\u00f1os de costumbres<br>para no ver nada es, un estrafalario.<\/p>\n\n\n\n<p class=\"has-text-align-center\">Pobre gente amantes de la nada<br>inmersos en nuevos aularios.<\/p>\n\n\n\n<p class=\"has-text-align-center\">Las piedras suenan, con el empuje<br>de la mar, d\u00eda tras d\u00eda en solitarios.<\/p>\n\n\n\n<p class=\"has-text-align-center\">Rocosas costas privilegio anormal<br>con los gastados escapularios.<\/p>\n\n\n\n<p class=\"has-text-align-center\">Parecen gaviotas fugaces sin ruidos,<br>que vuelan en la mar y distra\u00edan.<\/p>\n\n\n\n<p class=\"has-text-align-center\">El fundamento de la nada,<br>solo hay melancol\u00eda en agresiva.<\/p>\n\n\n\n<p class=\"has-text-align-center\">Por ello, el mundo puede ser visto<br>como la piedra en la playa solitaria.<\/p>\n\n\n\n<p class=\"has-text-align-center\">Empa\u00f1ada por el frio de la noche<br>esperando al sol del medio d\u00eda.<\/p>\n<\/div><\/div><\/div>\n\n\n\n<div class=\"wp-block-kadence-pane kt-accordion-pane kt-accordion-pane-11 kt-pane3067_00d31b-23\"><div class=\"kt-accordion-header-wrap\"><button class=\"kt-blocks-accordion-header kt-acccordion-button-label-show\" type=\"button\"><span class=\"kt-blocks-accordion-title-wrap\"><span class=\"kt-blocks-accordion-title\"><strong>El recuerdo, un sue\u00f1o &#8211; 22\/09\/16<\/strong><\/span><\/span><span class=\"kt-blocks-accordion-icon-trigger\"><\/span><\/button><\/div><div class=\"kt-accordion-panel kt-accordion-panel-hidden\"><div class=\"kt-accordion-panel-inner\">\n<p class=\"has-text-align-center\">Llevo la vida en el recuerdo<br>Escribo mis alegr\u00edas en miles de p\u00e1ginas<br>Y pongo cine a los sue\u00f1os<br>Con im\u00e1genes, en tupidas animas<br>Al vivir con los recuerdos y crear,<br>Mundos de para\u00edsos contados con los dedos<br>M\u00e1s no s\u00e9, que es la vida \u00bfSer\u00e1 pensar?<br>\u00bfO es el recreo de los mejores afectos?<br>Inexorable es el silencio<br>En las sombras de la ausencia\u2026,<br>Quiero con vosotros y vosotras celebrar<br>El maravilloso sentido del poder gritar,<br>La onom\u00e1stica de nuestros encuentros<br>En un nuevo espacio, paseando en el olvido<br>\u00a1Cu\u00e1ntas luchas sin sentido!<br>Las que nos hizo recorrer, aquellos caminos.<br>Ahora, tenemos un nuevo lugar<br>Con la luz de lo desconocido<br>Donde, \u00a1los besos son tan singulares!<br>Que ese espacio crea, un nuevo sentido\u2026,<br>Escucharme, os hablo en esta fecha<br>Es, veintiuno de septiembre<br>Es nuestro cine en pantalla nueva<br>Para proyectar los recuerdos de siempre.<br>Y aunque sumidos en el Alzheimer<br>Alimentamos peque\u00f1os deseos, de este presente<br>Porque el tiempo es otro<br>Y solo me cabe deslizar, los sentimientos<br>En vuestra existencia, que ya es, una prolongada caricia<br>Con miles manos en vuestra c\u00e1lida piel<br>Y sentir el brillo de la luz desde lo m\u00e1s fiel<br>Al nuevo lenguaje, la de nuestra nueva vida.<br>Ya veis, confluimos en los miles recuerdos<br>Cuando el tiempo cambia de sentido<br>Y este, se llama -Alzheimer- pero yo os pido,<br>Que sigas sonriendo, en el h\u00edper de los sue\u00f1os.<\/p>\n<\/div><\/div><\/div>\n\n\n\n<div class=\"wp-block-kadence-pane kt-accordion-pane kt-accordion-pane-12 kt-pane3067_b5c22d-64\"><div class=\"kt-accordion-header-wrap\"><button class=\"kt-blocks-accordion-header kt-acccordion-button-label-show\" type=\"button\"><span class=\"kt-blocks-accordion-title-wrap\"><span class=\"kt-blocks-accordion-title\"><strong>El recuerdo, un sue\u00f1o &#8211; 22\/06\/16<\/strong><\/span><\/span><span class=\"kt-blocks-accordion-icon-trigger\"><\/span><\/button><\/div><div class=\"kt-accordion-panel kt-accordion-panel-hidden\"><div class=\"kt-accordion-panel-inner\">\n<p class=\"has-text-align-center\">Llevo la vida en el recuerdo<\/p>\n\n\n\n<p class=\"has-text-align-center\">Escribo mis alegr\u00edas en miles de p\u00e1ginas<\/p>\n\n\n\n<p class=\"has-text-align-center\">Y pongo cine a los sue\u00f1os<\/p>\n\n\n\n<p class=\"has-text-align-center\">Con im\u00e1genes, en tupidas \u00e1nimas<\/p>\n\n\n\n<p class=\"has-text-align-center\">Al vivir con los recuerdos y crear,<\/p>\n\n\n\n<p class=\"has-text-align-center\">Mundos de para\u00edsos contados con los dedos<\/p>\n\n\n\n<p class=\"has-text-align-center\">M\u00e1s no s\u00e9, que es la vida \u00bfSer\u00e1 pensar?<\/p>\n\n\n\n<p class=\"has-text-align-center\">\u00bfO es el recreo de los mejores afectos?<\/p>\n\n\n\n<p class=\"has-text-align-center\">Inexorable es el silencio<\/p>\n\n\n\n<p class=\"has-text-align-center\">En las sombras de la ausencia..,<\/p>\n\n\n\n<p class=\"has-text-align-center\">Quiero con vosotros y vosotras celebrar<\/p>\n\n\n\n<p class=\"has-text-align-center\">El maravilloso sentido del poder gritar,<\/p>\n\n\n\n<p class=\"has-text-align-center\">La onom\u00e1stica de nuestros encuentros<\/p>\n\n\n\n<p class=\"has-text-align-center\">En un nuevo espacio, paseando en el olvido<\/p>\n\n\n\n<p class=\"has-text-align-center\">\u00a1Cu\u00e1ntas luchas sin sentido!<\/p>\n\n\n\n<p class=\"has-text-align-center\">Las que nos hizo recorrer, aquellos caminos.<\/p>\n\n\n\n<p class=\"has-text-align-center\">Ahora, tenemos un nuevo lugar<\/p>\n\n\n\n<p class=\"has-text-align-center\">Con la luz de lo desconocido<\/p>\n\n\n\n<p class=\"has-text-align-center\">Donde, \u00a1los besos son tan singulares!<\/p>\n\n\n\n<p class=\"has-text-align-center\">Que ese espacio crea, un nuevo sentido..,<\/p>\n\n\n\n<p class=\"has-text-align-center\">Escucharme, os hablo en esta fecha<\/p>\n\n\n\n<p class=\"has-text-align-center\">Es, veintiuno de Septiembre<\/p>\n\n\n\n<p class=\"has-text-align-center\">Es nuestro cine en pantalla nueva<\/p>\n\n\n\n<p class=\"has-text-align-center\">Para proyectar los recuerdos de siempre.<\/p>\n\n\n\n<p class=\"has-text-align-center\">Y aunque sumidos en el Alzheimer<\/p>\n\n\n\n<p class=\"has-text-align-center\">Alimentamos peque\u00f1os deseos, de este presente<\/p>\n\n\n\n<p class=\"has-text-align-center\">Porque el tiempo es otro<\/p>\n\n\n\n<p class=\"has-text-align-center\">Y solo me cabe deslizar, los sentimientos<\/p>\n\n\n\n<p class=\"has-text-align-center\">En vuestra existencia, que ya es, una prolongada caricia<\/p>\n\n\n\n<p class=\"has-text-align-center\">Con miles manos en vuestra c\u00e1lida piel<\/p>\n\n\n\n<p class=\"has-text-align-center\">Y sentir el brillo de la luz desde lo m\u00e1s fiel<\/p>\n\n\n\n<p class=\"has-text-align-center\">Al nuevo lenguaje, la de nuestra nueva vida.<\/p>\n\n\n\n<p class=\"has-text-align-center\">Ya veis, confluimos en los miles recuerdos<\/p>\n\n\n\n<p class=\"has-text-align-center\">Cuando el tiempo cambia de sentido<\/p>\n\n\n\n<p class=\"has-text-align-center\">Y este, se llama -Alzheimer- pero yo os pido,<\/p>\n\n\n\n<p class=\"has-text-align-center\">Que sigas sonriendo, en el h\u00edper de los sue\u00f1os.<\/p>\n<\/div><\/div><\/div>\n\n\n\n<div class=\"wp-block-kadence-pane kt-accordion-pane kt-accordion-pane-13 kt-pane3067_4ba194-a1\"><div class=\"kt-accordion-header-wrap\"><button class=\"kt-blocks-accordion-header kt-acccordion-button-label-show\" type=\"button\"><span class=\"kt-blocks-accordion-title-wrap\"><span class=\"kt-blocks-accordion-title\"><strong>Mujer vestida de negro &#8211; 09\/06\/16<\/strong><\/span><\/span><span class=\"kt-blocks-accordion-icon-trigger\"><\/span><\/button><\/div><div class=\"kt-accordion-panel kt-accordion-panel-hidden\"><div class=\"kt-accordion-panel-inner\">\n<p class=\"has-text-align-center\">Un recuerdo vestido de negro,<\/p>\n\n\n\n<p class=\"has-text-align-center\">la piel no se le ve<\/p>\n\n\n\n<p class=\"has-text-align-center\">la cubre los velos por los lutos<\/p>\n\n\n\n<p class=\"has-text-align-center\">de los tiempos.<\/p>\n\n\n\n<p class=\"has-text-align-center\">Es una mujer<\/p>\n\n\n\n<p class=\"has-text-align-center\">marcada por las intolerancias<\/p>\n\n\n\n<p class=\"has-text-align-center\">por la hipocres\u00eda del poder<\/p>\n\n\n\n<p class=\"has-text-align-center\">amen, en las ignorancias.<\/p>\n\n\n\n<p class=\"has-text-align-center\">Esclava, amante en exposici\u00f3n<\/p>\n\n\n\n<p class=\"has-text-align-center\">si es guapa.<\/p>\n\n\n\n<p class=\"has-text-align-center\">\u00a1Qu\u00e9 gran se\u00f1or!<\/p>\n\n\n\n<p class=\"has-text-align-center\">Orgulloso de la prole que arrastra,<\/p>\n\n\n\n<p class=\"has-text-align-center\">pero ella va, vestida de negro<\/p>\n\n\n\n<p class=\"has-text-align-center\">siempre detr\u00e1s.<\/p>\n\n\n\n<p class=\"has-text-align-center\">El recuerdo, con el tiempo amargo<\/p>\n\n\n\n<p class=\"has-text-align-center\">por saber de donde vengo\u2026<\/p>\n\n\n\n<p class=\"has-text-align-center\">De t\u00ed mujer.<\/p>\n\n\n\n<p class=\"has-text-align-center\">Cu\u00e1nto ha pasado<\/p>\n\n\n\n<p class=\"has-text-align-center\">para que tu pelo quede suelto,<\/p>\n\n\n\n<p class=\"has-text-align-center\">para que el color te ense\u00f1e<\/p>\n\n\n\n<p class=\"has-text-align-center\">a caminar hasta por los lagos,<\/p>\n\n\n\n<p class=\"has-text-align-center\">de esa marea de humanos<\/p>\n\n\n\n<p class=\"has-text-align-center\">que te trat\u00f3 como la noche,<\/p>\n\n\n\n<p class=\"has-text-align-center\">siempre oscura, de negro pardo.<\/p>\n\n\n\n<p class=\"has-text-align-center\">Un recuerdo, ahora a\u00f1oranza<\/p>\n\n\n\n<p class=\"has-text-align-center\">que con el paso de los a\u00f1os,<\/p>\n\n\n\n<p class=\"has-text-align-center\">aparece en m\u00ed. Un te quiero.<\/p>\n\n\n\n<p class=\"has-text-align-center\"><strong>Autor: Eufrasio Navarro Fern\u00e1ndez<\/strong><\/p>\n<\/div><\/div><\/div>\n\n\n\n<div class=\"wp-block-kadence-pane kt-accordion-pane kt-accordion-pane-14 kt-pane3067_557923-47\"><div class=\"kt-accordion-header-wrap\"><button class=\"kt-blocks-accordion-header kt-acccordion-button-label-show\" type=\"button\"><span class=\"kt-blocks-accordion-title-wrap\"><span class=\"kt-blocks-accordion-title\"><strong>Lleg\u00f3 la hora &#8211; 26\/05\/16<\/strong><\/span><\/span><span class=\"kt-blocks-accordion-icon-trigger\"><\/span><\/button><\/div><div class=\"kt-accordion-panel kt-accordion-panel-hidden\"><div class=\"kt-accordion-panel-inner\">\n<p class=\"has-text-align-center\">Llevo la vida en el recuerdo<\/p>\n\n\n\n<p class=\"has-text-align-center\">Escribo mis alegr\u00edas en miles de p\u00e1ginas<\/p>\n\n\n\n<p class=\"has-text-align-center\">Y pongo cine a los sue\u00f1os<\/p>\n\n\n\n<p class=\"has-text-align-center\">Con im\u00e1genes, en tupidas \u00e1nimas<\/p>\n\n\n\n<p class=\"has-text-align-center\">Al vivir con los recuerdos y crear,<\/p>\n\n\n\n<p class=\"has-text-align-center\">Mundos de para\u00edsos contados con los dedos<\/p>\n\n\n\n<p class=\"has-text-align-center\">M\u00e1s no s\u00e9, que es la vida \u00bfSer\u00e1 pensar?<\/p>\n\n\n\n<p class=\"has-text-align-center\">\u00bfO es el recreo de los mejores afectos?<\/p>\n\n\n\n<p class=\"has-text-align-center\">Inexorable es el silencio<\/p>\n\n\n\n<p class=\"has-text-align-center\">En las sombras de la ausencia,<\/p>\n\n\n\n<p class=\"has-text-align-center\">Quiero con vosotros y vosotras celebrar<\/p>\n\n\n\n<p class=\"has-text-align-center\">El maravilloso<\/p>\n\n\n\n<p class=\"has-text-align-center\"><strong>Autor: Eufrasio Navarro Fern\u00e1ndez<\/strong><\/p>\n<\/div><\/div><\/div>\n\n\n\n<div class=\"wp-block-kadence-pane kt-accordion-pane kt-accordion-pane-15 kt-pane3067_2bf0ac-45\"><div class=\"kt-accordion-header-wrap\"><button class=\"kt-blocks-accordion-header kt-acccordion-button-label-show\" type=\"button\"><span class=\"kt-blocks-accordion-title-wrap\"><span class=\"kt-blocks-accordion-title\"><strong>Madre &#8211; 28\/04\/16<\/strong><\/span><\/span><span class=\"kt-blocks-accordion-icon-trigger\"><\/span><\/button><\/div><div class=\"kt-accordion-panel kt-accordion-panel-hidden\"><div class=\"kt-accordion-panel-inner\">\n<p class=\"has-text-align-center\">F\u00edjate madre<\/p>\n\n\n\n<p class=\"has-text-align-center\">hoy en el campo,<\/p>\n\n\n\n<p class=\"has-text-align-center\">he visto mejor tu rostro,<\/p>\n\n\n\n<p class=\"has-text-align-center\">tu rostro de madre,<\/p>\n\n\n\n<p class=\"has-text-align-center\">que sin darte importancia<\/p>\n\n\n\n<p class=\"has-text-align-center\">me has vuelto a vestir<\/p>\n\n\n\n<p class=\"has-text-align-center\">con el fino hilo..,<\/p>\n\n\n\n<p class=\"has-text-align-center\">de tu amor tan especial<\/p>\n\n\n\n<p class=\"has-text-align-center\">y en tu boca, la palabra hijo.<\/p>\n\n\n\n<p class=\"has-text-align-center\">F\u00edjate madre cual es,<\/p>\n\n\n\n<p class=\"has-text-align-center\">el valor del tiempo<\/p>\n\n\n\n<p class=\"has-text-align-center\">donde el reloj solo marca<\/p>\n\n\n\n<p class=\"has-text-align-center\">tus sentimientos y,<\/p>\n\n\n\n<p class=\"has-text-align-center\">el estar contigo<\/p>\n\n\n\n<p class=\"has-text-align-center\">es contemplar un oasis<\/p>\n\n\n\n<p class=\"has-text-align-center\">de almas blancas<\/p>\n\n\n\n<p class=\"has-text-align-center\">pasando p\u00e1ginas<\/p>\n\n\n\n<p class=\"has-text-align-center\">con tus recuerdos<\/p>\n\n\n\n<p class=\"has-text-align-center\">ese es, mi mejor libro.<\/p>\n\n\n\n<p class=\"has-text-align-center\">Hoy madre,<\/p>\n\n\n\n<p class=\"has-text-align-center\">quiero ser testigo<\/p>\n\n\n\n<p class=\"has-text-align-center\">de todo tu amor por m\u00ed<\/p>\n\n\n\n<p class=\"has-text-align-center\">y que por un descuido,<\/p>\n\n\n\n<p class=\"has-text-align-center\">se me olvid\u00f3 besarte,<\/p>\n\n\n\n<p class=\"has-text-align-center\">pero hoy, hoy,<\/p>\n\n\n\n<p class=\"has-text-align-center\">quiero ser tu anhelo<\/p>\n\n\n\n<p class=\"has-text-align-center\">y tu mejor escaparate<\/p>\n\n\n\n<p class=\"has-text-align-center\">para decirle al mundo,<\/p>\n\n\n\n<p class=\"has-text-align-center\">al tiempo, a la creaci\u00f3n,<\/p>\n\n\n\n<p class=\"has-text-align-center\">que tu madre, para parirme<\/p>\n\n\n\n<p class=\"has-text-align-center\">te multiplicaste.<\/p>\n\n\n\n<p class=\"has-text-align-center\"><strong>Autor: Eufrasio Navarro Fern\u00e1ndez<\/strong><\/p>\n<\/div><\/div><\/div>\n\n\n\n<div class=\"wp-block-kadence-pane kt-accordion-pane kt-accordion-pane-16 kt-pane3067_eb1ed0-f3\"><div class=\"kt-accordion-header-wrap\"><button class=\"kt-blocks-accordion-header kt-acccordion-button-label-show\" type=\"button\"><span class=\"kt-blocks-accordion-title-wrap\"><span class=\"kt-blocks-accordion-title\"><strong>La vista del avestruz &#8211; 14\/04\/16<\/strong><\/span><\/span><span class=\"kt-blocks-accordion-icon-trigger\"><\/span><\/button><\/div><div class=\"kt-accordion-panel kt-accordion-panel-hidden\"><div class=\"kt-accordion-panel-inner\">\n<p class=\"has-text-align-center\">Se vislumbra desde una ladera<\/p>\n\n\n\n<p class=\"has-text-align-center\">los lloros de un sentimiento<\/p>\n\n\n\n<p class=\"has-text-align-center\">al fluir en afluente, l\u00e1grimas<\/p>\n\n\n\n<p class=\"has-text-align-center\">corriendo entre la maleza.<\/p>\n\n\n\n<p class=\"has-text-align-center\">La paz se ha quebrantado<\/p>\n\n\n\n<p class=\"has-text-align-center\">por un pensar horrendo,<\/p>\n\n\n\n<p class=\"has-text-align-center\">de la justicia bien marcada<\/p>\n\n\n\n<p class=\"has-text-align-center\">sin atender el lamento.<\/p>\n\n\n\n<p class=\"has-text-align-center\">Una espada,<\/p>\n\n\n\n<p class=\"has-text-align-center\">con la empu\u00f1adura gastada<\/p>\n\n\n\n<p class=\"has-text-align-center\">por el se\u00f1or del mando,<\/p>\n\n\n\n<p class=\"has-text-align-center\">que nunca vio\u2026, el hambre<\/p>\n\n\n\n<p class=\"has-text-align-center\">tapado por su manto.<\/p>\n\n\n\n<p class=\"has-text-align-center\">Peregrinos movimientos,<\/p>\n\n\n\n<p class=\"has-text-align-center\">con calzados de \u00faltima moda<\/p>\n\n\n\n<p class=\"has-text-align-center\">caminan en frondosas olas<\/p>\n\n\n\n<p class=\"has-text-align-center\">entre chaqu\u00e9 y buenos viento.<\/p>\n\n\n\n<p class=\"has-text-align-center\">Pero la ladera se asoma<\/p>\n\n\n\n<p class=\"has-text-align-center\">a la llegada del invierno,<\/p>\n\n\n\n<p class=\"has-text-align-center\">que con sus lluvias se prestan<\/p>\n\n\n\n<p class=\"has-text-align-center\">a convertir la paz, en un infierno.<\/p>\n\n\n\n<p class=\"has-text-align-center\">Son sentimientos<\/p>\n\n\n\n<p class=\"has-text-align-center\">no son, colgadas esperanzas<\/p>\n\n\n\n<p class=\"has-text-align-center\">es, el no saber de nada<\/p>\n\n\n\n<p class=\"has-text-align-center\">en un mundo de hambrientos.<\/p>\n\n\n\n<p class=\"has-text-align-center\"><strong>Autor: Eufrasio Navarro Fern\u00e1ndez<\/strong><\/p>\n<\/div><\/div><\/div>\n\n\n\n<div class=\"wp-block-kadence-pane kt-accordion-pane kt-accordion-pane-17 kt-pane3067_eef48c-b3\"><div class=\"kt-accordion-header-wrap\"><button class=\"kt-blocks-accordion-header kt-acccordion-button-label-show\" type=\"button\"><span class=\"kt-blocks-accordion-title-wrap\"><span class=\"kt-blocks-accordion-title\"><strong>En busca de los recuerdos &#8211; 31\/03\/16<\/strong><\/span><\/span><span class=\"kt-blocks-accordion-icon-trigger\"><\/span><\/button><\/div><div class=\"kt-accordion-panel kt-accordion-panel-hidden\"><div class=\"kt-accordion-panel-inner\">\n<p class=\"has-text-align-center\">El tiempo me ha hecho bohemio<\/p>\n\n\n\n<p class=\"has-text-align-center\">tan insignificante,<\/p>\n\n\n\n<p class=\"has-text-align-center\">que me remonto a los deseos<\/p>\n\n\n\n<p class=\"has-text-align-center\">cuando cre\u00eda ser alguien.<\/p>\n\n\n\n<p class=\"has-text-align-center\">Sentado en la orilla de mi r\u00edo<\/p>\n\n\n\n<p class=\"has-text-align-center\">invito, a que vengan a visitarme<\/p>\n\n\n\n<p class=\"has-text-align-center\">los recuerdos.<\/p>\n\n\n\n<p class=\"has-text-align-center\">\u00a1Qu\u00e9 paz!<\/p>\n\n\n\n<p class=\"has-text-align-center\">La que se oye con el silencio,<\/p>\n\n\n\n<p class=\"has-text-align-center\">me traslada a la jungla de los sue\u00f1os<\/p>\n\n\n\n<p class=\"has-text-align-center\">y all\u00ed veo, mi juventud en busca<\/p>\n\n\n\n<p class=\"has-text-align-center\">de alegr\u00edas con los a\u00f1os llenos<\/p>\n\n\n\n<p class=\"has-text-align-center\">de juventud y esperanza.<\/p>\n\n\n\n<p class=\"has-text-align-center\">\u00a1La bohemia!<\/p>\n\n\n\n<p class=\"has-text-align-center\">Es, el esp\u00edritu de las letras<\/p>\n\n\n\n<p class=\"has-text-align-center\">para componer mis versos<\/p>\n\n\n\n<p class=\"has-text-align-center\">sentado en la orillita de mi r\u00edo.<\/p>\n\n\n\n<p class=\"has-text-align-center\">Sumido con el transcurrir del agua<\/p>\n\n\n\n<p class=\"has-text-align-center\">me quedo inmerso, con el placer de pensar<\/p>\n\n\n\n<p class=\"has-text-align-center\">en la libertad extrema.<\/p>\n\n\n\n<p class=\"has-text-align-center\">Y es mi deseo\u2026, se materialice<\/p>\n\n\n\n<p class=\"has-text-align-center\">lo que, en los sue\u00f1os recuerdo.<\/p>\n\n\n\n<p class=\"has-text-align-center\">Mientras tanto pienso<\/p>\n\n\n\n<p class=\"has-text-align-center\">en aquel amor primerizo, aquel\u2026,<\/p>\n\n\n\n<p class=\"has-text-align-center\">que hizo temblar mis piernas<\/p>\n\n\n\n<p class=\"has-text-align-center\">cuando a este amor di, el primer beso.<\/p>\n\n\n\n<p class=\"has-text-align-center\">\u00bfEstar\u00e9 durmiendo?<\/p>\n\n\n\n<p class=\"has-text-align-center\">Si es as\u00ed, por favor no me despierten.<\/p>\n\n\n\n<p class=\"has-text-align-center\"><strong>Autor: Eufrasio Navarro Fern\u00e1ndez<\/strong><\/p>\n<\/div><\/div><\/div>\n\n\n\n<div class=\"wp-block-kadence-pane kt-accordion-pane kt-accordion-pane-18 kt-pane3067_22a8c3-98\"><div class=\"kt-accordion-header-wrap\"><button class=\"kt-blocks-accordion-header kt-acccordion-button-label-show\" type=\"button\"><span class=\"kt-blocks-accordion-title-wrap\"><span class=\"kt-blocks-accordion-title\"><strong>Mi padre en mi recuerdo &#8211; 10\/03\/16<\/strong><\/span><\/span><span class=\"kt-blocks-accordion-icon-trigger\"><\/span><\/button><\/div><div class=\"kt-accordion-panel kt-accordion-panel-hidden\"><div class=\"kt-accordion-panel-inner\">\n<p class=\"has-text-align-center\">Siempre te veo a\u00fan estando dormido<\/p>\n\n\n\n<p class=\"has-text-align-center\">los sue\u00f1os me traen la paz con el pensamiento<\/p>\n\n\n\n<p class=\"has-text-align-center\">y establece, la conexi\u00f3n entre la vida y la muerte<\/p>\n\n\n\n<p class=\"has-text-align-center\">para intentar llegar, hasta donde tu est\u00e9s,<\/p>\n\n\n\n<p class=\"has-text-align-center\">con tu punto y seguido.<\/p>\n\n\n\n<p class=\"has-text-align-center\">Mi padre, se fue navegando por el universo<\/p>\n\n\n\n<p class=\"has-text-align-center\">y no hay un solo d\u00eda, que no destelle su rayo<\/p>\n\n\n\n<p class=\"has-text-align-center\">para que yo lo vea, a pesar de estar dormido<\/p>\n\n\n\n<p class=\"has-text-align-center\">pero, con la mente abierta mirando al infinito.<\/p>\n\n\n\n<p class=\"has-text-align-center\">Son los recuerdos, tu presencia<\/p>\n\n\n\n<p class=\"has-text-align-center\">desde aquel d\u00eda, que te arrebato la muerte<\/p>\n\n\n\n<p class=\"has-text-align-center\">te escucho, conversamos desde el silencio<\/p>\n\n\n\n<p class=\"has-text-align-center\">y me conf\u00edas la vida y yo, te sigo queriendo.<\/p>\n\n\n\n<p class=\"has-text-align-center\">Mi padre, se fue quebrando al tiempo<\/p>\n\n\n\n<p class=\"has-text-align-center\">con las arrugadas melod\u00edas de los llantos,<\/p>\n\n\n\n<p class=\"has-text-align-center\">\u00bfC\u00f3mo pudiste hacerme eso,<\/p>\n\n\n\n<p class=\"has-text-align-center\">sin saber que te ibas<\/p>\n\n\n\n<p class=\"has-text-align-center\">desde la negra estaci\u00f3n perdida?<\/p>\n\n\n\n<p class=\"has-text-align-center\">Sabes, que aunque me duerma veo,<\/p>\n\n\n\n<p class=\"has-text-align-center\">la claridad de tu imagen, eres mi vida<\/p>\n\n\n\n<p class=\"has-text-align-center\">y siento tu creaci\u00f3n viendo tu bendita prole,<\/p>\n\n\n\n<p class=\"has-text-align-center\">que son, aires de fantas\u00eda en tu universo.<\/p>\n\n\n\n<p class=\"has-text-align-center\">No s\u00e9 si los veras, est\u00e1n aqu\u00ed abajo<\/p>\n\n\n\n<p class=\"has-text-align-center\">son tus nietas, son tus nietos,<\/p>\n\n\n\n<p class=\"has-text-align-center\">la proyecci\u00f3n de tu alma<\/p>\n\n\n\n<p class=\"has-text-align-center\">para agrandar tus recuerdos\u2026,<\/p>\n\n\n\n<p class=\"has-text-align-center\">desde donde est\u00e9s, si est\u00e1s<\/p>\n\n\n\n<p class=\"has-text-align-center\">por favor\u2026, sigue navegando<\/p>\n\n\n\n<p class=\"has-text-align-center\">siempre en mis sue\u00f1os.<\/p>\n\n\n\n<p class=\"has-text-align-center\"><strong>Autor: Eufrasio Navarro Fern\u00e1ndez<\/strong><\/p>\n<\/div><\/div><\/div>\n\n\n\n<div class=\"wp-block-kadence-pane kt-accordion-pane kt-accordion-pane-19 kt-pane3067_b0785c-8d\"><div class=\"kt-accordion-header-wrap\"><button class=\"kt-blocks-accordion-header kt-acccordion-button-label-show\" type=\"button\"><span class=\"kt-blocks-accordion-title-wrap\"><span class=\"kt-blocks-accordion-title\"><strong>El alma del sue\u00f1o &#8211; 25\/02\/16<\/strong><\/span><\/span><span class=\"kt-blocks-accordion-icon-trigger\"><\/span><\/button><\/div><div class=\"kt-accordion-panel kt-accordion-panel-hidden\"><div class=\"kt-accordion-panel-inner\">\n<p class=\"has-text-align-center\">Me he atrevido a so\u00f1ar contigo<\/p>\n\n\n\n<p class=\"has-text-align-center\">sentados en el balc\u00f3n del tiempo<\/p>\n\n\n\n<p class=\"has-text-align-center\">mientras le\u00edamos unos versos<\/p>\n\n\n\n<p class=\"has-text-align-center\">en busca del mejor destino.<\/p>\n\n\n\n<p class=\"has-text-align-center\">Hemos visto pasar palomas<\/p>\n\n\n\n<p class=\"has-text-align-center\">por el cielo claro, inmenso<\/p>\n\n\n\n<p class=\"has-text-align-center\">hemos imaginado un trigal<\/p>\n\n\n\n<p class=\"has-text-align-center\">en la lejan\u00eda de las lomas.<\/p>\n\n\n\n<p class=\"has-text-align-center\">Me he atrevido a so\u00f1ar contigo<\/p>\n\n\n\n<p class=\"has-text-align-center\">porque el vivir, es un sue\u00f1o<\/p>\n\n\n\n<p class=\"has-text-align-center\">cuando miramos en la noche<\/p>\n\n\n\n<p class=\"has-text-align-center\">el m\u00e1s all\u00e1 con sus nebulosas.<\/p>\n\n\n\n<p class=\"has-text-align-center\">\u00a1Qu\u00e9 prestigioso es el arte de amar!<\/p>\n\n\n\n<p class=\"has-text-align-center\">Cuando el pensamiento es capaz<\/p>\n\n\n\n<p class=\"has-text-align-center\">de dibujar el amor en versos<\/p>\n\n\n\n<p class=\"has-text-align-center\">y llegar a plasmar lo esencial\u2026,<\/p>\n\n\n\n<p class=\"has-text-align-center\">poder dar un beso.<\/p>\n\n\n\n<p class=\"has-text-align-center\">Me he atrevido a so\u00f1ar contigo<\/p>\n\n\n\n<p class=\"has-text-align-center\">a ver la vida con otra dimensi\u00f3n<\/p>\n\n\n\n<p class=\"has-text-align-center\">a ver la fuerza de la naturaleza<\/p>\n\n\n\n<p class=\"has-text-align-center\">la que nos cre\u00f3.<\/p>\n\n\n\n<p class=\"has-text-align-center\">Y sentados en el balc\u00f3n<\/p>\n\n\n\n<p class=\"has-text-align-center\">hacemos juegos con el espacio,<\/p>\n\n\n\n<p class=\"has-text-align-center\">nos re\u00edmos de la nada<\/p>\n\n\n\n<p class=\"has-text-align-center\">porque nada hay en el atrio.<\/p>\n\n\n\n<p class=\"has-text-align-center\">Me he atrevido a so\u00f1ar contigo<\/p>\n\n\n\n<p class=\"has-text-align-center\">mir\u00e1ndonos frente a frente<\/p>\n\n\n\n<p class=\"has-text-align-center\">con el lenguaje de las miradas<\/p>\n\n\n\n<p class=\"has-text-align-center\">sin que ninguno estemos ausente.<\/p>\n\n\n\n<p class=\"has-text-align-center\">En este largo presente,<\/p>\n\n\n\n<p class=\"has-text-align-center\">que no es ni m\u00e1s feo ni m\u00e1s bonito<\/p>\n\n\n\n<p class=\"has-text-align-center\">solo es, diferente.<\/p>\n\n\n\n<p class=\"has-text-align-center\">Me he atrevido a so\u00f1ar contigo.<\/p>\n\n\n\n<p class=\"has-text-align-center\"><strong>Autor: Eufrasio Navarro Fern\u00e1ndez<\/strong><\/p>\n<\/div><\/div><\/div>\n\n\n\n<div class=\"wp-block-kadence-pane kt-accordion-pane kt-accordion-pane-20 kt-pane3067_87e011-91\"><div class=\"kt-accordion-header-wrap\"><button class=\"kt-blocks-accordion-header kt-acccordion-button-label-show\" type=\"button\"><span class=\"kt-blocks-accordion-title-wrap\"><span class=\"kt-blocks-accordion-title\"><strong>Caminando con versos &#8211; 28\/01\/16<\/strong><\/span><\/span><span class=\"kt-blocks-accordion-icon-trigger\"><\/span><\/button><\/div><div class=\"kt-accordion-panel kt-accordion-panel-hidden\"><div class=\"kt-accordion-panel-inner\">\n<p class=\"has-text-align-center\">Tengo un cuento para ti<\/p>\n\n\n\n<p class=\"has-text-align-center\">se llama delirio,<\/p>\n\n\n\n<p class=\"has-text-align-center\">en la cabecera de tu cama<\/p>\n\n\n\n<p class=\"has-text-align-center\">abro sus p\u00e1ginas<\/p>\n\n\n\n<p class=\"has-text-align-center\">y en ese momento<\/p>\n\n\n\n<p class=\"has-text-align-center\">ahuyentamos al olvido<\/p>\n\n\n\n<p class=\"has-text-align-center\">m\u00e1s all\u00e1 de las monta\u00f1as.<\/p>\n\n\n\n<p class=\"has-text-align-center\">Ahora,<\/p>\n\n\n\n<p class=\"has-text-align-center\">deja los recuerdos dormidos<\/p>\n\n\n\n<p class=\"has-text-align-center\">leamos el cuento juntos<\/p>\n\n\n\n<p class=\"has-text-align-center\">demos vida a los versos<\/p>\n\n\n\n<p class=\"has-text-align-center\">con el amor y unos besos.<\/p>\n\n\n\n<p class=\"has-text-align-center\">Imaginemos un camino<\/p>\n\n\n\n<p class=\"has-text-align-center\">querido pensamiento<\/p>\n\n\n\n<p class=\"has-text-align-center\">imaginemos unas nubes<\/p>\n\n\n\n<p class=\"has-text-align-center\">cubriendo el cielo.<\/p>\n\n\n\n<p class=\"has-text-align-center\">Deseo estar contigo<\/p>\n\n\n\n<p class=\"has-text-align-center\">ver tus nuevos senderos,<\/p>\n\n\n\n<p class=\"has-text-align-center\">deseo caminar junto a ti<\/p>\n\n\n\n<p class=\"has-text-align-center\">y que me cuents tus secretos.<\/p>\n\n\n\n<p class=\"has-text-align-center\">No te duermas a\u00fan<\/p>\n\n\n\n<p class=\"has-text-align-center\">tus palabras son, tus miradas<\/p>\n\n\n\n<p class=\"has-text-align-center\">miradas de miel y cera<\/p>\n\n\n\n<p class=\"has-text-align-center\">al acercar mis labios, a tu cara.<\/p>\n\n\n\n<p class=\"has-text-align-center\">Dejemos a la noche tu magia,<\/p>\n\n\n\n<p class=\"has-text-align-center\">dejemos al d\u00eda tu luz,<\/p>\n\n\n\n<p class=\"has-text-align-center\">paseemos sin temor<\/p>\n\n\n\n<p class=\"has-text-align-center\">por nuestro campo de batalla,<\/p>\n\n\n\n<p class=\"has-text-align-center\">ya te has quedado dormido<\/p>\n\n\n\n<p class=\"has-text-align-center\">querido camastr\u00f3n.<\/p>\n\n\n\n<p class=\"has-text-align-center\"><strong>Autor: Eufrasio Navarro Fern\u00e1ndez<\/strong><\/p>\n<\/div><\/div><\/div>\n\n\n\n<div class=\"wp-block-kadence-pane kt-accordion-pane kt-accordion-pane-21 kt-pane3067_2e78a6-74\"><div class=\"kt-accordion-header-wrap\"><button class=\"kt-blocks-accordion-header kt-acccordion-button-label-show\" type=\"button\"><span class=\"kt-blocks-accordion-title-wrap\"><span class=\"kt-blocks-accordion-title\"><strong>BURBUJAS -14-01-16<\/strong><\/span><\/span><span class=\"kt-blocks-accordion-icon-trigger\"><\/span><\/button><\/div><div class=\"kt-accordion-panel kt-accordion-panel-hidden\"><div class=\"kt-accordion-panel-inner\">\n<p class=\"has-text-align-center\">Vivo la vida y destierro la muerte<\/p>\n\n\n\n<p class=\"has-text-align-center\">en el recreo del tiempo.<\/p>\n\n\n\n<p class=\"has-text-align-center\">Las manillas del reloj no se detienen<\/p>\n\n\n\n<p class=\"has-text-align-center\">siguen y siguen dando vueltas.<\/p>\n\n\n\n<p class=\"has-text-align-center\">Qu\u00e9 m\u00e1s da, la vida se sumerge<\/p>\n\n\n\n<p class=\"has-text-align-center\">en el mar de lo estupendo.<\/p>\n\n\n\n<p class=\"has-text-align-center\">Se para con la muerte<\/p>\n\n\n\n<p class=\"has-text-align-center\">las burbujas son, aparentes.<\/p>\n\n\n\n<p class=\"has-text-align-center\">La vida me mira, necesito vivir<\/p>\n\n\n\n<p class=\"has-text-align-center\">para entender lo que sucede.<\/p>\n\n\n\n<p class=\"has-text-align-center\">Y observar el mar de l\u00e1grimas<\/p>\n\n\n\n<p class=\"has-text-align-center\">de las cabezas grandilocuentes.<\/p>\n\n\n\n<p class=\"has-text-align-center\">Al ingerir la oscuridad de la muerte<\/p>\n\n\n\n<p class=\"has-text-align-center\">con burbujas o sin ellas, ser\u00e1 la nada.<\/p>\n\n\n\n<p class=\"has-text-align-center\">Se apagar\u00e1 la luz, con nombre extra\u00f1a<\/p>\n\n\n\n<p class=\"has-text-align-center\">\u00a1Para qu\u00e9 mencionarla!<\/p>\n\n\n\n<p class=\"has-text-align-center\"><strong>Autor: Eufrasio Navarro Fern\u00e1ndez<\/strong><\/p>\n<\/div><\/div><\/div>\n<\/div><\/div><\/div>\n<\/div><\/div>\n\n\n\n<div class=\"wp-block-kadence-tab kt-tab-inner-content kt-inner-tab-11 kt-inner-tabcf6e8c-0a\"><div class=\"kt-tab-inner-content-inner\"><style>.kt-accordion-id3067_fdccae-52 .kt-accordion-inner-wrap{column-gap:var(--global-kb-gap-md, 2rem);row-gap:10px;}.kt-accordion-id3067_fdccae-52 .kt-accordion-panel-inner{border-top:0px solid transparent;border-right:0px solid transparent;border-bottom:0px solid transparent;border-left:0px solid transparent;background:#ffffff;padding-top:var(--global-kb-spacing-sm, 1.5rem);padding-right:var(--global-kb-spacing-sm, 1.5rem);padding-bottom:var(--global-kb-spacing-sm, 1.5rem);padding-left:var(--global-kb-spacing-sm, 1.5rem);}.kt-accordion-id3067_fdccae-52 > .kt-accordion-inner-wrap > .wp-block-kadence-pane > .kt-accordion-header-wrap > .kt-blocks-accordion-header{border-top:0px solid #f2f2f2;border-right:0px solid #f2f2f2;border-bottom:0px solid #f2f2f2;border-left:0px solid #f2f2f2;border-top-left-radius:6px;border-top-right-radius:6px;border-bottom-right-radius:6px;border-bottom-left-radius:6px;background:#f2f2f2;color:#555555;padding-top:14px;padding-right:16px;padding-bottom:14px;padding-left:16px;}.kt-accordion-id3067_fdccae-52:not( .kt-accodion-icon-style-basiccircle ):not( .kt-accodion-icon-style-xclosecircle ):not( .kt-accodion-icon-style-arrowcircle )  > .kt-accordion-inner-wrap > .wp-block-kadence-pane > .kt-accordion-header-wrap .kt-blocks-accordion-icon-trigger:after, .kt-accordion-id3067_fdccae-52:not( .kt-accodion-icon-style-basiccircle ):not( .kt-accodion-icon-style-xclosecircle ):not( .kt-accodion-icon-style-arrowcircle )  > .kt-accordion-inner-wrap > .wp-block-kadence-pane > .kt-accordion-header-wrap .kt-blocks-accordion-icon-trigger:before{background:#555555;}.kt-accordion-id3067_fdccae-52:not( .kt-accodion-icon-style-basic ):not( .kt-accodion-icon-style-xclose ):not( .kt-accodion-icon-style-arrow ) .kt-blocks-accordion-icon-trigger{background:#555555;}.kt-accordion-id3067_fdccae-52:not( .kt-accodion-icon-style-basic ):not( .kt-accodion-icon-style-xclose ):not( .kt-accodion-icon-style-arrow ) .kt-blocks-accordion-icon-trigger:after, .kt-accordion-id3067_fdccae-52:not( .kt-accodion-icon-style-basic ):not( .kt-accodion-icon-style-xclose ):not( .kt-accodion-icon-style-arrow ) .kt-blocks-accordion-icon-trigger:before{background:#f2f2f2;}.kt-accordion-id3067_fdccae-52 > .kt-accordion-inner-wrap > .wp-block-kadence-pane > .kt-accordion-header-wrap > .kt-blocks-accordion-header:hover, \n\t\t\t\tbody:not(.hide-focus-outline) .kt-accordion-id3067_fdccae-52 .kt-blocks-accordion-header:focus-visible{color:#444444;background:#eeeeee;border-top-color:#eeeeee;border-top-style:solid;border-right-color:#eeeeee;border-right-style:solid;border-bottom-color:#eeeeee;border-bottom-style:solid;border-left-color:#eeeeee;border-left-style:solid;}.kt-accordion-id3067_fdccae-52:not( .kt-accodion-icon-style-basiccircle ):not( .kt-accodion-icon-style-xclosecircle ):not( .kt-accodion-icon-style-arrowcircle ) .kt-accordion-header-wrap .kt-blocks-accordion-header:hover .kt-blocks-accordion-icon-trigger:after, .kt-accordion-id3067_fdccae-52:not( .kt-accodion-icon-style-basiccircle ):not( .kt-accodion-icon-style-xclosecircle ):not( .kt-accodion-icon-style-arrowcircle ) .kt-accordion-header-wrap .kt-blocks-accordion-header:hover .kt-blocks-accordion-icon-trigger:before, body:not(.hide-focus-outline) .kt-accordion-id3067_fdccae-52:not( .kt-accodion-icon-style-basiccircle ):not( .kt-accodion-icon-style-xclosecircle ):not( .kt-accodion-icon-style-arrowcircle ) .kt-blocks-accordion--visible .kt-blocks-accordion-icon-trigger:after, body:not(.hide-focus-outline) .kt-accordion-id3067_fdccae-52:not( .kt-accodion-icon-style-basiccircle ):not( .kt-accodion-icon-style-xclosecircle ):not( .kt-accodion-icon-style-arrowcircle ) .kt-blocks-accordion-header:focus-visible .kt-blocks-accordion-icon-trigger:before{background:#444444;}.kt-accordion-id3067_fdccae-52:not( .kt-accodion-icon-style-basic ):not( .kt-accodion-icon-style-xclose ):not( .kt-accodion-icon-style-arrow ) .kt-accordion-header-wrap .kt-blocks-accordion-header:hover .kt-blocks-accordion-icon-trigger, body:not(.hide-focus-outline) .kt-accordion-id3067_fdccae-52:not( .kt-accodion-icon-style-basic ):not( .kt-accodion-icon-style-xclose ):not( .kt-accodion-icon-style-arrow ) .kt-accordion-header-wrap .kt-blocks-accordion-header:focus-visible .kt-blocks-accordion-icon-trigger{background:#444444;}.kt-accordion-id3067_fdccae-52:not( .kt-accodion-icon-style-basic ):not( .kt-accodion-icon-style-xclose ):not( .kt-accodion-icon-style-arrow ) .kt-accordion-header-wrap .kt-blocks-accordion-header:hover .kt-blocks-accordion-icon-trigger:after, .kt-accordion-id3067_fdccae-52:not( .kt-accodion-icon-style-basic ):not( .kt-accodion-icon-style-xclose ):not( .kt-accodion-icon-style-arrow ) .kt-accordion-header-wrap .kt-blocks-accordion-header:hover .kt-blocks-accordion-icon-trigger:before, body:not(.hide-focus-outline) .kt-accordion-id3067_fdccae-52:not( .kt-accodion-icon-style-basic ):not( .kt-accodion-icon-style-xclose ):not( .kt-accodion-icon-style-arrow ) .kt-accordion-header-wrap .kt-blocks-accordion-header:focus-visible .kt-blocks-accordion-icon-trigger:after, body:not(.hide-focus-outline) .kt-accordion-id3067_fdccae-52:not( .kt-accodion-icon-style-basic ):not( .kt-accodion-icon-style-xclose ):not( .kt-accodion-icon-style-arrow ) .kt-accordion-header-wrap .kt-blocks-accordion-header:focus-visible .kt-blocks-accordion-icon-trigger:before{background:#eeeeee;}.kt-accordion-id3067_fdccae-52 .kt-accordion-header-wrap .kt-blocks-accordion-header:focus-visible,\n\t\t\t\t.kt-accordion-id3067_fdccae-52 > .kt-accordion-inner-wrap > .wp-block-kadence-pane > .kt-accordion-header-wrap > .kt-blocks-accordion-header.kt-accordion-panel-active{color:#ffffff;background:#f3690e;border-top-color:#f3690e;border-top-style:solid;border-right-color:#f3690e;border-right-style:solid;border-bottom-color:#f3690e;border-bottom-style:solid;border-left-color:#f3690e;border-left-style:solid;}.kt-accordion-id3067_fdccae-52:not( .kt-accodion-icon-style-basiccircle ):not( .kt-accodion-icon-style-xclosecircle ):not( .kt-accodion-icon-style-arrowcircle )  > .kt-accordion-inner-wrap > .wp-block-kadence-pane > .kt-accordion-header-wrap > .kt-blocks-accordion-header.kt-accordion-panel-active .kt-blocks-accordion-icon-trigger:after, .kt-accordion-id3067_fdccae-52:not( .kt-accodion-icon-style-basiccircle ):not( .kt-accodion-icon-style-xclosecircle ):not( .kt-accodion-icon-style-arrowcircle )  > .kt-accordion-inner-wrap > .wp-block-kadence-pane > .kt-accordion-header-wrap > .kt-blocks-accordion-header.kt-accordion-panel-active .kt-blocks-accordion-icon-trigger:before{background:#ffffff;}.kt-accordion-id3067_fdccae-52:not( .kt-accodion-icon-style-basic ):not( .kt-accodion-icon-style-xclose ):not( .kt-accodion-icon-style-arrow ) .kt-blocks-accordion-header.kt-accordion-panel-active .kt-blocks-accordion-icon-trigger{background:#ffffff;}.kt-accordion-id3067_fdccae-52:not( .kt-accodion-icon-style-basic ):not( .kt-accodion-icon-style-xclose ):not( .kt-accodion-icon-style-arrow ) .kt-blocks-accordion-header.kt-accordion-panel-active .kt-blocks-accordion-icon-trigger:after, .kt-accordion-id3067_fdccae-52:not( .kt-accodion-icon-style-basic ):not( .kt-accodion-icon-style-xclose ):not( .kt-accodion-icon-style-arrow ) .kt-blocks-accordion-header.kt-accordion-panel-active .kt-blocks-accordion-icon-trigger:before{background:#f3690e;}@media all and (max-width: 1024px){.kt-accordion-id3067_fdccae-52 .kt-accordion-panel-inner{border-top:0px solid transparent;border-right:0px solid transparent;border-bottom:0px solid transparent;border-left:0px solid transparent;}}@media all and (max-width: 1024px){.kt-accordion-id3067_fdccae-52 > .kt-accordion-inner-wrap > .wp-block-kadence-pane > .kt-accordion-header-wrap > .kt-blocks-accordion-header{border-top:0px solid #f2f2f2;border-right:0px solid #f2f2f2;border-bottom:0px solid #f2f2f2;border-left:0px solid #f2f2f2;}}@media all and (max-width: 1024px){.kt-accordion-id3067_fdccae-52 > .kt-accordion-inner-wrap > .wp-block-kadence-pane > .kt-accordion-header-wrap > .kt-blocks-accordion-header:hover, \n\t\t\t\tbody:not(.hide-focus-outline) .kt-accordion-id3067_fdccae-52 .kt-blocks-accordion-header:focus-visible{border-top-color:#eeeeee;border-top-style:solid;border-right-color:#eeeeee;border-right-style:solid;border-bottom-color:#eeeeee;border-bottom-style:solid;border-left-color:#eeeeee;border-left-style:solid;}}@media all and (max-width: 1024px){.kt-accordion-id3067_fdccae-52 .kt-accordion-header-wrap .kt-blocks-accordion-header:focus-visible,\n\t\t\t\t.kt-accordion-id3067_fdccae-52 > .kt-accordion-inner-wrap > .wp-block-kadence-pane > .kt-accordion-header-wrap > .kt-blocks-accordion-header.kt-accordion-panel-active{border-top-color:#f3690e;border-top-style:solid;border-right-color:#f3690e;border-right-style:solid;border-bottom-color:#f3690e;border-bottom-style:solid;border-left-color:#f3690e;border-left-style:solid;}}@media all and (max-width: 767px){.kt-accordion-id3067_fdccae-52 .kt-accordion-inner-wrap{display:block;}.kt-accordion-id3067_fdccae-52 .kt-accordion-inner-wrap .kt-accordion-pane:not(:first-child){margin-top:10px;}.kt-accordion-id3067_fdccae-52 .kt-accordion-panel-inner{border-top:0px solid transparent;border-right:0px solid transparent;border-bottom:0px solid transparent;border-left:0px solid transparent;}.kt-accordion-id3067_fdccae-52 > .kt-accordion-inner-wrap > .wp-block-kadence-pane > .kt-accordion-header-wrap > .kt-blocks-accordion-header{border-top:0px solid #f2f2f2;border-right:0px solid #f2f2f2;border-bottom:0px solid #f2f2f2;border-left:0px solid #f2f2f2;}.kt-accordion-id3067_fdccae-52 > .kt-accordion-inner-wrap > .wp-block-kadence-pane > .kt-accordion-header-wrap > .kt-blocks-accordion-header:hover, \n\t\t\t\tbody:not(.hide-focus-outline) .kt-accordion-id3067_fdccae-52 .kt-blocks-accordion-header:focus-visible{border-top-color:#eeeeee;border-top-style:solid;border-right-color:#eeeeee;border-right-style:solid;border-bottom-color:#eeeeee;border-bottom-style:solid;border-left-color:#eeeeee;border-left-style:solid;}.kt-accordion-id3067_fdccae-52 .kt-accordion-header-wrap .kt-blocks-accordion-header:focus-visible,\n\t\t\t\t.kt-accordion-id3067_fdccae-52 > .kt-accordion-inner-wrap > .wp-block-kadence-pane > .kt-accordion-header-wrap > .kt-blocks-accordion-header.kt-accordion-panel-active{border-top-color:#f3690e;border-top-style:solid;border-right-color:#f3690e;border-right-style:solid;border-bottom-color:#f3690e;border-bottom-style:solid;border-left-color:#f3690e;border-left-style:solid;}}<\/style>\n<div class=\"wp-block-kadence-accordion alignnone\"><div class=\"kt-accordion-wrap kt-accordion-id3067_fdccae-52 kt-accordion-has-4-panes kt-active-pane-0 kt-accordion-block kt-pane-header-alignment-left kt-accodion-icon-style-basic kt-accodion-icon-side-right\" style=\"max-width:none\"><div class=\"kt-accordion-inner-wrap\" data-allow-multiple-open=\"false\" data-start-open=\"none\">\n<div class=\"wp-block-kadence-pane kt-accordion-pane kt-accordion-pane-1 kt-pane3067_7f573f-4a\"><div class=\"kt-accordion-header-wrap\"><button class=\"kt-blocks-accordion-header kt-acccordion-button-label-show\" type=\"button\"><span class=\"kt-blocks-accordion-title-wrap\"><span class=\"kt-blocks-accordion-title\"><strong>Al caer la tarde &#8211; 12-12-2015<\/strong><\/span><\/span><span class=\"kt-blocks-accordion-icon-trigger\"><\/span><\/button><\/div><div class=\"kt-accordion-panel kt-accordion-panel-hidden\"><div class=\"kt-accordion-panel-inner\">\n<p class=\"has-text-align-center\">Cuando decaiga la tarde.<br>So\u00f1ar\u00e9 en la penumbra<br>con todo lo que ocurre,<br>bueno o malo en la parte<br>de la vida errante.<br>A veces,<br>la vida se convierte en cobarde<br>con desasosiego y angustias<br>sin un futuro para abrigarte.<br>\u00bfCu\u00e1l ser\u00eda el camino a seguir?<br>\u00a1Quiz\u00e1s la luz! Al sol le pedir\u00eda,<br>si en su rumbo hallara<br>lo que aqu\u00ed abajo faltara<br>\u00a1Cu\u00e1nto, yo no dar\u00eda!<br>Cuando decaiga la tarde.<br>Escribir\u00e9 mil poes\u00edas<br>y encontrar en el arte<br>la paz, el sosiego<br>y las fantas\u00edas<br>con mis maneras sencillas,<br>de la escriban\u00eda.<br>Cuando decaiga la tarde.<br>Con la oscuridad extendida,<br>quiero hablar de esperanzas<br>porque no s\u00e9, si ver\u00e9 el d\u00eda.<br>Es por ello, que en la noche busco<br>sus alabanzas<br>y la luz, que vendr\u00e1 con el d\u00eda.<\/p>\n<\/div><\/div><\/div>\n\n\n\n<div class=\"wp-block-kadence-pane kt-accordion-pane kt-accordion-pane-2 kt-pane3067_d7fb73-24\"><div class=\"kt-accordion-header-wrap\"><button class=\"kt-blocks-accordion-header kt-acccordion-button-label-show\" type=\"button\"><span class=\"kt-blocks-accordion-title-wrap\"><span class=\"kt-blocks-accordion-title\"><strong>Ahora nos toca &#8211; 12\/11\/2015<\/strong><\/span><\/span><span class=\"kt-blocks-accordion-icon-trigger\"><\/span><\/button><\/div><div class=\"kt-accordion-panel kt-accordion-panel-hidden\"><div class=\"kt-accordion-panel-inner\">\n<p class=\"has-text-align-center\">Mire usted se\u00f1or Alzheimer,<br>esta tarde al ver el atardecer<br>he comprendido,<br>que a los que usted visita,<br>han vencido<br>le han dado la cara conmigo<br>porque soy<br>el amanecer que los alumbra<br>d\u00eda tras d\u00eda<br>Usted solo acecha sin saber<br>cu\u00e1ndo ser\u00e1 el d\u00eda,<br>yo disfruto de su concierto<br>de sus gestos, de sus risas<br>yo, soy la vida.<br>Siempre se mueve usted en el ocaso<br>yo sin embargo, camino con ellos<br>siempre, con mi sonrisa<br>anidando sue\u00f1os en su estado.<br>\u00a1Si usted trae atardecer!<br>Mis versos adornan sus sentidos<br>para emprender la noche<br>con m\u00fasica guiada en melod\u00eda<br>en la sonata del amor<br>de su estado reconvertido.<br>Ahora no toca,<br>d\u00e9jenos platear la noche<br>con sus estrellas dise\u00f1adas,<br>que se clavan en la pupila<br>de nuestros ojos<br>y sentir el amor con la frescura,<br>el de antes con el de ahora<br>Por favor, v\u00e1yase se\u00f1or Alzheimer,<br>que es tarde y no le toca.<\/p>\n<\/div><\/div><\/div>\n\n\n\n<div class=\"wp-block-kadence-pane kt-accordion-pane kt-accordion-pane-3 kt-pane3067_7e78fc-48\"><div class=\"kt-accordion-header-wrap\"><button class=\"kt-blocks-accordion-header kt-acccordion-button-label-show\" type=\"button\"><span class=\"kt-blocks-accordion-title-wrap\"><span class=\"kt-blocks-accordion-title\"><strong>Acostumbrado a quererte &#8211; 15\/10\/2015<\/strong><\/span><\/span><span class=\"kt-blocks-accordion-icon-trigger\"><\/span><\/button><\/div><div class=\"kt-accordion-panel kt-accordion-panel-hidden\"><div class=\"kt-accordion-panel-inner\">\n<p class=\"has-text-align-center\">Esta ma\u00f1ana he abierto la ventana<br>Mientras te contemplo acostada<br>\u00a1Cuidado! He advertido al viento,<br>que no remoline tus sue\u00f1os<br>al ver, que estas enamorada.<br>Todo se ensancha<br>cuando estoy contigo,<br>quiero ser el que rescata<br>tu amor dormido<br>y darte, mil besos en rama<br>cuando despiertes bella dama.<br>Mi amor por ti es, puro sentimiento<br>que fluye muy dentro del alma<br>para decirte con el silencio<br>cuantas palabras m\u00e1gicas<br>adornadas con un te quiero<\/p>\n<\/div><\/div><\/div>\n\n\n\n<div class=\"wp-block-kadence-pane kt-accordion-pane kt-accordion-pane-4 kt-pane3067_dc461c-88\"><div class=\"kt-accordion-header-wrap\"><button class=\"kt-blocks-accordion-header kt-acccordion-button-label-show\" type=\"button\"><span class=\"kt-blocks-accordion-title-wrap\"><span class=\"kt-blocks-accordion-title\"><strong>\u00a1Si la memoria me deja! &#8211; 01\/11\/2015<\/strong><\/span><\/span><span class=\"kt-blocks-accordion-icon-trigger\"><\/span><\/button><\/div><div class=\"kt-accordion-panel kt-accordion-panel-hidden\"><div class=\"kt-accordion-panel-inner\">\n<p class=\"has-text-align-center\">Le pedir\u00eda a la vida<br>un poco m\u00e1s de tiempo,<br>un gesto con mis recuerdos<br>para los que en mi habitan.<br>Solo pedir\u00eda eso.<br>Acariciar con mis manos<br>un poquito m\u00e1s el cuerpo,<br>de mi compa\u00f1ero o compa\u00f1era,<br>que el tacto refleje en mis dedos<br>las caricias de otros tiempos.<br>Solo pedir\u00eda eso.<br>Pronunciar el nombre correcto<br>a\u00fan, del que junto a m\u00ed<br>dimos vida.<br>Solo pedir\u00eda eso.<br>\u00a1Si viene el se\u00f1or Alzheimer!<br>Regalarle mi poes\u00eda<br>y entonces el que observa<br>aprender\u00e1 lo que es\u2026, alegr\u00eda.<br>Solo pedir\u00eda eso.<br>La paz del poco tiempo,<br>que hay al final del d\u00eda;<br>pero seguir\u00e9 amando<br>en mi extra\u00f1o recuerdo.<br>Solo pedir\u00eda eso.<br>Acordaros de mi poes\u00eda,<br>yo me despido\u2026, con el hasta siempre.<\/p>\n<\/div><\/div><\/div>\n<\/div><\/div><\/div>\n<\/div><\/div>\n\n\n\n<div class=\"wp-block-kadence-tab kt-tab-inner-content kt-inner-tab-12 kt-inner-tab0d0595-b8\"><div class=\"kt-tab-inner-content-inner\"><style>.kt-accordion-id3067_102f95-98 .kt-accordion-inner-wrap{column-gap:var(--global-kb-gap-md, 2rem);row-gap:10px;}.kt-accordion-id3067_102f95-98 .kt-accordion-panel-inner{border-top:0px solid transparent;border-right:0px solid transparent;border-bottom:0px solid transparent;border-left:0px solid transparent;background:#ffffff;padding-top:var(--global-kb-spacing-sm, 1.5rem);padding-right:var(--global-kb-spacing-sm, 1.5rem);padding-bottom:var(--global-kb-spacing-sm, 1.5rem);padding-left:var(--global-kb-spacing-sm, 1.5rem);}.kt-accordion-id3067_102f95-98 > .kt-accordion-inner-wrap > .wp-block-kadence-pane > .kt-accordion-header-wrap > .kt-blocks-accordion-header{border-top:0px solid #f2f2f2;border-right:0px solid #f2f2f2;border-bottom:0px solid #f2f2f2;border-left:0px solid #f2f2f2;border-top-left-radius:6px;border-top-right-radius:6px;border-bottom-right-radius:6px;border-bottom-left-radius:6px;background:#f2f2f2;color:#555555;padding-top:14px;padding-right:16px;padding-bottom:14px;padding-left:16px;}.kt-accordion-id3067_102f95-98:not( .kt-accodion-icon-style-basiccircle ):not( .kt-accodion-icon-style-xclosecircle ):not( .kt-accodion-icon-style-arrowcircle )  > .kt-accordion-inner-wrap > .wp-block-kadence-pane > .kt-accordion-header-wrap .kt-blocks-accordion-icon-trigger:after, .kt-accordion-id3067_102f95-98:not( .kt-accodion-icon-style-basiccircle ):not( .kt-accodion-icon-style-xclosecircle ):not( .kt-accodion-icon-style-arrowcircle )  > .kt-accordion-inner-wrap > .wp-block-kadence-pane > .kt-accordion-header-wrap .kt-blocks-accordion-icon-trigger:before{background:#555555;}.kt-accordion-id3067_102f95-98:not( .kt-accodion-icon-style-basic ):not( .kt-accodion-icon-style-xclose ):not( .kt-accodion-icon-style-arrow ) .kt-blocks-accordion-icon-trigger{background:#555555;}.kt-accordion-id3067_102f95-98:not( .kt-accodion-icon-style-basic ):not( .kt-accodion-icon-style-xclose ):not( .kt-accodion-icon-style-arrow ) .kt-blocks-accordion-icon-trigger:after, .kt-accordion-id3067_102f95-98:not( .kt-accodion-icon-style-basic ):not( .kt-accodion-icon-style-xclose ):not( .kt-accodion-icon-style-arrow ) .kt-blocks-accordion-icon-trigger:before{background:#f2f2f2;}.kt-accordion-id3067_102f95-98 > .kt-accordion-inner-wrap > .wp-block-kadence-pane > .kt-accordion-header-wrap > .kt-blocks-accordion-header:hover, \n\t\t\t\tbody:not(.hide-focus-outline) .kt-accordion-id3067_102f95-98 .kt-blocks-accordion-header:focus-visible{color:#444444;background:#eeeeee;border-top-color:#eeeeee;border-top-style:solid;border-right-color:#eeeeee;border-right-style:solid;border-bottom-color:#eeeeee;border-bottom-style:solid;border-left-color:#eeeeee;border-left-style:solid;}.kt-accordion-id3067_102f95-98:not( .kt-accodion-icon-style-basiccircle ):not( .kt-accodion-icon-style-xclosecircle ):not( .kt-accodion-icon-style-arrowcircle ) .kt-accordion-header-wrap .kt-blocks-accordion-header:hover .kt-blocks-accordion-icon-trigger:after, .kt-accordion-id3067_102f95-98:not( .kt-accodion-icon-style-basiccircle ):not( .kt-accodion-icon-style-xclosecircle ):not( .kt-accodion-icon-style-arrowcircle ) .kt-accordion-header-wrap .kt-blocks-accordion-header:hover .kt-blocks-accordion-icon-trigger:before, body:not(.hide-focus-outline) .kt-accordion-id3067_102f95-98:not( .kt-accodion-icon-style-basiccircle ):not( .kt-accodion-icon-style-xclosecircle ):not( .kt-accodion-icon-style-arrowcircle ) .kt-blocks-accordion--visible .kt-blocks-accordion-icon-trigger:after, body:not(.hide-focus-outline) .kt-accordion-id3067_102f95-98:not( .kt-accodion-icon-style-basiccircle ):not( .kt-accodion-icon-style-xclosecircle ):not( .kt-accodion-icon-style-arrowcircle ) .kt-blocks-accordion-header:focus-visible .kt-blocks-accordion-icon-trigger:before{background:#444444;}.kt-accordion-id3067_102f95-98:not( .kt-accodion-icon-style-basic ):not( .kt-accodion-icon-style-xclose ):not( .kt-accodion-icon-style-arrow ) .kt-accordion-header-wrap .kt-blocks-accordion-header:hover .kt-blocks-accordion-icon-trigger, body:not(.hide-focus-outline) .kt-accordion-id3067_102f95-98:not( .kt-accodion-icon-style-basic ):not( .kt-accodion-icon-style-xclose ):not( .kt-accodion-icon-style-arrow ) .kt-accordion-header-wrap .kt-blocks-accordion-header:focus-visible .kt-blocks-accordion-icon-trigger{background:#444444;}.kt-accordion-id3067_102f95-98:not( .kt-accodion-icon-style-basic ):not( .kt-accodion-icon-style-xclose ):not( .kt-accodion-icon-style-arrow ) .kt-accordion-header-wrap .kt-blocks-accordion-header:hover .kt-blocks-accordion-icon-trigger:after, .kt-accordion-id3067_102f95-98:not( .kt-accodion-icon-style-basic ):not( .kt-accodion-icon-style-xclose ):not( .kt-accodion-icon-style-arrow ) .kt-accordion-header-wrap .kt-blocks-accordion-header:hover .kt-blocks-accordion-icon-trigger:before, body:not(.hide-focus-outline) .kt-accordion-id3067_102f95-98:not( .kt-accodion-icon-style-basic ):not( .kt-accodion-icon-style-xclose ):not( .kt-accodion-icon-style-arrow ) .kt-accordion-header-wrap .kt-blocks-accordion-header:focus-visible .kt-blocks-accordion-icon-trigger:after, body:not(.hide-focus-outline) .kt-accordion-id3067_102f95-98:not( .kt-accodion-icon-style-basic ):not( .kt-accodion-icon-style-xclose ):not( .kt-accodion-icon-style-arrow ) .kt-accordion-header-wrap .kt-blocks-accordion-header:focus-visible .kt-blocks-accordion-icon-trigger:before{background:#eeeeee;}.kt-accordion-id3067_102f95-98 .kt-accordion-header-wrap .kt-blocks-accordion-header:focus-visible,\n\t\t\t\t.kt-accordion-id3067_102f95-98 > .kt-accordion-inner-wrap > .wp-block-kadence-pane > .kt-accordion-header-wrap > .kt-blocks-accordion-header.kt-accordion-panel-active{color:#ffffff;background:#f3690e;border-top-color:#f3690e;border-top-style:solid;border-right-color:#f3690e;border-right-style:solid;border-bottom-color:#f3690e;border-bottom-style:solid;border-left-color:#f3690e;border-left-style:solid;}.kt-accordion-id3067_102f95-98:not( .kt-accodion-icon-style-basiccircle ):not( .kt-accodion-icon-style-xclosecircle ):not( .kt-accodion-icon-style-arrowcircle )  > .kt-accordion-inner-wrap > .wp-block-kadence-pane > .kt-accordion-header-wrap > .kt-blocks-accordion-header.kt-accordion-panel-active .kt-blocks-accordion-icon-trigger:after, .kt-accordion-id3067_102f95-98:not( .kt-accodion-icon-style-basiccircle ):not( .kt-accodion-icon-style-xclosecircle ):not( .kt-accodion-icon-style-arrowcircle )  > .kt-accordion-inner-wrap > .wp-block-kadence-pane > .kt-accordion-header-wrap > .kt-blocks-accordion-header.kt-accordion-panel-active .kt-blocks-accordion-icon-trigger:before{background:#ffffff;}.kt-accordion-id3067_102f95-98:not( .kt-accodion-icon-style-basic ):not( .kt-accodion-icon-style-xclose ):not( .kt-accodion-icon-style-arrow ) .kt-blocks-accordion-header.kt-accordion-panel-active .kt-blocks-accordion-icon-trigger{background:#ffffff;}.kt-accordion-id3067_102f95-98:not( .kt-accodion-icon-style-basic ):not( .kt-accodion-icon-style-xclose ):not( .kt-accodion-icon-style-arrow ) .kt-blocks-accordion-header.kt-accordion-panel-active .kt-blocks-accordion-icon-trigger:after, .kt-accordion-id3067_102f95-98:not( .kt-accodion-icon-style-basic ):not( .kt-accodion-icon-style-xclose ):not( .kt-accodion-icon-style-arrow ) .kt-blocks-accordion-header.kt-accordion-panel-active .kt-blocks-accordion-icon-trigger:before{background:#f3690e;}@media all and (max-width: 1024px){.kt-accordion-id3067_102f95-98 .kt-accordion-panel-inner{border-top:0px solid transparent;border-right:0px solid transparent;border-bottom:0px solid transparent;border-left:0px solid transparent;}}@media all and (max-width: 1024px){.kt-accordion-id3067_102f95-98 > .kt-accordion-inner-wrap > .wp-block-kadence-pane > .kt-accordion-header-wrap > .kt-blocks-accordion-header{border-top:0px solid #f2f2f2;border-right:0px solid #f2f2f2;border-bottom:0px solid #f2f2f2;border-left:0px solid #f2f2f2;}}@media all and (max-width: 1024px){.kt-accordion-id3067_102f95-98 > .kt-accordion-inner-wrap > .wp-block-kadence-pane > .kt-accordion-header-wrap > .kt-blocks-accordion-header:hover, \n\t\t\t\tbody:not(.hide-focus-outline) .kt-accordion-id3067_102f95-98 .kt-blocks-accordion-header:focus-visible{border-top-color:#eeeeee;border-top-style:solid;border-right-color:#eeeeee;border-right-style:solid;border-bottom-color:#eeeeee;border-bottom-style:solid;border-left-color:#eeeeee;border-left-style:solid;}}@media all and (max-width: 1024px){.kt-accordion-id3067_102f95-98 .kt-accordion-header-wrap .kt-blocks-accordion-header:focus-visible,\n\t\t\t\t.kt-accordion-id3067_102f95-98 > .kt-accordion-inner-wrap > .wp-block-kadence-pane > .kt-accordion-header-wrap > .kt-blocks-accordion-header.kt-accordion-panel-active{border-top-color:#f3690e;border-top-style:solid;border-right-color:#f3690e;border-right-style:solid;border-bottom-color:#f3690e;border-bottom-style:solid;border-left-color:#f3690e;border-left-style:solid;}}@media all and (max-width: 767px){.kt-accordion-id3067_102f95-98 .kt-accordion-inner-wrap{display:block;}.kt-accordion-id3067_102f95-98 .kt-accordion-inner-wrap .kt-accordion-pane:not(:first-child){margin-top:10px;}.kt-accordion-id3067_102f95-98 .kt-accordion-panel-inner{border-top:0px solid transparent;border-right:0px solid transparent;border-bottom:0px solid transparent;border-left:0px solid transparent;}.kt-accordion-id3067_102f95-98 > .kt-accordion-inner-wrap > .wp-block-kadence-pane > .kt-accordion-header-wrap > .kt-blocks-accordion-header{border-top:0px solid #f2f2f2;border-right:0px solid #f2f2f2;border-bottom:0px solid #f2f2f2;border-left:0px solid #f2f2f2;}.kt-accordion-id3067_102f95-98 > .kt-accordion-inner-wrap > .wp-block-kadence-pane > .kt-accordion-header-wrap > .kt-blocks-accordion-header:hover, \n\t\t\t\tbody:not(.hide-focus-outline) .kt-accordion-id3067_102f95-98 .kt-blocks-accordion-header:focus-visible{border-top-color:#eeeeee;border-top-style:solid;border-right-color:#eeeeee;border-right-style:solid;border-bottom-color:#eeeeee;border-bottom-style:solid;border-left-color:#eeeeee;border-left-style:solid;}.kt-accordion-id3067_102f95-98 .kt-accordion-header-wrap .kt-blocks-accordion-header:focus-visible,\n\t\t\t\t.kt-accordion-id3067_102f95-98 > .kt-accordion-inner-wrap > .wp-block-kadence-pane > .kt-accordion-header-wrap > .kt-blocks-accordion-header.kt-accordion-panel-active{border-top-color:#f3690e;border-top-style:solid;border-right-color:#f3690e;border-right-style:solid;border-bottom-color:#f3690e;border-bottom-style:solid;border-left-color:#f3690e;border-left-style:solid;}}<\/style>\n<div class=\"wp-block-kadence-accordion alignnone\"><div class=\"kt-accordion-wrap kt-accordion-id3067_102f95-98 kt-accordion-has-5-panes kt-active-pane-0 kt-accordion-block kt-pane-header-alignment-left kt-accodion-icon-style-basic kt-accodion-icon-side-right\" style=\"max-width:none\"><div class=\"kt-accordion-inner-wrap\" data-allow-multiple-open=\"false\" data-start-open=\"none\">\n<div class=\"wp-block-kadence-pane kt-accordion-pane kt-accordion-pane-1 kt-pane3067_2d90aa-c1\"><div class=\"kt-accordion-header-wrap\"><button class=\"kt-blocks-accordion-header kt-acccordion-button-label-show\" type=\"button\"><span class=\"kt-blocks-accordion-title-wrap\"><span class=\"kt-blocks-accordion-title\"><strong>NUDOS DESNUDOS: VERSOS PARA EL ALZHEIMER &#8211; 29\/05\/2014<\/strong><\/span><\/span><span class=\"kt-blocks-accordion-icon-trigger\"><\/span><\/button><\/div><div class=\"kt-accordion-panel kt-accordion-panel-hidden\"><div class=\"kt-accordion-panel-inner\">\n<p class=\"has-text-align-center\">Ya conozco esa sonrisa,<br>esa mirada,<br>ese movimiento de tu cabello,<br>esa sombra que se forma tras las rejas,<br>esos silencios que me gritan cuando espero,<br>a que salgas de esa residencia sin salida,<br>donde el olvido se apodera de tus sue\u00f1os<br>donde las noches te acicalan con desvelos<br>Y el d\u00eda vuelve a nacer,<br>y t\u00fa m\u00e1s joven<br>o eso crees,<br>y t\u00fa menos t\u00fa,<br>yo ya lo s\u00e9<br>que no es por ti,<br>que es por \u00e9l<br>Te arrastra al cautiverio,<br>a la p\u00e9rdida de tu propio ser<br>Y el mundo vuelve a girar,<br>m\u00e1s bien nunca par\u00f3,<br>la vida sigue y t\u00fa te vas,<br>aunque a\u00fan est\u00e1s<br>pero sin estar<br>al menos t\u00fa<br>Yo ya lo s\u00e9.<\/p>\n\n\n\n<p class=\"has-text-align-center\">Autor: David Macdonald Dom\u00ednguez<\/p>\n<\/div><\/div><\/div>\n\n\n\n<div class=\"wp-block-kadence-pane kt-accordion-pane kt-accordion-pane-2 kt-pane3067_a57d0e-0c\"><div class=\"kt-accordion-header-wrap\"><button class=\"kt-blocks-accordion-header kt-acccordion-button-label-show\" type=\"button\"><span class=\"kt-blocks-accordion-title-wrap\"><span class=\"kt-blocks-accordion-title\"><strong>DESPERTAR A LA LUNA &#8211; 15\/05\/2014<\/strong><\/span><\/span><span class=\"kt-blocks-accordion-icon-trigger\"><\/span><\/button><\/div><div class=\"kt-accordion-panel kt-accordion-panel-hidden\"><div class=\"kt-accordion-panel-inner\">\n<p class=\"has-text-align-center\">Tu ausencia en esta noche, madre, es arroyo sin monta\u00f1as,<br>una voz dulce de maestra, una caricia anhelada.<br>Tu ausencia en esta noche, es un reloj de madera,<br>una sombrilla vac\u00eda, dulce canci\u00f3n de escuela;<br>Si escribiese plenitudes, en lugar de carencias;<br>si tu memoria bastara para escapar de esta demencia;<br>pero ya ves, madre, soy un poeta m\u00e1s persiguiendo la tristeza,<br>reabriendo viejas heridas, dibujando la muerte en cada poema\u2026<br>Cada golpe que recibo es un verso por escribir,<br>una llaga por curar, otro anhelo que cumplir,<br>aun as\u00ed, busco aqu\u00ed el verso in\u00fatil que justifica la vida,<br>el oculto silencio, las renuncias conocidas\u2026<br>Si la muerte trae miseria, \u00bfA qu\u00e9 indagar en sus entra\u00f1as?<br>\u00bfPor qu\u00e9 pensar que unas palabras han de valer lo que a\u00fan nos queda?<br>Hoy, subastan los recuerdos, sin haberme preguntado,<br>cuatro grises empleados con corbatas de gusano;<br>y un extra\u00f1o en el ropero, va pujando por llevarse,<br>mi uniforme de primaria, alg\u00fan abrazo no dado;<br>Mientras me roban el mundo, la voz de tu fantasma,<br>oculta en los rincones, disimulando esperanza,<br>me susurra los espacios que no ser\u00e1n llenados,<br>las voces que se han ido, los rostros olvidados\u2026<br>Tu ausencia en esta noche, es un ni\u00f1o arrepentido,<br>soledad sin caretas, hospitales vac\u00edos;<br>Tu ausencia es m\u00e1s que nunca, madre, alba\u00f1il de mis murallas,<br>un arrullo dormido\u2026 otra isla en el alma\u2026<\/p>\n\n\n\n<p class=\"has-text-align-center\"><strong>Autor: Fabricio N. Fornero<\/strong><\/p>\n<\/div><\/div><\/div>\n\n\n\n<div class=\"wp-block-kadence-pane kt-accordion-pane kt-accordion-pane-3 kt-pane3067_345579-fd\"><div class=\"kt-accordion-header-wrap\"><button class=\"kt-blocks-accordion-header kt-acccordion-button-label-show\" type=\"button\"><span class=\"kt-blocks-accordion-title-wrap\"><span class=\"kt-blocks-accordion-title\"><strong>NO ME PIDAS QUE RECUERDE<\/strong> &#8211; <strong>10\/04\/2014<\/strong><\/span><\/span><span class=\"kt-blocks-accordion-icon-trigger\"><\/span><\/button><\/div><div class=\"kt-accordion-panel kt-accordion-panel-hidden\"><div class=\"kt-accordion-panel-inner\">\n<p class=\"has-text-align-center\">Poema de un enfermo de Alzheimer<br>No me pidas que recuerde,<br>No intentes hacerme entender<br>D\u00e9jame descansar y saber que est\u00e1s conmigo<br>B\u00e9same en la mejilla y c\u00f3geme la mano<br>Estoy m\u00e1s confundido de lo que piensas<br>Estoy triste, enfermo y perdido<br>Todo lo que s\u00e9 es que te necesito<br>Que est\u00e9s conmigo a cualquier coste<br>No pierdas tu paciencia conmigo<br>No me rega\u00f1es, maldigas o llores<br>No puedo evitar la forma en que actu\u00f3<br>No puedo ser distinto aunque lo intente<br>Solo recuerda que te necesito<br>Que lo mejor de m\u00ed se ha ido<br>Por favor, no me falles y qu\u00e9date conmigo<br>Qui\u00e9reme hasta que mi vida termine.<\/p>\n<\/div><\/div><\/div>\n\n\n\n<div class=\"wp-block-kadence-pane kt-accordion-pane kt-accordion-pane-4 kt-pane3067_043839-bb\"><div class=\"kt-accordion-header-wrap\"><button class=\"kt-blocks-accordion-header kt-acccordion-button-label-show\" type=\"button\"><span class=\"kt-blocks-accordion-title-wrap\"><span class=\"kt-blocks-accordion-title\"><strong>CUANDO LAS COSAS VAYAN MAL &#8211; (No abandones) &#8211; 27\/03\/2014<\/strong><\/span><\/span><span class=\"kt-blocks-accordion-icon-trigger\"><\/span><\/button><\/div><div class=\"kt-accordion-panel kt-accordion-panel-hidden\"><div class=\"kt-accordion-panel-inner\">\n<p class=\"has-text-align-center\">Cuando vayan mal las cosas como a veces suelen ir,<br>cuando ofrezca tu camino s\u00f3lo cuestas que subir,<br>cuando tengas mucho haber pero mucho que pagar,<br>y precises sonre\u00edr aun teniendo que llorar,<br>cuando ya el dolor te agobie y no puedas ya sufrir,<br>descansar acaso debes pero nunca desistir<br>Tras las sombras de la duda,<br>ya plateadas ya sombr\u00edas,<br>puede bien surgir el triunfo,<br>no el fracaso que tem\u00edas,<br>y no es dable a tu ignorancia figurarse cuan cercano,<br>puede estar el bien que anhelas y que juzgas tan lejano, lucha,<br>pues por m\u00e1s que en la brega tengas que sufrir<br>\u00a1Cuando todo est\u00e9 peor, m\u00e1s debemos insistir!<br>Si en la lucha el destino te derriba,<br>si todo en tu camino es cuesta arriba,<br>si tu sonrisa es ansia satisfecha,<br>si hay faena excesiva y vil cosecha,<br>si a tu caudal se contraponen diques,<br>Date una tregua, \u00a1pero no claudiques!<br>\u00abPorque en esta vida nada es definitivo,<br>toma en cuenta que: todo pasa, todo llega y todo vuelve\u00bb.<\/p>\n\n\n\n<p class=\"has-text-align-center\"><strong>Autor: Albert Anker<\/strong><\/p>\n<\/div><\/div><\/div>\n\n\n\n<div class=\"wp-block-kadence-pane kt-accordion-pane kt-accordion-pane-5 kt-pane3067_24773e-71\"><div class=\"kt-accordion-header-wrap\"><button class=\"kt-blocks-accordion-header kt-acccordion-button-label-show\" type=\"button\"><span class=\"kt-blocks-accordion-title-wrap\"><span class=\"kt-blocks-accordion-title\"><strong>NO ME PIDES &#8211; 16\/01\/2014<\/strong><\/span><\/span><span class=\"kt-blocks-accordion-icon-trigger\"><\/span><\/button><\/div><div class=\"kt-accordion-panel kt-accordion-panel-hidden\"><div class=\"kt-accordion-panel-inner\">\n<p class=\"has-text-align-center\">No me pidas que recuerde,<br>no intentes hacerme entender,<br>d\u00e9jame descansar y d\u00e9jame saber que est\u00e1s conmigo<br>Besa mi mejilla y toma mi mano<br>Estoy confundido seg\u00fan tu concepto,<br>estoy triste, enfermo y perdido,<br>lo \u00fanico que s\u00e9 es que te necesito,<br>que quiero que est\u00e9s a mi lado<br>No pierdas la paciencia conmigo,<br>no reniegues ni maldigas ni llores,<br>no puedo hacer nada para cambiar,<br>no puedo ser diferente aunque llores<br>Solo recuerda que te necesito,<br>que lo mejor de m\u00ed se ha ido,<br>no te alejes de mi lado<br>\u00a1\u00a1\u00c1MAME HASTA QUE MI VIDA ACABE!!<\/p>\n\n\n\n<p class=\"has-text-align-center\"><strong>Autora: Olinda BugsBugss Barreiros<\/strong><\/p>\n<\/div><\/div><\/div>\n<\/div><\/div><\/div>\n<\/div><\/div>\n\n\n\n<div class=\"wp-block-kadence-tab kt-tab-inner-content kt-inner-tab-13 kt-inner-tabba3596-5b\"><div class=\"kt-tab-inner-content-inner\"><style>.kt-accordion-id3067_36b47f-c7 .kt-accordion-inner-wrap{column-gap:var(--global-kb-gap-md, 2rem);row-gap:10px;}.kt-accordion-id3067_36b47f-c7 .kt-accordion-panel-inner{border-top:0px solid transparent;border-right:0px solid transparent;border-bottom:0px solid transparent;border-left:0px solid transparent;background:#ffffff;padding-top:var(--global-kb-spacing-sm, 1.5rem);padding-right:var(--global-kb-spacing-sm, 1.5rem);padding-bottom:var(--global-kb-spacing-sm, 1.5rem);padding-left:var(--global-kb-spacing-sm, 1.5rem);}.kt-accordion-id3067_36b47f-c7 > .kt-accordion-inner-wrap > .wp-block-kadence-pane > .kt-accordion-header-wrap > .kt-blocks-accordion-header{border-top:0px solid #f2f2f2;border-right:0px solid #f2f2f2;border-bottom:0px solid #f2f2f2;border-left:0px solid #f2f2f2;border-top-left-radius:6px;border-top-right-radius:6px;border-bottom-right-radius:6px;border-bottom-left-radius:6px;background:#f2f2f2;color:#555555;padding-top:14px;padding-right:16px;padding-bottom:14px;padding-left:16px;}.kt-accordion-id3067_36b47f-c7:not( .kt-accodion-icon-style-basiccircle ):not( .kt-accodion-icon-style-xclosecircle ):not( .kt-accodion-icon-style-arrowcircle )  > .kt-accordion-inner-wrap > .wp-block-kadence-pane > .kt-accordion-header-wrap .kt-blocks-accordion-icon-trigger:after, .kt-accordion-id3067_36b47f-c7:not( .kt-accodion-icon-style-basiccircle ):not( .kt-accodion-icon-style-xclosecircle ):not( .kt-accodion-icon-style-arrowcircle )  > .kt-accordion-inner-wrap > .wp-block-kadence-pane > .kt-accordion-header-wrap .kt-blocks-accordion-icon-trigger:before{background:#555555;}.kt-accordion-id3067_36b47f-c7:not( .kt-accodion-icon-style-basic ):not( .kt-accodion-icon-style-xclose ):not( .kt-accodion-icon-style-arrow ) .kt-blocks-accordion-icon-trigger{background:#555555;}.kt-accordion-id3067_36b47f-c7:not( .kt-accodion-icon-style-basic ):not( .kt-accodion-icon-style-xclose ):not( .kt-accodion-icon-style-arrow ) .kt-blocks-accordion-icon-trigger:after, .kt-accordion-id3067_36b47f-c7:not( .kt-accodion-icon-style-basic ):not( .kt-accodion-icon-style-xclose ):not( .kt-accodion-icon-style-arrow ) .kt-blocks-accordion-icon-trigger:before{background:#f2f2f2;}.kt-accordion-id3067_36b47f-c7 > .kt-accordion-inner-wrap > .wp-block-kadence-pane > .kt-accordion-header-wrap > .kt-blocks-accordion-header:hover, \n\t\t\t\tbody:not(.hide-focus-outline) .kt-accordion-id3067_36b47f-c7 .kt-blocks-accordion-header:focus-visible{color:#444444;background:#eeeeee;border-top-color:#eeeeee;border-top-style:solid;border-right-color:#eeeeee;border-right-style:solid;border-bottom-color:#eeeeee;border-bottom-style:solid;border-left-color:#eeeeee;border-left-style:solid;}.kt-accordion-id3067_36b47f-c7:not( .kt-accodion-icon-style-basiccircle ):not( .kt-accodion-icon-style-xclosecircle ):not( .kt-accodion-icon-style-arrowcircle ) .kt-accordion-header-wrap .kt-blocks-accordion-header:hover .kt-blocks-accordion-icon-trigger:after, .kt-accordion-id3067_36b47f-c7:not( .kt-accodion-icon-style-basiccircle ):not( .kt-accodion-icon-style-xclosecircle ):not( .kt-accodion-icon-style-arrowcircle ) .kt-accordion-header-wrap .kt-blocks-accordion-header:hover .kt-blocks-accordion-icon-trigger:before, body:not(.hide-focus-outline) .kt-accordion-id3067_36b47f-c7:not( .kt-accodion-icon-style-basiccircle ):not( .kt-accodion-icon-style-xclosecircle ):not( .kt-accodion-icon-style-arrowcircle ) .kt-blocks-accordion--visible .kt-blocks-accordion-icon-trigger:after, body:not(.hide-focus-outline) .kt-accordion-id3067_36b47f-c7:not( .kt-accodion-icon-style-basiccircle ):not( .kt-accodion-icon-style-xclosecircle ):not( .kt-accodion-icon-style-arrowcircle ) .kt-blocks-accordion-header:focus-visible .kt-blocks-accordion-icon-trigger:before{background:#444444;}.kt-accordion-id3067_36b47f-c7:not( .kt-accodion-icon-style-basic ):not( .kt-accodion-icon-style-xclose ):not( .kt-accodion-icon-style-arrow ) .kt-accordion-header-wrap .kt-blocks-accordion-header:hover .kt-blocks-accordion-icon-trigger, body:not(.hide-focus-outline) .kt-accordion-id3067_36b47f-c7:not( .kt-accodion-icon-style-basic ):not( .kt-accodion-icon-style-xclose ):not( .kt-accodion-icon-style-arrow ) .kt-accordion-header-wrap .kt-blocks-accordion-header:focus-visible .kt-blocks-accordion-icon-trigger{background:#444444;}.kt-accordion-id3067_36b47f-c7:not( .kt-accodion-icon-style-basic ):not( .kt-accodion-icon-style-xclose ):not( .kt-accodion-icon-style-arrow ) .kt-accordion-header-wrap .kt-blocks-accordion-header:hover .kt-blocks-accordion-icon-trigger:after, .kt-accordion-id3067_36b47f-c7:not( .kt-accodion-icon-style-basic ):not( .kt-accodion-icon-style-xclose ):not( .kt-accodion-icon-style-arrow ) .kt-accordion-header-wrap .kt-blocks-accordion-header:hover .kt-blocks-accordion-icon-trigger:before, body:not(.hide-focus-outline) .kt-accordion-id3067_36b47f-c7:not( .kt-accodion-icon-style-basic ):not( .kt-accodion-icon-style-xclose ):not( .kt-accodion-icon-style-arrow ) .kt-accordion-header-wrap .kt-blocks-accordion-header:focus-visible .kt-blocks-accordion-icon-trigger:after, body:not(.hide-focus-outline) .kt-accordion-id3067_36b47f-c7:not( .kt-accodion-icon-style-basic ):not( .kt-accodion-icon-style-xclose ):not( .kt-accodion-icon-style-arrow ) .kt-accordion-header-wrap .kt-blocks-accordion-header:focus-visible .kt-blocks-accordion-icon-trigger:before{background:#eeeeee;}.kt-accordion-id3067_36b47f-c7 .kt-accordion-header-wrap .kt-blocks-accordion-header:focus-visible,\n\t\t\t\t.kt-accordion-id3067_36b47f-c7 > .kt-accordion-inner-wrap > .wp-block-kadence-pane > .kt-accordion-header-wrap > .kt-blocks-accordion-header.kt-accordion-panel-active{color:#ffffff;background:#f3690e;border-top-color:#f3690e;border-top-style:solid;border-right-color:#f3690e;border-right-style:solid;border-bottom-color:#f3690e;border-bottom-style:solid;border-left-color:#f3690e;border-left-style:solid;}.kt-accordion-id3067_36b47f-c7:not( .kt-accodion-icon-style-basiccircle ):not( .kt-accodion-icon-style-xclosecircle ):not( .kt-accodion-icon-style-arrowcircle )  > .kt-accordion-inner-wrap > .wp-block-kadence-pane > .kt-accordion-header-wrap > .kt-blocks-accordion-header.kt-accordion-panel-active .kt-blocks-accordion-icon-trigger:after, .kt-accordion-id3067_36b47f-c7:not( .kt-accodion-icon-style-basiccircle ):not( .kt-accodion-icon-style-xclosecircle ):not( .kt-accodion-icon-style-arrowcircle )  > .kt-accordion-inner-wrap > .wp-block-kadence-pane > .kt-accordion-header-wrap > .kt-blocks-accordion-header.kt-accordion-panel-active .kt-blocks-accordion-icon-trigger:before{background:#ffffff;}.kt-accordion-id3067_36b47f-c7:not( .kt-accodion-icon-style-basic ):not( .kt-accodion-icon-style-xclose ):not( .kt-accodion-icon-style-arrow ) .kt-blocks-accordion-header.kt-accordion-panel-active .kt-blocks-accordion-icon-trigger{background:#ffffff;}.kt-accordion-id3067_36b47f-c7:not( .kt-accodion-icon-style-basic ):not( .kt-accodion-icon-style-xclose ):not( .kt-accodion-icon-style-arrow ) .kt-blocks-accordion-header.kt-accordion-panel-active .kt-blocks-accordion-icon-trigger:after, .kt-accordion-id3067_36b47f-c7:not( .kt-accodion-icon-style-basic ):not( .kt-accodion-icon-style-xclose ):not( .kt-accodion-icon-style-arrow ) .kt-blocks-accordion-header.kt-accordion-panel-active .kt-blocks-accordion-icon-trigger:before{background:#f3690e;}@media all and (max-width: 1024px){.kt-accordion-id3067_36b47f-c7 .kt-accordion-panel-inner{border-top:0px solid transparent;border-right:0px solid transparent;border-bottom:0px solid transparent;border-left:0px solid transparent;}}@media all and (max-width: 1024px){.kt-accordion-id3067_36b47f-c7 > .kt-accordion-inner-wrap > .wp-block-kadence-pane > .kt-accordion-header-wrap > .kt-blocks-accordion-header{border-top:0px solid #f2f2f2;border-right:0px solid #f2f2f2;border-bottom:0px solid #f2f2f2;border-left:0px solid #f2f2f2;}}@media all and (max-width: 1024px){.kt-accordion-id3067_36b47f-c7 > .kt-accordion-inner-wrap > .wp-block-kadence-pane > .kt-accordion-header-wrap > .kt-blocks-accordion-header:hover, \n\t\t\t\tbody:not(.hide-focus-outline) .kt-accordion-id3067_36b47f-c7 .kt-blocks-accordion-header:focus-visible{border-top-color:#eeeeee;border-top-style:solid;border-right-color:#eeeeee;border-right-style:solid;border-bottom-color:#eeeeee;border-bottom-style:solid;border-left-color:#eeeeee;border-left-style:solid;}}@media all and (max-width: 1024px){.kt-accordion-id3067_36b47f-c7 .kt-accordion-header-wrap .kt-blocks-accordion-header:focus-visible,\n\t\t\t\t.kt-accordion-id3067_36b47f-c7 > .kt-accordion-inner-wrap > .wp-block-kadence-pane > .kt-accordion-header-wrap > .kt-blocks-accordion-header.kt-accordion-panel-active{border-top-color:#f3690e;border-top-style:solid;border-right-color:#f3690e;border-right-style:solid;border-bottom-color:#f3690e;border-bottom-style:solid;border-left-color:#f3690e;border-left-style:solid;}}@media all and (max-width: 767px){.kt-accordion-id3067_36b47f-c7 .kt-accordion-inner-wrap{display:block;}.kt-accordion-id3067_36b47f-c7 .kt-accordion-inner-wrap .kt-accordion-pane:not(:first-child){margin-top:10px;}.kt-accordion-id3067_36b47f-c7 .kt-accordion-panel-inner{border-top:0px solid transparent;border-right:0px solid transparent;border-bottom:0px solid transparent;border-left:0px solid transparent;}.kt-accordion-id3067_36b47f-c7 > .kt-accordion-inner-wrap > .wp-block-kadence-pane > .kt-accordion-header-wrap > .kt-blocks-accordion-header{border-top:0px solid #f2f2f2;border-right:0px solid #f2f2f2;border-bottom:0px solid #f2f2f2;border-left:0px solid #f2f2f2;}.kt-accordion-id3067_36b47f-c7 > .kt-accordion-inner-wrap > .wp-block-kadence-pane > .kt-accordion-header-wrap > .kt-blocks-accordion-header:hover, \n\t\t\t\tbody:not(.hide-focus-outline) .kt-accordion-id3067_36b47f-c7 .kt-blocks-accordion-header:focus-visible{border-top-color:#eeeeee;border-top-style:solid;border-right-color:#eeeeee;border-right-style:solid;border-bottom-color:#eeeeee;border-bottom-style:solid;border-left-color:#eeeeee;border-left-style:solid;}.kt-accordion-id3067_36b47f-c7 .kt-accordion-header-wrap .kt-blocks-accordion-header:focus-visible,\n\t\t\t\t.kt-accordion-id3067_36b47f-c7 > .kt-accordion-inner-wrap > .wp-block-kadence-pane > .kt-accordion-header-wrap > .kt-blocks-accordion-header.kt-accordion-panel-active{border-top-color:#f3690e;border-top-style:solid;border-right-color:#f3690e;border-right-style:solid;border-bottom-color:#f3690e;border-bottom-style:solid;border-left-color:#f3690e;border-left-style:solid;}}<\/style>\n<div class=\"wp-block-kadence-accordion alignnone\"><div class=\"kt-accordion-wrap kt-accordion-id3067_36b47f-c7 kt-accordion-has-15-panes kt-active-pane-0 kt-accordion-block kt-pane-header-alignment-left kt-accodion-icon-style-basic kt-accodion-icon-side-right\" style=\"max-width:none\"><div class=\"kt-accordion-inner-wrap\" data-allow-multiple-open=\"false\" data-start-open=\"none\">\n<div class=\"wp-block-kadence-pane kt-accordion-pane kt-accordion-pane-1 kt-pane3067_8b4b89-8f\"><div class=\"kt-accordion-header-wrap\"><button class=\"kt-blocks-accordion-header kt-acccordion-button-label-show\" type=\"button\"><span class=\"kt-blocks-accordion-title-wrap\"><span class=\"kt-blocks-accordion-title\"><strong>\u00a1SIENTES! (Poema a Maria Pilar Oliden) &#8211; 05\/12\/2013<\/strong><\/span><\/span><span class=\"kt-blocks-accordion-icon-trigger\"><\/span><\/button><\/div><div class=\"kt-accordion-panel kt-accordion-panel-hidden\"><div class=\"kt-accordion-panel-inner\">\n<p class=\"has-text-align-center\">Has ca\u00eddo en tu propio olvido,<br>tu identidad desconoces.<br>Has dejado de recordar tus recuerdos m\u00e1s precisos<br>De la vida, no eres consciente<br>Quisiera creer que no te interesa,<br>que de ella te escondes voluntariamente<br>Quisiera que el Alzheimer no fuera el gobernante de tu mente<br>Que de ese gran olvido alg\u00fan d\u00eda volvieras,<br>que fueras capaz de mirarme\u2026<br>de decirme lo que piensas<br>M\u00e1s aunque no recuerdes\u2026 !sientes!<br>De mis manos, tu piel recibe mil caricias<br>Aunque no recuerdes\u2026 !a\u00fan vives!<br>Por eso puedes sentirlas<br>y no eres indiferente al sol,<br>que a \u00faltima hora de la tarde tu dulce rostro acaricia<br>Sientes su leve calor<br>Un calor que no te abrasa y c\u00e1lidamente te mima.<\/p>\n\n\n\n<p class=\"has-text-align-center\"><strong>Autor: Ram\u00f3n \u00c1lvarez Jim\u00e9nez<\/strong><\/p>\n<\/div><\/div><\/div>\n\n\n\n<div class=\"wp-block-kadence-pane kt-accordion-pane kt-accordion-pane-14 kt-pane3067_3e7bcf-fa\"><div class=\"kt-accordion-header-wrap\"><button class=\"kt-blocks-accordion-header kt-acccordion-button-label-show\" type=\"button\"><span class=\"kt-blocks-accordion-title-wrap\"><span class=\"kt-blocks-accordion-title\"><strong>\u00bfD\u00d3NDE EST\u00c1S? \u00bfPOR D\u00d3NDE ANDAS? &#8211; 21\/11\/2013<\/strong><\/span><\/span><span class=\"kt-blocks-accordion-icon-trigger\"><\/span><\/button><\/div><div class=\"kt-accordion-panel kt-accordion-panel-hidden\"><div class=\"kt-accordion-panel-inner\">\n<p class=\"has-text-align-center\">Siento un dolor tan grande<br>que me desgarra el alma<br>cuando te veo, en tu mundo<br>donde solo t\u00fa andas<br>Tan cerca de m\u00ed est\u00e1s<br>y no siento tu mirada<br>tan lejos a la vez<br>que no conozco tus palabras.<br>Esa inquietud, ese miedo,<br>ese volver a la infancia<br>\u00bfD\u00f3nde fueron a parar<br>t\u00fa fuerza, tu coraje,<br>tu alegr\u00eda \u00bfpor qu\u00e9 no te enfadas?<br>Buscando sin descansar<br>buscando sin encontrarte.<\/p>\n\n\n\n<p class=\"has-text-align-center\"><strong>Autor: Nani S\u00e1nchez<\/strong><\/p>\n<\/div><\/div><\/div>\n\n\n\n<div class=\"wp-block-kadence-pane kt-accordion-pane kt-accordion-pane-15 kt-pane3067_fd2c42-05\"><div class=\"kt-accordion-header-wrap\"><button class=\"kt-blocks-accordion-header kt-acccordion-button-label-show\" type=\"button\"><span class=\"kt-blocks-accordion-title-wrap\"><span class=\"kt-blocks-accordion-title\"><strong>NO DESCANSA LA MEMORIA &#8211; 07\/11\/2013<\/strong><\/span><\/span><span class=\"kt-blocks-accordion-icon-trigger\"><\/span><\/button><\/div><div class=\"kt-accordion-panel kt-accordion-panel-hidden\"><div class=\"kt-accordion-panel-inner\">\n<p class=\"has-text-align-center\">No descansa la memoria<br>en c\u00e1lidas s\u00e1banas de lino,<br>solo se nutre de los espasmos<br>que la felicidad y el dolor<br>le han dejado cosidos<br>Luego viene el olvido<br>vestido de pelos blancos<br>y va limpiando del recuerdo<br>todo lo que representamos<br>y todo rastro de lo que fuimos<br>\u00bfQui\u00e9n soy yo?<br>\u00bfQui\u00e9nes mis amigos?.,<br>\u2026si ya no recuerdo quien soy<br>ni reconozco a mis hijos<br>\u00a1Soy la nada en el mundo de los vivos!<\/p>\n\n\n\n<p class=\"has-text-align-center\"><strong>Autor: Afa Torrenueva<\/strong><\/p>\n<\/div><\/div><\/div>\n\n\n\n<div class=\"wp-block-kadence-pane kt-accordion-pane kt-accordion-pane-13 kt-pane3067_740344-bb\"><div class=\"kt-accordion-header-wrap\"><button class=\"kt-blocks-accordion-header kt-acccordion-button-label-show\" type=\"button\"><span class=\"kt-blocks-accordion-title-wrap\"><span class=\"kt-blocks-accordion-title\"><strong>NO DIGAIS QUE NO RECUERDA &#8211; 24\/11\/2013<\/strong><\/span><\/span><span class=\"kt-blocks-accordion-icon-trigger\"><\/span><\/button><\/div><div class=\"kt-accordion-panel kt-accordion-panel-hidden\"><div class=\"kt-accordion-panel-inner\">\n<p class=\"has-text-align-center\">No dig\u00e1is que no recuerda<br>ni mi nombre ni mi voz,<br>ni las canciones tan bellas<br>que tantas veces me cant\u00f3<br>Le hablo y no se da cuenta<br>que se rompi\u00f3 mi coraz\u00f3n,<br>al no encontrar la respuesta<br>que busqu\u00e9 en la explicaci\u00f3n<br>Quisiera que llegue el d\u00eda<br>que tu mente se despierte,<br>y me digas con alegr\u00eda<br>que te acuerdas de repente<br>Porque t\u00fa eres mi madre<br>y no quisiera que lo olvides,<br>que tu amor es incomparable<br>y mi dolor irresistible<br>\u00a1No me olvides madre m\u00eda!<br>Y recuerda que te quiero,<br>aunque no tengas memoria<br>para mi eres lo primero<br>Quiero dedicarte madre<br>todo el calor de mis versos,<br>por ser la estrella m\u00e1s grande<br>que da luz a mi universo.<\/p>\n\n\n\n<p class=\"has-text-align-center\"><strong>Autora: Antonia Navarrete Lebrato<\/strong><\/p>\n<\/div><\/div><\/div>\n\n\n\n<div class=\"wp-block-kadence-pane kt-accordion-pane kt-accordion-pane-3 kt-pane3067_757893-10\"><div class=\"kt-accordion-header-wrap\"><button class=\"kt-blocks-accordion-header kt-acccordion-button-label-show\" type=\"button\"><span class=\"kt-blocks-accordion-title-wrap\"><span class=\"kt-blocks-accordion-title\"><strong>Y T\u00da QUI\u00c9N ERES &#8211; 10\/10\/2013<\/strong><\/span><\/span><span class=\"kt-blocks-accordion-icon-trigger\"><\/span><\/button><\/div><div class=\"kt-accordion-panel kt-accordion-panel-hidden\"><div class=\"kt-accordion-panel-inner\">\n<p class=\"has-text-align-center\">\u00bfY t\u00fa qui\u00e9n eres?<br>\u00bfQu\u00e9 haces aqu\u00ed hoy?<br>\u00bfPor qu\u00e9 me miras<br>si no sabes qui\u00e9n soy?<br>\u00bfY t\u00fa qui\u00e9n eres?<br>\u00bfPor qu\u00e9 me besas?<br>\u00a1Dime a que viniste!<br>que yo a\u00fan no lo s\u00e9<br>\u00bfDe qu\u00e9 me hablas?<br>\u00bfY t\u00fa qui\u00e9n eres?<br>Me coges las manos<br>\u00a1y dices que me quieres!<br>\u00bfEn que est\u00e1s pensando?<br>\u00a1Veo tu mirada ausente!<br>yo te estoy hablando,<br>creo que no me entiendes<br>\u00bfPor qu\u00e9 estas llorando?<br>Yo te veo muy triste.<br>\u00a1No s\u00e9 qu\u00e9 ha pasado<br>ni s\u00e9 que decirte!<br>\u00a1HIJA! Que duro es!<br>saber que me hablas,<br>y no poder recordarte<br>porque la memoria me falla.<\/p>\n\n\n\n<p class=\"has-text-align-center\"><strong>Autora: Antonia Navarrete Lebrato<\/strong><\/p>\n<\/div><\/div><\/div>\n\n\n\n<div class=\"wp-block-kadence-pane kt-accordion-pane kt-accordion-pane-4 kt-pane3067_d66406-9f\"><div class=\"kt-accordion-header-wrap\"><button class=\"kt-blocks-accordion-header kt-acccordion-button-label-show\" type=\"button\"><span class=\"kt-blocks-accordion-title-wrap\"><span class=\"kt-blocks-accordion-title\"><strong>UN GRITO AL CIELO &#8211; 19\/09\/2013<\/strong><\/span><\/span><span class=\"kt-blocks-accordion-icon-trigger\"><\/span><\/button><\/div><div class=\"kt-accordion-panel kt-accordion-panel-hidden\"><div class=\"kt-accordion-panel-inner\">\n<p class=\"has-text-align-center\">Van los sue\u00f1os venciendo la memoria<br>de este anciano postrado en el olvido<br>que intenta recordar su propia historia<br>M\u00e1s no es f\u00e1cil retornar lo que se ha ido<br>al pozo sin luz del inconsciente<br>como un tiempo que jam\u00e1s fuera vivido<br>Se hunde hasta la nada de su mente<br>bajo una piel curtida y arrugada,<br>y una mirada terriblemente ausente<br>Como una foto vac\u00eda y enlutada,<br>se hace negrura el color de tanta vida,<br>en mala hora perdida y olvidada<br>Elevas con tu mano envejecida,<br>en un gesto acusador \u00bfcontra qu\u00e9 cielo?,<br>la pena silenciosa que en ti anida<br>Y buscas ya, sin norte y sin consuelo,<br>como un ciego entre las sombras del pasado,<br>la inexplicable raz\u00f3n a tanto duelo<br>Ahora que tu voz ya se ha quebrado,<br>ahora que tu boca balbucea,<br>ahora que tu espalda se ha encorvado<br>\u00bfNo existe un Dios conmovido que te vea<br>y en un milagroso gritar, caiga tu velo,<br>resuelva en luz la oscuridad que te rodea?<br>Que vuelva al polvo lo que es polvo del suelo,<br>que el barro vuelva a sustanciarse con la tierra,<br>que jueguen Dios y Satan\u00e1s su propia guerra<br>m\u00e1s, que grite el hombre y calle al fin la voz del Cielo.<\/p>\n\n\n\n<p class=\"has-text-align-center\"><strong>Autor: Fortu Bit\u00e1n Bit\u00e1n<\/strong><\/p>\n<\/div><\/div><\/div>\n\n\n\n<div class=\"wp-block-kadence-pane kt-accordion-pane kt-accordion-pane-5 kt-pane3067_41d478-2b\"><div class=\"kt-accordion-header-wrap\"><button class=\"kt-blocks-accordion-header kt-acccordion-button-label-show\" type=\"button\"><span class=\"kt-blocks-accordion-title-wrap\"><span class=\"kt-blocks-accordion-title\"><strong>ALZHEIMER &#8211; 13\/06\/2013<\/strong><\/span><\/span><span class=\"kt-blocks-accordion-icon-trigger\"><\/span><\/button><\/div><div class=\"kt-accordion-panel kt-accordion-panel-hidden\"><div class=\"kt-accordion-panel-inner\">\n<p class=\"has-text-align-center\">Pasar\u00e9 por ustedes como una brisa,<br>una de esas que muera donde el mar<br>silencia su tempestad<br>Morir\u00e9 de sus recuerdos<br>como mariposas, aquellas que viven<br>pocos instantes y nada m\u00e1s<br>Dejar\u00e9 de ser parte de sus vidas<br>cuando mis alas crezcan y mis memorias vac\u00edas<br>ya no los clamen m\u00e1s<br>Les recordar\u00e9 por un instante eterno,<br>el cual perecer\u00e1 al tiempo<br>que mis ojos despierten al cielo inmenso<br>y las bancas alegr\u00edas vividas<br>desaparezcan al momento<br>Cuando las fotos se ajen de viejas<br>o sean simples flores de papel,<br>y en mi mente ya no encuentre nada,<br>solo un lienzo blanco y yo sin pincel,<br>habr\u00e9 olvidado sus nombres<br>y no les miento si les digo que mi vida tambi\u00e9n.<\/p>\n\n\n\n<p class=\"has-text-align-center\"><strong>Autor: Ment-Enferma<\/strong><\/p>\n<\/div><\/div><\/div>\n\n\n\n<div class=\"wp-block-kadence-pane kt-accordion-pane kt-accordion-pane-6 kt-pane3067_04c493-3d\"><div class=\"kt-accordion-header-wrap\"><button class=\"kt-blocks-accordion-header kt-acccordion-button-label-show\" type=\"button\"><span class=\"kt-blocks-accordion-title-wrap\"><span class=\"kt-blocks-accordion-title\"><strong>ALZHEIMER<\/strong> &#8211; <strong>30\/05\/2013<\/strong><\/span><\/span><span class=\"kt-blocks-accordion-icon-trigger\"><\/span><\/button><\/div><div class=\"kt-accordion-panel kt-accordion-panel-hidden\"><div class=\"kt-accordion-panel-inner\">\n<p class=\"has-text-align-center\">Sent\u00ed la sorpresa del olvido,<br>tuve aquel abandono del recuerdo,<br>vi que se alejaba cuanto he querido<br>y grit\u00e9 haciendo eco en el silencio<br>Sent\u00ed perderme en el vac\u00edo,<br>en lo m\u00e1s oscuro de lo incierto,<br>como la certeza de estar muriendo<br>con el terror de quedarme vivo<br>Sent\u00ed el impulso de salir corriendo<br>porque sent\u00eda que hab\u00eda partido,<br>so\u00f1\u00e9 con desespero no estar vivo<br>en el despertar del desacierto<br>Sent\u00ed el deseo de llorar contigo<br>y llevarte por siempre en mi pecho,<br>despedirme de todo lo querido\u2026<br>amado, vivido y hecho.<\/p>\n\n\n\n<p class=\"has-text-align-center\"><strong>Autor: Beto Aveiga<\/strong><\/p>\n<\/div><\/div><\/div>\n\n\n\n<div class=\"wp-block-kadence-pane kt-accordion-pane kt-accordion-pane-7 kt-pane3067_646cce-e8\"><div class=\"kt-accordion-header-wrap\"><button class=\"kt-blocks-accordion-header kt-acccordion-button-label-show\" type=\"button\"><span class=\"kt-blocks-accordion-title-wrap\"><span class=\"kt-blocks-accordion-title\"><strong>DESPERTAR A LA LUNA &#8211; 16\/05\/2013<\/strong><\/span><\/span><span class=\"kt-blocks-accordion-icon-trigger\"><\/span><\/button><\/div><div class=\"kt-accordion-panel kt-accordion-panel-hidden\"><div class=\"kt-accordion-panel-inner\">\n<p class=\"has-text-align-center\">Tu ausencia en esta noche, madre, es arroyo sin monta\u00f1as,<br>una voz dulce de maestra, una caricia anhelada<br>Tu ausencia en esta noche, es un reloj de madera,<br>una sombrilla vac\u00eda, dulce canci\u00f3n de escuela;<br>Si escribiese plenitudes, en lugar de carencias;<br>si tu memoria bastara para escapar de esta demencia;<br>pero ya ves, madre, soy un poeta m\u00e1s persiguiendo la tristeza,<br>reabriendo viejas heridas, dibujando la muerte en cada poema\u2026<br>Cada golpe que recibo es un verso por escribir,<br>una llaga por curar, otro anhelo que cumplir,<br>aun as\u00ed, busco aqu\u00ed el verso in\u00fatil que justifica la vida,<br>el oculto silencio, las renuncias conocidas\u2026<br>Si la muerte trae miseria, \u00bfA qu\u00e9 indagar en sus entra\u00f1as?<br>\u00bfPor qu\u00e9 pensar que unas palabras han de valer lo que a\u00fan nos queda?<br>Hoy, subastan los recuerdos, sin haberme preguntado,<br>cuatro grises empleados con corbatas de gusano;<br>y un extra\u00f1o en el ropero, va pujando por llevarse,<br>mi uniforme de primaria, alg\u00fan abrazo no dado;<br>Mientras me roban el mundo, la voz de tu fantasma,<br>oculta en los rincones, disimulando esperanza,<br>me susurra los espacios que no ser\u00e1n llenados,<br>las voces que se han ido, los rostros olvidados\u2026<br>Tu ausencia en esta noche, es un ni\u00f1o arrepentido,<br>soledad sin caretas, hospitales vac\u00edos;<br>Tu ausencia es m\u00e1s que nunca, madre, alba\u00f1il de mis murallas,<br>un arrullo dormido\u2026 otra isla en el alma\u2026<\/p>\n\n\n\n<p class=\"has-text-align-center\"><strong>Autor: Fabricio N. Fornero<\/strong><\/p>\n<\/div><\/div><\/div>\n\n\n\n<div class=\"wp-block-kadence-pane kt-accordion-pane kt-accordion-pane-8 kt-pane3067_f0504d-91\"><div class=\"kt-accordion-header-wrap\"><button class=\"kt-blocks-accordion-header kt-acccordion-button-label-show\" type=\"button\"><span class=\"kt-blocks-accordion-title-wrap\"><span class=\"kt-blocks-accordion-title\"><strong>POR SER EL BAST\u00d3N &#8211; 02\/05\/2013<\/strong><\/span><\/span><span class=\"kt-blocks-accordion-icon-trigger\"><\/span><\/button><\/div><div class=\"kt-accordion-panel kt-accordion-panel-hidden\"><div class=\"kt-accordion-panel-inner\">\n<p class=\"has-text-align-center\">Por ser el bast\u00f3n<br>donde puedo apoyarme,<br>gracias de coraz\u00f3n<br>por quitar mi hambre<br>Por quitar el llanto<br>de toda mi nostalgia,<br>y ser mi gran b\u00e1lsamo<br>con toda tu fragancia<br>Por ser la gran estrella<br>que me da su alegr\u00eda,<br>por ser mi gran doncella<br>y darme tu fantas\u00eda<br>Gracias por tu bondad<br>y dedicar tu tiempo,<br>lleno de generosidad<br>evitando mi sufrimiento<br>Aunque no te llame<br>vienes a mi encuentro,<br>me dices que me quieres<br>aunque yo no lo recuerdo<br>T\u00fa me coges las manos<br>yo te miro en silencio,<br>y s\u00e9 que tus cuidados<br>son mi gran privilegio.<\/p>\n\n\n\n<p class=\"has-text-align-center\"><strong>Autora: Antonia Navarrete Lebrato<\/strong><\/p>\n<\/div><\/div><\/div>\n\n\n\n<div class=\"wp-block-kadence-pane kt-accordion-pane kt-accordion-pane-9 kt-pane3067_be525d-54\"><div class=\"kt-accordion-header-wrap\"><button class=\"kt-blocks-accordion-header kt-acccordion-button-label-show\" type=\"button\"><span class=\"kt-blocks-accordion-title-wrap\"><span class=\"kt-blocks-accordion-title\"><strong>\u00abEL PADRE SE HA QUEDADO NI\u00d1O\u00bb &#8211; 11\/04\/2013<\/strong><\/span><\/span><span class=\"kt-blocks-accordion-icon-trigger\"><\/span><\/button><\/div><div class=\"kt-accordion-panel kt-accordion-panel-hidden\"><div class=\"kt-accordion-panel-inner\">\n<p class=\"has-text-align-center\">El padre se ha quedado ni\u00f1o,<br>d\u00e9bil. Casi un soplo, un aire<br>puede tirarle al suelo. Ahora<br>sus huesos son arcilla fr\u00e1gil<br>o tallos de cristal. Se queda<br>parado y nos pregunta por las<br>cosas m\u00e1s entra\u00f1ables, como<br>si no las conociera. Ni\u00f1o<br>se me ha quedado el padre. \u00bfPero<br>qui\u00e9n ri\u00f1e al padre, qui\u00e9n le deja<br>sin postre o de rodillas? Llora<br>a veces como yo lloraba<br>entonces en sus brazos. Y no<br>puedo acunarle yo en los m\u00edos,<br>tal \u00e9l a m\u00ed. \u00bfC\u00f3mo se dice:<br>que viene el coco, padre, ea,<br>que no resulte monstruosa<br>farsa? Estoy junto a la orilla<br>de este ni\u00f1o que ya no llega<br>a hombre, que no entiende nada<br>m\u00e1s que su soledad, su fr\u00edo,<br>siempre su fr\u00edo, aun en agosto<br>Ya no recoge mi palabra,<br>perdida por un aire ambiguo<br>\u00a1Cercada soledad! \u00bfEs \u00e9ste,<br>lejano, que se apaga como<br>se muere un astro, torna opaco.<\/p>\n\n\n\n<p class=\"has-text-align-center\"><strong>Autor: Ram\u00f3n de Garciasol<br><\/strong><\/p>\n<\/div><\/div><\/div>\n\n\n\n<div class=\"wp-block-kadence-pane kt-accordion-pane kt-accordion-pane-10 kt-pane3067_1b272f-20\"><div class=\"kt-accordion-header-wrap\"><button class=\"kt-blocks-accordion-header kt-acccordion-button-label-show\" type=\"button\"><span class=\"kt-blocks-accordion-title-wrap\"><span class=\"kt-blocks-accordion-title\"><strong>ALZHEIMER &#8211; 21\/03\/2013<\/strong><\/span><\/span><span class=\"kt-blocks-accordion-icon-trigger\"><\/span><\/button><\/div><div class=\"kt-accordion-panel kt-accordion-panel-hidden\"><div class=\"kt-accordion-panel-inner\">\n<p class=\"has-text-align-center\">Traen las vidas que envejecen,<br>sue\u00f1os tan largos;<br>aciago que precipita al olvido,<br>pensamientos que divagan;<br>entre estallidos de ira,<br>y duermen en la a\u00f1oranza<br>Pintan historias difusas<br>miradas; que se pierden por momentos.<br>Vuelan las ideas,<br>por la ventana de la confusi\u00f3n<br>En la agon\u00eda ensombrecida<br>\u00a1Que oscurece lo cotidiano!<br>!Despierta! a la sensibilidad de la m\u00fasica<br>A los colores, a la magia del sol<br>esmera tu pulcritud;<br>\u00a1am\u00edgate con la risa!<br>Entremos a su mundo,<br>aislado y vacilante;<br>a traer los pensamientos<br>\u00a1Con gr\u00e1ficos y amor!<br>Hablar con voz suave,<br>libros que acompa\u00f1an para distraer;<br>cuentos para sentirse m\u00e1s amado<br>Serene su rostro,<br>as\u00ed los nervios tirantes;<br>se refresquen en la ternura<br>\u00a1De quien los cuida!<\/p>\n\n\n\n<p class=\"has-text-align-center\"><strong>Autora: Catalina Gonz\u00e1lez<\/strong><\/p>\n<\/div><\/div><\/div>\n\n\n\n<div class=\"wp-block-kadence-pane kt-accordion-pane kt-accordion-pane-11 kt-pane3067_996a6b-8a\"><div class=\"kt-accordion-header-wrap\"><button class=\"kt-blocks-accordion-header kt-acccordion-button-label-show\" type=\"button\"><span class=\"kt-blocks-accordion-title-wrap\"><span class=\"kt-blocks-accordion-title\"><strong>UN POEMA &#8211; 21\/02\/2013<\/strong><\/span><\/span><span class=\"kt-blocks-accordion-icon-trigger\"><\/span><\/button><\/div><div class=\"kt-accordion-panel kt-accordion-panel-hidden\"><div class=\"kt-accordion-panel-inner\">\n<p class=\"has-text-align-center\">Hay momentos que se viven con la pena del recuerdo<br>Hay instantes que se olvidan con el paso del tiempo<br>Hay lecciones que se aprenden con la fuerza de lo eterno<br>Y yo me acuerdo, de tu nombre, tu pasado y tu silencio<br>T\u00fa, simplemente te olvidas de qui\u00e9n has sido<br>Y de todo aquello que un d\u00eda te dio sentido<br>Olvidar, quiz\u00e1s, es un gran regalo, un don divino<br>No un doloroso castigo<br>Imagino<br>Sin sentido, sin recuerdos, sin memoria,<br>ni aprendizajes a los que tristemente aferrarte,<br>sencillamente existes flotando en la pura inconsistencia<br>del misterio incoherente de la vida y del destino<br>Mas sintiendo y deviniendo con la esencia de los a\u00f1os,<br>sumergida en los puros sentimientos del amor, la inocencia<br>y del anta\u00f1o<br>El recuerdo ya no es relevante<br>Eres<br>Tan s\u00f3lo eres<br>Y eso es lo m\u00e1s importante.<\/p>\n\n\n\n<p class=\"has-text-align-center\"><strong>Autor: Pablo A. Barreda<\/strong><\/p>\n<\/div><\/div><\/div>\n\n\n\n<div class=\"wp-block-kadence-pane kt-accordion-pane kt-accordion-pane-12 kt-pane3067_9008e0-03\"><div class=\"kt-accordion-header-wrap\"><button class=\"kt-blocks-accordion-header kt-acccordion-button-label-show\" type=\"button\"><span class=\"kt-blocks-accordion-title-wrap\"><span class=\"kt-blocks-accordion-title\"><strong>POEMA ALZHEIMER 1 &#8211; 07\/02\/2013<\/strong><\/span><\/span><span class=\"kt-blocks-accordion-icon-trigger\"><\/span><\/button><\/div><div class=\"kt-accordion-panel kt-accordion-panel-hidden\"><div class=\"kt-accordion-panel-inner\">\n<p class=\"has-text-align-center\">Yo no s\u00e9 a d\u00f3nde van<br>ni de d\u00f3nde vienen,<br>s\u00f3lo s\u00e9 que pasan por mi mente<br>\u00bfSer\u00e1 que no me escuchan?<br>\u00bfSer\u00e1 que no comprenden?<br>Yo s\u00e9 que est\u00e1n ah\u00ed,<br>aunque ninguno me comprende<br>Tal vez porque no me ven,<br>tal vez porque no me sienten<br>Yo veo muros que ellos no ven,<br>yo siento cosas que ellos no sienten<br>\u00bfSer\u00e1 que mi familia no me ve?<br>\u00bfSer\u00e1 que mi familia<br>no me escucha?<br>Ellos est\u00e1n ah\u00ed y no me ven,<br>ellos est\u00e1n ah\u00ed y no voltean,<br>parecen ignorarme;<br>Tal vez porque mi familia<br>ha dejado de creer,<br>tal vez porque me siente ausente.<br>Yo sigo pensando<br>que la vida permanece por ah\u00ed,<br>un poco escondida y a la deriva,<br>un poco loca y un poco ni\u00f1a,<br>pero siempre viva,<br>aunque con el coraz\u00f3n deshecho,<br>con el coraz\u00f3n vac\u00edo<br>Yo no s\u00e9 de d\u00f3nde vengo,<br>ni a d\u00f3nde voy;<br>pero esa gente que me sigue,<br>que me cuida y me dice:<br>\u201cPor aqu\u00ed\u2026\u201d y \u201cPor ac\u00e1\u2026\u201d<br>\u00bfSer\u00e1 que ellos tambi\u00e9n<br>habr\u00e1n perdido el rumbo<br>y no saben a d\u00f3nde ir?<br>\u00bfSer\u00e1 que ellos tambi\u00e9n<br>est\u00e1n perdidos y recurren a m\u00ed?<br>Hoy la vida me ha ense\u00f1ado que<br>no siempre gana el que tiene m\u00e1s<br>o el que cree saber lo verdadero,<br>ni el que tiene la raz\u00f3n<br>Gana el que tiene amor,<br>el que sabe dar,<br>el que comprende<br>al que no comprende<br>y el que no se olvida de aquel<br>que todo olvida.<\/p>\n\n\n\n<p class=\"has-text-align-center\"><strong>Autor: Federico Ortiz Moreno<\/strong><\/p>\n<\/div><\/div><\/div>\n\n\n\n<div class=\"wp-block-kadence-pane kt-accordion-pane kt-accordion-pane-2 kt-pane3067_e837cf-1d\"><div class=\"kt-accordion-header-wrap\"><button class=\"kt-blocks-accordion-header kt-acccordion-button-label-show\" type=\"button\"><span class=\"kt-blocks-accordion-title-wrap\"><span class=\"kt-blocks-accordion-title\"><strong>ALZHEIMER &#8211; 24\/01\/2013<\/strong><\/span><\/span><span class=\"kt-blocks-accordion-icon-trigger\"><\/span><\/button><\/div><div class=\"kt-accordion-panel kt-accordion-panel-hidden\"><div class=\"kt-accordion-panel-inner\">\n<p class=\"has-text-align-center\">Despose\u00eddo estoy de cada herencia<br>que me legaron siglos de cultura,<br>desde mi internamiento en la angostura<br>desembocando en tal insuficiencia.<br>Nunca lo vi llegar, glacial ausencia<br>prolong\u00e1ndose en m\u00ed, gris tachadura<br>de rasgos y perfiles, apertura<br>a c\u00e1mara de sombras, decadencia.<br>Al gran vac\u00edo aisl\u00e1ndome la mente,<br>penetr\u00f3 cada nombre procedente<br>de mi entorno andariego y familiar.<br>Isla desierta soy, sin plan ni historia,<br>un agujero negro en la memoria,<br>un ritmo de son\u00e1mbulo al andar.<\/p>\n\n\n\n<p class=\"has-text-align-center\"><strong>Autor: Francisco \u00c1lvarez Hidalgo<\/strong><\/p>\n<\/div><\/div><\/div>\n<\/div><\/div><\/div>\n<\/div><\/div>\n\n\n\n<div class=\"wp-block-kadence-tab kt-tab-inner-content kt-inner-tab-14 kt-inner-tab990d04-36\"><div class=\"kt-tab-inner-content-inner\"><style>.kt-accordion-id3067_3b885d-1e .kt-accordion-inner-wrap{column-gap:var(--global-kb-gap-md, 2rem);row-gap:10px;}.kt-accordion-id3067_3b885d-1e .kt-accordion-panel-inner{border-top:0px solid transparent;border-right:0px solid transparent;border-bottom:0px solid transparent;border-left:0px solid transparent;background:#ffffff;padding-top:var(--global-kb-spacing-sm, 1.5rem);padding-right:var(--global-kb-spacing-sm, 1.5rem);padding-bottom:var(--global-kb-spacing-sm, 1.5rem);padding-left:var(--global-kb-spacing-sm, 1.5rem);}.kt-accordion-id3067_3b885d-1e > .kt-accordion-inner-wrap > .wp-block-kadence-pane > .kt-accordion-header-wrap > .kt-blocks-accordion-header{border-top:0px solid #f2f2f2;border-right:0px solid #f2f2f2;border-bottom:0px solid #f2f2f2;border-left:0px solid #f2f2f2;border-top-left-radius:6px;border-top-right-radius:6px;border-bottom-right-radius:6px;border-bottom-left-radius:6px;background:#f2f2f2;color:#555555;padding-top:14px;padding-right:16px;padding-bottom:14px;padding-left:16px;}.kt-accordion-id3067_3b885d-1e:not( .kt-accodion-icon-style-basiccircle ):not( .kt-accodion-icon-style-xclosecircle ):not( .kt-accodion-icon-style-arrowcircle )  > .kt-accordion-inner-wrap > .wp-block-kadence-pane > .kt-accordion-header-wrap .kt-blocks-accordion-icon-trigger:after, .kt-accordion-id3067_3b885d-1e:not( .kt-accodion-icon-style-basiccircle ):not( .kt-accodion-icon-style-xclosecircle ):not( .kt-accodion-icon-style-arrowcircle )  > .kt-accordion-inner-wrap > .wp-block-kadence-pane > .kt-accordion-header-wrap .kt-blocks-accordion-icon-trigger:before{background:#555555;}.kt-accordion-id3067_3b885d-1e:not( .kt-accodion-icon-style-basic ):not( .kt-accodion-icon-style-xclose ):not( .kt-accodion-icon-style-arrow ) .kt-blocks-accordion-icon-trigger{background:#555555;}.kt-accordion-id3067_3b885d-1e:not( .kt-accodion-icon-style-basic ):not( .kt-accodion-icon-style-xclose ):not( .kt-accodion-icon-style-arrow ) .kt-blocks-accordion-icon-trigger:after, .kt-accordion-id3067_3b885d-1e:not( .kt-accodion-icon-style-basic ):not( .kt-accodion-icon-style-xclose ):not( .kt-accodion-icon-style-arrow ) .kt-blocks-accordion-icon-trigger:before{background:#f2f2f2;}.kt-accordion-id3067_3b885d-1e > .kt-accordion-inner-wrap > .wp-block-kadence-pane > .kt-accordion-header-wrap > .kt-blocks-accordion-header:hover, \n\t\t\t\tbody:not(.hide-focus-outline) .kt-accordion-id3067_3b885d-1e .kt-blocks-accordion-header:focus-visible{color:#444444;background:#eeeeee;border-top-color:#eeeeee;border-top-style:solid;border-right-color:#eeeeee;border-right-style:solid;border-bottom-color:#eeeeee;border-bottom-style:solid;border-left-color:#eeeeee;border-left-style:solid;}.kt-accordion-id3067_3b885d-1e:not( .kt-accodion-icon-style-basiccircle ):not( .kt-accodion-icon-style-xclosecircle ):not( .kt-accodion-icon-style-arrowcircle ) .kt-accordion-header-wrap .kt-blocks-accordion-header:hover .kt-blocks-accordion-icon-trigger:after, .kt-accordion-id3067_3b885d-1e:not( .kt-accodion-icon-style-basiccircle ):not( .kt-accodion-icon-style-xclosecircle ):not( .kt-accodion-icon-style-arrowcircle ) .kt-accordion-header-wrap .kt-blocks-accordion-header:hover .kt-blocks-accordion-icon-trigger:before, body:not(.hide-focus-outline) .kt-accordion-id3067_3b885d-1e:not( .kt-accodion-icon-style-basiccircle ):not( .kt-accodion-icon-style-xclosecircle ):not( .kt-accodion-icon-style-arrowcircle ) .kt-blocks-accordion--visible .kt-blocks-accordion-icon-trigger:after, body:not(.hide-focus-outline) .kt-accordion-id3067_3b885d-1e:not( .kt-accodion-icon-style-basiccircle ):not( .kt-accodion-icon-style-xclosecircle ):not( .kt-accodion-icon-style-arrowcircle ) .kt-blocks-accordion-header:focus-visible .kt-blocks-accordion-icon-trigger:before{background:#444444;}.kt-accordion-id3067_3b885d-1e:not( .kt-accodion-icon-style-basic ):not( .kt-accodion-icon-style-xclose ):not( .kt-accodion-icon-style-arrow ) .kt-accordion-header-wrap .kt-blocks-accordion-header:hover .kt-blocks-accordion-icon-trigger, body:not(.hide-focus-outline) .kt-accordion-id3067_3b885d-1e:not( .kt-accodion-icon-style-basic ):not( .kt-accodion-icon-style-xclose ):not( .kt-accodion-icon-style-arrow ) .kt-accordion-header-wrap .kt-blocks-accordion-header:focus-visible .kt-blocks-accordion-icon-trigger{background:#444444;}.kt-accordion-id3067_3b885d-1e:not( .kt-accodion-icon-style-basic ):not( .kt-accodion-icon-style-xclose ):not( .kt-accodion-icon-style-arrow ) .kt-accordion-header-wrap .kt-blocks-accordion-header:hover .kt-blocks-accordion-icon-trigger:after, .kt-accordion-id3067_3b885d-1e:not( .kt-accodion-icon-style-basic ):not( .kt-accodion-icon-style-xclose ):not( .kt-accodion-icon-style-arrow ) .kt-accordion-header-wrap .kt-blocks-accordion-header:hover .kt-blocks-accordion-icon-trigger:before, body:not(.hide-focus-outline) .kt-accordion-id3067_3b885d-1e:not( .kt-accodion-icon-style-basic ):not( .kt-accodion-icon-style-xclose ):not( .kt-accodion-icon-style-arrow ) .kt-accordion-header-wrap .kt-blocks-accordion-header:focus-visible .kt-blocks-accordion-icon-trigger:after, body:not(.hide-focus-outline) .kt-accordion-id3067_3b885d-1e:not( .kt-accodion-icon-style-basic ):not( .kt-accodion-icon-style-xclose ):not( .kt-accodion-icon-style-arrow ) .kt-accordion-header-wrap .kt-blocks-accordion-header:focus-visible .kt-blocks-accordion-icon-trigger:before{background:#eeeeee;}.kt-accordion-id3067_3b885d-1e .kt-accordion-header-wrap .kt-blocks-accordion-header:focus-visible,\n\t\t\t\t.kt-accordion-id3067_3b885d-1e > .kt-accordion-inner-wrap > .wp-block-kadence-pane > .kt-accordion-header-wrap > .kt-blocks-accordion-header.kt-accordion-panel-active{color:#ffffff;background:#f3690e;border-top-color:#f3690e;border-top-style:solid;border-right-color:#f3690e;border-right-style:solid;border-bottom-color:#f3690e;border-bottom-style:solid;border-left-color:#f3690e;border-left-style:solid;}.kt-accordion-id3067_3b885d-1e:not( .kt-accodion-icon-style-basiccircle ):not( .kt-accodion-icon-style-xclosecircle ):not( .kt-accodion-icon-style-arrowcircle )  > .kt-accordion-inner-wrap > .wp-block-kadence-pane > .kt-accordion-header-wrap > .kt-blocks-accordion-header.kt-accordion-panel-active .kt-blocks-accordion-icon-trigger:after, .kt-accordion-id3067_3b885d-1e:not( .kt-accodion-icon-style-basiccircle ):not( .kt-accodion-icon-style-xclosecircle ):not( .kt-accodion-icon-style-arrowcircle )  > .kt-accordion-inner-wrap > .wp-block-kadence-pane > .kt-accordion-header-wrap > .kt-blocks-accordion-header.kt-accordion-panel-active .kt-blocks-accordion-icon-trigger:before{background:#ffffff;}.kt-accordion-id3067_3b885d-1e:not( .kt-accodion-icon-style-basic ):not( .kt-accodion-icon-style-xclose ):not( .kt-accodion-icon-style-arrow ) .kt-blocks-accordion-header.kt-accordion-panel-active .kt-blocks-accordion-icon-trigger{background:#ffffff;}.kt-accordion-id3067_3b885d-1e:not( .kt-accodion-icon-style-basic ):not( .kt-accodion-icon-style-xclose ):not( .kt-accodion-icon-style-arrow ) .kt-blocks-accordion-header.kt-accordion-panel-active .kt-blocks-accordion-icon-trigger:after, .kt-accordion-id3067_3b885d-1e:not( .kt-accodion-icon-style-basic ):not( .kt-accodion-icon-style-xclose ):not( .kt-accodion-icon-style-arrow ) .kt-blocks-accordion-header.kt-accordion-panel-active .kt-blocks-accordion-icon-trigger:before{background:#f3690e;}@media all and (max-width: 1024px){.kt-accordion-id3067_3b885d-1e .kt-accordion-panel-inner{border-top:0px solid transparent;border-right:0px solid transparent;border-bottom:0px solid transparent;border-left:0px solid transparent;}}@media all and (max-width: 1024px){.kt-accordion-id3067_3b885d-1e > .kt-accordion-inner-wrap > .wp-block-kadence-pane > .kt-accordion-header-wrap > .kt-blocks-accordion-header{border-top:0px solid #f2f2f2;border-right:0px solid #f2f2f2;border-bottom:0px solid #f2f2f2;border-left:0px solid #f2f2f2;}}@media all and (max-width: 1024px){.kt-accordion-id3067_3b885d-1e > .kt-accordion-inner-wrap > .wp-block-kadence-pane > .kt-accordion-header-wrap > .kt-blocks-accordion-header:hover, \n\t\t\t\tbody:not(.hide-focus-outline) .kt-accordion-id3067_3b885d-1e .kt-blocks-accordion-header:focus-visible{border-top-color:#eeeeee;border-top-style:solid;border-right-color:#eeeeee;border-right-style:solid;border-bottom-color:#eeeeee;border-bottom-style:solid;border-left-color:#eeeeee;border-left-style:solid;}}@media all and (max-width: 1024px){.kt-accordion-id3067_3b885d-1e .kt-accordion-header-wrap .kt-blocks-accordion-header:focus-visible,\n\t\t\t\t.kt-accordion-id3067_3b885d-1e > .kt-accordion-inner-wrap > .wp-block-kadence-pane > .kt-accordion-header-wrap > .kt-blocks-accordion-header.kt-accordion-panel-active{border-top-color:#f3690e;border-top-style:solid;border-right-color:#f3690e;border-right-style:solid;border-bottom-color:#f3690e;border-bottom-style:solid;border-left-color:#f3690e;border-left-style:solid;}}@media all and (max-width: 767px){.kt-accordion-id3067_3b885d-1e .kt-accordion-inner-wrap{display:block;}.kt-accordion-id3067_3b885d-1e .kt-accordion-inner-wrap .kt-accordion-pane:not(:first-child){margin-top:10px;}.kt-accordion-id3067_3b885d-1e .kt-accordion-panel-inner{border-top:0px solid transparent;border-right:0px solid transparent;border-bottom:0px solid transparent;border-left:0px solid transparent;}.kt-accordion-id3067_3b885d-1e > .kt-accordion-inner-wrap > .wp-block-kadence-pane > .kt-accordion-header-wrap > .kt-blocks-accordion-header{border-top:0px solid #f2f2f2;border-right:0px solid #f2f2f2;border-bottom:0px solid #f2f2f2;border-left:0px solid #f2f2f2;}.kt-accordion-id3067_3b885d-1e > .kt-accordion-inner-wrap > .wp-block-kadence-pane > .kt-accordion-header-wrap > .kt-blocks-accordion-header:hover, \n\t\t\t\tbody:not(.hide-focus-outline) .kt-accordion-id3067_3b885d-1e .kt-blocks-accordion-header:focus-visible{border-top-color:#eeeeee;border-top-style:solid;border-right-color:#eeeeee;border-right-style:solid;border-bottom-color:#eeeeee;border-bottom-style:solid;border-left-color:#eeeeee;border-left-style:solid;}.kt-accordion-id3067_3b885d-1e .kt-accordion-header-wrap .kt-blocks-accordion-header:focus-visible,\n\t\t\t\t.kt-accordion-id3067_3b885d-1e > .kt-accordion-inner-wrap > .wp-block-kadence-pane > .kt-accordion-header-wrap > .kt-blocks-accordion-header.kt-accordion-panel-active{border-top-color:#f3690e;border-top-style:solid;border-right-color:#f3690e;border-right-style:solid;border-bottom-color:#f3690e;border-bottom-style:solid;border-left-color:#f3690e;border-left-style:solid;}}<\/style>\n<div class=\"wp-block-kadence-accordion alignnone\"><div class=\"kt-accordion-wrap kt-accordion-id3067_3b885d-1e kt-accordion-has-13-panes kt-active-pane-0 kt-accordion-block kt-pane-header-alignment-left kt-accodion-icon-style-basic kt-accodion-icon-side-right\" style=\"max-width:none\"><div class=\"kt-accordion-inner-wrap\" data-allow-multiple-open=\"false\" data-start-open=\"0\">\n<div class=\"wp-block-kadence-pane kt-accordion-pane kt-accordion-pane-1 kt-pane3067_e34908-41\"><div class=\"kt-accordion-header-wrap\"><button class=\"kt-blocks-accordion-header kt-acccordion-button-label-show\" type=\"button\"><span class=\"kt-blocks-accordion-title-wrap\"><span class=\"kt-blocks-accordion-title\"><strong>SENTADA FRENTE A M\u00cd &#8211; 22\/11\/2012<\/strong><\/span><\/span><span class=\"kt-blocks-accordion-icon-trigger\"><\/span><\/button><\/div><div class=\"kt-accordion-panel kt-accordion-panel-hidden\"><div class=\"kt-accordion-panel-inner\">\n<p class=\"has-text-align-center\">Est\u00e1 sentada frente a m\u00ed<br>Con la mirada perdida<br>Sus labios ya no sonr\u00eden<br>ni su boca dice nada.<br>Es una sombra viviente<br>movi\u00e9ndose por la casa<br>No sabe lo que quiere<br>no entiende lo que pasa.<br>Siempre fue muy diligente<br>dicharachera y alegre,<br>Ahora va de aqu\u00ed para all\u00e1<br>como una perdida se mueve.<br>Esa maldita enfermedad<br>que al ser humano adormece<br>Priv\u00e1ndolo de su memoria<br>y a la que llaman Alzheimer<br>Est\u00e1n, pero no est\u00e1n,<br>se mueven pero no sienten<br>Hay veces que sonr\u00eden<br>casi nunca entienden<br>\u00a1Qu\u00e9 enfermedad m\u00e1s cruel<br>esa que llaman Alzheimer!<br>En nuestras manos est\u00e1<br>procurarles atenci\u00f3n<br>hacer su vida m\u00e1s f\u00e1cil y llevadera<br>ayudarles poniendo en ello el coraz\u00f3n<br>Nadie est\u00e1 a salvo<br>de esta enfermedad,<br>que mata en vida a las personas<br>convirti\u00e9ndolas en estatuas de m\u00e1rmol,<br>sin movilidad.<br>No entienden, no conocen<br>Cada d\u00eda sufren m\u00e1s<br>\u00a1Est\u00e1 maldita enfermedad!<\/p>\n\n\n\n<p class=\"has-text-align-center\">Lo que avanza por un lado<br>por otro retroceder\u00e1.<\/p>\n\n\n\n<p class=\"has-text-align-center\"><strong>Autor: Miguel Laguna<\/strong><\/p>\n<\/div><\/div><\/div>\n\n\n\n<div class=\"wp-block-kadence-pane kt-accordion-pane kt-accordion-pane-3 kt-pane3067_27ecb6-b1\"><div class=\"kt-accordion-header-wrap\"><button class=\"kt-blocks-accordion-header kt-acccordion-button-label-show\" type=\"button\"><span class=\"kt-blocks-accordion-title-wrap\"><span class=\"kt-blocks-accordion-title\"><strong>EL MAL DE ALZHEIMER &#8211; 08\/11\/2012<\/strong><\/span><\/span><span class=\"kt-blocks-accordion-icon-trigger\"><\/span><\/button><\/div><div class=\"kt-accordion-panel kt-accordion-panel-hidden\"><div class=\"kt-accordion-panel-inner\">\n<p class=\"has-text-align-center\">Oh noche anudada<br>de vac\u00eda desmemoria<br>en que se apaga seca<br>la halag\u00fce\u00f1a sonrisa!<br>(Y esta noche es m\u00e1s oscura que un infierno)<br>Y no sabes ya ni para qu\u00e9 es el d\u00eda<br>ni quien es tu viejo vecino,<br>ni para qu\u00e9 los hijos y la ternura,<br>ni la mujer al lado cada noche<br>ahog\u00e1ndose su vida en un largo respiro<br>Trepidante oscuridad<br>te deshace a jirones,<br>y las cosas son p\u00e9treas<br>sombras sin raz\u00f3n:<br>da igual la existencia de una silla<br>o la hogare\u00f1a mesa en id\u00e9ntica<br>armon\u00eda con tu olvido<br>Y el retrete siempre impregnado de miseria,<br>y la cocina a todo vapor<br>cociendo la verdura de los d\u00edas;<br>la noble y locuaz lora que te bate en dicci\u00f3n\u2026<br>Un diminuto ser en bicicleta<br>orbita el cad\u00e1ver de la memoria<br>desconociendo el fin del amor,<br>la duda reina en tus cuatro costados,<br>y esta noche es m\u00e1s oscura que un infierno.<\/p>\n\n\n\n<p class=\"has-text-align-center\"><strong>Autor: Frank Ruffino<\/strong><\/p>\n<\/div><\/div><\/div>\n\n\n\n<div class=\"wp-block-kadence-pane kt-accordion-pane kt-accordion-pane-4 kt-pane3067_ea936e-03\"><div class=\"kt-accordion-header-wrap\"><button class=\"kt-blocks-accordion-header kt-acccordion-button-label-show\" type=\"button\"><span class=\"kt-blocks-accordion-title-wrap\"><span class=\"kt-blocks-accordion-title\"><strong>SILENCIO ENFERMERO &#8211; 05\/07\/2012<\/strong><\/span><\/span><span class=\"kt-blocks-accordion-icon-trigger\"><\/span><\/button><\/div><div class=\"kt-accordion-panel kt-accordion-panel-hidden\"><div class=\"kt-accordion-panel-inner\">\n<p class=\"has-text-align-center\">\u00a1Silencio enfermero, t\u00f3malo con calma,<br>Que no est\u00e1 dormido,<br>S\u00f3lo duerme el alma!<br>\u00bfQu\u00e9 fue de aquellas potencias<br>que se dec\u00edan del alma\u2026?<br>\u00bfQu\u00e9 fue de su gran memoria?<br>\u00bfQu\u00e9, de su voluntad?<br>\u00bfQu\u00e9 fue de su entendimiento<br>y cari\u00f1o a los dem\u00e1s?<br>\u00bfSufre con su enfermedad?<br>\u00a1Todo se le fue perdiendo<br>olvid\u00f3 a su familia<br>y no sabe d\u00f3nde est\u00e1!<br>\u00bfQu\u00e9 fue de aquellas potencias<br>que se dec\u00edan del alma\u2026?<br>Era torrente de amores<br>y ahora es un vegetal:<br>\u00a1No conoce su maceta,<br>ni tampoco al jardinero<br>que all\u00ed lo quiso sembrar!<br>Es como aquella flor,<br>que ya no tiene el perfume<br>de su alegre primavera: s\u00f3lo conserva el color.<br>Yo digo con alegr\u00eda,<br>sin que esto sea quimera,<br>que el alma vive y perdura<br>con sus potencias certeras.<br>Por eso pienso y medito que,<br>aunque lo vea en silencio,<br>yo lo quiero siempre igual,<br>y lo acaricio y lo beso,<br>y pienso en su eternidad.<br>El alma siempre es el alma<br>Y habla con Dios nada m\u00e1s.<br>Respetemos sus silencios:<br>\u00a1Con ellos nos quiere amar!<\/p>\n\n\n\n<p class=\"has-text-align-center\"><strong>Autor: Joaqu\u00edn Colodrero \u00c1valos<\/strong><\/p>\n<\/div><\/div><\/div>\n\n\n\n<div class=\"wp-block-kadence-pane kt-accordion-pane kt-accordion-pane-5 kt-pane3067_a96aec-74\"><div class=\"kt-accordion-header-wrap\"><button class=\"kt-blocks-accordion-header kt-acccordion-button-label-show\" type=\"button\"><span class=\"kt-blocks-accordion-title-wrap\"><span class=\"kt-blocks-accordion-title\"><strong>ALL\u00cd EST\u00c1S &#8211; 21\/06\/2012<\/strong><\/span><\/span><span class=\"kt-blocks-accordion-icon-trigger\"><\/span><\/button><\/div><div class=\"kt-accordion-panel kt-accordion-panel-hidden\"><div class=\"kt-accordion-panel-inner\">\n<p class=\"has-text-align-center\">All\u00ed est\u00e1s, apenas al alcance de mi abrazo<br>Y no me ves.<br>Tu mirada est\u00e1 \u00a1tan lejos! Profundamente nost\u00e1lgica<br>Y\u2026no me ves.<br>\u00bfQu\u00e9 historia se pasea del otro lado de esa ventana<br>qu\u00e9 atraviesas con tus ojos brillantes?<br>Se ven tan tristes<br>Como el doloroso aleteo de un p\u00e1jaro mal herido<br>Es la vida\u2026Mam\u00e1<br>Esa vida tuya que te ha herido<br>De lejanos fracasos, de recientes temores<br>Te ves tan peque\u00f1a, tan desprotegida\u2026<br>Y no me ves.<br>Quisiera gritar muy fuerte<br>para que sepas que te extra\u00f1o,<br>\u00a1Para que me veas mam\u00e1! solo eso\u2026no pido m\u00e1s<br>Fui invitada al banquete del dolor, aqu\u00e9l d\u00eda\u2026<br>Cuando, en tu esfuerzo por calzarte,<br>cada uno de los zapatos<br>estaba ubicado en el pie equivocado<br>Y\u2026llor\u00e9.<br>Te est\u00e1s yendo de mi vida. Te escapas<br>Inexorablemente, de la cordura<br>De la realidad de tu historia reciente<br>caminas lentamente hacia tu pasado<br>Tus fantasmas llenan mis espacios<br>me invitas a jugar tus juegos<br>A llorar tus l\u00e1grimas a re\u00edr tu risa,<br>Pero\u2026no me ves.<br>Ya no soy tu hija, tu Marujita\u2026tu peque\u00f1a<br>Y es tu lenguaje extra\u00f1o<br>el que sostiene este momento<br>de estar a tu lado seguirlo \u00a1duele!<br>Pero es entrando en tu mundo<br>que disfruto tu mirada, tu sonrisa, tus historias<br>Y entonces \u00a1me ves!<br>Ya no podr\u00e9 pedir perd\u00f3n por lo que no te di<br>Por mi impaciencia, por mis j\u00f3venes arrebatos,<br>por reprochar tus miedos por no entender tu amor\u2026<br>Debo aprender a sostener tu fr\u00e1gil existencia,<br>a acunarte en m\u00ed regazo, transformarme\u2026<br>En madre, de mi madre.<br>Tus nietos, no existen en tu mundo<br>tu esposo es un desconocido<br>\u00a1Qu\u00e9 tristezas tan grandes te han herido!<br>\u00a1Qu\u00e9 dolor ha lacerado tu alma!<br>\u00a1Que ya no quieres estar!\u2026 pero \u00a1est\u00e1s!<br>Y est\u00e1n tus manos peque\u00f1as<br>que se toman de las m\u00edas.<br>Tu abrazo chiquito, tu sonrisa de ni\u00f1a<\/p>\n\n\n\n<p class=\"has-text-align-center\">Y\u2026 \u00a1no est\u00e1s!<br>Y no est\u00e1 tu caricia! Tu consuelo a mis penas!<br>Tu beso por las noches, tu emoci\u00f3n y tu miedo<br>en ese sublime momento de parir mis hijos<br>Te est\u00e1s yendo de mi vida y te estoy extra\u00f1ando<br>No quiero que me veas llorar tu ausencia<br>Caminaremos de la mano, los senderos de tus sue\u00f1os<br>Y\u2026, reir\u00e9 tu risa, jugar\u00e9 tus juegos<br>Y\u2026, llorar\u00e9 tus l\u00e1grimas\u2026<\/p>\n\n\n\n<p class=\"has-text-align-center\"><strong>Autora: Maruja Perera<\/strong><\/p>\n<\/div><\/div><\/div>\n\n\n\n<div class=\"wp-block-kadence-pane kt-accordion-pane kt-accordion-pane-6 kt-pane3067_f9e4c0-ed\"><div class=\"kt-accordion-header-wrap\"><button class=\"kt-blocks-accordion-header kt-acccordion-button-label-show\" type=\"button\"><span class=\"kt-blocks-accordion-title-wrap\"><span class=\"kt-blocks-accordion-title\"><strong>EL DESV\u00c1N DE LA MEMORIA &#8211; 07\/06\/2012<\/strong><\/span><\/span><span class=\"kt-blocks-accordion-icon-trigger\"><\/span><\/button><\/div><div class=\"kt-accordion-panel kt-accordion-panel-hidden\"><div class=\"kt-accordion-panel-inner\">\n<p class=\"has-text-align-center\">Sus recuerdos est\u00e1n guardados<br>en su mente \u201creciclados\u201d,<br>amontonados se encuentran<br>nunca m\u00e1s ser\u00e1n contados<br>Ser como un ni\u00f1o peque\u00f1o<br>nunca el tiempo que ha pasado<br>no mantiene tan siquiera<br>el recuerdo del tiempo transcurrido<br>Esta enfermedad tan ingrata<br>haciendo mucho da\u00f1o al que la padece<br>para llenar de mucha paciencia<br>a los que acompa\u00f1an y padecen<br>Es tan solo el cari\u00f1o y \u201camor\u201d<br>de tener paciencia a raudales,<br>mantener el amor por ellos<br>tratarlos siempre como normales<br>Si alg\u00fan disparate en su boca<br>que su mente no refleja<br>son signos de esta enfermedad<br>por ser muy mala y compleja<br>Todos los acompa\u00f1antes<br>rodeados de paciencia<br>tienen el deber de cuidarlos<br>con la ayuda de asociaciones<br>de buenos corazones<br>Ser\u00e1 gratitud eterna en su mente<br>a\u00fan las lagunas de sus recuerdos<br>en este mundo no se aprecien<br>ser\u00e1n bien recompensados.<\/p>\n\n\n\n<p class=\"has-text-align-center\"><strong>Autor: Gabriel S\u00e1nchez Agar<\/strong><\/p>\n<\/div><\/div><\/div>\n\n\n\n<div class=\"wp-block-kadence-pane kt-accordion-pane kt-accordion-pane-7 kt-pane3067_f584f5-08\"><div class=\"kt-accordion-header-wrap\"><button class=\"kt-blocks-accordion-header kt-acccordion-button-label-show\" type=\"button\"><span class=\"kt-blocks-accordion-title-wrap\"><span class=\"kt-blocks-accordion-title\"><strong>OLVIDA SIN QUERER &#8211; 24\/05\/2012<\/strong><\/span><\/span><span class=\"kt-blocks-accordion-icon-trigger\"><\/span><\/button><\/div><div class=\"kt-accordion-panel kt-accordion-panel-hidden\"><div class=\"kt-accordion-panel-inner\">\n<p class=\"has-text-align-center\">Lleva tiempo que se olvida<br>las fechas m\u00e1s importantes,<br>pero intenta ocultarlo<br>que no se d\u00e9 cuenta nadie<br>Tiene muy mala memoria<br>ser\u00e1 cosa de los a\u00f1os,<br>a veces con lucidez<br>recuerda muy bien el pasado<br>El m\u00e9dico le ha mandado<br>terapia para el olvido,<br>la pr\u00f3xima vez que vengas<br>que te acompa\u00f1e tu marido<br>Ella luch\u00f3 con coraje<br>sin miedo y con valent\u00eda,<br>afrontando los problemas<br>que le present\u00f3 la vida<br>Para sus hijos lo mejor<br>que no l\u00e9 rozara el aire,<br>lleva tiempo hay sentada<br>y ya no conoce a nadie<br>Le acariciaba las manos<br>y le daba de comer,<br>mientras le limpiaba la boca<br>con cari\u00f1o a su mujer<br>Su marido la contempla<br>y no le para de hablar,<br>y a veces brillan sus ojos<br>queri\u00e9ndole contestar<br>Con la mirada perdida<br>la llevaba de paseo,<br>con mucha tranquilidad<br>\u00c9l tambi\u00e9n est\u00e1 cansado<br>por las cosas de la edad<br>\u00a1Como la dej\u00f3 el olvido<br>sin fuerza para recordar!<br>\u00a1Como la dej\u00f3 la vida<\/p>\n\n\n\n<p class=\"has-text-align-center\">en una cama postrada!<br>Maldito sea el culpable<br>si es que lo pudiera haber,<br>no hay nadie que se merezca<br>de esa forma padecer.<\/p>\n\n\n\n<p class=\"has-text-align-center\"><strong>Autor: Jos\u00e9 Antonio Noguero Villar<\/strong><\/p>\n<\/div><\/div><\/div>\n\n\n\n<div class=\"wp-block-kadence-pane kt-accordion-pane kt-accordion-pane-8 kt-pane3067_b904d5-75\"><div class=\"kt-accordion-header-wrap\"><button class=\"kt-blocks-accordion-header kt-acccordion-button-label-show\" type=\"button\"><span class=\"kt-blocks-accordion-title-wrap\"><span class=\"kt-blocks-accordion-title\"><strong>UN D\u00cdA CUALQUIERA &#8211; 10\/05\/2012<\/strong><\/span><\/span><span class=\"kt-blocks-accordion-icon-trigger\"><\/span><\/button><\/div><div class=\"kt-accordion-panel kt-accordion-panel-hidden\"><div class=\"kt-accordion-panel-inner\">\n<p class=\"has-text-align-center\">Fue un d\u00eda cualquiera, no me acuerdo del tiempo,<br>cuando apareci\u00f3 la sinraz\u00f3n de la vida, se\u00f1or Alzh\u00e9imer<br>Toda la felicidad se desvanec\u00eda sin remedio. \u00a1Qu\u00e9 d\u00eda!<br>Mi sangre se revelaba en mis venas, en mi pensamiento<br>Mi padre,<br>se\u00f1or de muchos avatares de mi nacimiento<br>tiene ahora el mejor remedio, en su compa\u00f1era,<br>aunque cabizbaja, porque de azotes supiera<br>de tantos sin sabores de la vida tan se\u00f1era<br>Mi padre,<br>vida, un transcurrir de ilusiones en el espacio tiempo<br>Cuando veo a mi madre con el contenido sufrimiento<br>luchar a su vera con ese se\u00f1or alzh\u00e9imer desgraciado<br>mirando a su compa\u00f1ero en un sill\u00f3n sentado<br>Mi padre<br>con su pobre mente desconcertada, intentando<br>ser el mejor se\u00f1or de la casa que todo lo ara,<br>con sus ojos buscando la mejor mirada, a su compa\u00f1era<br>la mejor compa\u00f1era, sus hijos, sus nietos del alma<br>Mi padre,<br>otro d\u00eda, se fue ese se\u00f1or alzh\u00e9imer para siempre<br>Aunque el recuerdo imborrable est\u00e1 en mi pensamiento,<br>hoy estoy feliz, por los que quiero serenamente<br>recordando aquel bien que me dejo para siempre<br>Mi padre,<br>aunque se fue, mi homenaje en su descanso.<\/p>\n\n\n\n<p class=\"has-text-align-center\"><strong>Autor: Eufrasio Navarro<\/strong><\/p>\n<\/div><\/div><\/div>\n\n\n\n<div class=\"wp-block-kadence-pane kt-accordion-pane kt-accordion-pane-9 kt-pane3067_e3f4ea-a3\"><div class=\"kt-accordion-header-wrap\"><button class=\"kt-blocks-accordion-header kt-acccordion-button-label-show\" type=\"button\"><span class=\"kt-blocks-accordion-title-wrap\"><span class=\"kt-blocks-accordion-title\"><strong>HOY &#8211; 19\/04\/2012<\/strong><\/span><\/span><span class=\"kt-blocks-accordion-icon-trigger\"><\/span><\/button><\/div><div class=\"kt-accordion-panel kt-accordion-panel-hidden\"><div class=\"kt-accordion-panel-inner\">\n<p class=\"has-text-align-center\">Hoy te veo llorar y lloro;<br>l\u00e1grimas, tal vez, por empat\u00eda<br>No s\u00e9 si son saladas o dulces,<br>no esperes que te lo diga<br>No, no entiendo las arrugas de mis manos,<br>ni porqu\u00e9 mis huesos chirr\u00edan<br>No he vivido yo para estas canas<br>ni siento que tu pena sea la m\u00eda<br>Veo en tus ojos que me quieres,<br>que dices acordarte de todo,<br>que ya no soy una ni\u00f1a<br>Cuentas que mis padres ya me faltan,<br>que anduve en amores<br>y que san\u00e9 tus heridas,<br>que de mi mano eras alguien,<br>que supe contar aun sin dedos;<br>que mi letra era bonita<br>Dices, dices y dices,<br>que repites lo que yo te dec\u00eda<br>Hablas y hablas,<br>preguntas y porf\u00edas;<br>y yo s\u00f3lo quiero escapar de tus palabras<br>esconderme tras una cortina,<br>poner las manos tras la espalda<br>y tararear la comparsita<br>\u00a1D\u00e9jame dormir!, anda<br>r\u00e9zame las cuatro esquinitas<br>Dame un beso para guardarlo,<br>d\u00e1melo; anda;<br>hazlo como yo lo hac\u00eda.<\/p>\n\n\n\n<p class=\"has-text-align-center\"><strong>Autor: Manuel Guerrero<\/strong><\/p>\n<\/div><\/div><\/div>\n\n\n\n<div class=\"wp-block-kadence-pane kt-accordion-pane kt-accordion-pane-10 kt-pane3067_c710fb-49\"><div class=\"kt-accordion-header-wrap\"><button class=\"kt-blocks-accordion-header kt-acccordion-button-label-show\" type=\"button\"><span class=\"kt-blocks-accordion-title-wrap\"><span class=\"kt-blocks-accordion-title\"><strong>TE MIRAS AL ESPEJO &#8211; 29\/03\/2012<\/strong><\/span><\/span><span class=\"kt-blocks-accordion-icon-trigger\"><\/span><\/button><\/div><div class=\"kt-accordion-panel kt-accordion-panel-hidden\"><div class=\"kt-accordion-panel-inner\">\n<p class=\"has-text-align-center\">Te miras al espejo y no te ves,<br>te escondes detr\u00e1s de tu reflejo<br>Te suplanta un extra\u00f1o;<br>Tus manos no son tuyas,<br>ni tu cuerpo es tu cuerpo<br>Eres la triste sombra que divaga<br>recluida en un rostro ceniciento,<br>est\u00e1s aqu\u00ed y no eres t\u00fa,<br>eres la playa desolada, sin recuerdo<br>T\u00fa que fuiste el cobijo y el reposo,<br>donde anidamos todos en tu pecho,<br>hoy vives sumergido<br>al fondo de ti mismo,<br>barco varado entre la arena,<br>p\u00e1jaro herido y sin vuelo<br>Fr\u00e1gil como un temblor,<br>habitante vencido,<br>huyes despavorido de tus miedos<br>La noche se desata y socava tu memoria<br>y ah\u00ed al fondo est\u00e1s t\u00fa,<br>las pupilas perdidas,<br>en medio del silencio<br>Y \u00bfsabes? Por mucho que te busco,<br>yo tampoco te encuentro.<\/p>\n\n\n\n<p class=\"has-text-align-center\"><strong>Autora: Inma Diez<\/strong><\/p>\n<\/div><\/div><\/div>\n\n\n\n<div class=\"wp-block-kadence-pane kt-accordion-pane kt-accordion-pane-11 kt-pane3067_ff670a-46\"><div class=\"kt-accordion-header-wrap\"><button class=\"kt-blocks-accordion-header kt-acccordion-button-label-show\" type=\"button\"><span class=\"kt-blocks-accordion-title-wrap\"><span class=\"kt-blocks-accordion-title\"><strong>AGUARDANDO &#8211; 15\/03\/2012<\/strong><\/span><\/span><span class=\"kt-blocks-accordion-icon-trigger\"><\/span><\/button><\/div><div class=\"kt-accordion-panel kt-accordion-panel-hidden\"><div class=\"kt-accordion-panel-inner\">\n<p class=\"has-text-align-center\">Aguardando como siempre<br>entre delirios dementes,<br>se ha perdido la memoria,<br>ha llegado el Alzheimer<br>Desconoces a tus pares,<br>no hay recuerdos latentes,<br>no existen los familiares<br>registrados en tu mente<br>Poco a poco\u2026desgravando<br>los sue\u00f1os se evaporaron<br>ha quedado tu hoja en blanco<br>te siguen acompa\u00f1ando<br>La mirada transparente,<br>perecederas las manos,<br>las preguntas son frecuentes,<br>no existe ya calendario.<\/p>\n\n\n\n<p class=\"has-text-align-center\">Autora: Adri Delfini<\/p>\n<\/div><\/div><\/div>\n\n\n\n<div class=\"wp-block-kadence-pane kt-accordion-pane kt-accordion-pane-13 kt-pane3067_31ae53-d1\"><div class=\"kt-accordion-header-wrap\"><button class=\"kt-blocks-accordion-header kt-acccordion-button-label-show\" type=\"button\"><span class=\"kt-blocks-accordion-title-wrap\"><span class=\"kt-blocks-accordion-title\"><strong>DESDE EL OTRO LADO &#8211; 16\/02\/2012<\/strong><\/span><\/span><span class=\"kt-blocks-accordion-icon-trigger\"><\/span><\/button><\/div><div class=\"kt-accordion-panel kt-accordion-panel-hidden\"><div class=\"kt-accordion-panel-inner\">\n<p class=\"has-text-align-center\">Te escribo desde el otro lado,<br>desde la soledad y el desgarro<br>Te escribo con la certeza<br>de saber que no me est\u00e1s esperando,<br>que has cambiado el amor por la pena<br>y la pasi\u00f3n por el desenga\u00f1o<br>Te escribo para decirte<br>que recuerdes por m\u00ed,<br>las tardes c\u00e1lidas, los abrazos,<br>mi cara, mi olor, mis manos<br>Te escribo para pedirte<br>que no olvides<br>lo que yo ya he olvidado.<\/p>\n\n\n\n<p class=\"has-text-align-center\"><strong>Autor: Jos\u00e9 S\u00e1nchez-Tello<\/strong><\/p>\n<\/div><\/div><\/div>\n\n\n\n<div class=\"wp-block-kadence-pane kt-accordion-pane kt-accordion-pane-12 kt-pane3067_5f6db7-19\"><div class=\"kt-accordion-header-wrap\"><button class=\"kt-blocks-accordion-header kt-acccordion-button-label-show\" type=\"button\"><span class=\"kt-blocks-accordion-title-wrap\"><span class=\"kt-blocks-accordion-title\"><strong>LATE DEPRISA &#8211; 02\/02\/2012<\/strong><\/span><\/span><span class=\"kt-blocks-accordion-icon-trigger\"><\/span><\/button><\/div><div class=\"kt-accordion-panel kt-accordion-panel-hidden\"><div class=\"kt-accordion-panel-inner\">\n<p class=\"has-text-align-center\">Late deprisa, muy fuerte<br>y se desploma sobre el mar<br>tejiendo su nuevo mirar<br>sobre la viva primavera<br>Escala luces, baja sombras<br>que deslucen las estrellas<br>Incordia los desacuerdos,<br>olvida a las memorias<br>Desaparece lo habido,<br>enciende alg\u00fan destello<br>en la luna esparcido<br>sin tener cierto lo bello<br>Rostro y vida, deleitados<br>en su cruenta presencia,<br>las que les dan la ausencia<br>cuando todav\u00eda est\u00e1n.<\/p>\n\n\n\n<p class=\"has-text-align-center\"><strong>Autora: Ana Mar\u00eda Ru\u00edz<\/strong><\/p>\n<\/div><\/div><\/div>\n\n\n\n<div class=\"wp-block-kadence-pane kt-accordion-pane kt-accordion-pane-2 kt-pane3067_cd7c53-a9\"><div class=\"kt-accordion-header-wrap\"><button class=\"kt-blocks-accordion-header kt-acccordion-button-label-show\" type=\"button\"><span class=\"kt-blocks-accordion-title-wrap\"><span class=\"kt-blocks-accordion-title\"><strong>ALZHEIMER (cuartetos) &#8211; 19\/01\/2012<\/strong><\/span><\/span><span class=\"kt-blocks-accordion-icon-trigger\"><\/span><\/button><\/div><div class=\"kt-accordion-panel kt-accordion-panel-hidden\"><div class=\"kt-accordion-panel-inner\">\n<p class=\"has-text-align-center\">Angosta y reducida se ha quedado<br>el paso de los a\u00f1os no es en balde<br>y no le queda nadie que respalde<br>su vida, casi al t\u00e9rmino ha llegado<br>Cubre de niebla espesa, blanquecina,<br>recuerdos de su infancia y su existencia,<br>forjados entre soles y carencia<br>de lujos bajo sombra de una encina<br>Ahora mira un mundo desva\u00eddo,<br>tras a\u00f1os no lo aprecia ni valora,<br>confunde su belleza en esta hora<br>con otro sin m\u00e1s nombre ni apellido<br>Sentada en el jard\u00edn, lee poes\u00eda<br>le vienen a la mente de repente<br>recuerdos y vivencias en torrente,<br>recuerdos que ella guarda de alg\u00fan d\u00eda.<br>\u00a1Alzheimer! Le has robado poco a poco<br>la vida que ella hizo con dolor,<br>m\u00e1s ella sigue cuerda con valor.<br>Tama\u00f1o su coraje, aqu\u00ed lo evoco.<\/p>\n\n\n\n<p class=\"has-text-align-center\"><strong>Autor: Pedro Mu\u00f1oz Madrid<\/strong><\/p>\n<\/div><\/div><\/div>\n<\/div><\/div><\/div>\n<\/div><\/div>\n\n\n\n<div class=\"wp-block-kadence-tab kt-tab-inner-content kt-inner-tab-15 kt-inner-tabc4e0d9-ab\"><div class=\"kt-tab-inner-content-inner\"><style>.kt-accordion-id3067_5c147b-af .kt-accordion-inner-wrap{column-gap:var(--global-kb-gap-md, 2rem);row-gap:10px;}.kt-accordion-id3067_5c147b-af .kt-accordion-panel-inner{border-top:0px solid transparent;border-right:0px solid transparent;border-bottom:0px solid transparent;border-left:0px solid transparent;background:#ffffff;padding-top:var(--global-kb-spacing-sm, 1.5rem);padding-right:var(--global-kb-spacing-sm, 1.5rem);padding-bottom:var(--global-kb-spacing-sm, 1.5rem);padding-left:var(--global-kb-spacing-sm, 1.5rem);}.kt-accordion-id3067_5c147b-af > .kt-accordion-inner-wrap > .wp-block-kadence-pane > .kt-accordion-header-wrap > .kt-blocks-accordion-header{border-top:0px solid #f2f2f2;border-right:0px solid #f2f2f2;border-bottom:0px solid #f2f2f2;border-left:0px solid #f2f2f2;border-top-left-radius:6px;border-top-right-radius:6px;border-bottom-right-radius:6px;border-bottom-left-radius:6px;background:#f2f2f2;color:#555555;padding-top:14px;padding-right:16px;padding-bottom:14px;padding-left:16px;}.kt-accordion-id3067_5c147b-af:not( .kt-accodion-icon-style-basiccircle ):not( .kt-accodion-icon-style-xclosecircle ):not( .kt-accodion-icon-style-arrowcircle )  > .kt-accordion-inner-wrap > .wp-block-kadence-pane > .kt-accordion-header-wrap .kt-blocks-accordion-icon-trigger:after, .kt-accordion-id3067_5c147b-af:not( .kt-accodion-icon-style-basiccircle ):not( .kt-accodion-icon-style-xclosecircle ):not( .kt-accodion-icon-style-arrowcircle )  > .kt-accordion-inner-wrap > .wp-block-kadence-pane > .kt-accordion-header-wrap .kt-blocks-accordion-icon-trigger:before{background:#555555;}.kt-accordion-id3067_5c147b-af:not( .kt-accodion-icon-style-basic ):not( .kt-accodion-icon-style-xclose ):not( .kt-accodion-icon-style-arrow ) .kt-blocks-accordion-icon-trigger{background:#555555;}.kt-accordion-id3067_5c147b-af:not( .kt-accodion-icon-style-basic ):not( .kt-accodion-icon-style-xclose ):not( .kt-accodion-icon-style-arrow ) .kt-blocks-accordion-icon-trigger:after, .kt-accordion-id3067_5c147b-af:not( .kt-accodion-icon-style-basic ):not( .kt-accodion-icon-style-xclose ):not( .kt-accodion-icon-style-arrow ) .kt-blocks-accordion-icon-trigger:before{background:#f2f2f2;}.kt-accordion-id3067_5c147b-af > .kt-accordion-inner-wrap > .wp-block-kadence-pane > .kt-accordion-header-wrap > .kt-blocks-accordion-header:hover, \n\t\t\t\tbody:not(.hide-focus-outline) .kt-accordion-id3067_5c147b-af .kt-blocks-accordion-header:focus-visible{color:#444444;background:#eeeeee;border-top-color:#eeeeee;border-top-style:solid;border-right-color:#eeeeee;border-right-style:solid;border-bottom-color:#eeeeee;border-bottom-style:solid;border-left-color:#eeeeee;border-left-style:solid;}.kt-accordion-id3067_5c147b-af:not( .kt-accodion-icon-style-basiccircle ):not( .kt-accodion-icon-style-xclosecircle ):not( .kt-accodion-icon-style-arrowcircle ) .kt-accordion-header-wrap .kt-blocks-accordion-header:hover .kt-blocks-accordion-icon-trigger:after, .kt-accordion-id3067_5c147b-af:not( .kt-accodion-icon-style-basiccircle ):not( .kt-accodion-icon-style-xclosecircle ):not( .kt-accodion-icon-style-arrowcircle ) .kt-accordion-header-wrap .kt-blocks-accordion-header:hover .kt-blocks-accordion-icon-trigger:before, body:not(.hide-focus-outline) .kt-accordion-id3067_5c147b-af:not( .kt-accodion-icon-style-basiccircle ):not( .kt-accodion-icon-style-xclosecircle ):not( .kt-accodion-icon-style-arrowcircle ) .kt-blocks-accordion--visible .kt-blocks-accordion-icon-trigger:after, body:not(.hide-focus-outline) .kt-accordion-id3067_5c147b-af:not( .kt-accodion-icon-style-basiccircle ):not( .kt-accodion-icon-style-xclosecircle ):not( .kt-accodion-icon-style-arrowcircle ) .kt-blocks-accordion-header:focus-visible .kt-blocks-accordion-icon-trigger:before{background:#444444;}.kt-accordion-id3067_5c147b-af:not( .kt-accodion-icon-style-basic ):not( .kt-accodion-icon-style-xclose ):not( .kt-accodion-icon-style-arrow ) .kt-accordion-header-wrap .kt-blocks-accordion-header:hover .kt-blocks-accordion-icon-trigger, body:not(.hide-focus-outline) .kt-accordion-id3067_5c147b-af:not( .kt-accodion-icon-style-basic ):not( .kt-accodion-icon-style-xclose ):not( .kt-accodion-icon-style-arrow ) .kt-accordion-header-wrap .kt-blocks-accordion-header:focus-visible .kt-blocks-accordion-icon-trigger{background:#444444;}.kt-accordion-id3067_5c147b-af:not( .kt-accodion-icon-style-basic ):not( .kt-accodion-icon-style-xclose ):not( .kt-accodion-icon-style-arrow ) .kt-accordion-header-wrap .kt-blocks-accordion-header:hover .kt-blocks-accordion-icon-trigger:after, .kt-accordion-id3067_5c147b-af:not( .kt-accodion-icon-style-basic ):not( .kt-accodion-icon-style-xclose ):not( .kt-accodion-icon-style-arrow ) .kt-accordion-header-wrap .kt-blocks-accordion-header:hover .kt-blocks-accordion-icon-trigger:before, body:not(.hide-focus-outline) .kt-accordion-id3067_5c147b-af:not( .kt-accodion-icon-style-basic ):not( .kt-accodion-icon-style-xclose ):not( .kt-accodion-icon-style-arrow ) .kt-accordion-header-wrap .kt-blocks-accordion-header:focus-visible .kt-blocks-accordion-icon-trigger:after, body:not(.hide-focus-outline) .kt-accordion-id3067_5c147b-af:not( .kt-accodion-icon-style-basic ):not( .kt-accodion-icon-style-xclose ):not( .kt-accodion-icon-style-arrow ) .kt-accordion-header-wrap .kt-blocks-accordion-header:focus-visible .kt-blocks-accordion-icon-trigger:before{background:#eeeeee;}.kt-accordion-id3067_5c147b-af .kt-accordion-header-wrap .kt-blocks-accordion-header:focus-visible,\n\t\t\t\t.kt-accordion-id3067_5c147b-af > .kt-accordion-inner-wrap > .wp-block-kadence-pane > .kt-accordion-header-wrap > .kt-blocks-accordion-header.kt-accordion-panel-active{color:#ffffff;background:#f3690e;border-top-color:#f3690e;border-top-style:solid;border-right-color:#f3690e;border-right-style:solid;border-bottom-color:#f3690e;border-bottom-style:solid;border-left-color:#f3690e;border-left-style:solid;}.kt-accordion-id3067_5c147b-af:not( .kt-accodion-icon-style-basiccircle ):not( .kt-accodion-icon-style-xclosecircle ):not( .kt-accodion-icon-style-arrowcircle )  > .kt-accordion-inner-wrap > .wp-block-kadence-pane > .kt-accordion-header-wrap > .kt-blocks-accordion-header.kt-accordion-panel-active .kt-blocks-accordion-icon-trigger:after, .kt-accordion-id3067_5c147b-af:not( .kt-accodion-icon-style-basiccircle ):not( .kt-accodion-icon-style-xclosecircle ):not( .kt-accodion-icon-style-arrowcircle )  > .kt-accordion-inner-wrap > .wp-block-kadence-pane > .kt-accordion-header-wrap > .kt-blocks-accordion-header.kt-accordion-panel-active .kt-blocks-accordion-icon-trigger:before{background:#ffffff;}.kt-accordion-id3067_5c147b-af:not( .kt-accodion-icon-style-basic ):not( .kt-accodion-icon-style-xclose ):not( .kt-accodion-icon-style-arrow ) .kt-blocks-accordion-header.kt-accordion-panel-active .kt-blocks-accordion-icon-trigger{background:#ffffff;}.kt-accordion-id3067_5c147b-af:not( .kt-accodion-icon-style-basic ):not( .kt-accodion-icon-style-xclose ):not( .kt-accodion-icon-style-arrow ) .kt-blocks-accordion-header.kt-accordion-panel-active .kt-blocks-accordion-icon-trigger:after, .kt-accordion-id3067_5c147b-af:not( .kt-accodion-icon-style-basic ):not( .kt-accodion-icon-style-xclose ):not( .kt-accodion-icon-style-arrow ) .kt-blocks-accordion-header.kt-accordion-panel-active .kt-blocks-accordion-icon-trigger:before{background:#f3690e;}@media all and (max-width: 1024px){.kt-accordion-id3067_5c147b-af .kt-accordion-panel-inner{border-top:0px solid transparent;border-right:0px solid transparent;border-bottom:0px solid transparent;border-left:0px solid transparent;}}@media all and (max-width: 1024px){.kt-accordion-id3067_5c147b-af > .kt-accordion-inner-wrap > .wp-block-kadence-pane > .kt-accordion-header-wrap > .kt-blocks-accordion-header{border-top:0px solid #f2f2f2;border-right:0px solid #f2f2f2;border-bottom:0px solid #f2f2f2;border-left:0px solid #f2f2f2;}}@media all and (max-width: 1024px){.kt-accordion-id3067_5c147b-af > .kt-accordion-inner-wrap > .wp-block-kadence-pane > .kt-accordion-header-wrap > .kt-blocks-accordion-header:hover, \n\t\t\t\tbody:not(.hide-focus-outline) .kt-accordion-id3067_5c147b-af .kt-blocks-accordion-header:focus-visible{border-top-color:#eeeeee;border-top-style:solid;border-right-color:#eeeeee;border-right-style:solid;border-bottom-color:#eeeeee;border-bottom-style:solid;border-left-color:#eeeeee;border-left-style:solid;}}@media all and (max-width: 1024px){.kt-accordion-id3067_5c147b-af .kt-accordion-header-wrap .kt-blocks-accordion-header:focus-visible,\n\t\t\t\t.kt-accordion-id3067_5c147b-af > .kt-accordion-inner-wrap > .wp-block-kadence-pane > .kt-accordion-header-wrap > .kt-blocks-accordion-header.kt-accordion-panel-active{border-top-color:#f3690e;border-top-style:solid;border-right-color:#f3690e;border-right-style:solid;border-bottom-color:#f3690e;border-bottom-style:solid;border-left-color:#f3690e;border-left-style:solid;}}@media all and (max-width: 767px){.kt-accordion-id3067_5c147b-af .kt-accordion-inner-wrap{display:block;}.kt-accordion-id3067_5c147b-af .kt-accordion-inner-wrap .kt-accordion-pane:not(:first-child){margin-top:10px;}.kt-accordion-id3067_5c147b-af .kt-accordion-panel-inner{border-top:0px solid transparent;border-right:0px solid transparent;border-bottom:0px solid transparent;border-left:0px solid transparent;}.kt-accordion-id3067_5c147b-af > .kt-accordion-inner-wrap > .wp-block-kadence-pane > .kt-accordion-header-wrap > .kt-blocks-accordion-header{border-top:0px solid #f2f2f2;border-right:0px solid #f2f2f2;border-bottom:0px solid #f2f2f2;border-left:0px solid #f2f2f2;}.kt-accordion-id3067_5c147b-af > .kt-accordion-inner-wrap > .wp-block-kadence-pane > .kt-accordion-header-wrap > .kt-blocks-accordion-header:hover, \n\t\t\t\tbody:not(.hide-focus-outline) .kt-accordion-id3067_5c147b-af .kt-blocks-accordion-header:focus-visible{border-top-color:#eeeeee;border-top-style:solid;border-right-color:#eeeeee;border-right-style:solid;border-bottom-color:#eeeeee;border-bottom-style:solid;border-left-color:#eeeeee;border-left-style:solid;}.kt-accordion-id3067_5c147b-af .kt-accordion-header-wrap .kt-blocks-accordion-header:focus-visible,\n\t\t\t\t.kt-accordion-id3067_5c147b-af > .kt-accordion-inner-wrap > .wp-block-kadence-pane > .kt-accordion-header-wrap > .kt-blocks-accordion-header.kt-accordion-panel-active{border-top-color:#f3690e;border-top-style:solid;border-right-color:#f3690e;border-right-style:solid;border-bottom-color:#f3690e;border-bottom-style:solid;border-left-color:#f3690e;border-left-style:solid;}}<\/style>\n<div class=\"wp-block-kadence-accordion alignnone\"><div class=\"kt-accordion-wrap kt-accordion-id3067_5c147b-af kt-accordion-has-10-panes kt-active-pane-0 kt-accordion-block kt-pane-header-alignment-left kt-accodion-icon-style-basic kt-accodion-icon-side-right\" style=\"max-width:none\"><div class=\"kt-accordion-inner-wrap\" data-allow-multiple-open=\"false\" data-start-open=\"none\">\n<div class=\"wp-block-kadence-pane kt-accordion-pane kt-accordion-pane-1 kt-pane3067_6d6fe9-18\"><div class=\"kt-accordion-header-wrap\"><button class=\"kt-blocks-accordion-header kt-acccordion-button-label-show\" type=\"button\"><span class=\"kt-blocks-accordion-title-wrap\"><span class=\"kt-blocks-accordion-title\"><strong>ALZHEIMER &#8211; 15\/12\/2011<\/strong><\/span><\/span><span class=\"kt-blocks-accordion-icon-trigger\"><\/span><\/button><\/div><div class=\"kt-accordion-panel kt-accordion-panel-hidden\"><div class=\"kt-accordion-panel-inner\">\n<p class=\"has-text-align-center\">Nos vemos en Nadville cuando anochezca,<br>justo en la intersecci\u00f3n de dos abrazos,<br>cuando la sangre busca a sus hom\u00f3nimos<br>y el cuerpo en general se pone tierno<br>Yo llevar\u00e9 memorias fragmentadas,<br>lleva t\u00fa lo que guardes del deseo<br>y alguna provisi\u00f3n para el camino<br>que puede resultar largo y tortuoso<br>Tal vez, si me acompa\u00f1a la cordura,<br>vaya con mis estelas de indolencia<br>y alg\u00fan pa\u00f1uelo antiguo en la chaqueta<br>junto a cigarros y otras inquietudes<br>T\u00fa no te olvides de llevar la lluvia,<br>ni la resoluci\u00f3n en la mirada,<br>ni los resquicios de la hierba al viento,<br>ni las c\u00f3ncavas palmas de las manos<br>Si acaso por raz\u00f3n de tiempo y forma<br>alguno de los dos no llega en punto,<br>es m\u00e1s, llega, pero quebrado y circunspecto,<br>que el otro lo comprenda y lo conduzca<br>sin dilaci\u00f3n al borde del camino<br>\u00a1Qu\u00e9 no se quede con la rabia y solo!<\/p>\n\n\n\n<p class=\"has-text-align-center\"><strong>Autor: Pepejunco (Poetas hoy)<\/strong><\/p>\n<\/div><\/div><\/div>\n\n\n\n<div class=\"wp-block-kadence-pane kt-accordion-pane kt-accordion-pane-4 kt-pane3067_3e039e-7d\"><div class=\"kt-accordion-header-wrap\"><button class=\"kt-blocks-accordion-header kt-acccordion-button-label-show\" type=\"button\"><span class=\"kt-blocks-accordion-title-wrap\"><span class=\"kt-blocks-accordion-title\"><strong>ALZHEIMER &#8211; 24\/11\/2011<\/strong><\/span><\/span><span class=\"kt-blocks-accordion-icon-trigger\"><\/span><\/button><\/div><div class=\"kt-accordion-panel kt-accordion-panel-hidden\"><div class=\"kt-accordion-panel-inner\">\n<p class=\"has-text-align-center\">Si mi sue\u00f1o se acabara<br>qu\u00e9 ser\u00eda de m\u00ed<br>Si mi mente no te recordara<br>qu\u00e9 pasar\u00eda<br>Mi vida, esto no es una despedida,<br>es un hasta siempre<br>es un adi\u00f3s marcado<br>con los labios en la frente<br>porque sabes que te quiero<br>y siempre te tuve presente<br>Es, esta enfermedad<br>de quererte la que no me deja ser libre<br>A mi manera, te tendr\u00e9 presente<br>en cada uno de mis<br>cansados d\u00edas<br>Miedo de no reconocerte<br>tengo miedo, de tenerte y no poder verte<br>Seguro que como un ni\u00f1o<br>ver\u00e9 los d\u00edas pasar<br>cada vez a m\u00e1s<br>Y lo que siento<br>es no poderte recordar<br>S\u00e9 que sufrir\u00e1s<br>por mi culpa<br>perd\u00f3n te pido<br>por si no te lo puedo pedir<br>Cuando ya no puedas saber qui\u00e9n soy<br>quiero que me cojas de la mano<br>y me lleves a pasear donde<br>ni\u00f1os paseamos<br>donde nuestro primer beso<br>donde sin miradas, nos abrazamos<\/p>\n\n\n\n<p class=\"has-text-align-center\"><strong>Autor: Antonio Corral S\u00e1nchez<\/strong><\/p>\n<\/div><\/div><\/div>\n\n\n\n<div class=\"wp-block-kadence-pane kt-accordion-pane kt-accordion-pane-5 kt-pane3067_3622fc-88\"><div class=\"kt-accordion-header-wrap\"><button class=\"kt-blocks-accordion-header kt-acccordion-button-label-show\" type=\"button\"><span class=\"kt-blocks-accordion-title-wrap\"><span class=\"kt-blocks-accordion-title\"><strong>HOY SE HA LEVANTADO &#8211; 10\/11\/2011<\/strong><\/span><\/span><span class=\"kt-blocks-accordion-icon-trigger\"><\/span><\/button><\/div><div class=\"kt-accordion-panel kt-accordion-panel-hidden\"><div class=\"kt-accordion-panel-inner\">\n<p class=\"has-text-align-center\">\u00a1Hoy se ha levantado,<br>y no sabe qui\u00e9n es!<br>La luz que la iluminaba<br>acaba de desaparecer<br>\u00a1Y en estos momentos,<br>ya no tiene lucidez!<br>Se han llevado sus recuerdos<br>sus sue\u00f1os y sus ilusiones tambi\u00e9n<br>y vive en su Mundo<br>\u00a1D\u00f3nde s\u00f3lo busca las fantas\u00edas de su ni\u00f1ez!<br>Ya no abraza a los suyos,<br>\u00a1por eso abr\u00e1zala,<br>su mirada est\u00e1 ausente<br>\u00a1Por eso m\u00edrale\u2026!<br>Y dile una y otra vez<br>lo mucho que la quieres<br>y que no la quieres perder.<br>No la dejes sola ni un momento<br>y ens\u00e9\u00f1ale de nuevo a querer<br>\u00a1C\u00f3mo ella te ense\u00f1\u00f3 a ti alguna vez!<br>Acurr\u00facala en tus brazos<br>y abr\u00e1zala despu\u00e9s<br>y dile que la Quieres<br>una y otra vez.<\/p>\n\n\n\n<p class=\"has-text-align-center\"><strong>Autora: Mari<\/strong><\/p>\n<\/div><\/div><\/div>\n\n\n\n<div class=\"wp-block-kadence-pane kt-accordion-pane kt-accordion-pane-6 kt-pane3067_6d5644-6b\"><div class=\"kt-accordion-header-wrap\"><button class=\"kt-blocks-accordion-header kt-acccordion-button-label-show\" type=\"button\"><span class=\"kt-blocks-accordion-title-wrap\"><span class=\"kt-blocks-accordion-title\"><strong>ANGOSTA Y REDUCIDA &#8211; 27\/10\/2011<\/strong><\/span><\/span><span class=\"kt-blocks-accordion-icon-trigger\"><\/span><\/button><\/div><div class=\"kt-accordion-panel kt-accordion-panel-hidden\"><div class=\"kt-accordion-panel-inner\">\n<p class=\"has-text-align-center\">Angosta y reducida se ha quedado<br>el paso de los a\u00f1os no es en balde<br>y no le queda nadie que respalde<br>su vida, casi al t\u00e9rmino ha llegado<br>Cubre de niebla espesa, blanquecina,<br>recuerdos de su infancia y su existencia,<br>forjados entre soles y carencia<br>de lujos bajo sombras de una encina<br>Ahora mira un mundo desva\u00eddo,<br>tras a\u00f1os no lo aprecia ni valora,<br>confunde su belleza en esta hora<br>con otro sin m\u00e1s nombre ni apellido<br>Sentada en el jard\u00edn, lee poes\u00eda<br>le vienen a la mente de repente<br>recuerdos y vivencias en torrente,<br>recuerdos que ella guarda de alg\u00fan d\u00eda<br>\u00a1Alzheimer! Le has robado poco a poco<br>la vida que ella hizo con dolor,<br>m\u00e1s ella sigue cuerda con valor.<br>Tama\u00f1o su coraje, aqu\u00ed lo evoco.<\/p>\n<\/div><\/div><\/div>\n\n\n\n<div class=\"wp-block-kadence-pane kt-accordion-pane kt-accordion-pane-7 kt-pane3067_1a0637-97\"><div class=\"kt-accordion-header-wrap\"><button class=\"kt-blocks-accordion-header kt-acccordion-button-label-show\" type=\"button\"><span class=\"kt-blocks-accordion-title-wrap\"><span class=\"kt-blocks-accordion-title\"><strong>ENTRE RECUERDOS Y OLVIDOS &#8211; 22\/09\/2011<\/strong><\/span><\/span><span class=\"kt-blocks-accordion-icon-trigger\"><\/span><\/button><\/div><div class=\"kt-accordion-panel kt-accordion-panel-hidden\"><div class=\"kt-accordion-panel-inner\">\n<p class=\"has-text-align-center\">Es tan poca la distancia,<br>entre recuerdos y olvidos,<br>presente y pasado\u2026<br>Es tan cercano<br>y tan f\u00e1cil de cruzar,<br>tan poco el l\u00edmite<br>entre el recuerdo y el olvido\u2026<br>Y a\u00fan as\u00ed ning\u00fan recuerdo<br>se puede llevar al olvido<br>todo lo olvidado, se vuelve recuerdo<br>y el mejor recuerdo se olvida<br>El olvido se recuerda, una y otra vez,<br>a tu ser atormenta y tortura\u2026<br>Y me cabe la duda:<br>Sabe alguien acaso,<br>\u00bfad\u00f3nde lleva este mundo?<br>Este mundo conduce<br>\u00bfal recuerdo o al olvido?<br>Si todo lo que en \u00e9l sucede,<br>queda en el recuerdo<br>y luego se olvida\u2026<br>\u00bfSabe alguien,<br>\u00bfd\u00f3nde quedo mi crueldad? \u00bfLa perd\u00ed?<br>\u00bfO ser\u00e1 que nunca la tuve?<br>Eso, ya no lo recuerdo\u2026<br>Y tampoco me acuerdo<br>de lo que quer\u00eda olvidar,<br>no me lo recuerden,<br>porque no s\u00e9, ni quiero saber\u2026<br>Y no me olvido jam\u00e1s<br>de lo que quer\u00eda recordar<br>aunque a veces olvido mis recuerdos,<br>recuerdo mis olvidos,<br>no me acuerdo de olvidarme<br>de lo que no me quiero acordar\u2026<\/p>\n\n\n\n<p class=\"has-text-align-center\"><strong>Autora: Eliana<\/strong><\/p>\n<\/div><\/div><\/div>\n\n\n\n<div class=\"wp-block-kadence-pane kt-accordion-pane kt-accordion-pane-8 kt-pane3067_c03a90-84\"><div class=\"kt-accordion-header-wrap\"><button class=\"kt-blocks-accordion-header kt-acccordion-button-label-show\" type=\"button\"><span class=\"kt-blocks-accordion-title-wrap\"><span class=\"kt-blocks-accordion-title\"><strong>ALZHEIMER &#8211; 23\/06\/2011<\/strong><\/span><\/span><span class=\"kt-blocks-accordion-icon-trigger\"><\/span><\/button><\/div><div class=\"kt-accordion-panel kt-accordion-panel-hidden\"><div class=\"kt-accordion-panel-inner\">\n<p class=\"has-text-align-center\">Mis ojos ven pero mi alma est\u00e1 ciega,<br>observo como r\u00eden y mi alma llora<br>\u00bfCu\u00e1l ser\u00e1 la p\u00e1gina siguiente?<br>Despu\u00e9s de escribir por horas, por que<br>ya no hay horas pasadas, solo recuerdo<br>unas pocas horas en mi memoria<br>Porque aunque el d\u00eda tenga veinticuatro horas,<br>solo unas pocas me dan vida<br>Mi coraz\u00f3n recuerda, mi alma siente y mi mente olvida<br>Hoy recuerdo que estoy en un asilo y pronto<br>ser\u00e1 otra p\u00e1gina en el olvido<br>Alzheimer quiso venir a estar conmigo.<\/p>\n\n\n\n<p class=\"has-text-align-center\"><strong>Autora: Viviana Cernadas<\/strong><\/p>\n<\/div><\/div><\/div>\n\n\n\n<div class=\"wp-block-kadence-pane kt-accordion-pane kt-accordion-pane-9 kt-pane3067_dbcd6c-2e\"><div class=\"kt-accordion-header-wrap\"><button class=\"kt-blocks-accordion-header kt-acccordion-button-label-show\" type=\"button\"><span class=\"kt-blocks-accordion-title-wrap\"><span class=\"kt-blocks-accordion-title\"><strong>DESAYUNO CON ALZHEIMER &#8211; 26\/05\/2011<\/strong><\/span><\/span><span class=\"kt-blocks-accordion-icon-trigger\"><\/span><\/button><\/div><div class=\"kt-accordion-panel kt-accordion-panel-hidden\"><div class=\"kt-accordion-panel-inner\">\n<p class=\"has-text-align-center\">No quisiera tener que completar<br>pensamientos dram\u00e1ticos,<br>pero esto no va bien:<br>No recuerdo el rumor de tu cintura,<br>no s\u00e9 poner caf\u00e9<br>\u00bfA qu\u00e9 huele la canela\u2026?<br>\u00bfAlguien puede indicarme la charla de los p\u00e1jaros?<br>No, no s\u00e9 cu\u00e1l es el color del cielo,<br>y mira, hace rato que estoy mirando<br>con los ojos de lo trascendental,<br>pero se desvanece<br>como una delgadez de vena rota,<br>sin memoria, sin m\u00ed<br>\u00bfAlguien puede indicarme la palabra y la brisa?<br>Yo conoc\u00eda el aire y los gorriones<br>de todas las ma\u00f1anas,<br>pero esto no va bien:<br>No recuerdo la forma de las cosas,<br>observo desde cerca,<br>no s\u00e9 poner caf\u00e9\u2026<br>\u00bfTe dije que el invierno vuelve blanco el tejado,<br>que a veces lloran sin saber por qu\u00e9,<br>mis etapas, mi sombra y sus pisadas?<br>\u00bfTe dije que la noche es como un \u00e9xodo<br>y que me embiste el miedo<br>por si acaso confundo lo vivido?<br>No s\u00e9 poner caf\u00e9\u2026<br>Tampoco s\u00e9 tu nombre. No deja de llover.<\/p>\n\n\n\n<p class=\"has-text-align-center\"><strong>Autora: Paloma Corrales<\/strong><\/p>\n<\/div><\/div><\/div>\n\n\n\n<div class=\"wp-block-kadence-pane kt-accordion-pane kt-accordion-pane-10 kt-pane3067_fe80fe-e8\"><div class=\"kt-accordion-header-wrap\"><button class=\"kt-blocks-accordion-header kt-acccordion-button-label-show\" type=\"button\"><span class=\"kt-blocks-accordion-title-wrap\"><span class=\"kt-blocks-accordion-title\"><strong>\u00bfPODR\u00c1 EL ALZHEIMER? &#8211; 12\/05\/2011<\/strong><\/span><\/span><span class=\"kt-blocks-accordion-icon-trigger\"><\/span><\/button><\/div><div class=\"kt-accordion-panel kt-accordion-panel-hidden\"><div class=\"kt-accordion-panel-inner\">\n<p class=\"has-text-align-center\">Aunque t\u00fa ya no sepas<br>quien hasta ayer fui, ni quien soy hoy<br>porque el \u201cAlzheimer\u201d de tu mente<br>los recuerdos te rob\u00f3\u2026<br>En la m\u00eda los conservo<br>intactos para los dos\u2026<br>Eres el amor de mi vida<br>el que Dios me regal\u00f3<br>El que camin\u00f3 a mi lado<br>en las alegr\u00edas y en el dolor<br>El que miraba junto conmigo<br>salidas y puestas de sol\u2026<br>El que reclinaba su pecho<br>en el m\u00edo, buscando calor<br>El que me compraba rosas<br>y me escrib\u00eda poemas de amor<br>El que me juraba amor eterno<br>m\u00e1s all\u00e1 de la pasi\u00f3n\u2026<br>El que derram\u00f3 muchas l\u00e1grimas<br>cuando dimos el s\u00ed ante Dios.<br>Hoy que tu mente no brilla<br>y que ya no sabes qui\u00e9n soy.<br>Para mi sigues siendo el hombre<br>que conquist\u00f3 mi coraz\u00f3n\u2026<br>Esta enfermedad \u00a1tan triste! No ser\u00e1 una barrera<br>que se interponga entre vos y yo.<br>Seguir\u00e1s siendo mi alma gemela<br>porque ni la muerte acallar\u00e1 este amor<br>Con mis ojos te expreso todo lo que siento<br>no es un compromiso, es mi comprensi\u00f3n<br>hacia un ser que me dio su vida por entero<br>y porque sea feliz siempre se jug\u00f3.<\/p>\n\n\n\n<p class=\"has-text-align-center\"><strong>Autora: Libia Beatriz Carciofettira<\/strong><\/p>\n<\/div><\/div><\/div>\n\n\n\n<div class=\"wp-block-kadence-pane kt-accordion-pane kt-accordion-pane-3 kt-pane3067_b1c8e5-a8\"><div class=\"kt-accordion-header-wrap\"><button class=\"kt-blocks-accordion-header kt-acccordion-button-label-show\" type=\"button\"><span class=\"kt-blocks-accordion-title-wrap\"><span class=\"kt-blocks-accordion-title\"><strong>LA ANTESALA DEL OLVIDO &#8211; 07\/04\/2011<\/strong><\/span><\/span><span class=\"kt-blocks-accordion-icon-trigger\"><\/span><\/button><\/div><div class=\"kt-accordion-panel kt-accordion-panel-hidden\"><div class=\"kt-accordion-panel-inner\">\n<p class=\"has-text-align-center\">Van emergiendo recuerdos<br>ahogados anta\u00f1o<br>en la profundidad<br>del tiempo,<br>mientras la vida,<br>lentamente se esconde<br>entre sus dedos<br>Su reloj, en alguna<br>rec\u00f3ndita \u00e9poca se<br>detiene,<br>n\u00e1ufragos hoy entre<br>las lagunas del<br>presente<br>Y enredados en su<br>propio delirio,<br>conversan con \u00abaquellos\u00bb<br>que se han ido<br>El cuerpo les falla,<br>la memoria, la han<br>perdido.<\/p>\n\n\n\n<p class=\"has-text-align-center\"><strong>Autora: Esperanza Mas Llabr\u00e9s<\/strong><\/p>\n<\/div><\/div><\/div>\n\n\n\n<div class=\"wp-block-kadence-pane kt-accordion-pane kt-accordion-pane-2 kt-pane3067_84ccce-2e\"><div class=\"kt-accordion-header-wrap\"><button class=\"kt-blocks-accordion-header kt-acccordion-button-label-show\" type=\"button\"><span class=\"kt-blocks-accordion-title-wrap\"><span class=\"kt-blocks-accordion-title\"><strong>ALZHEIMER &#8211; 13\/01\/2011<\/strong><\/span><\/span><span class=\"kt-blocks-accordion-icon-trigger\"><\/span><\/button><\/div><div class=\"kt-accordion-panel kt-accordion-panel-hidden\"><div class=\"kt-accordion-panel-inner\">\n<p class=\"has-text-align-center\">Quisiera bailar con tus tristezas<br>arroparte en tus noches con amor<br>pero veo que no me reconoces ya, madre\u2026<br>Esa enfermedad maldita que causa tanto dolor,<br>mi coraz\u00f3n de miedo bombea esperanza<br>tu mirada perdida me hace sufrir<br>pero yo soy como aquel tapiz, aquella mancha<br>que seg\u00fan la mires ni sabes porque est\u00e1 all\u00ed<br>Como aquel \u00e1guila que se pierde en la monta\u00f1a<br>mis palabras son nanas de una cuna pobre<br>y s\u00e9 que ni entiendes cuando alguien te habla<br>por mucho que huyas cuando te escondes<br>La Luna est\u00e1 muerta, muerta de verte as\u00ed<br>y aunque te tragues tu amargura solitaria<br>recuerda que siempre yo estar\u00e9 aqu\u00ed,<br>luchando aqu\u00ed detr\u00e1s de tu sombra<br>velando d\u00eda y noche por tu felicidad<br>pasando las horas, los d\u00edas, los meses<br>temiendo que un d\u00eda llegue Navidad<br>Por faltarle el canto de esa boca vieja<br>aquellos villancicos que cantamos todos<br>queriendo ser miel de la misma abeja<br>que de tanto cantar nos qued\u00e1bamos sordos<br>Est\u00e1s y no est\u00e1s eso es lo que duele<br>ignoras el cari\u00f1o que te da mi amor<br>y cuando te hablo las letras se mueren<br>porqu\u00e9 t\u00fa ignoras hasta que soy yo.<\/p>\n\n\n\n<p class=\"has-text-align-center\"><strong>Autor: Juan Luna Llac<\/strong><\/p>\n<\/div><\/div><\/div>\n<\/div><\/div><\/div>\n<\/div><\/div>\n\n\n\n<div class=\"wp-block-kadence-tab kt-tab-inner-content kt-inner-tab-16 kt-inner-tabd182cf-a9\"><div class=\"kt-tab-inner-content-inner\"><style>.kt-accordion-id3067_ce554a-48 .kt-accordion-inner-wrap{column-gap:var(--global-kb-gap-md, 2rem);row-gap:10px;}.kt-accordion-id3067_ce554a-48 .kt-accordion-panel-inner{border-top:0px solid transparent;border-right:0px solid transparent;border-bottom:0px solid transparent;border-left:0px solid transparent;background:#ffffff;padding-top:var(--global-kb-spacing-sm, 1.5rem);padding-right:var(--global-kb-spacing-sm, 1.5rem);padding-bottom:var(--global-kb-spacing-sm, 1.5rem);padding-left:var(--global-kb-spacing-sm, 1.5rem);}.kt-accordion-id3067_ce554a-48 > .kt-accordion-inner-wrap > .wp-block-kadence-pane > .kt-accordion-header-wrap > .kt-blocks-accordion-header{border-top:0px solid #f2f2f2;border-right:0px solid #f2f2f2;border-bottom:0px solid #f2f2f2;border-left:0px solid #f2f2f2;border-top-left-radius:6px;border-top-right-radius:6px;border-bottom-right-radius:6px;border-bottom-left-radius:6px;background:#f2f2f2;color:#555555;padding-top:14px;padding-right:16px;padding-bottom:14px;padding-left:16px;}.kt-accordion-id3067_ce554a-48:not( .kt-accodion-icon-style-basiccircle ):not( .kt-accodion-icon-style-xclosecircle ):not( .kt-accodion-icon-style-arrowcircle )  > .kt-accordion-inner-wrap > .wp-block-kadence-pane > .kt-accordion-header-wrap .kt-blocks-accordion-icon-trigger:after, .kt-accordion-id3067_ce554a-48:not( .kt-accodion-icon-style-basiccircle ):not( .kt-accodion-icon-style-xclosecircle ):not( .kt-accodion-icon-style-arrowcircle )  > .kt-accordion-inner-wrap > .wp-block-kadence-pane > .kt-accordion-header-wrap .kt-blocks-accordion-icon-trigger:before{background:#555555;}.kt-accordion-id3067_ce554a-48:not( .kt-accodion-icon-style-basic ):not( .kt-accodion-icon-style-xclose ):not( .kt-accodion-icon-style-arrow ) .kt-blocks-accordion-icon-trigger{background:#555555;}.kt-accordion-id3067_ce554a-48:not( .kt-accodion-icon-style-basic ):not( .kt-accodion-icon-style-xclose ):not( .kt-accodion-icon-style-arrow ) .kt-blocks-accordion-icon-trigger:after, .kt-accordion-id3067_ce554a-48:not( .kt-accodion-icon-style-basic ):not( .kt-accodion-icon-style-xclose ):not( .kt-accodion-icon-style-arrow ) .kt-blocks-accordion-icon-trigger:before{background:#f2f2f2;}.kt-accordion-id3067_ce554a-48 > .kt-accordion-inner-wrap > .wp-block-kadence-pane > .kt-accordion-header-wrap > .kt-blocks-accordion-header:hover, \n\t\t\t\tbody:not(.hide-focus-outline) .kt-accordion-id3067_ce554a-48 .kt-blocks-accordion-header:focus-visible{color:#444444;background:#eeeeee;border-top-color:#eeeeee;border-top-style:solid;border-right-color:#eeeeee;border-right-style:solid;border-bottom-color:#eeeeee;border-bottom-style:solid;border-left-color:#eeeeee;border-left-style:solid;}.kt-accordion-id3067_ce554a-48:not( .kt-accodion-icon-style-basiccircle ):not( .kt-accodion-icon-style-xclosecircle ):not( .kt-accodion-icon-style-arrowcircle ) .kt-accordion-header-wrap .kt-blocks-accordion-header:hover .kt-blocks-accordion-icon-trigger:after, .kt-accordion-id3067_ce554a-48:not( .kt-accodion-icon-style-basiccircle ):not( .kt-accodion-icon-style-xclosecircle ):not( .kt-accodion-icon-style-arrowcircle ) .kt-accordion-header-wrap .kt-blocks-accordion-header:hover .kt-blocks-accordion-icon-trigger:before, body:not(.hide-focus-outline) .kt-accordion-id3067_ce554a-48:not( .kt-accodion-icon-style-basiccircle ):not( .kt-accodion-icon-style-xclosecircle ):not( .kt-accodion-icon-style-arrowcircle ) .kt-blocks-accordion--visible .kt-blocks-accordion-icon-trigger:after, body:not(.hide-focus-outline) .kt-accordion-id3067_ce554a-48:not( .kt-accodion-icon-style-basiccircle ):not( .kt-accodion-icon-style-xclosecircle ):not( .kt-accodion-icon-style-arrowcircle ) .kt-blocks-accordion-header:focus-visible .kt-blocks-accordion-icon-trigger:before{background:#444444;}.kt-accordion-id3067_ce554a-48:not( .kt-accodion-icon-style-basic ):not( .kt-accodion-icon-style-xclose ):not( .kt-accodion-icon-style-arrow ) .kt-accordion-header-wrap .kt-blocks-accordion-header:hover .kt-blocks-accordion-icon-trigger, body:not(.hide-focus-outline) .kt-accordion-id3067_ce554a-48:not( .kt-accodion-icon-style-basic ):not( .kt-accodion-icon-style-xclose ):not( .kt-accodion-icon-style-arrow ) .kt-accordion-header-wrap .kt-blocks-accordion-header:focus-visible .kt-blocks-accordion-icon-trigger{background:#444444;}.kt-accordion-id3067_ce554a-48:not( .kt-accodion-icon-style-basic ):not( .kt-accodion-icon-style-xclose ):not( .kt-accodion-icon-style-arrow ) .kt-accordion-header-wrap .kt-blocks-accordion-header:hover .kt-blocks-accordion-icon-trigger:after, .kt-accordion-id3067_ce554a-48:not( .kt-accodion-icon-style-basic ):not( .kt-accodion-icon-style-xclose ):not( .kt-accodion-icon-style-arrow ) .kt-accordion-header-wrap .kt-blocks-accordion-header:hover .kt-blocks-accordion-icon-trigger:before, body:not(.hide-focus-outline) .kt-accordion-id3067_ce554a-48:not( .kt-accodion-icon-style-basic ):not( .kt-accodion-icon-style-xclose ):not( .kt-accodion-icon-style-arrow ) .kt-accordion-header-wrap .kt-blocks-accordion-header:focus-visible .kt-blocks-accordion-icon-trigger:after, body:not(.hide-focus-outline) .kt-accordion-id3067_ce554a-48:not( .kt-accodion-icon-style-basic ):not( .kt-accodion-icon-style-xclose ):not( .kt-accodion-icon-style-arrow ) .kt-accordion-header-wrap .kt-blocks-accordion-header:focus-visible .kt-blocks-accordion-icon-trigger:before{background:#eeeeee;}.kt-accordion-id3067_ce554a-48 .kt-accordion-header-wrap .kt-blocks-accordion-header:focus-visible,\n\t\t\t\t.kt-accordion-id3067_ce554a-48 > .kt-accordion-inner-wrap > .wp-block-kadence-pane > .kt-accordion-header-wrap > .kt-blocks-accordion-header.kt-accordion-panel-active{color:#ffffff;background:#f3690e;border-top-color:#f3690e;border-top-style:solid;border-right-color:#f3690e;border-right-style:solid;border-bottom-color:#f3690e;border-bottom-style:solid;border-left-color:#f3690e;border-left-style:solid;}.kt-accordion-id3067_ce554a-48:not( .kt-accodion-icon-style-basiccircle ):not( .kt-accodion-icon-style-xclosecircle ):not( .kt-accodion-icon-style-arrowcircle )  > .kt-accordion-inner-wrap > .wp-block-kadence-pane > .kt-accordion-header-wrap > .kt-blocks-accordion-header.kt-accordion-panel-active .kt-blocks-accordion-icon-trigger:after, .kt-accordion-id3067_ce554a-48:not( .kt-accodion-icon-style-basiccircle ):not( .kt-accodion-icon-style-xclosecircle ):not( .kt-accodion-icon-style-arrowcircle )  > .kt-accordion-inner-wrap > .wp-block-kadence-pane > .kt-accordion-header-wrap > .kt-blocks-accordion-header.kt-accordion-panel-active .kt-blocks-accordion-icon-trigger:before{background:#ffffff;}.kt-accordion-id3067_ce554a-48:not( .kt-accodion-icon-style-basic ):not( .kt-accodion-icon-style-xclose ):not( .kt-accodion-icon-style-arrow ) .kt-blocks-accordion-header.kt-accordion-panel-active .kt-blocks-accordion-icon-trigger{background:#ffffff;}.kt-accordion-id3067_ce554a-48:not( .kt-accodion-icon-style-basic ):not( .kt-accodion-icon-style-xclose ):not( .kt-accodion-icon-style-arrow ) .kt-blocks-accordion-header.kt-accordion-panel-active .kt-blocks-accordion-icon-trigger:after, .kt-accordion-id3067_ce554a-48:not( .kt-accodion-icon-style-basic ):not( .kt-accodion-icon-style-xclose ):not( .kt-accodion-icon-style-arrow ) .kt-blocks-accordion-header.kt-accordion-panel-active .kt-blocks-accordion-icon-trigger:before{background:#f3690e;}@media all and (max-width: 1024px){.kt-accordion-id3067_ce554a-48 .kt-accordion-panel-inner{border-top:0px solid transparent;border-right:0px solid transparent;border-bottom:0px solid transparent;border-left:0px solid transparent;}}@media all and (max-width: 1024px){.kt-accordion-id3067_ce554a-48 > .kt-accordion-inner-wrap > .wp-block-kadence-pane > .kt-accordion-header-wrap > .kt-blocks-accordion-header{border-top:0px solid #f2f2f2;border-right:0px solid #f2f2f2;border-bottom:0px solid #f2f2f2;border-left:0px solid #f2f2f2;}}@media all and (max-width: 1024px){.kt-accordion-id3067_ce554a-48 > .kt-accordion-inner-wrap > .wp-block-kadence-pane > .kt-accordion-header-wrap > .kt-blocks-accordion-header:hover, \n\t\t\t\tbody:not(.hide-focus-outline) .kt-accordion-id3067_ce554a-48 .kt-blocks-accordion-header:focus-visible{border-top-color:#eeeeee;border-top-style:solid;border-right-color:#eeeeee;border-right-style:solid;border-bottom-color:#eeeeee;border-bottom-style:solid;border-left-color:#eeeeee;border-left-style:solid;}}@media all and (max-width: 1024px){.kt-accordion-id3067_ce554a-48 .kt-accordion-header-wrap .kt-blocks-accordion-header:focus-visible,\n\t\t\t\t.kt-accordion-id3067_ce554a-48 > .kt-accordion-inner-wrap > .wp-block-kadence-pane > .kt-accordion-header-wrap > .kt-blocks-accordion-header.kt-accordion-panel-active{border-top-color:#f3690e;border-top-style:solid;border-right-color:#f3690e;border-right-style:solid;border-bottom-color:#f3690e;border-bottom-style:solid;border-left-color:#f3690e;border-left-style:solid;}}@media all and (max-width: 767px){.kt-accordion-id3067_ce554a-48 .kt-accordion-inner-wrap{display:block;}.kt-accordion-id3067_ce554a-48 .kt-accordion-inner-wrap .kt-accordion-pane:not(:first-child){margin-top:10px;}.kt-accordion-id3067_ce554a-48 .kt-accordion-panel-inner{border-top:0px solid transparent;border-right:0px solid transparent;border-bottom:0px solid transparent;border-left:0px solid transparent;}.kt-accordion-id3067_ce554a-48 > .kt-accordion-inner-wrap > .wp-block-kadence-pane > .kt-accordion-header-wrap > .kt-blocks-accordion-header{border-top:0px solid #f2f2f2;border-right:0px solid #f2f2f2;border-bottom:0px solid #f2f2f2;border-left:0px solid #f2f2f2;}.kt-accordion-id3067_ce554a-48 > .kt-accordion-inner-wrap > .wp-block-kadence-pane > .kt-accordion-header-wrap > .kt-blocks-accordion-header:hover, \n\t\t\t\tbody:not(.hide-focus-outline) .kt-accordion-id3067_ce554a-48 .kt-blocks-accordion-header:focus-visible{border-top-color:#eeeeee;border-top-style:solid;border-right-color:#eeeeee;border-right-style:solid;border-bottom-color:#eeeeee;border-bottom-style:solid;border-left-color:#eeeeee;border-left-style:solid;}.kt-accordion-id3067_ce554a-48 .kt-accordion-header-wrap .kt-blocks-accordion-header:focus-visible,\n\t\t\t\t.kt-accordion-id3067_ce554a-48 > .kt-accordion-inner-wrap > .wp-block-kadence-pane > .kt-accordion-header-wrap > .kt-blocks-accordion-header.kt-accordion-panel-active{border-top-color:#f3690e;border-top-style:solid;border-right-color:#f3690e;border-right-style:solid;border-bottom-color:#f3690e;border-bottom-style:solid;border-left-color:#f3690e;border-left-style:solid;}}<\/style>\n<div class=\"wp-block-kadence-accordion alignnone\"><div class=\"kt-accordion-wrap kt-accordion-id3067_ce554a-48 kt-accordion-has-10-panes kt-active-pane-0 kt-accordion-block kt-pane-header-alignment-left kt-accodion-icon-style-basic kt-accodion-icon-side-right\" style=\"max-width:none\"><div class=\"kt-accordion-inner-wrap\" data-allow-multiple-open=\"false\" data-start-open=\"none\">\n<div class=\"wp-block-kadence-pane kt-accordion-pane kt-accordion-pane-1 kt-pane3067_cc22ff-6d\"><div class=\"kt-accordion-header-wrap\"><button class=\"kt-blocks-accordion-header kt-acccordion-button-label-show\" type=\"button\"><span class=\"kt-blocks-accordion-title-wrap\"><span class=\"kt-blocks-accordion-title\"><strong>HOY SE HA LEVANTADO &#8211; 16\/12\/2010<\/strong><\/span><\/span><span class=\"kt-blocks-accordion-icon-trigger\"><\/span><\/button><\/div><div class=\"kt-accordion-panel kt-accordion-panel-hidden\"><div class=\"kt-accordion-panel-inner\">\n<p class=\"has-text-align-center\">Hoy se ha levantado<br>y no sabe qui\u00e9n es<br>La luz que la iluminaba<br>acaba de desaparecer<br>y en estos momentos\u2026<br>ya no tiene lucidez<br>Se han llevado sus recuerdos<br>sus sue\u00f1os y sus ilusiones tambi\u00e9n<br>Y vive en su mundo<br>donde s\u00f3lo busca\u2026<br>las fantas\u00edas de su ni\u00f1ez<br>Ya no abraza a los suyos<br>por eso abr\u00e1zale<br>Su mirada est\u00e1 ausente<br>por eso m\u00edrale<br>Y dile una y otra vez<br>lo mucho que la quieres<br>y que no la quieres perder<br>No la dejes sola ni un momento<br>y ens\u00e9\u00f1ale de nuevo a querer<br>como ella te ense\u00f1\u00f3<br>a t\u00ed alguna vez<br>Acurr\u00facala en tus brazos<br>y abr\u00e1zala despu\u00e9s<br>\u201cY dile que la quieres\u201d<br>Una y otra vez<\/p>\n<\/div><\/div><\/div>\n\n\n\n<div class=\"wp-block-kadence-pane kt-accordion-pane kt-accordion-pane-3 kt-pane3067_206ec3-d3\"><div class=\"kt-accordion-header-wrap\"><button class=\"kt-blocks-accordion-header kt-acccordion-button-label-show\" type=\"button\"><span class=\"kt-blocks-accordion-title-wrap\"><span class=\"kt-blocks-accordion-title\"><strong>BIT\u00c1CORA DEL OLVIDO &#8211; 18\/11\/2010<\/strong><\/span><\/span><span class=\"kt-blocks-accordion-icon-trigger\"><\/span><\/button><\/div><div class=\"kt-accordion-panel kt-accordion-panel-hidden\"><div class=\"kt-accordion-panel-inner\">\n<p class=\"has-text-align-center\">Hoy es jueves dieciocho,<br>Mirada de hombres<br>y recuerdos de voces\u2026<br>Ma\u00f1ana tal vez no cuente,<br>es probable que dude de ser paciente<br>\u00bfLloro por sue\u00f1os, o sue\u00f1o por llantos?\u2026<br>No recuerdo lo de ayer pero si lo de hace tanto\u2026<br>Pienso, pienso y trato de recordar<br>\u00bflleva papas?, \u00bftiene harina? \u00bfcu\u00e1nto lo debo cocinar?,<br>\u00bfes azul?, \u00bfes amarillo? \u00bfqu\u00e9 n\u00famero va primero?<br>Y \u00e9l, \u00bfes mi amigo o es s\u00f3lo el cartero?<br>\u00bfEs eso el llanto de un beb\u00e9 o el sonido de una cesta al caer?<br>\u00bfPor qu\u00e9 no recuerdo las diferencias?\u2026<br>\u00bfHace cu\u00e1nto ocurri\u00f3 el suceso? \u00bfun mes? \u00bfpoco tiempo?<br>\u00bfY por qu\u00e9 no recuerdo lo que vi en aquel velero?<br>\u00bfQu\u00e9 era eso?, \u00bfPor qu\u00e9 ni tus ojos recuerdo?<br>\u2026Que agobiante este vac\u00edo<br>El de vivir sin recordar el camino<br>y el de no poder recordar c\u00faal es el calor y cu\u00e1l es el fr\u00edo\u2026<br>Pero, \u00bfc\u00f3mo caminar sin ning\u00fan camino?,<br>\u00bfPor qu\u00e9 pisar aquel destino?<br>\u00bfY por qu\u00e9 ya no siento tu haber escrito?<br>Dolor\u2026 angustia\u2026 miedo\u2026 vac\u00edo\u2026<br>Terribles sentimientos que me hacen correr hacia la vista de ojos ca\u00eddos\u2026<br>Pero, \u00bfpor qu\u00e9 quiero recordar lo que para m\u00ed no tiene sentido?..<br>Pensar que me pierdo en mi propio motivo,<br>y que todos los recuerdos se quedan en el olvido\u2026<br>\u2026Nunca te r\u00edas de quien olvid\u00f3 su gu\u00eda<br>Ay\u00fadale y recu\u00e9rdale como vivir la vida<br>No te dejes llevar por la ira<br>Y no lo dejes olvidar la alegr\u00eda\u2026<\/p>\n\n\n\n<p class=\"has-text-align-center\"><strong>Autora: Valeria Provenzano L.<\/strong><\/p>\n<\/div><\/div><\/div>\n\n\n\n<div class=\"wp-block-kadence-pane kt-accordion-pane kt-accordion-pane-4 kt-pane3067_5916a6-cd\"><div class=\"kt-accordion-header-wrap\"><button class=\"kt-blocks-accordion-header kt-acccordion-button-label-show\" type=\"button\"><span class=\"kt-blocks-accordion-title-wrap\"><span class=\"kt-blocks-accordion-title\"><strong>ALZHEIMER &#8211; 04\/11\/2010<\/strong><\/span><\/span><span class=\"kt-blocks-accordion-icon-trigger\"><\/span><\/button><\/div><div class=\"kt-accordion-panel kt-accordion-panel-hidden\"><div class=\"kt-accordion-panel-inner\">\n<p class=\"has-text-align-center\">Antes de que te fueras grab\u00e9 a escondidas tu risa<br>para que en horas muertas, me adelantara el reloj<br>Antes de tu partida hacia esa nada infinita<br>copi\u00e9 tu cuerpo desnudo en mi lado del colch\u00f3n<br>Y de lunes a domingo en las horas de visita<br>miro, buscando sin verte, donde supongo que est\u00e1s,<br>amarr\u00e1ndote a mi mano voy viviendo esta agon\u00eda<br>de saber que ya te has ido. Y no te vas\u2026<br>Cuando vuelvo a nuestra casa, busco el eco de tus pasos<br>y esos ruidos que me hac\u00edan renegar<br>tu programa preferido, esas risas y tus cantos<br>Y el silencio no me deja respirar<br>Ya no marco el calendario, no hay futuro para m\u00ed,<br>mi presente est\u00e1 en tus manos y no sabes que est\u00e1 ah\u00ed<br>Y disculpa, si ma\u00f1ana no me acerco,<br>si mi rosa no acompa\u00f1a a tu jarr\u00f3n,<br>sin ti, vida, yo hace tiempo que estoy muerto<br>C\u00f3mo veo que no vuelves,<br>esta noche , decid\u00ed, que ya voy yo<\/p>\n\n\n\n<p class=\"has-text-align-center\"><strong>Autor: Mi\u00e9rcoles<\/strong><\/p>\n<\/div><\/div><\/div>\n\n\n\n<div class=\"wp-block-kadence-pane kt-accordion-pane kt-accordion-pane-5 kt-pane3067_e7d7d5-6e\"><div class=\"kt-accordion-header-wrap\"><button class=\"kt-blocks-accordion-header kt-acccordion-button-label-show\" type=\"button\"><span class=\"kt-blocks-accordion-title-wrap\"><span class=\"kt-blocks-accordion-title\"><strong>A MI MADRE, ENFERMA DE ALZHEIMER &#8211; 21\/10\/2010<\/strong><\/span><\/span><span class=\"kt-blocks-accordion-icon-trigger\"><\/span><\/button><\/div><div class=\"kt-accordion-panel kt-accordion-panel-hidden\"><div class=\"kt-accordion-panel-inner\">\n<p class=\"has-text-align-center\">La belleza, la inteligencia,<br>sometidas, sumergidas,<br>en lagunas oscuras<br>sin posibilidad de un ma\u00f1ana<br>Sus ojos<br>en otro tiempo<br>resplandecientes de luz,<br>fueron interrogantes silentes<br>del d\u00eda a d\u00eda, ausentes<br>Su voz<br>acariciante melod\u00eda<br>que aconsejaba y guiaba,<br>fue acallada atrozmente<br>en laberinto sin salida<br>presagio del amargo final<br>Sus manos suaves<br>c\u00e1lidas como la seda,<br>se transformaron en palomas abatidas<br>sin posibilidad de volar<br>Su sonrisa<br>\u00a1Dios\u2026 su sonrisa!<br>Acogedora y amante,<br>despejando dudas y malos humores,<br>se rompi\u00f3 en mil pedazos<br>al no poder so\u00f1ar.<\/p>\n\n\n\n<p class=\"has-text-align-center\"><strong>Autor: Isabel Miralles<\/strong><\/p>\n<\/div><\/div><\/div>\n\n\n\n<div class=\"wp-block-kadence-pane kt-accordion-pane kt-accordion-pane-6 kt-pane3067_0de856-88\"><div class=\"kt-accordion-header-wrap\"><button class=\"kt-blocks-accordion-header kt-acccordion-button-label-show\" type=\"button\"><span class=\"kt-blocks-accordion-title-wrap\"><span class=\"kt-blocks-accordion-title\"><strong>TENGO ALZHEIMER &#8211; 23\/09\/2010<\/strong><\/span><\/span><span class=\"kt-blocks-accordion-icon-trigger\"><\/span><\/button><\/div><div class=\"kt-accordion-panel kt-accordion-panel-hidden\"><div class=\"kt-accordion-panel-inner\">\n<p class=\"has-text-align-center\">Si me ves y te das cuenta que no veo,<br>m\u00edrame<br>Si me ves y te das cuenta que no oigo,<br>h\u00e1blame<br>Si me ves y te das cuenta que tartamudeo,<br>esc\u00fachame<br>Si me ves y te das cuenta que no te puedo tocar,<br>t\u00f3came<br>Si me ves y te das cuenta que me cuesta moverme,<br>mu\u00e9veme<br>Si me ves y te das cuenta de que he ca\u00eddo,<br>lev\u00e1ntame<br>Si me ves y te das cuenta de que tirito,<br>abr\u00e1zame<br>Si me ves y te das cuenta de que lloro,<br>d\u00e9jame llorar<br>Pero no dejes nunca de mirarme, de hablarme, escucharme, de tocarme, de moverme, de levantarme, de abrazarme.<br>Y por encima de todo:<br>No dejes nunca de quererme.<\/p>\n\n\n\n<p class=\"has-text-align-center\"><strong>Autor: Aleix Freixas Torras<\/strong><\/p>\n<\/div><\/div><\/div>\n\n\n\n<div class=\"wp-block-kadence-pane kt-accordion-pane kt-accordion-pane-7 kt-pane3067_643459-9b\"><div class=\"kt-accordion-header-wrap\"><button class=\"kt-blocks-accordion-header kt-acccordion-button-label-show\" type=\"button\"><span class=\"kt-blocks-accordion-title-wrap\"><span class=\"kt-blocks-accordion-title\"><strong>SIENTO QUE NO RECUERDES MI CARA<\/strong><\/span><\/span><span class=\"kt-blocks-accordion-icon-trigger\"><\/span><\/button><\/div><div class=\"kt-accordion-panel kt-accordion-panel-hidden\"><div class=\"kt-accordion-panel-inner\">\n<p class=\"has-text-align-center\">Siento que no recuerdes mi cara<br>Siento que no sonr\u00edas como antes<br>Siento que tus d\u00edas a veces sean sombr\u00edos<br>Siento que algunas noches tengas miedo<br>a pesar de que te coja de la mano<br>Siento que me mires y no me veas<br>Me duele que poco a poco dejes de ser quien fuiste<br>Me duele que olvides lo que un d\u00eda aprendiste y me ense\u00f1aste<br>Me duele solo poder hacerte compa\u00f1\u00eda<br>Y aun as\u00ed que te sientas a solas<br>Lucho cada d\u00eda por ti, por m\u00ed<br>Lucho ante la impotencia de no admitir que poco a poco te vas<br>Lucho porque comas, que lleves el pelo como siempre te gusto<br>Lucho porque no dejes de ser t\u00fa misma<br>Lucho por no perderte tan deprisa<br>Perd\u00f3name si muchas veces te ri\u00f1o con o sin motivo<br>Perd\u00f3name si olvido que t\u00fa olvidaste que hoy es mi d\u00eda<br>Perd\u00f3name si te fuerzo m\u00e1s de lo que debo<br>Perd\u00f3name si te pido que me mires<br>Perd\u00f3name si te pido que me oigas<br>Perd\u00f3name si te pido que me llames por mi nombre<br>Gracias por darme la vida, por amamantarme<br>Gracias por cuidarme cuando me sub\u00eda la fiebre y lloraba sin parar o sin motivo\u2026<br>Gracias por llevarme de paseo, por acompa\u00f1arme el primer d\u00eda al cole<br>Gracias por decirte mil veces no a ti misma en pos de m\u00ed<br>Gracias por curarme las heridas,<br>gracias por tus c\u00e1lidos y fuertes abrazos y besos<br>Te agradezco que a pesar de todo lo que hayamos sufrido y nos queda por sufrir<br>Yo haya aprendido a cerrar mis ojos y mirarme por dentro, a reflexionar, a contener las prisas, a caminar despacio junto a ti en tus paseos,\u2026..<br>Gracias<\/p>\n<\/div><\/div><\/div>\n\n\n\n<div class=\"wp-block-kadence-pane kt-accordion-pane kt-accordion-pane-8 kt-pane3067_c1ead3-5a\"><div class=\"kt-accordion-header-wrap\"><button class=\"kt-blocks-accordion-header kt-acccordion-button-label-show\" type=\"button\"><span class=\"kt-blocks-accordion-title-wrap\"><span class=\"kt-blocks-accordion-title\"><strong>EN LA TRAMPA DEL RECUERDO &#8211; 03\/06\/2010<\/strong><\/span><\/span><span class=\"kt-blocks-accordion-icon-trigger\"><\/span><\/button><\/div><div class=\"kt-accordion-panel kt-accordion-panel-hidden\"><div class=\"kt-accordion-panel-inner\">\n<p class=\"has-text-align-center\">En un lugar en la trampa del recuerdo<br>se olvidaron de los despertadores,<br>de las nueve a seis, de la rutina,<br>del andar con la sombra en los talones<br>por el metro entre muertos con corbata,<br>como un r\u00e9quiem de marchas militares<br>Se olvidaron de los plazos, de las letras,<br>de los bancos, los cr\u00e9ditos, el lastre<br>la luz, el gas, el agua, las maletas,<br>el petr\u00f3leo, los coches, los aviones,<br>las banderas, los muros , las prisiones,<br>los n\u00fameros, las cuadriculas, los renglones<br>Perdieron por el camino los ayeres,<br>las heridas, las mentiras, los ladrones,<br>los dolores de cabeza, los temblores,<br>los callejones sin salida, los tizones,<br>los funerales a las doce de la noche,<br>las resacas, los portazos, los adioses.<\/p>\n\n\n\n<p class=\"has-text-align-center\"><strong>Autor: Pometeo (Mundopoesia)<\/strong><\/p>\n<\/div><\/div><\/div>\n\n\n\n<div class=\"wp-block-kadence-pane kt-accordion-pane kt-accordion-pane-9 kt-pane3067_580572-5e\"><div class=\"kt-accordion-header-wrap\"><button class=\"kt-blocks-accordion-header kt-acccordion-button-label-show\" type=\"button\"><span class=\"kt-blocks-accordion-title-wrap\"><span class=\"kt-blocks-accordion-title\"><strong>POEMA PARA MI ALZHEIMER &#8211; 20\/05\/2010<\/strong><\/span><\/span><span class=\"kt-blocks-accordion-icon-trigger\"><\/span><\/button><\/div><div class=\"kt-accordion-panel kt-accordion-panel-hidden\"><div class=\"kt-accordion-panel-inner\">\n<p class=\"has-text-align-center\">La ventaja que la historia pase<br>sin movernos un mililitro<br>es que a nosotros nos cambia<br>lo que mira de regreso<br>a lo lejos mujeres imposibles<br>dicen adi\u00f3s<br>mucha es la tragedia que la cuento siempre<br>los seniles somos perros<br>alegres de palmas y galletas<br>aullando sin luna o cuando hay<br>yo escuch\u00e9 buscarte entre mis cosas<br>algo para convencerme de mi tiempo<br>que mis manos ajadas son piel y no caminos<br>donde pasan personas no caricaturas<br>algunas y todas m\u00edas<br>voy a reir solo<br>igual que llorar o mearme<br>posiblemente olvide los alimentos y libros<br>o que alguna vez me pobl\u00f3 una selva<br>especie de carne y animales verdes<br>todo confundido<br>para no verme oxidado y llantas pinchadas<br>inasible en ese berrinche<br>que no entiendo de estar vivo<br>para qu\u00e9<br>\u00bfT\u00e1nto habr\u00e9 lastimado a Dios<br>que no me deja en silencio?<\/p>\n\n\n\n<p class=\"has-text-align-center\"><strong>Autor: Juan Pablo Dard\u00f3n<\/strong><\/p>\n<\/div><\/div><\/div>\n\n\n\n<div class=\"wp-block-kadence-pane kt-accordion-pane kt-accordion-pane-2 kt-pane3067_d0aca0-66\"><div class=\"kt-accordion-header-wrap\"><button class=\"kt-blocks-accordion-header kt-acccordion-button-label-show\" type=\"button\"><span class=\"kt-blocks-accordion-title-wrap\"><span class=\"kt-blocks-accordion-title\"><strong>\u00bfPOEMA PARA COMPARTIR, ALZHEIMER? &#8211; 15\/04\/2010<\/strong><\/span><\/span><span class=\"kt-blocks-accordion-icon-trigger\"><\/span><\/button><\/div><div class=\"kt-accordion-panel kt-accordion-panel-hidden\"><div class=\"kt-accordion-panel-inner\">\n<p class=\"has-text-align-center\">No descansa la memoria<br>en c\u00e1lidas s\u00e1banas de lino,<br>solo se nutre de los espasmo<br>que la felicidad y el dolor<br>le han dejando cosidos<br>Luego viene el olvido<br>vestido de pelos blancos<br>y va limpiando del recuedo<br>todo lo que representamos<br>y todo rastro de lo que fuimos<br>Qui\u00e9n soy yo!.,<br>qui\u00e9nes mis amigos!.,<br>si ya no recuerdo quien soy<br>ni reconozco a mis hijos,<br>Soy la nada en el mundo de los vivos<\/p>\n<\/div><\/div><\/div>\n\n\n\n<div class=\"wp-block-kadence-pane kt-accordion-pane kt-accordion-pane-10 kt-pane3067_a08007-35\"><div class=\"kt-accordion-header-wrap\"><button class=\"kt-blocks-accordion-header kt-acccordion-button-label-show\" type=\"button\"><span class=\"kt-blocks-accordion-title-wrap\"><span class=\"kt-blocks-accordion-title\"><strong>SENTADO SOBRE EL VIENTO &#8211; 28\/01\/2010<\/strong><\/span><\/span><span class=\"kt-blocks-accordion-icon-trigger\"><\/span><\/button><\/div><div class=\"kt-accordion-panel kt-accordion-panel-hidden\"><div class=\"kt-accordion-panel-inner\">\n<p class=\"has-text-align-center\">Sentado sobre el viento,<br>como una colina de vac\u00edo<br>latiendo ante mis ojos,<br>siento la vida<br>Algunas veces,<br>sobre la niebla florecen<br>dos palabras sin fruto,<br>dos palabras con sabor<br>a la miel de tu mirada<br>ya perdida<br>Sentado sobre el viento,<br>atrapando los recuerdos fr\u00edos,<br>que se pierden entre los dedos<br>como arena de luz<br>Rebuscando los jirones de mi historia,<br>los libros de c\u00f3digos invisibles<br>con los que conquist\u00e9<br>el silencio de mi ni\u00f1ez<br>Una lluvia helada<br>de nombres in\u00fatiles,<br>de bocas apagadas<br>como volcanes invertidos,<br>que me arrastra a la indiferencia,<br>me sumerge cada amanecer<br>Sentado sobre el viento<br>miro mis manos ajenas,<br>mis pies de otro<br>caminando a un quim\u00e9rico retorno<br>Miro mis llaves inservibles<br>que golpean sue\u00f1os cerrados,<br>ventanas a la noche ambigua<br>En este naufragio impredecible:<br>tu caricia de azul,<br>amante y verdadera;<br>tu sonrisa tenaz<br>a pesar de las olas;<br>ese beso de seda<br>y agua dulce,<br>c\u00e1lido como el vino rosado;<br>tu carne en salsa con setas<br>o el pastel de cabracho,<br>que no olvido:<br>son el ancla febril<br>que me mantiene,<br>aunque siga<br>sentado sobre el viento.<\/p>\n\n\n\n<p class=\"has-text-align-center\"><strong>Autor: XL FERREIRO<\/strong><\/p>\n<\/div><\/div><\/div>\n<\/div><\/div><\/div>\n<\/div><\/div>\n\n\n\n<div class=\"wp-block-kadence-tab kt-tab-inner-content kt-inner-tab-17 kt-inner-tab72d982-b0\"><div class=\"kt-tab-inner-content-inner\"><style>.kt-accordion-id3067_6e40b6-a6 .kt-accordion-inner-wrap{column-gap:var(--global-kb-gap-md, 2rem);row-gap:10px;}.kt-accordion-id3067_6e40b6-a6 .kt-accordion-panel-inner{border-top:0px solid transparent;border-right:0px solid transparent;border-bottom:0px solid transparent;border-left:0px solid transparent;background:#ffffff;padding-top:var(--global-kb-spacing-sm, 1.5rem);padding-right:var(--global-kb-spacing-sm, 1.5rem);padding-bottom:var(--global-kb-spacing-sm, 1.5rem);padding-left:var(--global-kb-spacing-sm, 1.5rem);}.kt-accordion-id3067_6e40b6-a6 > .kt-accordion-inner-wrap > .wp-block-kadence-pane > .kt-accordion-header-wrap > .kt-blocks-accordion-header{border-top:0px solid #f2f2f2;border-right:0px solid #f2f2f2;border-bottom:0px solid #f2f2f2;border-left:0px solid #f2f2f2;border-top-left-radius:6px;border-top-right-radius:6px;border-bottom-right-radius:6px;border-bottom-left-radius:6px;background:#f2f2f2;color:#555555;padding-top:14px;padding-right:16px;padding-bottom:14px;padding-left:16px;}.kt-accordion-id3067_6e40b6-a6:not( .kt-accodion-icon-style-basiccircle ):not( .kt-accodion-icon-style-xclosecircle ):not( .kt-accodion-icon-style-arrowcircle )  > .kt-accordion-inner-wrap > .wp-block-kadence-pane > .kt-accordion-header-wrap .kt-blocks-accordion-icon-trigger:after, .kt-accordion-id3067_6e40b6-a6:not( .kt-accodion-icon-style-basiccircle ):not( .kt-accodion-icon-style-xclosecircle ):not( .kt-accodion-icon-style-arrowcircle )  > .kt-accordion-inner-wrap > .wp-block-kadence-pane > .kt-accordion-header-wrap .kt-blocks-accordion-icon-trigger:before{background:#555555;}.kt-accordion-id3067_6e40b6-a6:not( .kt-accodion-icon-style-basic ):not( .kt-accodion-icon-style-xclose ):not( .kt-accodion-icon-style-arrow ) .kt-blocks-accordion-icon-trigger{background:#555555;}.kt-accordion-id3067_6e40b6-a6:not( .kt-accodion-icon-style-basic ):not( .kt-accodion-icon-style-xclose ):not( .kt-accodion-icon-style-arrow ) .kt-blocks-accordion-icon-trigger:after, .kt-accordion-id3067_6e40b6-a6:not( .kt-accodion-icon-style-basic ):not( .kt-accodion-icon-style-xclose ):not( .kt-accodion-icon-style-arrow ) .kt-blocks-accordion-icon-trigger:before{background:#f2f2f2;}.kt-accordion-id3067_6e40b6-a6 > .kt-accordion-inner-wrap > .wp-block-kadence-pane > .kt-accordion-header-wrap > .kt-blocks-accordion-header:hover, \n\t\t\t\tbody:not(.hide-focus-outline) .kt-accordion-id3067_6e40b6-a6 .kt-blocks-accordion-header:focus-visible{color:#444444;background:#eeeeee;border-top-color:#eeeeee;border-top-style:solid;border-right-color:#eeeeee;border-right-style:solid;border-bottom-color:#eeeeee;border-bottom-style:solid;border-left-color:#eeeeee;border-left-style:solid;}.kt-accordion-id3067_6e40b6-a6:not( .kt-accodion-icon-style-basiccircle ):not( .kt-accodion-icon-style-xclosecircle ):not( .kt-accodion-icon-style-arrowcircle ) .kt-accordion-header-wrap .kt-blocks-accordion-header:hover .kt-blocks-accordion-icon-trigger:after, .kt-accordion-id3067_6e40b6-a6:not( .kt-accodion-icon-style-basiccircle ):not( .kt-accodion-icon-style-xclosecircle ):not( .kt-accodion-icon-style-arrowcircle ) .kt-accordion-header-wrap .kt-blocks-accordion-header:hover .kt-blocks-accordion-icon-trigger:before, body:not(.hide-focus-outline) .kt-accordion-id3067_6e40b6-a6:not( .kt-accodion-icon-style-basiccircle ):not( .kt-accodion-icon-style-xclosecircle ):not( .kt-accodion-icon-style-arrowcircle ) .kt-blocks-accordion--visible .kt-blocks-accordion-icon-trigger:after, body:not(.hide-focus-outline) .kt-accordion-id3067_6e40b6-a6:not( .kt-accodion-icon-style-basiccircle ):not( .kt-accodion-icon-style-xclosecircle ):not( .kt-accodion-icon-style-arrowcircle ) .kt-blocks-accordion-header:focus-visible .kt-blocks-accordion-icon-trigger:before{background:#444444;}.kt-accordion-id3067_6e40b6-a6:not( .kt-accodion-icon-style-basic ):not( .kt-accodion-icon-style-xclose ):not( .kt-accodion-icon-style-arrow ) .kt-accordion-header-wrap .kt-blocks-accordion-header:hover .kt-blocks-accordion-icon-trigger, body:not(.hide-focus-outline) .kt-accordion-id3067_6e40b6-a6:not( .kt-accodion-icon-style-basic ):not( .kt-accodion-icon-style-xclose ):not( .kt-accodion-icon-style-arrow ) .kt-accordion-header-wrap .kt-blocks-accordion-header:focus-visible .kt-blocks-accordion-icon-trigger{background:#444444;}.kt-accordion-id3067_6e40b6-a6:not( .kt-accodion-icon-style-basic ):not( .kt-accodion-icon-style-xclose ):not( .kt-accodion-icon-style-arrow ) .kt-accordion-header-wrap .kt-blocks-accordion-header:hover .kt-blocks-accordion-icon-trigger:after, .kt-accordion-id3067_6e40b6-a6:not( .kt-accodion-icon-style-basic ):not( .kt-accodion-icon-style-xclose ):not( .kt-accodion-icon-style-arrow ) .kt-accordion-header-wrap .kt-blocks-accordion-header:hover .kt-blocks-accordion-icon-trigger:before, body:not(.hide-focus-outline) .kt-accordion-id3067_6e40b6-a6:not( .kt-accodion-icon-style-basic ):not( .kt-accodion-icon-style-xclose ):not( .kt-accodion-icon-style-arrow ) .kt-accordion-header-wrap .kt-blocks-accordion-header:focus-visible .kt-blocks-accordion-icon-trigger:after, body:not(.hide-focus-outline) .kt-accordion-id3067_6e40b6-a6:not( .kt-accodion-icon-style-basic ):not( .kt-accodion-icon-style-xclose ):not( .kt-accodion-icon-style-arrow ) .kt-accordion-header-wrap .kt-blocks-accordion-header:focus-visible .kt-blocks-accordion-icon-trigger:before{background:#eeeeee;}.kt-accordion-id3067_6e40b6-a6 .kt-accordion-header-wrap .kt-blocks-accordion-header:focus-visible,\n\t\t\t\t.kt-accordion-id3067_6e40b6-a6 > .kt-accordion-inner-wrap > .wp-block-kadence-pane > .kt-accordion-header-wrap > .kt-blocks-accordion-header.kt-accordion-panel-active{color:#ffffff;background:#f3690e;border-top-color:#f3690e;border-top-style:solid;border-right-color:#f3690e;border-right-style:solid;border-bottom-color:#f3690e;border-bottom-style:solid;border-left-color:#f3690e;border-left-style:solid;}.kt-accordion-id3067_6e40b6-a6:not( .kt-accodion-icon-style-basiccircle ):not( .kt-accodion-icon-style-xclosecircle ):not( .kt-accodion-icon-style-arrowcircle )  > .kt-accordion-inner-wrap > .wp-block-kadence-pane > .kt-accordion-header-wrap > .kt-blocks-accordion-header.kt-accordion-panel-active .kt-blocks-accordion-icon-trigger:after, .kt-accordion-id3067_6e40b6-a6:not( .kt-accodion-icon-style-basiccircle ):not( .kt-accodion-icon-style-xclosecircle ):not( .kt-accodion-icon-style-arrowcircle )  > .kt-accordion-inner-wrap > .wp-block-kadence-pane > .kt-accordion-header-wrap > .kt-blocks-accordion-header.kt-accordion-panel-active .kt-blocks-accordion-icon-trigger:before{background:#ffffff;}.kt-accordion-id3067_6e40b6-a6:not( .kt-accodion-icon-style-basic ):not( .kt-accodion-icon-style-xclose ):not( .kt-accodion-icon-style-arrow ) .kt-blocks-accordion-header.kt-accordion-panel-active .kt-blocks-accordion-icon-trigger{background:#ffffff;}.kt-accordion-id3067_6e40b6-a6:not( .kt-accodion-icon-style-basic ):not( .kt-accodion-icon-style-xclose ):not( .kt-accodion-icon-style-arrow ) .kt-blocks-accordion-header.kt-accordion-panel-active .kt-blocks-accordion-icon-trigger:after, .kt-accordion-id3067_6e40b6-a6:not( .kt-accodion-icon-style-basic ):not( .kt-accodion-icon-style-xclose ):not( .kt-accodion-icon-style-arrow ) .kt-blocks-accordion-header.kt-accordion-panel-active .kt-blocks-accordion-icon-trigger:before{background:#f3690e;}@media all and (max-width: 1024px){.kt-accordion-id3067_6e40b6-a6 .kt-accordion-panel-inner{border-top:0px solid transparent;border-right:0px solid transparent;border-bottom:0px solid transparent;border-left:0px solid transparent;}}@media all and (max-width: 1024px){.kt-accordion-id3067_6e40b6-a6 > .kt-accordion-inner-wrap > .wp-block-kadence-pane > .kt-accordion-header-wrap > .kt-blocks-accordion-header{border-top:0px solid #f2f2f2;border-right:0px solid #f2f2f2;border-bottom:0px solid #f2f2f2;border-left:0px solid #f2f2f2;}}@media all and (max-width: 1024px){.kt-accordion-id3067_6e40b6-a6 > .kt-accordion-inner-wrap > .wp-block-kadence-pane > .kt-accordion-header-wrap > .kt-blocks-accordion-header:hover, \n\t\t\t\tbody:not(.hide-focus-outline) .kt-accordion-id3067_6e40b6-a6 .kt-blocks-accordion-header:focus-visible{border-top-color:#eeeeee;border-top-style:solid;border-right-color:#eeeeee;border-right-style:solid;border-bottom-color:#eeeeee;border-bottom-style:solid;border-left-color:#eeeeee;border-left-style:solid;}}@media all and (max-width: 1024px){.kt-accordion-id3067_6e40b6-a6 .kt-accordion-header-wrap .kt-blocks-accordion-header:focus-visible,\n\t\t\t\t.kt-accordion-id3067_6e40b6-a6 > .kt-accordion-inner-wrap > .wp-block-kadence-pane > .kt-accordion-header-wrap > .kt-blocks-accordion-header.kt-accordion-panel-active{border-top-color:#f3690e;border-top-style:solid;border-right-color:#f3690e;border-right-style:solid;border-bottom-color:#f3690e;border-bottom-style:solid;border-left-color:#f3690e;border-left-style:solid;}}@media all and (max-width: 767px){.kt-accordion-id3067_6e40b6-a6 .kt-accordion-inner-wrap{display:block;}.kt-accordion-id3067_6e40b6-a6 .kt-accordion-inner-wrap .kt-accordion-pane:not(:first-child){margin-top:10px;}.kt-accordion-id3067_6e40b6-a6 .kt-accordion-panel-inner{border-top:0px solid transparent;border-right:0px solid transparent;border-bottom:0px solid transparent;border-left:0px solid transparent;}.kt-accordion-id3067_6e40b6-a6 > .kt-accordion-inner-wrap > .wp-block-kadence-pane > .kt-accordion-header-wrap > .kt-blocks-accordion-header{border-top:0px solid #f2f2f2;border-right:0px solid #f2f2f2;border-bottom:0px solid #f2f2f2;border-left:0px solid #f2f2f2;}.kt-accordion-id3067_6e40b6-a6 > .kt-accordion-inner-wrap > .wp-block-kadence-pane > .kt-accordion-header-wrap > .kt-blocks-accordion-header:hover, \n\t\t\t\tbody:not(.hide-focus-outline) .kt-accordion-id3067_6e40b6-a6 .kt-blocks-accordion-header:focus-visible{border-top-color:#eeeeee;border-top-style:solid;border-right-color:#eeeeee;border-right-style:solid;border-bottom-color:#eeeeee;border-bottom-style:solid;border-left-color:#eeeeee;border-left-style:solid;}.kt-accordion-id3067_6e40b6-a6 .kt-accordion-header-wrap .kt-blocks-accordion-header:focus-visible,\n\t\t\t\t.kt-accordion-id3067_6e40b6-a6 > .kt-accordion-inner-wrap > .wp-block-kadence-pane > .kt-accordion-header-wrap > .kt-blocks-accordion-header.kt-accordion-panel-active{border-top-color:#f3690e;border-top-style:solid;border-right-color:#f3690e;border-right-style:solid;border-bottom-color:#f3690e;border-bottom-style:solid;border-left-color:#f3690e;border-left-style:solid;}}<\/style>\n<div class=\"wp-block-kadence-accordion alignnone\"><div class=\"kt-accordion-wrap kt-accordion-id3067_6e40b6-a6 kt-accordion-has-6-panes kt-active-pane-0 kt-accordion-block kt-pane-header-alignment-left kt-accodion-icon-style-basic kt-accodion-icon-side-right\" style=\"max-width:none\"><div class=\"kt-accordion-inner-wrap\" data-allow-multiple-open=\"false\" data-start-open=\"none\">\n<div class=\"wp-block-kadence-pane kt-accordion-pane kt-accordion-pane-1 kt-pane3067_cda45c-0c\"><div class=\"kt-accordion-header-wrap\"><button class=\"kt-blocks-accordion-header kt-acccordion-button-label-show\" type=\"button\"><span class=\"kt-blocks-accordion-title-wrap\"><span class=\"kt-blocks-accordion-title\"><strong>CREP\u00daSCULO DORADO &#8211; 19\/11\/2009<\/strong><\/span><\/span><span class=\"kt-blocks-accordion-icon-trigger\"><\/span><\/button><\/div><div class=\"kt-accordion-panel kt-accordion-panel-hidden\"><div class=\"kt-accordion-panel-inner\">\n<p class=\"has-text-align-center\">Dormida bajo el sol de la ma\u00f1ana,<br>so\u00f1ando para\u00edsos olvidados,<br>sujetando la ni\u00f1ez almibarada,<br>arrugas en la piel, sin renunciar a nada<br>Y se fue sin morir, sin pronunciar palabra,<br>se march\u00f3 por los campos del olvido,<br>cuerpo presente viviendo en un pasado,<br>caminando por el mundo de los vivos<br>Ojos que miran el crep\u00fasculo dorado,<br>como una ni\u00f1a hu\u00e9rfana de guerra,<br>cultivando su amor en su libro deshojado,<br>y clavando sus ra\u00edces en la tierra<br>Y me pregunto si acaso no se encierra,<br>en esa mirada revertida,<br>que es eslab\u00f3n entre el presente y el pasado<br>El amor leal, sin l\u00edmite, que es llama de la vida<br>Es por las sendas de las oraciones,<br>esos caminos que llegan a los cielos,<br>que hay un andar continuo de canciones,<br>de poemas de esperanzas y de anhelos<br>Esa anciana ni\u00f1a que yaciendo,<br>en el alm\u00edbar de la ni\u00f1ez perdida,<br>dormitando bajo el sol de la ma\u00f1ana,<br>sigue so\u00f1ando para\u00edsos<br>sin odios, sin renuncias sin heridas<br>Ojos que miran el crep\u00fasculo dorado,<br>como una ni\u00f1a hu\u00e9rfana de guerra<br>cultivando su amor en su libro deshojado,<br>y dejando sus ra\u00edces en la tierra.<\/p>\n\n\n\n<p class=\"has-text-align-center\"><strong>Autora: Lucia Vilches<\/strong><\/p>\n<\/div><\/div><\/div>\n\n\n\n<div class=\"wp-block-kadence-pane kt-accordion-pane kt-accordion-pane-3 kt-pane3067_733f9d-9f\"><div class=\"kt-accordion-header-wrap\"><button class=\"kt-blocks-accordion-header kt-acccordion-button-label-show\" type=\"button\"><span class=\"kt-blocks-accordion-title-wrap\"><span class=\"kt-blocks-accordion-title\"><strong>DESHACIENDO CAMINOS &#8211; 08\/10\/2009<\/strong><\/span><\/span><span class=\"kt-blocks-accordion-icon-trigger\"><\/span><\/button><\/div><div class=\"kt-accordion-panel kt-accordion-panel-hidden\"><div class=\"kt-accordion-panel-inner\">\n<p class=\"has-text-align-center\">Con un delirio celot\u00edpico<br>las alucinaciones nublaron mi sentir;<br>fantasmas que azuzaban<br>mis ut\u00f3picas querencias<br>y sin saber,<br>el alelo que habitaba<br>en m\u00ed, desde que soy<br>Presi\u00f3n y grietas en mis venas,<br>atrofia difusa<br>que recorri\u00f3 mi existir;<br>parafasias y circunloquios,<br>ideas extraviadas<br>en mi verbosidad de amiga,<br>desesperaci\u00f3n en mi lengua<br>No me reconoc\u00eda;<br>flem\u00e1tica y cabizbaja<br>buscando aliento en el suelo<br>y en medio<br>de mis crisis mioclon\u00edas,<br>se me perd\u00eda el bot\u00f3n de mi blusa<br>Busqu\u00e9 horizontes<br>en medio de mis tinieblas;<br>mis manos hojeaban<br>las amarillas p\u00e1ginas<br>de mi \u00e1rbol:<br>ahogu\u00e9 mi impotencia,<br>despunt\u00e9 mis temores<br>y cabalgu\u00e9 hacia mi verdad<br>El miedo ya no habita en m\u00ed,<br>mis manos a\u00fan temblorosas<br>pintan mi vida;<br>mis caminos oscuros<br>quedaron atr\u00e1s,<br>los hilos de las drogas<br>alivian mi peso,<br>una parte se perdi\u00f3 en la nada<br>y una gran parte de m\u00ed<br>me dice quien soy<br>Saboreo un caf\u00e9,<br>vivo para decirlo<\/p>\n\n\n\n<p class=\"has-text-align-center\">antes que se me olvide<br>y si muero, qu\u00e9 m\u00e1s da,<br>ya no hay m\u00e1s sorpresas.<\/p>\n\n\n\n<p class=\"has-text-align-center\"><strong>Autora: Juana Castro<\/strong><\/p>\n<\/div><\/div><\/div>\n\n\n\n<div class=\"wp-block-kadence-pane kt-accordion-pane kt-accordion-pane-4 kt-pane3067_a629b9-2b\"><div class=\"kt-accordion-header-wrap\"><button class=\"kt-blocks-accordion-header kt-acccordion-button-label-show\" type=\"button\"><span class=\"kt-blocks-accordion-title-wrap\"><span class=\"kt-blocks-accordion-title\"><strong>CARTA DE UN PADRE A UN HIJO<\/strong> &#8211; <strong>25\/06\/2009<\/strong><\/span><\/span><span class=\"kt-blocks-accordion-icon-trigger\"><\/span><\/button><\/div><div class=\"kt-accordion-panel kt-accordion-panel-hidden\"><div class=\"kt-accordion-panel-inner\">\n<p class=\"has-text-align-center\">Amado hijo:<br>El d\u00eda que est\u00e9 viejo y ya no sea el mismo, ten paciencia y compr\u00e9ndeme.<br>Cuando derrame comida sobre mi camisa y olvide como atarme mis zapatos, tenme paciencia. Recuerda las horas que pas\u00e9 ense\u00f1\u00e1ndote a hacer las mismas cosas.<br>Si cuando conversas conmigo, repito y repito las mismas palabras y sabes de sobra c\u00f3mo termina, no me interrumpas y esc\u00fachame. Cuando eras peque\u00f1o para que te durmieras, tuve que contarte miles de veces el mismo cuento hasta que cerrabas los ojitos.<br>Cuando estemos reunidos y sin querer, haga mis necesidades, no te averg\u00fcences y comprende que no tengo la culpa de ello, pues ya no puedo controlarlas. Piensa cuantas veces cuando ni\u00f1a te ayud\u00e9 y estuve pacientemente a tu lado esperando a que terminaras lo que estabas haciendo.<br>No me reproches porque no quiera ba\u00f1arme; no me rega\u00f1es por ello. Recuerda los momentos que te persegu\u00ed y los mil pretextos que te inventaba para hacerte m\u00e1s agradable tu aseo.<br>Cuando me veas in\u00fatil e ignorante frente a todas las cosas tecnol\u00f3gicas que ya no podr\u00e9 entender, te suplico que me des todo el tiempo que sea necesario para no lastimarme con tu sonrisa burlona.<br>Acu\u00e9rdate que fui yo quien te ense\u00f1\u00f3 tantas cosas. Comer, vestirte y c\u00f3mo enfrentar la vida tan bien como lo haces, son producto de mi esfuerzo y perseverancia.<br>Cuando en alg\u00fan momento, mientras conversamos, me llegue a olvidar de que estamos hablando, dame todo el tiempo que sea necesario hasta que yo recuerde, y si no puedo hacerlo no te impacientes; tal vez no era importante lo que hablaba y lo \u00fanico que quer\u00eda era estar contigo y que me escucharas en ese momento.<br>Cuando en alg\u00fan momento, mientras conversamos, me llegue a olvidar de que estamos hablando, dame todo el tiempo que sea necesario hasta que yo recuerde, y si no puedo hacerlo no te impacientes; tal vez no era importante lo que hablaba y lo \u00fanico que quer\u00eda era estar contigo y que me escucharas en ese momento.<br>Si alguna vez ya no quiero comer, no me insistas. S\u00e9 cu\u00e1nto puedo y cuando no debo.<br>Tambi\u00e9n comprende que con el tiempo, ya no tengo dientes para morder ni gusto para sentir.<br>Cuando mis piernas fallen por estar cansadas para andar\u2026, dame tu mano tierna para apoyarme como lo hice yo cuando comenzaste a caminar con tus d\u00e9biles piernitas.<\/p>\n\n\n\n<p class=\"has-text-align-center\">Por \u00faltimo, cuando alg\u00fan d\u00eda me oigas decir que ya no quiero vivir y solo quiero morir, no te enfades. Alg\u00fan d\u00eda entender\u00e1s que esto no tiene que ver con tu cari\u00f1o o cuanto te am\u00e9.<br>Trata de comprender que ya no vivo sino que sobrevivo, y eso no es vivir.<br>Siempre quise lo mejor para ti y he preparado los caminos que has debido recorrer.<br>Piensa entonces que con este paso que me adelanto a dar, estar\u00e9 construyendo para ti otra ruta en otro tiempo, pero siempre contigo.<br>No te sientas triste, enojado o impotente por verme as\u00ed. Dame tu coraz\u00f3n, compr\u00e9ndeme y ap\u00f3yame como lo hice cuando empezaste a vivir.<br>De la misma manera como te he acompa\u00f1ado en tu sendero, te ruego me acompa\u00f1es a terminar el m\u00edo. Dame amor y paciencia, que te devolver\u00e9 gratitud y sonrisas con el inmenso amor que tengo por ti.<br>Atentamente.<br>Tu viejo.<\/p>\n<\/div><\/div><\/div>\n\n\n\n<div class=\"wp-block-kadence-pane kt-accordion-pane kt-accordion-pane-5 kt-pane3067_ffea48-f6\"><div class=\"kt-accordion-header-wrap\"><button class=\"kt-blocks-accordion-header kt-acccordion-button-label-show\" type=\"button\"><span class=\"kt-blocks-accordion-title-wrap\"><span class=\"kt-blocks-accordion-title\"><strong>EL AMOR QUE EL ALZHEIMER Y EL SILENCIO NO ACALLAN &#8211; 16\/04\/2009<\/strong><\/span><\/span><span class=\"kt-blocks-accordion-icon-trigger\"><\/span><\/button><\/div><div class=\"kt-accordion-panel kt-accordion-panel-hidden\"><div class=\"kt-accordion-panel-inner\">\n<p class=\"has-text-align-center\">No te puedo comentar,<br>ni podemos dialogar,<br>pero lo que si podemos<br>es nuestro amor expresar<br>Mis caricias tu las notas<br>y en tus ojos se percibe,<br>que tu entiendes el cari\u00f1o<br>que mis manos te trasmiten<br>Tus besos yo los recibo,<br>y sin palabras me dicen,<br>aun haciendo un gran esfuerzo,<br>lo mucho que me quisistes,<br>una comunicaci\u00f3n truncada<br>no cabe en nuestra morada<br>Sustituyamos las palabras<br>por el amor de las miradas.<br>Muchas cosas nos quit\u00f3<br>esta enfermedad fatal,<br>pero acallar nuestro amor<br>jam\u00e1s lo podr\u00e1 lograr.<\/p>\n<\/div><\/div><\/div>\n\n\n\n<div class=\"wp-block-kadence-pane kt-accordion-pane kt-accordion-pane-6 kt-pane3067_f9a9de-0c\"><div class=\"kt-accordion-header-wrap\"><button class=\"kt-blocks-accordion-header kt-acccordion-button-label-show\" type=\"button\"><span class=\"kt-blocks-accordion-title-wrap\"><span class=\"kt-blocks-accordion-title\"><strong>ALZHEIMER &#8211; 05\/03\/2009<\/strong><\/span><\/span><span class=\"kt-blocks-accordion-icon-trigger\"><\/span><\/button><\/div><div class=\"kt-accordion-panel kt-accordion-panel-hidden\"><div class=\"kt-accordion-panel-inner\">\n<p class=\"has-text-align-center\">Las mariposas vuelan,<br>y vuelven al lugar<br>del que llegaran.<br>Las gu\u00eda el aire,<br>el sol<br>el atardecer y el alba<br>A ti, no te gu\u00eda nada\u2026<br>Si no recuerdas<br>has muerto en vida<br>No hay ya, un ayer<br>No hay un hoy<br>No habr\u00e1 un ma\u00f1ana<br>Si no recuerdas nada<br>no tienes esperanza<br>Muri\u00f3 tu yo,<br>lo que te hac\u00eda ser t\u00fa<br>y te imprim\u00eda el esp\u00edritu<br>y te imprim\u00eda el alma<br>Para ti,<br>ya no hay padres, ni hijos,<br>ni abuelos, ni hermanos\u2026<br>no hay nada.<br>Te recuerdan los dem\u00e1s,<br>t\u00fa, ni recuerdas<br>ni tu calle, ni tu casa.<br>No sabes de aromas<br>ni de colores,<br>de ciudades,<br>ni de plazas.<br>Aunque puedan responder,<br>si por su nombre,<br>les llamas.<br>A veces hay que olvidar<br>cosas y sentimientos<br>que nos hunden<br>cuando pasan\u2026<br>El odio de los dem\u00e1s,<br>el desamor,<br>la muerte de quienes amabas\u2026<br>pero olvidas porque quieres,<br>porque a ti, te da la gana.<br>Aunque cuesta muchas veces<br>y otras, no consigues nada.<br>Si la ambici\u00f3n se olvidara\u2026<br>y se olvidara la maldad.<br>Si se olvidaran las traiciones<br>y se olvidaran las palabras\u2026<br>Estando bien, no se olvida.<\/p>\n\n\n\n<p class=\"has-text-align-center\">Ellos olvidan su yo,<br>olvidan su ayer,<br>el hoy no lo sienten,<br>y, para ma\u00f1ana,<br>lo dicho,<br>no queda esperanza,<br>y se pierde el instinto<br>y los afectos<br>Se pierde el ser<br>Se pierde el alma.<br>Las mariposas vuelan,<br>y vuelven al lugar<br>del que llegaran<br>Las gu\u00eda el aire,<br>el sol,<br>el atardecer y el alba.<\/p>\n\n\n\n<p class=\"has-text-align-center\"><strong>Autora: M\u00aa Jes\u00fas Ortega Torres<\/strong><\/p>\n<\/div><\/div><\/div>\n\n\n\n<div class=\"wp-block-kadence-pane kt-accordion-pane kt-accordion-pane-2 kt-pane3067_147dc3-b1\"><div class=\"kt-accordion-header-wrap\"><button class=\"kt-blocks-accordion-header kt-acccordion-button-label-show\" type=\"button\"><span class=\"kt-blocks-accordion-title-wrap\"><span class=\"kt-blocks-accordion-title\"><strong>TRAS EL FINO CRISTAL\u2026 &#8211; 19\/02\/2009<\/strong><\/span><\/span><span class=\"kt-blocks-accordion-icon-trigger\"><\/span><\/button><\/div><div class=\"kt-accordion-panel kt-accordion-panel-hidden\"><div class=\"kt-accordion-panel-inner\">\n<p class=\"has-text-align-center\">Esta madrugada te vi tras el fino cristal<br>que separa la vida de la muerte<br>Primero reconoc\u00ed tu brazo fuerte,<br>despu\u00e9s un halo de luz tras la ventana,<br>era el fondo perfecto, te distingu\u00ed<br>Ah\u00ed estabas, golpeando el vidrio<br>con tu mano tosca, tu cara encandilada,<br>tu sonrisa absoluta, tus ojitos juguetones,<br>ah\u00ed estabas, si,<br>Me llamabas para que te viera,<br>tras la ventana\u2026<br>No podr\u00eda explicarte, de verdad, no podr\u00eda,<br>pero t\u00fa sabes, habr\u00e1s visto mi cara,<br>como cuando me tra\u00edas un regalo,<br>o llegabas m\u00e1s temprano a casa,<br>o como cuando hac\u00edas el arroz con leche,<br>y me guardabas<br>Pero m\u00e1s feliz viejo, m\u00e1s feliz, mucho m\u00e1s<br>Tanto!!! Que mi voz dici\u00e9ndote a gritos,<br>Pap\u00e1, pap\u00e1 qu\u00e9 alegr\u00eda!!!<br>Sobresalt\u00f3 al amor de mi vida,<br>que me dec\u00eda, tranquila mi vida es una pesadilla,<br>pero tu y yo sabemos viejo,<br>la alegr\u00eda que fue para los dos,<br>vernos tras el cristal<br>que separa la muerte de la vida\u2026<\/p>\n\n\n\n<p class=\"has-text-align-center\"><strong>Autora: Mar\u00eda del Carmen<\/strong><\/p>\n<\/div><\/div><\/div>\n<\/div><\/div><\/div>\n<\/div><\/div>\n\n\n\n<div class=\"wp-block-kadence-tab kt-tab-inner-content kt-inner-tab-18 kt-inner-tabe9135d-1c\"><div class=\"kt-tab-inner-content-inner\"><style>.kt-accordion-id3067_718216-d3 .kt-accordion-inner-wrap{column-gap:var(--global-kb-gap-md, 2rem);row-gap:10px;}.kt-accordion-id3067_718216-d3 .kt-accordion-panel-inner{border-top:0px solid transparent;border-right:0px solid transparent;border-bottom:0px solid transparent;border-left:0px solid transparent;background:#ffffff;padding-top:var(--global-kb-spacing-sm, 1.5rem);padding-right:var(--global-kb-spacing-sm, 1.5rem);padding-bottom:var(--global-kb-spacing-sm, 1.5rem);padding-left:var(--global-kb-spacing-sm, 1.5rem);}.kt-accordion-id3067_718216-d3 > .kt-accordion-inner-wrap > .wp-block-kadence-pane > .kt-accordion-header-wrap > .kt-blocks-accordion-header{border-top:0px solid #f2f2f2;border-right:0px solid #f2f2f2;border-bottom:0px solid #f2f2f2;border-left:0px solid #f2f2f2;border-top-left-radius:6px;border-top-right-radius:6px;border-bottom-right-radius:6px;border-bottom-left-radius:6px;background:#f2f2f2;color:#555555;padding-top:14px;padding-right:16px;padding-bottom:14px;padding-left:16px;}.kt-accordion-id3067_718216-d3:not( .kt-accodion-icon-style-basiccircle ):not( .kt-accodion-icon-style-xclosecircle ):not( .kt-accodion-icon-style-arrowcircle )  > .kt-accordion-inner-wrap > .wp-block-kadence-pane > .kt-accordion-header-wrap .kt-blocks-accordion-icon-trigger:after, .kt-accordion-id3067_718216-d3:not( .kt-accodion-icon-style-basiccircle ):not( .kt-accodion-icon-style-xclosecircle ):not( .kt-accodion-icon-style-arrowcircle )  > .kt-accordion-inner-wrap > .wp-block-kadence-pane > .kt-accordion-header-wrap .kt-blocks-accordion-icon-trigger:before{background:#555555;}.kt-accordion-id3067_718216-d3:not( .kt-accodion-icon-style-basic ):not( .kt-accodion-icon-style-xclose ):not( .kt-accodion-icon-style-arrow ) .kt-blocks-accordion-icon-trigger{background:#555555;}.kt-accordion-id3067_718216-d3:not( .kt-accodion-icon-style-basic ):not( .kt-accodion-icon-style-xclose ):not( .kt-accodion-icon-style-arrow ) .kt-blocks-accordion-icon-trigger:after, .kt-accordion-id3067_718216-d3:not( .kt-accodion-icon-style-basic ):not( .kt-accodion-icon-style-xclose ):not( .kt-accodion-icon-style-arrow ) .kt-blocks-accordion-icon-trigger:before{background:#f2f2f2;}.kt-accordion-id3067_718216-d3 > .kt-accordion-inner-wrap > .wp-block-kadence-pane > .kt-accordion-header-wrap > .kt-blocks-accordion-header:hover, \n\t\t\t\tbody:not(.hide-focus-outline) .kt-accordion-id3067_718216-d3 .kt-blocks-accordion-header:focus-visible{color:#444444;background:#eeeeee;border-top-color:#eeeeee;border-top-style:solid;border-right-color:#eeeeee;border-right-style:solid;border-bottom-color:#eeeeee;border-bottom-style:solid;border-left-color:#eeeeee;border-left-style:solid;}.kt-accordion-id3067_718216-d3:not( .kt-accodion-icon-style-basiccircle ):not( .kt-accodion-icon-style-xclosecircle ):not( .kt-accodion-icon-style-arrowcircle ) .kt-accordion-header-wrap .kt-blocks-accordion-header:hover .kt-blocks-accordion-icon-trigger:after, .kt-accordion-id3067_718216-d3:not( .kt-accodion-icon-style-basiccircle ):not( .kt-accodion-icon-style-xclosecircle ):not( .kt-accodion-icon-style-arrowcircle ) .kt-accordion-header-wrap .kt-blocks-accordion-header:hover .kt-blocks-accordion-icon-trigger:before, body:not(.hide-focus-outline) .kt-accordion-id3067_718216-d3:not( .kt-accodion-icon-style-basiccircle ):not( .kt-accodion-icon-style-xclosecircle ):not( .kt-accodion-icon-style-arrowcircle ) .kt-blocks-accordion--visible .kt-blocks-accordion-icon-trigger:after, body:not(.hide-focus-outline) .kt-accordion-id3067_718216-d3:not( .kt-accodion-icon-style-basiccircle ):not( .kt-accodion-icon-style-xclosecircle ):not( .kt-accodion-icon-style-arrowcircle ) .kt-blocks-accordion-header:focus-visible .kt-blocks-accordion-icon-trigger:before{background:#444444;}.kt-accordion-id3067_718216-d3:not( .kt-accodion-icon-style-basic ):not( .kt-accodion-icon-style-xclose ):not( .kt-accodion-icon-style-arrow ) .kt-accordion-header-wrap .kt-blocks-accordion-header:hover .kt-blocks-accordion-icon-trigger, body:not(.hide-focus-outline) .kt-accordion-id3067_718216-d3:not( .kt-accodion-icon-style-basic ):not( .kt-accodion-icon-style-xclose ):not( .kt-accodion-icon-style-arrow ) .kt-accordion-header-wrap .kt-blocks-accordion-header:focus-visible .kt-blocks-accordion-icon-trigger{background:#444444;}.kt-accordion-id3067_718216-d3:not( .kt-accodion-icon-style-basic ):not( .kt-accodion-icon-style-xclose ):not( .kt-accodion-icon-style-arrow ) .kt-accordion-header-wrap .kt-blocks-accordion-header:hover .kt-blocks-accordion-icon-trigger:after, .kt-accordion-id3067_718216-d3:not( .kt-accodion-icon-style-basic ):not( .kt-accodion-icon-style-xclose ):not( .kt-accodion-icon-style-arrow ) .kt-accordion-header-wrap .kt-blocks-accordion-header:hover .kt-blocks-accordion-icon-trigger:before, body:not(.hide-focus-outline) .kt-accordion-id3067_718216-d3:not( .kt-accodion-icon-style-basic ):not( .kt-accodion-icon-style-xclose ):not( .kt-accodion-icon-style-arrow ) .kt-accordion-header-wrap .kt-blocks-accordion-header:focus-visible .kt-blocks-accordion-icon-trigger:after, body:not(.hide-focus-outline) .kt-accordion-id3067_718216-d3:not( .kt-accodion-icon-style-basic ):not( .kt-accodion-icon-style-xclose ):not( .kt-accodion-icon-style-arrow ) .kt-accordion-header-wrap .kt-blocks-accordion-header:focus-visible .kt-blocks-accordion-icon-trigger:before{background:#eeeeee;}.kt-accordion-id3067_718216-d3 .kt-accordion-header-wrap .kt-blocks-accordion-header:focus-visible,\n\t\t\t\t.kt-accordion-id3067_718216-d3 > .kt-accordion-inner-wrap > .wp-block-kadence-pane > .kt-accordion-header-wrap > .kt-blocks-accordion-header.kt-accordion-panel-active{color:#ffffff;background:#f3690e;border-top-color:#f3690e;border-top-style:solid;border-right-color:#f3690e;border-right-style:solid;border-bottom-color:#f3690e;border-bottom-style:solid;border-left-color:#f3690e;border-left-style:solid;}.kt-accordion-id3067_718216-d3:not( .kt-accodion-icon-style-basiccircle ):not( .kt-accodion-icon-style-xclosecircle ):not( .kt-accodion-icon-style-arrowcircle )  > .kt-accordion-inner-wrap > .wp-block-kadence-pane > .kt-accordion-header-wrap > .kt-blocks-accordion-header.kt-accordion-panel-active .kt-blocks-accordion-icon-trigger:after, .kt-accordion-id3067_718216-d3:not( .kt-accodion-icon-style-basiccircle ):not( .kt-accodion-icon-style-xclosecircle ):not( .kt-accodion-icon-style-arrowcircle )  > .kt-accordion-inner-wrap > .wp-block-kadence-pane > .kt-accordion-header-wrap > .kt-blocks-accordion-header.kt-accordion-panel-active .kt-blocks-accordion-icon-trigger:before{background:#ffffff;}.kt-accordion-id3067_718216-d3:not( .kt-accodion-icon-style-basic ):not( .kt-accodion-icon-style-xclose ):not( .kt-accodion-icon-style-arrow ) .kt-blocks-accordion-header.kt-accordion-panel-active .kt-blocks-accordion-icon-trigger{background:#ffffff;}.kt-accordion-id3067_718216-d3:not( .kt-accodion-icon-style-basic ):not( .kt-accodion-icon-style-xclose ):not( .kt-accodion-icon-style-arrow ) .kt-blocks-accordion-header.kt-accordion-panel-active .kt-blocks-accordion-icon-trigger:after, .kt-accordion-id3067_718216-d3:not( .kt-accodion-icon-style-basic ):not( .kt-accodion-icon-style-xclose ):not( .kt-accodion-icon-style-arrow ) .kt-blocks-accordion-header.kt-accordion-panel-active .kt-blocks-accordion-icon-trigger:before{background:#f3690e;}@media all and (max-width: 1024px){.kt-accordion-id3067_718216-d3 .kt-accordion-panel-inner{border-top:0px solid transparent;border-right:0px solid transparent;border-bottom:0px solid transparent;border-left:0px solid transparent;}}@media all and (max-width: 1024px){.kt-accordion-id3067_718216-d3 > .kt-accordion-inner-wrap > .wp-block-kadence-pane > .kt-accordion-header-wrap > .kt-blocks-accordion-header{border-top:0px solid #f2f2f2;border-right:0px solid #f2f2f2;border-bottom:0px solid #f2f2f2;border-left:0px solid #f2f2f2;}}@media all and (max-width: 1024px){.kt-accordion-id3067_718216-d3 > .kt-accordion-inner-wrap > .wp-block-kadence-pane > .kt-accordion-header-wrap > .kt-blocks-accordion-header:hover, \n\t\t\t\tbody:not(.hide-focus-outline) .kt-accordion-id3067_718216-d3 .kt-blocks-accordion-header:focus-visible{border-top-color:#eeeeee;border-top-style:solid;border-right-color:#eeeeee;border-right-style:solid;border-bottom-color:#eeeeee;border-bottom-style:solid;border-left-color:#eeeeee;border-left-style:solid;}}@media all and (max-width: 1024px){.kt-accordion-id3067_718216-d3 .kt-accordion-header-wrap .kt-blocks-accordion-header:focus-visible,\n\t\t\t\t.kt-accordion-id3067_718216-d3 > .kt-accordion-inner-wrap > .wp-block-kadence-pane > .kt-accordion-header-wrap > .kt-blocks-accordion-header.kt-accordion-panel-active{border-top-color:#f3690e;border-top-style:solid;border-right-color:#f3690e;border-right-style:solid;border-bottom-color:#f3690e;border-bottom-style:solid;border-left-color:#f3690e;border-left-style:solid;}}@media all and (max-width: 767px){.kt-accordion-id3067_718216-d3 .kt-accordion-inner-wrap{display:block;}.kt-accordion-id3067_718216-d3 .kt-accordion-inner-wrap .kt-accordion-pane:not(:first-child){margin-top:10px;}.kt-accordion-id3067_718216-d3 .kt-accordion-panel-inner{border-top:0px solid transparent;border-right:0px solid transparent;border-bottom:0px solid transparent;border-left:0px solid transparent;}.kt-accordion-id3067_718216-d3 > .kt-accordion-inner-wrap > .wp-block-kadence-pane > .kt-accordion-header-wrap > .kt-blocks-accordion-header{border-top:0px solid #f2f2f2;border-right:0px solid #f2f2f2;border-bottom:0px solid #f2f2f2;border-left:0px solid #f2f2f2;}.kt-accordion-id3067_718216-d3 > .kt-accordion-inner-wrap > .wp-block-kadence-pane > .kt-accordion-header-wrap > .kt-blocks-accordion-header:hover, \n\t\t\t\tbody:not(.hide-focus-outline) .kt-accordion-id3067_718216-d3 .kt-blocks-accordion-header:focus-visible{border-top-color:#eeeeee;border-top-style:solid;border-right-color:#eeeeee;border-right-style:solid;border-bottom-color:#eeeeee;border-bottom-style:solid;border-left-color:#eeeeee;border-left-style:solid;}.kt-accordion-id3067_718216-d3 .kt-accordion-header-wrap .kt-blocks-accordion-header:focus-visible,\n\t\t\t\t.kt-accordion-id3067_718216-d3 > .kt-accordion-inner-wrap > .wp-block-kadence-pane > .kt-accordion-header-wrap > .kt-blocks-accordion-header.kt-accordion-panel-active{border-top-color:#f3690e;border-top-style:solid;border-right-color:#f3690e;border-right-style:solid;border-bottom-color:#f3690e;border-bottom-style:solid;border-left-color:#f3690e;border-left-style:solid;}}<\/style>\n<div class=\"wp-block-kadence-accordion alignnone\"><div class=\"kt-accordion-wrap kt-accordion-id3067_718216-d3 kt-accordion-has-14-panes kt-active-pane-0 kt-accordion-block kt-pane-header-alignment-left kt-accodion-icon-style-basic kt-accodion-icon-side-right\" style=\"max-width:none\"><div class=\"kt-accordion-inner-wrap\" data-allow-multiple-open=\"false\" data-start-open=\"0\">\n<div class=\"wp-block-kadence-pane kt-accordion-pane kt-accordion-pane-1 kt-pane3067_9840c0-55\"><div class=\"kt-accordion-header-wrap\"><button class=\"kt-blocks-accordion-header kt-acccordion-button-label-show\" type=\"button\"><span class=\"kt-blocks-accordion-title-wrap\"><span class=\"kt-blocks-accordion-title\"><strong>PERDISTE LA MIRADA &#8211; 28\/11\/2008<\/strong><\/span><\/span><span class=\"kt-blocks-accordion-icon-trigger\"><\/span><\/button><\/div><div class=\"kt-accordion-panel kt-accordion-panel-hidden\"><div class=\"kt-accordion-panel-inner\">\n<p class=\"has-text-align-center\">Perdiste la mirada<br>en los sue\u00f1os de una ni\u00f1a<br>de una tarde desierta.<br>Quiz\u00e1 espere en vano tu vuelta<br>quiz\u00e1 pierda mi tiempo<br>esperando tu despertar<br>mientras escribo sue\u00f1os<br>con mi pluma de cristal<br>y mi l\u00e1piz de madera.<br>Perdiste tu sonrisa<br>junto a una playa sin olas,<br>pero yo te seguir\u00e9 esperando<br>con mis manos enlazando tu cintura,<br>mesando tus cabellos<br>y so\u00f1ar\u00e9 tu vuelta<br>porque mi vida va en ello.<\/p>\n\n\n\n<p class=\"has-text-align-center\"><strong>Autor: Arthur Charlan<\/strong><\/p>\n<\/div><\/div><\/div>\n\n\n\n<div class=\"wp-block-kadence-pane kt-accordion-pane kt-accordion-pane-2 kt-pane3067_89b4f3-6a\"><div class=\"kt-accordion-header-wrap\"><button class=\"kt-blocks-accordion-header kt-acccordion-button-label-show\" type=\"button\"><span class=\"kt-blocks-accordion-title-wrap\"><span class=\"kt-blocks-accordion-title\"><strong>PADECISTE &#8211; 13\/11\/2008<\/strong><\/span><\/span><span class=\"kt-blocks-accordion-icon-trigger\"><\/span><\/button><\/div><div class=\"kt-accordion-panel kt-accordion-panel-hidden\"><div class=\"kt-accordion-panel-inner\">\n<p class=\"has-text-align-center\">Padeciste, padre, la desdicha<br>de acabar tu vida en sufrimiento<br>la mirada gritando alg\u00fan lamento<br>lamento muy dif\u00edcil de entender<br>manten\u00edas el recuerdo de tus hijas<br>acabaste la historia del pasado<br>rectitud sin camino equivocado<br>se borr\u00f3 de tu mente, entre rendijas<br>Y treinta y tres d\u00edas dur\u00f3 aquella tortura<br>pero yo conoc\u00eda tus sentimientos<br>dentro de ti permanec\u00eda la cordura<br>Tu mirada reflejaba que sent\u00edas<br>las l\u00e1grimas brotaban de tus ojos<br>T\u00fa con tu Alma intacta, lo dec\u00edas<br>Postrado en aquella cama<br>te aferrabas a la vida<br>hac\u00edas planes para un ma\u00f1ana<br>que nunca llegar\u00eda<br>Un \u00faltimo suspiro<br>antes de un nuevo d\u00eda<br>acab\u00f3 con tu agon\u00eda<br>Descansa en paz.<\/p>\n\n\n\n<p class=\"has-text-align-center\"><strong>Autora: Celia \u00c1lvarez Fresno<\/strong><\/p>\n<\/div><\/div><\/div>\n\n\n\n<div class=\"wp-block-kadence-pane kt-accordion-pane kt-accordion-pane-3 kt-pane3067_5e710b-ab\"><div class=\"kt-accordion-header-wrap\"><button class=\"kt-blocks-accordion-header kt-acccordion-button-label-show\" type=\"button\"><span class=\"kt-blocks-accordion-title-wrap\"><span class=\"kt-blocks-accordion-title\"><strong>A TERESA, SIMPLEMENTE MI MADRE &#8211; 16\/10\/2008<\/strong><\/span><\/span><span class=\"kt-blocks-accordion-icon-trigger\"><\/span><\/button><\/div><div class=\"kt-accordion-panel kt-accordion-panel-hidden\"><div class=\"kt-accordion-panel-inner\">\n<p class=\"has-text-align-center\">Al rosario de la aurora,<br>clavaste en mis ojos<br>tu \u00faltima mirada<br>Fue un adi\u00f3s anunciado<br>en una noche sin calma<br>Tu cuerpo no pod\u00eda m\u00e1s<br>pero aguantaba tu alma<br>Cruel guada\u00f1a de la muerte<br>toda la noche rondando,<br>tu cama<br>Tu boca no pod\u00eda hablar<br>hablaba tu mirada<br>aguantaba tu alma<br>Tu boca no pod\u00eda hablar<br>tu mente no hilvanaba palabras.<br>Tus ojos en mis ojos<br>sin palabras, no hac\u00edan falta<br>Madrugada en vela<br>junto a tu lecho<br>El cruel Alzheimer vigilaba<br>sab\u00eda ganada la batalla<br>Maldita enfermedad,<br>dej\u00f3 tu memoria aniquilada<br>Mientras se te escapaba la vida<br>al rosario de la aurora<br>en tu \u00faltima mirada<br>Tus ojos me dijeron<br>cuanto me quer\u00edas:<br>\u00a1Madre amada!<\/p>\n\n\n\n<p class=\"has-text-align-center\"><strong>Autor: Antonio Porras L\u00f3pez<\/strong><\/p>\n<\/div><\/div><\/div>\n\n\n\n<div class=\"wp-block-kadence-pane kt-accordion-pane kt-accordion-pane-4 kt-pane3067_2e8cc1-1d\"><div class=\"kt-accordion-header-wrap\"><button class=\"kt-blocks-accordion-header kt-acccordion-button-label-show\" type=\"button\"><span class=\"kt-blocks-accordion-title-wrap\"><span class=\"kt-blocks-accordion-title\"><strong>PARA ISABEL &#8211; 18\/09\/2008<\/strong><\/span><\/span><span class=\"kt-blocks-accordion-icon-trigger\"><\/span><\/button><\/div><div class=\"kt-accordion-panel kt-accordion-panel-hidden\"><div class=\"kt-accordion-panel-inner\">\n<p class=\"has-text-align-center\">Mis manos,<br>en tu cintura<br>Tus brazos,<br>en mis brazos<br>Mis pies<br>marcan el ritmo,<br>que no pueden marcar,<br>tus pasos.<br>Tus ojos me miran,<br>con ternura<br>Tus labios pronuncian mi nombre<br>y una frase m\u00e1gica<br>suena en mis o\u00eddos<br>\u00a1S\u00e1came a bailar!<br>Me pongo a tu altura<br>mis manos te abrazan,<br>con dulzura<br>Te miro a la cara<br>la felicidad te inunda<br>Mis manos sujetan tu cuerpo<br>inm\u00f3vil, quieto<br>Tu alma baila con soltura<br>quiz\u00e1s recordando a tu abuelito,<br>que te quiso con locura.<br>Cuando quieras bailar, baila<br>solo pronuncia la frase m\u00e1gica<br>\u00a1S\u00e1came a bailar!<br>Y veloz como un rayo de luz,<br>me pondr\u00e9 a tu altura.<br>Mis manos,<br>en tu cintura.<\/p>\n\n\n\n<p class=\"has-text-align-center\">Autor: Antonio Porras L\u00f3pez<\/p>\n<\/div><\/div><\/div>\n\n\n\n<div class=\"wp-block-kadence-pane kt-accordion-pane kt-accordion-pane-6 kt-pane3067_287dae-53\"><div class=\"kt-accordion-header-wrap\"><button class=\"kt-blocks-accordion-header kt-acccordion-button-label-show\" type=\"button\"><span class=\"kt-blocks-accordion-title-wrap\"><span class=\"kt-blocks-accordion-title\"><strong>RECUERDA QUE AQU\u00cd ESTOY YO\u2026 &#8211; 03\/07\/2008<\/strong><\/span><\/span><span class=\"kt-blocks-accordion-icon-trigger\"><\/span><\/button><\/div><div class=\"kt-accordion-panel kt-accordion-panel-hidden\"><div class=\"kt-accordion-panel-inner\">\n<p class=\"has-text-align-center\">Cuando alg\u00fan d\u00eda como yo te encuentres sola\u2026<br>Recuerda que aqu\u00ed estoy yo\u2026<br>Cuando alg\u00fan d\u00eda quieras sentir la paz de platicar con alguien que te escuche\u2026<br>recuerda que aqu\u00ed estoy yo\u2026<br>Cuando alg\u00fan d\u00eda quieras sentir el calor de un abrazo sincero y sin compromisos\u2026<br>recuerda que aqu\u00ed estoy yo\u2026<br>Cuando alg\u00fan d\u00eda sientas con unas inmensas ganas de llorar y ser comprendida\u2026<br>recuerda que aqu\u00ed estoy yo\u2026<br>Cuando alg\u00fan d\u00eda necesites alguien en quien realmente puedas confiar\u2026<br>recuerda que aqu\u00ed estoy yo\u2026<br>Cuando alg\u00fan d\u00eda sientas que todo se derrumb\u00f3 y quieras comenzar de nuevo\u2026<br>recuerda que aqu\u00ed estoy yo\u2026<br>Cuando alg\u00fan d\u00eda quieras volver a sentir que es la felicidad\u2026<br>recuerda que aqu\u00ed estoy yo\u2026<br>Cuando alg\u00fan d\u00eda dudes de querer seguir existiendo\u2026<br>recuerda que aqu\u00ed estoy yo\u2026<br>Cuando alg\u00fan d\u00eda quieras recordar lo que un d\u00eda fue\u2026<br>recuerda que aqu\u00ed estoy yo\u2026<br>Cuando alg\u00fan d\u00eda entiendas que todos por ser humanos alg\u00fan vez fallaremos\u2026<br>recuerda que aqu\u00ed estoy yo\u2026<br>Cuando est\u00e9s en las buenas, pero m\u00e1s en las malas\u2026<br>recuerda que aqu\u00ed estoy yo\u2026<br>Cuando alg\u00fan d\u00eda logres encontrarte a ti misma y dejar a un lado el miedo que llevas dentro\u2026<br>Recuerda que aqu\u00ed estar\u00e9 yo esper\u00e1ndote sin ning\u00fan reproche y con los brazos abiertos\u2026<\/p>\n<\/div><\/div><\/div>\n\n\n\n<div class=\"wp-block-kadence-pane kt-accordion-pane kt-accordion-pane-11 kt-pane3067_d10973-b3\"><div class=\"kt-accordion-header-wrap\"><button class=\"kt-blocks-accordion-header kt-acccordion-button-label-show\" type=\"button\"><span class=\"kt-blocks-accordion-title-wrap\"><span class=\"kt-blocks-accordion-title\"><strong>\u00a1\u00a1MALDITO ALZHEIMER!! &#8211; 19\/06\/2008<\/strong><\/span><\/span><span class=\"kt-blocks-accordion-icon-trigger\"><\/span><\/button><\/div><div class=\"kt-accordion-panel kt-accordion-panel-hidden\"><div class=\"kt-accordion-panel-inner\">\n<p class=\"has-text-align-center\">Miro a trav\u00e9s de mi ventana\u2026<br>como el invierno trae fr\u00edos<br>y tristezas a mi alma<br>Todo qued\u00f3 en un feliz ayer<br>cuando ni so\u00f1aba con este hoy,<br>\u2026que nos marc\u00f3\u2026<br>sin saber a donde voy<br>T\u00fa me empujas a un abismo<br>donde nadie me da una mano,<br>esa mano que tuve antes junto<br>a las m\u00edas<br>Hoy estas cerca y tan lejos\u2026<br>\u00a1No entiendo cuando me hablas!<br>O yo estoy sorda, o t\u00fa cada vez mas ido.<br>\u00a1\u00a1Somos dos seres que esperamos<br>un milagro!!\u2026<br>\u00bfCual?<br>El que ya no viene, el que ya se fue<br>el que dej\u00f3 de frotar<br>nuestros cuerpos,<br>para unirlos en ardientes<br>placeres\u2026<br>Aquellos que sentimos, que gozamos,<br>Que nos hizo templar de amor\u2026<br>Cuando\u2026<br>engendramos nuestro hijo!!<br>\u201c\u00a1\u00a1Vos con 49 a\u00f1os y yo\u2026<br>Con 43!!\u201d<br>Gracias a Dios, tenemos a nuestro Ariel<\/p>\n\n\n\n<p class=\"has-text-align-center\"><strong>Autora: Nilda<\/strong><\/p>\n<\/div><\/div><\/div>\n\n\n\n<div class=\"wp-block-kadence-pane kt-accordion-pane kt-accordion-pane-12 kt-pane3067_0c0e6b-df\"><div class=\"kt-accordion-header-wrap\"><button class=\"kt-blocks-accordion-header kt-acccordion-button-label-show\" type=\"button\"><span class=\"kt-blocks-accordion-title-wrap\"><span class=\"kt-blocks-accordion-title\"><strong>EL FINAL DE MI ALZHEIMER<\/strong><\/span><\/span><span class=\"kt-blocks-accordion-icon-trigger\"><\/span><\/button><\/div><div class=\"kt-accordion-panel kt-accordion-panel-hidden\"><div class=\"kt-accordion-panel-inner\">\n<p class=\"has-text-align-center\">\u00bfQu\u00e9 recuerdo del pasado?<br>\u00bfLo bueno?<br>M\u00e1s bien lo malo<br>Aquellas tardes de frio,<br>que pas\u00e9 en la monta\u00f1a,<br>bebiendo agua de r\u00edo,<br>con lana de oveja abrigado;<br>son solo tristes recuerdos,<br>de un pasado olvidado<br>Fuego que calentaste,<br>a ese ni\u00f1o delgado,<br>camino que desgastaste,<br>zapatos de cuero anudado.<br>Gracias por aquellos d\u00edas,<br>en que el monte era mi vida,<br>pero no a\u00f1oro eso momentos,<br>dejar\u00e9 esa vida perdida<br>Hoy me encuentro en una silla,<br>postrado para el fin de mis d\u00edas.<br>El recuerdo de aquel d\u00eda,<br>en que con fr\u00edo ped\u00eda,<br>el regazo de mi madre,<br>para calmar mi agon\u00eda<br>y poder por fin serenarme<br>Hoy me acuerdo de algo bueno,<br>creo que crec\u00ed y me cas\u00e9.<br>Pero por mucho que busco,<br>no encuentro en mi mente,<br>los labios que bes\u00e9<br>Feliz me siento ahora mismo,<br>a\u00fan sabiendo que muerte me espera,<br>pues he salido del abismo<br>y recuerdo mi vida entera<br>Muchos grandes momentos,<br>montones de felicidad;<br>ha llegado mi hora,<br>y tengo la oportunidad,<br>de morir con la sonrisa,<br>que la memoria me da<\/p>\n\n\n\n<p class=\"has-text-align-center\"><strong>Autor: Mart\u00edn Carmona S\u00e1nchez<\/strong><\/p>\n<\/div><\/div><\/div>\n\n\n\n<div class=\"wp-block-kadence-pane kt-accordion-pane kt-accordion-pane-13 kt-pane3067_a92007-86\"><div class=\"kt-accordion-header-wrap\"><button class=\"kt-blocks-accordion-header kt-acccordion-button-label-show\" type=\"button\"><span class=\"kt-blocks-accordion-title-wrap\"><span class=\"kt-blocks-accordion-title\"><strong>PARA MI MADRE &#8211; 08\/05\/2008<\/strong><\/span><\/span><span class=\"kt-blocks-accordion-icon-trigger\"><\/span><\/button><\/div><div class=\"kt-accordion-panel kt-accordion-panel-hidden\"><div class=\"kt-accordion-panel-inner\">\n<p class=\"has-text-align-center\">Deja que el vac\u00edo me contemple<br>El sue\u00f1o derrumbado de tus ojos<br>refleja una mirada que recuerdo.<br>Encierro entre mis manos<br>los p\u00e1jaros del d\u00eda,<br>plumas que en la tarde aligeran el aire<br>y son ceniza que el viento arrastra<br>Perdido en la h\u00fameda arena,<br>recorro sin transici\u00f3n mi vida<br>y en el filo de la pr\u00f3xima marea<br>las huellas de mi paso ser\u00e1n el venidero olvido<br>al que me aferro.<\/p>\n\n\n\n<p class=\"has-text-align-center\"><strong>Autor: Fernando Sarria<\/strong><\/p>\n<\/div><\/div><\/div>\n\n\n\n<div class=\"wp-block-kadence-pane kt-accordion-pane kt-accordion-pane-14 kt-pane3067_a85719-20\"><div class=\"kt-accordion-header-wrap\"><button class=\"kt-blocks-accordion-header kt-acccordion-button-label-show\" type=\"button\"><span class=\"kt-blocks-accordion-title-wrap\"><span class=\"kt-blocks-accordion-title\"><strong>NO RECOMPONGAS TU VIDA &#8211; 27\/03\/2008<\/strong><\/span><\/span><span class=\"kt-blocks-accordion-icon-trigger\"><\/span><\/button><\/div><div class=\"kt-accordion-panel kt-accordion-panel-hidden\"><div class=\"kt-accordion-panel-inner\">\n<p class=\"has-text-align-center\">No recompongas tu vida<br>hecha de cristales rotos<br>no intentes domar a la nube<br>que cada d\u00eda asoma por tu ventana<br>Deber\u00edas de atar a la pata de la cig\u00fce\u00f1a<br>el miedo a tu partida<br>dejarla volar libre<br>hacia climas m\u00e1s benignos<br>sus huellas siempre quedar\u00e1n<br>sobre la nieve resplandeciente del cerebro<br>No pierdas los trozos del espejo<br>cada uno de ellos un recuerdo<br>una carta sin remite<br>No cierres las ventanas<br>ni hagas nudos con las s\u00e1banas<br>eres t\u00fa multiplicado por diez , por cien<br>en cada trozo una mirada<br>en cada mirada una l\u00e1grima<br>en cada l\u00e1grima un rabo de nube atado a la pata de la cig\u00fce\u00f1a<br>arrastrando sobre los tejados un lastre de recuerdos<br>No recompongas tu vida<br>no merece la pena<br>ahora que sopla el viento de frente<br>ahora que la marea se aleja<br>deja a la cig\u00fce\u00f1a partir<br>hasta la l\u00ednea fresa del quicio de la ventana<br>D\u00e9jala marchar hasta la costura del horizonte<br>conf\u00eda en ella, no se perder\u00e1<br>llevar\u00e1 muy diligente<br>tus sue\u00f1os , recuerdos y vivencias<br>hasta otra playa de arena y fuego<br>hasta la otra orilla<br>Tus hijos ya no lo son<br>ahora pertenecen al olvido<br>Eres el due\u00f1o de una nube de polvo, de una niebla<br>de una callada tarde sentado en una silla del interminable pasillo de la residencia<br>ahora , al fin , te pertenecen todos los relojes parados a las 10:10<br>No recompongas tu mente<br>espera callado a que se te olvide vivir<\/p>\n\n\n\n<p class=\"has-text-align-center\">ver\u00e1s c\u00f3mo te sientes siendo un recipiente vac\u00edo<br>un espejo roto sobre el raso de un ata\u00fad<br>Al fin y al cabo, la cabeza es una jaula<br>donde las recuerdos son p\u00e1jaros<br>que al abrirla salen volando<br>hacia los Jardines Zen.<\/p>\n<\/div><\/div><\/div>\n\n\n\n<div class=\"wp-block-kadence-pane kt-accordion-pane kt-accordion-pane-10 kt-pane3067_62de3a-50\"><div class=\"kt-accordion-header-wrap\"><button class=\"kt-blocks-accordion-header kt-acccordion-button-label-show\" type=\"button\"><span class=\"kt-blocks-accordion-title-wrap\"><span class=\"kt-blocks-accordion-title\"><strong>\u00bfY QUI\u00c9N ES EL QUE SABE?<\/strong> &#8211; <strong>06\/03\/2008<\/strong><\/span><\/span><span class=\"kt-blocks-accordion-icon-trigger\"><\/span><\/button><\/div><div class=\"kt-accordion-panel kt-accordion-panel-hidden\"><div class=\"kt-accordion-panel-inner\">\n<p class=\"has-text-align-center\">Yo no s\u00e9 a d\u00f3nde van<br>ni de d\u00f3nde vienen,<br>s\u00f3lo s\u00e9 que pasan por mi mente<br>\u00bfSer\u00e1 que no me escuchan?<br>\u00bfSer\u00e1 que no comprenden?<br>Yo s\u00e9 que est\u00e1n ah\u00ed,<br>aunque ninguno me comprende<br>Tal vez porque no me ven,<br>tal vez porque no me sienten<br>Yo veo muros que ellos no ven,<br>yo siento cosas que ellos no sienten,<br>\u00bfSer\u00e1 que mi familia no me ve?<br>\u00bfSer\u00e1 que mi familia<br>no me escucha?<br>Ellos est\u00e1n ah\u00ed y no me ven,<br>ellos est\u00e1n ah\u00ed y no voltean,<br>parecen ignorarme;<br>tal vez porque mi familia<br>ha dejado de creer,<br>tal vez porque me siente ausente<br>Yo sigo pensando<br>que la vida permanece por ah\u00ed,<br>un poco escondida y a la deriva,<br>un poco loca y un poco ni\u00f1a,<br>pero siempre viva,<br>aunque con el coraz\u00f3n deshecho,<br>con el coraz\u00f3n vac\u00edo<br>Yo no s\u00e9 de d\u00f3nde vengo,<br>ni a d\u00f3nde voy;<br>pero esa gente que me sigue,<br>que me cuida y me dice:<br>\u201cPor aqu\u00ed\u2026\u201d y \u201cPor ac\u00e1\u2026\u201d<br>\u00bfSer\u00e1 que ellos tambi\u00e9n<br>habr\u00e1n perdido el rumbo<br>y no saben a d\u00f3nde ir?<br>\u00bfSer\u00e1 que ellos tambi\u00e9n<br>est\u00e1n perdidos<br>y recurren a mi?<br>Hoy la vida me ha ense\u00f1ado que<br>no siempre gana el que tiene m\u00e1s<\/p>\n\n\n\n<p class=\"has-text-align-center\">o el que cree saber lo verdadero,<br>ni el que tiene la raz\u00f3n;<br>gana el que tiene amor,<br>el que sabe dar,<br>el que comprende<br>al que no comprende<br>y el que no se olvida de aquel<br>que todo olvida.<\/p>\n\n\n\n<p class=\"has-text-align-center\"><strong>Autor: Federico Ortiz-Moreno<\/strong><\/p>\n<\/div><\/div><\/div>\n\n\n\n<div class=\"wp-block-kadence-pane kt-accordion-pane kt-accordion-pane-9 kt-pane3067_6a9e96-25\"><div class=\"kt-accordion-header-wrap\"><button class=\"kt-blocks-accordion-header kt-acccordion-button-label-show\" type=\"button\"><span class=\"kt-blocks-accordion-title-wrap\"><span class=\"kt-blocks-accordion-title\"><strong>COMO EL VIDRIO &#8211; 21\/02\/2008<\/strong><\/span><\/span><span class=\"kt-blocks-accordion-icon-trigger\"><\/span><\/button><\/div><div class=\"kt-accordion-panel kt-accordion-panel-hidden\"><div class=\"kt-accordion-panel-inner\">\n<p class=\"has-text-align-center\">Como el vidrio que se rompe al estrellarse en el suelo,<br>se siente mi alma esta noche, nada le ofrece consuelo,<br>al o\u00edrte hablar con ella, al confirmar mis temores,<br>mis tesoros, mis recuerdos, olvidar\u00e9 mis valores<br>Sufro porque s\u00e9, que te duele mirarme,<br>tiemblo al pensar, que no podr\u00e9 recordarte,<br>momentos que alg\u00fan d\u00eda, fueron parte de mi vida,<br>recuerdos tan deseados, que olvidar\u00e9 d\u00eda a d\u00eda<br>El diablo tiene mil caras, mil sobrenombres ocultos,<br>vestido en enfermedad, vino a traerme el disgusto,<br>es horrible asimilar, lo que hacia mi ha de llegar,<br>pero m\u00e1s terrible a\u00fan, ser\u00e1 el veros por m\u00ed penar<br>Mi mente ya se resiente, perdiendo ciertos detalles,<br>historias siempre contadas, se diluyen en el aire<br>S\u00e9 que esto ha de empeorar, hasta llegar el momento,<br>que te tenga frente a m\u00ed, y no reconozca tu cuerpo<br>No quiero llegar a ser, un cad\u00e1ver muerto en vida,<br>solo un cuerpo que reposa, due\u00f1o de un alma vac\u00eda,<br>no quiero ser la causante, de tus llantos y tus penas,<br>quiero que me recuerdes como siempre viva y plena<br>En tan corto plazo, amor quise arreglar este entuerto,<br>poniendo fin a mi vida, acortando el sufrimiento,<br>pero cuando lo intentaba, tus ojos a m\u00ed se volv\u00edan,<br>pues prefieres t\u00fa cuidarme, a contemplarme sin vida<br>La enfermedad de este siglo, la llama gente inexperta,<br>pero no saben lo que es, que \u00e9sta, llame a tu puerta.<\/p>\n\n\n\n<p class=\"has-text-align-center\"><strong>Autora: Majo<\/strong><\/p>\n<\/div><\/div><\/div>\n\n\n\n<div class=\"wp-block-kadence-pane kt-accordion-pane kt-accordion-pane-8 kt-pane3067_8b42be-05\"><div class=\"kt-accordion-header-wrap\"><button class=\"kt-blocks-accordion-header kt-acccordion-button-label-show\" type=\"button\"><span class=\"kt-blocks-accordion-title-wrap\"><span class=\"kt-blocks-accordion-title\"><strong>ALZHEIMER &#8211; 07\/02\/2008<\/strong><\/span><\/span><span class=\"kt-blocks-accordion-icon-trigger\"><\/span><\/button><\/div><div class=\"kt-accordion-panel kt-accordion-panel-hidden\"><div class=\"kt-accordion-panel-inner\">\n<p class=\"has-text-align-center\">La mirada perdida<br>en oscuros rincones,<br>sentada sobre un suelo,<br>de viejo amanecer,<br>envuelta en mil recuerdos,<br>de un pasado de sue\u00f1os,<br>viviendo en un presente,<br>sin futuro ni ayer<br>Le surca una sonrisa<br>a tu rostro arrugado<br>y tus manos no alcanzan<br>un presente mejor<br>Se acab\u00f3 tu viaje<br>por las rutas del tiempo,<br>tu vida se ha quedado,<br>en la vieja estaci\u00f3n,<br>con el reloj de sue\u00f1os,<br>que no marca las horas<br>Y en una v\u00eda muerta\u2026<br>se qued\u00f3 tu vag\u00f3n.<\/p>\n\n\n\n<p class=\"has-text-align-center\"><strong>Autora: Ana C. Nieto<\/strong><\/p>\n<\/div><\/div><\/div>\n\n\n\n<div class=\"wp-block-kadence-pane kt-accordion-pane kt-accordion-pane-7 kt-pane3067_35a9cc-4d\"><div class=\"kt-accordion-header-wrap\"><button class=\"kt-blocks-accordion-header kt-acccordion-button-label-show\" type=\"button\"><span class=\"kt-blocks-accordion-title-wrap\"><span class=\"kt-blocks-accordion-title\"><strong>LA ENFERMEDAD DEL ALZHEIMER &#8211; 24\/01\/2008<\/strong><\/span><\/span><span class=\"kt-blocks-accordion-icon-trigger\"><\/span><\/button><\/div><div class=\"kt-accordion-panel kt-accordion-panel-hidden\"><div class=\"kt-accordion-panel-inner\">\n<p class=\"has-text-align-center\">Que dura es la palabra<br>pero m\u00e1s la enfermedad,<br>\u00a1Te mata sin haber muerto<br>estar muerto, sin estar!<br>Pierdes la noci\u00f3n de todo<br>y ya no piensas en nada<br>Los amigos ya se pierden<br>y la familia se aparta<br>Es dura esta enfermedad\u2026<br>De ti se van apartando\u2026<br>\u00a1Si son hijos qu\u00e9 m\u00e1s da<br>Nada pueden hacer ya!<br>\u00bfLo mejor? La Residencia<br>All\u00ed encontrar\u00e1n soledad,<br>iAlgunas visitas tienen<br>para cumplir nada m\u00e1s!<br>Aunque tengan lucidez<br>y se pongan a pensar,<br>\u00a1Pues para nada le sirve,<br>si acaso, para llorar!<br>Le preguntar\u00e1n que tienen<br>Preguntar, por preguntar,<br>i Nada pueden resolverle<br>y vuelve la soledad!<br>Es la enfermedad de Alzheimer<br>que no tiene soluci\u00f3n,<br>\u00a1Que fuertes son las palabras,<br>sin estar loco, has perdido la raz\u00f3n!<br>Esta es la triste verdad, qu\u00e9 pena,<br>la familia te abandona<br>!O se les olvida que existes,<br>y de ti nadie se acuerda, hasta que mueres!<br>Hay que luchar con gran fuerza<br>que estudien bien esta enfermedad,<br>\u00a1Y dejen esos inventos nuevos,<br>el Alzheimer, lo primero, por ejemplo!<\/p>\n\n\n\n<p class=\"has-text-align-center\"><strong>Autora: Teresita V\u00e1zquez<\/strong><\/p>\n<\/div><\/div><\/div>\n\n\n\n<div class=\"wp-block-kadence-pane kt-accordion-pane kt-accordion-pane-5 kt-pane3067_cbaf63-56\"><div class=\"kt-accordion-header-wrap\"><button class=\"kt-blocks-accordion-header kt-acccordion-button-label-show\" type=\"button\"><span class=\"kt-blocks-accordion-title-wrap\"><span class=\"kt-blocks-accordion-title\"><strong>CUANDO VEO ESOS OJOS TAN TRISTES &#8211; 10\/01\/2008<\/strong><\/span><\/span><span class=\"kt-blocks-accordion-icon-trigger\"><\/span><\/button><\/div><div class=\"kt-accordion-panel kt-accordion-panel-hidden\"><div class=\"kt-accordion-panel-inner\">\n<p class=\"has-text-align-center\">Cuando veo esos ojos tan tristes<br>Cuando observo esos pelos canosos y ralos<br>Me pregunto:<br>\u00bfT\u00fa eres quien fuiste?<br>\u00bfQu\u00e9 queda de t\u00ed?<br>Pero el alma, maldita, me enga\u00f1a,<br>y dice, ladina, no creas al espejo, que miente,<br>pues t\u00fa sigues siendo el mismo de siempre,<br>aquel joven con ojos brillantes,<br>aquel hombre con pelo tupido y moreno,<br>con cuerpo muy erguido y mirar sereno<br>Y vuelvo a mirarme al espejo,<br>y solo contemplo en el mismo<br>las ru\u00ednas de un pobre ser viejo<br>\u00a1Oh Dios de la vida y la muerte!<br>\u00bfQui\u00e9n es el que miente\u2026?<br>\u00a1Oh Ser infinito que el alma me diste!<br>\u00bfPor qu\u00e9 la mantienes tan bella y hermosa,<br>y yo estoy tan triste?<br>\u00bfPor qu\u00e9 no se aja mi alma igual que mi cuerpo?<br>\u00bfPor qu\u00e9 soy tan viejo por fuera y tan joven por dentro\u2026?<\/p>\n\n\n\n<p class=\"has-text-align-center\"><strong>Autor: Antonio Pardal<\/strong><\/p>\n<\/div><\/div><\/div>\n<\/div><\/div><\/div>\n<\/div><\/div>\n\n\n\n<div class=\"wp-block-kadence-tab kt-tab-inner-content kt-inner-tab-19 kt-inner-tab441f13-ce\"><div class=\"kt-tab-inner-content-inner\"><style>.kt-accordion-id3067_f05b1c-69 .kt-accordion-inner-wrap{column-gap:var(--global-kb-gap-md, 2rem);row-gap:10px;}.kt-accordion-id3067_f05b1c-69 .kt-accordion-panel-inner{border-top:0px solid transparent;border-right:0px solid transparent;border-bottom:0px solid transparent;border-left:0px solid transparent;background:#ffffff;padding-top:var(--global-kb-spacing-sm, 1.5rem);padding-right:var(--global-kb-spacing-sm, 1.5rem);padding-bottom:var(--global-kb-spacing-sm, 1.5rem);padding-left:var(--global-kb-spacing-sm, 1.5rem);}.kt-accordion-id3067_f05b1c-69 > .kt-accordion-inner-wrap > .wp-block-kadence-pane > .kt-accordion-header-wrap > .kt-blocks-accordion-header{border-top:0px solid #f2f2f2;border-right:0px solid #f2f2f2;border-bottom:0px solid #f2f2f2;border-left:0px solid #f2f2f2;border-top-left-radius:6px;border-top-right-radius:6px;border-bottom-right-radius:6px;border-bottom-left-radius:6px;background:#f2f2f2;color:#555555;padding-top:14px;padding-right:16px;padding-bottom:14px;padding-left:16px;}.kt-accordion-id3067_f05b1c-69:not( .kt-accodion-icon-style-basiccircle ):not( .kt-accodion-icon-style-xclosecircle ):not( .kt-accodion-icon-style-arrowcircle )  > .kt-accordion-inner-wrap > .wp-block-kadence-pane > .kt-accordion-header-wrap .kt-blocks-accordion-icon-trigger:after, .kt-accordion-id3067_f05b1c-69:not( .kt-accodion-icon-style-basiccircle ):not( .kt-accodion-icon-style-xclosecircle ):not( .kt-accodion-icon-style-arrowcircle )  > .kt-accordion-inner-wrap > .wp-block-kadence-pane > .kt-accordion-header-wrap .kt-blocks-accordion-icon-trigger:before{background:#555555;}.kt-accordion-id3067_f05b1c-69:not( .kt-accodion-icon-style-basic ):not( .kt-accodion-icon-style-xclose ):not( .kt-accodion-icon-style-arrow ) .kt-blocks-accordion-icon-trigger{background:#555555;}.kt-accordion-id3067_f05b1c-69:not( .kt-accodion-icon-style-basic ):not( .kt-accodion-icon-style-xclose ):not( .kt-accodion-icon-style-arrow ) .kt-blocks-accordion-icon-trigger:after, .kt-accordion-id3067_f05b1c-69:not( .kt-accodion-icon-style-basic ):not( .kt-accodion-icon-style-xclose ):not( .kt-accodion-icon-style-arrow ) .kt-blocks-accordion-icon-trigger:before{background:#f2f2f2;}.kt-accordion-id3067_f05b1c-69 > .kt-accordion-inner-wrap > .wp-block-kadence-pane > .kt-accordion-header-wrap > .kt-blocks-accordion-header:hover, \n\t\t\t\tbody:not(.hide-focus-outline) .kt-accordion-id3067_f05b1c-69 .kt-blocks-accordion-header:focus-visible{color:#444444;background:#eeeeee;border-top-color:#eeeeee;border-top-style:solid;border-right-color:#eeeeee;border-right-style:solid;border-bottom-color:#eeeeee;border-bottom-style:solid;border-left-color:#eeeeee;border-left-style:solid;}.kt-accordion-id3067_f05b1c-69:not( .kt-accodion-icon-style-basiccircle ):not( .kt-accodion-icon-style-xclosecircle ):not( .kt-accodion-icon-style-arrowcircle ) .kt-accordion-header-wrap .kt-blocks-accordion-header:hover .kt-blocks-accordion-icon-trigger:after, .kt-accordion-id3067_f05b1c-69:not( .kt-accodion-icon-style-basiccircle ):not( .kt-accodion-icon-style-xclosecircle ):not( .kt-accodion-icon-style-arrowcircle ) .kt-accordion-header-wrap .kt-blocks-accordion-header:hover .kt-blocks-accordion-icon-trigger:before, body:not(.hide-focus-outline) .kt-accordion-id3067_f05b1c-69:not( .kt-accodion-icon-style-basiccircle ):not( .kt-accodion-icon-style-xclosecircle ):not( .kt-accodion-icon-style-arrowcircle ) .kt-blocks-accordion--visible .kt-blocks-accordion-icon-trigger:after, body:not(.hide-focus-outline) .kt-accordion-id3067_f05b1c-69:not( .kt-accodion-icon-style-basiccircle ):not( .kt-accodion-icon-style-xclosecircle ):not( .kt-accodion-icon-style-arrowcircle ) .kt-blocks-accordion-header:focus-visible .kt-blocks-accordion-icon-trigger:before{background:#444444;}.kt-accordion-id3067_f05b1c-69:not( .kt-accodion-icon-style-basic ):not( .kt-accodion-icon-style-xclose ):not( .kt-accodion-icon-style-arrow ) .kt-accordion-header-wrap .kt-blocks-accordion-header:hover .kt-blocks-accordion-icon-trigger, body:not(.hide-focus-outline) .kt-accordion-id3067_f05b1c-69:not( .kt-accodion-icon-style-basic ):not( .kt-accodion-icon-style-xclose ):not( .kt-accodion-icon-style-arrow ) .kt-accordion-header-wrap .kt-blocks-accordion-header:focus-visible .kt-blocks-accordion-icon-trigger{background:#444444;}.kt-accordion-id3067_f05b1c-69:not( .kt-accodion-icon-style-basic ):not( .kt-accodion-icon-style-xclose ):not( .kt-accodion-icon-style-arrow ) .kt-accordion-header-wrap .kt-blocks-accordion-header:hover .kt-blocks-accordion-icon-trigger:after, .kt-accordion-id3067_f05b1c-69:not( .kt-accodion-icon-style-basic ):not( .kt-accodion-icon-style-xclose ):not( .kt-accodion-icon-style-arrow ) .kt-accordion-header-wrap .kt-blocks-accordion-header:hover .kt-blocks-accordion-icon-trigger:before, body:not(.hide-focus-outline) .kt-accordion-id3067_f05b1c-69:not( .kt-accodion-icon-style-basic ):not( .kt-accodion-icon-style-xclose ):not( .kt-accodion-icon-style-arrow ) .kt-accordion-header-wrap .kt-blocks-accordion-header:focus-visible .kt-blocks-accordion-icon-trigger:after, body:not(.hide-focus-outline) .kt-accordion-id3067_f05b1c-69:not( .kt-accodion-icon-style-basic ):not( .kt-accodion-icon-style-xclose ):not( .kt-accodion-icon-style-arrow ) .kt-accordion-header-wrap .kt-blocks-accordion-header:focus-visible .kt-blocks-accordion-icon-trigger:before{background:#eeeeee;}.kt-accordion-id3067_f05b1c-69 .kt-accordion-header-wrap .kt-blocks-accordion-header:focus-visible,\n\t\t\t\t.kt-accordion-id3067_f05b1c-69 > .kt-accordion-inner-wrap > .wp-block-kadence-pane > .kt-accordion-header-wrap > .kt-blocks-accordion-header.kt-accordion-panel-active{color:#ffffff;background:#f3690e;border-top-color:#f3690e;border-top-style:solid;border-right-color:#f3690e;border-right-style:solid;border-bottom-color:#f3690e;border-bottom-style:solid;border-left-color:#f3690e;border-left-style:solid;}.kt-accordion-id3067_f05b1c-69:not( .kt-accodion-icon-style-basiccircle ):not( .kt-accodion-icon-style-xclosecircle ):not( .kt-accodion-icon-style-arrowcircle )  > .kt-accordion-inner-wrap > .wp-block-kadence-pane > .kt-accordion-header-wrap > .kt-blocks-accordion-header.kt-accordion-panel-active .kt-blocks-accordion-icon-trigger:after, .kt-accordion-id3067_f05b1c-69:not( .kt-accodion-icon-style-basiccircle ):not( .kt-accodion-icon-style-xclosecircle ):not( .kt-accodion-icon-style-arrowcircle )  > .kt-accordion-inner-wrap > .wp-block-kadence-pane > .kt-accordion-header-wrap > .kt-blocks-accordion-header.kt-accordion-panel-active .kt-blocks-accordion-icon-trigger:before{background:#ffffff;}.kt-accordion-id3067_f05b1c-69:not( .kt-accodion-icon-style-basic ):not( .kt-accodion-icon-style-xclose ):not( .kt-accodion-icon-style-arrow ) .kt-blocks-accordion-header.kt-accordion-panel-active .kt-blocks-accordion-icon-trigger{background:#ffffff;}.kt-accordion-id3067_f05b1c-69:not( .kt-accodion-icon-style-basic ):not( .kt-accodion-icon-style-xclose ):not( .kt-accodion-icon-style-arrow ) .kt-blocks-accordion-header.kt-accordion-panel-active .kt-blocks-accordion-icon-trigger:after, .kt-accordion-id3067_f05b1c-69:not( .kt-accodion-icon-style-basic ):not( .kt-accodion-icon-style-xclose ):not( .kt-accodion-icon-style-arrow ) .kt-blocks-accordion-header.kt-accordion-panel-active .kt-blocks-accordion-icon-trigger:before{background:#f3690e;}@media all and (max-width: 1024px){.kt-accordion-id3067_f05b1c-69 .kt-accordion-panel-inner{border-top:0px solid transparent;border-right:0px solid transparent;border-bottom:0px solid transparent;border-left:0px solid transparent;}}@media all and (max-width: 1024px){.kt-accordion-id3067_f05b1c-69 > .kt-accordion-inner-wrap > .wp-block-kadence-pane > .kt-accordion-header-wrap > .kt-blocks-accordion-header{border-top:0px solid #f2f2f2;border-right:0px solid #f2f2f2;border-bottom:0px solid #f2f2f2;border-left:0px solid #f2f2f2;}}@media all and (max-width: 1024px){.kt-accordion-id3067_f05b1c-69 > .kt-accordion-inner-wrap > .wp-block-kadence-pane > .kt-accordion-header-wrap > .kt-blocks-accordion-header:hover, \n\t\t\t\tbody:not(.hide-focus-outline) .kt-accordion-id3067_f05b1c-69 .kt-blocks-accordion-header:focus-visible{border-top-color:#eeeeee;border-top-style:solid;border-right-color:#eeeeee;border-right-style:solid;border-bottom-color:#eeeeee;border-bottom-style:solid;border-left-color:#eeeeee;border-left-style:solid;}}@media all and (max-width: 1024px){.kt-accordion-id3067_f05b1c-69 .kt-accordion-header-wrap .kt-blocks-accordion-header:focus-visible,\n\t\t\t\t.kt-accordion-id3067_f05b1c-69 > .kt-accordion-inner-wrap > .wp-block-kadence-pane > .kt-accordion-header-wrap > .kt-blocks-accordion-header.kt-accordion-panel-active{border-top-color:#f3690e;border-top-style:solid;border-right-color:#f3690e;border-right-style:solid;border-bottom-color:#f3690e;border-bottom-style:solid;border-left-color:#f3690e;border-left-style:solid;}}@media all and (max-width: 767px){.kt-accordion-id3067_f05b1c-69 .kt-accordion-inner-wrap{display:block;}.kt-accordion-id3067_f05b1c-69 .kt-accordion-inner-wrap .kt-accordion-pane:not(:first-child){margin-top:10px;}.kt-accordion-id3067_f05b1c-69 .kt-accordion-panel-inner{border-top:0px solid transparent;border-right:0px solid transparent;border-bottom:0px solid transparent;border-left:0px solid transparent;}.kt-accordion-id3067_f05b1c-69 > .kt-accordion-inner-wrap > .wp-block-kadence-pane > .kt-accordion-header-wrap > .kt-blocks-accordion-header{border-top:0px solid #f2f2f2;border-right:0px solid #f2f2f2;border-bottom:0px solid #f2f2f2;border-left:0px solid #f2f2f2;}.kt-accordion-id3067_f05b1c-69 > .kt-accordion-inner-wrap > .wp-block-kadence-pane > .kt-accordion-header-wrap > .kt-blocks-accordion-header:hover, \n\t\t\t\tbody:not(.hide-focus-outline) .kt-accordion-id3067_f05b1c-69 .kt-blocks-accordion-header:focus-visible{border-top-color:#eeeeee;border-top-style:solid;border-right-color:#eeeeee;border-right-style:solid;border-bottom-color:#eeeeee;border-bottom-style:solid;border-left-color:#eeeeee;border-left-style:solid;}.kt-accordion-id3067_f05b1c-69 .kt-accordion-header-wrap .kt-blocks-accordion-header:focus-visible,\n\t\t\t\t.kt-accordion-id3067_f05b1c-69 > .kt-accordion-inner-wrap > .wp-block-kadence-pane > .kt-accordion-header-wrap > .kt-blocks-accordion-header.kt-accordion-panel-active{border-top-color:#f3690e;border-top-style:solid;border-right-color:#f3690e;border-right-style:solid;border-bottom-color:#f3690e;border-bottom-style:solid;border-left-color:#f3690e;border-left-style:solid;}}<\/style>\n<div class=\"wp-block-kadence-accordion alignnone\"><div class=\"kt-accordion-wrap kt-accordion-id3067_f05b1c-69 kt-accordion-has-5-panes kt-active-pane-0 kt-accordion-block kt-pane-header-alignment-left kt-accodion-icon-style-basic kt-accodion-icon-side-right\" style=\"max-width:none\"><div class=\"kt-accordion-inner-wrap\" data-allow-multiple-open=\"false\" data-start-open=\"none\">\n<div class=\"wp-block-kadence-pane kt-accordion-pane kt-accordion-pane-1 kt-pane3067_671394-dd\"><div class=\"kt-accordion-header-wrap\"><button class=\"kt-blocks-accordion-header kt-acccordion-button-label-show\" type=\"button\"><span class=\"kt-blocks-accordion-title-wrap\"><span class=\"kt-blocks-accordion-title\"><strong>MAMA DORMIDA &#8211; 20\/09\/2007<\/strong><\/span><\/span><span class=\"kt-blocks-accordion-icon-trigger\"><\/span><\/button><\/div><div class=\"kt-accordion-panel kt-accordion-panel-hidden\"><div class=\"kt-accordion-panel-inner\">\n<p class=\"has-text-align-center\">Hoy para ti,<br>las caras no tienen nombre,<br>las preguntas quedan sin respuesta<br>El olvido ha invadido todo<br>Respondes con sonrisas<br>a los labios que te besan<br>Tu mirada se ha ido donde fueron los sue\u00f1os<br>Duermes intentando traerlos<br>del lado donde no se regresa<br>Y junto a t\u00ed,<br>las rosas que \u00e9l dej\u00f3,<br>solitarias,<br>se pierden en tu tristeza<br>Cuidar\u00e1n tus sue\u00f1os.<br>Duerme otra vez\u2026<br>Duerme bella\u2026<\/p>\n\n\n\n<p class=\"has-text-align-center\"><strong>Autora: M. Jos\u00e9 Gonz\u00e1lez Mart\u00edn<br><\/strong><\/p>\n<\/div><\/div><\/div>\n\n\n\n<div class=\"wp-block-kadence-pane kt-accordion-pane kt-accordion-pane-2 kt-pane3067_4a9762-d0\"><div class=\"kt-accordion-header-wrap\"><button class=\"kt-blocks-accordion-header kt-acccordion-button-label-show\" type=\"button\"><span class=\"kt-blocks-accordion-title-wrap\"><span class=\"kt-blocks-accordion-title\"><strong>CRUENTO OLVIDO &#8211; 15\/03\/2007<\/strong><\/span><\/span><span class=\"kt-blocks-accordion-icon-trigger\"><\/span><\/button><\/div><div class=\"kt-accordion-panel kt-accordion-panel-hidden\"><div class=\"kt-accordion-panel-inner\">\n<p class=\"has-text-align-center\">Ahora, que de mi pecho afloran<br>agoreras sensaciones por venir<br>Silenciosa\u2026, yaces alma m\u00eda<br>en el balc\u00f3n de mis memorias,<br>buscando desesperadamente<br>recordar tan s\u00f3lo la sonrisa<br>de mi amante compa\u00f1era<br>\u00a1Pronto! Una l\u00e1grima ahoga<br>mi desconocida raz\u00f3n,<br>y fr\u00edo temor asoma la vigilia<br>cuando en mi mente te pierdes querida<br>ahora que te amo sin medida<br>Mas la dolorosa realidad<br>de muerte hiere mi coraz\u00f3n<br>\u00a1Cruento olvido! En m\u00ed vas germinando<br>volviendo ingrata mi raz\u00f3n,<br>no queri\u00e9ndolo as\u00ed, mi fiel coraz\u00f3n<br>Grito en silencio, lloro tu ausencia,<br>desgarro mis sentimientos;<br>y clemencia a la vida pido<br>porque te pierdo en mis recuerdos<br>Ahora que se mecen los recuerdos<br>tengo miedo a esta locura<br>Mas tu dulce voz\u2026,<br>muy presta a mis lamentos,<br>tu nombre, al fin, a mi mente asoma<br>y llorando comprend\u00ed<br>que un instante yo te perd\u00ed<br>Busco cambiar lo irremediable<br>como guarecerme con las manos en un diluvio<br>Ahora que afloran agoreras<br>en mi pecho encontradas sensaciones<br>En la luz de tu mirada me voy perdiendo,<br>no permitas que mi mente se quede<br>sola\u2026, muy sola sin tus recuerdos<br>En un rec\u00f3ndito rinc\u00f3n de mi mente<br>tembloroso a la vida imploro<br>que tus recuerdos, conmigo queden,<br>pues viendo mi dolorosa realidad<br>ya no le temo a la muerte<br>S\u00f3lo temo perderte en mi memoria<br>ahora que te amo sin medida<br>Ahora, que se mecen los recuerdos,<br>acorralado estoy por el olvido<br>que precoz corroe mi memoria<br>y despoj\u00e1ndome va, mi preciado tesoro<\/p>\n\n\n\n<p class=\"has-text-align-center\">Yo, no puedo perderte<br>mas\u2026, deseo mi muerte<br>dulce amada m\u00eda.<\/p>\n\n\n\n<p class=\"has-text-align-center\"><strong>Autor: Ra\u00fal Valero<\/strong><\/p>\n<\/div><\/div><\/div>\n\n\n\n<div class=\"wp-block-kadence-pane kt-accordion-pane kt-accordion-pane-3 kt-pane3067_3a3cc1-6b\"><div class=\"kt-accordion-header-wrap\"><button class=\"kt-blocks-accordion-header kt-acccordion-button-label-show\" type=\"button\"><span class=\"kt-blocks-accordion-title-wrap\"><span class=\"kt-blocks-accordion-title\"><strong>SENTIMIENTOS &#8211; 01\/03\/2007<\/strong><\/span><\/span><span class=\"kt-blocks-accordion-icon-trigger\"><\/span><\/button><\/div><div class=\"kt-accordion-panel kt-accordion-panel-hidden\"><div class=\"kt-accordion-panel-inner\">\n<p class=\"has-text-align-center\">Siento que no recuerdes mi cara.<br>Siento que no sonr\u00edas como antes<br>Siento que tus d\u00edas a veces sean sombr\u00edos<br>Siento que algunas noches tengas miedo<br>a pesar de que te coja de la mano<br>Siento que no puedas contarle tus cuentos a tus nietos,<br>siento que no llegues a realizar aquel viaje que tanta ilusi\u00f3n te hacia,<br>siento que dejes el \u00faltimo libro a medias,<br>siento que me mires y no me veas<br>Me duele que poco a poco dejes de ser quien fuiste,<br>me duele que olvides lo que un d\u00eda aprendiste y me ense\u00f1aste,<br>me duele solo poder hacerte compa\u00f1\u00eda<br>Y a\u00fan as\u00ed que te sientas a solas<br>Me duele no verte sonre\u00edr cuando me ves.<br>Me duelen tantas cosas que a veces me duele el alma<br>Lucho cada d\u00eda por ti, por m\u00ed,<br>lucho ante la impotencia de no admitir que poco a poco te vas,<br>lucho porque comas, que lleves el pelo como siempre te gust\u00f3,<br>Lucho porque camines y leas, aunque sea aquellos cuentos que t\u00fa me le\u00edas cuando era ni\u00f1a<br>Lucho porque no dejes de ser t\u00fa misma,<br>Lucho por no perderte tan deprisa<br>Perd\u00f3name si muchas veces te ri\u00f1o con o sin motivo<br>Perd\u00f3name si olvido que t\u00fa olvidaste que hoy es mi d\u00eda<br>Perd\u00f3name si te fuerzo m\u00e1s de lo que debo<br>Perd\u00f3name si te pido que me mires<br>Perd\u00f3name si te pido que me oigas<br>Perd\u00f3name si te pido que me llames por mi nombre,<br>ese nombre que t\u00fa me pusiste<br>Perd\u00f3name por mi ego\u00edsmo a no aceptar el destino, nuestro destino<br>Perd\u00f3name por tener que decidir por ti<br>Gracias por darme la vida, por amamantarme<br>Gracias por cuidarme cuando me sub\u00eda la fiebre y lloraba sin parar o sin motivo\u2026<br>Gracias por llevarme de paseo, por acompa\u00f1arme el primer d\u00eda al cole,<br>Gracias por recogerme y cruzarme para que saliese a jugar con los amigos,<br>Gracias por hacerme mi plato preferido, por salir temprano a comprar el pan tierno y ponerme el bocadillo<br>Gracias por tratar que nunca me faltase al menos lo imprescindible,<br>Gracias por decirte mil veces no a ti mima en pos de m\u00ed,<br>Gracias por curarme las heridas,<br>Gracias por tus c\u00e1lidos y fuertes abrazos y besos<br>Recordar\u00e9 tus miradas c\u00f3mplices,<br>recordar\u00e9 tu inter\u00e9s por encauzar mi futuro,<br>recordare la tibieza de tus manos,<br>recordar\u00e9 las historias que me contabas,<br>recordare\u2026que me llevas, que te llevo en mi coraz\u00f3n,<\/p>\n\n\n\n<p class=\"has-text-align-center\">Me sentir\u00e9 orgullosa de llevar tus apellidos,<br>me sentir\u00e9 orgullosa de que por mis venas fluya la misma sangre,<br>me sentir\u00e9 orgullosa por lo que fuiste, por lo que eres,<br>me sentir\u00e9 orgullosa de ser parte de t\u00ed y pasar\u00e9 el relevo<br>Te perdono tus insultos, tus rabietas, tus amenazas,<br>te perdono las noches en vela,<br>te perdono porque t\u00fa me ense\u00f1aste a perdonar<br>Me has ense\u00f1ado mucho, todo<br>Me has ense\u00f1ado a ser paciente, humilde, optimista,<br>me has ense\u00f1ado el verdadero sentido de un nuevo d\u00eda,<br>me has ense\u00f1ado a no culpar a nadie, porque nadie tiene la culpa de lo que ocurre, nos ocurre\u2026<br>Me has ense\u00f1ado a respetar la vida y no tener miedo a la muerte,<br>me has ense\u00f1ado a quererte no por lo que fuiste sino por lo que eres<br>Cada d\u00eda es un d\u00eda menos para ti,<br>para que dejes de sufrir<br>Cada d\u00eda es un d\u00eda menos para m\u00ed,<br>para decirte que te extra\u00f1ar\u00e9, pero no te olvidar\u00e9,<br>est\u00e9s donde est\u00e9s, aqu\u00ed,<br>o si tal vez ya no est\u00e1s aqu\u00ed,<br>quiero que sepas que aunque entre nosotros hubo enfados,<br>quedaron olvidados, solo recuerdo lo bueno<br>Lo dem\u00e1s qued\u00f3 olvidado<br>Te quiero, aunque a veces no te lo llegase a decir<br>Te quiero, ahora, antes y siempre<br>Te agradezco que a pesar de todo lo que hayamos sufrido y nos queda por sufrir,<br>yo haya aprendido a cerrar mis ojos y mirarme por dentro, a reflexionar, a contener las prisas, a caminar despacio junto a t\u00ed en tus paseos,\u2026<\/p>\n\n\n\n<p class=\"has-text-align-center\"><strong>Autora: Isabel Azabache<br><\/strong><\/p>\n<\/div><\/div><\/div>\n\n\n\n<div class=\"wp-block-kadence-pane kt-accordion-pane kt-accordion-pane-4 kt-pane3067_5ca728-a6\"><div class=\"kt-accordion-header-wrap\"><button class=\"kt-blocks-accordion-header kt-acccordion-button-label-show\" type=\"button\"><span class=\"kt-blocks-accordion-title-wrap\"><span class=\"kt-blocks-accordion-title\"><strong>OLVIDO &#8211; 01\/02\/2007<\/strong><\/span><\/span><span class=\"kt-blocks-accordion-icon-trigger\"><\/span><\/button><\/div><div class=\"kt-accordion-panel kt-accordion-panel-hidden\"><div class=\"kt-accordion-panel-inner\">\n<p class=\"has-text-align-center\">\u00a1Mente m\u00eda! \u00bfqu\u00e9 te ha pasado?<br>Te pierdo<br>y en un t\u00fanel profundo me sumerjo<br>Mi alma entra en angustia,<br>lloro,<br>peleo,<br>pero\u2026\u00bfcontra qui\u00e9n?<br>\u00a1No te encuentro!<br>Este es un camino solitario,<br>no tiene retorno<br>mi mente y mi cuerpo<br>\u00bfD\u00f3nde se han ido?<br>ya no las controlo<br>Sensaciones y sentimientos<br>solo viven en lo profundo, en lo m\u00e1s intenso<br>\u00a1Qu\u00e9 angustia\u2026!<br>\u00a1Que dolor!<br>La mirada,<br>tu mirada me llega hasta lo m\u00e1s profundo<br>de mi cuerpo,<br>de mi piel.<br>de mis sentimientos<br>El olvido<br>me gu\u00eda hacia el misterio del infinito interior<br>Olvid\u00e9 mi nombre,<br>mis prop\u00f3sitos,<br>olvid\u00e9 quien soy,<br>m\u00e1s no que siento<br>Un grito desgarrador no tiene inicio ni fin<br>nace de mis entra\u00f1as,<br>Un llanto incontrolable pide compasi\u00f3n<br>y ser comprendido<br>\u00bfD\u00f3nde estoy?\u2026.Ya no me pertenezco<br>\u00bfQui\u00e9n se apoder\u00f3 de m\u00ed?<\/p>\n\n\n\n<p class=\"has-text-align-center\"><strong>Autora: Mabel Lipson<br><\/strong><\/p>\n<\/div><\/div><\/div>\n\n\n\n<div class=\"wp-block-kadence-pane kt-accordion-pane kt-accordion-pane-5 kt-pane3067_f5d2a0-22\"><div class=\"kt-accordion-header-wrap\"><button class=\"kt-blocks-accordion-header kt-acccordion-button-label-show\" type=\"button\"><span class=\"kt-blocks-accordion-title-wrap\"><span class=\"kt-blocks-accordion-title\"><strong>ALZHEIMER &#8211; 18\/01\/2007<\/strong><\/span><\/span><span class=\"kt-blocks-accordion-icon-trigger\"><\/span><\/button><\/div><div class=\"kt-accordion-panel kt-accordion-panel-hidden\"><div class=\"kt-accordion-panel-inner\">\n<p class=\"has-text-align-center\">Un bloque de rayos fr\u00edos<br>ha enclaustrado tus ojos<br>en dos lagos blancos de silencio,<br>y las palabras se te han ca\u00eddo<br>por una pendiente sin memoria<br>S\u00f3lo persiste un vaho que a\u00fan empa\u00f1a<br>espejos que no reflejan<br>Te miro, y busco en tus aguas quietas<br>la rosa decapitada de mi adolescencia<br>que destila un hilo de oro oscuro<br>coagulada sangre de los sue\u00f1os<br>Busco en la niebla sin mediod\u00eda de tu cuello<br>la inclinaci\u00f3n hasta el beso<br>que nunca descubri\u00f3 mi rostro secreto<br>Busco en el coral p\u00e1lido de tus labios<br>la corriente marina de mis a\u00f1os<br>con los ojos del amor abiertos como un ahogado.<br>Te miro, y busco en tus manos<br>de ala al borde del precipicio<br>el regazo de la brisa detenida<br>donde mi coraz\u00f3n hundi\u00f3 sus paisajes<br>No te miro y te veo<br>desligada imagen de ti misma,<br>lenta orilla de luz al otro lado<br>Atada a tu silla, en tu muda despedida<br>eres el llanto iluminado de mi existencia<\/p>\n\n\n\n<p class=\"has-text-align-center\"><strong>Autor: Javier Lostale<br><\/strong><\/p>\n<\/div><\/div><\/div>\n<\/div><\/div><\/div>\n<\/div><\/div>\n\n\n\n<div class=\"wp-block-kadence-tab kt-tab-inner-content kt-inner-tab-20 kt-inner-tab35f2cb-44\"><div class=\"kt-tab-inner-content-inner\"><style>.kt-accordion-id3067_5fd0ff-94 .kt-accordion-inner-wrap{column-gap:var(--global-kb-gap-md, 2rem);row-gap:10px;}.kt-accordion-id3067_5fd0ff-94 .kt-accordion-panel-inner{border-top:0px solid transparent;border-right:0px solid transparent;border-bottom:0px solid transparent;border-left:0px solid transparent;background:#ffffff;padding-top:var(--global-kb-spacing-sm, 1.5rem);padding-right:var(--global-kb-spacing-sm, 1.5rem);padding-bottom:var(--global-kb-spacing-sm, 1.5rem);padding-left:var(--global-kb-spacing-sm, 1.5rem);}.kt-accordion-id3067_5fd0ff-94 > .kt-accordion-inner-wrap > .wp-block-kadence-pane > .kt-accordion-header-wrap > .kt-blocks-accordion-header{border-top:0px solid #f2f2f2;border-right:0px solid #f2f2f2;border-bottom:0px solid #f2f2f2;border-left:0px solid #f2f2f2;border-top-left-radius:6px;border-top-right-radius:6px;border-bottom-right-radius:6px;border-bottom-left-radius:6px;background:#f2f2f2;color:#555555;padding-top:14px;padding-right:16px;padding-bottom:14px;padding-left:16px;}.kt-accordion-id3067_5fd0ff-94:not( .kt-accodion-icon-style-basiccircle ):not( .kt-accodion-icon-style-xclosecircle ):not( .kt-accodion-icon-style-arrowcircle )  > .kt-accordion-inner-wrap > .wp-block-kadence-pane > .kt-accordion-header-wrap .kt-blocks-accordion-icon-trigger:after, .kt-accordion-id3067_5fd0ff-94:not( .kt-accodion-icon-style-basiccircle ):not( .kt-accodion-icon-style-xclosecircle ):not( .kt-accodion-icon-style-arrowcircle )  > .kt-accordion-inner-wrap > .wp-block-kadence-pane > .kt-accordion-header-wrap .kt-blocks-accordion-icon-trigger:before{background:#555555;}.kt-accordion-id3067_5fd0ff-94:not( .kt-accodion-icon-style-basic ):not( .kt-accodion-icon-style-xclose ):not( .kt-accodion-icon-style-arrow ) .kt-blocks-accordion-icon-trigger{background:#555555;}.kt-accordion-id3067_5fd0ff-94:not( .kt-accodion-icon-style-basic ):not( .kt-accodion-icon-style-xclose ):not( .kt-accodion-icon-style-arrow ) .kt-blocks-accordion-icon-trigger:after, .kt-accordion-id3067_5fd0ff-94:not( .kt-accodion-icon-style-basic ):not( .kt-accodion-icon-style-xclose ):not( .kt-accodion-icon-style-arrow ) .kt-blocks-accordion-icon-trigger:before{background:#f2f2f2;}.kt-accordion-id3067_5fd0ff-94 > .kt-accordion-inner-wrap > .wp-block-kadence-pane > .kt-accordion-header-wrap > .kt-blocks-accordion-header:hover, \n\t\t\t\tbody:not(.hide-focus-outline) .kt-accordion-id3067_5fd0ff-94 .kt-blocks-accordion-header:focus-visible{color:#444444;background:#eeeeee;border-top-color:#eeeeee;border-top-style:solid;border-right-color:#eeeeee;border-right-style:solid;border-bottom-color:#eeeeee;border-bottom-style:solid;border-left-color:#eeeeee;border-left-style:solid;}.kt-accordion-id3067_5fd0ff-94:not( .kt-accodion-icon-style-basiccircle ):not( .kt-accodion-icon-style-xclosecircle ):not( .kt-accodion-icon-style-arrowcircle ) .kt-accordion-header-wrap .kt-blocks-accordion-header:hover .kt-blocks-accordion-icon-trigger:after, .kt-accordion-id3067_5fd0ff-94:not( .kt-accodion-icon-style-basiccircle ):not( .kt-accodion-icon-style-xclosecircle ):not( .kt-accodion-icon-style-arrowcircle ) .kt-accordion-header-wrap .kt-blocks-accordion-header:hover .kt-blocks-accordion-icon-trigger:before, body:not(.hide-focus-outline) .kt-accordion-id3067_5fd0ff-94:not( .kt-accodion-icon-style-basiccircle ):not( .kt-accodion-icon-style-xclosecircle ):not( .kt-accodion-icon-style-arrowcircle ) .kt-blocks-accordion--visible .kt-blocks-accordion-icon-trigger:after, body:not(.hide-focus-outline) .kt-accordion-id3067_5fd0ff-94:not( .kt-accodion-icon-style-basiccircle ):not( .kt-accodion-icon-style-xclosecircle ):not( .kt-accodion-icon-style-arrowcircle ) .kt-blocks-accordion-header:focus-visible .kt-blocks-accordion-icon-trigger:before{background:#444444;}.kt-accordion-id3067_5fd0ff-94:not( .kt-accodion-icon-style-basic ):not( .kt-accodion-icon-style-xclose ):not( .kt-accodion-icon-style-arrow ) .kt-accordion-header-wrap .kt-blocks-accordion-header:hover .kt-blocks-accordion-icon-trigger, body:not(.hide-focus-outline) .kt-accordion-id3067_5fd0ff-94:not( .kt-accodion-icon-style-basic ):not( .kt-accodion-icon-style-xclose ):not( .kt-accodion-icon-style-arrow ) .kt-accordion-header-wrap .kt-blocks-accordion-header:focus-visible .kt-blocks-accordion-icon-trigger{background:#444444;}.kt-accordion-id3067_5fd0ff-94:not( .kt-accodion-icon-style-basic ):not( .kt-accodion-icon-style-xclose ):not( .kt-accodion-icon-style-arrow ) .kt-accordion-header-wrap .kt-blocks-accordion-header:hover .kt-blocks-accordion-icon-trigger:after, .kt-accordion-id3067_5fd0ff-94:not( .kt-accodion-icon-style-basic ):not( .kt-accodion-icon-style-xclose ):not( .kt-accodion-icon-style-arrow ) .kt-accordion-header-wrap .kt-blocks-accordion-header:hover .kt-blocks-accordion-icon-trigger:before, body:not(.hide-focus-outline) .kt-accordion-id3067_5fd0ff-94:not( .kt-accodion-icon-style-basic ):not( .kt-accodion-icon-style-xclose ):not( .kt-accodion-icon-style-arrow ) .kt-accordion-header-wrap .kt-blocks-accordion-header:focus-visible .kt-blocks-accordion-icon-trigger:after, body:not(.hide-focus-outline) .kt-accordion-id3067_5fd0ff-94:not( .kt-accodion-icon-style-basic ):not( .kt-accodion-icon-style-xclose ):not( .kt-accodion-icon-style-arrow ) .kt-accordion-header-wrap .kt-blocks-accordion-header:focus-visible .kt-blocks-accordion-icon-trigger:before{background:#eeeeee;}.kt-accordion-id3067_5fd0ff-94 .kt-accordion-header-wrap .kt-blocks-accordion-header:focus-visible,\n\t\t\t\t.kt-accordion-id3067_5fd0ff-94 > .kt-accordion-inner-wrap > .wp-block-kadence-pane > .kt-accordion-header-wrap > .kt-blocks-accordion-header.kt-accordion-panel-active{color:#ffffff;background:#f3690e;border-top-color:#f3690e;border-top-style:solid;border-right-color:#f3690e;border-right-style:solid;border-bottom-color:#f3690e;border-bottom-style:solid;border-left-color:#f3690e;border-left-style:solid;}.kt-accordion-id3067_5fd0ff-94:not( .kt-accodion-icon-style-basiccircle ):not( .kt-accodion-icon-style-xclosecircle ):not( .kt-accodion-icon-style-arrowcircle )  > .kt-accordion-inner-wrap > .wp-block-kadence-pane > .kt-accordion-header-wrap > .kt-blocks-accordion-header.kt-accordion-panel-active .kt-blocks-accordion-icon-trigger:after, .kt-accordion-id3067_5fd0ff-94:not( .kt-accodion-icon-style-basiccircle ):not( .kt-accodion-icon-style-xclosecircle ):not( .kt-accodion-icon-style-arrowcircle )  > .kt-accordion-inner-wrap > .wp-block-kadence-pane > .kt-accordion-header-wrap > .kt-blocks-accordion-header.kt-accordion-panel-active .kt-blocks-accordion-icon-trigger:before{background:#ffffff;}.kt-accordion-id3067_5fd0ff-94:not( .kt-accodion-icon-style-basic ):not( .kt-accodion-icon-style-xclose ):not( .kt-accodion-icon-style-arrow ) .kt-blocks-accordion-header.kt-accordion-panel-active .kt-blocks-accordion-icon-trigger{background:#ffffff;}.kt-accordion-id3067_5fd0ff-94:not( .kt-accodion-icon-style-basic ):not( .kt-accodion-icon-style-xclose ):not( .kt-accodion-icon-style-arrow ) .kt-blocks-accordion-header.kt-accordion-panel-active .kt-blocks-accordion-icon-trigger:after, .kt-accordion-id3067_5fd0ff-94:not( .kt-accodion-icon-style-basic ):not( .kt-accodion-icon-style-xclose ):not( .kt-accodion-icon-style-arrow ) .kt-blocks-accordion-header.kt-accordion-panel-active .kt-blocks-accordion-icon-trigger:before{background:#f3690e;}@media all and (max-width: 1024px){.kt-accordion-id3067_5fd0ff-94 .kt-accordion-panel-inner{border-top:0px solid transparent;border-right:0px solid transparent;border-bottom:0px solid transparent;border-left:0px solid transparent;}}@media all and (max-width: 1024px){.kt-accordion-id3067_5fd0ff-94 > .kt-accordion-inner-wrap > .wp-block-kadence-pane > .kt-accordion-header-wrap > .kt-blocks-accordion-header{border-top:0px solid #f2f2f2;border-right:0px solid #f2f2f2;border-bottom:0px solid #f2f2f2;border-left:0px solid #f2f2f2;}}@media all and (max-width: 1024px){.kt-accordion-id3067_5fd0ff-94 > .kt-accordion-inner-wrap > .wp-block-kadence-pane > .kt-accordion-header-wrap > .kt-blocks-accordion-header:hover, \n\t\t\t\tbody:not(.hide-focus-outline) .kt-accordion-id3067_5fd0ff-94 .kt-blocks-accordion-header:focus-visible{border-top-color:#eeeeee;border-top-style:solid;border-right-color:#eeeeee;border-right-style:solid;border-bottom-color:#eeeeee;border-bottom-style:solid;border-left-color:#eeeeee;border-left-style:solid;}}@media all and (max-width: 1024px){.kt-accordion-id3067_5fd0ff-94 .kt-accordion-header-wrap .kt-blocks-accordion-header:focus-visible,\n\t\t\t\t.kt-accordion-id3067_5fd0ff-94 > .kt-accordion-inner-wrap > .wp-block-kadence-pane > .kt-accordion-header-wrap > .kt-blocks-accordion-header.kt-accordion-panel-active{border-top-color:#f3690e;border-top-style:solid;border-right-color:#f3690e;border-right-style:solid;border-bottom-color:#f3690e;border-bottom-style:solid;border-left-color:#f3690e;border-left-style:solid;}}@media all and (max-width: 767px){.kt-accordion-id3067_5fd0ff-94 .kt-accordion-inner-wrap{display:block;}.kt-accordion-id3067_5fd0ff-94 .kt-accordion-inner-wrap .kt-accordion-pane:not(:first-child){margin-top:10px;}.kt-accordion-id3067_5fd0ff-94 .kt-accordion-panel-inner{border-top:0px solid transparent;border-right:0px solid transparent;border-bottom:0px solid transparent;border-left:0px solid transparent;}.kt-accordion-id3067_5fd0ff-94 > .kt-accordion-inner-wrap > .wp-block-kadence-pane > .kt-accordion-header-wrap > .kt-blocks-accordion-header{border-top:0px solid #f2f2f2;border-right:0px solid #f2f2f2;border-bottom:0px solid #f2f2f2;border-left:0px solid #f2f2f2;}.kt-accordion-id3067_5fd0ff-94 > .kt-accordion-inner-wrap > .wp-block-kadence-pane > .kt-accordion-header-wrap > .kt-blocks-accordion-header:hover, \n\t\t\t\tbody:not(.hide-focus-outline) .kt-accordion-id3067_5fd0ff-94 .kt-blocks-accordion-header:focus-visible{border-top-color:#eeeeee;border-top-style:solid;border-right-color:#eeeeee;border-right-style:solid;border-bottom-color:#eeeeee;border-bottom-style:solid;border-left-color:#eeeeee;border-left-style:solid;}.kt-accordion-id3067_5fd0ff-94 .kt-accordion-header-wrap .kt-blocks-accordion-header:focus-visible,\n\t\t\t\t.kt-accordion-id3067_5fd0ff-94 > .kt-accordion-inner-wrap > .wp-block-kadence-pane > .kt-accordion-header-wrap > .kt-blocks-accordion-header.kt-accordion-panel-active{border-top-color:#f3690e;border-top-style:solid;border-right-color:#f3690e;border-right-style:solid;border-bottom-color:#f3690e;border-bottom-style:solid;border-left-color:#f3690e;border-left-style:solid;}}<\/style>\n<div class=\"wp-block-kadence-accordion alignnone\"><div class=\"kt-accordion-wrap kt-accordion-id3067_5fd0ff-94 kt-accordion-has-6-panes kt-active-pane-0 kt-accordion-block kt-pane-header-alignment-left kt-accodion-icon-style-basic kt-accodion-icon-side-right\" style=\"max-width:none\"><div class=\"kt-accordion-inner-wrap\" data-allow-multiple-open=\"false\" data-start-open=\"0\">\n<div class=\"wp-block-kadence-pane kt-accordion-pane kt-accordion-pane-1 kt-pane3067_836398-0b\"><div class=\"kt-accordion-header-wrap\"><button class=\"kt-blocks-accordion-header kt-acccordion-button-label-show\" type=\"button\"><span class=\"kt-blocks-accordion-title-wrap\"><span class=\"kt-blocks-accordion-title\"><strong>DUERME EN PAZ<\/strong><\/span><\/span><span class=\"kt-blocks-accordion-icon-trigger\"><\/span><\/button><\/div><div class=\"kt-accordion-panel kt-accordion-panel-hidden\"><div class=\"kt-accordion-panel-inner\">\n<p class=\"has-text-align-center\">En la tibia aurora<br>de un est\u00edo ya viejo<br>naci\u00f3 una joya nueva<br>que la vida fue puliendo<br>Cultivada en oro<br>y en diamantes bellos<br>perfil\u00f3se d\u00eda tras d\u00eda<br>y se convirti\u00f3 en silencio,<br>silencio que abraza<br>paciente silencio,<br>silencio que calla<br>para no romperlo<br>y espera callada<br>hablar un momento<br>Su voz ya no habla<br>sus brazos son yertos,<br>su boca no dice,<br>sus labios dan besos<br>\u00a1Ay de la joya de est\u00edo<br>que envuelta est\u00e1 en hielo<br>que al sue\u00f1o eterno va,<br>mientras va durmiendo!<br>Vives en un sue\u00f1o<br>que jam\u00e1s so\u00f1aste,<br>sue\u00f1as en el sue\u00f1o<br>de los que no duermen<br>Du\u00e9rmete tranquilo<br>que velamos todos<br>Tus siete caricias,<br>tus siete veleros<br>Du\u00e9rmete tranquilo<br>que aunque sople el viento<br>ver\u00e1s que forjamos<br>amarras de hierro<br>y si el hierro es puro<br>no podr\u00e1n romperlo<br>Du\u00e9rmete tranquilo<br>que todo est\u00e1 hecho<br>que velamos todos<br>y te vela Pedro<br>Todo lo olvidaste<br>o as\u00ed lo creemos<br>pero no olvidaste<br>el amor m\u00e1s bello<br>Sabes que \u00e9l te espera<br>dormido en su lecho<br>sabe que te tiene<\/p>\n\n\n\n<p class=\"has-text-align-center\">y quiere as\u00ed saberlo<br>\u00a1Ay de la joya de est\u00edo<br>que envuelta est\u00e1 en hielo<br>que al sue\u00f1o eterno va<br>mientras va durmiendo!<\/p>\n<\/div><\/div><\/div>\n\n\n\n<div class=\"wp-block-kadence-pane kt-accordion-pane kt-accordion-pane-2 kt-pane3067_fd48c3-7c\"><div class=\"kt-accordion-header-wrap\"><button class=\"kt-blocks-accordion-header kt-acccordion-button-label-show\" type=\"button\"><span class=\"kt-blocks-accordion-title-wrap\"><span class=\"kt-blocks-accordion-title\"><strong>ALL\u00cd EN TU MEMORIA &#8211; 30-11-2006<\/strong><\/span><\/span><span class=\"kt-blocks-accordion-icon-trigger\"><\/span><\/button><\/div><div class=\"kt-accordion-panel kt-accordion-panel-hidden\"><div class=\"kt-accordion-panel-inner\">\n<p class=\"has-text-align-center\">All\u00ed, en tu memoria, quedaron anclados<br>la luz y la gloria, los campos, los prados<br>El sue\u00f1o despierto de la noche fr\u00eda,<br>el sollozo triste de la luz del d\u00eda<br>All\u00ed, en tu memoria, querr\u00e1s reservarme<br>un peque\u00f1o espacio, donde cobijarme<br>Tomar\u00e1s mi mano, sentir\u00e9 el abrazo<br>la fuerza que siempre me dieron tus brazos<br>All\u00ed, en tu memoria, nuestra infancia queda<br>como una semilla que flores te diera<br>T\u00fa fuiste el soporte, t\u00fa fuiste la cuna,<br>tu amor sigue siendo el sol y la luna<br>All\u00ed, en tu memoria, lo desconocido<br>har\u00e1 que tus venas no tengan latido<br>Llevar\u00e1s el miedo prendido en el alma<br>Tan s\u00f3lo mis besos te dar\u00e1n la calma<br>All\u00ed, en tu memoria, no existen relojes;<br>Verano e invierno se fueron veloces<br>Osad\u00eda grande la de la cordura,<br>planeando siempre sobre la locura<br>All\u00ed, en tu memoria, quedaron mis besos<br>mi risa, mi llanto, mi almac\u00e9n de cuentos<br>Mi amor incansable a tus verdes ojos,<br>libres de amarguras, de penas y enojos<br>All\u00ed, en tu memoria, \u00bfc\u00f3mo yo podr\u00eda?<br>llenar tus silencios de inmensa alegr\u00eda<br>Romper la cadena que a veces tortura,<br>borrar de tus horas lo que hay de amargura<br>All\u00ed, en tu memoria, si el hoy se hace hielo,<br>vestir\u00e1n cipreses negros terciopelos<br>Llenar\u00e1s espacios con tu gran sonrisa<br>Ser\u00e1s la m\u00e1s bella, sin sombras, sin prisa<br>Grabadas a fuego, escribiendo historia,<br>est\u00e1n mis ra\u00edces\u2026 \u00a1All\u00ed\u2026, en tu memoria!<\/p>\n\n\n\n<p class=\"has-text-align-center\"><br><strong>Autora: Dra. S\u00e1nchez Sousa<\/strong><\/p>\n<\/div><\/div><\/div>\n\n\n\n<div class=\"wp-block-kadence-pane kt-accordion-pane kt-accordion-pane-3 kt-pane3067_33a090-1f\"><div class=\"kt-accordion-header-wrap\"><button class=\"kt-blocks-accordion-header kt-acccordion-button-label-show\" type=\"button\"><span class=\"kt-blocks-accordion-title-wrap\"><span class=\"kt-blocks-accordion-title\"><strong>ENTRE T\u00da Y YO &#8211; 16\/11\/2006<\/strong><\/span><\/span><span class=\"kt-blocks-accordion-icon-trigger\"><\/span><\/button><\/div><div class=\"kt-accordion-panel kt-accordion-panel-hidden\"><div class=\"kt-accordion-panel-inner\">\n<p class=\"has-text-align-center\">Cuando eras peque\u00f1o\u2026<br>Intu\u00eda que ten\u00edas hambre y te daba de comer<br>para que no tropezaras, te llevaba de la mano y ense\u00f1\u00e9 a caminar<br>Cuando algo te dol\u00eda\u2026, te tomaba de la mano y abrazaba para aliviar tu dolor<\/p>\n\n\n\n<p class=\"has-text-align-center\">T\u00fa fuiste creciendo mientras yo empeque\u00f1ec\u00eda<\/p>\n\n\n\n<p class=\"has-text-align-center\">Ahora soy yo quien necesita que\u2026<\/p>\n\n\n\n<p class=\"has-text-align-center\">Me des alimento para sobrevivir<br>Me tomes de la mano para no tropezar<br>Me beses y acaricies para aliviar mi temor ante esta cruel enfermedad.<\/p>\n\n\n\n<p class=\"has-text-align-center\">Solo te pido que RECUERDES\u2026<br>LA MEMORIA LA HE PERDIDO YO<\/p>\n\n\n\n<p class=\"has-text-align-center\">Ay\u00fadame\u2026, \u00a1por favor!<\/p>\n\n\n\n<p class=\"has-text-align-center\"><strong>Autora: M\u00aa Cristina Alba<\/strong><\/p>\n<\/div><\/div><\/div>\n\n\n\n<div class=\"wp-block-kadence-pane kt-accordion-pane kt-accordion-pane-4 kt-pane3067_dbaccb-4c\"><div class=\"kt-accordion-header-wrap\"><button class=\"kt-blocks-accordion-header kt-acccordion-button-label-show\" type=\"button\"><span class=\"kt-blocks-accordion-title-wrap\"><span class=\"kt-blocks-accordion-title\"><strong>POES\u00cdA A MI MADRE &#8211; 02\/11\/06<\/strong><\/span><\/span><span class=\"kt-blocks-accordion-icon-trigger\"><\/span><\/button><\/div><div class=\"kt-accordion-panel kt-accordion-panel-hidden\"><div class=\"kt-accordion-panel-inner\">\n<p class=\"has-text-align-center\">A\u00fan escucho, madre m\u00eda<br>tu voz pidi\u00e9ndome un beso<br>Solo un beso me ped\u00edas,<br>solamente ansiabas eso<br>Y que consuelo tan gran<br>era el poderte besar,<br>acariciarte las manos<br>Tu d\u00e9bil cuerpo abrazar<br>Ahora ya no est\u00e1s conmigo<br>pero siento una gran paz<br>Fuiste cuidada con mimo<br>Nada te lleg\u00f3 a faltar<br>T\u00fa nunca ped\u00edas nada,<br>solo quer\u00edas un beso<br>Con poco te conformabas,<br>solo un beso, solo eso<br>Y ese beso que en las noches<br>pon\u00eda yo en tus mejillas,<br>era como un bello broche<br>a un d\u00eda de pesadilla<br>D\u00edas en los que sab\u00eda<br>que estaba cerca el final,<br>que de mi lado te ir\u00edas<br>y que era in\u00fatil luchar.<\/p>\n\n\n\n<p class=\"has-text-align-center\">Y a pesar de ello luch\u00e9,<br>luch\u00e9 con todo mi ardor,<br>pero no pude vencer<br>Gan\u00f3 la partida Dios<br>Ahora ya est\u00e1s a su lado.<br>Se termin\u00f3 tu penar<br>Tu alma ya se ha liberado<br>de ese cuerpo castigado<br>por tan larga enfermedad<br>Disfruta ahora de tu Gloria,<br>que nada enturbie tu paz,<br>sabes que en nuestra memoria<br>por siempre perdurar\u00e1s<br>Y hasta all\u00ed te mando un beso<br>que tantas veces ped\u00edas.<br>Y no solamente un beso\u2026<br>van trozos del alma m\u00eda<\/p>\n<\/div><\/div><\/div>\n\n\n\n<div class=\"wp-block-kadence-pane kt-accordion-pane kt-accordion-pane-5 kt-pane3067_e3087d-ad\"><div class=\"kt-accordion-header-wrap\"><button class=\"kt-blocks-accordion-header kt-acccordion-button-label-show\" type=\"button\"><span class=\"kt-blocks-accordion-title-wrap\"><span class=\"kt-blocks-accordion-title\"><strong>DE UNA MADRE A UN HIJO &#8211; 19\/10\/2006<\/strong><\/span><\/span><span class=\"kt-blocks-accordion-icon-trigger\"><\/span><\/button><\/div><div class=\"kt-accordion-panel kt-accordion-panel-hidden\"><div class=\"kt-accordion-panel-inner\">\n<p class=\"has-text-align-center\">Hijo, \u00a1si yo pudiera expresarme!<br>\u00a1Cuantas cosas te dir\u00eda,<br>si encontrar\u00e1 las palabras para poder contigo comunicarme!<br>\u00bfNo te das cuenta que ya no soy la de antes,<br>que me falla la memoria<br>y que de lo que hago, ya no puedo acordarme?<br>No creas que soy caprichosa, ego\u00edsta\u2026<br>y que lo que intento es incordiarte<br>Hijo, ten paciencia, no te enfades e intenta ayudarme.<br>Si me ves intranquila, trabajosa, testaruda\u2026<br>Que no hago caso de nada, que voy a mi aire<br>Si ves que me pongo nerviosa, que no paro,<br>que lo mismo que me siento, voy enseguida a levantarme<br>Si me vuelvo mal hablada<br>y a veces ya no s\u00e9 comportarme\u2026.<br>No te averg\u00fcences hijo, ten paciencia e intenta ayudarme<br>\u00bfNo comprendes que por mucho que t\u00fa insistas en que haga lo que dices, yo no logro enterarme?<br>No te ofusques, no te obstines, no te enfades; al contrario, habla conmigo aunque a veces no te entienda<br>y procura la memoria trabajarme<br>S\u00e9 que tienes familia, trabajo, miles de cosas, y que no puedes mucho tiempo dedicarme<br>Pero no te preocupes, hijo, me conformo con que dediques un ratito de tu tiempo<br>a estar conmigo, a atenderme, a abrazarme.<br>El lenguaje que yo ahora entiendo, hijo,<br>son los besos, las caricias\u2026.<br>Como cuando t\u00fa eras peque\u00f1ito<br>y por estar a tu lado ten\u00eda tantas veces<br>hijo, si yo pudiera expresarme!<br>\u00a1Te dir\u00eda tantas cosas\u2026!<br>Pero ya no encuentro las palabras para poder contigo comunicarme<br>S\u00f3lo te pido que tengas paciencia, que no te enfades,<br>que dediques un ratito para poder abrazarme y que tengas en cuenta que hay personas que pueden y est\u00e1n deseando ayudarme.<\/p>\n<\/div><\/div><\/div>\n\n\n\n<div class=\"wp-block-kadence-pane kt-accordion-pane kt-accordion-pane-6 kt-pane3067_4f4060-db\"><div class=\"kt-accordion-header-wrap\"><button class=\"kt-blocks-accordion-header kt-acccordion-button-label-show\" type=\"button\"><span class=\"kt-blocks-accordion-title-wrap\"><span class=\"kt-blocks-accordion-title\"><strong>TE REGALO UNA ESTRELLA &#8211; 29\/06\/2006<\/strong><\/span><\/span><span class=\"kt-blocks-accordion-icon-trigger\"><\/span><\/button><\/div><div class=\"kt-accordion-panel kt-accordion-panel-hidden\"><div class=\"kt-accordion-panel-inner\">\n<p class=\"has-text-align-center\">Cuando la cosa se ponga fea<br>t\u00f3matelo con calma;<br>baja el ritmo, aguanta un poco,<br>que hasta la peor de las rachas<br>tiene un final.<\/p>\n\n\n\n<p class=\"has-text-align-center\">No tires la toalla,<br>porque aunque muchas cosas no te gusten,<br>no podr\u00e1s parar el mundo para bajarte,<br>pero s\u00ed puedes<br>luchar d\u00eda a d\u00eda para cambiarlo.<\/p>\n\n\n\n<p class=\"has-text-align-center\">Cuando no sepas lo que est\u00e1 pasando<br>y no veas sentido a las cosas que te ocurren,<br>mira hacia las estrellas, a la m\u00e1s blanca, esa que tanto brilla,<br>y si\u00e9ntete parte esencial del Universo,<br>respirando, viviendo, en pie,<br>porque ni el Universo<br>con toda su grandeza,<br>podr\u00edan intentar ser el mismo sin t\u00ed.<\/p>\n\n\n\n<p class=\"has-text-align-center\">Habr\u00e1 d\u00edas que pienses<br>que no significas nada para nadie;<br>pero yo te aseguro<br>que eres lo m\u00e1s importante de nuestras vidas.<br>Y que tu vida ha sido<br>el mejor regalo inigualable.<\/p>\n\n\n\n<p class=\"has-text-align-center\">Mira la noche tan hermosa\u2026<br>escucha el silencio\u2026<br>siente el amor que palpita\u2026<br>En todos los seres que pueblan el planeta\u2026<\/p>\n\n\n\n<p class=\"has-text-align-center\">\u00a1\u00a1\u00a1Aqu\u00ed nada est\u00e1 acabado!!!<\/p>\n\n\n\n<p class=\"has-text-align-center\">Y si alguna vez te fallan las fuerzas<br>sI alguna vez te quema la tristeza,<br>desde la inmensa soledad del alma\u2026<br>Mira hacia el cielo<br>y escoge la estrella m\u00e1s bonita:<br>\u00a1\u00a1TE LA REGALO!!<\/p>\n\n\n\n<p class=\"has-text-align-center\"><strong>Autor: Brisa Marina<\/strong><\/p>\n<\/div><\/div><\/div>\n<\/div><\/div><\/div>\n<\/div><\/div>\n<\/div><\/div><\/div>\n<\/div><\/div>\n\n<\/div><\/div>\n\n<style>.kb-row-layout-id3067_7c23f8-3d > .kt-row-column-wrap{align-content:start;}:where(.kb-row-layout-id3067_7c23f8-3d > .kt-row-column-wrap) > .wp-block-kadence-column{justify-content:start;}.kb-row-layout-id3067_7c23f8-3d > .kt-row-column-wrap{column-gap:var(--global-kb-gap-md, 2rem);row-gap:var(--global-kb-gap-md, 2rem);padding-top:var(--global-kb-spacing-sm, 1.5rem);padding-bottom:var(--global-kb-spacing-sm, 1.5rem);grid-template-columns:minmax(0, 1fr);}.kb-row-layout-id3067_7c23f8-3d > .kt-row-layout-overlay{opacity:0.30;}@media all and (max-width: 1024px){.kb-row-layout-id3067_7c23f8-3d > .kt-row-column-wrap{grid-template-columns:minmax(0, 1fr);}}@media all and (max-width: 767px){.kb-row-layout-id3067_7c23f8-3d > .kt-row-column-wrap{grid-template-columns:minmax(0, 1fr);}}<\/style><div class=\"kb-row-layout-wrap kb-row-layout-id3067_7c23f8-3d alignnone wp-block-kadence-rowlayout\"><div class=\"kt-row-column-wrap kt-has-1-columns kt-row-layout-equal kt-tab-layout-inherit kt-mobile-layout-row kt-row-valign-top\">\n<style>.kadence-column3067_59c5bd-f0 > .kt-inside-inner-col,.kadence-column3067_59c5bd-f0 > .kt-inside-inner-col:before{border-top-left-radius:0px;border-top-right-radius:0px;border-bottom-right-radius:0px;border-bottom-left-radius:0px;}.kadence-column3067_59c5bd-f0 > .kt-inside-inner-col{column-gap:var(--global-kb-gap-sm, 1rem);}.kadence-column3067_59c5bd-f0 > .kt-inside-inner-col{flex-direction:column;}.kadence-column3067_59c5bd-f0 > .kt-inside-inner-col > .aligncenter{width:100%;}.kadence-column3067_59c5bd-f0 > .kt-inside-inner-col:before{opacity:0.3;}.kadence-column3067_59c5bd-f0{position:relative;}@media all and (max-width: 1024px){.kadence-column3067_59c5bd-f0 > .kt-inside-inner-col{flex-direction:column;justify-content:center;}}@media all and (max-width: 767px){.kadence-column3067_59c5bd-f0 > .kt-inside-inner-col{flex-direction:column;justify-content:center;}}<\/style>\n<div class=\"wp-block-kadence-column kadence-column3067_59c5bd-f0 inner-column-1\"><div class=\"kt-inside-inner-col\"><style>.kb-row-layout-id3111_bc5da6-1d > .kt-row-column-wrap{align-content:start;}:where(.kb-row-layout-id3111_bc5da6-1d > .kt-row-column-wrap) > .wp-block-kadence-column{justify-content:start;}.kb-row-layout-id3111_bc5da6-1d > .kt-row-column-wrap{column-gap:var(--global-kb-gap-lg, 4rem);row-gap:var(--global-kb-gap-md, 2rem);max-width:1140px;margin-left:auto;margin-right:auto;padding-top:50px;padding-bottom:50px;}.kb-row-layout-id3111_bc5da6-1d > .kt-row-column-wrap > div:not(.added-for-specificity){grid-column:initial;}.kb-row-layout-id3111_bc5da6-1d > .kt-row-column-wrap{grid-template-columns:repeat(3, minmax(0, 1fr));}.kb-row-layout-id3111_bc5da6-1d > .kt-row-layout-overlay{opacity:0.30;}.kb-row-layout-id3111_bc5da6-1d .kt-row-layout-bottom-sep{height:292px;}.kb-row-layout-id3111_bc5da6-1d .kt-row-layout-bottom-sep svg{width:251%;}.kb-row-layout-id3111_bc5da6-1d .kt-row-layout-bottom-sep svg{fill:#eeeeee!important;}@media all and (max-width: 1024px){.kb-row-layout-id3111_bc5da6-1d > .kt-row-column-wrap > div:not(.added-for-specificity){grid-column:initial;}}@media all and (max-width: 1024px){.kb-row-layout-id3111_bc5da6-1d > .kt-row-column-wrap{grid-template-columns:repeat(3, minmax(0, 1fr));}}@media all and (max-width: 1024px){.kb-row-layout-id3111_bc5da6-1d .kt-row-layout-bottom-sep{height:px;}}@media all and (max-width: 1024px){.kb-row-layout-id3111_bc5da6-1d .kt-row-layout-bottom-sep svg{width:%;}}@media all and (max-width: 767px){.kb-row-layout-id3111_bc5da6-1d > .kt-row-column-wrap > div:not(.added-for-specificity){grid-column:initial;}.kb-row-layout-id3111_bc5da6-1d > .kt-row-column-wrap{grid-template-columns:minmax(0, 1fr);}.kb-row-layout-id3111_bc5da6-1d .kt-row-layout-bottom-sep{height:px;}.kb-row-layout-id3111_bc5da6-1d .kt-row-layout-bottom-sep svg{width:%;}}<\/style><div class=\"kb-row-layout-wrap kb-row-layout-id3111_bc5da6-1d alignnone wp-block-kadence-rowlayout\"><div class=\"kt-row-layout-bottom-sep kt-row-sep-type-crv\"><svg viewBox=\"0 0 1000 100\" preserveAspectRatio=\"none\"><path d=\"M1000,100c0,0 -270.987,-98 -500,-98c-229.013,0 -500,98 -500,98l1000,0Z\" \/><\/svg><\/div><div class=\"kt-row-column-wrap kt-has-3-columns kt-row-layout-equal kt-tab-layout-inherit kt-mobile-layout-row kt-row-valign-top\">\n<style>.kadence-column3111_f807e3-0b > .kt-inside-inner-col,.kadence-column3111_f807e3-0b > .kt-inside-inner-col:before{border-top-left-radius:0px;border-top-right-radius:0px;border-bottom-right-radius:0px;border-bottom-left-radius:0px;}.kadence-column3111_f807e3-0b > .kt-inside-inner-col{column-gap:var(--global-kb-gap-sm, 1rem);}.kadence-column3111_f807e3-0b > .kt-inside-inner-col{flex-direction:column;}.kadence-column3111_f807e3-0b > .kt-inside-inner-col > .aligncenter{width:100%;}.kadence-column3111_f807e3-0b > .kt-inside-inner-col:before{opacity:0.3;}.kadence-column3111_f807e3-0b{position:relative;}@media all and (max-width: 1024px){.kadence-column3111_f807e3-0b > .kt-inside-inner-col{flex-direction:column;justify-content:center;}}@media all and (max-width: 767px){.kadence-column3111_f807e3-0b > .kt-inside-inner-col{flex-direction:column;justify-content:center;}}<\/style>\n<div class=\"wp-block-kadence-column kadence-column3111_f807e3-0b inner-column-1\"><div class=\"kt-inside-inner-col\"><style>.kb-row-layout-id3111_349a29-1b > .kt-row-column-wrap{align-content:start;}:where(.kb-row-layout-id3111_349a29-1b > .kt-row-column-wrap) > .wp-block-kadence-column{justify-content:start;}.kb-row-layout-id3111_349a29-1b > .kt-row-column-wrap{column-gap:var(--global-kb-gap-md, 2rem);row-gap:var(--global-kb-gap-md, 2rem);padding-top:10px;padding-right:25px;padding-bottom:10px;padding-left:25px;grid-template-columns:minmax(0, 1fr);}.kb-row-layout-id3111_349a29-1b{background-color:#ffffff;}.kb-row-layout-id3111_349a29-1b > .kt-row-layout-overlay{opacity:0.30;}@media all and (max-width: 1024px){.kb-row-layout-id3111_349a29-1b > .kt-row-column-wrap{grid-template-columns:minmax(0, 1fr);}}@media all and (max-width: 767px){.kb-row-layout-id3111_349a29-1b > .kt-row-column-wrap{grid-template-columns:minmax(0, 1fr);}}<\/style><div class=\"kb-row-layout-wrap kb-row-layout-id3111_349a29-1b alignnone kt-row-has-bg wp-block-kadence-rowlayout\"><div class=\"kt-row-column-wrap kt-has-1-columns kt-row-layout-equal kt-tab-layout-inherit kt-mobile-layout-row kt-row-valign-top\">\n<style>.kadence-column3111_769315-cd > .kt-inside-inner-col,.kadence-column3111_769315-cd > .kt-inside-inner-col:before{border-top-left-radius:0px;border-top-right-radius:0px;border-bottom-right-radius:0px;border-bottom-left-radius:0px;}.kadence-column3111_769315-cd > .kt-inside-inner-col{column-gap:var(--global-kb-gap-sm, 1rem);}.kadence-column3111_769315-cd > .kt-inside-inner-col{flex-direction:column;}.kadence-column3111_769315-cd > .kt-inside-inner-col > .aligncenter{width:100%;}.kadence-column3111_769315-cd > .kt-inside-inner-col:before{opacity:0.3;}.kadence-column3111_769315-cd{position:relative;}@media all and (max-width: 1024px){.kadence-column3111_769315-cd > .kt-inside-inner-col{flex-direction:column;justify-content:center;}}@media all and (max-width: 767px){.kadence-column3111_769315-cd > .kt-inside-inner-col{flex-direction:column;justify-content:center;}}<\/style>\n<div class=\"wp-block-kadence-column kadence-column3111_769315-cd inner-column-1\"><div class=\"kt-inside-inner-col\"><style>.wp-block-kadence-icon.kt-svg-icons3111_f70f9e-b3{justify-content:center;}<\/style>\n<div class=\"wp-block-kadence-icon kt-svg-icons kt-svg-icons3111_f70f9e-b3 alignnone\"><style>.kt-svg-item-3111_301acf-db .kb-svg-icon-wrap, .kt-svg-style-stacked.kt-svg-item-3111_301acf-db .kb-svg-icon-wrap{color:#ffffff;font-size:80px;background:#00b5e2;border-color:#00b5e2;border-width:3px;border-radius:5%;padding-top:20px;padding-right:20px;padding-bottom:20px;padding-left:20px;}<\/style>\n<div class=\"wp-block-kadence-single-icon kt-svg-style-stacked kt-svg-icon-wrap kt-svg-item-3111_301acf-db\"><span class=\"kb-svg-icon-wrap kb-svg-icon-fe_mail\"><svg viewBox=\"0 0 24 24\"  fill=\"none\" stroke=\"currentColor\" stroke-width=\"1.5\" stroke-linecap=\"round\" stroke-linejoin=\"round\" xmlns=\"http:\/\/www.w3.org\/2000\/svg\"  aria-hidden=\"true\"><path d=\"M4 4h16c1.1 0 2 .9 2 2v12c0 1.1-.9 2-2 2H4c-1.1 0-2-.9-2-2V6c0-1.1.9-2 2-2z\"\/><polyline points=\"22,6 12,13 2,6\"\/><\/svg><\/span><\/div>\n<\/div>\n\n\n<style>.wp-block-kadence-advancedheading.kt-adv-heading3111_6117c3-25, .wp-block-kadence-advancedheading.kt-adv-heading3111_6117c3-25[data-kb-block=\"kb-adv-heading3111_6117c3-25\"]{margin-top:15px;margin-bottom:15px;text-align:center;font-size:20px;line-height:30px;font-weight:600;font-style:normal;font-family:Montserrat;text-transform:none;}.wp-block-kadence-advancedheading.kt-adv-heading3111_6117c3-25 mark.kt-highlight, .wp-block-kadence-advancedheading.kt-adv-heading3111_6117c3-25[data-kb-block=\"kb-adv-heading3111_6117c3-25\"] mark.kt-highlight{font-style:normal;color:#f76a0c;-webkit-box-decoration-break:clone;box-decoration-break:clone;padding-top:0px;padding-right:0px;padding-bottom:0px;padding-left:0px;}.wp-block-kadence-advancedheading.kt-adv-heading3111_6117c3-25 img.kb-inline-image, .wp-block-kadence-advancedheading.kt-adv-heading3111_6117c3-25[data-kb-block=\"kb-adv-heading3111_6117c3-25\"] img.kb-inline-image{width:150px;vertical-align:baseline;}<\/style>\n<h3 class=\"kt-adv-heading3111_6117c3-25 wp-block-kadence-advancedheading\" data-kb-block=\"kb-adv-heading3111_6117c3-25\">Correo electr\u00f3nico<\/h3>\n\n\n<style>.wp-block-kadence-advancedheading.kt-adv-heading3111_09edf8-de, .wp-block-kadence-advancedheading.kt-adv-heading3111_09edf8-de[data-kb-block=\"kb-adv-heading3111_09edf8-de\"]{text-align:center;font-size:16px;font-style:normal;}.wp-block-kadence-advancedheading.kt-adv-heading3111_09edf8-de mark.kt-highlight, .wp-block-kadence-advancedheading.kt-adv-heading3111_09edf8-de[data-kb-block=\"kb-adv-heading3111_09edf8-de\"] mark.kt-highlight{font-style:normal;color:#f76a0c;-webkit-box-decoration-break:clone;box-decoration-break:clone;padding-top:0px;padding-right:0px;padding-bottom:0px;padding-left:0px;}.wp-block-kadence-advancedheading.kt-adv-heading3111_09edf8-de img.kb-inline-image, .wp-block-kadence-advancedheading.kt-adv-heading3111_09edf8-de[data-kb-block=\"kb-adv-heading3111_09edf8-de\"] img.kb-inline-image{width:150px;vertical-align:baseline;}<\/style>\n<p class=\"kt-adv-heading3111_09edf8-de wp-block-kadence-advancedheading\" data-kb-block=\"kb-adv-heading3111_09edf8-de\">elcafedelalzheimer@afaandujar.org<\/p>\n\n\n\n<ul class=\"wp-block-social-links aligncenter is-layout-flex wp-block-social-links-is-layout-flex\"><li class=\"wp-social-link wp-social-link-mail  wp-block-social-link\"><a href=\"mailto:elc&#097;fed&#101;&#108;&#097;lz&#104;eime&#114;&#064;&#097;&#102;&#097;&#097;n&#100;&#117;&#106;&#097;r&#046;or&#103;\" class=\"wp-block-social-link-anchor\"><svg width=\"24\" height=\"24\" viewBox=\"0 0 24 24\" version=\"1.1\" xmlns=\"http:\/\/www.w3.org\/2000\/svg\" aria-hidden=\"true\" focusable=\"false\"><path d=\"M19,5H5c-1.1,0-2,.9-2,2v10c0,1.1.9,2,2,2h14c1.1,0,2-.9,2-2V7c0-1.1-.9-2-2-2zm.5,12c0,.3-.2.5-.5.5H5c-.3,0-.5-.2-.5-.5V9.8l7.5,5.6,7.5-5.6V17zm0-9.1L12,13.6,4.5,7.9V7c0-.3.2-.5.5-.5h14c.3,0,.5.2.5.5v.9z\"><\/path><\/svg><span class=\"wp-block-social-link-label screen-reader-text\">Correo electr\u00f3nico<\/span><\/a><\/li><\/ul>\n<\/div><\/div>\n\n<\/div><\/div><\/div><\/div>\n\n\n<style>.kadence-column3111_068f26-33 > .kt-inside-inner-col,.kadence-column3111_068f26-33 > .kt-inside-inner-col:before{border-top-left-radius:0px;border-top-right-radius:0px;border-bottom-right-radius:0px;border-bottom-left-radius:0px;}.kadence-column3111_068f26-33 > .kt-inside-inner-col{column-gap:var(--global-kb-gap-sm, 1rem);}.kadence-column3111_068f26-33 > .kt-inside-inner-col{flex-direction:column;}.kadence-column3111_068f26-33 > .kt-inside-inner-col > .aligncenter{width:100%;}.kadence-column3111_068f26-33 > .kt-inside-inner-col:before{opacity:0.3;}.kadence-column3111_068f26-33{position:relative;}@media all and (max-width: 1024px){.kadence-column3111_068f26-33 > .kt-inside-inner-col{flex-direction:column;justify-content:center;}}@media all and (max-width: 767px){.kadence-column3111_068f26-33 > .kt-inside-inner-col{flex-direction:column;justify-content:center;}}<\/style>\n<div class=\"wp-block-kadence-column kadence-column3111_068f26-33 inner-column-2\"><div class=\"kt-inside-inner-col\"><style>.kb-row-layout-id3111_4834d4-0c > .kt-row-column-wrap{align-content:start;}:where(.kb-row-layout-id3111_4834d4-0c > .kt-row-column-wrap) > .wp-block-kadence-column{justify-content:start;}.kb-row-layout-id3111_4834d4-0c > .kt-row-column-wrap{column-gap:var(--global-kb-gap-md, 2rem);row-gap:var(--global-kb-gap-md, 2rem);padding-top:10px;padding-right:25px;padding-bottom:10px;padding-left:25px;grid-template-columns:minmax(0, 1fr);}.kb-row-layout-id3111_4834d4-0c{background-color:#ffffff;}.kb-row-layout-id3111_4834d4-0c > .kt-row-layout-overlay{opacity:0.30;}@media all and (max-width: 1024px){.kb-row-layout-id3111_4834d4-0c > .kt-row-column-wrap{grid-template-columns:minmax(0, 1fr);}}@media all and (max-width: 767px){.kb-row-layout-id3111_4834d4-0c > .kt-row-column-wrap{grid-template-columns:minmax(0, 1fr);}}<\/style><div class=\"kb-row-layout-wrap kb-row-layout-id3111_4834d4-0c alignnone kt-row-has-bg wp-block-kadence-rowlayout\"><div class=\"kt-row-column-wrap kt-has-1-columns kt-row-layout-equal kt-tab-layout-inherit kt-mobile-layout-row kt-row-valign-top\">\n<style>.kadence-column3111_9fb979-6e > .kt-inside-inner-col,.kadence-column3111_9fb979-6e > .kt-inside-inner-col:before{border-top-left-radius:0px;border-top-right-radius:0px;border-bottom-right-radius:0px;border-bottom-left-radius:0px;}.kadence-column3111_9fb979-6e > .kt-inside-inner-col{column-gap:var(--global-kb-gap-sm, 1rem);}.kadence-column3111_9fb979-6e > .kt-inside-inner-col{flex-direction:column;}.kadence-column3111_9fb979-6e > .kt-inside-inner-col > .aligncenter{width:100%;}.kadence-column3111_9fb979-6e > .kt-inside-inner-col:before{opacity:0.3;}.kadence-column3111_9fb979-6e{position:relative;}@media all and (max-width: 1024px){.kadence-column3111_9fb979-6e > .kt-inside-inner-col{flex-direction:column;justify-content:center;}}@media all and (max-width: 767px){.kadence-column3111_9fb979-6e > .kt-inside-inner-col{flex-direction:column;justify-content:center;}}<\/style>\n<div class=\"wp-block-kadence-column kadence-column3111_9fb979-6e inner-column-1\"><div class=\"kt-inside-inner-col\"><style>.wp-block-kadence-icon.kt-svg-icons3111_d54736-25{justify-content:center;}<\/style>\n<div class=\"wp-block-kadence-icon kt-svg-icons kt-svg-icons3111_d54736-25 alignnone\"><style>.kt-svg-item-3111_b46ba1-32 .kb-svg-icon-wrap, .kt-svg-style-stacked.kt-svg-item-3111_b46ba1-32 .kb-svg-icon-wrap{color:#ffffff;font-size:80px;background:#ff6900;border-color:#ff6900;border-width:3px;border-radius:5%;padding-top:20px;padding-right:20px;padding-bottom:20px;padding-left:20px;}<\/style>\n<div class=\"wp-block-kadence-single-icon kt-svg-style-stacked kt-svg-icon-wrap kt-svg-item-3111_b46ba1-32\"><span class=\"kb-svg-icon-wrap kb-svg-icon-fe_map\"><svg viewBox=\"0 0 24 24\"  fill=\"none\" stroke=\"currentColor\" stroke-width=\"1.5\" stroke-linecap=\"round\" stroke-linejoin=\"round\" xmlns=\"http:\/\/www.w3.org\/2000\/svg\"  aria-hidden=\"true\"><polygon points=\"1 6 1 22 8 18 16 22 23 18 23 2 16 6 8 2 1 6\"\/><line x1=\"8\" y1=\"2\" x2=\"8\" y2=\"18\"\/><line x1=\"16\" y1=\"6\" x2=\"16\" y2=\"22\"\/><\/svg><\/span><\/div>\n<\/div>\n\n\n<style>.wp-block-kadence-advancedheading.kt-adv-heading3111_4a2374-f9, .wp-block-kadence-advancedheading.kt-adv-heading3111_4a2374-f9[data-kb-block=\"kb-adv-heading3111_4a2374-f9\"]{margin-top:15px;margin-bottom:15px;text-align:center;font-size:20px;line-height:30px;font-weight:600;font-style:normal;font-family:Montserrat;text-transform:none;}.wp-block-kadence-advancedheading.kt-adv-heading3111_4a2374-f9 mark.kt-highlight, .wp-block-kadence-advancedheading.kt-adv-heading3111_4a2374-f9[data-kb-block=\"kb-adv-heading3111_4a2374-f9\"] mark.kt-highlight{font-style:normal;color:#f76a0c;-webkit-box-decoration-break:clone;box-decoration-break:clone;padding-top:0px;padding-right:0px;padding-bottom:0px;padding-left:0px;}.wp-block-kadence-advancedheading.kt-adv-heading3111_4a2374-f9 img.kb-inline-image, .wp-block-kadence-advancedheading.kt-adv-heading3111_4a2374-f9[data-kb-block=\"kb-adv-heading3111_4a2374-f9\"] img.kb-inline-image{width:150px;vertical-align:baseline;}<\/style>\n<h3 class=\"kt-adv-heading3111_4a2374-f9 wp-block-kadence-advancedheading\" data-kb-block=\"kb-adv-heading3111_4a2374-f9\">D\u00f3nde estamos<\/h3>\n\n\n<style>.wp-block-kadence-advancedheading.kt-adv-heading3111_a06c85-17, .wp-block-kadence-advancedheading.kt-adv-heading3111_a06c85-17[data-kb-block=\"kb-adv-heading3111_a06c85-17\"]{display:block;text-align:center;font-style:normal;}.wp-block-kadence-advancedheading.kt-adv-heading3111_a06c85-17 mark.kt-highlight, .wp-block-kadence-advancedheading.kt-adv-heading3111_a06c85-17[data-kb-block=\"kb-adv-heading3111_a06c85-17\"] mark.kt-highlight{font-style:normal;color:#f76a0c;-webkit-box-decoration-break:clone;box-decoration-break:clone;padding-top:0px;padding-right:0px;padding-bottom:0px;padding-left:0px;}.wp-block-kadence-advancedheading.kt-adv-heading3111_a06c85-17 img.kb-inline-image, .wp-block-kadence-advancedheading.kt-adv-heading3111_a06c85-17[data-kb-block=\"kb-adv-heading3111_a06c85-17\"] img.kb-inline-image{width:150px;vertical-align:baseline;}<\/style>\n<span class=\"kt-adv-heading3111_a06c85-17 wp-block-kadence-advancedheading\" data-kb-block=\"kb-adv-heading3111_a06c85-17\">Avda. Blas Infante<\/span>\n\n\n<style>.wp-block-kadence-advancedheading.kt-adv-heading3111_c3849c-4c, .wp-block-kadence-advancedheading.kt-adv-heading3111_c3849c-4c[data-kb-block=\"kb-adv-heading3111_c3849c-4c\"]{display:block;text-align:center;font-style:normal;}.wp-block-kadence-advancedheading.kt-adv-heading3111_c3849c-4c mark.kt-highlight, .wp-block-kadence-advancedheading.kt-adv-heading3111_c3849c-4c[data-kb-block=\"kb-adv-heading3111_c3849c-4c\"] mark.kt-highlight{font-style:normal;color:#f76a0c;-webkit-box-decoration-break:clone;box-decoration-break:clone;padding-top:0px;padding-right:0px;padding-bottom:0px;padding-left:0px;}.wp-block-kadence-advancedheading.kt-adv-heading3111_c3849c-4c img.kb-inline-image, .wp-block-kadence-advancedheading.kt-adv-heading3111_c3849c-4c[data-kb-block=\"kb-adv-heading3111_c3849c-4c\"] img.kb-inline-image{width:150px;vertical-align:baseline;}<\/style>\n<span class=\"kt-adv-heading3111_c3849c-4c wp-block-kadence-advancedheading\" data-kb-block=\"kb-adv-heading3111_c3849c-4c\">Centro Iniciativas Sociales<\/span>\n\n\n<style>.wp-block-kadence-advancedheading.kt-adv-heading3111_ea1cbf-1c, .wp-block-kadence-advancedheading.kt-adv-heading3111_ea1cbf-1c[data-kb-block=\"kb-adv-heading3111_ea1cbf-1c\"]{display:block;text-align:center;font-style:normal;}.wp-block-kadence-advancedheading.kt-adv-heading3111_ea1cbf-1c mark.kt-highlight, .wp-block-kadence-advancedheading.kt-adv-heading3111_ea1cbf-1c[data-kb-block=\"kb-adv-heading3111_ea1cbf-1c\"] mark.kt-highlight{font-style:normal;color:#f76a0c;-webkit-box-decoration-break:clone;box-decoration-break:clone;padding-top:0px;padding-right:0px;padding-bottom:0px;padding-left:0px;}.wp-block-kadence-advancedheading.kt-adv-heading3111_ea1cbf-1c img.kb-inline-image, .wp-block-kadence-advancedheading.kt-adv-heading3111_ea1cbf-1c[data-kb-block=\"kb-adv-heading3111_ea1cbf-1c\"] img.kb-inline-image{width:150px;vertical-align:baseline;}<\/style>\n<span class=\"kt-adv-heading3111_ea1cbf-1c wp-block-kadence-advancedheading\" data-kb-block=\"kb-adv-heading3111_ea1cbf-1c\"> 23740 And\u00fajar (Ja\u00e9n)<\/span>\n<\/div><\/div>\n\n<\/div><\/div><\/div><\/div>\n\n\n<style>.kadence-column3111_bb8c96-a9 > .kt-inside-inner-col,.kadence-column3111_bb8c96-a9 > .kt-inside-inner-col:before{border-top-left-radius:0px;border-top-right-radius:0px;border-bottom-right-radius:0px;border-bottom-left-radius:0px;}.kadence-column3111_bb8c96-a9 > .kt-inside-inner-col{column-gap:var(--global-kb-gap-sm, 1rem);}.kadence-column3111_bb8c96-a9 > .kt-inside-inner-col{flex-direction:column;}.kadence-column3111_bb8c96-a9 > .kt-inside-inner-col > .aligncenter{width:100%;}.kadence-column3111_bb8c96-a9 > .kt-inside-inner-col:before{opacity:0.3;}.kadence-column3111_bb8c96-a9{position:relative;}@media all and (max-width: 1024px){.kadence-column3111_bb8c96-a9 > .kt-inside-inner-col{flex-direction:column;justify-content:center;}}@media all and (max-width: 767px){.kadence-column3111_bb8c96-a9 > .kt-inside-inner-col{flex-direction:column;justify-content:center;}}<\/style>\n<div class=\"wp-block-kadence-column kadence-column3111_bb8c96-a9 inner-column-3\"><div class=\"kt-inside-inner-col\"><style>.kb-row-layout-id3111_5f24b7-af > .kt-row-column-wrap{align-content:start;}:where(.kb-row-layout-id3111_5f24b7-af > .kt-row-column-wrap) > .wp-block-kadence-column{justify-content:start;}.kb-row-layout-id3111_5f24b7-af > .kt-row-column-wrap{column-gap:var(--global-kb-gap-md, 2rem);row-gap:var(--global-kb-gap-md, 2rem);padding-top:10px;padding-right:25px;padding-bottom:5px;padding-left:25px;grid-template-columns:minmax(0, 1fr);}.kb-row-layout-id3111_5f24b7-af{background-color:#ffffff;}.kb-row-layout-id3111_5f24b7-af > .kt-row-layout-overlay{opacity:0.30;}@media all and (max-width: 1024px){.kb-row-layout-id3111_5f24b7-af > .kt-row-column-wrap{grid-template-columns:minmax(0, 1fr);}}@media all and (max-width: 767px){.kb-row-layout-id3111_5f24b7-af > .kt-row-column-wrap{grid-template-columns:minmax(0, 1fr);}}<\/style><div class=\"kb-row-layout-wrap kb-row-layout-id3111_5f24b7-af alignnone kt-row-has-bg wp-block-kadence-rowlayout\"><div class=\"kt-row-column-wrap kt-has-1-columns kt-row-layout-equal kt-tab-layout-inherit kt-mobile-layout-row kt-row-valign-top\">\n<style>.kadence-column3111_955a00-31 > .kt-inside-inner-col,.kadence-column3111_955a00-31 > .kt-inside-inner-col:before{border-top-left-radius:0px;border-top-right-radius:0px;border-bottom-right-radius:0px;border-bottom-left-radius:0px;}.kadence-column3111_955a00-31 > .kt-inside-inner-col{column-gap:var(--global-kb-gap-sm, 1rem);}.kadence-column3111_955a00-31 > .kt-inside-inner-col{flex-direction:column;}.kadence-column3111_955a00-31 > .kt-inside-inner-col > .aligncenter{width:100%;}.kadence-column3111_955a00-31 > .kt-inside-inner-col:before{opacity:0.3;}.kadence-column3111_955a00-31{position:relative;}@media all and (max-width: 1024px){.kadence-column3111_955a00-31 > .kt-inside-inner-col{flex-direction:column;justify-content:center;}}@media all and (max-width: 767px){.kadence-column3111_955a00-31 > .kt-inside-inner-col{flex-direction:column;justify-content:center;}}<\/style>\n<div class=\"wp-block-kadence-column kadence-column3111_955a00-31 inner-column-1\"><div class=\"kt-inside-inner-col\"><style>.wp-block-kadence-icon.kt-svg-icons3111_a1d7d9-d1{justify-content:center;}<\/style>\n<div class=\"wp-block-kadence-icon kt-svg-icons kt-svg-icons3111_a1d7d9-d1 alignnone\"><style>.kt-svg-item-3111_244dfc-65 .kb-svg-icon-wrap, .kt-svg-style-stacked.kt-svg-item-3111_244dfc-65 .kb-svg-icon-wrap{color:#ffffff;font-size:80px;background:var(--global-palette1, #3182CE);border-color:var(--global-palette2, #2B6CB0);border-width:3px;border-radius:5%;padding-top:20px;padding-right:20px;padding-bottom:20px;padding-left:20px;}<\/style>\n<div class=\"wp-block-kadence-single-icon kt-svg-style-stacked kt-svg-icon-wrap kt-svg-item-3111_244dfc-65\"><span class=\"kb-svg-icon-wrap kb-svg-icon-fas_location-arrow\"><svg viewBox=\"0 0 512 512\"  fill=\"currentColor\" xmlns=\"http:\/\/www.w3.org\/2000\/svg\"  aria-hidden=\"true\"><path d=\"M444.52 3.52L28.74 195.42c-47.97 22.39-31.98 92.75 19.19 92.75h175.91v175.91c0 51.17 70.36 67.17 92.75 19.19l191.9-415.78c15.99-38.39-25.59-79.97-63.97-63.97z\"\/><\/svg><\/span><\/div>\n<\/div>\n\n\n<style>.wp-block-kadence-advancedheading.kt-adv-heading3111_144cdb-4f, .wp-block-kadence-advancedheading.kt-adv-heading3111_144cdb-4f[data-kb-block=\"kb-adv-heading3111_144cdb-4f\"]{margin-top:15px;margin-bottom:15px;text-align:center;font-size:20px;line-height:30px;font-weight:600;font-style:normal;font-family:Montserrat;text-transform:none;}.wp-block-kadence-advancedheading.kt-adv-heading3111_144cdb-4f mark.kt-highlight, .wp-block-kadence-advancedheading.kt-adv-heading3111_144cdb-4f[data-kb-block=\"kb-adv-heading3111_144cdb-4f\"] mark.kt-highlight{font-style:normal;color:#f76a0c;-webkit-box-decoration-break:clone;box-decoration-break:clone;padding-top:0px;padding-right:0px;padding-bottom:0px;padding-left:0px;}.wp-block-kadence-advancedheading.kt-adv-heading3111_144cdb-4f img.kb-inline-image, .wp-block-kadence-advancedheading.kt-adv-heading3111_144cdb-4f[data-kb-block=\"kb-adv-heading3111_144cdb-4f\"] img.kb-inline-image{width:150px;vertical-align:baseline;}<\/style>\n<h3 class=\"kt-adv-heading3111_144cdb-4f wp-block-kadence-advancedheading\" data-kb-block=\"kb-adv-heading3111_144cdb-4f\">S\u00edguenos en<\/h3>\n\n\n<style>.wp-block-kadence-spacer.kt-block-spacer-3111_b3be82-9a .kt-block-spacer{height:20px;}.wp-block-kadence-spacer.kt-block-spacer-3111_b3be82-9a .kt-divider{border-top-width:1px;height:1px;border-top-color:#eee;width:80%;border-top-style:solid;}<\/style>\n<div class=\"wp-block-kadence-spacer aligncenter kt-block-spacer-3111_b3be82-9a\"><div class=\"kt-block-spacer kt-block-spacer-halign-center\"><hr class=\"kt-divider\"\/><\/div><\/div>\n\n\n\n<ul class=\"wp-block-social-links aligncenter has-huge-icon-size is-content-justification-center is-layout-flex wp-container-core-social-links-is-layout-16018d1d wp-block-social-links-is-layout-flex\"><li class=\"wp-social-link wp-social-link-facebook  wp-block-social-link\"><a href=\"https:\/\/www.facebook.com\/elcafedelalzheimer\/\" class=\"wp-block-social-link-anchor\"><svg width=\"24\" height=\"24\" viewBox=\"0 0 24 24\" version=\"1.1\" xmlns=\"http:\/\/www.w3.org\/2000\/svg\" aria-hidden=\"true\" focusable=\"false\"><path d=\"M12 2C6.5 2 2 6.5 2 12c0 5 3.7 9.1 8.4 9.9v-7H7.9V12h2.5V9.8c0-2.5 1.5-3.9 3.8-3.9 1.1 0 2.2.2 2.2.2v2.5h-1.3c-1.2 0-1.6.8-1.6 1.6V12h2.8l-.4 2.9h-2.3v7C18.3 21.1 22 17 22 12c0-5.5-4.5-10-10-10z\"><\/path><\/svg><span class=\"wp-block-social-link-label screen-reader-text\">Facebook<\/span><\/a><\/li>\n\n<li class=\"wp-social-link wp-social-link-spotify  wp-block-social-link\"><a href=\"https:\/\/open.spotify.com\/show\/1LAPNda7MirFM7jwsZjARb\" class=\"wp-block-social-link-anchor\"><svg width=\"24\" height=\"24\" viewBox=\"0 0 24 24\" version=\"1.1\" xmlns=\"http:\/\/www.w3.org\/2000\/svg\" aria-hidden=\"true\" focusable=\"false\"><path d=\"M12,2C6.477,2,2,6.477,2,12c0,5.523,4.477,10,10,10c5.523,0,10-4.477,10-10C22,6.477,17.523,2,12,2 M16.586,16.424 c-0.18,0.295-0.563,0.387-0.857,0.207c-2.348-1.435-5.304-1.76-8.785-0.964c-0.335,0.077-0.67-0.133-0.746-0.469 c-0.077-0.335,0.132-0.67,0.469-0.746c3.809-0.871,7.077-0.496,9.713,1.115C16.673,15.746,16.766,16.13,16.586,16.424 M17.81,13.7 c-0.226,0.367-0.706,0.482-1.072,0.257c-2.687-1.652-6.785-2.131-9.965-1.166C6.36,12.917,5.925,12.684,5.8,12.273 C5.675,11.86,5.908,11.425,6.32,11.3c3.632-1.102,8.147-0.568,11.234,1.328C17.92,12.854,18.035,13.335,17.81,13.7 M17.915,10.865 c-3.223-1.914-8.54-2.09-11.618-1.156C5.804,9.859,5.281,9.58,5.131,9.086C4.982,8.591,5.26,8.069,5.755,7.919 c3.532-1.072,9.404-0.865,13.115,1.338c0.445,0.264,0.59,0.838,0.327,1.282C18.933,10.983,18.359,11.129,17.915,10.865\"><\/path><\/svg><span class=\"wp-block-social-link-label screen-reader-text\">Spotify<\/span><\/a><\/li><\/ul>\n<\/div><\/div>\n\n<\/div><\/div><\/div><\/div>\n\n<\/div><\/div><\/div><\/div>\n\n<\/div><\/div>","protected":false},"excerpt":{"rendered":"","protected":false},"author":1,"featured_media":0,"parent":0,"menu_order":0,"comment_status":"closed","ping_status":"closed","template":"","meta":{"_kadence_starter_templates_imported_post":false,"_kad_post_transparent":"","_kad_post_title":"","_kad_post_layout":"","_kad_post_sidebar_id":"","_kad_post_content_style":"","_kad_post_vertical_padding":"","_kad_post_feature":"","_kad_post_feature_position":"","_kad_post_header":false,"_kad_post_footer":false,"_kad_post_classname":"","footnotes":""},"class_list":["post-3067","page","type-page","status-publish","hentry"],"_links":{"self":[{"href":"https:\/\/afaandujar.org\/elcafedelalzheimer\/wp-json\/wp\/v2\/pages\/3067","targetHints":{"allow":["GET"]}}],"collection":[{"href":"https:\/\/afaandujar.org\/elcafedelalzheimer\/wp-json\/wp\/v2\/pages"}],"about":[{"href":"https:\/\/afaandujar.org\/elcafedelalzheimer\/wp-json\/wp\/v2\/types\/page"}],"author":[{"embeddable":true,"href":"https:\/\/afaandujar.org\/elcafedelalzheimer\/wp-json\/wp\/v2\/users\/1"}],"replies":[{"embeddable":true,"href":"https:\/\/afaandujar.org\/elcafedelalzheimer\/wp-json\/wp\/v2\/comments?post=3067"}],"version-history":[{"count":194,"href":"https:\/\/afaandujar.org\/elcafedelalzheimer\/wp-json\/wp\/v2\/pages\/3067\/revisions"}],"predecessor-version":[{"id":3711,"href":"https:\/\/afaandujar.org\/elcafedelalzheimer\/wp-json\/wp\/v2\/pages\/3067\/revisions\/3711"}],"wp:attachment":[{"href":"https:\/\/afaandujar.org\/elcafedelalzheimer\/wp-json\/wp\/v2\/media?parent=3067"}],"curies":[{"name":"wp","href":"https:\/\/api.w.org\/{rel}","templated":true}]}}